{"id":267583,"date":"2024-04-10T14:45:00","date_gmt":"2024-04-10T14:45:00","guid":{"rendered":"https:\/\/transinfo.pl\/x\/inforail\/z-lodzi-do-radomia-120-km-h-pociagiem\/"},"modified":"2024-04-10T14:45:00","modified_gmt":"2024-04-10T14:45:00","slug":"z-lodzi-do-radomia-120-km-h-pociagiem","status":"publish","type":"inforail","link":"https:\/\/transinfo.pl\/x\/inforail\/z-lodzi-do-radomia-120-km-h-pociagiem\/","title":{"rendered":"Z \u0141odzi do Radomia 120 km\/h. Poci\u0105giem"},"content":{"rendered":"<style>h1,h2,h3,h4,h5,h6{margin:0 0 1.25rem;font-family:Arial,sans-serif;font-weight:600;color:#050505}h1{font-size:1.875rem;line-height:1.1em;text-transform:none}@media(min-width: 768px){h1{font-size:2.375rem}}h2{font-size:1.1875rem;line-height:1.2em;text-transform:uppercase}@media(min-width: 768px){h2{font-size:1.0625rem}}h3{font-size:0.9375rem;line-height:1.4em;font-weight:900;margin-bottom:0.9375rem}h4{font-size:0.875rem;line-height:1.2em;font-weight:500}h5{font-size:0.9375rem;line-height:1.6;font-weight:400}h6{font-size:0.9375rem;line-height:1.6;font-weight:600}\n<\/style>\n<h3 class=\"wp-block-heading\" id=\"h-sprawniejsze-i-bezpieczniejsze-podroze-miedzy-radomiem-a-tomaszowem-mazowieckim-i-lodzia-lk22-zapewnia-prace-na-47-kilometrowym-odcinku-miedzy-radzicami-a-wolanowem-k-radomia\">Sprawniejsze i bezpieczniejsze podr\u00f3\u017ce mi\u0119dzy Radomiem a Tomaszowem Mazowieckim i \u0141odzi\u0105 (lk22) zapewni\u0105 prace na 47- kilometrowym odcinku mi\u0119dzy Radzicami a Wolanowem k. Radomia.<\/h3>\n\n\n<style>p{margin:0 0 1.5rem}p:last-child{margin:0}p.is-style-uppercase{text-transform:uppercase}p.is-style-preheading{color:#12406a;text-transform:uppercase}p.is-style-leadparagraph{font-size:1rem;line-height:1.625;font-weight:700}@media(min-width: 768px){p.is-style-leadparagraph{font-size:1.125rem;line-height:1.5555555556}}p.has-small-margin{margin-bottom:0.625rem}p.has-small-margin+h1,p.has-small-margin+h2,p.has-small-margin+h3{margin-top:1.875rem}\n<\/style>\n<p>PKP Polskie Linie Kolejowe S.A. og\u0142osi\u0142y 2 kwietnia br. przetarg na wymian\u0119 nawierzchni i sieci trakcyjnej. Projekt realizowany w ramach Krajowego Programu Kolejowego b\u0119dzie finansowany z bud\u017cetu pa\u0144stwa.<\/p>\n\n\n\n<h2 class=\"wp-block-heading\" id=\"h-prace-do-2025-roku\">Prace do 2025 roku<\/h2>\n\n\n\n<p>Dzi\u0119ki pracom utrzymaniowo-rewitalizacyjnym PKP Polskich Linii Kolejowych S.A. mieszka\u0144cy Radomia zyskaj\u0105 sprawniejsze i bezpieczniejsze podr\u00f3\u017ce w kierunku Tomaszowa Mazowieckiego i \u0141odzi. Prace na odcinku mi\u0119dzy Radzicami a Wolanowem zaplanowano od II po\u0142owy 2024 r. W ramach inwestycji wymieniona zostanie nawierzchnia kolejowa w torze nr 2. B\u0119d\u0105 nowe podk\u0142ady, szyny, oczyszczona i uzupe\u0142niona podsypka t\u0142uczniowa. Efektem rob\u00f3t b\u0119dzie mo\u017cliwo\u015b\u0107 jazdy z pr\u0119dko\u015bci\u0105 120 km\/h na remontowanym odcinku. Przed remontem poci\u0105gi je\u017adzi\u0142y z ograniczeniem pr\u0119dko\u015bci od 100 do 40 km\/h. Podr\u00f3\u017ce po nowym torze b\u0119d\u0105 cichsze i bardziej komfortowe. Zako\u0144czenie prac planuje si\u0119 w IV kwartale 2025 r.<\/p>\n\n\n<style>.wp-block-quote{border-left:0.1875rem solid var(--page-color);font-size:1rem;font-style:italic;margin:0 0 1.6875rem;padding:1.25rem}.wp-block-quote cite{color:#050505}.wp-block-quote.is-style-large p{margin-bottom:10px}.wp-block-quote.is-style-large cite{color:#12406a}\n<\/style>\n<blockquote class=\"wp-block-quote is-layout-flow wp-block-quote-is-layout-flow\">\n<p>&#8211; Wychodzimy naprzeciw oczekiwaniom bran\u017cy. Og\u0142aszamy du\u017ce przetargi w trybie nieograniczonym r\u00f3wnie\u017c z zakresu utrzymania i otwieramy rynek dla wszystkich zainteresowanych podmiot\u00f3w. Projekt przyniesie wymierne efekty w postaci zwi\u0119kszenia pr\u0119dko\u015bci na linii, a tym samym szybszych podr\u00f3\u017cy &#8211; m\u00f3wi Piotr Wyborski, prezes Zarz\u0105du PKP Polskich Linii Kolejowych S.A.<\/p>\n<\/blockquote>\n\n\n\n<p>Na 16 przejazdach i drogach dojazdowych wymieniona zostanie nawierzchnia i system odwodnienia. Przejazd w miejscowo\u015bci Karcz\u00f3wka zostanie wyposa\u017cony w dodatkowe zabezpieczenia \u2013 samoczynne sygnalizatory \u015bwietlne.<\/p>\n\n\n\n<p><\/p>\n\n\n<style>.wp-block-image{margin:1.25rem 0;text-align:center}.wp-block-image figcaption{padding:0 0.9375rem;text-align:center}\n<\/style>\n<figure class=\"wp-block-image size-large\"><a href=\"https:\/\/transinfo.pl\/wp-content\/uploads\/2024\/04\/plk-sa.jpg\"><img decoding=\"async\" src=\"https:\/\/transinfo.pl\/wp-content\/uploads\/2024\/04\/plk-sa-1024x793.jpg\" alt=\"Sprawniejsze i bezpieczniejsze podr\u00f3\u017ce mi\u0119dzy Radomiem a Tomaszowem Mazowieckim i \u0141odzi\u0105 (lk22) zapewni\u0105 prace na 47- kilometrowym odcinku mi\u0119dzy Radzicami a Wolanowem k. Radomia.\" class=\"wp-image-470872\" \/><\/a><figcaption class=\"wp-element-caption\">Prace torowe\/foto: PKP PLK<\/figcaption><\/figure>\n\n\n\n<p><\/p>\n\n\n\n<p>W ramach zadania zmodernizowanych zostanie 9 przystank\u00f3w kolejowych: Drzewica, Bieliny Opoczy\u0144skie, Zygmunt\u00f3w, Smogorz\u00f3w Przysuski, Przysucha, Skrzynno, Wieniawa, Podb\u00f3r, Wolan\u00f3w. Dla wygody pasa\u017cer\u00f3w b\u0119d\u0105 wiaty, \u0142awki i por\u0119cze do odpoczynku na stoj\u0105co. Podr\u00f3\u017ce u\u0142atwi\u0105 czytelne oznakowania, tablice informacyjne i gabloty z rozk\u0142adem jazdy. B\u0119dzie LED-owe o\u015bwietlenie, umo\u017cliwiaj\u0105ce bezpieczne podr\u00f3\u017cowanie po zmroku. Przystanki b\u0119d\u0105 dostosowane do potrzeb os\u00f3b maj\u0105cych trudno\u015bci z poruszaniem si\u0119. Dla os\u00f3b niewidomych i niedowidz\u0105cych b\u0119d\u0105 \u015bcie\u017cki naprowadzaj\u0105ce i wypuk\u0142a faktura na antypo\u015blizgowej nawierzchni peronu.<\/p>\n\n\n\n<p>Zaplanowane prace s\u0105 kontynuacj\u0105 prac na linii nr 22 mi\u0119dzy Tomaszowem Mazowieckim a Radomiem. W 2023 r. zako\u0144czono wymian\u0119 sieci trakcyjnej nad torem nr 1. Wcze\u015bniej na tym szlaku wymieniona zosta\u0142a nawierzchnia kolejowa toru nr 1.<\/p>\n","protected":false},"author":3,"featured_media":267584,"comment_status":"","ping_status":"closed","template":"","categories":[23],"tags":[36,124,100,125,475],"class_list":["post-267583","inforail","type-inforail","status-publish","has-post-thumbnail","hentry","category-infrastruktura","tag-linia","tag-lodz","tag-pkp-plk","tag-radom","tag-remont"],"acf":[],"yoast_head":"<!-- This site is optimized with the Yoast SEO Premium plugin v21.8 (Yoast SEO v23.7) - https:\/\/yoast.com\/wordpress\/plugins\/seo\/ -->\n<title>Z \u0141odzi do Radomia 120 km\/h. Poci\u0105giem - TransInfo Archiwum<\/title>\n<meta name=\"description\" content=\"Sprawniejsze i bezpieczniejsze podr\u00f3\u017ce mi\u0119dzy Radomiem a Tomaszowem Mazowieckim i \u0141odzi\u0105 (lk22) zapewni\u0105 prace na 47- kilometrowym odcinku.\" \/>\n<meta name=\"robots\" content=\"index, follow, max-snippet:-1, max-image-preview:large, max-video-preview:-1\" \/>\n<link rel=\"canonical\" href=\"https:\/\/transinfo.pl\/x\/inforail\/z-lodzi-do-radomia-120-km-h-pociagiem\/\" \/>\n<meta property=\"og:locale\" content=\"pl_PL\" \/>\n<meta property=\"og:type\" content=\"article\" \/>\n<meta property=\"og:title\" content=\"Z \u0141odzi do Radomia 120 km\/h. Poci\u0105giem\" \/>\n<meta property=\"og:description\" content=\"Sprawniejsze i bezpieczniejsze podr\u00f3\u017ce mi\u0119dzy Radomiem a Tomaszowem Mazowieckim i \u0141odzi\u0105 (lk22) zapewni\u0105 prace na 47- kilometrowym odcinku.\" \/>\n<meta property=\"og:url\" content=\"https:\/\/transinfo.pl\/x\/inforail\/z-lodzi-do-radomia-120-km-h-pociagiem\/\" \/>\n<meta property=\"og:site_name\" content=\"TransInfo Archiwum\" \/>\n<meta property=\"og:image\" content=\"https:\/\/transinfo.pl\/x\/wp-content\/uploads\/2024\/04\/csm_Wymiama_sieci_trakcyjnej_na__odcinku_miedzy_Radomiem_a_Radzicami_fot._Sebastian_Strozyk__2__7ced4faca1.jpg\" \/>\n\t<meta property=\"og:image:width\" content=\"1\" \/>\n\t<meta property=\"og:image:height\" content=\"1\" \/>\n\t<meta property=\"og:image:type\" content=\"image\/jpeg\" \/>\n<meta name=\"twitter:card\" content=\"summary_large_image\" \/>\n<meta name=\"twitter:label1\" content=\"Szacowany czas czytania\" \/>\n\t<meta name=\"twitter:data1\" content=\"2 minuty\" \/>\n<script type=\"application\/ld+json\" class=\"yoast-schema-graph\">{\"@context\":\"https:\/\/schema.org\",\"@graph\":[{\"@type\":\"WebPage\",\"@id\":\"https:\/\/transinfo.pl\/x\/inforail\/z-lodzi-do-radomia-120-km-h-pociagiem\/\",\"url\":\"https:\/\/transinfo.pl\/x\/inforail\/z-lodzi-do-radomia-120-km-h-pociagiem\/\",\"name\":\"Z \u0141odzi do Radomia 120 km\/h. Poci\u0105giem - TransInfo Archiwum\",\"isPartOf\":{\"@id\":\"https:\/\/transinfo.pl\/x\/#website\"},\"primaryImageOfPage\":{\"@id\":\"https:\/\/transinfo.pl\/x\/inforail\/z-lodzi-do-radomia-120-km-h-pociagiem\/#primaryimage\"},\"image\":{\"@id\":\"https:\/\/transinfo.pl\/x\/inforail\/z-lodzi-do-radomia-120-km-h-pociagiem\/#primaryimage\"},\"thumbnailUrl\":\"https:\/\/transinfo.pl\/x\/wp-content\/uploads\/2024\/04\/csm_Wymiama_sieci_trakcyjnej_na__odcinku_miedzy_Radomiem_a_Radzicami_fot._Sebastian_Strozyk__2__7ced4faca1.jpg\",\"datePublished\":\"2024-04-10T14:45:00+00:00\",\"dateModified\":\"2024-04-10T14:45:00+00:00\",\"description\":\"Sprawniejsze i bezpieczniejsze podr\u00f3\u017ce mi\u0119dzy Radomiem a Tomaszowem Mazowieckim i \u0141odzi\u0105 (lk22) zapewni\u0105 prace na 47- kilometrowym odcinku.\",\"breadcrumb\":{\"@id\":\"https:\/\/transinfo.pl\/x\/inforail\/z-lodzi-do-radomia-120-km-h-pociagiem\/#breadcrumb\"},\"inLanguage\":\"pl-PL\",\"potentialAction\":[{\"@type\":\"ReadAction\",\"target\":[\"https:\/\/transinfo.pl\/x\/inforail\/z-lodzi-do-radomia-120-km-h-pociagiem\/\"]}]},{\"@type\":\"ImageObject\",\"inLanguage\":\"pl-PL\",\"@id\":\"https:\/\/transinfo.pl\/x\/inforail\/z-lodzi-do-radomia-120-km-h-pociagiem\/#primaryimage\",\"url\":\"https:\/\/transinfo.pl\/x\/wp-content\/uploads\/2024\/04\/csm_Wymiama_sieci_trakcyjnej_na__odcinku_miedzy_Radomiem_a_Radzicami_fot._Sebastian_Strozyk__2__7ced4faca1.jpg\",\"contentUrl\":\"https:\/\/transinfo.pl\/x\/wp-content\/uploads\/2024\/04\/csm_Wymiama_sieci_trakcyjnej_na__odcinku_miedzy_Radomiem_a_Radzicami_fot._Sebastian_Strozyk__2__7ced4faca1.jpg\"},{\"@type\":\"BreadcrumbList\",\"@id\":\"https:\/\/transinfo.pl\/x\/inforail\/z-lodzi-do-radomia-120-km-h-pociagiem\/#breadcrumb\",\"itemListElement\":[{\"@type\":\"ListItem\",\"position\":1,\"name\":\"Home\",\"item\":\"https:\/\/transinfo.pl\/x\/\"},{\"@type\":\"ListItem\",\"position\":2,\"name\":\"Inforail\",\"item\":\"https:\/\/transinfo.pl\/x\/inforail\/\"},{\"@type\":\"ListItem\",\"position\":3,\"name\":\"Z \u0141odzi do Radomia 120 km\/h. Poci\u0105giem\"}]},{\"@type\":\"WebSite\",\"@id\":\"https:\/\/transinfo.pl\/x\/#website\",\"url\":\"https:\/\/transinfo.pl\/x\/\",\"name\":\"TransInfo Archiwum\",\"description\":\"Ca\u0142y transport w jednym miejscu\",\"publisher\":{\"@id\":\"https:\/\/transinfo.pl\/x\/#organization\"},\"potentialAction\":[{\"@type\":\"SearchAction\",\"target\":{\"@type\":\"EntryPoint\",\"urlTemplate\":\"https:\/\/transinfo.pl\/x\/?s={search_term_string}\"},\"query-input\":{\"@type\":\"PropertyValueSpecification\",\"valueRequired\":true,\"valueName\":\"search_term_string\"}}],\"inLanguage\":\"pl-PL\"},{\"@type\":\"Organization\",\"@id\":\"https:\/\/transinfo.pl\/x\/#organization\",\"name\":\"TransInfo\",\"url\":\"https:\/\/transinfo.pl\/x\/\",\"logo\":{\"@type\":\"ImageObject\",\"inLanguage\":\"pl-PL\",\"@id\":\"https:\/\/transinfo.pl\/x\/#\/schema\/logo\/image\/\",\"url\":\"https:\/\/transinfo.pl\/x\/wp-content\/uploads\/2024\/10\/favicon.png\",\"contentUrl\":\"https:\/\/transinfo.pl\/x\/wp-content\/uploads\/2024\/10\/favicon.png\",\"width\":512,\"height\":512,\"caption\":\"TransInfo\"},\"image\":{\"@id\":\"https:\/\/transinfo.pl\/x\/#\/schema\/logo\/image\/\"}}]}<\/script>\n<!-- \/ Yoast SEO Premium plugin. -->","yoast_head_json":{"title":"Z \u0141odzi do Radomia 120 km\/h. Poci\u0105giem - TransInfo Archiwum","description":"Sprawniejsze i bezpieczniejsze podr\u00f3\u017ce mi\u0119dzy Radomiem a Tomaszowem Mazowieckim i \u0141odzi\u0105 (lk22) zapewni\u0105 prace na 47- kilometrowym odcinku.","robots":{"index":"index","follow":"follow","max-snippet":"max-snippet:-1","max-image-preview":"max-image-preview:large","max-video-preview":"max-video-preview:-1"},"canonical":"https:\/\/transinfo.pl\/x\/inforail\/z-lodzi-do-radomia-120-km-h-pociagiem\/","og_locale":"pl_PL","og_type":"article","og_title":"Z \u0141odzi do Radomia 120 km\/h. Poci\u0105giem","og_description":"Sprawniejsze i bezpieczniejsze podr\u00f3\u017ce mi\u0119dzy Radomiem a Tomaszowem Mazowieckim i \u0141odzi\u0105 (lk22) zapewni\u0105 prace na 47- kilometrowym odcinku.","og_url":"https:\/\/transinfo.pl\/x\/inforail\/z-lodzi-do-radomia-120-km-h-pociagiem\/","og_site_name":"TransInfo Archiwum","og_image":[{"url":"https:\/\/transinfo.pl\/x\/wp-content\/uploads\/2024\/04\/csm_Wymiama_sieci_trakcyjnej_na__odcinku_miedzy_Radomiem_a_Radzicami_fot._Sebastian_Strozyk__2__7ced4faca1.jpg","width":1,"height":1,"type":"image\/jpeg"}],"twitter_card":"summary_large_image","twitter_misc":{"Szacowany czas czytania":"2 minuty"},"schema":{"@context":"https:\/\/schema.org","@graph":[{"@type":"WebPage","@id":"https:\/\/transinfo.pl\/x\/inforail\/z-lodzi-do-radomia-120-km-h-pociagiem\/","url":"https:\/\/transinfo.pl\/x\/inforail\/z-lodzi-do-radomia-120-km-h-pociagiem\/","name":"Z \u0141odzi do Radomia 120 km\/h. Poci\u0105giem - TransInfo Archiwum","isPartOf":{"@id":"https:\/\/transinfo.pl\/x\/#website"},"primaryImageOfPage":{"@id":"https:\/\/transinfo.pl\/x\/inforail\/z-lodzi-do-radomia-120-km-h-pociagiem\/#primaryimage"},"image":{"@id":"https:\/\/transinfo.pl\/x\/inforail\/z-lodzi-do-radomia-120-km-h-pociagiem\/#primaryimage"},"thumbnailUrl":"https:\/\/transinfo.pl\/x\/wp-content\/uploads\/2024\/04\/csm_Wymiama_sieci_trakcyjnej_na__odcinku_miedzy_Radomiem_a_Radzicami_fot._Sebastian_Strozyk__2__7ced4faca1.jpg","datePublished":"2024-04-10T14:45:00+00:00","dateModified":"2024-04-10T14:45:00+00:00","description":"Sprawniejsze i bezpieczniejsze podr\u00f3\u017ce mi\u0119dzy Radomiem a Tomaszowem Mazowieckim i \u0141odzi\u0105 (lk22) zapewni\u0105 prace na 47- kilometrowym odcinku.","breadcrumb":{"@id":"https:\/\/transinfo.pl\/x\/inforail\/z-lodzi-do-radomia-120-km-h-pociagiem\/#breadcrumb"},"inLanguage":"pl-PL","potentialAction":[{"@type":"ReadAction","target":["https:\/\/transinfo.pl\/x\/inforail\/z-lodzi-do-radomia-120-km-h-pociagiem\/"]}]},{"@type":"ImageObject","inLanguage":"pl-PL","@id":"https:\/\/transinfo.pl\/x\/inforail\/z-lodzi-do-radomia-120-km-h-pociagiem\/#primaryimage","url":"https:\/\/transinfo.pl\/x\/wp-content\/uploads\/2024\/04\/csm_Wymiama_sieci_trakcyjnej_na__odcinku_miedzy_Radomiem_a_Radzicami_fot._Sebastian_Strozyk__2__7ced4faca1.jpg","contentUrl":"https:\/\/transinfo.pl\/x\/wp-content\/uploads\/2024\/04\/csm_Wymiama_sieci_trakcyjnej_na__odcinku_miedzy_Radomiem_a_Radzicami_fot._Sebastian_Strozyk__2__7ced4faca1.jpg"},{"@type":"BreadcrumbList","@id":"https:\/\/transinfo.pl\/x\/inforail\/z-lodzi-do-radomia-120-km-h-pociagiem\/#breadcrumb","itemListElement":[{"@type":"ListItem","position":1,"name":"Home","item":"https:\/\/transinfo.pl\/x\/"},{"@type":"ListItem","position":2,"name":"Inforail","item":"https:\/\/transinfo.pl\/x\/inforail\/"},{"@type":"ListItem","position":3,"name":"Z \u0141odzi do Radomia 120 km\/h. Poci\u0105giem"}]},{"@type":"WebSite","@id":"https:\/\/transinfo.pl\/x\/#website","url":"https:\/\/transinfo.pl\/x\/","name":"TransInfo Archiwum","description":"Ca\u0142y transport w jednym miejscu","publisher":{"@id":"https:\/\/transinfo.pl\/x\/#organization"},"potentialAction":[{"@type":"SearchAction","target":{"@type":"EntryPoint","urlTemplate":"https:\/\/transinfo.pl\/x\/?s={search_term_string}"},"query-input":{"@type":"PropertyValueSpecification","valueRequired":true,"valueName":"search_term_string"}}],"inLanguage":"pl-PL"},{"@type":"Organization","@id":"https:\/\/transinfo.pl\/x\/#organization","name":"TransInfo","url":"https:\/\/transinfo.pl\/x\/","logo":{"@type":"ImageObject","inLanguage":"pl-PL","@id":"https:\/\/transinfo.pl\/x\/#\/schema\/logo\/image\/","url":"https:\/\/transinfo.pl\/x\/wp-content\/uploads\/2024\/10\/favicon.png","contentUrl":"https:\/\/transinfo.pl\/x\/wp-content\/uploads\/2024\/10\/favicon.png","width":512,"height":512,"caption":"TransInfo"},"image":{"@id":"https:\/\/transinfo.pl\/x\/#\/schema\/logo\/image\/"}}]}},"_links":{"self":[{"href":"https:\/\/transinfo.pl\/x\/wp-json\/wp\/v2\/inforail\/267583","targetHints":{"allow":["GET"]}}],"collection":[{"href":"https:\/\/transinfo.pl\/x\/wp-json\/wp\/v2\/inforail"}],"about":[{"href":"https:\/\/transinfo.pl\/x\/wp-json\/wp\/v2\/types\/inforail"}],"author":[{"embeddable":true,"href":"https:\/\/transinfo.pl\/x\/wp-json\/wp\/v2\/users\/3"}],"replies":[{"embeddable":true,"href":"https:\/\/transinfo.pl\/x\/wp-json\/wp\/v2\/comments?post=267583"}],"wp:featuredmedia":[{"embeddable":true,"href":"https:\/\/transinfo.pl\/x\/wp-json\/wp\/v2\/media\/267584"}],"wp:attachment":[{"href":"https:\/\/transinfo.pl\/x\/wp-json\/wp\/v2\/media?parent=267583"}],"wp:term":[{"taxonomy":"category","embeddable":true,"href":"https:\/\/transinfo.pl\/x\/wp-json\/wp\/v2\/categories?post=267583"},{"taxonomy":"post_tag","embeddable":true,"href":"https:\/\/transinfo.pl\/x\/wp-json\/wp\/v2\/tags?post=267583"}],"curies":[{"name":"wp","href":"https:\/\/api.w.org\/{rel}","templated":true}]}}