{"id":267551,"date":"2024-04-10T10:45:00","date_gmt":"2024-04-10T10:45:00","guid":{"rendered":"https:\/\/transinfo.pl\/x\/inforail\/koleje-slaskie-ruszaja-z-rezerwacja-miejsc\/"},"modified":"2024-04-10T10:45:00","modified_gmt":"2024-04-10T10:45:00","slug":"koleje-slaskie-ruszaja-z-rezerwacja-miejsc","status":"publish","type":"inforail","link":"https:\/\/transinfo.pl\/x\/inforail\/koleje-slaskie-ruszaja-z-rezerwacja-miejsc\/","title":{"rendered":"Koleje \u015al\u0105skie ruszaj\u0105 z rezerwacj\u0105 miejsc"},"content":{"rendered":"<style>h1,h2,h3,h4,h5,h6{margin:0 0 1.25rem;font-family:Arial,sans-serif;font-weight:600;color:#050505}h1{font-size:1.875rem;line-height:1.1em;text-transform:none}@media(min-width: 768px){h1{font-size:2.375rem}}h2{font-size:1.1875rem;line-height:1.2em;text-transform:uppercase}@media(min-width: 768px){h2{font-size:1.0625rem}}h3{font-size:0.9375rem;line-height:1.4em;font-weight:900;margin-bottom:0.9375rem}h4{font-size:0.875rem;line-height:1.2em;font-weight:500}h5{font-size:0.9375rem;line-height:1.6;font-weight:400}h6{font-size:0.9375rem;line-height:1.6;font-weight:600}\n<\/style>\n<h3 class=\"wp-block-heading\" id=\"h-27-kwietnia-rusza-obowiazkowy-system-rezerwacji-przewozu-rowerow-w-pociagach-kolei-slaskich-takie-rozwiazanie-zwiekszy-komfort-wszystkich-pasazerow-i-pozwoli-uniknac-sytuacji-w-ktorej-podrozny-nie-znajdzie-miejsca-na-swoj-rower-pomimo-posiadania-biletu-na-jego-przewoz-nbsp\">27 kwietnia rusza obowi\u0105zkowy system rezerwacji przewozu rower\u00f3w w poci\u0105gach Kolei \u015al\u0105skich. Takie rozwi\u0105zanie zwi\u0119kszy komfort wszystkich pasa\u017cer\u00f3w i pozwoli unikn\u0105\u0107 sytuacji, w kt\u00f3rej podr\u00f3\u017cny nie znajdzie miejsca na sw\u00f3j rower pomimo posiadania biletu na jego przew\u00f3z.&nbsp;<\/h3>\n\n\n<style>p{margin:0 0 1.5rem}p:last-child{margin:0}p.is-style-uppercase{text-transform:uppercase}p.is-style-preheading{color:#12406a;text-transform:uppercase}p.is-style-leadparagraph{font-size:1rem;line-height:1.625;font-weight:700}@media(min-width: 768px){p.is-style-leadparagraph{font-size:1.125rem;line-height:1.5555555556}}p.has-small-margin{margin-bottom:0.625rem}p.has-small-margin+h1,p.has-small-margin+h2,p.has-small-margin+h3{margin-top:1.875rem}\n<\/style>\n<p>Na tory wojew\u00f3dztwa \u015bl\u0105skiego (i nie tylko) codziennie wyje\u017cd\u017ca ponad 460 poci\u0105g\u00f3w Kolei \u015al\u0105skich. Ka\u017cdy ze sk\u0142ad\u00f3w posiada stref\u0119 rowerow\u0105, a w niej od 4 do 14 oznaczonych miejsc przygotowanych dla rowerzyst\u00f3w.&nbsp;<\/p>\n\n\n\n<h2 class=\"wp-block-heading\" id=\"h-pewny-przewoz-roweru\">Pewny przew\u00f3z roweru<\/h2>\n\n\n\n<p>Do tej pory posiadanie biletu na przew\u00f3z roweru nie gwarantowa\u0142o przejazdu z jedno\u015bladem. \u2013 W szczycie sezonu rowerowego zdarza\u0142y si\u0119 sytuacje, w kt\u00f3rych kierownik poci\u0105gu ze wzgl\u0119d\u00f3w bezpiecze\u0144stwa musia\u0142 odm\u00f3wi\u0107 wej\u015bcia do pojazdu z rowerem. Dzi\u0119ki obowi\u0105zkowej rezerwacji miejsc na podstawie biletu jednorazowego takie sytuacje nie b\u0119d\u0105 mie\u0107 miejsca \u2013 m\u00f3wi Bart\u0142omiej Wnuk, rzecznik prasowy Kolei \u015al\u0105skich.<\/p>\n\n\n\n<h2 class=\"wp-block-heading\" id=\"h-na-rowerowa-wycieczke-do-wisly-i-do-zakopanego\">Na rowerow\u0105 wycieczk\u0119 do Wis\u0142y i do Zakopanego<\/h2>\n\n\n\n<p>Siatka po\u0142\u0105cze\u0144 Kolei \u015al\u0105skich pozwala dotrze\u0107 w najbardziej malownicze miejscowo\u015bci turystyczne, a podr\u00f3\u017cni coraz cz\u0119\u015bciej wybieraj\u0105 si\u0119 tam z rowerami. Wychodz\u0105c naprzeciw oczekiwaniom pasa\u017cer\u00f3w Koleje \u015al\u0105skie od 27 kwietnia uruchomi\u0105 kolejne po\u0142\u0105czenia do Wis\u0142y z Rybnika i Katowic. Dodatkowe sk\u0142ady b\u0119d\u0105 kursowa\u0107 w dni wolne od 27 kwietnia oraz 2 i 31 maja do ko\u0144ca obowi\u0105zywania wiosennej korekty rozk\u0142adu jazdy, czyli do 8 czerwca 2024 roku. <\/p>\n\n\n<style>.wp-block-quote{border-left:0.1875rem solid var(--page-color);font-size:1rem;font-style:italic;margin:0 0 1.6875rem;padding:1.25rem}.wp-block-quote cite{color:#050505}.wp-block-quote.is-style-large p{margin-bottom:10px}.wp-block-quote.is-style-large cite{color:#12406a}\n<\/style>\n<blockquote class=\"wp-block-quote is-layout-flow wp-block-quote-is-layout-flow\">\n<p>\u2013 Pracujemy tak\u017ce nad uruchomieniem VeloCugu na linii Katowice \u2013 Wis\u0142a G\u0142\u0119bce. To poci\u0105g ze specjaln\u0105 stref\u0105 rowerow\u0105, na kt\u00f3rego pok\u0142adzie znajdzie si\u0119 a\u017c 36 miejsc na rowery \u2013 zapowiada rzecznik prasowy Kolei \u015al\u0105skich.<\/p>\n<\/blockquote>\n\n\n\n<p>Mi\u0142o\u015bnicy dw\u00f3ch k\u00f3\u0142ek b\u0119d\u0105 mogli tak\u017ce skorzysta\u0107 z bezpo\u015bredniego po\u0142\u0105czenia z Katowic do Zakopanego. \u2013 Sprinter Ornak b\u0119dzie kursowa\u0142 w czasie czekaj\u0105cych nas d\u0142ugich weekend\u00f3w \u2013 od 1 do 5 maja i od 30 maja do 2 czerwca. Poci\u0105g b\u0119dzie wyje\u017cd\u017ca\u0142 z dworca w Katowicach o godz. 6:14, aby dotrze\u0107 na stacj\u0119 docelow\u0105 o godz. 10:22. W relacji powrotnej wyjazd z Zakopanego zaplanowano na godz. 16:33. Na dworzec w Katowicach Sprinter Ornak wjedzie o godz. 20:57 \u2013 m\u00f3wi rzecznik prasowy Kolei \u015al\u0105skich.<\/p>\n\n\n\n<p><\/p>\n\n\n<style>.wp-block-image{margin:1.25rem 0;text-align:center}.wp-block-image figcaption{padding:0 0.9375rem;text-align:center}\n<\/style>\n<figure class=\"wp-block-image size-large\"><a href=\"https:\/\/transinfo.pl\/wp-content\/uploads\/2024\/04\/rower-1024x683.jpg\"><img decoding=\"async\" src=\"https:\/\/transinfo.pl\/wp-content\/uploads\/2024\/04\/rower-1024x683.jpg\" alt=\"27 kwietnia rusza obowi\u0105zkowy system rezerwacji przewozu rower\u00f3w w poci\u0105gach Kolei \u015al\u0105skich. Takie rozwi\u0105zanie zwi\u0119kszy komfort wszystkich pasa\u017cer\u00f3w i pozwoli unikn\u0105\u0107 sytuacji, w kt\u00f3rej podr\u00f3\u017cny nie znajdzie miejsca na sw\u00f3j rower pomimo posiadania biletu na jego przew\u00f3z.\u00a0\" class=\"wp-image-470811\" \/><\/a><figcaption class=\"wp-element-caption\">Rusza rezerwacja miejsc rowerowych \/ foto: K\u015a <\/figcaption><\/figure>\n\n\n\n<p><\/p>\n\n\n\n<h2 class=\"wp-block-heading\" id=\"h-warto-zarezerwowac-wczesniej\">Warto zarezerwowa\u0107 wcze\u015bniej<\/h2>\n\n\n\n<p>Pomimo wi\u0119kszej liczby poci\u0105g\u00f3w do najpopularniejszych turystycznych miejscowo\u015bci, warto skorzysta\u0107 z mo\u017cliwo\u015bci 14-dniowej przedsprzeda\u017cy i bilet z gwarancj\u0105 przewozu roweru kupi\u0107 wcze\u015bniej. Jednorazowy bilet na przew\u00f3z jedno\u015bladu z gwarancj\u0105 miejsca w cenie 8,40 z\u0142 b\u0119dzie mo\u017cna kupi\u0107 przez aplikacj\u0119, na stronie internetowej kolejeslaskie.pl i w kasach biletowych (szczeg\u00f3\u0142owy regulamin przewozu rower\u00f3w dost\u0119pny jest na stronie Kolei \u015al\u0105skich w zak\u0142adce \u201cDla podr\u00f3\u017cnych\u201d).<\/p>\n\n\n\n<blockquote class=\"wp-block-quote is-layout-flow wp-block-quote-is-layout-flow\">\n<p>Koleje \u015al\u0105skie przygotowa\u0142y r\u00f3wnie\u017c dla rowerzyst\u00f3w ofert\u0119 sieciowego miesi\u0119cznego biletu w cenie 84,90 z\u0142. \u2013 Podr\u00f3\u017cny posiadaj\u0105cy taki bilet powinien zg\u0142osi\u0107 ch\u0119\u0107 przewozu roweru dru\u017cynie konduktorskiej. W miar\u0119 mo\u017cliwo\u015bci, nawet w przypadku braku miejsc na rower, kierownik poci\u0105gu wska\u017ce miejsce umo\u017cliwiaj\u0105ce bezpieczny przew\u00f3z jedno\u015bladu \u2013 m\u00f3wi Bart\u0142omiej Wnuk, dodaj\u0105c, \u017ce w wakacje regionalny przewo\u017anik sprzedawa\u0142 dotychczas nawet 300 takich bilet\u00f3w. &nbsp;<\/p>\n<\/blockquote>\n","protected":false},"author":3,"featured_media":267552,"comment_status":"","ping_status":"closed","template":"","categories":[28],"tags":[61,2491,66,3080,1585,229],"class_list":["post-267551","inforail","type-inforail","status-publish","has-post-thumbnail","hentry","category-pasazer","tag-kolej","tag-koleje-slaskie","tag-pociag","tag-rezerwacja-miejsc","tag-rower","tag-slaskie"],"acf":[],"yoast_head":"<!-- This site is optimized with the Yoast SEO Premium plugin v21.8 (Yoast SEO v23.7) - https:\/\/yoast.com\/wordpress\/plugins\/seo\/ -->\n<title>Koleje \u015al\u0105skie ruszaj\u0105 z rezerwacj\u0105 miejsc - TransInfo Archiwum<\/title>\n<meta name=\"description\" content=\"27 kwietnia rusza obowi\u0105zkowy system rezerwacji przewozu rower\u00f3w w poci\u0105gach Kolei \u015al\u0105skich. Takie rozwi\u0105zanie zwi\u0119kszy komfort.\" \/>\n<meta name=\"robots\" content=\"index, follow, max-snippet:-1, max-image-preview:large, max-video-preview:-1\" \/>\n<link rel=\"canonical\" href=\"https:\/\/transinfo.pl\/x\/inforail\/koleje-slaskie-ruszaja-z-rezerwacja-miejsc\/\" \/>\n<meta property=\"og:locale\" content=\"pl_PL\" \/>\n<meta property=\"og:type\" content=\"article\" \/>\n<meta property=\"og:title\" content=\"Koleje \u015al\u0105skie ruszaj\u0105 z rezerwacj\u0105 miejsc\" \/>\n<meta property=\"og:description\" content=\"27 kwietnia rusza obowi\u0105zkowy system rezerwacji przewozu rower\u00f3w w poci\u0105gach Kolei \u015al\u0105skich. Takie rozwi\u0105zanie zwi\u0119kszy komfort.\" \/>\n<meta property=\"og:url\" content=\"https:\/\/transinfo.pl\/x\/inforail\/koleje-slaskie-ruszaja-z-rezerwacja-miejsc\/\" \/>\n<meta property=\"og:site_name\" content=\"TransInfo Archiwum\" \/>\n<meta property=\"og:image\" content=\"https:\/\/transinfo.pl\/x\/wp-content\/uploads\/2023\/12\/koleje-slaskie-4.jpg\" \/>\n\t<meta property=\"og:image:width\" content=\"1\" \/>\n\t<meta property=\"og:image:height\" content=\"1\" \/>\n\t<meta property=\"og:image:type\" content=\"image\/jpeg\" \/>\n<meta name=\"twitter:card\" content=\"summary_large_image\" \/>\n<meta name=\"twitter:label1\" content=\"Szacowany czas czytania\" \/>\n\t<meta name=\"twitter:data1\" content=\"3 minuty\" \/>\n<script type=\"application\/ld+json\" class=\"yoast-schema-graph\">{\"@context\":\"https:\/\/schema.org\",\"@graph\":[{\"@type\":\"WebPage\",\"@id\":\"https:\/\/transinfo.pl\/x\/inforail\/koleje-slaskie-ruszaja-z-rezerwacja-miejsc\/\",\"url\":\"https:\/\/transinfo.pl\/x\/inforail\/koleje-slaskie-ruszaja-z-rezerwacja-miejsc\/\",\"name\":\"Koleje \u015al\u0105skie ruszaj\u0105 z rezerwacj\u0105 miejsc - TransInfo Archiwum\",\"isPartOf\":{\"@id\":\"https:\/\/transinfo.pl\/x\/#website\"},\"primaryImageOfPage\":{\"@id\":\"https:\/\/transinfo.pl\/x\/inforail\/koleje-slaskie-ruszaja-z-rezerwacja-miejsc\/#primaryimage\"},\"image\":{\"@id\":\"https:\/\/transinfo.pl\/x\/inforail\/koleje-slaskie-ruszaja-z-rezerwacja-miejsc\/#primaryimage\"},\"thumbnailUrl\":\"https:\/\/transinfo.pl\/x\/wp-content\/uploads\/2023\/12\/koleje-slaskie-4.jpg\",\"datePublished\":\"2024-04-10T10:45:00+00:00\",\"dateModified\":\"2024-04-10T10:45:00+00:00\",\"description\":\"27 kwietnia rusza obowi\u0105zkowy system rezerwacji przewozu rower\u00f3w w poci\u0105gach Kolei \u015al\u0105skich. Takie rozwi\u0105zanie zwi\u0119kszy komfort.\",\"breadcrumb\":{\"@id\":\"https:\/\/transinfo.pl\/x\/inforail\/koleje-slaskie-ruszaja-z-rezerwacja-miejsc\/#breadcrumb\"},\"inLanguage\":\"pl-PL\",\"potentialAction\":[{\"@type\":\"ReadAction\",\"target\":[\"https:\/\/transinfo.pl\/x\/inforail\/koleje-slaskie-ruszaja-z-rezerwacja-miejsc\/\"]}]},{\"@type\":\"ImageObject\",\"inLanguage\":\"pl-PL\",\"@id\":\"https:\/\/transinfo.pl\/x\/inforail\/koleje-slaskie-ruszaja-z-rezerwacja-miejsc\/#primaryimage\",\"url\":\"https:\/\/transinfo.pl\/x\/wp-content\/uploads\/2023\/12\/koleje-slaskie-4.jpg\",\"contentUrl\":\"https:\/\/transinfo.pl\/x\/wp-content\/uploads\/2023\/12\/koleje-slaskie-4.jpg\"},{\"@type\":\"BreadcrumbList\",\"@id\":\"https:\/\/transinfo.pl\/x\/inforail\/koleje-slaskie-ruszaja-z-rezerwacja-miejsc\/#breadcrumb\",\"itemListElement\":[{\"@type\":\"ListItem\",\"position\":1,\"name\":\"Home\",\"item\":\"https:\/\/transinfo.pl\/x\/\"},{\"@type\":\"ListItem\",\"position\":2,\"name\":\"Inforail\",\"item\":\"https:\/\/transinfo.pl\/x\/inforail\/\"},{\"@type\":\"ListItem\",\"position\":3,\"name\":\"Koleje \u015al\u0105skie ruszaj\u0105 z rezerwacj\u0105 miejsc\"}]},{\"@type\":\"WebSite\",\"@id\":\"https:\/\/transinfo.pl\/x\/#website\",\"url\":\"https:\/\/transinfo.pl\/x\/\",\"name\":\"TransInfo Archiwum\",\"description\":\"Ca\u0142y transport w jednym miejscu\",\"publisher\":{\"@id\":\"https:\/\/transinfo.pl\/x\/#organization\"},\"potentialAction\":[{\"@type\":\"SearchAction\",\"target\":{\"@type\":\"EntryPoint\",\"urlTemplate\":\"https:\/\/transinfo.pl\/x\/?s={search_term_string}\"},\"query-input\":{\"@type\":\"PropertyValueSpecification\",\"valueRequired\":true,\"valueName\":\"search_term_string\"}}],\"inLanguage\":\"pl-PL\"},{\"@type\":\"Organization\",\"@id\":\"https:\/\/transinfo.pl\/x\/#organization\",\"name\":\"TransInfo\",\"url\":\"https:\/\/transinfo.pl\/x\/\",\"logo\":{\"@type\":\"ImageObject\",\"inLanguage\":\"pl-PL\",\"@id\":\"https:\/\/transinfo.pl\/x\/#\/schema\/logo\/image\/\",\"url\":\"https:\/\/transinfo.pl\/x\/wp-content\/uploads\/2024\/10\/favicon.png\",\"contentUrl\":\"https:\/\/transinfo.pl\/x\/wp-content\/uploads\/2024\/10\/favicon.png\",\"width\":512,\"height\":512,\"caption\":\"TransInfo\"},\"image\":{\"@id\":\"https:\/\/transinfo.pl\/x\/#\/schema\/logo\/image\/\"}}]}<\/script>\n<!-- \/ Yoast SEO Premium plugin. -->","yoast_head_json":{"title":"Koleje \u015al\u0105skie ruszaj\u0105 z rezerwacj\u0105 miejsc - TransInfo Archiwum","description":"27 kwietnia rusza obowi\u0105zkowy system rezerwacji przewozu rower\u00f3w w poci\u0105gach Kolei \u015al\u0105skich. Takie rozwi\u0105zanie zwi\u0119kszy komfort.","robots":{"index":"index","follow":"follow","max-snippet":"max-snippet:-1","max-image-preview":"max-image-preview:large","max-video-preview":"max-video-preview:-1"},"canonical":"https:\/\/transinfo.pl\/x\/inforail\/koleje-slaskie-ruszaja-z-rezerwacja-miejsc\/","og_locale":"pl_PL","og_type":"article","og_title":"Koleje \u015al\u0105skie ruszaj\u0105 z rezerwacj\u0105 miejsc","og_description":"27 kwietnia rusza obowi\u0105zkowy system rezerwacji przewozu rower\u00f3w w poci\u0105gach Kolei \u015al\u0105skich. Takie rozwi\u0105zanie zwi\u0119kszy komfort.","og_url":"https:\/\/transinfo.pl\/x\/inforail\/koleje-slaskie-ruszaja-z-rezerwacja-miejsc\/","og_site_name":"TransInfo Archiwum","og_image":[{"url":"https:\/\/transinfo.pl\/x\/wp-content\/uploads\/2023\/12\/koleje-slaskie-4.jpg","width":1,"height":1,"type":"image\/jpeg"}],"twitter_card":"summary_large_image","twitter_misc":{"Szacowany czas czytania":"3 minuty"},"schema":{"@context":"https:\/\/schema.org","@graph":[{"@type":"WebPage","@id":"https:\/\/transinfo.pl\/x\/inforail\/koleje-slaskie-ruszaja-z-rezerwacja-miejsc\/","url":"https:\/\/transinfo.pl\/x\/inforail\/koleje-slaskie-ruszaja-z-rezerwacja-miejsc\/","name":"Koleje \u015al\u0105skie ruszaj\u0105 z rezerwacj\u0105 miejsc - TransInfo Archiwum","isPartOf":{"@id":"https:\/\/transinfo.pl\/x\/#website"},"primaryImageOfPage":{"@id":"https:\/\/transinfo.pl\/x\/inforail\/koleje-slaskie-ruszaja-z-rezerwacja-miejsc\/#primaryimage"},"image":{"@id":"https:\/\/transinfo.pl\/x\/inforail\/koleje-slaskie-ruszaja-z-rezerwacja-miejsc\/#primaryimage"},"thumbnailUrl":"https:\/\/transinfo.pl\/x\/wp-content\/uploads\/2023\/12\/koleje-slaskie-4.jpg","datePublished":"2024-04-10T10:45:00+00:00","dateModified":"2024-04-10T10:45:00+00:00","description":"27 kwietnia rusza obowi\u0105zkowy system rezerwacji przewozu rower\u00f3w w poci\u0105gach Kolei \u015al\u0105skich. Takie rozwi\u0105zanie zwi\u0119kszy komfort.","breadcrumb":{"@id":"https:\/\/transinfo.pl\/x\/inforail\/koleje-slaskie-ruszaja-z-rezerwacja-miejsc\/#breadcrumb"},"inLanguage":"pl-PL","potentialAction":[{"@type":"ReadAction","target":["https:\/\/transinfo.pl\/x\/inforail\/koleje-slaskie-ruszaja-z-rezerwacja-miejsc\/"]}]},{"@type":"ImageObject","inLanguage":"pl-PL","@id":"https:\/\/transinfo.pl\/x\/inforail\/koleje-slaskie-ruszaja-z-rezerwacja-miejsc\/#primaryimage","url":"https:\/\/transinfo.pl\/x\/wp-content\/uploads\/2023\/12\/koleje-slaskie-4.jpg","contentUrl":"https:\/\/transinfo.pl\/x\/wp-content\/uploads\/2023\/12\/koleje-slaskie-4.jpg"},{"@type":"BreadcrumbList","@id":"https:\/\/transinfo.pl\/x\/inforail\/koleje-slaskie-ruszaja-z-rezerwacja-miejsc\/#breadcrumb","itemListElement":[{"@type":"ListItem","position":1,"name":"Home","item":"https:\/\/transinfo.pl\/x\/"},{"@type":"ListItem","position":2,"name":"Inforail","item":"https:\/\/transinfo.pl\/x\/inforail\/"},{"@type":"ListItem","position":3,"name":"Koleje \u015al\u0105skie ruszaj\u0105 z rezerwacj\u0105 miejsc"}]},{"@type":"WebSite","@id":"https:\/\/transinfo.pl\/x\/#website","url":"https:\/\/transinfo.pl\/x\/","name":"TransInfo Archiwum","description":"Ca\u0142y transport w jednym miejscu","publisher":{"@id":"https:\/\/transinfo.pl\/x\/#organization"},"potentialAction":[{"@type":"SearchAction","target":{"@type":"EntryPoint","urlTemplate":"https:\/\/transinfo.pl\/x\/?s={search_term_string}"},"query-input":{"@type":"PropertyValueSpecification","valueRequired":true,"valueName":"search_term_string"}}],"inLanguage":"pl-PL"},{"@type":"Organization","@id":"https:\/\/transinfo.pl\/x\/#organization","name":"TransInfo","url":"https:\/\/transinfo.pl\/x\/","logo":{"@type":"ImageObject","inLanguage":"pl-PL","@id":"https:\/\/transinfo.pl\/x\/#\/schema\/logo\/image\/","url":"https:\/\/transinfo.pl\/x\/wp-content\/uploads\/2024\/10\/favicon.png","contentUrl":"https:\/\/transinfo.pl\/x\/wp-content\/uploads\/2024\/10\/favicon.png","width":512,"height":512,"caption":"TransInfo"},"image":{"@id":"https:\/\/transinfo.pl\/x\/#\/schema\/logo\/image\/"}}]}},"_links":{"self":[{"href":"https:\/\/transinfo.pl\/x\/wp-json\/wp\/v2\/inforail\/267551","targetHints":{"allow":["GET"]}}],"collection":[{"href":"https:\/\/transinfo.pl\/x\/wp-json\/wp\/v2\/inforail"}],"about":[{"href":"https:\/\/transinfo.pl\/x\/wp-json\/wp\/v2\/types\/inforail"}],"author":[{"embeddable":true,"href":"https:\/\/transinfo.pl\/x\/wp-json\/wp\/v2\/users\/3"}],"replies":[{"embeddable":true,"href":"https:\/\/transinfo.pl\/x\/wp-json\/wp\/v2\/comments?post=267551"}],"wp:featuredmedia":[{"embeddable":true,"href":"https:\/\/transinfo.pl\/x\/wp-json\/wp\/v2\/media\/267552"}],"wp:attachment":[{"href":"https:\/\/transinfo.pl\/x\/wp-json\/wp\/v2\/media?parent=267551"}],"wp:term":[{"taxonomy":"category","embeddable":true,"href":"https:\/\/transinfo.pl\/x\/wp-json\/wp\/v2\/categories?post=267551"},{"taxonomy":"post_tag","embeddable":true,"href":"https:\/\/transinfo.pl\/x\/wp-json\/wp\/v2\/tags?post=267551"}],"curies":[{"name":"wp","href":"https:\/\/api.w.org\/{rel}","templated":true}]}}