{"id":267386,"date":"2024-04-09T08:45:00","date_gmt":"2024-04-09T08:45:00","guid":{"rendered":"https:\/\/transinfo.pl\/x\/inforail\/stadler-polska-wyprodukuje-siedem-pietrowych-pociagow-dla-kolei-bulgarii\/"},"modified":"2024-04-09T08:45:00","modified_gmt":"2024-04-09T08:45:00","slug":"stadler-polska-wyprodukuje-siedem-pietrowych-pociagow-dla-kolei-bulgarii","status":"publish","type":"inforail","link":"https:\/\/transinfo.pl\/x\/inforail\/stadler-polska-wyprodukuje-siedem-pietrowych-pociagow-dla-kolei-bulgarii\/","title":{"rendered":"Stadler Polska wyprodukuje siedem pi\u0119trowych poci\u0105g\u00f3w dla Kolei Bu\u0142garii"},"content":{"rendered":"<style>h1,h2,h3,h4,h5,h6{margin:0 0 1.25rem;font-family:Arial,sans-serif;font-weight:600;color:#050505}h1{font-size:1.875rem;line-height:1.1em;text-transform:none}@media(min-width: 768px){h1{font-size:2.375rem}}h2{font-size:1.1875rem;line-height:1.2em;text-transform:uppercase}@media(min-width: 768px){h2{font-size:1.0625rem}}h3{font-size:0.9375rem;line-height:1.4em;font-weight:900;margin-bottom:0.9375rem}h4{font-size:0.875rem;line-height:1.2em;font-weight:500}h5{font-size:0.9375rem;line-height:1.6;font-weight:400}h6{font-size:0.9375rem;line-height:1.6;font-weight:600}\n<\/style>\n<h3 class=\"wp-block-heading\" id=\"h-minister-transportu-i-komunikacji-bulgarii-georgi-gvozdeikov-podpisal-decyzje-o-wyborze-wykonawcy-na-dostawe-siedmiu-pietrowych-pociagow-ktore-zostana-zakupione-ze-srodkow-w-ramach-planu-odbudowy-i-zrownowazonego-rozwoju\">Minister Transportu i Komunikacji Bu\u0142garii Georgi Gvozdeikov podpisa\u0142 decyzj\u0119 o wyborze wykonawcy na dostaw\u0119 siedmiu pi\u0119trowych poci\u0105g\u00f3w, kt\u00f3re zostan\u0105 zakupione ze \u015brodk\u00f3w w ramach Planu Odbudowy i Zr\u00f3wnowa\u017conego Rozwoju.<\/h3>\n\n\n<style>p{margin:0 0 1.5rem}p:last-child{margin:0}p.is-style-uppercase{text-transform:uppercase}p.is-style-preheading{color:#12406a;text-transform:uppercase}p.is-style-leadparagraph{font-size:1rem;line-height:1.625;font-weight:700}@media(min-width: 768px){p.is-style-leadparagraph{font-size:1.125rem;line-height:1.5555555556}}p.has-small-margin{margin-bottom:0.625rem}p.has-small-margin+h1,p.has-small-margin+h2,p.has-small-margin+h3{margin-top:1.875rem}\n<\/style>\n<p>Przetarg publiczny zosta\u0142 otwarty w po\u0142owie lutego, a pod koniec marca otwarto oferty uczestnik\u00f3w. Ocena wykaza\u0142a, \u017ce \u200b\u200boferta polskiej firmy \u201eStadler Polska Sp. z oo spe\u0142nia wszystkie wymagania Zamawiaj\u0105cego. <\/p>\n\n\n\n<h2 class=\"wp-block-heading\" id=\"h-w-oczekiwaniu-na-umowe\">W oczekiwaniu na umow\u0119<\/h2>\n\n\n\n<p>Proponowana przez producenta cena wynosi 300 513 279,50 BGN, a okres dostawy taboru wynosi 26 miesi\u0119cy. Umowa z wybranym wykonawc\u0105 musi zosta\u0107 podpisana w ustawowych terminach.<\/p>\n\n\n\n<p>Poci\u0105gi b\u0119d\u0105 produkowane w zak\u0142adzie Stadler Polska w Siedlcach. <\/p>\n\n\n\n<p><\/p>\n\n\n<style>.wp-block-image{margin:1.25rem 0;text-align:center}.wp-block-image figcaption{padding:0 0.9375rem;text-align:center}\n<\/style>\n<figure class=\"wp-block-image size-full\"><a href=\"https:\/\/transinfo.pl\/wp-content\/uploads\/2024\/04\/kiss1.jpg\"><img decoding=\"async\" src=\"https:\/\/transinfo.pl\/wp-content\/uploads\/2024\/04\/kiss1.jpg\" alt=\"Minister Transportu i Komunikacji Bu\u0142garii Georgi Gvozdeikov podpisa\u0142 decyzj\u0119 o wyborze wykonawcy na dostaw\u0119 siedmiu pi\u0119trowych poci\u0105g\u00f3w, kt\u00f3re zostan\u0105 zakupione ze \u015brodk\u00f3w w ramach Planu Odbudowy i Zr\u00f3wnowa\u017conego Rozwoju.\" class=\"wp-image-470603\" \/><\/a><figcaption class=\"wp-element-caption\">Wyprodukowany w Siedlcach Stadler KISS dla ZSSK<\/figcaption><\/figure>\n\n\n\n<p><\/p>\n\n\n\n<p>R\u00f3wnolegle rozpocz\u0119\u0142y si\u0119 negocjacje z hiszpa\u0144sk\u0105 sp\u00f3\u0142k\u0105 \u201ePatentes Talgo SL\u201d obejmuj\u0105ce dostaw\u0119 20  poci\u0105g\u00f3w push&amp;pull. Trwa r\u00f3wnie\u017c przetarg na dostaw\u0119 35 elektrycznych sk\u0142ad\u00f3w z terminem sk\u0142adania ofert do 11 kwietnia 2024 r.<\/p>\n","protected":false},"author":3,"featured_media":267387,"comment_status":"","ping_status":"closed","template":"","categories":[25],"tags":[605,3129,22595,814],"class_list":["post-267386","inforail","type-inforail","status-publish","has-post-thumbnail","hentry","category-producenci","tag-bulgaria","tag-kiss","tag-pociag-pietrowy","tag-stadler"],"acf":[],"yoast_head":"<!-- This site is optimized with the Yoast SEO Premium plugin v21.8 (Yoast SEO v23.7) - https:\/\/yoast.com\/wordpress\/plugins\/seo\/ -->\n<title>Stadler Polska wyprodukuje siedem pi\u0119trowych poci\u0105g\u00f3w dla Kolei Bu\u0142garii - TransInfo Archiwum<\/title>\n<meta name=\"description\" content=\"Minister Transportu i Komunikacji Bu\u0142garii Georgi Gvozdeikov podpisa\u0142 decyzj\u0119 o wyborze wykonawcy na dostaw\u0119 siedmiu pi\u0119trowych poci\u0105g\u00f3w.\" \/>\n<meta name=\"robots\" content=\"index, follow, max-snippet:-1, max-image-preview:large, max-video-preview:-1\" \/>\n<link rel=\"canonical\" href=\"https:\/\/transinfo.pl\/x\/inforail\/stadler-polska-wyprodukuje-siedem-pietrowych-pociagow-dla-kolei-bulgarii\/\" \/>\n<meta property=\"og:locale\" content=\"pl_PL\" \/>\n<meta property=\"og:type\" content=\"article\" \/>\n<meta property=\"og:title\" content=\"Stadler Polska wyprodukuje siedem pi\u0119trowych poci\u0105g\u00f3w dla Kolei Bu\u0142garii\" \/>\n<meta property=\"og:description\" content=\"Minister Transportu i Komunikacji Bu\u0142garii Georgi Gvozdeikov podpisa\u0142 decyzj\u0119 o wyborze wykonawcy na dostaw\u0119 siedmiu pi\u0119trowych poci\u0105g\u00f3w.\" \/>\n<meta property=\"og:url\" content=\"https:\/\/transinfo.pl\/x\/inforail\/stadler-polska-wyprodukuje-siedem-pietrowych-pociagow-dla-kolei-bulgarii\/\" \/>\n<meta property=\"og:site_name\" content=\"TransInfo Archiwum\" \/>\n<meta property=\"og:image\" content=\"https:\/\/transinfo.pl\/x\/wp-content\/uploads\/2024\/04\/kiss.jpg\" \/>\n\t<meta property=\"og:image:width\" content=\"1\" \/>\n\t<meta property=\"og:image:height\" content=\"1\" \/>\n\t<meta property=\"og:image:type\" content=\"image\/jpeg\" \/>\n<meta name=\"twitter:card\" content=\"summary_large_image\" \/>\n<meta name=\"twitter:label1\" content=\"Szacowany czas czytania\" \/>\n\t<meta name=\"twitter:data1\" content=\"1 minuta\" \/>\n<script type=\"application\/ld+json\" class=\"yoast-schema-graph\">{\"@context\":\"https:\/\/schema.org\",\"@graph\":[{\"@type\":\"WebPage\",\"@id\":\"https:\/\/transinfo.pl\/x\/inforail\/stadler-polska-wyprodukuje-siedem-pietrowych-pociagow-dla-kolei-bulgarii\/\",\"url\":\"https:\/\/transinfo.pl\/x\/inforail\/stadler-polska-wyprodukuje-siedem-pietrowych-pociagow-dla-kolei-bulgarii\/\",\"name\":\"Stadler Polska wyprodukuje siedem pi\u0119trowych poci\u0105g\u00f3w dla Kolei Bu\u0142garii - TransInfo Archiwum\",\"isPartOf\":{\"@id\":\"https:\/\/transinfo.pl\/x\/#website\"},\"primaryImageOfPage\":{\"@id\":\"https:\/\/transinfo.pl\/x\/inforail\/stadler-polska-wyprodukuje-siedem-pietrowych-pociagow-dla-kolei-bulgarii\/#primaryimage\"},\"image\":{\"@id\":\"https:\/\/transinfo.pl\/x\/inforail\/stadler-polska-wyprodukuje-siedem-pietrowych-pociagow-dla-kolei-bulgarii\/#primaryimage\"},\"thumbnailUrl\":\"https:\/\/transinfo.pl\/x\/wp-content\/uploads\/2024\/04\/kiss.jpg\",\"datePublished\":\"2024-04-09T08:45:00+00:00\",\"dateModified\":\"2024-04-09T08:45:00+00:00\",\"description\":\"Minister Transportu i Komunikacji Bu\u0142garii Georgi Gvozdeikov podpisa\u0142 decyzj\u0119 o wyborze wykonawcy na dostaw\u0119 siedmiu pi\u0119trowych poci\u0105g\u00f3w.\",\"breadcrumb\":{\"@id\":\"https:\/\/transinfo.pl\/x\/inforail\/stadler-polska-wyprodukuje-siedem-pietrowych-pociagow-dla-kolei-bulgarii\/#breadcrumb\"},\"inLanguage\":\"pl-PL\",\"potentialAction\":[{\"@type\":\"ReadAction\",\"target\":[\"https:\/\/transinfo.pl\/x\/inforail\/stadler-polska-wyprodukuje-siedem-pietrowych-pociagow-dla-kolei-bulgarii\/\"]}]},{\"@type\":\"ImageObject\",\"inLanguage\":\"pl-PL\",\"@id\":\"https:\/\/transinfo.pl\/x\/inforail\/stadler-polska-wyprodukuje-siedem-pietrowych-pociagow-dla-kolei-bulgarii\/#primaryimage\",\"url\":\"https:\/\/transinfo.pl\/x\/wp-content\/uploads\/2024\/04\/kiss.jpg\",\"contentUrl\":\"https:\/\/transinfo.pl\/x\/wp-content\/uploads\/2024\/04\/kiss.jpg\"},{\"@type\":\"BreadcrumbList\",\"@id\":\"https:\/\/transinfo.pl\/x\/inforail\/stadler-polska-wyprodukuje-siedem-pietrowych-pociagow-dla-kolei-bulgarii\/#breadcrumb\",\"itemListElement\":[{\"@type\":\"ListItem\",\"position\":1,\"name\":\"Home\",\"item\":\"https:\/\/transinfo.pl\/x\/\"},{\"@type\":\"ListItem\",\"position\":2,\"name\":\"Inforail\",\"item\":\"https:\/\/transinfo.pl\/x\/inforail\/\"},{\"@type\":\"ListItem\",\"position\":3,\"name\":\"Stadler Polska wyprodukuje siedem pi\u0119trowych poci\u0105g\u00f3w dla Kolei Bu\u0142garii\"}]},{\"@type\":\"WebSite\",\"@id\":\"https:\/\/transinfo.pl\/x\/#website\",\"url\":\"https:\/\/transinfo.pl\/x\/\",\"name\":\"TransInfo Archiwum\",\"description\":\"Ca\u0142y transport w jednym miejscu\",\"publisher\":{\"@id\":\"https:\/\/transinfo.pl\/x\/#organization\"},\"potentialAction\":[{\"@type\":\"SearchAction\",\"target\":{\"@type\":\"EntryPoint\",\"urlTemplate\":\"https:\/\/transinfo.pl\/x\/?s={search_term_string}\"},\"query-input\":{\"@type\":\"PropertyValueSpecification\",\"valueRequired\":true,\"valueName\":\"search_term_string\"}}],\"inLanguage\":\"pl-PL\"},{\"@type\":\"Organization\",\"@id\":\"https:\/\/transinfo.pl\/x\/#organization\",\"name\":\"TransInfo\",\"url\":\"https:\/\/transinfo.pl\/x\/\",\"logo\":{\"@type\":\"ImageObject\",\"inLanguage\":\"pl-PL\",\"@id\":\"https:\/\/transinfo.pl\/x\/#\/schema\/logo\/image\/\",\"url\":\"https:\/\/transinfo.pl\/x\/wp-content\/uploads\/2024\/10\/favicon.png\",\"contentUrl\":\"https:\/\/transinfo.pl\/x\/wp-content\/uploads\/2024\/10\/favicon.png\",\"width\":512,\"height\":512,\"caption\":\"TransInfo\"},\"image\":{\"@id\":\"https:\/\/transinfo.pl\/x\/#\/schema\/logo\/image\/\"}}]}<\/script>\n<!-- \/ Yoast SEO Premium plugin. -->","yoast_head_json":{"title":"Stadler Polska wyprodukuje siedem pi\u0119trowych poci\u0105g\u00f3w dla Kolei Bu\u0142garii - TransInfo Archiwum","description":"Minister Transportu i Komunikacji Bu\u0142garii Georgi Gvozdeikov podpisa\u0142 decyzj\u0119 o wyborze wykonawcy na dostaw\u0119 siedmiu pi\u0119trowych poci\u0105g\u00f3w.","robots":{"index":"index","follow":"follow","max-snippet":"max-snippet:-1","max-image-preview":"max-image-preview:large","max-video-preview":"max-video-preview:-1"},"canonical":"https:\/\/transinfo.pl\/x\/inforail\/stadler-polska-wyprodukuje-siedem-pietrowych-pociagow-dla-kolei-bulgarii\/","og_locale":"pl_PL","og_type":"article","og_title":"Stadler Polska wyprodukuje siedem pi\u0119trowych poci\u0105g\u00f3w dla Kolei Bu\u0142garii","og_description":"Minister Transportu i Komunikacji Bu\u0142garii Georgi Gvozdeikov podpisa\u0142 decyzj\u0119 o wyborze wykonawcy na dostaw\u0119 siedmiu pi\u0119trowych poci\u0105g\u00f3w.","og_url":"https:\/\/transinfo.pl\/x\/inforail\/stadler-polska-wyprodukuje-siedem-pietrowych-pociagow-dla-kolei-bulgarii\/","og_site_name":"TransInfo Archiwum","og_image":[{"url":"https:\/\/transinfo.pl\/x\/wp-content\/uploads\/2024\/04\/kiss.jpg","width":1,"height":1,"type":"image\/jpeg"}],"twitter_card":"summary_large_image","twitter_misc":{"Szacowany czas czytania":"1 minuta"},"schema":{"@context":"https:\/\/schema.org","@graph":[{"@type":"WebPage","@id":"https:\/\/transinfo.pl\/x\/inforail\/stadler-polska-wyprodukuje-siedem-pietrowych-pociagow-dla-kolei-bulgarii\/","url":"https:\/\/transinfo.pl\/x\/inforail\/stadler-polska-wyprodukuje-siedem-pietrowych-pociagow-dla-kolei-bulgarii\/","name":"Stadler Polska wyprodukuje siedem pi\u0119trowych poci\u0105g\u00f3w dla Kolei Bu\u0142garii - TransInfo Archiwum","isPartOf":{"@id":"https:\/\/transinfo.pl\/x\/#website"},"primaryImageOfPage":{"@id":"https:\/\/transinfo.pl\/x\/inforail\/stadler-polska-wyprodukuje-siedem-pietrowych-pociagow-dla-kolei-bulgarii\/#primaryimage"},"image":{"@id":"https:\/\/transinfo.pl\/x\/inforail\/stadler-polska-wyprodukuje-siedem-pietrowych-pociagow-dla-kolei-bulgarii\/#primaryimage"},"thumbnailUrl":"https:\/\/transinfo.pl\/x\/wp-content\/uploads\/2024\/04\/kiss.jpg","datePublished":"2024-04-09T08:45:00+00:00","dateModified":"2024-04-09T08:45:00+00:00","description":"Minister Transportu i Komunikacji Bu\u0142garii Georgi Gvozdeikov podpisa\u0142 decyzj\u0119 o wyborze wykonawcy na dostaw\u0119 siedmiu pi\u0119trowych poci\u0105g\u00f3w.","breadcrumb":{"@id":"https:\/\/transinfo.pl\/x\/inforail\/stadler-polska-wyprodukuje-siedem-pietrowych-pociagow-dla-kolei-bulgarii\/#breadcrumb"},"inLanguage":"pl-PL","potentialAction":[{"@type":"ReadAction","target":["https:\/\/transinfo.pl\/x\/inforail\/stadler-polska-wyprodukuje-siedem-pietrowych-pociagow-dla-kolei-bulgarii\/"]}]},{"@type":"ImageObject","inLanguage":"pl-PL","@id":"https:\/\/transinfo.pl\/x\/inforail\/stadler-polska-wyprodukuje-siedem-pietrowych-pociagow-dla-kolei-bulgarii\/#primaryimage","url":"https:\/\/transinfo.pl\/x\/wp-content\/uploads\/2024\/04\/kiss.jpg","contentUrl":"https:\/\/transinfo.pl\/x\/wp-content\/uploads\/2024\/04\/kiss.jpg"},{"@type":"BreadcrumbList","@id":"https:\/\/transinfo.pl\/x\/inforail\/stadler-polska-wyprodukuje-siedem-pietrowych-pociagow-dla-kolei-bulgarii\/#breadcrumb","itemListElement":[{"@type":"ListItem","position":1,"name":"Home","item":"https:\/\/transinfo.pl\/x\/"},{"@type":"ListItem","position":2,"name":"Inforail","item":"https:\/\/transinfo.pl\/x\/inforail\/"},{"@type":"ListItem","position":3,"name":"Stadler Polska wyprodukuje siedem pi\u0119trowych poci\u0105g\u00f3w dla Kolei Bu\u0142garii"}]},{"@type":"WebSite","@id":"https:\/\/transinfo.pl\/x\/#website","url":"https:\/\/transinfo.pl\/x\/","name":"TransInfo Archiwum","description":"Ca\u0142y transport w jednym miejscu","publisher":{"@id":"https:\/\/transinfo.pl\/x\/#organization"},"potentialAction":[{"@type":"SearchAction","target":{"@type":"EntryPoint","urlTemplate":"https:\/\/transinfo.pl\/x\/?s={search_term_string}"},"query-input":{"@type":"PropertyValueSpecification","valueRequired":true,"valueName":"search_term_string"}}],"inLanguage":"pl-PL"},{"@type":"Organization","@id":"https:\/\/transinfo.pl\/x\/#organization","name":"TransInfo","url":"https:\/\/transinfo.pl\/x\/","logo":{"@type":"ImageObject","inLanguage":"pl-PL","@id":"https:\/\/transinfo.pl\/x\/#\/schema\/logo\/image\/","url":"https:\/\/transinfo.pl\/x\/wp-content\/uploads\/2024\/10\/favicon.png","contentUrl":"https:\/\/transinfo.pl\/x\/wp-content\/uploads\/2024\/10\/favicon.png","width":512,"height":512,"caption":"TransInfo"},"image":{"@id":"https:\/\/transinfo.pl\/x\/#\/schema\/logo\/image\/"}}]}},"_links":{"self":[{"href":"https:\/\/transinfo.pl\/x\/wp-json\/wp\/v2\/inforail\/267386","targetHints":{"allow":["GET"]}}],"collection":[{"href":"https:\/\/transinfo.pl\/x\/wp-json\/wp\/v2\/inforail"}],"about":[{"href":"https:\/\/transinfo.pl\/x\/wp-json\/wp\/v2\/types\/inforail"}],"author":[{"embeddable":true,"href":"https:\/\/transinfo.pl\/x\/wp-json\/wp\/v2\/users\/3"}],"replies":[{"embeddable":true,"href":"https:\/\/transinfo.pl\/x\/wp-json\/wp\/v2\/comments?post=267386"}],"wp:featuredmedia":[{"embeddable":true,"href":"https:\/\/transinfo.pl\/x\/wp-json\/wp\/v2\/media\/267387"}],"wp:attachment":[{"href":"https:\/\/transinfo.pl\/x\/wp-json\/wp\/v2\/media?parent=267386"}],"wp:term":[{"taxonomy":"category","embeddable":true,"href":"https:\/\/transinfo.pl\/x\/wp-json\/wp\/v2\/categories?post=267386"},{"taxonomy":"post_tag","embeddable":true,"href":"https:\/\/transinfo.pl\/x\/wp-json\/wp\/v2\/tags?post=267386"}],"curies":[{"name":"wp","href":"https:\/\/api.w.org\/{rel}","templated":true}]}}