{"id":267364,"date":"2024-04-08T15:45:00","date_gmt":"2024-04-08T15:45:00","guid":{"rendered":"https:\/\/transinfo.pl\/x\/inforail\/wspolny-bilet-na-pociagi-kolei-mazowieckich-i-autobusow-komunikacji-miejskiej-w-radomiu\/"},"modified":"2024-04-08T15:45:00","modified_gmt":"2024-04-08T15:45:00","slug":"wspolny-bilet-na-pociagi-kolei-mazowieckich-i-autobusow-komunikacji-miejskiej-w-radomiu","status":"publish","type":"inforail","link":"https:\/\/transinfo.pl\/x\/inforail\/wspolny-bilet-na-pociagi-kolei-mazowieckich-i-autobusow-komunikacji-miejskiej-w-radomiu\/","title":{"rendered":"Wsp\u00f3lny bilet na poci\u0105gi Kolei Mazowieckich i autobus\u00f3w komunikacji miejskiej w Radomiu"},"content":{"rendered":"<style>h1,h2,h3,h4,h5,h6{margin:0 0 1.25rem;font-family:Arial,sans-serif;font-weight:600;color:#050505}h1{font-size:1.875rem;line-height:1.1em;text-transform:none}@media(min-width: 768px){h1{font-size:2.375rem}}h2{font-size:1.1875rem;line-height:1.2em;text-transform:uppercase}@media(min-width: 768px){h2{font-size:1.0625rem}}h3{font-size:0.9375rem;line-height:1.4em;font-weight:900;margin-bottom:0.9375rem}h4{font-size:0.875rem;line-height:1.2em;font-weight:500}h5{font-size:0.9375rem;line-height:1.6;font-weight:400}h6{font-size:0.9375rem;line-height:1.6;font-weight:600}\n<\/style>\n<h3 class=\"wp-block-heading\" id=\"h-bilet-zintegrowany-z-radomiem-to-nowa-oferta-pozataryfowa-kolei-mazowieckich-ktora-w-porozumieniu-z-miejskim-zarzadem-drog-i-komunikacji-w-radomiu-zacznie-obowiazywac-od-1-czerwca-2024-roku\">Bilet zintegrowany z Radomiem\u00a0&#8211; to nowa oferta pozataryfowa Kolei Mazowieckich, kt\u00f3ra w porozumieniu z Miejskim Zarz\u0105dem Dr\u00f3g i Komunikacji w Radomiu zacznie obowi\u0105zywa\u0107 od 1 czerwca 2024 roku. <br><\/h3>\n\n\n<style>p{margin:0 0 1.5rem}p:last-child{margin:0}p.is-style-uppercase{text-transform:uppercase}p.is-style-preheading{color:#12406a;text-transform:uppercase}p.is-style-leadparagraph{font-size:1rem;line-height:1.625;font-weight:700}@media(min-width: 768px){p.is-style-leadparagraph{font-size:1.125rem;line-height:1.5555555556}}p.has-small-margin{margin-bottom:0.625rem}p.has-small-margin+h1,p.has-small-margin+h2,p.has-small-margin+h3{margin-top:1.875rem}\n<\/style>\n<p>Jednorazowy bilet kolejowy mazowieckiego przewo\u017anika b\u0119dzie jednocze\u015bnie upowa\u017cnia\u0142 do godzinnego podr\u00f3\u017cowania radomskimi autobusami.<\/p>\n\n\n\n<h2 class=\"wp-block-heading\" id=\"h-nowa-oferta\">Nowa oferta<\/h2>\n\n\n\n<p><br>Z nowej oferty b\u0119dzie m\u00f3g\u0142 korzysta\u0107 ka\u017cdy pasa\u017cer kupuj\u0105cy bilet do Radomia z dowolnej stacji, z kt\u00f3rej odje\u017cd\u017caj\u0105 poci\u0105gi Kolei Mazowieckich, a tak\u017ce z powrotem. Je\u015bli po przyje\u017adzie do naszego miasta lub przed wyjazdem z niego podr\u00f3\u017cny zamierza korzysta\u0107 z naszej komunikacji miejskiej, to nie musi kupowa\u0107 dw\u00f3ch osobnych bilet\u00f3w. Oferta ta skierowana jest w\u0142a\u015bnie do niego! Wystarczy wcze\u015bniej naby\u0107\u00a0<em>Bilet zintegrowany z Radomiem<\/em>\u00a0i mo\u017cna odby\u0107 podr\u00f3\u017c \u0142\u0105czon\u0105. Przyk\u0142adowo: pasa\u017cer ze stolicy zamierza dosta\u0107 si\u0119 na Lotnisko Warszawa-Radom. W kasie na dworcu lub przez internet kupuje bilet w\u0142a\u015bnie w ramach tej oferty. Opr\u00f3cz podstawowych danych (relacja przejazdu, data itp.) na wydruku zostanie umieszczony napis:\u00a0Bilet wa\u017cny na przejazdy autobusami komunikacji miejskiej w Radomiu przez 60 minut od godziny&#8230;\u00a0. <\/p>\n\n\n\n<p>Godzin\u0119 t\u0119 na bilecie papierowym trzeba wpisa\u0107 samodzielnie przed rozpocz\u0119ciem przejazdu autobusem miejskim, poniewa\u017c w przeciwnym przypadku zostanie on uznany za niewa\u017cny. W internetowym systemie sprzeda\u017cy sp\u00f3\u0142ki Koleje Mazowieckie odpowiedni\u0105 godzin\u0119 mo\u017cna od razu wprowadzi\u0107 w odpowiednim miejscu. Kiedy pasa\u017cer z takim biletem przyjedzie do Radomia, to nie b\u0119dzie musia\u0142 ju\u017c szuka\u0107 punkt\u00f3w sprzeda\u017cy, ale od razu mo\u017ce uda\u0107 si\u0119 na przystanek na placu Dworcowym, wsi\u0105\u015b\u0107 na przyk\u0142ad do autobusu linii 5 i pojecha\u0107 ni\u0105 na lotnisko (lub w dowolnym innym kierunku, je\u015bli ma tak\u0105 potrzeb\u0119). Mo\u017cna si\u0119 przesiada\u0107, bo bilet jest wa\u017cny 60 minut od podanej na nim godziny rozpocz\u0119cia podr\u00f3\u017cy. Decyduje o tym sam pasa\u017cer, wi\u0119c nie musi to by\u0107 od razu po przyje\u017adzie poci\u0105gu.<\/p>\n\n\n\n<p><\/p>\n\n\n<style>.wp-block-image{margin:1.25rem 0;text-align:center}.wp-block-image figcaption{padding:0 0.9375rem;text-align:center}\n<\/style>\n<figure class=\"wp-block-image size-large\"><a href=\"https:\/\/transinfo.pl\/wp-content\/uploads\/2024\/04\/radom-km.jpg\"><img decoding=\"async\" src=\"https:\/\/transinfo.pl\/wp-content\/uploads\/2024\/04\/radom-km-1024x767.jpg\" alt=\"Bilet zintegrowany z Radomiem\u00a0- to nowa oferta pozataryfowa Kolei Mazowieckich, kt\u00f3ra w porozumieniu z Miejskim Zarz\u0105dem Dr\u00f3g i Komunikacji w Radomiu zacznie obowi\u0105zywa\u0107 od 1 czerwca 2024 roku. \" class=\"wp-image-470551\" \/><\/a><figcaption class=\"wp-element-caption\">Bilet zintegrowany z Radomiem<\/figcaption><\/figure>\n\n\n\n<p><br><br>Bilet zintegrowany z Radomiem\u00a0b\u0119dzie mo\u017cna naby\u0107 w przedsprzeda\u017cy do siedmiu dni przed planowan\u0105 podr\u00f3\u017c\u0105. Ile b\u0119dzie kosztowa\u0142? Cena b\u0119dzie uzale\u017cniona od relacji przejazdu. B\u0119dzie ona stanowi\u0142a sum\u0119 stawek za jednorazowy bilet Kolei Mazowieckich na wybranym przez pasa\u017cera odcinku oraz za bilet jednogodzinny w komunikacji miejskiej w Radomiu. Oczywi\u015bcie w obydwu przypadkach b\u0119d\u0105 honorowane wszelkie ulgi przys\u0142uguj\u0105ce konkretnym podr\u00f3\u017cnym.<br><br>Szczeg\u00f3\u0142owe zasady nowej oferty\u00a0Bilet zintegrowany z Radomiem\u00a0b\u0119d\u0105 opublikowane na stronie Kolei Mazowieckich.<br><br>Przypomnijmy, \u017ce podobn\u0105 ofert\u0119 wprowadzi\u0142a ju\u017c od 1 marca 2023 roku \u0141\u00f3dzka Kolej Aglomeracyjna, kt\u00f3rej poci\u0105gi tak\u017ce doje\u017cd\u017caj\u0105 do Radomia. <\/p>\n","protected":false},"author":3,"featured_media":267365,"comment_status":"","ping_status":"closed","template":"","categories":[28],"tags":[795,168,123,125,2989],"class_list":["post-267364","inforail","type-inforail","status-publish","has-post-thumbnail","hentry","category-pasazer","tag-bilet","tag-koleje-mazowieckie","tag-pasazer","tag-radom","tag-wspolny-bilet"],"acf":[],"yoast_head":"<!-- This site is optimized with the Yoast SEO Premium plugin v21.8 (Yoast SEO v23.7) - https:\/\/yoast.com\/wordpress\/plugins\/seo\/ -->\n<title>Wsp\u00f3lny bilet na poci\u0105gi Kolei Mazowieckich i autobus\u00f3w komunikacji miejskiej w Radomiu - TransInfo Archiwum<\/title>\n<meta name=\"description\" content=\"Bilet zintegrowany z Radomiem\u00a0- to nowa oferta pozataryfowa Kolei Mazowieckich zacznie obowi\u0105zywa\u0107 od 1 czerwca 2024 roku.\" \/>\n<meta name=\"robots\" content=\"index, follow, max-snippet:-1, max-image-preview:large, max-video-preview:-1\" \/>\n<link rel=\"canonical\" href=\"https:\/\/transinfo.pl\/x\/inforail\/wspolny-bilet-na-pociagi-kolei-mazowieckich-i-autobusow-komunikacji-miejskiej-w-radomiu\/\" \/>\n<meta property=\"og:locale\" content=\"pl_PL\" \/>\n<meta property=\"og:type\" content=\"article\" \/>\n<meta property=\"og:title\" content=\"Wsp\u00f3lny bilet na poci\u0105gi Kolei Mazowieckich i autobus\u00f3w komunikacji miejskiej w Radomiu\" \/>\n<meta property=\"og:description\" content=\"Bilet zintegrowany z Radomiem\u00a0- to nowa oferta pozataryfowa Kolei Mazowieckich zacznie obowi\u0105zywa\u0107 od 1 czerwca 2024 roku.\" \/>\n<meta property=\"og:url\" content=\"https:\/\/transinfo.pl\/x\/inforail\/wspolny-bilet-na-pociagi-kolei-mazowieckich-i-autobusow-komunikacji-miejskiej-w-radomiu\/\" \/>\n<meta property=\"og:site_name\" content=\"TransInfo Archiwum\" \/>\n<meta property=\"og:image\" content=\"https:\/\/transinfo.pl\/x\/wp-content\/uploads\/2024\/04\/Pociag-Kolei-Mazowieckich-na-stacji-Warka.jpg\" \/>\n\t<meta property=\"og:image:width\" content=\"1\" \/>\n\t<meta property=\"og:image:height\" content=\"1\" \/>\n\t<meta property=\"og:image:type\" content=\"image\/jpeg\" \/>\n<meta name=\"twitter:card\" content=\"summary_large_image\" \/>\n<meta name=\"twitter:label1\" content=\"Szacowany czas czytania\" \/>\n\t<meta name=\"twitter:data1\" content=\"2 minuty\" \/>\n<script type=\"application\/ld+json\" class=\"yoast-schema-graph\">{\"@context\":\"https:\/\/schema.org\",\"@graph\":[{\"@type\":\"WebPage\",\"@id\":\"https:\/\/transinfo.pl\/x\/inforail\/wspolny-bilet-na-pociagi-kolei-mazowieckich-i-autobusow-komunikacji-miejskiej-w-radomiu\/\",\"url\":\"https:\/\/transinfo.pl\/x\/inforail\/wspolny-bilet-na-pociagi-kolei-mazowieckich-i-autobusow-komunikacji-miejskiej-w-radomiu\/\",\"name\":\"Wsp\u00f3lny bilet na poci\u0105gi Kolei Mazowieckich i autobus\u00f3w komunikacji miejskiej w Radomiu - TransInfo Archiwum\",\"isPartOf\":{\"@id\":\"https:\/\/transinfo.pl\/x\/#website\"},\"primaryImageOfPage\":{\"@id\":\"https:\/\/transinfo.pl\/x\/inforail\/wspolny-bilet-na-pociagi-kolei-mazowieckich-i-autobusow-komunikacji-miejskiej-w-radomiu\/#primaryimage\"},\"image\":{\"@id\":\"https:\/\/transinfo.pl\/x\/inforail\/wspolny-bilet-na-pociagi-kolei-mazowieckich-i-autobusow-komunikacji-miejskiej-w-radomiu\/#primaryimage\"},\"thumbnailUrl\":\"https:\/\/transinfo.pl\/x\/wp-content\/uploads\/2024\/04\/Pociag-Kolei-Mazowieckich-na-stacji-Warka.jpg\",\"datePublished\":\"2024-04-08T15:45:00+00:00\",\"dateModified\":\"2024-04-08T15:45:00+00:00\",\"description\":\"Bilet zintegrowany z Radomiem\u00a0- to nowa oferta pozataryfowa Kolei Mazowieckich zacznie obowi\u0105zywa\u0107 od 1 czerwca 2024 roku.\",\"breadcrumb\":{\"@id\":\"https:\/\/transinfo.pl\/x\/inforail\/wspolny-bilet-na-pociagi-kolei-mazowieckich-i-autobusow-komunikacji-miejskiej-w-radomiu\/#breadcrumb\"},\"inLanguage\":\"pl-PL\",\"potentialAction\":[{\"@type\":\"ReadAction\",\"target\":[\"https:\/\/transinfo.pl\/x\/inforail\/wspolny-bilet-na-pociagi-kolei-mazowieckich-i-autobusow-komunikacji-miejskiej-w-radomiu\/\"]}]},{\"@type\":\"ImageObject\",\"inLanguage\":\"pl-PL\",\"@id\":\"https:\/\/transinfo.pl\/x\/inforail\/wspolny-bilet-na-pociagi-kolei-mazowieckich-i-autobusow-komunikacji-miejskiej-w-radomiu\/#primaryimage\",\"url\":\"https:\/\/transinfo.pl\/x\/wp-content\/uploads\/2024\/04\/Pociag-Kolei-Mazowieckich-na-stacji-Warka.jpg\",\"contentUrl\":\"https:\/\/transinfo.pl\/x\/wp-content\/uploads\/2024\/04\/Pociag-Kolei-Mazowieckich-na-stacji-Warka.jpg\"},{\"@type\":\"BreadcrumbList\",\"@id\":\"https:\/\/transinfo.pl\/x\/inforail\/wspolny-bilet-na-pociagi-kolei-mazowieckich-i-autobusow-komunikacji-miejskiej-w-radomiu\/#breadcrumb\",\"itemListElement\":[{\"@type\":\"ListItem\",\"position\":1,\"name\":\"Home\",\"item\":\"https:\/\/transinfo.pl\/x\/\"},{\"@type\":\"ListItem\",\"position\":2,\"name\":\"Inforail\",\"item\":\"https:\/\/transinfo.pl\/x\/inforail\/\"},{\"@type\":\"ListItem\",\"position\":3,\"name\":\"Wsp\u00f3lny bilet na poci\u0105gi Kolei Mazowieckich i autobus\u00f3w komunikacji miejskiej w Radomiu\"}]},{\"@type\":\"WebSite\",\"@id\":\"https:\/\/transinfo.pl\/x\/#website\",\"url\":\"https:\/\/transinfo.pl\/x\/\",\"name\":\"TransInfo Archiwum\",\"description\":\"Ca\u0142y transport w jednym miejscu\",\"publisher\":{\"@id\":\"https:\/\/transinfo.pl\/x\/#organization\"},\"potentialAction\":[{\"@type\":\"SearchAction\",\"target\":{\"@type\":\"EntryPoint\",\"urlTemplate\":\"https:\/\/transinfo.pl\/x\/?s={search_term_string}\"},\"query-input\":{\"@type\":\"PropertyValueSpecification\",\"valueRequired\":true,\"valueName\":\"search_term_string\"}}],\"inLanguage\":\"pl-PL\"},{\"@type\":\"Organization\",\"@id\":\"https:\/\/transinfo.pl\/x\/#organization\",\"name\":\"TransInfo\",\"url\":\"https:\/\/transinfo.pl\/x\/\",\"logo\":{\"@type\":\"ImageObject\",\"inLanguage\":\"pl-PL\",\"@id\":\"https:\/\/transinfo.pl\/x\/#\/schema\/logo\/image\/\",\"url\":\"https:\/\/transinfo.pl\/x\/wp-content\/uploads\/2024\/10\/favicon.png\",\"contentUrl\":\"https:\/\/transinfo.pl\/x\/wp-content\/uploads\/2024\/10\/favicon.png\",\"width\":512,\"height\":512,\"caption\":\"TransInfo\"},\"image\":{\"@id\":\"https:\/\/transinfo.pl\/x\/#\/schema\/logo\/image\/\"}}]}<\/script>\n<!-- \/ Yoast SEO Premium plugin. -->","yoast_head_json":{"title":"Wsp\u00f3lny bilet na poci\u0105gi Kolei Mazowieckich i autobus\u00f3w komunikacji miejskiej w Radomiu - TransInfo Archiwum","description":"Bilet zintegrowany z Radomiem\u00a0- to nowa oferta pozataryfowa Kolei Mazowieckich zacznie obowi\u0105zywa\u0107 od 1 czerwca 2024 roku.","robots":{"index":"index","follow":"follow","max-snippet":"max-snippet:-1","max-image-preview":"max-image-preview:large","max-video-preview":"max-video-preview:-1"},"canonical":"https:\/\/transinfo.pl\/x\/inforail\/wspolny-bilet-na-pociagi-kolei-mazowieckich-i-autobusow-komunikacji-miejskiej-w-radomiu\/","og_locale":"pl_PL","og_type":"article","og_title":"Wsp\u00f3lny bilet na poci\u0105gi Kolei Mazowieckich i autobus\u00f3w komunikacji miejskiej w Radomiu","og_description":"Bilet zintegrowany z Radomiem\u00a0- to nowa oferta pozataryfowa Kolei Mazowieckich zacznie obowi\u0105zywa\u0107 od 1 czerwca 2024 roku.","og_url":"https:\/\/transinfo.pl\/x\/inforail\/wspolny-bilet-na-pociagi-kolei-mazowieckich-i-autobusow-komunikacji-miejskiej-w-radomiu\/","og_site_name":"TransInfo Archiwum","og_image":[{"url":"https:\/\/transinfo.pl\/x\/wp-content\/uploads\/2024\/04\/Pociag-Kolei-Mazowieckich-na-stacji-Warka.jpg","width":1,"height":1,"type":"image\/jpeg"}],"twitter_card":"summary_large_image","twitter_misc":{"Szacowany czas czytania":"2 minuty"},"schema":{"@context":"https:\/\/schema.org","@graph":[{"@type":"WebPage","@id":"https:\/\/transinfo.pl\/x\/inforail\/wspolny-bilet-na-pociagi-kolei-mazowieckich-i-autobusow-komunikacji-miejskiej-w-radomiu\/","url":"https:\/\/transinfo.pl\/x\/inforail\/wspolny-bilet-na-pociagi-kolei-mazowieckich-i-autobusow-komunikacji-miejskiej-w-radomiu\/","name":"Wsp\u00f3lny bilet na poci\u0105gi Kolei Mazowieckich i autobus\u00f3w komunikacji miejskiej w Radomiu - TransInfo Archiwum","isPartOf":{"@id":"https:\/\/transinfo.pl\/x\/#website"},"primaryImageOfPage":{"@id":"https:\/\/transinfo.pl\/x\/inforail\/wspolny-bilet-na-pociagi-kolei-mazowieckich-i-autobusow-komunikacji-miejskiej-w-radomiu\/#primaryimage"},"image":{"@id":"https:\/\/transinfo.pl\/x\/inforail\/wspolny-bilet-na-pociagi-kolei-mazowieckich-i-autobusow-komunikacji-miejskiej-w-radomiu\/#primaryimage"},"thumbnailUrl":"https:\/\/transinfo.pl\/x\/wp-content\/uploads\/2024\/04\/Pociag-Kolei-Mazowieckich-na-stacji-Warka.jpg","datePublished":"2024-04-08T15:45:00+00:00","dateModified":"2024-04-08T15:45:00+00:00","description":"Bilet zintegrowany z Radomiem\u00a0- to nowa oferta pozataryfowa Kolei Mazowieckich zacznie obowi\u0105zywa\u0107 od 1 czerwca 2024 roku.","breadcrumb":{"@id":"https:\/\/transinfo.pl\/x\/inforail\/wspolny-bilet-na-pociagi-kolei-mazowieckich-i-autobusow-komunikacji-miejskiej-w-radomiu\/#breadcrumb"},"inLanguage":"pl-PL","potentialAction":[{"@type":"ReadAction","target":["https:\/\/transinfo.pl\/x\/inforail\/wspolny-bilet-na-pociagi-kolei-mazowieckich-i-autobusow-komunikacji-miejskiej-w-radomiu\/"]}]},{"@type":"ImageObject","inLanguage":"pl-PL","@id":"https:\/\/transinfo.pl\/x\/inforail\/wspolny-bilet-na-pociagi-kolei-mazowieckich-i-autobusow-komunikacji-miejskiej-w-radomiu\/#primaryimage","url":"https:\/\/transinfo.pl\/x\/wp-content\/uploads\/2024\/04\/Pociag-Kolei-Mazowieckich-na-stacji-Warka.jpg","contentUrl":"https:\/\/transinfo.pl\/x\/wp-content\/uploads\/2024\/04\/Pociag-Kolei-Mazowieckich-na-stacji-Warka.jpg"},{"@type":"BreadcrumbList","@id":"https:\/\/transinfo.pl\/x\/inforail\/wspolny-bilet-na-pociagi-kolei-mazowieckich-i-autobusow-komunikacji-miejskiej-w-radomiu\/#breadcrumb","itemListElement":[{"@type":"ListItem","position":1,"name":"Home","item":"https:\/\/transinfo.pl\/x\/"},{"@type":"ListItem","position":2,"name":"Inforail","item":"https:\/\/transinfo.pl\/x\/inforail\/"},{"@type":"ListItem","position":3,"name":"Wsp\u00f3lny bilet na poci\u0105gi Kolei Mazowieckich i autobus\u00f3w komunikacji miejskiej w Radomiu"}]},{"@type":"WebSite","@id":"https:\/\/transinfo.pl\/x\/#website","url":"https:\/\/transinfo.pl\/x\/","name":"TransInfo Archiwum","description":"Ca\u0142y transport w jednym miejscu","publisher":{"@id":"https:\/\/transinfo.pl\/x\/#organization"},"potentialAction":[{"@type":"SearchAction","target":{"@type":"EntryPoint","urlTemplate":"https:\/\/transinfo.pl\/x\/?s={search_term_string}"},"query-input":{"@type":"PropertyValueSpecification","valueRequired":true,"valueName":"search_term_string"}}],"inLanguage":"pl-PL"},{"@type":"Organization","@id":"https:\/\/transinfo.pl\/x\/#organization","name":"TransInfo","url":"https:\/\/transinfo.pl\/x\/","logo":{"@type":"ImageObject","inLanguage":"pl-PL","@id":"https:\/\/transinfo.pl\/x\/#\/schema\/logo\/image\/","url":"https:\/\/transinfo.pl\/x\/wp-content\/uploads\/2024\/10\/favicon.png","contentUrl":"https:\/\/transinfo.pl\/x\/wp-content\/uploads\/2024\/10\/favicon.png","width":512,"height":512,"caption":"TransInfo"},"image":{"@id":"https:\/\/transinfo.pl\/x\/#\/schema\/logo\/image\/"}}]}},"_links":{"self":[{"href":"https:\/\/transinfo.pl\/x\/wp-json\/wp\/v2\/inforail\/267364","targetHints":{"allow":["GET"]}}],"collection":[{"href":"https:\/\/transinfo.pl\/x\/wp-json\/wp\/v2\/inforail"}],"about":[{"href":"https:\/\/transinfo.pl\/x\/wp-json\/wp\/v2\/types\/inforail"}],"author":[{"embeddable":true,"href":"https:\/\/transinfo.pl\/x\/wp-json\/wp\/v2\/users\/3"}],"replies":[{"embeddable":true,"href":"https:\/\/transinfo.pl\/x\/wp-json\/wp\/v2\/comments?post=267364"}],"wp:featuredmedia":[{"embeddable":true,"href":"https:\/\/transinfo.pl\/x\/wp-json\/wp\/v2\/media\/267365"}],"wp:attachment":[{"href":"https:\/\/transinfo.pl\/x\/wp-json\/wp\/v2\/media?parent=267364"}],"wp:term":[{"taxonomy":"category","embeddable":true,"href":"https:\/\/transinfo.pl\/x\/wp-json\/wp\/v2\/categories?post=267364"},{"taxonomy":"post_tag","embeddable":true,"href":"https:\/\/transinfo.pl\/x\/wp-json\/wp\/v2\/tags?post=267364"}],"curies":[{"name":"wp","href":"https:\/\/api.w.org\/{rel}","templated":true}]}}