{"id":267334,"date":"2024-04-08T11:45:00","date_gmt":"2024-04-08T11:45:00","guid":{"rendered":"https:\/\/transinfo.pl\/x\/inforail\/zwrot-akcji-w-rumunii-sad-uwzglednil-odwolanie-alstomu\/"},"modified":"2024-04-08T11:45:00","modified_gmt":"2024-04-08T11:45:00","slug":"zwrot-akcji-w-rumunii-sad-uwzglednil-odwolanie-alstomu","status":"publish","type":"inforail","link":"https:\/\/transinfo.pl\/x\/inforail\/zwrot-akcji-w-rumunii-sad-uwzglednil-odwolanie-alstomu\/","title":{"rendered":"Zwrot akcji w Rumunii. S\u0105d uwzgl\u0119dni\u0142 odwo\u0142anie Alstomu"},"content":{"rendered":"<style>h1,h2,h3,h4,h5,h6{margin:0 0 1.25rem;font-family:Arial,sans-serif;font-weight:600;color:#050505}h1{font-size:1.875rem;line-height:1.1em;text-transform:none}@media(min-width: 768px){h1{font-size:2.375rem}}h2{font-size:1.1875rem;line-height:1.2em;text-transform:uppercase}@media(min-width: 768px){h2{font-size:1.0625rem}}h3{font-size:0.9375rem;line-height:1.4em;font-weight:900;margin-bottom:0.9375rem}h4{font-size:0.875rem;line-height:1.2em;font-weight:500}h5{font-size:0.9375rem;line-height:1.6;font-weight:400}h6{font-size:0.9375rem;line-height:1.6;font-weight:600}\n<\/style>\n<h3 class=\"wp-block-heading\" id=\"h-umowa-podpisana-przez-rumunskie-ministerstwo-transportu-w-styczniu-2024-roku-na-dostawe-62-nowych-pociagow-zostanie-najprawdopodobniej-anulowana-podal-portal-economedia-ro\">Umowa podpisana przez rumu\u0144skie Ministerstwo Transportu w styczniu 2024 roku na dostaw\u0119 62 nowych poci\u0105g\u00f3w, zostanie najprawdopodobniej anulowana &#8211; poda\u0142 portal economedia.ro.<\/h3>\n\n\n<style>p{margin:0 0 1.5rem}p:last-child{margin:0}p.is-style-uppercase{text-transform:uppercase}p.is-style-preheading{color:#12406a;text-transform:uppercase}p.is-style-leadparagraph{font-size:1rem;line-height:1.625;font-weight:700}@media(min-width: 768px){p.is-style-leadparagraph{font-size:1.125rem;line-height:1.5555555556}}p.has-small-margin{margin-bottom:0.625rem}p.has-small-margin+h1,p.has-small-margin+h2,p.has-small-margin+h3{margin-top:1.875rem}\n<\/style>\n<p>S\u0105d Apelacyjny w Bukareszcie uwzgl\u0119dni\u0142 apelacj\u0119 Alstomu, podobnie jak mia\u0142o to miejsce w przypadku kontraktu na 20 innych poci\u0105g\u00f3w dalekobie\u017cnych.<\/p>\n\n\n\n<h2 class=\"wp-block-heading\" id=\"h-jest-werdykt-sadu\">Jest werdykt s\u0105du<\/h2>\n\n\n\n<p>Po otrzymaniu werdyktu s\u0105du Urz\u0105d ds. Reformy Kolei (ARF) podejmie decyzj\u0119 o zawieszeniu lub anulowaniu umowy. W tej chwili ARF ma podpisany kontrakt jedynie na 37 nowych poci\u0105g\u00f3w dalekobie\u017cnych Alstomu. Szacuje si\u0119, \u017ce pierwszy poci\u0105g, b\u0119d\u0105cy w fazie test\u00f3w, wejdzie do ruchu dopiero jesieni\u0105. Ministerstwo Transportu za po\u015brednictwem ARF podpisa\u0142o umow\u0119 z PESA po pozytywnej decyzji CNSC, kt\u00f3rej przepisy zobowi\u0105zuj\u0105 do udzielenia zam\u00f3wienia. To jedna z nielicznych sytuacji, w kt\u00f3rych s\u0105d nie podtrzymuje decyzji CNSC.<\/p>\n\n\n\n<p>S\u0105d Apelacyjny w Bukareszcie wyznaczy\u0142 termin na pi\u0105tek, 5 kwietnia 2024 roku, a dzi\u015b, 8 kwietnia 2024 roku, opublikowano decyzj\u0119.<\/p>\n\n\n\n<p><\/p>\n\n\n<style>.wp-block-image{margin:1.25rem 0;text-align:center}.wp-block-image figcaption{padding:0 0.9375rem;text-align:center}\n<\/style>\n<figure class=\"wp-block-image size-full\"><a href=\"https:\/\/transinfo.pl\/wp-content\/uploads\/2024\/04\/Romania_Coradia-Stream-RE-IR_ext-view-2.jpg\"><img decoding=\"async\" src=\"https:\/\/transinfo.pl\/wp-content\/uploads\/2024\/04\/Romania_Coradia-Stream-RE-IR_ext-view-2.jpg\" alt=\"Umowa podpisana przez rumu\u0144skie Ministerstwo Transportu w styczniu 2024 roku na dostaw\u0119 62 nowych poci\u0105g\u00f3w, zostanie najprawdopodobniej anulowana.\" class=\"wp-image-470532\" \/><\/a><figcaption class=\"wp-element-caption\">Alstom dostarczy poci\u0105gi dla Rumunii?\/foto: Alstom <\/figcaption><\/figure>\n\n\n\n<p><\/p>\n\n\n\n<p>Zam\u00f3wienie opr\u00f3cz dostawy pojazd\u00f3w obejmuje tak\u017ce us\u0142ugi konserwacyjne i naprawcze przez 15 lat. S\u0105 one niezb\u0119dne do eksploatacji poszczeg\u00f3lnych poci\u0105g\u00f3w. Ca\u0142kowita warto\u015b\u0107 projektu wynosi od 3 237 711 753 do 4 150 288 451 lei bez podatku VAT i jest podzielona na trzy cz\u0119\u015bci:<\/p>\n\n\n\n<p>\u25aa Cz\u0119\u015b\u0107 1 \u2013 20 regionalnych sk\u0142ad\u00f3w elektrycznych, przeznaczonych do pasa\u017cerskiego transportu kolejowego, na trasach Bukareszt N \u2013 Ploie\u0219ti S \u2013 Adjud, Ia\u0219i \u2013 Pa\u0219cani \u2013 Suceava, Bac\u0103u \u2013 Pa\u0219cani, a szacunkowa warto\u015b\u0107 wynosi od 1 044 933 546 do 1 339 0,823 526 lei bez VAT;<\/p>\n\n\n\n<p>\u25aa Cz\u0119\u015b\u0107 2 \u2013 23 regionalne pojazdy elektryczne, przeznaczone do kolejowego transportu pasa\u017cerskiego, na trasach Bra\u0219ov \u2013 Gheorgheni, Arad \u2013 Timi\u0219oara \u2013 Caransebe\u0219, Huedin \u2013 Cluj \u2013 Bistri\u021ba, a szacunkowa warto\u015b\u0107 wynosi od 1 208 571 156 do 1 554 592 210 lei bez VAT;<br><br>\u25aa Cz\u0119\u015b\u0107 3 \u2013 19 regionalnych poci\u0105g\u00f3w elektrycznych, przeznaczonych do kolejowego transportu pasa\u017cerskiego, na trasach Bukareszt N \u2013 Ploie\u0219ti V \u2013 Bra\u0219ov, Bukareszt N \u2013 Ro\u0219iori, Bukareszt N \u2013 Bucharest Obor\/Fundulea, Konstanca \u2013 Fete\u0219ti, a szacunkowa warto\u015b\u0107 wynosi od 984 207 051 do 1 255 872 715 lei, bez podatku VAT.<br><br>Czas trwania um\u00f3w dotycz\u0105cych poszczeg\u00f3lnych cz\u0119\u015bci b\u0119dzie wynosi\u0142 221-222 miesi\u0105ce. Zakupione poci\u0105gi udost\u0119pniane b\u0119d\u0105 przewo\u017anikom kolejowym, zgodnie z postanowieniami Urz\u0119du ARF.<\/p>\n\n\n\n<figure class=\"wp-block-image size-large\"><a href=\"https:\/\/transinfo.pl\/wp-content\/uploads\/2024\/04\/alstom.jpg\"><img decoding=\"async\" src=\"https:\/\/transinfo.pl\/wp-content\/uploads\/2024\/04\/alstom-1024x822.jpg\" alt=\"\" class=\"wp-image-470621\" \/><\/a><figcaption class=\"wp-element-caption\">Orzeczenie<\/figcaption><\/figure>\n","protected":false},"author":3,"featured_media":267335,"comment_status":"","ping_status":"closed","template":"","categories":[25],"tags":[1068,66,518,979],"class_list":["post-267334","inforail","type-inforail","status-publish","has-post-thumbnail","hentry","category-producenci","tag-alstom","tag-pociag","tag-przetarg","tag-rumunia"],"acf":[],"yoast_head":"<!-- This site is optimized with the Yoast SEO Premium plugin v21.8 (Yoast SEO v23.7) - https:\/\/yoast.com\/wordpress\/plugins\/seo\/ -->\n<title>Zwrot akcji w Rumunii. S\u0105d uwzgl\u0119dni\u0142 odwo\u0142anie Alstomu - TransInfo Archiwum<\/title>\n<meta name=\"description\" content=\"Umowa podpisana w styczniu 2024 roku na dostaw\u0119 62 nowych poci\u0105g\u00f3w, zostanie najprawdopodobniej anulowana. Nowa wkr\u00f3tce,\" \/>\n<meta name=\"robots\" content=\"index, follow, max-snippet:-1, max-image-preview:large, max-video-preview:-1\" \/>\n<link rel=\"canonical\" href=\"https:\/\/transinfo.pl\/x\/inforail\/zwrot-akcji-w-rumunii-sad-uwzglednil-odwolanie-alstomu\/\" \/>\n<meta property=\"og:locale\" content=\"pl_PL\" \/>\n<meta property=\"og:type\" content=\"article\" \/>\n<meta property=\"og:title\" content=\"Zwrot akcji w Rumunii. S\u0105d uwzgl\u0119dni\u0142 odwo\u0142anie Alstomu\" \/>\n<meta property=\"og:description\" content=\"Umowa podpisana w styczniu 2024 roku na dostaw\u0119 62 nowych poci\u0105g\u00f3w, zostanie najprawdopodobniej anulowana. Nowa wkr\u00f3tce,\" \/>\n<meta property=\"og:url\" content=\"https:\/\/transinfo.pl\/x\/inforail\/zwrot-akcji-w-rumunii-sad-uwzglednil-odwolanie-alstomu\/\" \/>\n<meta property=\"og:site_name\" content=\"TransInfo Archiwum\" \/>\n<meta property=\"og:image\" content=\"https:\/\/transinfo.pl\/x\/wp-content\/uploads\/2024\/04\/Romania_Coradia-Stream-RE-IR_ext-view-1.jpg\" \/>\n\t<meta property=\"og:image:width\" content=\"1\" \/>\n\t<meta property=\"og:image:height\" content=\"1\" \/>\n\t<meta property=\"og:image:type\" content=\"image\/jpeg\" \/>\n<meta name=\"twitter:card\" content=\"summary_large_image\" \/>\n<meta name=\"twitter:label1\" content=\"Szacowany czas czytania\" \/>\n\t<meta name=\"twitter:data1\" content=\"2 minuty\" \/>\n<script type=\"application\/ld+json\" class=\"yoast-schema-graph\">{\"@context\":\"https:\/\/schema.org\",\"@graph\":[{\"@type\":\"WebPage\",\"@id\":\"https:\/\/transinfo.pl\/x\/inforail\/zwrot-akcji-w-rumunii-sad-uwzglednil-odwolanie-alstomu\/\",\"url\":\"https:\/\/transinfo.pl\/x\/inforail\/zwrot-akcji-w-rumunii-sad-uwzglednil-odwolanie-alstomu\/\",\"name\":\"Zwrot akcji w Rumunii. S\u0105d uwzgl\u0119dni\u0142 odwo\u0142anie Alstomu - TransInfo Archiwum\",\"isPartOf\":{\"@id\":\"https:\/\/transinfo.pl\/x\/#website\"},\"primaryImageOfPage\":{\"@id\":\"https:\/\/transinfo.pl\/x\/inforail\/zwrot-akcji-w-rumunii-sad-uwzglednil-odwolanie-alstomu\/#primaryimage\"},\"image\":{\"@id\":\"https:\/\/transinfo.pl\/x\/inforail\/zwrot-akcji-w-rumunii-sad-uwzglednil-odwolanie-alstomu\/#primaryimage\"},\"thumbnailUrl\":\"https:\/\/transinfo.pl\/x\/wp-content\/uploads\/2024\/04\/Romania_Coradia-Stream-RE-IR_ext-view-1.jpg\",\"datePublished\":\"2024-04-08T11:45:00+00:00\",\"dateModified\":\"2024-04-08T11:45:00+00:00\",\"description\":\"Umowa podpisana w styczniu 2024 roku na dostaw\u0119 62 nowych poci\u0105g\u00f3w, zostanie najprawdopodobniej anulowana. Nowa wkr\u00f3tce,\",\"breadcrumb\":{\"@id\":\"https:\/\/transinfo.pl\/x\/inforail\/zwrot-akcji-w-rumunii-sad-uwzglednil-odwolanie-alstomu\/#breadcrumb\"},\"inLanguage\":\"pl-PL\",\"potentialAction\":[{\"@type\":\"ReadAction\",\"target\":[\"https:\/\/transinfo.pl\/x\/inforail\/zwrot-akcji-w-rumunii-sad-uwzglednil-odwolanie-alstomu\/\"]}]},{\"@type\":\"ImageObject\",\"inLanguage\":\"pl-PL\",\"@id\":\"https:\/\/transinfo.pl\/x\/inforail\/zwrot-akcji-w-rumunii-sad-uwzglednil-odwolanie-alstomu\/#primaryimage\",\"url\":\"https:\/\/transinfo.pl\/x\/wp-content\/uploads\/2024\/04\/Romania_Coradia-Stream-RE-IR_ext-view-1.jpg\",\"contentUrl\":\"https:\/\/transinfo.pl\/x\/wp-content\/uploads\/2024\/04\/Romania_Coradia-Stream-RE-IR_ext-view-1.jpg\"},{\"@type\":\"BreadcrumbList\",\"@id\":\"https:\/\/transinfo.pl\/x\/inforail\/zwrot-akcji-w-rumunii-sad-uwzglednil-odwolanie-alstomu\/#breadcrumb\",\"itemListElement\":[{\"@type\":\"ListItem\",\"position\":1,\"name\":\"Home\",\"item\":\"https:\/\/transinfo.pl\/x\/\"},{\"@type\":\"ListItem\",\"position\":2,\"name\":\"Inforail\",\"item\":\"https:\/\/transinfo.pl\/x\/inforail\/\"},{\"@type\":\"ListItem\",\"position\":3,\"name\":\"Zwrot akcji w Rumunii. S\u0105d uwzgl\u0119dni\u0142 odwo\u0142anie Alstomu\"}]},{\"@type\":\"WebSite\",\"@id\":\"https:\/\/transinfo.pl\/x\/#website\",\"url\":\"https:\/\/transinfo.pl\/x\/\",\"name\":\"TransInfo Archiwum\",\"description\":\"Ca\u0142y transport w jednym miejscu\",\"publisher\":{\"@id\":\"https:\/\/transinfo.pl\/x\/#organization\"},\"potentialAction\":[{\"@type\":\"SearchAction\",\"target\":{\"@type\":\"EntryPoint\",\"urlTemplate\":\"https:\/\/transinfo.pl\/x\/?s={search_term_string}\"},\"query-input\":{\"@type\":\"PropertyValueSpecification\",\"valueRequired\":true,\"valueName\":\"search_term_string\"}}],\"inLanguage\":\"pl-PL\"},{\"@type\":\"Organization\",\"@id\":\"https:\/\/transinfo.pl\/x\/#organization\",\"name\":\"TransInfo\",\"url\":\"https:\/\/transinfo.pl\/x\/\",\"logo\":{\"@type\":\"ImageObject\",\"inLanguage\":\"pl-PL\",\"@id\":\"https:\/\/transinfo.pl\/x\/#\/schema\/logo\/image\/\",\"url\":\"https:\/\/transinfo.pl\/x\/wp-content\/uploads\/2024\/10\/favicon.png\",\"contentUrl\":\"https:\/\/transinfo.pl\/x\/wp-content\/uploads\/2024\/10\/favicon.png\",\"width\":512,\"height\":512,\"caption\":\"TransInfo\"},\"image\":{\"@id\":\"https:\/\/transinfo.pl\/x\/#\/schema\/logo\/image\/\"}}]}<\/script>\n<!-- \/ Yoast SEO Premium plugin. -->","yoast_head_json":{"title":"Zwrot akcji w Rumunii. S\u0105d uwzgl\u0119dni\u0142 odwo\u0142anie Alstomu - TransInfo Archiwum","description":"Umowa podpisana w styczniu 2024 roku na dostaw\u0119 62 nowych poci\u0105g\u00f3w, zostanie najprawdopodobniej anulowana. Nowa wkr\u00f3tce,","robots":{"index":"index","follow":"follow","max-snippet":"max-snippet:-1","max-image-preview":"max-image-preview:large","max-video-preview":"max-video-preview:-1"},"canonical":"https:\/\/transinfo.pl\/x\/inforail\/zwrot-akcji-w-rumunii-sad-uwzglednil-odwolanie-alstomu\/","og_locale":"pl_PL","og_type":"article","og_title":"Zwrot akcji w Rumunii. S\u0105d uwzgl\u0119dni\u0142 odwo\u0142anie Alstomu","og_description":"Umowa podpisana w styczniu 2024 roku na dostaw\u0119 62 nowych poci\u0105g\u00f3w, zostanie najprawdopodobniej anulowana. Nowa wkr\u00f3tce,","og_url":"https:\/\/transinfo.pl\/x\/inforail\/zwrot-akcji-w-rumunii-sad-uwzglednil-odwolanie-alstomu\/","og_site_name":"TransInfo Archiwum","og_image":[{"url":"https:\/\/transinfo.pl\/x\/wp-content\/uploads\/2024\/04\/Romania_Coradia-Stream-RE-IR_ext-view-1.jpg","width":1,"height":1,"type":"image\/jpeg"}],"twitter_card":"summary_large_image","twitter_misc":{"Szacowany czas czytania":"2 minuty"},"schema":{"@context":"https:\/\/schema.org","@graph":[{"@type":"WebPage","@id":"https:\/\/transinfo.pl\/x\/inforail\/zwrot-akcji-w-rumunii-sad-uwzglednil-odwolanie-alstomu\/","url":"https:\/\/transinfo.pl\/x\/inforail\/zwrot-akcji-w-rumunii-sad-uwzglednil-odwolanie-alstomu\/","name":"Zwrot akcji w Rumunii. S\u0105d uwzgl\u0119dni\u0142 odwo\u0142anie Alstomu - TransInfo Archiwum","isPartOf":{"@id":"https:\/\/transinfo.pl\/x\/#website"},"primaryImageOfPage":{"@id":"https:\/\/transinfo.pl\/x\/inforail\/zwrot-akcji-w-rumunii-sad-uwzglednil-odwolanie-alstomu\/#primaryimage"},"image":{"@id":"https:\/\/transinfo.pl\/x\/inforail\/zwrot-akcji-w-rumunii-sad-uwzglednil-odwolanie-alstomu\/#primaryimage"},"thumbnailUrl":"https:\/\/transinfo.pl\/x\/wp-content\/uploads\/2024\/04\/Romania_Coradia-Stream-RE-IR_ext-view-1.jpg","datePublished":"2024-04-08T11:45:00+00:00","dateModified":"2024-04-08T11:45:00+00:00","description":"Umowa podpisana w styczniu 2024 roku na dostaw\u0119 62 nowych poci\u0105g\u00f3w, zostanie najprawdopodobniej anulowana. Nowa wkr\u00f3tce,","breadcrumb":{"@id":"https:\/\/transinfo.pl\/x\/inforail\/zwrot-akcji-w-rumunii-sad-uwzglednil-odwolanie-alstomu\/#breadcrumb"},"inLanguage":"pl-PL","potentialAction":[{"@type":"ReadAction","target":["https:\/\/transinfo.pl\/x\/inforail\/zwrot-akcji-w-rumunii-sad-uwzglednil-odwolanie-alstomu\/"]}]},{"@type":"ImageObject","inLanguage":"pl-PL","@id":"https:\/\/transinfo.pl\/x\/inforail\/zwrot-akcji-w-rumunii-sad-uwzglednil-odwolanie-alstomu\/#primaryimage","url":"https:\/\/transinfo.pl\/x\/wp-content\/uploads\/2024\/04\/Romania_Coradia-Stream-RE-IR_ext-view-1.jpg","contentUrl":"https:\/\/transinfo.pl\/x\/wp-content\/uploads\/2024\/04\/Romania_Coradia-Stream-RE-IR_ext-view-1.jpg"},{"@type":"BreadcrumbList","@id":"https:\/\/transinfo.pl\/x\/inforail\/zwrot-akcji-w-rumunii-sad-uwzglednil-odwolanie-alstomu\/#breadcrumb","itemListElement":[{"@type":"ListItem","position":1,"name":"Home","item":"https:\/\/transinfo.pl\/x\/"},{"@type":"ListItem","position":2,"name":"Inforail","item":"https:\/\/transinfo.pl\/x\/inforail\/"},{"@type":"ListItem","position":3,"name":"Zwrot akcji w Rumunii. S\u0105d uwzgl\u0119dni\u0142 odwo\u0142anie Alstomu"}]},{"@type":"WebSite","@id":"https:\/\/transinfo.pl\/x\/#website","url":"https:\/\/transinfo.pl\/x\/","name":"TransInfo Archiwum","description":"Ca\u0142y transport w jednym miejscu","publisher":{"@id":"https:\/\/transinfo.pl\/x\/#organization"},"potentialAction":[{"@type":"SearchAction","target":{"@type":"EntryPoint","urlTemplate":"https:\/\/transinfo.pl\/x\/?s={search_term_string}"},"query-input":{"@type":"PropertyValueSpecification","valueRequired":true,"valueName":"search_term_string"}}],"inLanguage":"pl-PL"},{"@type":"Organization","@id":"https:\/\/transinfo.pl\/x\/#organization","name":"TransInfo","url":"https:\/\/transinfo.pl\/x\/","logo":{"@type":"ImageObject","inLanguage":"pl-PL","@id":"https:\/\/transinfo.pl\/x\/#\/schema\/logo\/image\/","url":"https:\/\/transinfo.pl\/x\/wp-content\/uploads\/2024\/10\/favicon.png","contentUrl":"https:\/\/transinfo.pl\/x\/wp-content\/uploads\/2024\/10\/favicon.png","width":512,"height":512,"caption":"TransInfo"},"image":{"@id":"https:\/\/transinfo.pl\/x\/#\/schema\/logo\/image\/"}}]}},"_links":{"self":[{"href":"https:\/\/transinfo.pl\/x\/wp-json\/wp\/v2\/inforail\/267334","targetHints":{"allow":["GET"]}}],"collection":[{"href":"https:\/\/transinfo.pl\/x\/wp-json\/wp\/v2\/inforail"}],"about":[{"href":"https:\/\/transinfo.pl\/x\/wp-json\/wp\/v2\/types\/inforail"}],"author":[{"embeddable":true,"href":"https:\/\/transinfo.pl\/x\/wp-json\/wp\/v2\/users\/3"}],"replies":[{"embeddable":true,"href":"https:\/\/transinfo.pl\/x\/wp-json\/wp\/v2\/comments?post=267334"}],"wp:featuredmedia":[{"embeddable":true,"href":"https:\/\/transinfo.pl\/x\/wp-json\/wp\/v2\/media\/267335"}],"wp:attachment":[{"href":"https:\/\/transinfo.pl\/x\/wp-json\/wp\/v2\/media?parent=267334"}],"wp:term":[{"taxonomy":"category","embeddable":true,"href":"https:\/\/transinfo.pl\/x\/wp-json\/wp\/v2\/categories?post=267334"},{"taxonomy":"post_tag","embeddable":true,"href":"https:\/\/transinfo.pl\/x\/wp-json\/wp\/v2\/tags?post=267334"}],"curies":[{"name":"wp","href":"https:\/\/api.w.org\/{rel}","templated":true}]}}