{"id":267324,"date":"2024-04-08T10:45:00","date_gmt":"2024-04-08T10:45:00","guid":{"rendered":"https:\/\/transinfo.pl\/x\/inforail\/jasna-deklaracja-mi-w-sprawie-pociagow-z-polski-do-chorwacji\/"},"modified":"2024-04-08T10:45:00","modified_gmt":"2024-04-08T10:45:00","slug":"jasna-deklaracja-mi-w-sprawie-pociagow-z-polski-do-chorwacji","status":"publish","type":"inforail","link":"https:\/\/transinfo.pl\/x\/inforail\/jasna-deklaracja-mi-w-sprawie-pociagow-z-polski-do-chorwacji\/","title":{"rendered":"Jasna deklaracja MI w sprawie poci\u0105g\u00f3w z Polski do Chorwacji"},"content":{"rendered":"<style>h1,h2,h3,h4,h5,h6{margin:0 0 1.25rem;font-family:Arial,sans-serif;font-weight:600;color:#050505}h1{font-size:1.875rem;line-height:1.1em;text-transform:none}@media(min-width: 768px){h1{font-size:2.375rem}}h2{font-size:1.1875rem;line-height:1.2em;text-transform:uppercase}@media(min-width: 768px){h2{font-size:1.0625rem}}h3{font-size:0.9375rem;line-height:1.4em;font-weight:900;margin-bottom:0.9375rem}h4{font-size:0.875rem;line-height:1.2em;font-weight:500}h5{font-size:0.9375rem;line-height:1.6;font-weight:400}h6{font-size:0.9375rem;line-height:1.6;font-weight:600}\n<\/style>\n<h3 class=\"wp-block-heading\" id=\"h-ministerstwo-infrastruktury-nie-prowadzi-prac-zwiazanych-z-rozszerzeniem-siatki-polaczen-dalekobieznych-w-kierunku-poludniowej-europy-poinformowal-w-odpowiedzi-na-interpelacje-poselska-wiceminister-piotr-malepszak\">Ministerstwo Infrastruktury nie prowadzi prac zwi\u0105zanych z rozszerzeniem siatki po\u0142\u0105cze\u0144 dalekobie\u017cnych w kierunku po\u0142udniowej Europy \u2013 poinformowa\u0142 w odpowiedzi na interpelacj\u0119 poselsk\u0105 wiceminister Piotr Malepszak.<\/h3>\n\n\n<style>p{margin:0 0 1.5rem}p:last-child{margin:0}p.is-style-uppercase{text-transform:uppercase}p.is-style-preheading{color:#12406a;text-transform:uppercase}p.is-style-leadparagraph{font-size:1rem;line-height:1.625;font-weight:700}@media(min-width: 768px){p.is-style-leadparagraph{font-size:1.125rem;line-height:1.5555555556}}p.has-small-margin{margin-bottom:0.625rem}p.has-small-margin+h1,p.has-small-margin+h2,p.has-small-margin+h3{margin-top:1.875rem}\n<\/style>\n<p>Dlatego uruchomienie po\u0142\u0105czenia mi\u0119dzy Polsk\u0105 i Chorwacj\u0105 od rozk\u0142adu jazdy poci\u0105g\u00f3w edycji 2024\/25 nie jest mo\u017cliwe &#8211; doda\u0142.<\/p>\n\n\n\n<h2 class=\"wp-block-heading\" id=\"h-brak-mozliwosci-uruchamiania-pociagow\">Brak mo\u017cliwo\u015bci uruchamiania poci\u0105g\u00f3w<\/h2>\n\n\n\n<p>Wiceminister wyja\u015bni\u0142, \u017ce na forum mi\u0119dzynarodowym przewo\u017anik PKP Intercity S.A. wielokrotnie podejmowa\u0142 z kolejami zagranicznymi temat uruchomienia omawianego po\u0142\u0105czenia. Jednak podczas prowadzonych rozm\u00f3w nie uda\u0142o si\u0119 uzyska\u0107 zgody wszystkich stron bior\u0105cych w nich udzia\u0142. Uruchomienie takiego po\u0142\u0105czenia jest niezwykle skomplikowane, poniewa\u017c wymaga porozumienia mi\u0119dzy wieloma przewo\u017anikami kolejowymi, zar\u00f3wno pod wzgl\u0119dem rozk\u0142adu jazdy, aspekt\u00f3w technicznych, jak r\u00f3wnie\u017c w kwestiach taryfowo-cenowych. Strona chorwacka gotowa jest do wsp\u00f3\u0142pracy wy\u0142\u0105cznie na warunkach komercyjnych, tj. bez partycypowania w ryzyku finansowym projektu uruchomienia takiego poci\u0105gu. Brak mo\u017cliwo\u015bci uj\u0119cia przedmiotowego po\u0142\u0105czenia (w przypadku uruchomienia jako nowego poci\u0105gu) w umowach o \u015bwiadczenie us\u0142ug publicznych, a tak\u017ce brak mo\u017cliwo\u015bci uruchomienia w trybie otwartego dost\u0119pu (zgodnie z przepisami unijnymi) podaje pod w\u0105tpliwo\u015b\u0107 sens uruchamiania takiego poci\u0105gu. W przypadku braku synchronizacji z krajowym rozk\u0142adem jazdy ka\u017cdego z pa\u0144stw na trasie przejazdu poci\u0105g taki musia\u0142by kursowa\u0107 komercyjnie na pe\u0142ne ryzyko strony polskiej \u2013 stwierdzi\u0142 Piotr Malepszak.<\/p>\n\n\n\n<p><\/p>\n\n\n<style>.wp-block-image{margin:1.25rem 0;text-align:center}.wp-block-image figcaption{padding:0 0.9375rem;text-align:center}\n<\/style>\n<figure class=\"wp-block-image size-full\"><a href=\"https:\/\/transinfo.pl\/wp-content\/uploads\/2024\/04\/obb-chorwcaja.jpg\"><img decoding=\"async\" src=\"https:\/\/transinfo.pl\/wp-content\/uploads\/2024\/04\/obb-chorwcaja.jpg\" alt=\"Ministerstwo Infrastruktury nie prowadzi prac zwi\u0105zanych z rozszerzeniem siatki po\u0142\u0105cze\u0144 dalekobie\u017cnych w kierunku po\u0142udniowej Europy \u2013 poinformowa\u0142 w odpowiedzi na interpelacj\u0119 poselsk\u0105 wiceminister Piotr Malepszak.\" class=\"wp-image-470492\" \/><\/a><figcaption class=\"wp-element-caption\">Poci\u0105g ZSSK do Chorwacji<\/figcaption><\/figure>\n\n\n\n<p><\/p>\n\n\n\n<p>Dalej wskaza\u0142, \u017ce poza wymienionymi wcze\u015bniej czynnikami ze wzgl\u0119du na ograniczenia ruchowe i infrastrukturalne nie wyst\u0119puje obecnie mo\u017cliwo\u015b\u0107 uruchomienia przedmiotowego po\u0142\u0105czenia w porozumienia z Kolejami S\u0142owackimi lub Austriackimi. Z powodu ogranicze\u0144 dotycz\u0105cych d\u0142ugo\u015bci i masy brutto poci\u0105g\u00f3w na g\u00f3rskim odcinku linii kolejowej z Ogulina do Splitu nie ma mo\u017cliwo\u015bci doczepienia dodatkowych wagon\u00f3w z Polski do istniej\u0105cych poci\u0105g\u00f3w do Splitu. Jest to wykonalne w przypadku u\u017cycia dodatkowej lokomotywy spalinowej, kt\u00f3rej dost\u0119pno\u015bci koleje chorwackie nie potwierdzi\u0142y.<\/p>\n\n\n\n<p>Drugim powodem potwierdzaj\u0105cych nierealno\u015b\u0107 uruchomienia po\u0142\u0105cze\u0144 jest brak mo\u017cliwo\u015bci wykonania manewr\u00f3w w stacji Wien Hauptbahnhof i problem cz\u0119stych op\u00f3\u017anie\u0144 poci\u0105g\u00f3w z Czech i Polski w Austrii, kt\u00f3re mia\u0142yby wp\u0142yw w przypadku ewentualnego po\u0142\u0105czenia poci\u0105gu Polska \u2013 Austria z poci\u0105giem z Austrii do Chorwacji.<\/p>\n","protected":false},"author":3,"featured_media":267325,"comment_status":"","ping_status":"closed","template":"","categories":[28],"tags":[798,8680,72,22666,29,66],"class_list":["post-267324","inforail","type-inforail","status-publish","has-post-thumbnail","hentry","category-pasazer","tag-chorwacja","tag-koleje","tag-ministerstwo-infrastruktury","tag-piotr-malepszak","tag-pkp-intercity","tag-pociag"],"acf":[],"yoast_head":"<!-- This site is optimized with the Yoast SEO Premium plugin v21.8 (Yoast SEO v23.7) - https:\/\/yoast.com\/wordpress\/plugins\/seo\/ -->\n<title>Jasna deklaracja MI w sprawie poci\u0105g\u00f3w z Polski do Chorwacji - TransInfo Archiwum<\/title>\n<meta name=\"description\" content=\"Ministerstwo Infrastruktury nie prowadzi prac zwi\u0105zanych z rozszerzeniem siatki po\u0142\u0105cze\u0144 dalekobie\u017cnych w kierunku po\u0142udniowej Europy.\" \/>\n<meta name=\"robots\" content=\"index, follow, max-snippet:-1, max-image-preview:large, max-video-preview:-1\" \/>\n<link rel=\"canonical\" href=\"https:\/\/transinfo.pl\/x\/inforail\/jasna-deklaracja-mi-w-sprawie-pociagow-z-polski-do-chorwacji\/\" \/>\n<meta property=\"og:locale\" content=\"pl_PL\" \/>\n<meta property=\"og:type\" content=\"article\" \/>\n<meta property=\"og:title\" content=\"Jasna deklaracja MI w sprawie poci\u0105g\u00f3w z Polski do Chorwacji\" \/>\n<meta property=\"og:description\" content=\"Ministerstwo Infrastruktury nie prowadzi prac zwi\u0105zanych z rozszerzeniem siatki po\u0142\u0105cze\u0144 dalekobie\u017cnych w kierunku po\u0142udniowej Europy.\" \/>\n<meta property=\"og:url\" content=\"https:\/\/transinfo.pl\/x\/inforail\/jasna-deklaracja-mi-w-sprawie-pociagow-z-polski-do-chorwacji\/\" \/>\n<meta property=\"og:site_name\" content=\"TransInfo Archiwum\" \/>\n<meta property=\"og:image\" content=\"https:\/\/transinfo.pl\/x\/wp-content\/uploads\/2024\/04\/Vectron-CARGOUNIT-na-trasie-Warszawa-Berlin-zdjecie-Marcin-Bolek-1024x748-1.jpg\" \/>\n\t<meta property=\"og:image:width\" content=\"1\" \/>\n\t<meta property=\"og:image:height\" content=\"1\" \/>\n\t<meta property=\"og:image:type\" content=\"image\/jpeg\" \/>\n<meta name=\"twitter:card\" content=\"summary_large_image\" \/>\n<meta name=\"twitter:label1\" content=\"Szacowany czas czytania\" \/>\n\t<meta name=\"twitter:data1\" content=\"2 minuty\" \/>\n<script type=\"application\/ld+json\" class=\"yoast-schema-graph\">{\"@context\":\"https:\/\/schema.org\",\"@graph\":[{\"@type\":\"WebPage\",\"@id\":\"https:\/\/transinfo.pl\/x\/inforail\/jasna-deklaracja-mi-w-sprawie-pociagow-z-polski-do-chorwacji\/\",\"url\":\"https:\/\/transinfo.pl\/x\/inforail\/jasna-deklaracja-mi-w-sprawie-pociagow-z-polski-do-chorwacji\/\",\"name\":\"Jasna deklaracja MI w sprawie poci\u0105g\u00f3w z Polski do Chorwacji - TransInfo Archiwum\",\"isPartOf\":{\"@id\":\"https:\/\/transinfo.pl\/x\/#website\"},\"primaryImageOfPage\":{\"@id\":\"https:\/\/transinfo.pl\/x\/inforail\/jasna-deklaracja-mi-w-sprawie-pociagow-z-polski-do-chorwacji\/#primaryimage\"},\"image\":{\"@id\":\"https:\/\/transinfo.pl\/x\/inforail\/jasna-deklaracja-mi-w-sprawie-pociagow-z-polski-do-chorwacji\/#primaryimage\"},\"thumbnailUrl\":\"https:\/\/transinfo.pl\/x\/wp-content\/uploads\/2024\/04\/Vectron-CARGOUNIT-na-trasie-Warszawa-Berlin-zdjecie-Marcin-Bolek-1024x748-1.jpg\",\"datePublished\":\"2024-04-08T10:45:00+00:00\",\"dateModified\":\"2024-04-08T10:45:00+00:00\",\"description\":\"Ministerstwo Infrastruktury nie prowadzi prac zwi\u0105zanych z rozszerzeniem siatki po\u0142\u0105cze\u0144 dalekobie\u017cnych w kierunku po\u0142udniowej Europy.\",\"breadcrumb\":{\"@id\":\"https:\/\/transinfo.pl\/x\/inforail\/jasna-deklaracja-mi-w-sprawie-pociagow-z-polski-do-chorwacji\/#breadcrumb\"},\"inLanguage\":\"pl-PL\",\"potentialAction\":[{\"@type\":\"ReadAction\",\"target\":[\"https:\/\/transinfo.pl\/x\/inforail\/jasna-deklaracja-mi-w-sprawie-pociagow-z-polski-do-chorwacji\/\"]}]},{\"@type\":\"ImageObject\",\"inLanguage\":\"pl-PL\",\"@id\":\"https:\/\/transinfo.pl\/x\/inforail\/jasna-deklaracja-mi-w-sprawie-pociagow-z-polski-do-chorwacji\/#primaryimage\",\"url\":\"https:\/\/transinfo.pl\/x\/wp-content\/uploads\/2024\/04\/Vectron-CARGOUNIT-na-trasie-Warszawa-Berlin-zdjecie-Marcin-Bolek-1024x748-1.jpg\",\"contentUrl\":\"https:\/\/transinfo.pl\/x\/wp-content\/uploads\/2024\/04\/Vectron-CARGOUNIT-na-trasie-Warszawa-Berlin-zdjecie-Marcin-Bolek-1024x748-1.jpg\"},{\"@type\":\"BreadcrumbList\",\"@id\":\"https:\/\/transinfo.pl\/x\/inforail\/jasna-deklaracja-mi-w-sprawie-pociagow-z-polski-do-chorwacji\/#breadcrumb\",\"itemListElement\":[{\"@type\":\"ListItem\",\"position\":1,\"name\":\"Home\",\"item\":\"https:\/\/transinfo.pl\/x\/\"},{\"@type\":\"ListItem\",\"position\":2,\"name\":\"Inforail\",\"item\":\"https:\/\/transinfo.pl\/x\/inforail\/\"},{\"@type\":\"ListItem\",\"position\":3,\"name\":\"Jasna deklaracja MI w sprawie poci\u0105g\u00f3w z Polski do Chorwacji\"}]},{\"@type\":\"WebSite\",\"@id\":\"https:\/\/transinfo.pl\/x\/#website\",\"url\":\"https:\/\/transinfo.pl\/x\/\",\"name\":\"TransInfo Archiwum\",\"description\":\"Ca\u0142y transport w jednym miejscu\",\"publisher\":{\"@id\":\"https:\/\/transinfo.pl\/x\/#organization\"},\"potentialAction\":[{\"@type\":\"SearchAction\",\"target\":{\"@type\":\"EntryPoint\",\"urlTemplate\":\"https:\/\/transinfo.pl\/x\/?s={search_term_string}\"},\"query-input\":{\"@type\":\"PropertyValueSpecification\",\"valueRequired\":true,\"valueName\":\"search_term_string\"}}],\"inLanguage\":\"pl-PL\"},{\"@type\":\"Organization\",\"@id\":\"https:\/\/transinfo.pl\/x\/#organization\",\"name\":\"TransInfo\",\"url\":\"https:\/\/transinfo.pl\/x\/\",\"logo\":{\"@type\":\"ImageObject\",\"inLanguage\":\"pl-PL\",\"@id\":\"https:\/\/transinfo.pl\/x\/#\/schema\/logo\/image\/\",\"url\":\"https:\/\/transinfo.pl\/x\/wp-content\/uploads\/2024\/10\/favicon.png\",\"contentUrl\":\"https:\/\/transinfo.pl\/x\/wp-content\/uploads\/2024\/10\/favicon.png\",\"width\":512,\"height\":512,\"caption\":\"TransInfo\"},\"image\":{\"@id\":\"https:\/\/transinfo.pl\/x\/#\/schema\/logo\/image\/\"}}]}<\/script>\n<!-- \/ Yoast SEO Premium plugin. -->","yoast_head_json":{"title":"Jasna deklaracja MI w sprawie poci\u0105g\u00f3w z Polski do Chorwacji - TransInfo Archiwum","description":"Ministerstwo Infrastruktury nie prowadzi prac zwi\u0105zanych z rozszerzeniem siatki po\u0142\u0105cze\u0144 dalekobie\u017cnych w kierunku po\u0142udniowej Europy.","robots":{"index":"index","follow":"follow","max-snippet":"max-snippet:-1","max-image-preview":"max-image-preview:large","max-video-preview":"max-video-preview:-1"},"canonical":"https:\/\/transinfo.pl\/x\/inforail\/jasna-deklaracja-mi-w-sprawie-pociagow-z-polski-do-chorwacji\/","og_locale":"pl_PL","og_type":"article","og_title":"Jasna deklaracja MI w sprawie poci\u0105g\u00f3w z Polski do Chorwacji","og_description":"Ministerstwo Infrastruktury nie prowadzi prac zwi\u0105zanych z rozszerzeniem siatki po\u0142\u0105cze\u0144 dalekobie\u017cnych w kierunku po\u0142udniowej Europy.","og_url":"https:\/\/transinfo.pl\/x\/inforail\/jasna-deklaracja-mi-w-sprawie-pociagow-z-polski-do-chorwacji\/","og_site_name":"TransInfo Archiwum","og_image":[{"url":"https:\/\/transinfo.pl\/x\/wp-content\/uploads\/2024\/04\/Vectron-CARGOUNIT-na-trasie-Warszawa-Berlin-zdjecie-Marcin-Bolek-1024x748-1.jpg","width":1,"height":1,"type":"image\/jpeg"}],"twitter_card":"summary_large_image","twitter_misc":{"Szacowany czas czytania":"2 minuty"},"schema":{"@context":"https:\/\/schema.org","@graph":[{"@type":"WebPage","@id":"https:\/\/transinfo.pl\/x\/inforail\/jasna-deklaracja-mi-w-sprawie-pociagow-z-polski-do-chorwacji\/","url":"https:\/\/transinfo.pl\/x\/inforail\/jasna-deklaracja-mi-w-sprawie-pociagow-z-polski-do-chorwacji\/","name":"Jasna deklaracja MI w sprawie poci\u0105g\u00f3w z Polski do Chorwacji - TransInfo Archiwum","isPartOf":{"@id":"https:\/\/transinfo.pl\/x\/#website"},"primaryImageOfPage":{"@id":"https:\/\/transinfo.pl\/x\/inforail\/jasna-deklaracja-mi-w-sprawie-pociagow-z-polski-do-chorwacji\/#primaryimage"},"image":{"@id":"https:\/\/transinfo.pl\/x\/inforail\/jasna-deklaracja-mi-w-sprawie-pociagow-z-polski-do-chorwacji\/#primaryimage"},"thumbnailUrl":"https:\/\/transinfo.pl\/x\/wp-content\/uploads\/2024\/04\/Vectron-CARGOUNIT-na-trasie-Warszawa-Berlin-zdjecie-Marcin-Bolek-1024x748-1.jpg","datePublished":"2024-04-08T10:45:00+00:00","dateModified":"2024-04-08T10:45:00+00:00","description":"Ministerstwo Infrastruktury nie prowadzi prac zwi\u0105zanych z rozszerzeniem siatki po\u0142\u0105cze\u0144 dalekobie\u017cnych w kierunku po\u0142udniowej Europy.","breadcrumb":{"@id":"https:\/\/transinfo.pl\/x\/inforail\/jasna-deklaracja-mi-w-sprawie-pociagow-z-polski-do-chorwacji\/#breadcrumb"},"inLanguage":"pl-PL","potentialAction":[{"@type":"ReadAction","target":["https:\/\/transinfo.pl\/x\/inforail\/jasna-deklaracja-mi-w-sprawie-pociagow-z-polski-do-chorwacji\/"]}]},{"@type":"ImageObject","inLanguage":"pl-PL","@id":"https:\/\/transinfo.pl\/x\/inforail\/jasna-deklaracja-mi-w-sprawie-pociagow-z-polski-do-chorwacji\/#primaryimage","url":"https:\/\/transinfo.pl\/x\/wp-content\/uploads\/2024\/04\/Vectron-CARGOUNIT-na-trasie-Warszawa-Berlin-zdjecie-Marcin-Bolek-1024x748-1.jpg","contentUrl":"https:\/\/transinfo.pl\/x\/wp-content\/uploads\/2024\/04\/Vectron-CARGOUNIT-na-trasie-Warszawa-Berlin-zdjecie-Marcin-Bolek-1024x748-1.jpg"},{"@type":"BreadcrumbList","@id":"https:\/\/transinfo.pl\/x\/inforail\/jasna-deklaracja-mi-w-sprawie-pociagow-z-polski-do-chorwacji\/#breadcrumb","itemListElement":[{"@type":"ListItem","position":1,"name":"Home","item":"https:\/\/transinfo.pl\/x\/"},{"@type":"ListItem","position":2,"name":"Inforail","item":"https:\/\/transinfo.pl\/x\/inforail\/"},{"@type":"ListItem","position":3,"name":"Jasna deklaracja MI w sprawie poci\u0105g\u00f3w z Polski do Chorwacji"}]},{"@type":"WebSite","@id":"https:\/\/transinfo.pl\/x\/#website","url":"https:\/\/transinfo.pl\/x\/","name":"TransInfo Archiwum","description":"Ca\u0142y transport w jednym miejscu","publisher":{"@id":"https:\/\/transinfo.pl\/x\/#organization"},"potentialAction":[{"@type":"SearchAction","target":{"@type":"EntryPoint","urlTemplate":"https:\/\/transinfo.pl\/x\/?s={search_term_string}"},"query-input":{"@type":"PropertyValueSpecification","valueRequired":true,"valueName":"search_term_string"}}],"inLanguage":"pl-PL"},{"@type":"Organization","@id":"https:\/\/transinfo.pl\/x\/#organization","name":"TransInfo","url":"https:\/\/transinfo.pl\/x\/","logo":{"@type":"ImageObject","inLanguage":"pl-PL","@id":"https:\/\/transinfo.pl\/x\/#\/schema\/logo\/image\/","url":"https:\/\/transinfo.pl\/x\/wp-content\/uploads\/2024\/10\/favicon.png","contentUrl":"https:\/\/transinfo.pl\/x\/wp-content\/uploads\/2024\/10\/favicon.png","width":512,"height":512,"caption":"TransInfo"},"image":{"@id":"https:\/\/transinfo.pl\/x\/#\/schema\/logo\/image\/"}}]}},"_links":{"self":[{"href":"https:\/\/transinfo.pl\/x\/wp-json\/wp\/v2\/inforail\/267324","targetHints":{"allow":["GET"]}}],"collection":[{"href":"https:\/\/transinfo.pl\/x\/wp-json\/wp\/v2\/inforail"}],"about":[{"href":"https:\/\/transinfo.pl\/x\/wp-json\/wp\/v2\/types\/inforail"}],"author":[{"embeddable":true,"href":"https:\/\/transinfo.pl\/x\/wp-json\/wp\/v2\/users\/3"}],"replies":[{"embeddable":true,"href":"https:\/\/transinfo.pl\/x\/wp-json\/wp\/v2\/comments?post=267324"}],"wp:featuredmedia":[{"embeddable":true,"href":"https:\/\/transinfo.pl\/x\/wp-json\/wp\/v2\/media\/267325"}],"wp:attachment":[{"href":"https:\/\/transinfo.pl\/x\/wp-json\/wp\/v2\/media?parent=267324"}],"wp:term":[{"taxonomy":"category","embeddable":true,"href":"https:\/\/transinfo.pl\/x\/wp-json\/wp\/v2\/categories?post=267324"},{"taxonomy":"post_tag","embeddable":true,"href":"https:\/\/transinfo.pl\/x\/wp-json\/wp\/v2\/tags?post=267324"}],"curies":[{"name":"wp","href":"https:\/\/api.w.org\/{rel}","templated":true}]}}