{"id":267224,"date":"2024-04-04T15:45:00","date_gmt":"2024-04-04T15:45:00","guid":{"rendered":"https:\/\/transinfo.pl\/x\/inforail\/beda-nowe-parkingi-przy-mazowieckich-stacjach-kolejowych\/"},"modified":"2024-04-04T15:45:00","modified_gmt":"2024-04-04T15:45:00","slug":"beda-nowe-parkingi-przy-mazowieckich-stacjach-kolejowych","status":"publish","type":"inforail","link":"https:\/\/transinfo.pl\/x\/inforail\/beda-nowe-parkingi-przy-mazowieckich-stacjach-kolejowych\/","title":{"rendered":"B\u0119d\u0105 nowe parkingi przy mazowieckich stacjach kolejowych"},"content":{"rendered":"<style>h1,h2,h3,h4,h5,h6{margin:0 0 1.25rem;font-family:Arial,sans-serif;font-weight:600;color:#050505}h1{font-size:1.875rem;line-height:1.1em;text-transform:none}@media(min-width: 768px){h1{font-size:2.375rem}}h2{font-size:1.1875rem;line-height:1.2em;text-transform:uppercase}@media(min-width: 768px){h2{font-size:1.0625rem}}h3{font-size:0.9375rem;line-height:1.4em;font-weight:900;margin-bottom:0.9375rem}h4{font-size:0.875rem;line-height:1.2em;font-weight:500}h5{font-size:0.9375rem;line-height:1.6;font-weight:400}h6{font-size:0.9375rem;line-height:1.6;font-weight:600}\n<\/style>\n<h3 class=\"wp-block-heading\" id=\"h-mieszkancy-ciechanowa-mlawy-oraz-malkini-gornej-zyskaja-mozliwosc-dogodnego-laczenia-podrozy-samochodem-i-koleja\"><strong>Mieszka\u0144cy Ciechanowa, M\u0142awy\u00a0oraz Ma\u0142kini G\u00f3rnej\u00a0zyskaj\u0105 mo\u017cliwo\u015b\u0107 dogodnego \u0142\u0105czenia podr\u00f3\u017cy samochodem i kolej\u0105. <\/strong><\/h3>\n\n\n<style>p{margin:0 0 1.5rem}p:last-child{margin:0}p.is-style-uppercase{text-transform:uppercase}p.is-style-preheading{color:#12406a;text-transform:uppercase}p.is-style-leadparagraph{font-size:1rem;line-height:1.625;font-weight:700}@media(min-width: 768px){p.is-style-leadparagraph{font-size:1.125rem;line-height:1.5555555556}}p.has-small-margin{margin-bottom:0.625rem}p.has-small-margin+h1,p.has-small-margin+h2,p.has-small-margin+h3{margin-top:1.875rem}\n<\/style>\n<p>PKP Polskie Linie Kolejowe S.A. og\u0142osi\u0142y przetargi na budow\u0119 nowych parking\u00f3w przy stacjach, zapewniaj\u0105c tym samym wygodne przesiadki do poci\u0105g\u00f3w. Inwestycja b\u0119dzie zrealizowana w ramach \u201eRz\u0105dowego programu budowy lub modernizacji przystank\u00f3w kolejowych na lata 2021 \u2013 2025\u201d.<\/p>\n\n\n\n<h2 class=\"wp-block-heading\" id=\"h-lokalizacje-parkingow\">Lokalizacje parking\u00f3w<\/h2>\n\n\n\n<p>Przy stacji Ciechan\u00f3w od strony ul. Sienkiewicza powstanie 48 miejsc postojowych, w tym 3 miejsca dla os\u00f3b z ograniczon\u0105 mo\u017cliwo\u015bci\u0105 poruszania si\u0119. W&nbsp;M\u0142awie przy ul. Dworcowej przewidziano 74 miejsca postojowe, w tym 4 dla os\u00f3b z ograniczon\u0105 mo\u017cliwo\u015bci\u0105 poruszania si\u0119.&nbsp;Oba parkingi zostan\u0105 o\u015bwietlone latarniami dzia\u0142aj\u0105cymi w energooszcz\u0119dnej technologii LED.&nbsp;Podr\u00f3\u017cni b\u0119d\u0105 mogli skorzysta\u0107 z parking\u00f3w w 2025 roku. Zapewni\u0105 one dogodne przesiadki na poci\u0105gi jad\u0105ce w kierunku Warszawy i Gda\u0144ska.<\/p>\n\n\n\n<p>W s\u0105siedztwie stacji Ma\u0142kinia na linii Warszawa &#8211; Bia\u0142ystok zaplanowano budow\u0119 parkingu w rejonie ul. 1 Maja. Powstanie 86 miejsc postojowych, w tym 4 dla os\u00f3b o ograniczonej mo\u017cliwo\u015bci poruszania si\u0119. Teren, tak\u017ce obecnie wykorzystywany przez mieszka\u0144c\u00f3w do parkowania, zostanie uporz\u0105dkowany, zyska utwardzon\u0105 nawierzchni\u0119 i odwodnienie, b\u0119dzie te\u017c o\u015bwietlony lampami LED. Dzi\u0119ki wi\u0119kszej liczbie dost\u0119pnych miejsc parkingowych, mieszka\u0144cy doje\u017cd\u017caj\u0105cy na co dzie\u0144 do pracy i szko\u0142y \u0142atwiej przesi\u0105d\u0105 si\u0119 z samochod\u00f3w do poci\u0105g\u00f3w. Udost\u0119pnienie parking\u00f3w planowane jest do ko\u0144ca roku.<\/p>\n\n\n\n<p>Budowa miejsc postojowych realizowana jest w ramach \u201eRz\u0105dowego programu budowy lub modernizacji przystank\u00f3w kolejowych na lata 2021 \u2013 2025\u201d<strong>.\u00a0<\/strong>Po zako\u0144czeniu prac PKP Polskie Linie Kolejowe S.A. przeka\u017c\u0105 parkingi sp\u00f3\u0142ce PKP S.A., kt\u00f3ra b\u0119dzie odpowiedzialna za ich zarz\u0105dzanie i utrzymanie.<\/p>\n\n\n\n<p><\/p>\n\n\n<style>.wp-block-image{margin:1.25rem 0;text-align:center}.wp-block-image figcaption{padding:0 0.9375rem;text-align:center}\n<\/style>\n<figure class=\"wp-block-image size-large\"><a href=\"https:\/\/transinfo.pl\/wp-content\/uploads\/2024\/04\/csm_Widok_z_gory_na_stacje_w_Mlawie__widac_tory_i_budynek_dworca__fot._P._Mieszkowski__A.Lewandowski_185253a76b.jpg\"><img decoding=\"async\" src=\"https:\/\/transinfo.pl\/wp-content\/uploads\/2024\/04\/csm_Widok_z_gory_na_stacje_w_Mlawie__widac_tory_i_budynek_dworca__fot._P._Mieszkowski__A.Lewandowski_185253a76b-1024x576.jpg\" alt=\"Mieszka\u0144cy Ciechanowa, M\u0142awy\u00a0oraz Ma\u0142kini G\u00f3rnej\u00a0zyskaj\u0105 mo\u017cliwo\u015b\u0107 dogodnego \u0142\u0105czenia podr\u00f3\u017cy samochodem i kolej\u0105. \" class=\"wp-image-470243\" \/><\/a><figcaption class=\"wp-element-caption\">Stacja kolejowa w M\u0142awie\/foto: PKP PLK<\/figcaption><\/figure>\n\n\n\n<p><\/p>\n\n\n\n<h2 class=\"wp-block-heading\" id=\"h-program-przystankowy-ulatwia-przesiadki\"><strong>Program Przystankowy u\u0142atwia przesiadki<\/strong><\/h2>\n\n\n\n<p>W wojew\u00f3dztwie mazowieckim planowana jest budowa \u0142\u0105cznie 11 parking\u00f3w przy istniej\u0105cych i nowo budowanych przystankach, o szacunkowej warto\u015bci ponad 8 mln z\u0142. S\u0105 to Ciechan\u00f3w, M\u0142awa, Ruda Wielka, Ma\u0142kinia, Chorzele, Wola Bierwiecka, Kruszyna, Warka, Urle i Zielonka.&nbsp; Udost\u0119pniono ju\u017c dla podr\u00f3\u017cnych miejsca parkingowe przy nowym przystanku B\u0142onie Rokitno.<\/p>\n\n\n\n<p>Celem \u201eRz\u0105dowego programu budowy lub modernizacji przystank\u00f3w kolejowych na lata 2021-2025\u201d jest przeciwdzia\u0142anie wykluczeniu komunikacyjnemu, promowanie ekologicznych \u015brodk\u00f3w transportu oraz wspieranie polskiej gospodarki. Zaplanowane zadania inwestycyjne umo\u017cliwi\u0105 podr\u00f3\u017cnym dost\u0119p do kolejowej komunikacji wojew\u00f3dzkiej i mi\u0119dzywojew\u00f3dzkiej. W skali ca\u0142ego kraju w ramach Programu przewidziano budow\u0119 lub modernizacj\u0119 207 przystank\u00f3w kolejowych (dodatkowe 107 jest na li\u015bcie rezerwowej). Na ten cel przeznaczono ponad 1 mld z\u0142. Zaplanowano tak\u017ce realizacj\u0119 ponad 100 parking\u00f3w przy istniej\u0105cych i nowo budowanych przystankach. Kwota przeznaczona na budow\u0119 parking\u00f3w to ponad 74 mln z\u0142. Obecnie zako\u0144czono budow\u0119 miejsc parkingowych w 9 lokalizacjach, w 44 post\u0119puj\u0105 prace budowlane, a dla 25 trwaj\u0105 post\u0119powania przetargowe.<\/p>\n","protected":false},"author":3,"featured_media":267225,"comment_status":"","ping_status":"closed","template":"","categories":[23],"tags":[585,758,123,100,9075,7437],"class_list":["post-267224","inforail","type-inforail","status-publish","has-post-thumbnail","hentry","category-infrastruktura","tag-mazowieckie","tag-parking","tag-pasazer","tag-pkp-plk","tag-przesiadka","tag-stacja-kolejowa"],"acf":[],"yoast_head":"<!-- This site is optimized with the Yoast SEO Premium plugin v21.8 (Yoast SEO v23.7) - https:\/\/yoast.com\/wordpress\/plugins\/seo\/ -->\n<title>B\u0119d\u0105 nowe parkingi przy mazowieckich stacjach kolejowych - TransInfo Archiwum<\/title>\n<meta name=\"description\" content=\"Mieszka\u0144cy Ciechanowa, M\u0142awy\u00a0oraz Ma\u0142kini G\u00f3rnej\u00a0zyskaj\u0105 mo\u017cliwo\u015b\u0107 dogodnego \u0142\u0105czenia podr\u00f3\u017cy samochodem i kolej\u0105.\" \/>\n<meta name=\"robots\" content=\"index, follow, max-snippet:-1, max-image-preview:large, max-video-preview:-1\" \/>\n<link rel=\"canonical\" href=\"https:\/\/transinfo.pl\/x\/inforail\/beda-nowe-parkingi-przy-mazowieckich-stacjach-kolejowych\/\" \/>\n<meta property=\"og:locale\" content=\"pl_PL\" \/>\n<meta property=\"og:type\" content=\"article\" \/>\n<meta property=\"og:title\" content=\"B\u0119d\u0105 nowe parkingi przy mazowieckich stacjach kolejowych\" \/>\n<meta property=\"og:description\" content=\"Mieszka\u0144cy Ciechanowa, M\u0142awy\u00a0oraz Ma\u0142kini G\u00f3rnej\u00a0zyskaj\u0105 mo\u017cliwo\u015b\u0107 dogodnego \u0142\u0105czenia podr\u00f3\u017cy samochodem i kolej\u0105.\" \/>\n<meta property=\"og:url\" content=\"https:\/\/transinfo.pl\/x\/inforail\/beda-nowe-parkingi-przy-mazowieckich-stacjach-kolejowych\/\" \/>\n<meta property=\"og:site_name\" content=\"TransInfo Archiwum\" \/>\n<meta property=\"og:image\" content=\"https:\/\/transinfo.pl\/x\/wp-content\/uploads\/2024\/04\/csm_Widok_z_gory_na_stacje_w_Ciechanowie__widac_tory__peron__dworzec_i_pociag_towarowy__fot._P._Mieszkowski__A.Lewandowski_6b0371c507.jpg\" \/>\n\t<meta property=\"og:image:width\" content=\"1\" \/>\n\t<meta property=\"og:image:height\" content=\"1\" \/>\n\t<meta property=\"og:image:type\" content=\"image\/jpeg\" \/>\n<meta name=\"twitter:card\" content=\"summary_large_image\" \/>\n<meta name=\"twitter:label1\" content=\"Szacowany czas czytania\" \/>\n\t<meta name=\"twitter:data1\" content=\"2 minuty\" \/>\n<script type=\"application\/ld+json\" class=\"yoast-schema-graph\">{\"@context\":\"https:\/\/schema.org\",\"@graph\":[{\"@type\":\"WebPage\",\"@id\":\"https:\/\/transinfo.pl\/x\/inforail\/beda-nowe-parkingi-przy-mazowieckich-stacjach-kolejowych\/\",\"url\":\"https:\/\/transinfo.pl\/x\/inforail\/beda-nowe-parkingi-przy-mazowieckich-stacjach-kolejowych\/\",\"name\":\"B\u0119d\u0105 nowe parkingi przy mazowieckich stacjach kolejowych - TransInfo Archiwum\",\"isPartOf\":{\"@id\":\"https:\/\/transinfo.pl\/x\/#website\"},\"primaryImageOfPage\":{\"@id\":\"https:\/\/transinfo.pl\/x\/inforail\/beda-nowe-parkingi-przy-mazowieckich-stacjach-kolejowych\/#primaryimage\"},\"image\":{\"@id\":\"https:\/\/transinfo.pl\/x\/inforail\/beda-nowe-parkingi-przy-mazowieckich-stacjach-kolejowych\/#primaryimage\"},\"thumbnailUrl\":\"https:\/\/transinfo.pl\/x\/wp-content\/uploads\/2024\/04\/csm_Widok_z_gory_na_stacje_w_Ciechanowie__widac_tory__peron__dworzec_i_pociag_towarowy__fot._P._Mieszkowski__A.Lewandowski_6b0371c507.jpg\",\"datePublished\":\"2024-04-04T15:45:00+00:00\",\"dateModified\":\"2024-04-04T15:45:00+00:00\",\"description\":\"Mieszka\u0144cy Ciechanowa, M\u0142awy\u00a0oraz Ma\u0142kini G\u00f3rnej\u00a0zyskaj\u0105 mo\u017cliwo\u015b\u0107 dogodnego \u0142\u0105czenia podr\u00f3\u017cy samochodem i kolej\u0105.\",\"breadcrumb\":{\"@id\":\"https:\/\/transinfo.pl\/x\/inforail\/beda-nowe-parkingi-przy-mazowieckich-stacjach-kolejowych\/#breadcrumb\"},\"inLanguage\":\"pl-PL\",\"potentialAction\":[{\"@type\":\"ReadAction\",\"target\":[\"https:\/\/transinfo.pl\/x\/inforail\/beda-nowe-parkingi-przy-mazowieckich-stacjach-kolejowych\/\"]}]},{\"@type\":\"ImageObject\",\"inLanguage\":\"pl-PL\",\"@id\":\"https:\/\/transinfo.pl\/x\/inforail\/beda-nowe-parkingi-przy-mazowieckich-stacjach-kolejowych\/#primaryimage\",\"url\":\"https:\/\/transinfo.pl\/x\/wp-content\/uploads\/2024\/04\/csm_Widok_z_gory_na_stacje_w_Ciechanowie__widac_tory__peron__dworzec_i_pociag_towarowy__fot._P._Mieszkowski__A.Lewandowski_6b0371c507.jpg\",\"contentUrl\":\"https:\/\/transinfo.pl\/x\/wp-content\/uploads\/2024\/04\/csm_Widok_z_gory_na_stacje_w_Ciechanowie__widac_tory__peron__dworzec_i_pociag_towarowy__fot._P._Mieszkowski__A.Lewandowski_6b0371c507.jpg\"},{\"@type\":\"BreadcrumbList\",\"@id\":\"https:\/\/transinfo.pl\/x\/inforail\/beda-nowe-parkingi-przy-mazowieckich-stacjach-kolejowych\/#breadcrumb\",\"itemListElement\":[{\"@type\":\"ListItem\",\"position\":1,\"name\":\"Home\",\"item\":\"https:\/\/transinfo.pl\/x\/\"},{\"@type\":\"ListItem\",\"position\":2,\"name\":\"Inforail\",\"item\":\"https:\/\/transinfo.pl\/x\/inforail\/\"},{\"@type\":\"ListItem\",\"position\":3,\"name\":\"B\u0119d\u0105 nowe parkingi przy mazowieckich stacjach kolejowych\"}]},{\"@type\":\"WebSite\",\"@id\":\"https:\/\/transinfo.pl\/x\/#website\",\"url\":\"https:\/\/transinfo.pl\/x\/\",\"name\":\"TransInfo Archiwum\",\"description\":\"Ca\u0142y transport w jednym miejscu\",\"publisher\":{\"@id\":\"https:\/\/transinfo.pl\/x\/#organization\"},\"potentialAction\":[{\"@type\":\"SearchAction\",\"target\":{\"@type\":\"EntryPoint\",\"urlTemplate\":\"https:\/\/transinfo.pl\/x\/?s={search_term_string}\"},\"query-input\":{\"@type\":\"PropertyValueSpecification\",\"valueRequired\":true,\"valueName\":\"search_term_string\"}}],\"inLanguage\":\"pl-PL\"},{\"@type\":\"Organization\",\"@id\":\"https:\/\/transinfo.pl\/x\/#organization\",\"name\":\"TransInfo\",\"url\":\"https:\/\/transinfo.pl\/x\/\",\"logo\":{\"@type\":\"ImageObject\",\"inLanguage\":\"pl-PL\",\"@id\":\"https:\/\/transinfo.pl\/x\/#\/schema\/logo\/image\/\",\"url\":\"https:\/\/transinfo.pl\/x\/wp-content\/uploads\/2024\/10\/favicon.png\",\"contentUrl\":\"https:\/\/transinfo.pl\/x\/wp-content\/uploads\/2024\/10\/favicon.png\",\"width\":512,\"height\":512,\"caption\":\"TransInfo\"},\"image\":{\"@id\":\"https:\/\/transinfo.pl\/x\/#\/schema\/logo\/image\/\"}}]}<\/script>\n<!-- \/ Yoast SEO Premium plugin. -->","yoast_head_json":{"title":"B\u0119d\u0105 nowe parkingi przy mazowieckich stacjach kolejowych - TransInfo Archiwum","description":"Mieszka\u0144cy Ciechanowa, M\u0142awy\u00a0oraz Ma\u0142kini G\u00f3rnej\u00a0zyskaj\u0105 mo\u017cliwo\u015b\u0107 dogodnego \u0142\u0105czenia podr\u00f3\u017cy samochodem i kolej\u0105.","robots":{"index":"index","follow":"follow","max-snippet":"max-snippet:-1","max-image-preview":"max-image-preview:large","max-video-preview":"max-video-preview:-1"},"canonical":"https:\/\/transinfo.pl\/x\/inforail\/beda-nowe-parkingi-przy-mazowieckich-stacjach-kolejowych\/","og_locale":"pl_PL","og_type":"article","og_title":"B\u0119d\u0105 nowe parkingi przy mazowieckich stacjach kolejowych","og_description":"Mieszka\u0144cy Ciechanowa, M\u0142awy\u00a0oraz Ma\u0142kini G\u00f3rnej\u00a0zyskaj\u0105 mo\u017cliwo\u015b\u0107 dogodnego \u0142\u0105czenia podr\u00f3\u017cy samochodem i kolej\u0105.","og_url":"https:\/\/transinfo.pl\/x\/inforail\/beda-nowe-parkingi-przy-mazowieckich-stacjach-kolejowych\/","og_site_name":"TransInfo Archiwum","og_image":[{"url":"https:\/\/transinfo.pl\/x\/wp-content\/uploads\/2024\/04\/csm_Widok_z_gory_na_stacje_w_Ciechanowie__widac_tory__peron__dworzec_i_pociag_towarowy__fot._P._Mieszkowski__A.Lewandowski_6b0371c507.jpg","width":1,"height":1,"type":"image\/jpeg"}],"twitter_card":"summary_large_image","twitter_misc":{"Szacowany czas czytania":"2 minuty"},"schema":{"@context":"https:\/\/schema.org","@graph":[{"@type":"WebPage","@id":"https:\/\/transinfo.pl\/x\/inforail\/beda-nowe-parkingi-przy-mazowieckich-stacjach-kolejowych\/","url":"https:\/\/transinfo.pl\/x\/inforail\/beda-nowe-parkingi-przy-mazowieckich-stacjach-kolejowych\/","name":"B\u0119d\u0105 nowe parkingi przy mazowieckich stacjach kolejowych - TransInfo Archiwum","isPartOf":{"@id":"https:\/\/transinfo.pl\/x\/#website"},"primaryImageOfPage":{"@id":"https:\/\/transinfo.pl\/x\/inforail\/beda-nowe-parkingi-przy-mazowieckich-stacjach-kolejowych\/#primaryimage"},"image":{"@id":"https:\/\/transinfo.pl\/x\/inforail\/beda-nowe-parkingi-przy-mazowieckich-stacjach-kolejowych\/#primaryimage"},"thumbnailUrl":"https:\/\/transinfo.pl\/x\/wp-content\/uploads\/2024\/04\/csm_Widok_z_gory_na_stacje_w_Ciechanowie__widac_tory__peron__dworzec_i_pociag_towarowy__fot._P._Mieszkowski__A.Lewandowski_6b0371c507.jpg","datePublished":"2024-04-04T15:45:00+00:00","dateModified":"2024-04-04T15:45:00+00:00","description":"Mieszka\u0144cy Ciechanowa, M\u0142awy\u00a0oraz Ma\u0142kini G\u00f3rnej\u00a0zyskaj\u0105 mo\u017cliwo\u015b\u0107 dogodnego \u0142\u0105czenia podr\u00f3\u017cy samochodem i kolej\u0105.","breadcrumb":{"@id":"https:\/\/transinfo.pl\/x\/inforail\/beda-nowe-parkingi-przy-mazowieckich-stacjach-kolejowych\/#breadcrumb"},"inLanguage":"pl-PL","potentialAction":[{"@type":"ReadAction","target":["https:\/\/transinfo.pl\/x\/inforail\/beda-nowe-parkingi-przy-mazowieckich-stacjach-kolejowych\/"]}]},{"@type":"ImageObject","inLanguage":"pl-PL","@id":"https:\/\/transinfo.pl\/x\/inforail\/beda-nowe-parkingi-przy-mazowieckich-stacjach-kolejowych\/#primaryimage","url":"https:\/\/transinfo.pl\/x\/wp-content\/uploads\/2024\/04\/csm_Widok_z_gory_na_stacje_w_Ciechanowie__widac_tory__peron__dworzec_i_pociag_towarowy__fot._P._Mieszkowski__A.Lewandowski_6b0371c507.jpg","contentUrl":"https:\/\/transinfo.pl\/x\/wp-content\/uploads\/2024\/04\/csm_Widok_z_gory_na_stacje_w_Ciechanowie__widac_tory__peron__dworzec_i_pociag_towarowy__fot._P._Mieszkowski__A.Lewandowski_6b0371c507.jpg"},{"@type":"BreadcrumbList","@id":"https:\/\/transinfo.pl\/x\/inforail\/beda-nowe-parkingi-przy-mazowieckich-stacjach-kolejowych\/#breadcrumb","itemListElement":[{"@type":"ListItem","position":1,"name":"Home","item":"https:\/\/transinfo.pl\/x\/"},{"@type":"ListItem","position":2,"name":"Inforail","item":"https:\/\/transinfo.pl\/x\/inforail\/"},{"@type":"ListItem","position":3,"name":"B\u0119d\u0105 nowe parkingi przy mazowieckich stacjach kolejowych"}]},{"@type":"WebSite","@id":"https:\/\/transinfo.pl\/x\/#website","url":"https:\/\/transinfo.pl\/x\/","name":"TransInfo Archiwum","description":"Ca\u0142y transport w jednym miejscu","publisher":{"@id":"https:\/\/transinfo.pl\/x\/#organization"},"potentialAction":[{"@type":"SearchAction","target":{"@type":"EntryPoint","urlTemplate":"https:\/\/transinfo.pl\/x\/?s={search_term_string}"},"query-input":{"@type":"PropertyValueSpecification","valueRequired":true,"valueName":"search_term_string"}}],"inLanguage":"pl-PL"},{"@type":"Organization","@id":"https:\/\/transinfo.pl\/x\/#organization","name":"TransInfo","url":"https:\/\/transinfo.pl\/x\/","logo":{"@type":"ImageObject","inLanguage":"pl-PL","@id":"https:\/\/transinfo.pl\/x\/#\/schema\/logo\/image\/","url":"https:\/\/transinfo.pl\/x\/wp-content\/uploads\/2024\/10\/favicon.png","contentUrl":"https:\/\/transinfo.pl\/x\/wp-content\/uploads\/2024\/10\/favicon.png","width":512,"height":512,"caption":"TransInfo"},"image":{"@id":"https:\/\/transinfo.pl\/x\/#\/schema\/logo\/image\/"}}]}},"_links":{"self":[{"href":"https:\/\/transinfo.pl\/x\/wp-json\/wp\/v2\/inforail\/267224","targetHints":{"allow":["GET"]}}],"collection":[{"href":"https:\/\/transinfo.pl\/x\/wp-json\/wp\/v2\/inforail"}],"about":[{"href":"https:\/\/transinfo.pl\/x\/wp-json\/wp\/v2\/types\/inforail"}],"author":[{"embeddable":true,"href":"https:\/\/transinfo.pl\/x\/wp-json\/wp\/v2\/users\/3"}],"replies":[{"embeddable":true,"href":"https:\/\/transinfo.pl\/x\/wp-json\/wp\/v2\/comments?post=267224"}],"wp:featuredmedia":[{"embeddable":true,"href":"https:\/\/transinfo.pl\/x\/wp-json\/wp\/v2\/media\/267225"}],"wp:attachment":[{"href":"https:\/\/transinfo.pl\/x\/wp-json\/wp\/v2\/media?parent=267224"}],"wp:term":[{"taxonomy":"category","embeddable":true,"href":"https:\/\/transinfo.pl\/x\/wp-json\/wp\/v2\/categories?post=267224"},{"taxonomy":"post_tag","embeddable":true,"href":"https:\/\/transinfo.pl\/x\/wp-json\/wp\/v2\/tags?post=267224"}],"curies":[{"name":"wp","href":"https:\/\/api.w.org\/{rel}","templated":true}]}}