{"id":267171,"date":"2024-04-03T15:45:00","date_gmt":"2024-04-03T15:45:00","guid":{"rendered":"https:\/\/transinfo.pl\/x\/inforail\/rekordowe-swieta-wielkanocne-dla-pkp-intercity-16-mln-pasazerow\/"},"modified":"2024-04-03T15:45:00","modified_gmt":"2024-04-03T15:45:00","slug":"rekordowe-swieta-wielkanocne-dla-pkp-intercity-16-mln-pasazerow","status":"publish","type":"inforail","link":"https:\/\/transinfo.pl\/x\/inforail\/rekordowe-swieta-wielkanocne-dla-pkp-intercity-16-mln-pasazerow\/","title":{"rendered":"Rekordowe \u015awi\u0119ta Wielkanocne dla PKP Intercity. 1,6 mln pasa\u017cer\u00f3w"},"content":{"rendered":"<style>h1,h2,h3,h4,h5,h6{margin:0 0 1.25rem;font-family:Arial,sans-serif;font-weight:600;color:#050505}h1{font-size:1.875rem;line-height:1.1em;text-transform:none}@media(min-width: 768px){h1{font-size:2.375rem}}h2{font-size:1.1875rem;line-height:1.2em;text-transform:uppercase}@media(min-width: 768px){h2{font-size:1.0625rem}}h3{font-size:0.9375rem;line-height:1.4em;font-weight:900;margin-bottom:0.9375rem}h4{font-size:0.875rem;line-height:1.2em;font-weight:500}h5{font-size:0.9375rem;line-height:1.6;font-weight:400}h6{font-size:0.9375rem;line-height:1.6;font-weight:600}\n<\/style>\n<h3 class=\"wp-block-heading\" id=\"h-polacy-coraz-czesciej-i-chetniej-udaja-sie-w-podroz-z-pkp-intercity-w-trakcie-minionych-swiat-wielkanocnych-z-uslug-narodowego-przewoznika-skorzystalo-1-6-mln-osob\">Polacy coraz cz\u0119\u015bciej i ch\u0119tniej udaj\u0105 si\u0119 w podr\u00f3\u017c z PKP Intercity. W trakcie minionych \u015awi\u0105t Wielkanocnych z us\u0142ug narodowego przewo\u017anika skorzysta\u0142o 1,6 mln os\u00f3b.<\/h3>\n\n\n<style>p{margin:0 0 1.5rem}p:last-child{margin:0}p.is-style-uppercase{text-transform:uppercase}p.is-style-preheading{color:#12406a;text-transform:uppercase}p.is-style-leadparagraph{font-size:1rem;line-height:1.625;font-weight:700}@media(min-width: 768px){p.is-style-leadparagraph{font-size:1.125rem;line-height:1.5555555556}}p.has-small-margin{margin-bottom:0.625rem}p.has-small-margin+h1,p.has-small-margin+h2,p.has-small-margin+h3{margin-top:1.875rem}\n<\/style>\n<p>Trwaj\u0105cy rok rozpocz\u0105\u0142 si\u0119 dla sp\u00f3\u0142ki bardzo obiecuj\u0105co. W ci\u0105gu pierwszego kwarta\u0142u przewioz\u0142a ona 16,5 miliona pasa\u017cer\u00f3w, co jest nowym rekordem w historii PKP Intercity.<\/p>\n\n\n\n<h2 class=\"wp-block-heading\" id=\"h-coraz-wiecej-osob-wybiera-pociagi\">Coraz wi\u0119cej os\u00f3b wybiera poci\u0105gi<\/h2>\n\n\n\n<p>\u015awi\u0105teczne podr\u00f3\u017ce z PKP Intercity, jak co roku, cieszy\u0142y si\u0119 du\u017cym zainteresowaniem w\u015br\u00f3d Polak\u00f3w. Od poniedzia\u0142ku 25 marca do wtorku 2 kwietnia z us\u0142ug narodowego przewo\u017anika skorzysta\u0142o 1,6 mln pasa\u017cer\u00f3w, podczas gdy w okresie \u015awi\u0105t 2023 roku, tj. 3 \u2013 11 kwietnia, by\u0142o ich 1,34 mln. Oznacza to wzrost r\/r na poziomie 19%. Najwi\u0119cej podr\u00f3\u017cnych sp\u00f3\u0142ka przewioz\u0142a we wtorek 2 kwietnia \u2013 do poci\u0105g\u00f3w wsiad\u0142o wtedy a\u017c 231,4 tys. os\u00f3b, co jest tegorocznym rekordem PKP Intercity.<\/p>\n\n\n<style>.wp-block-quote{border-left:0.1875rem solid var(--page-color);font-size:1rem;font-style:italic;margin:0 0 1.6875rem;padding:1.25rem}.wp-block-quote cite{color:#050505}.wp-block-quote.is-style-large p{margin-bottom:10px}.wp-block-quote.is-style-large cite{color:#12406a}\n<\/style>\n<blockquote class=\"wp-block-quote is-layout-flow wp-block-quote-is-layout-flow\">\n<p>PKP Intercity cieszy si\u0119 coraz wi\u0119kszym zaufaniem Polak\u00f3w. Podr\u00f3\u017c poci\u0105giem jest dla nich korzystn\u0105 alternatyw\u0105 do podr\u00f3\u017cy samochodem czy samolotem. Doskona\u0142e wyniki przewozowe nie wzi\u0119\u0142y si\u0119 jednak znik\u0105d. Rosn\u0105ce zainteresowanie naszymi us\u0142ugami to efekt naszej ci\u0119\u017ckiej pracy. Szybki i nowoczesny tabor oraz coraz lepsza oferta przewozowa przekonuj\u0105 kolejne miliony pasa\u017cer\u00f3w do wyboru naszych us\u0142ug&nbsp; \u2013 powiedzia\u0142 Marek Chraniuk, prezes zarz\u0105du PKP Intercity.<\/p>\n<\/blockquote>\n\n\n\n<p>W celu zapewnienia jak najwi\u0119kszego komfortu podr\u00f3\u017cy, PKP Intercity zadba\u0142o o dodatkowe wsparcie taboru. Przewo\u017anik w okresie 25 marca \u2013 2 kwietnia wzmocni\u0142 396 poci\u0105g\u00f3w dodatkowymi 487 wagonami, kt\u00f3re kursowa\u0142y na najbardziej popularnych trasach. Dodatkowe wagony pojawi\u0142y si\u0119 w sk\u0142adach wyruszaj\u0105cych m.in. z Warszawy, Krakowa, Tr\u00f3jmiasta, Wroc\u0142awia, Katowic, Szczecina, Lublina czy Przemy\u015bla, kt\u00f3rych destynacj\u0105 by\u0142y m.in. inne du\u017ce miasta. Przewo\u017anik uruchomi\u0142 tak\u017ce dodatkowe poci\u0105gi i wyd\u0142u\u017cy\u0142 kursowanie po\u0142\u0105cze\u0144 rozk\u0142adowych, dzi\u0119ki temu jeszcze wi\u0119cej os\u00f3b mog\u0142o skorzysta\u0107 z us\u0142ug PKP Intercity.<\/p>\n\n\n\n<p><\/p>\n\n\n<style>.wp-block-image{margin:1.25rem 0;text-align:center}.wp-block-image figcaption{padding:0 0.9375rem;text-align:center}\n<\/style>\n<figure class=\"wp-block-image size-large\"><a href=\"https:\/\/transinfo.pl\/wp-content\/uploads\/2024\/04\/pkp-ic.jpg\"><img decoding=\"async\" src=\"https:\/\/transinfo.pl\/wp-content\/uploads\/2024\/04\/pkp-ic-1024x768.jpg\" alt=\"Polacy coraz cz\u0119\u015bciej i ch\u0119tniej udaj\u0105 si\u0119 w podr\u00f3\u017c z PKP Intercity. W trakcie minionych \u015awi\u0105t Wielkanocnych z us\u0142ug narodowego przewo\u017anika skorzysta\u0142o 1,6 mln os\u00f3b.\" class=\"wp-image-470064\" \/><\/a><figcaption class=\"wp-element-caption\">Poci\u0105g PKP Intercity<\/figcaption><\/figure>\n\n\n\n<p><\/p>\n\n\n\n<h2 class=\"wp-block-heading\" id=\"h-nieslabnace-zainteresowanie-podrozami-z-pkp-intercity\">Nies\u0142abn\u0105ce zainteresowanie podr\u00f3\u017cami z PKP Intercity<\/h2>\n\n\n\n<p>W poci\u0105gach PKP Intercity utrzymuje si\u0119 wysoka frekwencja po tym, jak w roku poprzednim z us\u0142ug przewo\u017anika skorzysta\u0142o ponad 68 mln pasa\u017cer\u00f3w. Tym samym sp\u00f3\u0142ka pobi\u0142a rekord z 2022 roku, kiedy poci\u0105gami PKP Intercity podr\u00f3\u017cowa\u0142o 59 mln os\u00f3b.<\/p>\n\n\n\n<p>Wyniki za pierwsze trzy miesi\u0105ce pokazuj\u0105, \u017ce w bie\u017c\u0105cym roku mo\u017ce zosta\u0107 ustanowiony nowy rekord. \u0141\u0105cznie w pierwszym kwartale sp\u00f3\u0142ka przewioz\u0142a 16,5 mln pasa\u017cer\u00f3w, co jest wzrostem r\/r o blisko 20%. W analogicznym okresie rok wcze\u015bniej do poci\u0105g\u00f3w przewo\u017anika wsiad\u0142o 13,8 mln os\u00f3b. W samym marcu br. przewiezionych zosta\u0142o 5,7 mln podr\u00f3\u017cnych. Tak dobre wyniki przewozowe pozwalaj\u0105 estymowa\u0107, \u017ce przekroczona zostanie bariera 70 mln os\u00f3b przewiezionych przez PKP Intercity w jednym roku kalendarzowym.<\/p>\n\n\n\n<p>Coraz wi\u0119ksza popularno\u015b\u0107 PKP Intercity przek\u0142ada si\u0119 na mniejsz\u0105 emisj\u0119 CO\u2082 do \u015brodowiska. Kolej jest bowiem najbardziej ekologicznym \u015brodkiem transportu zbiorowego i charakteryzuje si\u0119 ponad 4 razy mniejsz\u0105 emisj\u0105 CO\u2082 ni\u017c transport drogowy i 5 razy mniejsz\u0105 emisj\u0105 CO\u2082 ni\u017c transport lotniczy. Wybieraj\u0105c kolej, w samym 2023 roku pasa\u017cerowie zaoszcz\u0119dzili 1,67 mln ton CO\u2082.<\/p>\n","protected":false},"author":3,"featured_media":267172,"comment_status":"","ping_status":"closed","template":"","categories":[26],"tags":[61,123,29,66],"class_list":["post-267171","inforail","type-inforail","status-publish","has-post-thumbnail","hentry","category-przewoznicy","tag-kolej","tag-pasazer","tag-pkp-intercity","tag-pociag"],"acf":[],"yoast_head":"<!-- This site is optimized with the Yoast SEO Premium plugin v21.8 (Yoast SEO v23.7) - https:\/\/yoast.com\/wordpress\/plugins\/seo\/ -->\n<title>Rekordowe \u015awi\u0119ta Wielkanocne dla PKP Intercity. 1,6 mln pasa\u017cer\u00f3w - TransInfo Archiwum<\/title>\n<meta name=\"description\" content=\"Polacy coraz cz\u0119\u015bciej i ch\u0119tniej udaj\u0105 si\u0119 w podr\u00f3\u017c z PKP Intercity. W trakcie minionych \u015awi\u0105t z us\u0142ug przewo\u017anika skorzysta\u0142o 1,6 mln os\u00f3b.\" \/>\n<meta name=\"robots\" content=\"index, follow, max-snippet:-1, max-image-preview:large, max-video-preview:-1\" \/>\n<link rel=\"canonical\" href=\"https:\/\/transinfo.pl\/x\/inforail\/rekordowe-swieta-wielkanocne-dla-pkp-intercity-16-mln-pasazerow\/\" \/>\n<meta property=\"og:locale\" content=\"pl_PL\" \/>\n<meta property=\"og:type\" content=\"article\" \/>\n<meta property=\"og:title\" content=\"Rekordowe \u015awi\u0119ta Wielkanocne dla PKP Intercity. 1,6 mln pasa\u017cer\u00f3w\" \/>\n<meta property=\"og:description\" content=\"Polacy coraz cz\u0119\u015bciej i ch\u0119tniej udaj\u0105 si\u0119 w podr\u00f3\u017c z PKP Intercity. W trakcie minionych \u015awi\u0105t z us\u0142ug przewo\u017anika skorzysta\u0142o 1,6 mln os\u00f3b.\" \/>\n<meta property=\"og:url\" content=\"https:\/\/transinfo.pl\/x\/inforail\/rekordowe-swieta-wielkanocne-dla-pkp-intercity-16-mln-pasazerow\/\" \/>\n<meta property=\"og:site_name\" content=\"TransInfo Archiwum\" \/>\n<meta property=\"og:image\" content=\"https:\/\/transinfo.pl\/x\/wp-content\/uploads\/2023\/12\/csm_Pasazerowie_na_peronie_w_Wolominie__widac_pociag_Intercity__fot._Anna_Znajewska-Pawluk_2934c0297b.jpg\" \/>\n\t<meta property=\"og:image:width\" content=\"1\" \/>\n\t<meta property=\"og:image:height\" content=\"1\" \/>\n\t<meta property=\"og:image:type\" content=\"image\/jpeg\" \/>\n<meta name=\"twitter:card\" content=\"summary_large_image\" \/>\n<meta name=\"twitter:label1\" content=\"Szacowany czas czytania\" \/>\n\t<meta name=\"twitter:data1\" content=\"3 minuty\" \/>\n<script type=\"application\/ld+json\" class=\"yoast-schema-graph\">{\"@context\":\"https:\/\/schema.org\",\"@graph\":[{\"@type\":\"WebPage\",\"@id\":\"https:\/\/transinfo.pl\/x\/inforail\/rekordowe-swieta-wielkanocne-dla-pkp-intercity-16-mln-pasazerow\/\",\"url\":\"https:\/\/transinfo.pl\/x\/inforail\/rekordowe-swieta-wielkanocne-dla-pkp-intercity-16-mln-pasazerow\/\",\"name\":\"Rekordowe \u015awi\u0119ta Wielkanocne dla PKP Intercity. 1,6 mln pasa\u017cer\u00f3w - TransInfo Archiwum\",\"isPartOf\":{\"@id\":\"https:\/\/transinfo.pl\/x\/#website\"},\"primaryImageOfPage\":{\"@id\":\"https:\/\/transinfo.pl\/x\/inforail\/rekordowe-swieta-wielkanocne-dla-pkp-intercity-16-mln-pasazerow\/#primaryimage\"},\"image\":{\"@id\":\"https:\/\/transinfo.pl\/x\/inforail\/rekordowe-swieta-wielkanocne-dla-pkp-intercity-16-mln-pasazerow\/#primaryimage\"},\"thumbnailUrl\":\"https:\/\/transinfo.pl\/x\/wp-content\/uploads\/2023\/12\/csm_Pasazerowie_na_peronie_w_Wolominie__widac_pociag_Intercity__fot._Anna_Znajewska-Pawluk_2934c0297b.jpg\",\"datePublished\":\"2024-04-03T15:45:00+00:00\",\"dateModified\":\"2024-04-03T15:45:00+00:00\",\"description\":\"Polacy coraz cz\u0119\u015bciej i ch\u0119tniej udaj\u0105 si\u0119 w podr\u00f3\u017c z PKP Intercity. W trakcie minionych \u015awi\u0105t z us\u0142ug przewo\u017anika skorzysta\u0142o 1,6 mln os\u00f3b.\",\"breadcrumb\":{\"@id\":\"https:\/\/transinfo.pl\/x\/inforail\/rekordowe-swieta-wielkanocne-dla-pkp-intercity-16-mln-pasazerow\/#breadcrumb\"},\"inLanguage\":\"pl-PL\",\"potentialAction\":[{\"@type\":\"ReadAction\",\"target\":[\"https:\/\/transinfo.pl\/x\/inforail\/rekordowe-swieta-wielkanocne-dla-pkp-intercity-16-mln-pasazerow\/\"]}]},{\"@type\":\"ImageObject\",\"inLanguage\":\"pl-PL\",\"@id\":\"https:\/\/transinfo.pl\/x\/inforail\/rekordowe-swieta-wielkanocne-dla-pkp-intercity-16-mln-pasazerow\/#primaryimage\",\"url\":\"https:\/\/transinfo.pl\/x\/wp-content\/uploads\/2023\/12\/csm_Pasazerowie_na_peronie_w_Wolominie__widac_pociag_Intercity__fot._Anna_Znajewska-Pawluk_2934c0297b.jpg\",\"contentUrl\":\"https:\/\/transinfo.pl\/x\/wp-content\/uploads\/2023\/12\/csm_Pasazerowie_na_peronie_w_Wolominie__widac_pociag_Intercity__fot._Anna_Znajewska-Pawluk_2934c0297b.jpg\"},{\"@type\":\"BreadcrumbList\",\"@id\":\"https:\/\/transinfo.pl\/x\/inforail\/rekordowe-swieta-wielkanocne-dla-pkp-intercity-16-mln-pasazerow\/#breadcrumb\",\"itemListElement\":[{\"@type\":\"ListItem\",\"position\":1,\"name\":\"Home\",\"item\":\"https:\/\/transinfo.pl\/x\/\"},{\"@type\":\"ListItem\",\"position\":2,\"name\":\"Inforail\",\"item\":\"https:\/\/transinfo.pl\/x\/inforail\/\"},{\"@type\":\"ListItem\",\"position\":3,\"name\":\"Rekordowe \u015awi\u0119ta Wielkanocne dla PKP Intercity. 1,6 mln pasa\u017cer\u00f3w\"}]},{\"@type\":\"WebSite\",\"@id\":\"https:\/\/transinfo.pl\/x\/#website\",\"url\":\"https:\/\/transinfo.pl\/x\/\",\"name\":\"TransInfo Archiwum\",\"description\":\"Ca\u0142y transport w jednym miejscu\",\"publisher\":{\"@id\":\"https:\/\/transinfo.pl\/x\/#organization\"},\"potentialAction\":[{\"@type\":\"SearchAction\",\"target\":{\"@type\":\"EntryPoint\",\"urlTemplate\":\"https:\/\/transinfo.pl\/x\/?s={search_term_string}\"},\"query-input\":{\"@type\":\"PropertyValueSpecification\",\"valueRequired\":true,\"valueName\":\"search_term_string\"}}],\"inLanguage\":\"pl-PL\"},{\"@type\":\"Organization\",\"@id\":\"https:\/\/transinfo.pl\/x\/#organization\",\"name\":\"TransInfo\",\"url\":\"https:\/\/transinfo.pl\/x\/\",\"logo\":{\"@type\":\"ImageObject\",\"inLanguage\":\"pl-PL\",\"@id\":\"https:\/\/transinfo.pl\/x\/#\/schema\/logo\/image\/\",\"url\":\"https:\/\/transinfo.pl\/x\/wp-content\/uploads\/2024\/10\/favicon.png\",\"contentUrl\":\"https:\/\/transinfo.pl\/x\/wp-content\/uploads\/2024\/10\/favicon.png\",\"width\":512,\"height\":512,\"caption\":\"TransInfo\"},\"image\":{\"@id\":\"https:\/\/transinfo.pl\/x\/#\/schema\/logo\/image\/\"}}]}<\/script>\n<!-- \/ Yoast SEO Premium plugin. -->","yoast_head_json":{"title":"Rekordowe \u015awi\u0119ta Wielkanocne dla PKP Intercity. 1,6 mln pasa\u017cer\u00f3w - TransInfo Archiwum","description":"Polacy coraz cz\u0119\u015bciej i ch\u0119tniej udaj\u0105 si\u0119 w podr\u00f3\u017c z PKP Intercity. W trakcie minionych \u015awi\u0105t z us\u0142ug przewo\u017anika skorzysta\u0142o 1,6 mln os\u00f3b.","robots":{"index":"index","follow":"follow","max-snippet":"max-snippet:-1","max-image-preview":"max-image-preview:large","max-video-preview":"max-video-preview:-1"},"canonical":"https:\/\/transinfo.pl\/x\/inforail\/rekordowe-swieta-wielkanocne-dla-pkp-intercity-16-mln-pasazerow\/","og_locale":"pl_PL","og_type":"article","og_title":"Rekordowe \u015awi\u0119ta Wielkanocne dla PKP Intercity. 1,6 mln pasa\u017cer\u00f3w","og_description":"Polacy coraz cz\u0119\u015bciej i ch\u0119tniej udaj\u0105 si\u0119 w podr\u00f3\u017c z PKP Intercity. W trakcie minionych \u015awi\u0105t z us\u0142ug przewo\u017anika skorzysta\u0142o 1,6 mln os\u00f3b.","og_url":"https:\/\/transinfo.pl\/x\/inforail\/rekordowe-swieta-wielkanocne-dla-pkp-intercity-16-mln-pasazerow\/","og_site_name":"TransInfo Archiwum","og_image":[{"url":"https:\/\/transinfo.pl\/x\/wp-content\/uploads\/2023\/12\/csm_Pasazerowie_na_peronie_w_Wolominie__widac_pociag_Intercity__fot._Anna_Znajewska-Pawluk_2934c0297b.jpg","width":1,"height":1,"type":"image\/jpeg"}],"twitter_card":"summary_large_image","twitter_misc":{"Szacowany czas czytania":"3 minuty"},"schema":{"@context":"https:\/\/schema.org","@graph":[{"@type":"WebPage","@id":"https:\/\/transinfo.pl\/x\/inforail\/rekordowe-swieta-wielkanocne-dla-pkp-intercity-16-mln-pasazerow\/","url":"https:\/\/transinfo.pl\/x\/inforail\/rekordowe-swieta-wielkanocne-dla-pkp-intercity-16-mln-pasazerow\/","name":"Rekordowe \u015awi\u0119ta Wielkanocne dla PKP Intercity. 1,6 mln pasa\u017cer\u00f3w - TransInfo Archiwum","isPartOf":{"@id":"https:\/\/transinfo.pl\/x\/#website"},"primaryImageOfPage":{"@id":"https:\/\/transinfo.pl\/x\/inforail\/rekordowe-swieta-wielkanocne-dla-pkp-intercity-16-mln-pasazerow\/#primaryimage"},"image":{"@id":"https:\/\/transinfo.pl\/x\/inforail\/rekordowe-swieta-wielkanocne-dla-pkp-intercity-16-mln-pasazerow\/#primaryimage"},"thumbnailUrl":"https:\/\/transinfo.pl\/x\/wp-content\/uploads\/2023\/12\/csm_Pasazerowie_na_peronie_w_Wolominie__widac_pociag_Intercity__fot._Anna_Znajewska-Pawluk_2934c0297b.jpg","datePublished":"2024-04-03T15:45:00+00:00","dateModified":"2024-04-03T15:45:00+00:00","description":"Polacy coraz cz\u0119\u015bciej i ch\u0119tniej udaj\u0105 si\u0119 w podr\u00f3\u017c z PKP Intercity. W trakcie minionych \u015awi\u0105t z us\u0142ug przewo\u017anika skorzysta\u0142o 1,6 mln os\u00f3b.","breadcrumb":{"@id":"https:\/\/transinfo.pl\/x\/inforail\/rekordowe-swieta-wielkanocne-dla-pkp-intercity-16-mln-pasazerow\/#breadcrumb"},"inLanguage":"pl-PL","potentialAction":[{"@type":"ReadAction","target":["https:\/\/transinfo.pl\/x\/inforail\/rekordowe-swieta-wielkanocne-dla-pkp-intercity-16-mln-pasazerow\/"]}]},{"@type":"ImageObject","inLanguage":"pl-PL","@id":"https:\/\/transinfo.pl\/x\/inforail\/rekordowe-swieta-wielkanocne-dla-pkp-intercity-16-mln-pasazerow\/#primaryimage","url":"https:\/\/transinfo.pl\/x\/wp-content\/uploads\/2023\/12\/csm_Pasazerowie_na_peronie_w_Wolominie__widac_pociag_Intercity__fot._Anna_Znajewska-Pawluk_2934c0297b.jpg","contentUrl":"https:\/\/transinfo.pl\/x\/wp-content\/uploads\/2023\/12\/csm_Pasazerowie_na_peronie_w_Wolominie__widac_pociag_Intercity__fot._Anna_Znajewska-Pawluk_2934c0297b.jpg"},{"@type":"BreadcrumbList","@id":"https:\/\/transinfo.pl\/x\/inforail\/rekordowe-swieta-wielkanocne-dla-pkp-intercity-16-mln-pasazerow\/#breadcrumb","itemListElement":[{"@type":"ListItem","position":1,"name":"Home","item":"https:\/\/transinfo.pl\/x\/"},{"@type":"ListItem","position":2,"name":"Inforail","item":"https:\/\/transinfo.pl\/x\/inforail\/"},{"@type":"ListItem","position":3,"name":"Rekordowe \u015awi\u0119ta Wielkanocne dla PKP Intercity. 1,6 mln pasa\u017cer\u00f3w"}]},{"@type":"WebSite","@id":"https:\/\/transinfo.pl\/x\/#website","url":"https:\/\/transinfo.pl\/x\/","name":"TransInfo Archiwum","description":"Ca\u0142y transport w jednym miejscu","publisher":{"@id":"https:\/\/transinfo.pl\/x\/#organization"},"potentialAction":[{"@type":"SearchAction","target":{"@type":"EntryPoint","urlTemplate":"https:\/\/transinfo.pl\/x\/?s={search_term_string}"},"query-input":{"@type":"PropertyValueSpecification","valueRequired":true,"valueName":"search_term_string"}}],"inLanguage":"pl-PL"},{"@type":"Organization","@id":"https:\/\/transinfo.pl\/x\/#organization","name":"TransInfo","url":"https:\/\/transinfo.pl\/x\/","logo":{"@type":"ImageObject","inLanguage":"pl-PL","@id":"https:\/\/transinfo.pl\/x\/#\/schema\/logo\/image\/","url":"https:\/\/transinfo.pl\/x\/wp-content\/uploads\/2024\/10\/favicon.png","contentUrl":"https:\/\/transinfo.pl\/x\/wp-content\/uploads\/2024\/10\/favicon.png","width":512,"height":512,"caption":"TransInfo"},"image":{"@id":"https:\/\/transinfo.pl\/x\/#\/schema\/logo\/image\/"}}]}},"_links":{"self":[{"href":"https:\/\/transinfo.pl\/x\/wp-json\/wp\/v2\/inforail\/267171","targetHints":{"allow":["GET"]}}],"collection":[{"href":"https:\/\/transinfo.pl\/x\/wp-json\/wp\/v2\/inforail"}],"about":[{"href":"https:\/\/transinfo.pl\/x\/wp-json\/wp\/v2\/types\/inforail"}],"author":[{"embeddable":true,"href":"https:\/\/transinfo.pl\/x\/wp-json\/wp\/v2\/users\/3"}],"replies":[{"embeddable":true,"href":"https:\/\/transinfo.pl\/x\/wp-json\/wp\/v2\/comments?post=267171"}],"wp:featuredmedia":[{"embeddable":true,"href":"https:\/\/transinfo.pl\/x\/wp-json\/wp\/v2\/media\/267172"}],"wp:attachment":[{"href":"https:\/\/transinfo.pl\/x\/wp-json\/wp\/v2\/media?parent=267171"}],"wp:term":[{"taxonomy":"category","embeddable":true,"href":"https:\/\/transinfo.pl\/x\/wp-json\/wp\/v2\/categories?post=267171"},{"taxonomy":"post_tag","embeddable":true,"href":"https:\/\/transinfo.pl\/x\/wp-json\/wp\/v2\/tags?post=267171"}],"curies":[{"name":"wp","href":"https:\/\/api.w.org\/{rel}","templated":true}]}}