{"id":267103,"date":"2024-04-02T14:45:00","date_gmt":"2024-04-02T14:45:00","guid":{"rendered":"https:\/\/transinfo.pl\/x\/inforail\/pociagiem-z-pragi-do-brukseli-alternatywa-dla-samolotow\/"},"modified":"2024-04-02T14:45:00","modified_gmt":"2024-04-02T14:45:00","slug":"pociagiem-z-pragi-do-brukseli-alternatywa-dla-samolotow","status":"publish","type":"inforail","link":"https:\/\/transinfo.pl\/x\/inforail\/pociagiem-z-pragi-do-brukseli-alternatywa-dla-samolotow\/","title":{"rendered":"Poci\u0105giem z Pragi do Brukseli. Alternatywa dla samolot\u00f3w"},"content":{"rendered":"<style>h1,h2,h3,h4,h5,h6{margin:0 0 1.25rem;font-family:Arial,sans-serif;font-weight:600;color:#050505}h1{font-size:1.875rem;line-height:1.1em;text-transform:none}@media(min-width: 768px){h1{font-size:2.375rem}}h2{font-size:1.1875rem;line-height:1.2em;text-transform:uppercase}@media(min-width: 768px){h2{font-size:1.0625rem}}h3{font-size:0.9375rem;line-height:1.4em;font-weight:900;margin-bottom:0.9375rem}h4{font-size:0.875rem;line-height:1.2em;font-weight:500}h5{font-size:0.9375rem;line-height:1.6;font-weight:400}h6{font-size:0.9375rem;line-height:1.6;font-weight:600}\n<\/style>\n<h3 class=\"wp-block-heading\" id=\"h-nocne-pociagi-praga-bruksela-wracaja-na-trase-z-dworca-glownego-pragi-do-drezna-berlina-amsterdamu-lub-az-do-brukseli\">Nocne poci\u0105gi Praga \u2013 Bruksela wracaj\u0105 na tras\u0119 z dworca g\u0142\u00f3wnego Pragi do Drezna, Berlina, Amsterdamu lub a\u017c do Brukseli.<\/h3>\n\n\n<style>p{margin:0 0 1.5rem}p:last-child{margin:0}p.is-style-uppercase{text-transform:uppercase}p.is-style-preheading{color:#12406a;text-transform:uppercase}p.is-style-leadparagraph{font-size:1rem;line-height:1.625;font-weight:700}@media(min-width: 768px){p.is-style-leadparagraph{font-size:1.125rem;line-height:1.5555555556}}p.has-small-margin{margin-bottom:0.625rem}p.has-small-margin+h1,p.has-small-margin+h2,p.has-small-margin+h3{margin-top:1.875rem}\n<\/style>\n<p>Tak\u0105 opcj\u0119 oferuj\u0105 poci\u0105gi nocne European Sleeper.<\/p>\n\n\n\n<h2 class=\"wp-block-heading\" id=\"h-alternatywne-polaczenia\">Alternatywne po\u0142\u0105czenia<\/h2>\n\n\n\n<p>To powr\u00f3t tego typu po\u0142\u0105czenia kolejowego na europejskie tory. Pasa\u017cerowie, kt\u00f3rzy nie mog\u0105 lub nie chc\u0105 korzysta\u0107 z po\u0142\u0105cze\u0144 lotniczych zyskuj\u0105 now\u0105 alternatyw\u0119 dla podr\u00f3\u017cy po Europie. Poci\u0105gi zatrzymaj\u0105 si\u0119 r\u00f3wnie\u017c na terenie Czech, na stacjach \u00dast\u00ed nad Labem i D\u011b\u010d\u00edn.<\/p>\n\n\n\n<p><\/p>\n\n\n\n<figure class=\"wp-block-gallery has-nested-images columns-default is-cropped wp-block-gallery-1 is-layout-flex wp-block-gallery-is-layout-flex\"><style>.wp-block-image{margin:1.25rem 0;text-align:center}.wp-block-image figcaption{padding:0 0.9375rem;text-align:center}\n<\/style>\n<figure class=\"wp-block-image size-large\"><a href=\"https:\/\/transinfo.pl\/wp-content\/uploads\/2024\/04\/pociag-ES1.jpg\"><img decoding=\"async\" data-id=\"469863\" src=\"https:\/\/transinfo.pl\/wp-content\/uploads\/2024\/04\/pociag-ES1-1024x577.jpg\" alt=\"Nocne poci\u0105gi Praga \u2013 Bruksela wracaj\u0105 na tras\u0119 z dworca g\u0142\u00f3wnego Pragi do Drezna, Berlina, Amsterdamu lub a\u017c do Brukseli.\" class=\"wp-image-469863\" \/><\/a><figcaption class=\"wp-element-caption\">Nocny poci\u0105g Praga &#8211; Bruksela<\/figcaption><\/figure>\n\n\n\n<figure class=\"wp-block-image size-large\"><a href=\"https:\/\/transinfo.pl\/wp-content\/uploads\/2024\/04\/lok1.jpg\"><img decoding=\"async\" data-id=\"469861\" src=\"https:\/\/transinfo.pl\/wp-content\/uploads\/2024\/04\/lok1-1024x577.jpg\" alt=\"Nocne poci\u0105gi Praga \u2013 Bruksela wracaj\u0105 na tras\u0119 z dworca g\u0142\u00f3wnego Pragi do Drezna, Berlina, Amsterdamu lub a\u017c do Brukseli.\" class=\"wp-image-469861\" \/><\/a><figcaption class=\"wp-element-caption\">Nocny poci\u0105g Praga &#8211; Bruksela<\/figcaption><\/figure>\n\n\n\n<figure class=\"wp-block-image size-large\"><a href=\"https:\/\/transinfo.pl\/wp-content\/uploads\/2024\/04\/lok-1024x577.jpg\"><img decoding=\"async\" data-id=\"469860\" src=\"https:\/\/transinfo.pl\/wp-content\/uploads\/2024\/04\/lok-1024x577.jpg\" alt=\"Nocne poci\u0105gi Praga \u2013 Bruksela wracaj\u0105 na tras\u0119 z dworca g\u0142\u00f3wnego Pragi do Drezna, Berlina, Amsterdamu lub a\u017c do Brukseli.\" class=\"wp-image-469860\" \/><\/a><figcaption class=\"wp-element-caption\">Nocny poci\u0105g Praga &#8211; Bruksela<\/figcaption><\/figure>\n<\/figure>\n\n\n\n<p><\/p>\n\n\n\n<p>Zwiedzaj\u0105cy Czechy b\u0119d\u0105 mieli lepsz\u0105 okazj\u0119 pozna\u0107 inne miejsca w kraju ni\u017c tylko stolica.<\/p>\n\n\n\n<p>Wi\u0119cej informacji znajdziesz na stronie: <a href=\"https:\/\/www.europeansleeper.eu\/\">https:\/\/www.europeansleeper.eu\/<\/a><\/p>\n","protected":false},"author":3,"featured_media":267104,"comment_status":"","ping_status":"closed","template":"","categories":[28],"tags":[626,506,61,36,123,66],"class_list":["post-267103","inforail","type-inforail","status-publish","has-post-thumbnail","hentry","category-pasazer","tag-belgia","tag-czechy","tag-kolej","tag-linia","tag-pasazer","tag-pociag"],"acf":[],"yoast_head":"<!-- This site is optimized with the Yoast SEO Premium plugin v21.8 (Yoast SEO v23.7) - https:\/\/yoast.com\/wordpress\/plugins\/seo\/ -->\n<title>Poci\u0105giem z Pragi do Brukseli. Alternatywa dla samolot\u00f3w - TransInfo Archiwum<\/title>\n<meta name=\"description\" content=\"Nocne poci\u0105gi Praga \u2013 Bruksela wracaj\u0105 na tras\u0119 z dworca g\u0142\u00f3wnego Pragi do Drezna, Berlina, Amsterdamu lub a\u017c do Brukseli.\" \/>\n<meta name=\"robots\" content=\"index, follow, max-snippet:-1, max-image-preview:large, max-video-preview:-1\" \/>\n<link rel=\"canonical\" href=\"https:\/\/transinfo.pl\/x\/inforail\/pociagiem-z-pragi-do-brukseli-alternatywa-dla-samolotow\/\" \/>\n<meta property=\"og:locale\" content=\"pl_PL\" \/>\n<meta property=\"og:type\" content=\"article\" \/>\n<meta property=\"og:title\" content=\"Poci\u0105giem z Pragi do Brukseli. Alternatywa dla samolot\u00f3w\" \/>\n<meta property=\"og:description\" content=\"Nocne poci\u0105gi Praga \u2013 Bruksela wracaj\u0105 na tras\u0119 z dworca g\u0142\u00f3wnego Pragi do Drezna, Berlina, Amsterdamu lub a\u017c do Brukseli.\" \/>\n<meta property=\"og:url\" content=\"https:\/\/transinfo.pl\/x\/inforail\/pociagiem-z-pragi-do-brukseli-alternatywa-dla-samolotow\/\" \/>\n<meta property=\"og:site_name\" content=\"TransInfo Archiwum\" \/>\n<meta property=\"og:image\" content=\"https:\/\/transinfo.pl\/x\/wp-content\/uploads\/2024\/04\/pociag-ES.jpg\" \/>\n\t<meta property=\"og:image:width\" content=\"1\" \/>\n\t<meta property=\"og:image:height\" content=\"1\" \/>\n\t<meta property=\"og:image:type\" content=\"image\/jpeg\" \/>\n<meta name=\"twitter:card\" content=\"summary_large_image\" \/>\n<meta name=\"twitter:label1\" content=\"Szacowany czas czytania\" \/>\n\t<meta name=\"twitter:data1\" content=\"1 minuta\" \/>\n<script type=\"application\/ld+json\" class=\"yoast-schema-graph\">{\"@context\":\"https:\/\/schema.org\",\"@graph\":[{\"@type\":\"WebPage\",\"@id\":\"https:\/\/transinfo.pl\/x\/inforail\/pociagiem-z-pragi-do-brukseli-alternatywa-dla-samolotow\/\",\"url\":\"https:\/\/transinfo.pl\/x\/inforail\/pociagiem-z-pragi-do-brukseli-alternatywa-dla-samolotow\/\",\"name\":\"Poci\u0105giem z Pragi do Brukseli. Alternatywa dla samolot\u00f3w - TransInfo Archiwum\",\"isPartOf\":{\"@id\":\"https:\/\/transinfo.pl\/x\/#website\"},\"primaryImageOfPage\":{\"@id\":\"https:\/\/transinfo.pl\/x\/inforail\/pociagiem-z-pragi-do-brukseli-alternatywa-dla-samolotow\/#primaryimage\"},\"image\":{\"@id\":\"https:\/\/transinfo.pl\/x\/inforail\/pociagiem-z-pragi-do-brukseli-alternatywa-dla-samolotow\/#primaryimage\"},\"thumbnailUrl\":\"https:\/\/transinfo.pl\/x\/wp-content\/uploads\/2024\/04\/pociag-ES.jpg\",\"datePublished\":\"2024-04-02T14:45:00+00:00\",\"dateModified\":\"2024-04-02T14:45:00+00:00\",\"description\":\"Nocne poci\u0105gi Praga \u2013 Bruksela wracaj\u0105 na tras\u0119 z dworca g\u0142\u00f3wnego Pragi do Drezna, Berlina, Amsterdamu lub a\u017c do Brukseli.\",\"breadcrumb\":{\"@id\":\"https:\/\/transinfo.pl\/x\/inforail\/pociagiem-z-pragi-do-brukseli-alternatywa-dla-samolotow\/#breadcrumb\"},\"inLanguage\":\"pl-PL\",\"potentialAction\":[{\"@type\":\"ReadAction\",\"target\":[\"https:\/\/transinfo.pl\/x\/inforail\/pociagiem-z-pragi-do-brukseli-alternatywa-dla-samolotow\/\"]}]},{\"@type\":\"ImageObject\",\"inLanguage\":\"pl-PL\",\"@id\":\"https:\/\/transinfo.pl\/x\/inforail\/pociagiem-z-pragi-do-brukseli-alternatywa-dla-samolotow\/#primaryimage\",\"url\":\"https:\/\/transinfo.pl\/x\/wp-content\/uploads\/2024\/04\/pociag-ES.jpg\",\"contentUrl\":\"https:\/\/transinfo.pl\/x\/wp-content\/uploads\/2024\/04\/pociag-ES.jpg\"},{\"@type\":\"BreadcrumbList\",\"@id\":\"https:\/\/transinfo.pl\/x\/inforail\/pociagiem-z-pragi-do-brukseli-alternatywa-dla-samolotow\/#breadcrumb\",\"itemListElement\":[{\"@type\":\"ListItem\",\"position\":1,\"name\":\"Home\",\"item\":\"https:\/\/transinfo.pl\/x\/\"},{\"@type\":\"ListItem\",\"position\":2,\"name\":\"Inforail\",\"item\":\"https:\/\/transinfo.pl\/x\/inforail\/\"},{\"@type\":\"ListItem\",\"position\":3,\"name\":\"Poci\u0105giem z Pragi do Brukseli. Alternatywa dla samolot\u00f3w\"}]},{\"@type\":\"WebSite\",\"@id\":\"https:\/\/transinfo.pl\/x\/#website\",\"url\":\"https:\/\/transinfo.pl\/x\/\",\"name\":\"TransInfo Archiwum\",\"description\":\"Ca\u0142y transport w jednym miejscu\",\"publisher\":{\"@id\":\"https:\/\/transinfo.pl\/x\/#organization\"},\"potentialAction\":[{\"@type\":\"SearchAction\",\"target\":{\"@type\":\"EntryPoint\",\"urlTemplate\":\"https:\/\/transinfo.pl\/x\/?s={search_term_string}\"},\"query-input\":{\"@type\":\"PropertyValueSpecification\",\"valueRequired\":true,\"valueName\":\"search_term_string\"}}],\"inLanguage\":\"pl-PL\"},{\"@type\":\"Organization\",\"@id\":\"https:\/\/transinfo.pl\/x\/#organization\",\"name\":\"TransInfo\",\"url\":\"https:\/\/transinfo.pl\/x\/\",\"logo\":{\"@type\":\"ImageObject\",\"inLanguage\":\"pl-PL\",\"@id\":\"https:\/\/transinfo.pl\/x\/#\/schema\/logo\/image\/\",\"url\":\"https:\/\/transinfo.pl\/x\/wp-content\/uploads\/2024\/10\/favicon.png\",\"contentUrl\":\"https:\/\/transinfo.pl\/x\/wp-content\/uploads\/2024\/10\/favicon.png\",\"width\":512,\"height\":512,\"caption\":\"TransInfo\"},\"image\":{\"@id\":\"https:\/\/transinfo.pl\/x\/#\/schema\/logo\/image\/\"}}]}<\/script>\n<!-- \/ Yoast SEO Premium plugin. -->","yoast_head_json":{"title":"Poci\u0105giem z Pragi do Brukseli. Alternatywa dla samolot\u00f3w - TransInfo Archiwum","description":"Nocne poci\u0105gi Praga \u2013 Bruksela wracaj\u0105 na tras\u0119 z dworca g\u0142\u00f3wnego Pragi do Drezna, Berlina, Amsterdamu lub a\u017c do Brukseli.","robots":{"index":"index","follow":"follow","max-snippet":"max-snippet:-1","max-image-preview":"max-image-preview:large","max-video-preview":"max-video-preview:-1"},"canonical":"https:\/\/transinfo.pl\/x\/inforail\/pociagiem-z-pragi-do-brukseli-alternatywa-dla-samolotow\/","og_locale":"pl_PL","og_type":"article","og_title":"Poci\u0105giem z Pragi do Brukseli. Alternatywa dla samolot\u00f3w","og_description":"Nocne poci\u0105gi Praga \u2013 Bruksela wracaj\u0105 na tras\u0119 z dworca g\u0142\u00f3wnego Pragi do Drezna, Berlina, Amsterdamu lub a\u017c do Brukseli.","og_url":"https:\/\/transinfo.pl\/x\/inforail\/pociagiem-z-pragi-do-brukseli-alternatywa-dla-samolotow\/","og_site_name":"TransInfo Archiwum","og_image":[{"url":"https:\/\/transinfo.pl\/x\/wp-content\/uploads\/2024\/04\/pociag-ES.jpg","width":1,"height":1,"type":"image\/jpeg"}],"twitter_card":"summary_large_image","twitter_misc":{"Szacowany czas czytania":"1 minuta"},"schema":{"@context":"https:\/\/schema.org","@graph":[{"@type":"WebPage","@id":"https:\/\/transinfo.pl\/x\/inforail\/pociagiem-z-pragi-do-brukseli-alternatywa-dla-samolotow\/","url":"https:\/\/transinfo.pl\/x\/inforail\/pociagiem-z-pragi-do-brukseli-alternatywa-dla-samolotow\/","name":"Poci\u0105giem z Pragi do Brukseli. Alternatywa dla samolot\u00f3w - TransInfo Archiwum","isPartOf":{"@id":"https:\/\/transinfo.pl\/x\/#website"},"primaryImageOfPage":{"@id":"https:\/\/transinfo.pl\/x\/inforail\/pociagiem-z-pragi-do-brukseli-alternatywa-dla-samolotow\/#primaryimage"},"image":{"@id":"https:\/\/transinfo.pl\/x\/inforail\/pociagiem-z-pragi-do-brukseli-alternatywa-dla-samolotow\/#primaryimage"},"thumbnailUrl":"https:\/\/transinfo.pl\/x\/wp-content\/uploads\/2024\/04\/pociag-ES.jpg","datePublished":"2024-04-02T14:45:00+00:00","dateModified":"2024-04-02T14:45:00+00:00","description":"Nocne poci\u0105gi Praga \u2013 Bruksela wracaj\u0105 na tras\u0119 z dworca g\u0142\u00f3wnego Pragi do Drezna, Berlina, Amsterdamu lub a\u017c do Brukseli.","breadcrumb":{"@id":"https:\/\/transinfo.pl\/x\/inforail\/pociagiem-z-pragi-do-brukseli-alternatywa-dla-samolotow\/#breadcrumb"},"inLanguage":"pl-PL","potentialAction":[{"@type":"ReadAction","target":["https:\/\/transinfo.pl\/x\/inforail\/pociagiem-z-pragi-do-brukseli-alternatywa-dla-samolotow\/"]}]},{"@type":"ImageObject","inLanguage":"pl-PL","@id":"https:\/\/transinfo.pl\/x\/inforail\/pociagiem-z-pragi-do-brukseli-alternatywa-dla-samolotow\/#primaryimage","url":"https:\/\/transinfo.pl\/x\/wp-content\/uploads\/2024\/04\/pociag-ES.jpg","contentUrl":"https:\/\/transinfo.pl\/x\/wp-content\/uploads\/2024\/04\/pociag-ES.jpg"},{"@type":"BreadcrumbList","@id":"https:\/\/transinfo.pl\/x\/inforail\/pociagiem-z-pragi-do-brukseli-alternatywa-dla-samolotow\/#breadcrumb","itemListElement":[{"@type":"ListItem","position":1,"name":"Home","item":"https:\/\/transinfo.pl\/x\/"},{"@type":"ListItem","position":2,"name":"Inforail","item":"https:\/\/transinfo.pl\/x\/inforail\/"},{"@type":"ListItem","position":3,"name":"Poci\u0105giem z Pragi do Brukseli. Alternatywa dla samolot\u00f3w"}]},{"@type":"WebSite","@id":"https:\/\/transinfo.pl\/x\/#website","url":"https:\/\/transinfo.pl\/x\/","name":"TransInfo Archiwum","description":"Ca\u0142y transport w jednym miejscu","publisher":{"@id":"https:\/\/transinfo.pl\/x\/#organization"},"potentialAction":[{"@type":"SearchAction","target":{"@type":"EntryPoint","urlTemplate":"https:\/\/transinfo.pl\/x\/?s={search_term_string}"},"query-input":{"@type":"PropertyValueSpecification","valueRequired":true,"valueName":"search_term_string"}}],"inLanguage":"pl-PL"},{"@type":"Organization","@id":"https:\/\/transinfo.pl\/x\/#organization","name":"TransInfo","url":"https:\/\/transinfo.pl\/x\/","logo":{"@type":"ImageObject","inLanguage":"pl-PL","@id":"https:\/\/transinfo.pl\/x\/#\/schema\/logo\/image\/","url":"https:\/\/transinfo.pl\/x\/wp-content\/uploads\/2024\/10\/favicon.png","contentUrl":"https:\/\/transinfo.pl\/x\/wp-content\/uploads\/2024\/10\/favicon.png","width":512,"height":512,"caption":"TransInfo"},"image":{"@id":"https:\/\/transinfo.pl\/x\/#\/schema\/logo\/image\/"}}]}},"_links":{"self":[{"href":"https:\/\/transinfo.pl\/x\/wp-json\/wp\/v2\/inforail\/267103","targetHints":{"allow":["GET"]}}],"collection":[{"href":"https:\/\/transinfo.pl\/x\/wp-json\/wp\/v2\/inforail"}],"about":[{"href":"https:\/\/transinfo.pl\/x\/wp-json\/wp\/v2\/types\/inforail"}],"author":[{"embeddable":true,"href":"https:\/\/transinfo.pl\/x\/wp-json\/wp\/v2\/users\/3"}],"replies":[{"embeddable":true,"href":"https:\/\/transinfo.pl\/x\/wp-json\/wp\/v2\/comments?post=267103"}],"wp:featuredmedia":[{"embeddable":true,"href":"https:\/\/transinfo.pl\/x\/wp-json\/wp\/v2\/media\/267104"}],"wp:attachment":[{"href":"https:\/\/transinfo.pl\/x\/wp-json\/wp\/v2\/media?parent=267103"}],"wp:term":[{"taxonomy":"category","embeddable":true,"href":"https:\/\/transinfo.pl\/x\/wp-json\/wp\/v2\/categories?post=267103"},{"taxonomy":"post_tag","embeddable":true,"href":"https:\/\/transinfo.pl\/x\/wp-json\/wp\/v2\/tags?post=267103"}],"curies":[{"name":"wp","href":"https:\/\/api.w.org\/{rel}","templated":true}]}}