{"id":266966,"date":"2024-03-29T11:45:00","date_gmt":"2024-03-29T11:45:00","guid":{"rendered":"https:\/\/transinfo.pl\/x\/inforail\/dodatkowe-pociagi-kolei-malopolskich-na-krakowskie-lotnisko\/"},"modified":"2024-03-29T11:45:00","modified_gmt":"2024-03-29T11:45:00","slug":"dodatkowe-pociagi-kolei-malopolskich-na-krakowskie-lotnisko","status":"publish","type":"inforail","link":"https:\/\/transinfo.pl\/x\/inforail\/dodatkowe-pociagi-kolei-malopolskich-na-krakowskie-lotnisko\/","title":{"rendered":"Dodatkowe poci\u0105gi Kolei Ma\u0142opolskich na krakowskie lotnisko"},"content":{"rendered":"<style>h1,h2,h3,h4,h5,h6{margin:0 0 1.25rem;font-family:Arial,sans-serif;font-weight:600;color:#050505}h1{font-size:1.875rem;line-height:1.1em;text-transform:none}@media(min-width: 768px){h1{font-size:2.375rem}}h2{font-size:1.1875rem;line-height:1.2em;text-transform:uppercase}@media(min-width: 768px){h2{font-size:1.0625rem}}h3{font-size:0.9375rem;line-height:1.4em;font-weight:900;margin-bottom:0.9375rem}h4{font-size:0.875rem;line-height:1.2em;font-weight:500}h5{font-size:0.9375rem;line-height:1.6;font-weight:400}h6{font-size:0.9375rem;line-height:1.6;font-weight:600}\n<\/style>\n<h3 class=\"wp-block-heading\" id=\"h-w-nbsp-zwiazku-ze-zmiana-rozkladu-lotow-operujacych-z-nbsp-miedzynarodowego-portu-lotniczego-krakow-balice-w-nbsp-sezonie-letnim-i-nbsp-zwiekszona-liczba-przylotow-w-nbsp-godzinach-poznowieczornych-od-2-kwietnia-2024-r-zmieni-sie-rozklad-jazdy-ostatnich-pociagow-w-nbsp-dobie\"><strong>W&nbsp;zwi\u0105zku ze zmian\u0105 rozk\u0142adu lot\u00f3w operuj\u0105cych z&nbsp;Mi\u0119dzynarodowego Portu Lotniczego Krak\u00f3w-Balice w&nbsp;sezonie letnim i&nbsp;zwi\u0119kszon\u0105 liczb\u0105 przylot\u00f3w w&nbsp;godzinach p\u00f3\u017anowieczornych, od 2 kwietnia 2024 r. zmieni si\u0119 rozk\u0142ad jazdy ostatnich poci\u0105g\u00f3w w&nbsp;dobie.<\/strong><\/h3>\n\n\n<style>p{margin:0 0 1.5rem}p:last-child{margin:0}p.is-style-uppercase{text-transform:uppercase}p.is-style-preheading{color:#12406a;text-transform:uppercase}p.is-style-leadparagraph{font-size:1rem;line-height:1.625;font-weight:700}@media(min-width: 768px){p.is-style-leadparagraph{font-size:1.125rem;line-height:1.5555555556}}p.has-small-margin{margin-bottom:0.625rem}p.has-small-margin+h1,p.has-small-margin+h2,p.has-small-margin+h3{margin-top:1.875rem}\n<\/style>\n<p>Chodzi o sk\u0142ady kursuj\u0105ce na&nbsp;odcinku Krak\u00f3w G\u0142\u00f3wny \u2013 Krak\u00f3w Lotnisko.<\/p>\n\n\n\n<h2 class=\"wp-block-heading\" id=\"h-zmiany-dla-pasazerow\">Zmiany dla pasa\u017cer\u00f3w<\/h2>\n\n\n\n<p>Poci\u0105g 33264 b\u0119dzie kursowa\u0142 20 minut wcze\u015bniej ni\u017c dotychczas tj. Krak\u00f3w Lotnisko odj. 0:17 \u2013 Krak\u00f3w G\u0142\u00f3wny przyj. 0:34.<\/p>\n\n\n\n<p><\/p>\n\n\n<style>.wp-block-image{margin:1.25rem 0;text-align:center}.wp-block-image figcaption{padding:0 0.9375rem;text-align:center}\n<\/style>\n<figure class=\"wp-block-image size-full\"><a href=\"https:\/\/transinfo.pl\/wp-content\/uploads\/2024\/03\/koleje-malopolskie-851x550-1-851x550-1-1.jpg\"><img decoding=\"async\" src=\"https:\/\/transinfo.pl\/wp-content\/uploads\/2024\/03\/koleje-malopolskie-851x550-1-851x550-1-1.jpg\" alt=\"W\u00a0zwi\u0105zku ze zmian\u0105 rozk\u0142adu lot\u00f3w operuj\u0105cych z\u00a0Mi\u0119dzynarodowego Portu Lotniczego Krak\u00f3w-Balice w\u00a0sezonie letnim i\u00a0zwi\u0119kszon\u0105 liczb\u0105 przylot\u00f3w w\u00a0godzinach p\u00f3\u017anowieczornych, od 2 kwietnia 2024 r. zmieni si\u0119 rozk\u0142ad jazdy ostatnich poci\u0105g\u00f3w w\u00a0dobie.\" class=\"wp-image-469556\" \/><\/a><figcaption class=\"wp-element-caption\">Poci\u0105g Kolei Ma\u0142opolskich<\/figcaption><\/figure>\n\n\n\n<p><\/p>\n\n\n\n<p>Jednocze\u015bnie uruchomione zostan\u0105 dwa dodatkowe poci\u0105gi:<\/p>\n\n\n<style>.page-content ul:not([class]),.acf-block ul:not([class]),.editor-rich-text ul,ol{padding-left:0.9375rem;margin-top:0;margin-bottom:1.5rem}.page-content ul:not([class]) ul,.page-content ul:not([class]) ol,.acf-block ul:not([class]) ul,.acf-block ul:not([class]) ol,.editor-rich-text ul ul,.editor-rich-text ul ol,ol ul,ol ol{margin:0}.page-content ul:not([class]) li,.acf-block ul:not([class]) li,.editor-rich-text ul li,ol li{margin-bottom:1.5rem}ul.with-icons{list-style:none;margin-left:0;padding-left:0}ul.with-icons li{margin-bottom:1.875rem}ul.with-icons li img{margin-bottom:15px}\n<\/style>\n<ul class=\"wp-block-list\">\n<li>33371 Krak\u00f3w G\u0142\u00f3wny odj. 0:46 \u2013 Krak\u00f3w Lotnisko przyj. 1:03,<\/li>\n\n\n\n<li>33266 Krak\u00f3w Lotnisko odj. 1:17 \u2013 Krak\u00f3w G\u0142\u00f3wny przyj. 1:34.<\/li>\n<\/ul>\n\n\n\n<p>Dzi\u0119ki dodatkowym kursom zapewnimy obs\u0142ug\u0119 pasa\u017cer\u00f3w przylatuj\u0105cych do\u00a0Krakowa p\u00f3\u017anowieczornymi lotami &#8211; poda\u0142y Koleje Ma\u0142opolskie. <\/p>\n\n\n\n<p>\u201eOznacza to, \u017ce&nbsp;poci\u0105gi ze stacji Krak\u00f3w Lotnisko b\u0119d\u0105 odje\u017cd\u017ca\u0107 w cyklu godzinnym od godziny 18:17, a\u017c do godziny 1:17, zapewniaj\u0105c tym samym obs\u0142ug\u0119 mo\u017cliwie du\u017cej liczby os\u00f3b przylatuj\u0105cych do Krakowa nawet p\u00f3\u017anowieczornymi lotami\u201d &#8211; wskazano.<\/p>\n\n\n\n<p>W letnim rozk\u0142adzie po\u0142\u0105cze\u0144 Krak\u00f3w Airport, kt\u00f3ry zacznie obowi\u0105zywa\u0107 od niedzieli, znajdzie si\u0119 150 po\u0142\u0105cze\u0144 do 33 kraj\u00f3w, realizowanych przez 26 linii lotniczych.<\/p>\n\n\n\n<p>Mi\u0119dzynarodowy Port Lotniczy Krak\u00f3w-Balice jest drugim lotniskiem w Polsce pod wzgl\u0119dem liczby obs\u0142ugiwanych pasa\u017cer\u00f3w i najwi\u0119kszym portem regionalnym. W zesz\u0142ym roku lotnisko osi\u0105gn\u0119\u0142o rekordowy wynik, obs\u0142uguj\u0105c ponad 9,4 mln podr\u00f3\u017cnych. W tym roku planuje przekroczy\u0107 poziom 10 mln os\u00f3b.<\/p>\n","protected":false},"author":3,"featured_media":264617,"comment_status":"","ping_status":"closed","template":"","categories":[28],"tags":[2148,58,45,66],"class_list":["post-266966","inforail","type-inforail","status-publish","has-post-thumbnail","hentry","category-pasazer","tag-koleje-malopolskie","tag-krakow","tag-lotnisko","tag-pociag"],"acf":[],"yoast_head":"<!-- This site is optimized with the Yoast SEO Premium plugin v21.8 (Yoast SEO v23.7) - https:\/\/yoast.com\/wordpress\/plugins\/seo\/ -->\n<title>Dodatkowe poci\u0105gi Kolei Ma\u0142opolskich na krakowskie lotnisko - TransInfo Archiwum<\/title>\n<meta name=\"description\" content=\"W\u00a0zwi\u0105zku ze zmian\u0105 rozk\u0142adu lot\u00f3w operuj\u0105cych z\u00a0Mi\u0119dzynarodowego Portu Lotniczego Krak\u00f3w-Balice zmieni si\u0119 rozk\u0142ad jazdy poci\u0105g\u00f3w.\" \/>\n<meta name=\"robots\" content=\"index, follow, max-snippet:-1, max-image-preview:large, max-video-preview:-1\" \/>\n<link rel=\"canonical\" href=\"https:\/\/transinfo.pl\/x\/inforail\/dodatkowe-pociagi-kolei-malopolskich-na-krakowskie-lotnisko\/\" \/>\n<meta property=\"og:locale\" content=\"pl_PL\" \/>\n<meta property=\"og:type\" content=\"article\" \/>\n<meta property=\"og:title\" content=\"Dodatkowe poci\u0105gi Kolei Ma\u0142opolskich na krakowskie lotnisko\" \/>\n<meta property=\"og:description\" content=\"W\u00a0zwi\u0105zku ze zmian\u0105 rozk\u0142adu lot\u00f3w operuj\u0105cych z\u00a0Mi\u0119dzynarodowego Portu Lotniczego Krak\u00f3w-Balice zmieni si\u0119 rozk\u0142ad jazdy poci\u0105g\u00f3w.\" \/>\n<meta property=\"og:url\" content=\"https:\/\/transinfo.pl\/x\/inforail\/dodatkowe-pociagi-kolei-malopolskich-na-krakowskie-lotnisko\/\" \/>\n<meta property=\"og:site_name\" content=\"TransInfo Archiwum\" \/>\n<meta property=\"og:image\" content=\"https:\/\/transinfo.pl\/x\/wp-content\/uploads\/2024\/02\/kml.jpg\" \/>\n\t<meta property=\"og:image:width\" content=\"1\" \/>\n\t<meta property=\"og:image:height\" content=\"1\" \/>\n\t<meta property=\"og:image:type\" content=\"image\/jpeg\" \/>\n<meta name=\"twitter:card\" content=\"summary_large_image\" \/>\n<meta name=\"twitter:label1\" content=\"Szacowany czas czytania\" \/>\n\t<meta name=\"twitter:data1\" content=\"1 minuta\" \/>\n<script type=\"application\/ld+json\" class=\"yoast-schema-graph\">{\"@context\":\"https:\/\/schema.org\",\"@graph\":[{\"@type\":\"WebPage\",\"@id\":\"https:\/\/transinfo.pl\/x\/inforail\/dodatkowe-pociagi-kolei-malopolskich-na-krakowskie-lotnisko\/\",\"url\":\"https:\/\/transinfo.pl\/x\/inforail\/dodatkowe-pociagi-kolei-malopolskich-na-krakowskie-lotnisko\/\",\"name\":\"Dodatkowe poci\u0105gi Kolei Ma\u0142opolskich na krakowskie lotnisko - TransInfo Archiwum\",\"isPartOf\":{\"@id\":\"https:\/\/transinfo.pl\/x\/#website\"},\"primaryImageOfPage\":{\"@id\":\"https:\/\/transinfo.pl\/x\/inforail\/dodatkowe-pociagi-kolei-malopolskich-na-krakowskie-lotnisko\/#primaryimage\"},\"image\":{\"@id\":\"https:\/\/transinfo.pl\/x\/inforail\/dodatkowe-pociagi-kolei-malopolskich-na-krakowskie-lotnisko\/#primaryimage\"},\"thumbnailUrl\":\"https:\/\/transinfo.pl\/x\/wp-content\/uploads\/2024\/02\/kml.jpg\",\"datePublished\":\"2024-03-29T11:45:00+00:00\",\"dateModified\":\"2024-03-29T11:45:00+00:00\",\"description\":\"W\u00a0zwi\u0105zku ze zmian\u0105 rozk\u0142adu lot\u00f3w operuj\u0105cych z\u00a0Mi\u0119dzynarodowego Portu Lotniczego Krak\u00f3w-Balice zmieni si\u0119 rozk\u0142ad jazdy poci\u0105g\u00f3w.\",\"breadcrumb\":{\"@id\":\"https:\/\/transinfo.pl\/x\/inforail\/dodatkowe-pociagi-kolei-malopolskich-na-krakowskie-lotnisko\/#breadcrumb\"},\"inLanguage\":\"pl-PL\",\"potentialAction\":[{\"@type\":\"ReadAction\",\"target\":[\"https:\/\/transinfo.pl\/x\/inforail\/dodatkowe-pociagi-kolei-malopolskich-na-krakowskie-lotnisko\/\"]}]},{\"@type\":\"ImageObject\",\"inLanguage\":\"pl-PL\",\"@id\":\"https:\/\/transinfo.pl\/x\/inforail\/dodatkowe-pociagi-kolei-malopolskich-na-krakowskie-lotnisko\/#primaryimage\",\"url\":\"https:\/\/transinfo.pl\/x\/wp-content\/uploads\/2024\/02\/kml.jpg\",\"contentUrl\":\"https:\/\/transinfo.pl\/x\/wp-content\/uploads\/2024\/02\/kml.jpg\"},{\"@type\":\"BreadcrumbList\",\"@id\":\"https:\/\/transinfo.pl\/x\/inforail\/dodatkowe-pociagi-kolei-malopolskich-na-krakowskie-lotnisko\/#breadcrumb\",\"itemListElement\":[{\"@type\":\"ListItem\",\"position\":1,\"name\":\"Home\",\"item\":\"https:\/\/transinfo.pl\/x\/\"},{\"@type\":\"ListItem\",\"position\":2,\"name\":\"Inforail\",\"item\":\"https:\/\/transinfo.pl\/x\/inforail\/\"},{\"@type\":\"ListItem\",\"position\":3,\"name\":\"Dodatkowe poci\u0105gi Kolei Ma\u0142opolskich na krakowskie lotnisko\"}]},{\"@type\":\"WebSite\",\"@id\":\"https:\/\/transinfo.pl\/x\/#website\",\"url\":\"https:\/\/transinfo.pl\/x\/\",\"name\":\"TransInfo Archiwum\",\"description\":\"Ca\u0142y transport w jednym miejscu\",\"publisher\":{\"@id\":\"https:\/\/transinfo.pl\/x\/#organization\"},\"potentialAction\":[{\"@type\":\"SearchAction\",\"target\":{\"@type\":\"EntryPoint\",\"urlTemplate\":\"https:\/\/transinfo.pl\/x\/?s={search_term_string}\"},\"query-input\":{\"@type\":\"PropertyValueSpecification\",\"valueRequired\":true,\"valueName\":\"search_term_string\"}}],\"inLanguage\":\"pl-PL\"},{\"@type\":\"Organization\",\"@id\":\"https:\/\/transinfo.pl\/x\/#organization\",\"name\":\"TransInfo\",\"url\":\"https:\/\/transinfo.pl\/x\/\",\"logo\":{\"@type\":\"ImageObject\",\"inLanguage\":\"pl-PL\",\"@id\":\"https:\/\/transinfo.pl\/x\/#\/schema\/logo\/image\/\",\"url\":\"https:\/\/transinfo.pl\/x\/wp-content\/uploads\/2024\/10\/favicon.png\",\"contentUrl\":\"https:\/\/transinfo.pl\/x\/wp-content\/uploads\/2024\/10\/favicon.png\",\"width\":512,\"height\":512,\"caption\":\"TransInfo\"},\"image\":{\"@id\":\"https:\/\/transinfo.pl\/x\/#\/schema\/logo\/image\/\"}}]}<\/script>\n<!-- \/ Yoast SEO Premium plugin. -->","yoast_head_json":{"title":"Dodatkowe poci\u0105gi Kolei Ma\u0142opolskich na krakowskie lotnisko - TransInfo Archiwum","description":"W\u00a0zwi\u0105zku ze zmian\u0105 rozk\u0142adu lot\u00f3w operuj\u0105cych z\u00a0Mi\u0119dzynarodowego Portu Lotniczego Krak\u00f3w-Balice zmieni si\u0119 rozk\u0142ad jazdy poci\u0105g\u00f3w.","robots":{"index":"index","follow":"follow","max-snippet":"max-snippet:-1","max-image-preview":"max-image-preview:large","max-video-preview":"max-video-preview:-1"},"canonical":"https:\/\/transinfo.pl\/x\/inforail\/dodatkowe-pociagi-kolei-malopolskich-na-krakowskie-lotnisko\/","og_locale":"pl_PL","og_type":"article","og_title":"Dodatkowe poci\u0105gi Kolei Ma\u0142opolskich na krakowskie lotnisko","og_description":"W\u00a0zwi\u0105zku ze zmian\u0105 rozk\u0142adu lot\u00f3w operuj\u0105cych z\u00a0Mi\u0119dzynarodowego Portu Lotniczego Krak\u00f3w-Balice zmieni si\u0119 rozk\u0142ad jazdy poci\u0105g\u00f3w.","og_url":"https:\/\/transinfo.pl\/x\/inforail\/dodatkowe-pociagi-kolei-malopolskich-na-krakowskie-lotnisko\/","og_site_name":"TransInfo Archiwum","og_image":[{"url":"https:\/\/transinfo.pl\/x\/wp-content\/uploads\/2024\/02\/kml.jpg","width":1,"height":1,"type":"image\/jpeg"}],"twitter_card":"summary_large_image","twitter_misc":{"Szacowany czas czytania":"1 minuta"},"schema":{"@context":"https:\/\/schema.org","@graph":[{"@type":"WebPage","@id":"https:\/\/transinfo.pl\/x\/inforail\/dodatkowe-pociagi-kolei-malopolskich-na-krakowskie-lotnisko\/","url":"https:\/\/transinfo.pl\/x\/inforail\/dodatkowe-pociagi-kolei-malopolskich-na-krakowskie-lotnisko\/","name":"Dodatkowe poci\u0105gi Kolei Ma\u0142opolskich na krakowskie lotnisko - TransInfo Archiwum","isPartOf":{"@id":"https:\/\/transinfo.pl\/x\/#website"},"primaryImageOfPage":{"@id":"https:\/\/transinfo.pl\/x\/inforail\/dodatkowe-pociagi-kolei-malopolskich-na-krakowskie-lotnisko\/#primaryimage"},"image":{"@id":"https:\/\/transinfo.pl\/x\/inforail\/dodatkowe-pociagi-kolei-malopolskich-na-krakowskie-lotnisko\/#primaryimage"},"thumbnailUrl":"https:\/\/transinfo.pl\/x\/wp-content\/uploads\/2024\/02\/kml.jpg","datePublished":"2024-03-29T11:45:00+00:00","dateModified":"2024-03-29T11:45:00+00:00","description":"W\u00a0zwi\u0105zku ze zmian\u0105 rozk\u0142adu lot\u00f3w operuj\u0105cych z\u00a0Mi\u0119dzynarodowego Portu Lotniczego Krak\u00f3w-Balice zmieni si\u0119 rozk\u0142ad jazdy poci\u0105g\u00f3w.","breadcrumb":{"@id":"https:\/\/transinfo.pl\/x\/inforail\/dodatkowe-pociagi-kolei-malopolskich-na-krakowskie-lotnisko\/#breadcrumb"},"inLanguage":"pl-PL","potentialAction":[{"@type":"ReadAction","target":["https:\/\/transinfo.pl\/x\/inforail\/dodatkowe-pociagi-kolei-malopolskich-na-krakowskie-lotnisko\/"]}]},{"@type":"ImageObject","inLanguage":"pl-PL","@id":"https:\/\/transinfo.pl\/x\/inforail\/dodatkowe-pociagi-kolei-malopolskich-na-krakowskie-lotnisko\/#primaryimage","url":"https:\/\/transinfo.pl\/x\/wp-content\/uploads\/2024\/02\/kml.jpg","contentUrl":"https:\/\/transinfo.pl\/x\/wp-content\/uploads\/2024\/02\/kml.jpg"},{"@type":"BreadcrumbList","@id":"https:\/\/transinfo.pl\/x\/inforail\/dodatkowe-pociagi-kolei-malopolskich-na-krakowskie-lotnisko\/#breadcrumb","itemListElement":[{"@type":"ListItem","position":1,"name":"Home","item":"https:\/\/transinfo.pl\/x\/"},{"@type":"ListItem","position":2,"name":"Inforail","item":"https:\/\/transinfo.pl\/x\/inforail\/"},{"@type":"ListItem","position":3,"name":"Dodatkowe poci\u0105gi Kolei Ma\u0142opolskich na krakowskie lotnisko"}]},{"@type":"WebSite","@id":"https:\/\/transinfo.pl\/x\/#website","url":"https:\/\/transinfo.pl\/x\/","name":"TransInfo Archiwum","description":"Ca\u0142y transport w jednym miejscu","publisher":{"@id":"https:\/\/transinfo.pl\/x\/#organization"},"potentialAction":[{"@type":"SearchAction","target":{"@type":"EntryPoint","urlTemplate":"https:\/\/transinfo.pl\/x\/?s={search_term_string}"},"query-input":{"@type":"PropertyValueSpecification","valueRequired":true,"valueName":"search_term_string"}}],"inLanguage":"pl-PL"},{"@type":"Organization","@id":"https:\/\/transinfo.pl\/x\/#organization","name":"TransInfo","url":"https:\/\/transinfo.pl\/x\/","logo":{"@type":"ImageObject","inLanguage":"pl-PL","@id":"https:\/\/transinfo.pl\/x\/#\/schema\/logo\/image\/","url":"https:\/\/transinfo.pl\/x\/wp-content\/uploads\/2024\/10\/favicon.png","contentUrl":"https:\/\/transinfo.pl\/x\/wp-content\/uploads\/2024\/10\/favicon.png","width":512,"height":512,"caption":"TransInfo"},"image":{"@id":"https:\/\/transinfo.pl\/x\/#\/schema\/logo\/image\/"}}]}},"_links":{"self":[{"href":"https:\/\/transinfo.pl\/x\/wp-json\/wp\/v2\/inforail\/266966","targetHints":{"allow":["GET"]}}],"collection":[{"href":"https:\/\/transinfo.pl\/x\/wp-json\/wp\/v2\/inforail"}],"about":[{"href":"https:\/\/transinfo.pl\/x\/wp-json\/wp\/v2\/types\/inforail"}],"author":[{"embeddable":true,"href":"https:\/\/transinfo.pl\/x\/wp-json\/wp\/v2\/users\/3"}],"replies":[{"embeddable":true,"href":"https:\/\/transinfo.pl\/x\/wp-json\/wp\/v2\/comments?post=266966"}],"wp:featuredmedia":[{"embeddable":true,"href":"https:\/\/transinfo.pl\/x\/wp-json\/wp\/v2\/media\/264617"}],"wp:attachment":[{"href":"https:\/\/transinfo.pl\/x\/wp-json\/wp\/v2\/media?parent=266966"}],"wp:term":[{"taxonomy":"category","embeddable":true,"href":"https:\/\/transinfo.pl\/x\/wp-json\/wp\/v2\/categories?post=266966"},{"taxonomy":"post_tag","embeddable":true,"href":"https:\/\/transinfo.pl\/x\/wp-json\/wp\/v2\/tags?post=266966"}],"curies":[{"name":"wp","href":"https:\/\/api.w.org\/{rel}","templated":true}]}}