{"id":266953,"date":"2024-03-29T08:45:00","date_gmt":"2024-03-29T08:45:00","guid":{"rendered":"https:\/\/transinfo.pl\/x\/inforail\/polregio-uruchomi-wakacyjny-pociag-nad-morze-to-rybitwa\/"},"modified":"2024-03-29T08:45:00","modified_gmt":"2024-03-29T08:45:00","slug":"polregio-uruchomi-wakacyjny-pociag-nad-morze-to-rybitwa","status":"publish","type":"inforail","link":"https:\/\/transinfo.pl\/x\/inforail\/polregio-uruchomi-wakacyjny-pociag-nad-morze-to-rybitwa\/","title":{"rendered":"Polregio uruchomi wakacyjny poci\u0105g nad morze. To Rybitwa"},"content":{"rendered":"<style>h1,h2,h3,h4,h5,h6{margin:0 0 1.25rem;font-family:Arial,sans-serif;font-weight:600;color:#050505}h1{font-size:1.875rem;line-height:1.1em;text-transform:none}@media(min-width: 768px){h1{font-size:2.375rem}}h2{font-size:1.1875rem;line-height:1.2em;text-transform:uppercase}@media(min-width: 768px){h2{font-size:1.0625rem}}h3{font-size:0.9375rem;line-height:1.4em;font-weight:900;margin-bottom:0.9375rem}h4{font-size:0.875rem;line-height:1.2em;font-weight:500}h5{font-size:0.9375rem;line-height:1.6;font-weight:400}h6{font-size:0.9375rem;line-height:1.6;font-weight:600}\n<\/style>\n<h3 class=\"wp-block-heading\" id=\"h-w-tegoroczne-wakacje-latwiej-bedzie-dojechac-z-torunia-i-bydgoszczy-do-kolobrzegu-i-wrocic-znad-morza\"><strong>W tegoroczne wakacje \u0142atwiej b\u0119dzie dojecha\u0107 z Torunia i Bydgoszczy do Ko\u0142obrzegu i wr\u00f3ci\u0107 znad morza. <\/strong><\/h3>\n\n\n<style>p{margin:0 0 1.5rem}p:last-child{margin:0}p.is-style-uppercase{text-transform:uppercase}p.is-style-preheading{color:#12406a;text-transform:uppercase}p.is-style-leadparagraph{font-size:1rem;line-height:1.625;font-weight:700}@media(min-width: 768px){p.is-style-leadparagraph{font-size:1.125rem;line-height:1.5555555556}}p.has-small-margin{margin-bottom:0.625rem}p.has-small-margin+h1,p.has-small-margin+h2,p.has-small-margin+h3{margin-top:1.875rem}\n<\/style>\n<p><strong>Po\u0142\u0105czenie ju\u017c od ko\u0144ca czerwca zapewni Polregio.<\/strong><\/p>\n\n\n\n<h2 class=\"wp-block-heading\" id=\"h-od-22-czerwca\">Od 22 czerwca<\/h2>\n\n\n\n<p>Regularne po\u0142\u0105czenia Bydgoszczy z Ko\u0142obrzegiem maj\u0105 ruszy\u0107 od 22 czerwca. O rozpocz\u0119ciu przewoz\u00f3w na tej trasie poinformowa\u0142 wicemarsza\u0142ek wojew\u00f3dztwa Zbigniew Ostrowski. <\/p>\n\n\n\n<p><\/p>\n\n\n<style>.wp-block-image{margin:1.25rem 0;text-align:center}.wp-block-image figcaption{padding:0 0.9375rem;text-align:center}\n<\/style>\n<figure class=\"wp-block-image size-large\"><a href=\"https:\/\/transinfo.pl\/wp-content\/uploads\/2024\/03\/elf-3-1024x768.jpg\"><img decoding=\"async\" src=\"https:\/\/transinfo.pl\/wp-content\/uploads\/2024\/03\/elf-3-1024x768.jpg\" alt=\"W tegoroczne wakacje \u0142atwiej b\u0119dzie dojecha\u0107 z Torunia i Bydgoszczy do Ko\u0142obrzegu i wr\u00f3ci\u0107 znad morza. \" class=\"wp-image-469543\" \/><\/a><figcaption class=\"wp-element-caption\">Kujawsko-pomorski ezt<\/figcaption><\/figure>\n\n\n\n<p><\/p>\n\n\n\n<p>Poci\u0105g \u201eRybitwa\u201d ma zapewnia\u0107 komfortowe warunki podr\u00f3\u017cy \u2013 z klimatyzacj\u0105, udogodnieniami dla os\u00f3b z niepe\u0142nosprawno\u015bciami i dost\u0119pem do wi-fi. Atrakcyjna ma by\u0107 cena po\u0142\u0105czenia \u2013 bilet w obie strony ma kosztowa\u0107 47 z\u0142otych. Sama podr\u00f3\u017c ma zaj\u0105\u0107 \u2013 na trasie Toru\u0144 \u2013 Bydgoszcz \u2013 Ko\u0142obrzeg oko\u0142o 5 godzin, ze stacji Bydgoszcz G\u0142\u00f3wna do Ko\u0142obrzegu \u2013 4 godziny 25 minut. <\/p>\n\n\n\n<p>Po drodze poci\u0105g b\u0119dzie zatrzymywa\u0142 si\u0119 tak\u017ce w Nakle nad Noteci\u0105, Pile, Jastrowiu, Szczecinku, Bia\u0142ogardzie i Karlinie.<\/p>\n","protected":false},"author":3,"featured_media":266954,"comment_status":"","ping_status":"closed","template":"","categories":[28],"tags":[268,62,123,66,59],"class_list":["post-266953","inforail","type-inforail","status-publish","has-post-thumbnail","hentry","category-pasazer","tag-kolobrzeg","tag-kujawsko-pomorskie","tag-pasazer","tag-pociag","tag-polregio"],"acf":[],"yoast_head":"<!-- This site is optimized with the Yoast SEO Premium plugin v21.8 (Yoast SEO v23.7) - https:\/\/yoast.com\/wordpress\/plugins\/seo\/ -->\n<title>Polregio uruchomi wakacyjny poci\u0105g nad morze. To Rybitwa - TransInfo Archiwum<\/title>\n<meta name=\"description\" content=\"W tegoroczne wakacje \u0142atwiej b\u0119dzie dojecha\u0107 z Torunia i Bydgoszczy do Ko\u0142obrzegu i wr\u00f3ci\u0107 znad morza. Poci\u0105giem Rybitwa.\" \/>\n<meta name=\"robots\" content=\"index, follow, max-snippet:-1, max-image-preview:large, max-video-preview:-1\" \/>\n<link rel=\"canonical\" href=\"https:\/\/transinfo.pl\/x\/inforail\/polregio-uruchomi-wakacyjny-pociag-nad-morze-to-rybitwa\/\" \/>\n<meta property=\"og:locale\" content=\"pl_PL\" \/>\n<meta property=\"og:type\" content=\"article\" \/>\n<meta property=\"og:title\" content=\"Polregio uruchomi wakacyjny poci\u0105g nad morze. To Rybitwa\" \/>\n<meta property=\"og:description\" content=\"W tegoroczne wakacje \u0142atwiej b\u0119dzie dojecha\u0107 z Torunia i Bydgoszczy do Ko\u0142obrzegu i wr\u00f3ci\u0107 znad morza. Poci\u0105giem Rybitwa.\" \/>\n<meta property=\"og:url\" content=\"https:\/\/transinfo.pl\/x\/inforail\/polregio-uruchomi-wakacyjny-pociag-nad-morze-to-rybitwa\/\" \/>\n<meta property=\"og:site_name\" content=\"TransInfo Archiwum\" \/>\n<meta property=\"og:image\" content=\"https:\/\/transinfo.pl\/x\/wp-content\/uploads\/2024\/03\/elf2-1.jpg\" \/>\n\t<meta property=\"og:image:width\" content=\"1\" \/>\n\t<meta property=\"og:image:height\" content=\"1\" \/>\n\t<meta property=\"og:image:type\" content=\"image\/jpeg\" \/>\n<meta name=\"twitter:card\" content=\"summary_large_image\" \/>\n<meta name=\"twitter:label1\" content=\"Szacowany czas czytania\" \/>\n\t<meta name=\"twitter:data1\" content=\"1 minuta\" \/>\n<script type=\"application\/ld+json\" class=\"yoast-schema-graph\">{\"@context\":\"https:\/\/schema.org\",\"@graph\":[{\"@type\":\"WebPage\",\"@id\":\"https:\/\/transinfo.pl\/x\/inforail\/polregio-uruchomi-wakacyjny-pociag-nad-morze-to-rybitwa\/\",\"url\":\"https:\/\/transinfo.pl\/x\/inforail\/polregio-uruchomi-wakacyjny-pociag-nad-morze-to-rybitwa\/\",\"name\":\"Polregio uruchomi wakacyjny poci\u0105g nad morze. To Rybitwa - TransInfo Archiwum\",\"isPartOf\":{\"@id\":\"https:\/\/transinfo.pl\/x\/#website\"},\"primaryImageOfPage\":{\"@id\":\"https:\/\/transinfo.pl\/x\/inforail\/polregio-uruchomi-wakacyjny-pociag-nad-morze-to-rybitwa\/#primaryimage\"},\"image\":{\"@id\":\"https:\/\/transinfo.pl\/x\/inforail\/polregio-uruchomi-wakacyjny-pociag-nad-morze-to-rybitwa\/#primaryimage\"},\"thumbnailUrl\":\"https:\/\/transinfo.pl\/x\/wp-content\/uploads\/2024\/03\/elf2-1.jpg\",\"datePublished\":\"2024-03-29T08:45:00+00:00\",\"dateModified\":\"2024-03-29T08:45:00+00:00\",\"description\":\"W tegoroczne wakacje \u0142atwiej b\u0119dzie dojecha\u0107 z Torunia i Bydgoszczy do Ko\u0142obrzegu i wr\u00f3ci\u0107 znad morza. Poci\u0105giem Rybitwa.\",\"breadcrumb\":{\"@id\":\"https:\/\/transinfo.pl\/x\/inforail\/polregio-uruchomi-wakacyjny-pociag-nad-morze-to-rybitwa\/#breadcrumb\"},\"inLanguage\":\"pl-PL\",\"potentialAction\":[{\"@type\":\"ReadAction\",\"target\":[\"https:\/\/transinfo.pl\/x\/inforail\/polregio-uruchomi-wakacyjny-pociag-nad-morze-to-rybitwa\/\"]}]},{\"@type\":\"ImageObject\",\"inLanguage\":\"pl-PL\",\"@id\":\"https:\/\/transinfo.pl\/x\/inforail\/polregio-uruchomi-wakacyjny-pociag-nad-morze-to-rybitwa\/#primaryimage\",\"url\":\"https:\/\/transinfo.pl\/x\/wp-content\/uploads\/2024\/03\/elf2-1.jpg\",\"contentUrl\":\"https:\/\/transinfo.pl\/x\/wp-content\/uploads\/2024\/03\/elf2-1.jpg\"},{\"@type\":\"BreadcrumbList\",\"@id\":\"https:\/\/transinfo.pl\/x\/inforail\/polregio-uruchomi-wakacyjny-pociag-nad-morze-to-rybitwa\/#breadcrumb\",\"itemListElement\":[{\"@type\":\"ListItem\",\"position\":1,\"name\":\"Home\",\"item\":\"https:\/\/transinfo.pl\/x\/\"},{\"@type\":\"ListItem\",\"position\":2,\"name\":\"Inforail\",\"item\":\"https:\/\/transinfo.pl\/x\/inforail\/\"},{\"@type\":\"ListItem\",\"position\":3,\"name\":\"Polregio uruchomi wakacyjny poci\u0105g nad morze. To Rybitwa\"}]},{\"@type\":\"WebSite\",\"@id\":\"https:\/\/transinfo.pl\/x\/#website\",\"url\":\"https:\/\/transinfo.pl\/x\/\",\"name\":\"TransInfo Archiwum\",\"description\":\"Ca\u0142y transport w jednym miejscu\",\"publisher\":{\"@id\":\"https:\/\/transinfo.pl\/x\/#organization\"},\"potentialAction\":[{\"@type\":\"SearchAction\",\"target\":{\"@type\":\"EntryPoint\",\"urlTemplate\":\"https:\/\/transinfo.pl\/x\/?s={search_term_string}\"},\"query-input\":{\"@type\":\"PropertyValueSpecification\",\"valueRequired\":true,\"valueName\":\"search_term_string\"}}],\"inLanguage\":\"pl-PL\"},{\"@type\":\"Organization\",\"@id\":\"https:\/\/transinfo.pl\/x\/#organization\",\"name\":\"TransInfo\",\"url\":\"https:\/\/transinfo.pl\/x\/\",\"logo\":{\"@type\":\"ImageObject\",\"inLanguage\":\"pl-PL\",\"@id\":\"https:\/\/transinfo.pl\/x\/#\/schema\/logo\/image\/\",\"url\":\"https:\/\/transinfo.pl\/x\/wp-content\/uploads\/2024\/10\/favicon.png\",\"contentUrl\":\"https:\/\/transinfo.pl\/x\/wp-content\/uploads\/2024\/10\/favicon.png\",\"width\":512,\"height\":512,\"caption\":\"TransInfo\"},\"image\":{\"@id\":\"https:\/\/transinfo.pl\/x\/#\/schema\/logo\/image\/\"}}]}<\/script>\n<!-- \/ Yoast SEO Premium plugin. -->","yoast_head_json":{"title":"Polregio uruchomi wakacyjny poci\u0105g nad morze. To Rybitwa - TransInfo Archiwum","description":"W tegoroczne wakacje \u0142atwiej b\u0119dzie dojecha\u0107 z Torunia i Bydgoszczy do Ko\u0142obrzegu i wr\u00f3ci\u0107 znad morza. Poci\u0105giem Rybitwa.","robots":{"index":"index","follow":"follow","max-snippet":"max-snippet:-1","max-image-preview":"max-image-preview:large","max-video-preview":"max-video-preview:-1"},"canonical":"https:\/\/transinfo.pl\/x\/inforail\/polregio-uruchomi-wakacyjny-pociag-nad-morze-to-rybitwa\/","og_locale":"pl_PL","og_type":"article","og_title":"Polregio uruchomi wakacyjny poci\u0105g nad morze. To Rybitwa","og_description":"W tegoroczne wakacje \u0142atwiej b\u0119dzie dojecha\u0107 z Torunia i Bydgoszczy do Ko\u0142obrzegu i wr\u00f3ci\u0107 znad morza. Poci\u0105giem Rybitwa.","og_url":"https:\/\/transinfo.pl\/x\/inforail\/polregio-uruchomi-wakacyjny-pociag-nad-morze-to-rybitwa\/","og_site_name":"TransInfo Archiwum","og_image":[{"url":"https:\/\/transinfo.pl\/x\/wp-content\/uploads\/2024\/03\/elf2-1.jpg","width":1,"height":1,"type":"image\/jpeg"}],"twitter_card":"summary_large_image","twitter_misc":{"Szacowany czas czytania":"1 minuta"},"schema":{"@context":"https:\/\/schema.org","@graph":[{"@type":"WebPage","@id":"https:\/\/transinfo.pl\/x\/inforail\/polregio-uruchomi-wakacyjny-pociag-nad-morze-to-rybitwa\/","url":"https:\/\/transinfo.pl\/x\/inforail\/polregio-uruchomi-wakacyjny-pociag-nad-morze-to-rybitwa\/","name":"Polregio uruchomi wakacyjny poci\u0105g nad morze. To Rybitwa - TransInfo Archiwum","isPartOf":{"@id":"https:\/\/transinfo.pl\/x\/#website"},"primaryImageOfPage":{"@id":"https:\/\/transinfo.pl\/x\/inforail\/polregio-uruchomi-wakacyjny-pociag-nad-morze-to-rybitwa\/#primaryimage"},"image":{"@id":"https:\/\/transinfo.pl\/x\/inforail\/polregio-uruchomi-wakacyjny-pociag-nad-morze-to-rybitwa\/#primaryimage"},"thumbnailUrl":"https:\/\/transinfo.pl\/x\/wp-content\/uploads\/2024\/03\/elf2-1.jpg","datePublished":"2024-03-29T08:45:00+00:00","dateModified":"2024-03-29T08:45:00+00:00","description":"W tegoroczne wakacje \u0142atwiej b\u0119dzie dojecha\u0107 z Torunia i Bydgoszczy do Ko\u0142obrzegu i wr\u00f3ci\u0107 znad morza. Poci\u0105giem Rybitwa.","breadcrumb":{"@id":"https:\/\/transinfo.pl\/x\/inforail\/polregio-uruchomi-wakacyjny-pociag-nad-morze-to-rybitwa\/#breadcrumb"},"inLanguage":"pl-PL","potentialAction":[{"@type":"ReadAction","target":["https:\/\/transinfo.pl\/x\/inforail\/polregio-uruchomi-wakacyjny-pociag-nad-morze-to-rybitwa\/"]}]},{"@type":"ImageObject","inLanguage":"pl-PL","@id":"https:\/\/transinfo.pl\/x\/inforail\/polregio-uruchomi-wakacyjny-pociag-nad-morze-to-rybitwa\/#primaryimage","url":"https:\/\/transinfo.pl\/x\/wp-content\/uploads\/2024\/03\/elf2-1.jpg","contentUrl":"https:\/\/transinfo.pl\/x\/wp-content\/uploads\/2024\/03\/elf2-1.jpg"},{"@type":"BreadcrumbList","@id":"https:\/\/transinfo.pl\/x\/inforail\/polregio-uruchomi-wakacyjny-pociag-nad-morze-to-rybitwa\/#breadcrumb","itemListElement":[{"@type":"ListItem","position":1,"name":"Home","item":"https:\/\/transinfo.pl\/x\/"},{"@type":"ListItem","position":2,"name":"Inforail","item":"https:\/\/transinfo.pl\/x\/inforail\/"},{"@type":"ListItem","position":3,"name":"Polregio uruchomi wakacyjny poci\u0105g nad morze. To Rybitwa"}]},{"@type":"WebSite","@id":"https:\/\/transinfo.pl\/x\/#website","url":"https:\/\/transinfo.pl\/x\/","name":"TransInfo Archiwum","description":"Ca\u0142y transport w jednym miejscu","publisher":{"@id":"https:\/\/transinfo.pl\/x\/#organization"},"potentialAction":[{"@type":"SearchAction","target":{"@type":"EntryPoint","urlTemplate":"https:\/\/transinfo.pl\/x\/?s={search_term_string}"},"query-input":{"@type":"PropertyValueSpecification","valueRequired":true,"valueName":"search_term_string"}}],"inLanguage":"pl-PL"},{"@type":"Organization","@id":"https:\/\/transinfo.pl\/x\/#organization","name":"TransInfo","url":"https:\/\/transinfo.pl\/x\/","logo":{"@type":"ImageObject","inLanguage":"pl-PL","@id":"https:\/\/transinfo.pl\/x\/#\/schema\/logo\/image\/","url":"https:\/\/transinfo.pl\/x\/wp-content\/uploads\/2024\/10\/favicon.png","contentUrl":"https:\/\/transinfo.pl\/x\/wp-content\/uploads\/2024\/10\/favicon.png","width":512,"height":512,"caption":"TransInfo"},"image":{"@id":"https:\/\/transinfo.pl\/x\/#\/schema\/logo\/image\/"}}]}},"_links":{"self":[{"href":"https:\/\/transinfo.pl\/x\/wp-json\/wp\/v2\/inforail\/266953","targetHints":{"allow":["GET"]}}],"collection":[{"href":"https:\/\/transinfo.pl\/x\/wp-json\/wp\/v2\/inforail"}],"about":[{"href":"https:\/\/transinfo.pl\/x\/wp-json\/wp\/v2\/types\/inforail"}],"author":[{"embeddable":true,"href":"https:\/\/transinfo.pl\/x\/wp-json\/wp\/v2\/users\/3"}],"replies":[{"embeddable":true,"href":"https:\/\/transinfo.pl\/x\/wp-json\/wp\/v2\/comments?post=266953"}],"wp:featuredmedia":[{"embeddable":true,"href":"https:\/\/transinfo.pl\/x\/wp-json\/wp\/v2\/media\/266954"}],"wp:attachment":[{"href":"https:\/\/transinfo.pl\/x\/wp-json\/wp\/v2\/media?parent=266953"}],"wp:term":[{"taxonomy":"category","embeddable":true,"href":"https:\/\/transinfo.pl\/x\/wp-json\/wp\/v2\/categories?post=266953"},{"taxonomy":"post_tag","embeddable":true,"href":"https:\/\/transinfo.pl\/x\/wp-json\/wp\/v2\/tags?post=266953"}],"curies":[{"name":"wp","href":"https:\/\/api.w.org\/{rel}","templated":true}]}}