{"id":266921,"date":"2024-03-28T13:45:00","date_gmt":"2024-03-28T13:45:00","guid":{"rendered":"https:\/\/transinfo.pl\/x\/inforail\/nowe-polaczenie-woli-z-ochota-dzieki-pkp-plk\/"},"modified":"2024-03-28T13:45:00","modified_gmt":"2024-03-28T13:45:00","slug":"nowe-polaczenie-woli-z-ochota-dzieki-pkp-plk","status":"publish","type":"inforail","link":"https:\/\/transinfo.pl\/x\/inforail\/nowe-polaczenie-woli-z-ochota-dzieki-pkp-plk\/","title":{"rendered":"Nowe po\u0142\u0105czenie Woli z Ochot\u0105. Dzi\u0119ki PKP PLK"},"content":{"rendered":"<style>h1,h2,h3,h4,h5,h6{margin:0 0 1.25rem;font-family:Arial,sans-serif;font-weight:600;color:#050505}h1{font-size:1.875rem;line-height:1.1em;text-transform:none}@media(min-width: 768px){h1{font-size:2.375rem}}h2{font-size:1.1875rem;line-height:1.2em;text-transform:uppercase}@media(min-width: 768px){h2{font-size:1.0625rem}}h3{font-size:0.9375rem;line-height:1.4em;font-weight:900;margin-bottom:0.9375rem}h4{font-size:0.875rem;line-height:1.2em;font-weight:500}h5{font-size:0.9375rem;line-height:1.6;font-weight:400}h6{font-size:0.9375rem;line-height:1.6;font-weight:600}\n<\/style>\n<h3 class=\"wp-block-heading\" id=\"h-pasazerowie-zyskuja-dogodne-dojscie-do-pociagow-a-mieszkancy-nowe-polaczenie-pomiedzy-wola-a-ochota\">Pasa\u017cerowie zyskuj\u0105 dogodne doj\u015bcie do poci\u0105g\u00f3w, a mieszka\u0144cy nowe po\u0142\u0105czenie pomi\u0119dzy Wol\u0105 a Ochot\u0105.<\/h3>\n\n\n<style>p{margin:0 0 1.5rem}p:last-child{margin:0}p.is-style-uppercase{text-transform:uppercase}p.is-style-preheading{color:#12406a;text-transform:uppercase}p.is-style-leadparagraph{font-size:1rem;line-height:1.625;font-weight:700}@media(min-width: 768px){p.is-style-leadparagraph{font-size:1.125rem;line-height:1.5555555556}}p.has-small-margin{margin-bottom:0.625rem}p.has-small-margin+h1,p.has-small-margin+h2,p.has-small-margin+h3{margin-top:1.875rem}\n<\/style>\n<p>Na Warszawie Zachodniej wykonawca przebi\u0142 \u015bcian\u0119 w tunelu pod stacj\u0105 i po\u0142\u0105czy\u0142 si\u0119 z wybudowan\u0105 cz\u0119\u015bci\u0105 obiektu. Najwi\u0119ksza inwestycja PKP Polskich Linii Kolejowych S.A. w Warszawie to projekt za ok. 2 mld z\u0142 netto, wsp\u00f3\u0142finansowany ze \u015brodk\u00f3w unijnych POIi\u015a.<\/p>\n\n\n\n<h2 class=\"wp-block-heading\" id=\"h-tunel-przebity\">Tunel przebity<\/h2>\n\n\n\n<p>Na stacji Warszawa Zachodnia wykonawca przebi\u0142 \u015bcian\u0119 w tunelu i tym samym po\u0142\u0105czy\u0142 Wol\u0119 z Ochot\u0105. Pasa\u017cerowie zyskaj\u0105 nowe, poszerzone doj\u015bcie do wszystkich peron\u00f3w. Przebudowany obiekt b\u0119dzie tak\u017ce u\u0142atwieniem dla mieszka\u0144c\u00f3w, kt\u00f3rzy sprawniej b\u0119d\u0105 przemieszczali si\u0119 mi\u0119dzy dwiema warszawskimi dzielnicami. Nowe przej\u015bcie podziemne b\u0119dzie szersze i d\u0142u\u017csze, dzi\u0119ki czemu b\u0119dzie w nim miejsce na lokale us\u0142ugowe, gastronomiczne, kasy i poczekalnie.<\/p>\n\n\n\n<p>Budowane s\u0105 perony 1, 2 i 3, a nad nimi zadaszenie. Od czerwcowej korekty rozk\u0142adu jazdy podr\u00f3\u017cni b\u0119d\u0105 mogli skorzysta\u0107 ju\u017c ze wszystkich peron\u00f3w. Gotowa jest konstrukcja nowego budynku dworca od strony ulicy Tunelowej. W \u015brodku prowadzone s\u0105 prace wyko\u0144czeniowe.<\/p>\n\n\n\n<p>W obr\u0119bie stacji uk\u0142adane s\u0105 nowe tory i elementy sieci trakcyjnej. Montowane s\u0105 nowe urz\u0105dzenia sterowania ruchem kolejowym. Ten docelowo b\u0119dzie prowadzony z lokalnego centrum sterowania zlokalizowanego w nowym budynku stacji.<\/p>\n\n\n\n<p>W ramach prac sukcesywnie sprawdzane s\u0105 zainstalowane na stacji systemy bezpiecze\u0144stwa. Na zmodernizowanych peronach 4-8 dzia\u0142aj\u0105 windy. Przed Wielkanoc\u0105 planowane jest uruchomienie windy technicznej od strony Alei Jerozolimskich, co b\u0119dzie u\u0142atwieniem dla pasa\u017cer\u00f3w z ci\u0119\u017ckim baga\u017cem, w\u00f3zkami dzieci\u0119cymi i os\u00f3b z ograniczon\u0105 mo\u017cliwo\u015bci\u0105 poruszania si\u0119.<\/p>\n\n\n\n<p>Warszawa Zachodnia zapewni oczekiwany komfort podr\u00f3\u017cy. Wszystkie perony b\u0119d\u0105 zadaszone. Ruchome schody, windy, system dynamicznej informacji oraz szerokie przej\u015bcia u\u0142atwi\u0105 dost\u0119p do poci\u0105g\u00f3w. \u0141atwiejsze b\u0119dzie \u0142\u0105czenie podr\u00f3\u017cy kolej\u0105 z komunikacj\u0105 miejsk\u0105. Bezpieczne zarz\u0105dzanie ruchem kolejowym zapewni\u0105 nowoczesne urz\u0105dzenia i systemy komputerowe. Projekt \u201ePrace na linii \u015brednicowej w Warszawie na odcinku Warszawa Wschodnia &#8211; Warszawa Zachodnia\u201d wart jest ok. 2 mld z\u0142 netto. Zako\u0144czenie uk\u0142adania tor\u00f3w i przebudowy peron\u00f3w przewidziano w po\u0142owie 2024 r. Harmonogram zako\u0144czenia inwestycji i fazowanie prac zosta\u0142y uzgodnione z wykonawc\u0105 i przewo\u017anikami.<\/p>\n\n\n\n<p><\/p>\n\n\n\n\n","protected":false},"author":3,"featured_media":266922,"comment_status":"","ping_status":"closed","template":"","categories":[23],"tags":[695,975,100,260,84],"class_list":["post-266921","inforail","type-inforail","status-publish","has-post-thumbnail","hentry","category-infrastruktura","tag-budowa","tag-dworzec","tag-pkp-plk","tag-tunel","tag-warszawa"],"acf":[],"yoast_head":"<!-- This site is optimized with the Yoast SEO Premium plugin v21.8 (Yoast SEO v23.7) - https:\/\/yoast.com\/wordpress\/plugins\/seo\/ -->\n<title>Nowe po\u0142\u0105czenie Woli z Ochot\u0105. Dzi\u0119ki PKP PLK - TransInfo Archiwum<\/title>\n<meta name=\"description\" content=\"Pasa\u017cerowie zyskuj\u0105 dogodne doj\u015bcie do poci\u0105g\u00f3w, a mieszka\u0144cy nowe po\u0142\u0105czenie pomi\u0119dzy Wol\u0105 a Ochot\u0105. Tunel zosta\u0142 przebity.\" \/>\n<meta name=\"robots\" content=\"index, follow, max-snippet:-1, max-image-preview:large, max-video-preview:-1\" \/>\n<link rel=\"canonical\" href=\"https:\/\/transinfo.pl\/x\/inforail\/nowe-polaczenie-woli-z-ochota-dzieki-pkp-plk\/\" \/>\n<meta property=\"og:locale\" content=\"pl_PL\" \/>\n<meta property=\"og:type\" content=\"article\" \/>\n<meta property=\"og:title\" content=\"Nowe po\u0142\u0105czenie Woli z Ochot\u0105. Dzi\u0119ki PKP PLK\" \/>\n<meta property=\"og:description\" content=\"Pasa\u017cerowie zyskuj\u0105 dogodne doj\u015bcie do poci\u0105g\u00f3w, a mieszka\u0144cy nowe po\u0142\u0105czenie pomi\u0119dzy Wol\u0105 a Ochot\u0105. Tunel zosta\u0142 przebity.\" \/>\n<meta property=\"og:url\" content=\"https:\/\/transinfo.pl\/x\/inforail\/nowe-polaczenie-woli-z-ochota-dzieki-pkp-plk\/\" \/>\n<meta property=\"og:site_name\" content=\"TransInfo Archiwum\" \/>\n<meta property=\"og:image\" content=\"https:\/\/transinfo.pl\/x\/wp-content\/uploads\/2024\/03\/csm_Warszawa_Zachodnia_-_budowa_przejscia_podziemnego_pod_stacja_7_fot._Rafal_Wilgusiak_PLK_SA_3f063b0fb5.jpg\" \/>\n\t<meta property=\"og:image:width\" content=\"1\" \/>\n\t<meta property=\"og:image:height\" content=\"1\" \/>\n\t<meta property=\"og:image:type\" content=\"image\/jpeg\" \/>\n<meta name=\"twitter:card\" content=\"summary_large_image\" \/>\n<meta name=\"twitter:label1\" content=\"Szacowany czas czytania\" \/>\n\t<meta name=\"twitter:data1\" content=\"2 minuty\" \/>\n<script type=\"application\/ld+json\" class=\"yoast-schema-graph\">{\"@context\":\"https:\/\/schema.org\",\"@graph\":[{\"@type\":\"WebPage\",\"@id\":\"https:\/\/transinfo.pl\/x\/inforail\/nowe-polaczenie-woli-z-ochota-dzieki-pkp-plk\/\",\"url\":\"https:\/\/transinfo.pl\/x\/inforail\/nowe-polaczenie-woli-z-ochota-dzieki-pkp-plk\/\",\"name\":\"Nowe po\u0142\u0105czenie Woli z Ochot\u0105. Dzi\u0119ki PKP PLK - TransInfo Archiwum\",\"isPartOf\":{\"@id\":\"https:\/\/transinfo.pl\/x\/#website\"},\"primaryImageOfPage\":{\"@id\":\"https:\/\/transinfo.pl\/x\/inforail\/nowe-polaczenie-woli-z-ochota-dzieki-pkp-plk\/#primaryimage\"},\"image\":{\"@id\":\"https:\/\/transinfo.pl\/x\/inforail\/nowe-polaczenie-woli-z-ochota-dzieki-pkp-plk\/#primaryimage\"},\"thumbnailUrl\":\"https:\/\/transinfo.pl\/x\/wp-content\/uploads\/2024\/03\/csm_Warszawa_Zachodnia_-_budowa_przejscia_podziemnego_pod_stacja_7_fot._Rafal_Wilgusiak_PLK_SA_3f063b0fb5.jpg\",\"datePublished\":\"2024-03-28T13:45:00+00:00\",\"dateModified\":\"2024-03-28T13:45:00+00:00\",\"description\":\"Pasa\u017cerowie zyskuj\u0105 dogodne doj\u015bcie do poci\u0105g\u00f3w, a mieszka\u0144cy nowe po\u0142\u0105czenie pomi\u0119dzy Wol\u0105 a Ochot\u0105. Tunel zosta\u0142 przebity.\",\"breadcrumb\":{\"@id\":\"https:\/\/transinfo.pl\/x\/inforail\/nowe-polaczenie-woli-z-ochota-dzieki-pkp-plk\/#breadcrumb\"},\"inLanguage\":\"pl-PL\",\"potentialAction\":[{\"@type\":\"ReadAction\",\"target\":[\"https:\/\/transinfo.pl\/x\/inforail\/nowe-polaczenie-woli-z-ochota-dzieki-pkp-plk\/\"]}]},{\"@type\":\"ImageObject\",\"inLanguage\":\"pl-PL\",\"@id\":\"https:\/\/transinfo.pl\/x\/inforail\/nowe-polaczenie-woli-z-ochota-dzieki-pkp-plk\/#primaryimage\",\"url\":\"https:\/\/transinfo.pl\/x\/wp-content\/uploads\/2024\/03\/csm_Warszawa_Zachodnia_-_budowa_przejscia_podziemnego_pod_stacja_7_fot._Rafal_Wilgusiak_PLK_SA_3f063b0fb5.jpg\",\"contentUrl\":\"https:\/\/transinfo.pl\/x\/wp-content\/uploads\/2024\/03\/csm_Warszawa_Zachodnia_-_budowa_przejscia_podziemnego_pod_stacja_7_fot._Rafal_Wilgusiak_PLK_SA_3f063b0fb5.jpg\"},{\"@type\":\"BreadcrumbList\",\"@id\":\"https:\/\/transinfo.pl\/x\/inforail\/nowe-polaczenie-woli-z-ochota-dzieki-pkp-plk\/#breadcrumb\",\"itemListElement\":[{\"@type\":\"ListItem\",\"position\":1,\"name\":\"Home\",\"item\":\"https:\/\/transinfo.pl\/x\/\"},{\"@type\":\"ListItem\",\"position\":2,\"name\":\"Inforail\",\"item\":\"https:\/\/transinfo.pl\/x\/inforail\/\"},{\"@type\":\"ListItem\",\"position\":3,\"name\":\"Nowe po\u0142\u0105czenie Woli z Ochot\u0105. Dzi\u0119ki PKP PLK\"}]},{\"@type\":\"WebSite\",\"@id\":\"https:\/\/transinfo.pl\/x\/#website\",\"url\":\"https:\/\/transinfo.pl\/x\/\",\"name\":\"TransInfo Archiwum\",\"description\":\"Ca\u0142y transport w jednym miejscu\",\"publisher\":{\"@id\":\"https:\/\/transinfo.pl\/x\/#organization\"},\"potentialAction\":[{\"@type\":\"SearchAction\",\"target\":{\"@type\":\"EntryPoint\",\"urlTemplate\":\"https:\/\/transinfo.pl\/x\/?s={search_term_string}\"},\"query-input\":{\"@type\":\"PropertyValueSpecification\",\"valueRequired\":true,\"valueName\":\"search_term_string\"}}],\"inLanguage\":\"pl-PL\"},{\"@type\":\"Organization\",\"@id\":\"https:\/\/transinfo.pl\/x\/#organization\",\"name\":\"TransInfo\",\"url\":\"https:\/\/transinfo.pl\/x\/\",\"logo\":{\"@type\":\"ImageObject\",\"inLanguage\":\"pl-PL\",\"@id\":\"https:\/\/transinfo.pl\/x\/#\/schema\/logo\/image\/\",\"url\":\"https:\/\/transinfo.pl\/x\/wp-content\/uploads\/2024\/10\/favicon.png\",\"contentUrl\":\"https:\/\/transinfo.pl\/x\/wp-content\/uploads\/2024\/10\/favicon.png\",\"width\":512,\"height\":512,\"caption\":\"TransInfo\"},\"image\":{\"@id\":\"https:\/\/transinfo.pl\/x\/#\/schema\/logo\/image\/\"}}]}<\/script>\n<!-- \/ Yoast SEO Premium plugin. -->","yoast_head_json":{"title":"Nowe po\u0142\u0105czenie Woli z Ochot\u0105. Dzi\u0119ki PKP PLK - TransInfo Archiwum","description":"Pasa\u017cerowie zyskuj\u0105 dogodne doj\u015bcie do poci\u0105g\u00f3w, a mieszka\u0144cy nowe po\u0142\u0105czenie pomi\u0119dzy Wol\u0105 a Ochot\u0105. Tunel zosta\u0142 przebity.","robots":{"index":"index","follow":"follow","max-snippet":"max-snippet:-1","max-image-preview":"max-image-preview:large","max-video-preview":"max-video-preview:-1"},"canonical":"https:\/\/transinfo.pl\/x\/inforail\/nowe-polaczenie-woli-z-ochota-dzieki-pkp-plk\/","og_locale":"pl_PL","og_type":"article","og_title":"Nowe po\u0142\u0105czenie Woli z Ochot\u0105. Dzi\u0119ki PKP PLK","og_description":"Pasa\u017cerowie zyskuj\u0105 dogodne doj\u015bcie do poci\u0105g\u00f3w, a mieszka\u0144cy nowe po\u0142\u0105czenie pomi\u0119dzy Wol\u0105 a Ochot\u0105. Tunel zosta\u0142 przebity.","og_url":"https:\/\/transinfo.pl\/x\/inforail\/nowe-polaczenie-woli-z-ochota-dzieki-pkp-plk\/","og_site_name":"TransInfo Archiwum","og_image":[{"url":"https:\/\/transinfo.pl\/x\/wp-content\/uploads\/2024\/03\/csm_Warszawa_Zachodnia_-_budowa_przejscia_podziemnego_pod_stacja_7_fot._Rafal_Wilgusiak_PLK_SA_3f063b0fb5.jpg","width":1,"height":1,"type":"image\/jpeg"}],"twitter_card":"summary_large_image","twitter_misc":{"Szacowany czas czytania":"2 minuty"},"schema":{"@context":"https:\/\/schema.org","@graph":[{"@type":"WebPage","@id":"https:\/\/transinfo.pl\/x\/inforail\/nowe-polaczenie-woli-z-ochota-dzieki-pkp-plk\/","url":"https:\/\/transinfo.pl\/x\/inforail\/nowe-polaczenie-woli-z-ochota-dzieki-pkp-plk\/","name":"Nowe po\u0142\u0105czenie Woli z Ochot\u0105. Dzi\u0119ki PKP PLK - TransInfo Archiwum","isPartOf":{"@id":"https:\/\/transinfo.pl\/x\/#website"},"primaryImageOfPage":{"@id":"https:\/\/transinfo.pl\/x\/inforail\/nowe-polaczenie-woli-z-ochota-dzieki-pkp-plk\/#primaryimage"},"image":{"@id":"https:\/\/transinfo.pl\/x\/inforail\/nowe-polaczenie-woli-z-ochota-dzieki-pkp-plk\/#primaryimage"},"thumbnailUrl":"https:\/\/transinfo.pl\/x\/wp-content\/uploads\/2024\/03\/csm_Warszawa_Zachodnia_-_budowa_przejscia_podziemnego_pod_stacja_7_fot._Rafal_Wilgusiak_PLK_SA_3f063b0fb5.jpg","datePublished":"2024-03-28T13:45:00+00:00","dateModified":"2024-03-28T13:45:00+00:00","description":"Pasa\u017cerowie zyskuj\u0105 dogodne doj\u015bcie do poci\u0105g\u00f3w, a mieszka\u0144cy nowe po\u0142\u0105czenie pomi\u0119dzy Wol\u0105 a Ochot\u0105. Tunel zosta\u0142 przebity.","breadcrumb":{"@id":"https:\/\/transinfo.pl\/x\/inforail\/nowe-polaczenie-woli-z-ochota-dzieki-pkp-plk\/#breadcrumb"},"inLanguage":"pl-PL","potentialAction":[{"@type":"ReadAction","target":["https:\/\/transinfo.pl\/x\/inforail\/nowe-polaczenie-woli-z-ochota-dzieki-pkp-plk\/"]}]},{"@type":"ImageObject","inLanguage":"pl-PL","@id":"https:\/\/transinfo.pl\/x\/inforail\/nowe-polaczenie-woli-z-ochota-dzieki-pkp-plk\/#primaryimage","url":"https:\/\/transinfo.pl\/x\/wp-content\/uploads\/2024\/03\/csm_Warszawa_Zachodnia_-_budowa_przejscia_podziemnego_pod_stacja_7_fot._Rafal_Wilgusiak_PLK_SA_3f063b0fb5.jpg","contentUrl":"https:\/\/transinfo.pl\/x\/wp-content\/uploads\/2024\/03\/csm_Warszawa_Zachodnia_-_budowa_przejscia_podziemnego_pod_stacja_7_fot._Rafal_Wilgusiak_PLK_SA_3f063b0fb5.jpg"},{"@type":"BreadcrumbList","@id":"https:\/\/transinfo.pl\/x\/inforail\/nowe-polaczenie-woli-z-ochota-dzieki-pkp-plk\/#breadcrumb","itemListElement":[{"@type":"ListItem","position":1,"name":"Home","item":"https:\/\/transinfo.pl\/x\/"},{"@type":"ListItem","position":2,"name":"Inforail","item":"https:\/\/transinfo.pl\/x\/inforail\/"},{"@type":"ListItem","position":3,"name":"Nowe po\u0142\u0105czenie Woli z Ochot\u0105. Dzi\u0119ki PKP PLK"}]},{"@type":"WebSite","@id":"https:\/\/transinfo.pl\/x\/#website","url":"https:\/\/transinfo.pl\/x\/","name":"TransInfo Archiwum","description":"Ca\u0142y transport w jednym miejscu","publisher":{"@id":"https:\/\/transinfo.pl\/x\/#organization"},"potentialAction":[{"@type":"SearchAction","target":{"@type":"EntryPoint","urlTemplate":"https:\/\/transinfo.pl\/x\/?s={search_term_string}"},"query-input":{"@type":"PropertyValueSpecification","valueRequired":true,"valueName":"search_term_string"}}],"inLanguage":"pl-PL"},{"@type":"Organization","@id":"https:\/\/transinfo.pl\/x\/#organization","name":"TransInfo","url":"https:\/\/transinfo.pl\/x\/","logo":{"@type":"ImageObject","inLanguage":"pl-PL","@id":"https:\/\/transinfo.pl\/x\/#\/schema\/logo\/image\/","url":"https:\/\/transinfo.pl\/x\/wp-content\/uploads\/2024\/10\/favicon.png","contentUrl":"https:\/\/transinfo.pl\/x\/wp-content\/uploads\/2024\/10\/favicon.png","width":512,"height":512,"caption":"TransInfo"},"image":{"@id":"https:\/\/transinfo.pl\/x\/#\/schema\/logo\/image\/"}}]}},"_links":{"self":[{"href":"https:\/\/transinfo.pl\/x\/wp-json\/wp\/v2\/inforail\/266921","targetHints":{"allow":["GET"]}}],"collection":[{"href":"https:\/\/transinfo.pl\/x\/wp-json\/wp\/v2\/inforail"}],"about":[{"href":"https:\/\/transinfo.pl\/x\/wp-json\/wp\/v2\/types\/inforail"}],"author":[{"embeddable":true,"href":"https:\/\/transinfo.pl\/x\/wp-json\/wp\/v2\/users\/3"}],"replies":[{"embeddable":true,"href":"https:\/\/transinfo.pl\/x\/wp-json\/wp\/v2\/comments?post=266921"}],"wp:featuredmedia":[{"embeddable":true,"href":"https:\/\/transinfo.pl\/x\/wp-json\/wp\/v2\/media\/266922"}],"wp:attachment":[{"href":"https:\/\/transinfo.pl\/x\/wp-json\/wp\/v2\/media?parent=266921"}],"wp:term":[{"taxonomy":"category","embeddable":true,"href":"https:\/\/transinfo.pl\/x\/wp-json\/wp\/v2\/categories?post=266921"},{"taxonomy":"post_tag","embeddable":true,"href":"https:\/\/transinfo.pl\/x\/wp-json\/wp\/v2\/tags?post=266921"}],"curies":[{"name":"wp","href":"https:\/\/api.w.org\/{rel}","templated":true}]}}