{"id":266884,"date":"2024-03-27T15:45:00","date_gmt":"2024-03-27T15:45:00","guid":{"rendered":"https:\/\/transinfo.pl\/x\/inforail\/jedna-oferta-na-sklady-hybrydowe-dla-pkp-intercity-w-budzecie\/"},"modified":"2024-03-27T15:45:00","modified_gmt":"2024-03-27T15:45:00","slug":"jedna-oferta-na-sklady-hybrydowe-dla-pkp-intercity-w-budzecie","status":"publish","type":"inforail","link":"https:\/\/transinfo.pl\/x\/inforail\/jedna-oferta-na-sklady-hybrydowe-dla-pkp-intercity-w-budzecie\/","title":{"rendered":"Jedna oferta na sk\u0142ady hybrydowe dla PKP Intercity. W bud\u017cecie"},"content":{"rendered":"<style>h1,h2,h3,h4,h5,h6{margin:0 0 1.25rem;font-family:Arial,sans-serif;font-weight:600;color:#050505}h1{font-size:1.875rem;line-height:1.1em;text-transform:none}@media(min-width: 768px){h1{font-size:2.375rem}}h2{font-size:1.1875rem;line-height:1.2em;text-transform:uppercase}@media(min-width: 768px){h2{font-size:1.0625rem}}h3{font-size:0.9375rem;line-height:1.4em;font-weight:900;margin-bottom:0.9375rem}h4{font-size:0.875rem;line-height:1.2em;font-weight:500}h5{font-size:0.9375rem;line-height:1.6;font-weight:400}h6{font-size:0.9375rem;line-height:1.6;font-weight:600}\n<\/style>\n<h3 class=\"wp-block-heading\" id=\"h-dzis-27-marca-2024-roku-pkp-intercity-otworzylo-oferty-zlozone-w-postepowaniu-na-zakup-35-nowych-hybrydowych-zespolow-trakcyjnych-hzt\"><a><strong>Dzi\u015b, 27 marca 2024 roku, PKP Intercity otworzy\u0142o oferty z\u0142o\u017cone w post\u0119powaniu na zakup <\/strong><\/a><strong>35 nowych hybrydowych zespo\u0142\u00f3w trakcyjnych (HZT).<\/strong><\/h3>\n\n\n<style>p{margin:0 0 1.5rem}p:last-child{margin:0}p.is-style-uppercase{text-transform:uppercase}p.is-style-preheading{color:#12406a;text-transform:uppercase}p.is-style-leadparagraph{font-size:1rem;line-height:1.625;font-weight:700}@media(min-width: 768px){p.is-style-leadparagraph{font-size:1.125rem;line-height:1.5555555556}}p.has-small-margin{margin-bottom:0.625rem}p.has-small-margin+h1,p.has-small-margin+h2,p.has-small-margin+h3{margin-top:1.875rem}\n<\/style>\n<p>To pierwszy zakup tego typu w historii Sp\u00f3\u0142ki &#8211; do tej pory zespo\u0142y trakcyjne przewo\u017anika zasilane by\u0142y jedynie energi\u0105 elektryczn\u0105. Ofert\u0119 z\u0142o\u017cy\u0142 jeden wykonawca.<\/p>\n\n\n\n<h2 class=\"wp-block-heading\" id=\"h-35-skladow-hybrydowych\">35 sk\u0142ad\u00f3w hybrydowych<\/h2>\n\n\n\n<p>W grudniu 2023 roku PKP Intercity og\u0142osi\u0142o post\u0119powanie przetargowe na dostaw\u0119 35 nowych hybrydowych zespo\u0142\u00f3w trakcyjnych (HZT). Dzi\u015b przewo\u017anik otworzy\u0142 ofert\u0119 z\u0142o\u017con\u0105 przez 1 wykonawc\u0119 tj. Newag S.A. opiewaj\u0105c\u0105 na kwot\u0119 3&nbsp;364&nbsp;819&nbsp;857,00 z\u0142 brutto Teraz rozpocznie si\u0119 etap badania i oceny z\u0142o\u017conej oferty. Na realizacj\u0119 projektu PKP Intercity przeznaczy\u0142o kwot\u0119 3 367 324 506,00 z\u0142 brutto.<\/p>\n\n\n<style>.wp-block-quote{border-left:0.1875rem solid var(--page-color);font-size:1rem;font-style:italic;margin:0 0 1.6875rem;padding:1.25rem}.wp-block-quote cite{color:#050505}.wp-block-quote.is-style-large p{margin-bottom:10px}.wp-block-quote.is-style-large cite{color:#12406a}\n<\/style>\n<blockquote class=\"wp-block-quote is-layout-flow wp-block-quote-is-layout-flow\">\n<p><em>Sukcesywnie realizujemy strategi\u0119 taborow\u0105, w ramach kt\u00f3rej do 2030 roku wszystkie pojazdy w naszym parku taborowym b\u0119d\u0105 nowe lub zmodernizowane. Kolejnym krokiem w jej realizacji jest zakup 35 nowych hybrydowych zespo\u0142\u00f3w trakcyjnych, kt\u00f3re b\u0119d\u0105 dostosowane do pr\u0119dko\u015bci co najmniej 160 km\/h w trakcji elektrycznej oraz 120 km\/h podczas jazdy z wykorzystaniem nap\u0119du spalinowego<\/em> \u2013 wyja\u015bnia Jaros\u0142aw Oniszczuk, cz\u0142onek zarz\u0105du PKP Intercity.<\/p>\n<\/blockquote>\n\n\n\n<p>W nowych hybrydowych zespo\u0142ach trakcyjnych znajdzie si\u0119 miejsce dla min. 178 os\u00f3b, z czego 154 z nich b\u0119dzie w klasie drugiej, a 20 w pierwszej. Dodatkowo pojazdy wyposa\u017cone zostan\u0105 w 4 miejsca dla os\u00f3b z niepe\u0142nosprawno\u015bciami oraz ich opiekun\u00f3w i w minimum 8 stojak\u00f3w na rowery. Podr\u00f3\u017cni na pok\u0142adzie nowych hybrydowych zespo\u0142\u00f3w trakcyjnych b\u0119d\u0105 mogli skorzysta\u0107 z oferty gastronomicznej dost\u0119pnej z maszyn vendingowych.<\/p>\n\n\n\n<p><\/p>\n\n\n<style>.wp-block-image{margin:1.25rem 0;text-align:center}.wp-block-image figcaption{padding:0 0.9375rem;text-align:center}\n<\/style>\n<figure class=\"wp-block-image size-large\"><a href=\"https:\/\/transinfo.pl\/wp-content\/uploads\/2024\/03\/PKP-Intercity-1.jpg\"><img decoding=\"async\" src=\"https:\/\/transinfo.pl\/wp-content\/uploads\/2024\/03\/PKP-Intercity-1-1024x658.jpg\" alt=\"Dzi\u015b PKP Intercity otworzy\u0142o oferty z\u0142o\u017cone w post\u0119powaniu na zakup 35 nowych hybrydowych zespo\u0142\u00f3w trakcyjnych (HZT).\" class=\"wp-image-469237\" \/><\/a><figcaption class=\"wp-element-caption\">Poci\u0105gi PKP Intercity\/foto: PKP IC<\/figcaption><\/figure>\n\n\n\n<p><\/p>\n\n\n\n<p>Dzi\u0119ki temu zam\u00f3wieniu przewo\u017anik uzyska szybkie, ekologiczne i nowoczesne pojazdy. B\u0119d\u0105 one je\u017adzi\u0107 w relacjach krajowych w kategorii InterCity. Skr\u00f3ceniu ulegnie czas podr\u00f3\u017cy dla poci\u0105g\u00f3w obecnie obs\u0142ugiwanych przez lokomotywy elektryczne oraz spalinowe, ze wzgl\u0119du na konieczno\u015b\u0107 zapewnienia dodatkowego czasu na ich wymian\u0119.<\/p>\n\n\n\n<p>Bezpieczn\u0105 eksploatacj\u0119 zespo\u0142\u00f3w trakcyjnych zapewni zastosowany system bezpiecze\u0144stwa ETCS. Wyposa\u017cenie podnosz\u0105ce poziom bezpiecze\u0144stwa pojazd\u00f3w obejmie r\u00f3wnie\u017c systemy diagnostyki pok\u0142adowej, monitoringu wizyjnego i przeciwpo\u017carowy system alarmowy. Pojazdy b\u0119d\u0105 posiada\u0142y tak\u017ce nadajniki GPS, a tak\u017ce system do pomiaru zu\u017cycia paliwa i liczniki energii. Zamontowane zostan\u0105 w nich silniki spalinowe spe\u0142niaj\u0105ce najnowsze normy emisji spalin.<\/p>\n\n\n\n<p>Pierwsza jednostka zostanie przekazana narodowemu przewo\u017anikowi po 30 miesi\u0105cach od popisania umowy z producentem. Zgodnie z zam\u00f3wieniem wykonawca gwarantuje utrzymanie pojazd\u00f3w przez 10 lat u\u017cytkowania, kt\u00f3re b\u0119dzie \u015bwiadczone przy udziale pracownik\u00f3w przewo\u017anika.<\/p>\n","protected":false},"author":3,"featured_media":257744,"comment_status":"","ping_status":"closed","template":"","categories":[1],"tags":[23030,29,518],"class_list":["post-266884","inforail","type-inforail","status-publish","has-post-thumbnail","hentry","category-kontrakty","tag-hybrydowy-zespol-trakcyjny","tag-pkp-intercity","tag-przetarg"],"acf":[],"yoast_head":"<!-- This site is optimized with the Yoast SEO Premium plugin v21.8 (Yoast SEO v23.7) - https:\/\/yoast.com\/wordpress\/plugins\/seo\/ -->\n<title>Jedna oferta na sk\u0142ady hybrydowe dla PKP Intercity. W bud\u017cecie - TransInfo Archiwum<\/title>\n<meta name=\"description\" content=\"Dzi\u015b PKP Intercity otworzy\u0142o oferty z\u0142o\u017cone w post\u0119powaniu na zakup 35 nowych hybrydowych zespo\u0142\u00f3w trakcyjnych (HZT).\" \/>\n<meta name=\"robots\" content=\"index, follow, max-snippet:-1, max-image-preview:large, max-video-preview:-1\" \/>\n<link rel=\"canonical\" href=\"https:\/\/transinfo.pl\/x\/inforail\/jedna-oferta-na-sklady-hybrydowe-dla-pkp-intercity-w-budzecie\/\" \/>\n<meta property=\"og:locale\" content=\"pl_PL\" \/>\n<meta property=\"og:type\" content=\"article\" \/>\n<meta property=\"og:title\" content=\"Jedna oferta na sk\u0142ady hybrydowe dla PKP Intercity. W bud\u017cecie\" \/>\n<meta property=\"og:description\" content=\"Dzi\u015b PKP Intercity otworzy\u0142o oferty z\u0142o\u017cone w post\u0119powaniu na zakup 35 nowych hybrydowych zespo\u0142\u00f3w trakcyjnych (HZT).\" \/>\n<meta property=\"og:url\" content=\"https:\/\/transinfo.pl\/x\/inforail\/jedna-oferta-na-sklady-hybrydowe-dla-pkp-intercity-w-budzecie\/\" \/>\n<meta property=\"og:site_name\" content=\"TransInfo Archiwum\" \/>\n<meta property=\"og:image\" content=\"https:\/\/transinfo.pl\/x\/wp-content\/uploads\/2023\/09\/Hybryda.jpg\" \/>\n\t<meta property=\"og:image:width\" content=\"1\" \/>\n\t<meta property=\"og:image:height\" content=\"1\" \/>\n\t<meta property=\"og:image:type\" content=\"image\/jpeg\" \/>\n<meta name=\"twitter:card\" content=\"summary_large_image\" \/>\n<meta name=\"twitter:label1\" content=\"Szacowany czas czytania\" \/>\n\t<meta name=\"twitter:data1\" content=\"2 minuty\" \/>\n<script type=\"application\/ld+json\" class=\"yoast-schema-graph\">{\"@context\":\"https:\/\/schema.org\",\"@graph\":[{\"@type\":\"WebPage\",\"@id\":\"https:\/\/transinfo.pl\/x\/inforail\/jedna-oferta-na-sklady-hybrydowe-dla-pkp-intercity-w-budzecie\/\",\"url\":\"https:\/\/transinfo.pl\/x\/inforail\/jedna-oferta-na-sklady-hybrydowe-dla-pkp-intercity-w-budzecie\/\",\"name\":\"Jedna oferta na sk\u0142ady hybrydowe dla PKP Intercity. W bud\u017cecie - TransInfo Archiwum\",\"isPartOf\":{\"@id\":\"https:\/\/transinfo.pl\/x\/#website\"},\"primaryImageOfPage\":{\"@id\":\"https:\/\/transinfo.pl\/x\/inforail\/jedna-oferta-na-sklady-hybrydowe-dla-pkp-intercity-w-budzecie\/#primaryimage\"},\"image\":{\"@id\":\"https:\/\/transinfo.pl\/x\/inforail\/jedna-oferta-na-sklady-hybrydowe-dla-pkp-intercity-w-budzecie\/#primaryimage\"},\"thumbnailUrl\":\"https:\/\/transinfo.pl\/x\/wp-content\/uploads\/2023\/09\/Hybryda.jpg\",\"datePublished\":\"2024-03-27T15:45:00+00:00\",\"dateModified\":\"2024-03-27T15:45:00+00:00\",\"description\":\"Dzi\u015b PKP Intercity otworzy\u0142o oferty z\u0142o\u017cone w post\u0119powaniu na zakup 35 nowych hybrydowych zespo\u0142\u00f3w trakcyjnych (HZT).\",\"breadcrumb\":{\"@id\":\"https:\/\/transinfo.pl\/x\/inforail\/jedna-oferta-na-sklady-hybrydowe-dla-pkp-intercity-w-budzecie\/#breadcrumb\"},\"inLanguage\":\"pl-PL\",\"potentialAction\":[{\"@type\":\"ReadAction\",\"target\":[\"https:\/\/transinfo.pl\/x\/inforail\/jedna-oferta-na-sklady-hybrydowe-dla-pkp-intercity-w-budzecie\/\"]}]},{\"@type\":\"ImageObject\",\"inLanguage\":\"pl-PL\",\"@id\":\"https:\/\/transinfo.pl\/x\/inforail\/jedna-oferta-na-sklady-hybrydowe-dla-pkp-intercity-w-budzecie\/#primaryimage\",\"url\":\"https:\/\/transinfo.pl\/x\/wp-content\/uploads\/2023\/09\/Hybryda.jpg\",\"contentUrl\":\"https:\/\/transinfo.pl\/x\/wp-content\/uploads\/2023\/09\/Hybryda.jpg\"},{\"@type\":\"BreadcrumbList\",\"@id\":\"https:\/\/transinfo.pl\/x\/inforail\/jedna-oferta-na-sklady-hybrydowe-dla-pkp-intercity-w-budzecie\/#breadcrumb\",\"itemListElement\":[{\"@type\":\"ListItem\",\"position\":1,\"name\":\"Home\",\"item\":\"https:\/\/transinfo.pl\/x\/\"},{\"@type\":\"ListItem\",\"position\":2,\"name\":\"Inforail\",\"item\":\"https:\/\/transinfo.pl\/x\/inforail\/\"},{\"@type\":\"ListItem\",\"position\":3,\"name\":\"Jedna oferta na sk\u0142ady hybrydowe dla PKP Intercity. W bud\u017cecie\"}]},{\"@type\":\"WebSite\",\"@id\":\"https:\/\/transinfo.pl\/x\/#website\",\"url\":\"https:\/\/transinfo.pl\/x\/\",\"name\":\"TransInfo Archiwum\",\"description\":\"Ca\u0142y transport w jednym miejscu\",\"publisher\":{\"@id\":\"https:\/\/transinfo.pl\/x\/#organization\"},\"potentialAction\":[{\"@type\":\"SearchAction\",\"target\":{\"@type\":\"EntryPoint\",\"urlTemplate\":\"https:\/\/transinfo.pl\/x\/?s={search_term_string}\"},\"query-input\":{\"@type\":\"PropertyValueSpecification\",\"valueRequired\":true,\"valueName\":\"search_term_string\"}}],\"inLanguage\":\"pl-PL\"},{\"@type\":\"Organization\",\"@id\":\"https:\/\/transinfo.pl\/x\/#organization\",\"name\":\"TransInfo\",\"url\":\"https:\/\/transinfo.pl\/x\/\",\"logo\":{\"@type\":\"ImageObject\",\"inLanguage\":\"pl-PL\",\"@id\":\"https:\/\/transinfo.pl\/x\/#\/schema\/logo\/image\/\",\"url\":\"https:\/\/transinfo.pl\/x\/wp-content\/uploads\/2024\/10\/favicon.png\",\"contentUrl\":\"https:\/\/transinfo.pl\/x\/wp-content\/uploads\/2024\/10\/favicon.png\",\"width\":512,\"height\":512,\"caption\":\"TransInfo\"},\"image\":{\"@id\":\"https:\/\/transinfo.pl\/x\/#\/schema\/logo\/image\/\"}}]}<\/script>\n<!-- \/ Yoast SEO Premium plugin. -->","yoast_head_json":{"title":"Jedna oferta na sk\u0142ady hybrydowe dla PKP Intercity. W bud\u017cecie - TransInfo Archiwum","description":"Dzi\u015b PKP Intercity otworzy\u0142o oferty z\u0142o\u017cone w post\u0119powaniu na zakup 35 nowych hybrydowych zespo\u0142\u00f3w trakcyjnych (HZT).","robots":{"index":"index","follow":"follow","max-snippet":"max-snippet:-1","max-image-preview":"max-image-preview:large","max-video-preview":"max-video-preview:-1"},"canonical":"https:\/\/transinfo.pl\/x\/inforail\/jedna-oferta-na-sklady-hybrydowe-dla-pkp-intercity-w-budzecie\/","og_locale":"pl_PL","og_type":"article","og_title":"Jedna oferta na sk\u0142ady hybrydowe dla PKP Intercity. W bud\u017cecie","og_description":"Dzi\u015b PKP Intercity otworzy\u0142o oferty z\u0142o\u017cone w post\u0119powaniu na zakup 35 nowych hybrydowych zespo\u0142\u00f3w trakcyjnych (HZT).","og_url":"https:\/\/transinfo.pl\/x\/inforail\/jedna-oferta-na-sklady-hybrydowe-dla-pkp-intercity-w-budzecie\/","og_site_name":"TransInfo Archiwum","og_image":[{"url":"https:\/\/transinfo.pl\/x\/wp-content\/uploads\/2023\/09\/Hybryda.jpg","width":1,"height":1,"type":"image\/jpeg"}],"twitter_card":"summary_large_image","twitter_misc":{"Szacowany czas czytania":"2 minuty"},"schema":{"@context":"https:\/\/schema.org","@graph":[{"@type":"WebPage","@id":"https:\/\/transinfo.pl\/x\/inforail\/jedna-oferta-na-sklady-hybrydowe-dla-pkp-intercity-w-budzecie\/","url":"https:\/\/transinfo.pl\/x\/inforail\/jedna-oferta-na-sklady-hybrydowe-dla-pkp-intercity-w-budzecie\/","name":"Jedna oferta na sk\u0142ady hybrydowe dla PKP Intercity. W bud\u017cecie - TransInfo Archiwum","isPartOf":{"@id":"https:\/\/transinfo.pl\/x\/#website"},"primaryImageOfPage":{"@id":"https:\/\/transinfo.pl\/x\/inforail\/jedna-oferta-na-sklady-hybrydowe-dla-pkp-intercity-w-budzecie\/#primaryimage"},"image":{"@id":"https:\/\/transinfo.pl\/x\/inforail\/jedna-oferta-na-sklady-hybrydowe-dla-pkp-intercity-w-budzecie\/#primaryimage"},"thumbnailUrl":"https:\/\/transinfo.pl\/x\/wp-content\/uploads\/2023\/09\/Hybryda.jpg","datePublished":"2024-03-27T15:45:00+00:00","dateModified":"2024-03-27T15:45:00+00:00","description":"Dzi\u015b PKP Intercity otworzy\u0142o oferty z\u0142o\u017cone w post\u0119powaniu na zakup 35 nowych hybrydowych zespo\u0142\u00f3w trakcyjnych (HZT).","breadcrumb":{"@id":"https:\/\/transinfo.pl\/x\/inforail\/jedna-oferta-na-sklady-hybrydowe-dla-pkp-intercity-w-budzecie\/#breadcrumb"},"inLanguage":"pl-PL","potentialAction":[{"@type":"ReadAction","target":["https:\/\/transinfo.pl\/x\/inforail\/jedna-oferta-na-sklady-hybrydowe-dla-pkp-intercity-w-budzecie\/"]}]},{"@type":"ImageObject","inLanguage":"pl-PL","@id":"https:\/\/transinfo.pl\/x\/inforail\/jedna-oferta-na-sklady-hybrydowe-dla-pkp-intercity-w-budzecie\/#primaryimage","url":"https:\/\/transinfo.pl\/x\/wp-content\/uploads\/2023\/09\/Hybryda.jpg","contentUrl":"https:\/\/transinfo.pl\/x\/wp-content\/uploads\/2023\/09\/Hybryda.jpg"},{"@type":"BreadcrumbList","@id":"https:\/\/transinfo.pl\/x\/inforail\/jedna-oferta-na-sklady-hybrydowe-dla-pkp-intercity-w-budzecie\/#breadcrumb","itemListElement":[{"@type":"ListItem","position":1,"name":"Home","item":"https:\/\/transinfo.pl\/x\/"},{"@type":"ListItem","position":2,"name":"Inforail","item":"https:\/\/transinfo.pl\/x\/inforail\/"},{"@type":"ListItem","position":3,"name":"Jedna oferta na sk\u0142ady hybrydowe dla PKP Intercity. W bud\u017cecie"}]},{"@type":"WebSite","@id":"https:\/\/transinfo.pl\/x\/#website","url":"https:\/\/transinfo.pl\/x\/","name":"TransInfo Archiwum","description":"Ca\u0142y transport w jednym miejscu","publisher":{"@id":"https:\/\/transinfo.pl\/x\/#organization"},"potentialAction":[{"@type":"SearchAction","target":{"@type":"EntryPoint","urlTemplate":"https:\/\/transinfo.pl\/x\/?s={search_term_string}"},"query-input":{"@type":"PropertyValueSpecification","valueRequired":true,"valueName":"search_term_string"}}],"inLanguage":"pl-PL"},{"@type":"Organization","@id":"https:\/\/transinfo.pl\/x\/#organization","name":"TransInfo","url":"https:\/\/transinfo.pl\/x\/","logo":{"@type":"ImageObject","inLanguage":"pl-PL","@id":"https:\/\/transinfo.pl\/x\/#\/schema\/logo\/image\/","url":"https:\/\/transinfo.pl\/x\/wp-content\/uploads\/2024\/10\/favicon.png","contentUrl":"https:\/\/transinfo.pl\/x\/wp-content\/uploads\/2024\/10\/favicon.png","width":512,"height":512,"caption":"TransInfo"},"image":{"@id":"https:\/\/transinfo.pl\/x\/#\/schema\/logo\/image\/"}}]}},"_links":{"self":[{"href":"https:\/\/transinfo.pl\/x\/wp-json\/wp\/v2\/inforail\/266884","targetHints":{"allow":["GET"]}}],"collection":[{"href":"https:\/\/transinfo.pl\/x\/wp-json\/wp\/v2\/inforail"}],"about":[{"href":"https:\/\/transinfo.pl\/x\/wp-json\/wp\/v2\/types\/inforail"}],"author":[{"embeddable":true,"href":"https:\/\/transinfo.pl\/x\/wp-json\/wp\/v2\/users\/3"}],"replies":[{"embeddable":true,"href":"https:\/\/transinfo.pl\/x\/wp-json\/wp\/v2\/comments?post=266884"}],"wp:featuredmedia":[{"embeddable":true,"href":"https:\/\/transinfo.pl\/x\/wp-json\/wp\/v2\/media\/257744"}],"wp:attachment":[{"href":"https:\/\/transinfo.pl\/x\/wp-json\/wp\/v2\/media?parent=266884"}],"wp:term":[{"taxonomy":"category","embeddable":true,"href":"https:\/\/transinfo.pl\/x\/wp-json\/wp\/v2\/categories?post=266884"},{"taxonomy":"post_tag","embeddable":true,"href":"https:\/\/transinfo.pl\/x\/wp-json\/wp\/v2\/tags?post=266884"}],"curies":[{"name":"wp","href":"https:\/\/api.w.org\/{rel}","templated":true}]}}