{"id":266877,"date":"2024-03-27T14:15:00","date_gmt":"2024-03-27T14:15:00","guid":{"rendered":"https:\/\/transinfo.pl\/x\/inforail\/swiateczne-wzmocnienia-od-pkp-intercity\/"},"modified":"2024-03-27T14:15:00","modified_gmt":"2024-03-27T14:15:00","slug":"swiateczne-wzmocnienia-od-pkp-intercity","status":"publish","type":"inforail","link":"https:\/\/transinfo.pl\/x\/inforail\/swiateczne-wzmocnienia-od-pkp-intercity\/","title":{"rendered":"\u015awi\u0105teczne wzmocnienia od PKP Intercity"},"content":{"rendered":"<style>h1,h2,h3,h4,h5,h6{margin:0 0 1.25rem;font-family:Arial,sans-serif;font-weight:600;color:#050505}h1{font-size:1.875rem;line-height:1.1em;text-transform:none}@media(min-width: 768px){h1{font-size:2.375rem}}h2{font-size:1.1875rem;line-height:1.2em;text-transform:uppercase}@media(min-width: 768px){h2{font-size:1.0625rem}}h3{font-size:0.9375rem;line-height:1.4em;font-weight:900;margin-bottom:0.9375rem}h4{font-size:0.875rem;line-height:1.2em;font-weight:500}h5{font-size:0.9375rem;line-height:1.6;font-weight:400}h6{font-size:0.9375rem;line-height:1.6;font-weight:600}\n<\/style>\n<h3 class=\"wp-block-heading\" id=\"h-zblizajace-sie-swieta-wielkanocne-to-czas-wzmozonego-ruchu-pasazerow-na-terenie-calego-kraju-w-celu-sprostania-zwiekszonemu-zapotrzebowaniu-i-zapewnieniu-komfortu-podrozujacym-narodowy-przewoznik-zwieksza-liczbe-kursujacych-w-tym-okresie-pociagow-wydluza-ich-relacje-oraz-wzmacnia-sklady-dodatkowymi-wagonami\"><strong>Zbli\u017caj\u0105ce si\u0119 \u015bwi\u0119ta wielkanocne to czas wzmo\u017conego ruchu pasa\u017cer\u00f3w na terenie ca\u0142ego kraju. W celu sprostania zwi\u0119kszonemu zapotrzebowaniu i zapewnieniu komfortu podr\u00f3\u017cuj\u0105cym, narodowy przewo\u017anik zwi\u0119ksza liczb\u0119 kursuj\u0105cych w tym okresie poci\u0105g\u00f3w, wyd\u0142u\u017ca ich relacje oraz wzmacnia sk\u0142ady dodatkowymi wagonami. <\/strong><\/h3>\n\n\n<style>p{margin:0 0 1.5rem}p:last-child{margin:0}p.is-style-uppercase{text-transform:uppercase}p.is-style-preheading{color:#12406a;text-transform:uppercase}p.is-style-leadparagraph{font-size:1rem;line-height:1.625;font-weight:700}@media(min-width: 768px){p.is-style-leadparagraph{font-size:1.125rem;line-height:1.5555555556}}p.has-small-margin{margin-bottom:0.625rem}p.has-small-margin+h1,p.has-small-margin+h2,p.has-small-margin+h3{margin-top:1.875rem}\n<\/style>\n<p><a>Od \u015brody 27 marca do wtorku 2 kwietnia<\/a> 276 poci\u0105g\u00f3w zostanie wzmocnionych o dodatkowe wagony.<\/p>\n\n\n\n<h2 class=\"wp-block-heading\" id=\"h-dodatkowe-pociagi\">Dodatkowe poci\u0105gi<\/h2>\n\n\n\n<p>Zgodnie z planem PKP Intercity dodatkowe poci\u0105gi b\u0119d\u0105 kursowa\u0107 na najpopularniejszych trasach mi\u0119dzy 27 a 30 marca. Zmiany obejmuj\u0105 zar\u00f3wno poci\u0105gi kategorii InterCity, jak i TLK, co umo\u017cliwi pasa\u017cerom wygodny wyb\u00f3r spo\u015br\u00f3d r\u00f3\u017cnych opcji cenowych.<\/p>\n\n\n\n<p>Lista uruchamianych dodatkowo poci\u0105g\u00f3w oraz poci\u0105g\u00f3w kursuj\u0105cych w wyd\u0142u\u017conych relacjach:<\/p>\n\n\n<style>.page-content ul:not([class]),.acf-block ul:not([class]),.editor-rich-text ul,ol{padding-left:0.9375rem;margin-top:0;margin-bottom:1.5rem}.page-content ul:not([class]) ul,.page-content ul:not([class]) ol,.acf-block ul:not([class]) ul,.acf-block ul:not([class]) ol,.editor-rich-text ul ul,.editor-rich-text ul ol,ol ul,ol ol{margin:0}.page-content ul:not([class]) li,.acf-block ul:not([class]) li,.editor-rich-text ul li,ol li{margin-bottom:1.5rem}ul.with-icons{list-style:none;margin-left:0;padding-left:0}ul.with-icons li{margin-bottom:1.875rem}ul.with-icons li img{margin-bottom:15px}\n<\/style>\n<ul class=\"wp-block-list\">\n<li><strong>29 i 30 marca<\/strong> &#8211; poci\u0105g 26122\/3 TLK <em>\u201eOrzeszkowa\u201d<\/em> relacji Lublin G\u0142. \u2013 Jelenia G\u00f3ra (<em>wyd\u0142u\u017cenie relacji poci\u0105gu 16100\/1 \u201eOrzeszkowa\u201d<\/em> <em>rozpoczynaj\u0105cego zwykle bieg ze stacji Warszawa Wsch.)<\/em><\/li>\n\n\n\n<li><strong>28 i 29 marca<\/strong> &#8211; poci\u0105g 62122\/3 TLK <em>\u201eOrzeszkowa\u201d<\/em> relacji Jelenia G\u00f3ra \u2013 Lublin G\u0142. (<em>wyd\u0142u\u017cenie relacji poci\u0105gu 61100\/1 \u201eOrzeszkowa<\/em>\u201d <em>ko\u0144cz\u0105cego zwykle bieg na stacji Warszawa Wsch.<\/em>)<\/li>\n\n\n\n<li><strong>28 i 29 marca<\/strong>&#8211; poci\u0105g 61123\/2 IC <em>\u201eS\u0142owacki BIS\u201d<\/em> relacji Wroc\u0142aw G\u0142\u00f3wny \u2013 Warszawa Wschodnia<\/li>\n\n\n\n<li><strong>od 27 do 29 marca<\/strong> &#8211; poci\u0105g 15122\/3 IC <em>\u201eMa\u0142opolska BIS\u201d<\/em>&nbsp; relacji Warszawa Zachodnia \u2013 Gdynia G\u0142.<\/li>\n\n\n\n<li><strong>od 28 do 30 marca<\/strong> -poci\u0105g 51122\/3 IC <em>\u201eMa\u0142opolska BIS\u201d<\/em> relacji Gdynia G\u0142. \u2013 Warszawa Zachodnia<\/li>\n\n\n\n<li><strong>28 i 29 marca<\/strong> &#8211; poci\u0105g 10161\/0 IC <em>\u201eEsperanto\u201d<\/em> relacji Warszawa Centralna \u2013 Bia\u0142ystok<\/li>\n\n\n\n<li><strong>28 i 29 marca<\/strong> \u2013 poci\u0105g 11160\/1 IC <em>\u201eEsperanto\u201d<\/em> relacji Bia\u0142ystok \u2013 Warszawa Centralna<\/li>\n\n\n\n<li><strong>28 i 29 marca<\/strong> \u2013 poci\u0105g 11152\/3 IC <em>\u201eKraszewski\u201d<\/em> relacji Terespol \u2013 Warszawa Wschodnia<\/li>\n\n\n\n<li><strong>28 i 29 marca<\/strong> \u2013 poci\u0105g 11150\/1 IC <em>\u201eKraszewski\u201d<\/em> relacji Warszawa Zachodnia \u2013 Terespol<\/li>\n\n\n\n<li><strong>28 i 29 marca<\/strong> &#8211; poci\u0105g 16122\/3 IC <em>\u201eD\u0105browska BIS\u201d<\/em> relacji Warszawa Wschodnia \u2013 Wroc\u0142aw G\u0142\u00f3wny<\/li>\n\n\n\n<li><strong>od 27 do 29 marca<\/strong> &#8211; poci\u0105g 53102\/3 TLK <em>\u201eLubomirski\u201d<\/em> relacji Gdynia G\u0142. \u2013 Przemy\u015bl G\u0142. (<em>wyd\u0142u\u017cenie relacji poci\u0105gu 53102\/3 \u201eLubomirski\u201d ko\u0144cz\u0105cego zwykle bieg na stacji Krak\u00f3w G\u0142.)<\/em><\/li>\n\n\n\n<li><strong>od 27 do 29 marca<\/strong> &#8211; poci\u0105g 33122\/3 TLK relacji Przemy\u015bl G\u0142. \u2013 Krak\u00f3w G\u0142.<\/li>\n\n\n\n<li><strong>28 i 29 marca<\/strong> \u2013 poci\u0105g 62124 <em>\u201eWycz\u00f3\u0142kowski Bis\u201d<\/em> relacji Wroc\u0142aw G\u0142. \u2013 Kielce G\u0142.<\/li>\n\n\n\n<li><strong>29 i 30 marca<\/strong> \u2013 poci\u0105g 26125 <em>\u201eWycz\u00f3\u0142kowski Bis\u201d<\/em> relacji Kielce G\u0142. \u2013 Wroc\u0142aw G\u0142.<\/li>\n\n\n\n<li><strong>28 i 29 marca<\/strong>\u2013 poci\u0105g 36122\/2 <em>\u201eWyspia\u0144ski Bis\u201d<\/em> relacji Krak\u00f3w G\u0142. \u2013 Wroc\u0142aw G\u0142.<\/li>\n\n\n\n<li><strong>29 i 30 marca<\/strong> \u2013 poci\u0105gi 63122\/3 i 63122\/4&nbsp; <em>\u201eWyspia\u0144ski Bis\u201d<\/em> relacji Wroc\u0142aw G\u0142. \u2013&nbsp; Krak\u00f3w G\u0142.<\/li>\n<\/ul>\n\n\n\n<p>PKP Intercity zaplanowa\u0142o r\u00f3wnie\u017c wzmocnienia poci\u0105g\u00f3w na najpopularniejszych trasach. Mi\u0119dzy \u015brod\u0105 27 marca a wtorkiem 2 kwietnia 276 poci\u0105g\u00f3w zostanie wzmocnionych o 332wagony. Przewo\u017anik na bie\u017c\u0105co monitoruje frekwencj\u0119 w swoich sk\u0142adach i je\u015bli zachodzi potrzeba, w miar\u0119 mo\u017cliwo\u015bci taborowych uzupe\u0142nia je dodatkowymi wagonami. W ten spos\u00f3b zwi\u0119ksza liczb\u0119 miejsc siedz\u0105cych dla pasa\u017cer\u00f3w, zapewniaj\u0105c odpowiedni komfort podr\u00f3\u017cy.<\/p>\n\n\n\n<p><\/p>\n\n\n<style>.wp-block-image{margin:1.25rem 0;text-align:center}.wp-block-image figcaption{padding:0 0.9375rem;text-align:center}\n<\/style>\n<figure class=\"wp-block-image size-large\"><a href=\"https:\/\/transinfo.pl\/wp-content\/uploads\/2024\/03\/PKP-Intercity_wyjazdy-swiateczne.jpg\"><img decoding=\"async\" src=\"https:\/\/transinfo.pl\/wp-content\/uploads\/2024\/03\/PKP-Intercity_wyjazdy-swiateczne-1024x683.jpg\" alt=\"Zbli\u017caj\u0105ce si\u0119 \u015bwi\u0119ta wielkanocne to czas wzmo\u017conego ruch pasa\u017cer\u00f3w na terenie ca\u0142ego kraju. W celu sprostania zwi\u0119kszonemu zapotrzebowaniu i zapewnieniu komfortu podr\u00f3\u017cuj\u0105cym, narodowy przewo\u017anik zwi\u0119ksza liczb\u0119 kursuj\u0105cych w tym okresie poci\u0105g\u00f3w, wyd\u0142u\u017ca ich relacje oraz wzmacnia sk\u0142ady dodatkowymi wagonami. \" class=\"wp-image-469209\" \/><\/a><figcaption class=\"wp-element-caption\">Poci\u0105g PKP Intercity\/foto: PKP IC<\/figcaption><\/figure>\n\n\n\n<p><\/p>\n\n\n\n<h2 class=\"wp-block-heading\" id=\"h-zmiana-czasu-z-zimowego-na-letni\"><strong>Zmiana czasu z zimowego na letni<\/strong><\/h2>\n\n\n\n<p>W tym roku termin \u015bwi\u0105t wielkanocnych pokrywa si\u0119 z terminem zmiany czasu z zimowego na letni. Dlatego nale\u017cy zwr\u00f3ci\u0107 na to szczeg\u00f3ln\u0105 uwag\u0119 planuj\u0105c podr\u00f3\u017c w nocy z 30 na 31 marca, kiedy to nast\u0105pi zmiana czasu z zimowego na letni. W tym czasie w trasie b\u0119dzie 13 poci\u0105g\u00f3w PKP Intercity, kt\u00f3re dotr\u0105 do stacji docelowej zgodnie z za\u0142o\u017con\u0105 w rozk\u0142adzie godzin\u0105 podan\u0105 na bilecie.<\/p>\n\n\n\n<h2 class=\"wp-block-heading\" id=\"h-planowanie-podrozy\"><strong>Planowanie podr\u00f3\u017cy<\/strong><\/h2>\n\n\n\n<p>Szczeg\u00f3\u0142owe informacje o rozk\u0142adach jazdy dodatkowych poci\u0105g\u00f3w, a tak\u017ce mo\u017cliwo\u015bciach zakupu bilet\u00f3w, s\u0105 dost\u0119pne na stronie intercity.pl oraz w aplikacji mobilnej PKP Intercity. Dost\u0119pna jest r\u00f3wnie\u017c infolinia pod numerem +48 22 322 22 22 (koszt zgodny z taryf\u0105 operatora).<\/p>\n\n\n\n<p>PKP Intercity zach\u0119ca do wcze\u015bniejszego planowania podr\u00f3\u017cy i zakupu bilet\u00f3w.<\/p>\n","protected":false},"author":3,"featured_media":266878,"comment_status":"","ping_status":"closed","template":"","categories":[28],"tags":[61,123,29,66],"class_list":["post-266877","inforail","type-inforail","status-publish","has-post-thumbnail","hentry","category-pasazer","tag-kolej","tag-pasazer","tag-pkp-intercity","tag-pociag"],"acf":[],"yoast_head":"<!-- This site is optimized with the Yoast SEO Premium plugin v21.8 (Yoast SEO v23.7) - https:\/\/yoast.com\/wordpress\/plugins\/seo\/ -->\n<title>\u015awi\u0105teczne wzmocnienia od PKP Intercity - TransInfo Archiwum<\/title>\n<meta name=\"description\" content=\"Zbli\u017caj\u0105ce si\u0119 \u015bwi\u0119ta wielkanocne to czas wzmo\u017conego ruchu pasa\u017cer\u00f3w na terenie ca\u0142ego kraju. PKP Intercity wzmacnia poci\u0105gi.\" \/>\n<meta name=\"robots\" content=\"index, follow, max-snippet:-1, max-image-preview:large, max-video-preview:-1\" \/>\n<link rel=\"canonical\" href=\"https:\/\/transinfo.pl\/x\/inforail\/swiateczne-wzmocnienia-od-pkp-intercity\/\" \/>\n<meta property=\"og:locale\" content=\"pl_PL\" \/>\n<meta property=\"og:type\" content=\"article\" \/>\n<meta property=\"og:title\" content=\"\u015awi\u0105teczne wzmocnienia od PKP Intercity\" \/>\n<meta property=\"og:description\" content=\"Zbli\u017caj\u0105ce si\u0119 \u015bwi\u0119ta wielkanocne to czas wzmo\u017conego ruchu pasa\u017cer\u00f3w na terenie ca\u0142ego kraju. PKP Intercity wzmacnia poci\u0105gi.\" \/>\n<meta property=\"og:url\" content=\"https:\/\/transinfo.pl\/x\/inforail\/swiateczne-wzmocnienia-od-pkp-intercity\/\" \/>\n<meta property=\"og:site_name\" content=\"TransInfo Archiwum\" \/>\n<meta property=\"og:image\" content=\"https:\/\/transinfo.pl\/x\/wp-content\/uploads\/2024\/03\/PKP-Intercity.jpg\" \/>\n\t<meta property=\"og:image:width\" content=\"1\" \/>\n\t<meta property=\"og:image:height\" content=\"1\" \/>\n\t<meta property=\"og:image:type\" content=\"image\/jpeg\" \/>\n<meta name=\"twitter:card\" content=\"summary_large_image\" \/>\n<meta name=\"twitter:label1\" content=\"Szacowany czas czytania\" \/>\n\t<meta name=\"twitter:data1\" content=\"3 minuty\" \/>\n<script type=\"application\/ld+json\" class=\"yoast-schema-graph\">{\"@context\":\"https:\/\/schema.org\",\"@graph\":[{\"@type\":\"WebPage\",\"@id\":\"https:\/\/transinfo.pl\/x\/inforail\/swiateczne-wzmocnienia-od-pkp-intercity\/\",\"url\":\"https:\/\/transinfo.pl\/x\/inforail\/swiateczne-wzmocnienia-od-pkp-intercity\/\",\"name\":\"\u015awi\u0105teczne wzmocnienia od PKP Intercity - TransInfo Archiwum\",\"isPartOf\":{\"@id\":\"https:\/\/transinfo.pl\/x\/#website\"},\"primaryImageOfPage\":{\"@id\":\"https:\/\/transinfo.pl\/x\/inforail\/swiateczne-wzmocnienia-od-pkp-intercity\/#primaryimage\"},\"image\":{\"@id\":\"https:\/\/transinfo.pl\/x\/inforail\/swiateczne-wzmocnienia-od-pkp-intercity\/#primaryimage\"},\"thumbnailUrl\":\"https:\/\/transinfo.pl\/x\/wp-content\/uploads\/2024\/03\/PKP-Intercity.jpg\",\"datePublished\":\"2024-03-27T14:15:00+00:00\",\"dateModified\":\"2024-03-27T14:15:00+00:00\",\"description\":\"Zbli\u017caj\u0105ce si\u0119 \u015bwi\u0119ta wielkanocne to czas wzmo\u017conego ruchu pasa\u017cer\u00f3w na terenie ca\u0142ego kraju. PKP Intercity wzmacnia poci\u0105gi.\",\"breadcrumb\":{\"@id\":\"https:\/\/transinfo.pl\/x\/inforail\/swiateczne-wzmocnienia-od-pkp-intercity\/#breadcrumb\"},\"inLanguage\":\"pl-PL\",\"potentialAction\":[{\"@type\":\"ReadAction\",\"target\":[\"https:\/\/transinfo.pl\/x\/inforail\/swiateczne-wzmocnienia-od-pkp-intercity\/\"]}]},{\"@type\":\"ImageObject\",\"inLanguage\":\"pl-PL\",\"@id\":\"https:\/\/transinfo.pl\/x\/inforail\/swiateczne-wzmocnienia-od-pkp-intercity\/#primaryimage\",\"url\":\"https:\/\/transinfo.pl\/x\/wp-content\/uploads\/2024\/03\/PKP-Intercity.jpg\",\"contentUrl\":\"https:\/\/transinfo.pl\/x\/wp-content\/uploads\/2024\/03\/PKP-Intercity.jpg\"},{\"@type\":\"BreadcrumbList\",\"@id\":\"https:\/\/transinfo.pl\/x\/inforail\/swiateczne-wzmocnienia-od-pkp-intercity\/#breadcrumb\",\"itemListElement\":[{\"@type\":\"ListItem\",\"position\":1,\"name\":\"Home\",\"item\":\"https:\/\/transinfo.pl\/x\/\"},{\"@type\":\"ListItem\",\"position\":2,\"name\":\"Inforail\",\"item\":\"https:\/\/transinfo.pl\/x\/inforail\/\"},{\"@type\":\"ListItem\",\"position\":3,\"name\":\"\u015awi\u0105teczne wzmocnienia od PKP Intercity\"}]},{\"@type\":\"WebSite\",\"@id\":\"https:\/\/transinfo.pl\/x\/#website\",\"url\":\"https:\/\/transinfo.pl\/x\/\",\"name\":\"TransInfo Archiwum\",\"description\":\"Ca\u0142y transport w jednym miejscu\",\"publisher\":{\"@id\":\"https:\/\/transinfo.pl\/x\/#organization\"},\"potentialAction\":[{\"@type\":\"SearchAction\",\"target\":{\"@type\":\"EntryPoint\",\"urlTemplate\":\"https:\/\/transinfo.pl\/x\/?s={search_term_string}\"},\"query-input\":{\"@type\":\"PropertyValueSpecification\",\"valueRequired\":true,\"valueName\":\"search_term_string\"}}],\"inLanguage\":\"pl-PL\"},{\"@type\":\"Organization\",\"@id\":\"https:\/\/transinfo.pl\/x\/#organization\",\"name\":\"TransInfo\",\"url\":\"https:\/\/transinfo.pl\/x\/\",\"logo\":{\"@type\":\"ImageObject\",\"inLanguage\":\"pl-PL\",\"@id\":\"https:\/\/transinfo.pl\/x\/#\/schema\/logo\/image\/\",\"url\":\"https:\/\/transinfo.pl\/x\/wp-content\/uploads\/2024\/10\/favicon.png\",\"contentUrl\":\"https:\/\/transinfo.pl\/x\/wp-content\/uploads\/2024\/10\/favicon.png\",\"width\":512,\"height\":512,\"caption\":\"TransInfo\"},\"image\":{\"@id\":\"https:\/\/transinfo.pl\/x\/#\/schema\/logo\/image\/\"}}]}<\/script>\n<!-- \/ Yoast SEO Premium plugin. -->","yoast_head_json":{"title":"\u015awi\u0105teczne wzmocnienia od PKP Intercity - TransInfo Archiwum","description":"Zbli\u017caj\u0105ce si\u0119 \u015bwi\u0119ta wielkanocne to czas wzmo\u017conego ruchu pasa\u017cer\u00f3w na terenie ca\u0142ego kraju. PKP Intercity wzmacnia poci\u0105gi.","robots":{"index":"index","follow":"follow","max-snippet":"max-snippet:-1","max-image-preview":"max-image-preview:large","max-video-preview":"max-video-preview:-1"},"canonical":"https:\/\/transinfo.pl\/x\/inforail\/swiateczne-wzmocnienia-od-pkp-intercity\/","og_locale":"pl_PL","og_type":"article","og_title":"\u015awi\u0105teczne wzmocnienia od PKP Intercity","og_description":"Zbli\u017caj\u0105ce si\u0119 \u015bwi\u0119ta wielkanocne to czas wzmo\u017conego ruchu pasa\u017cer\u00f3w na terenie ca\u0142ego kraju. PKP Intercity wzmacnia poci\u0105gi.","og_url":"https:\/\/transinfo.pl\/x\/inforail\/swiateczne-wzmocnienia-od-pkp-intercity\/","og_site_name":"TransInfo Archiwum","og_image":[{"url":"https:\/\/transinfo.pl\/x\/wp-content\/uploads\/2024\/03\/PKP-Intercity.jpg","width":1,"height":1,"type":"image\/jpeg"}],"twitter_card":"summary_large_image","twitter_misc":{"Szacowany czas czytania":"3 minuty"},"schema":{"@context":"https:\/\/schema.org","@graph":[{"@type":"WebPage","@id":"https:\/\/transinfo.pl\/x\/inforail\/swiateczne-wzmocnienia-od-pkp-intercity\/","url":"https:\/\/transinfo.pl\/x\/inforail\/swiateczne-wzmocnienia-od-pkp-intercity\/","name":"\u015awi\u0105teczne wzmocnienia od PKP Intercity - TransInfo Archiwum","isPartOf":{"@id":"https:\/\/transinfo.pl\/x\/#website"},"primaryImageOfPage":{"@id":"https:\/\/transinfo.pl\/x\/inforail\/swiateczne-wzmocnienia-od-pkp-intercity\/#primaryimage"},"image":{"@id":"https:\/\/transinfo.pl\/x\/inforail\/swiateczne-wzmocnienia-od-pkp-intercity\/#primaryimage"},"thumbnailUrl":"https:\/\/transinfo.pl\/x\/wp-content\/uploads\/2024\/03\/PKP-Intercity.jpg","datePublished":"2024-03-27T14:15:00+00:00","dateModified":"2024-03-27T14:15:00+00:00","description":"Zbli\u017caj\u0105ce si\u0119 \u015bwi\u0119ta wielkanocne to czas wzmo\u017conego ruchu pasa\u017cer\u00f3w na terenie ca\u0142ego kraju. PKP Intercity wzmacnia poci\u0105gi.","breadcrumb":{"@id":"https:\/\/transinfo.pl\/x\/inforail\/swiateczne-wzmocnienia-od-pkp-intercity\/#breadcrumb"},"inLanguage":"pl-PL","potentialAction":[{"@type":"ReadAction","target":["https:\/\/transinfo.pl\/x\/inforail\/swiateczne-wzmocnienia-od-pkp-intercity\/"]}]},{"@type":"ImageObject","inLanguage":"pl-PL","@id":"https:\/\/transinfo.pl\/x\/inforail\/swiateczne-wzmocnienia-od-pkp-intercity\/#primaryimage","url":"https:\/\/transinfo.pl\/x\/wp-content\/uploads\/2024\/03\/PKP-Intercity.jpg","contentUrl":"https:\/\/transinfo.pl\/x\/wp-content\/uploads\/2024\/03\/PKP-Intercity.jpg"},{"@type":"BreadcrumbList","@id":"https:\/\/transinfo.pl\/x\/inforail\/swiateczne-wzmocnienia-od-pkp-intercity\/#breadcrumb","itemListElement":[{"@type":"ListItem","position":1,"name":"Home","item":"https:\/\/transinfo.pl\/x\/"},{"@type":"ListItem","position":2,"name":"Inforail","item":"https:\/\/transinfo.pl\/x\/inforail\/"},{"@type":"ListItem","position":3,"name":"\u015awi\u0105teczne wzmocnienia od PKP Intercity"}]},{"@type":"WebSite","@id":"https:\/\/transinfo.pl\/x\/#website","url":"https:\/\/transinfo.pl\/x\/","name":"TransInfo Archiwum","description":"Ca\u0142y transport w jednym miejscu","publisher":{"@id":"https:\/\/transinfo.pl\/x\/#organization"},"potentialAction":[{"@type":"SearchAction","target":{"@type":"EntryPoint","urlTemplate":"https:\/\/transinfo.pl\/x\/?s={search_term_string}"},"query-input":{"@type":"PropertyValueSpecification","valueRequired":true,"valueName":"search_term_string"}}],"inLanguage":"pl-PL"},{"@type":"Organization","@id":"https:\/\/transinfo.pl\/x\/#organization","name":"TransInfo","url":"https:\/\/transinfo.pl\/x\/","logo":{"@type":"ImageObject","inLanguage":"pl-PL","@id":"https:\/\/transinfo.pl\/x\/#\/schema\/logo\/image\/","url":"https:\/\/transinfo.pl\/x\/wp-content\/uploads\/2024\/10\/favicon.png","contentUrl":"https:\/\/transinfo.pl\/x\/wp-content\/uploads\/2024\/10\/favicon.png","width":512,"height":512,"caption":"TransInfo"},"image":{"@id":"https:\/\/transinfo.pl\/x\/#\/schema\/logo\/image\/"}}]}},"_links":{"self":[{"href":"https:\/\/transinfo.pl\/x\/wp-json\/wp\/v2\/inforail\/266877","targetHints":{"allow":["GET"]}}],"collection":[{"href":"https:\/\/transinfo.pl\/x\/wp-json\/wp\/v2\/inforail"}],"about":[{"href":"https:\/\/transinfo.pl\/x\/wp-json\/wp\/v2\/types\/inforail"}],"author":[{"embeddable":true,"href":"https:\/\/transinfo.pl\/x\/wp-json\/wp\/v2\/users\/3"}],"replies":[{"embeddable":true,"href":"https:\/\/transinfo.pl\/x\/wp-json\/wp\/v2\/comments?post=266877"}],"wp:featuredmedia":[{"embeddable":true,"href":"https:\/\/transinfo.pl\/x\/wp-json\/wp\/v2\/media\/266878"}],"wp:attachment":[{"href":"https:\/\/transinfo.pl\/x\/wp-json\/wp\/v2\/media?parent=266877"}],"wp:term":[{"taxonomy":"category","embeddable":true,"href":"https:\/\/transinfo.pl\/x\/wp-json\/wp\/v2\/categories?post=266877"},{"taxonomy":"post_tag","embeddable":true,"href":"https:\/\/transinfo.pl\/x\/wp-json\/wp\/v2\/tags?post=266877"}],"curies":[{"name":"wp","href":"https:\/\/api.w.org\/{rel}","templated":true}]}}