{"id":266815,"date":"2024-03-26T15:45:00","date_gmt":"2024-03-26T15:45:00","guid":{"rendered":"https:\/\/transinfo.pl\/x\/inforail\/13-pociagow-pkp-intercity-ze-zmienionymi-godzinami-przyjazdow\/"},"modified":"2024-03-26T15:45:00","modified_gmt":"2024-03-26T15:45:00","slug":"13-pociagow-pkp-intercity-ze-zmienionymi-godzinami-przyjazdow","status":"publish","type":"inforail","link":"https:\/\/transinfo.pl\/x\/inforail\/13-pociagow-pkp-intercity-ze-zmienionymi-godzinami-przyjazdow\/","title":{"rendered":"13 poci\u0105g\u00f3w PKP Intercity ze zmienionymi godzinami przyjazd\u00f3w"},"content":{"rendered":"<style>h1,h2,h3,h4,h5,h6{margin:0 0 1.25rem;font-family:Arial,sans-serif;font-weight:600;color:#050505}h1{font-size:1.875rem;line-height:1.1em;text-transform:none}@media(min-width: 768px){h1{font-size:2.375rem}}h2{font-size:1.1875rem;line-height:1.2em;text-transform:uppercase}@media(min-width: 768px){h2{font-size:1.0625rem}}h3{font-size:0.9375rem;line-height:1.4em;font-weight:900;margin-bottom:0.9375rem}h4{font-size:0.875rem;line-height:1.2em;font-weight:500}h5{font-size:0.9375rem;line-height:1.6;font-weight:400}h6{font-size:0.9375rem;line-height:1.6;font-weight:600}\n<\/style>\n<h3 class=\"wp-block-heading\" id=\"h-w-nocy-z-30-na-31-marca-nastapi-zmiana-czasu-z-zimowego-na-letni-oznacza-to-ze-musimy-przestawic-zegarki-z-godziny-2-00-na-3-00\"><strong>W nocy z 30 na 31 marca nast\u0105pi zmiana czasu z zimowego na letni. Oznacza to, \u017ce musimy przestawi\u0107 zegarki z godziny 2:00 na 3:00. <\/strong><\/h3>\n\n\n<style>p{margin:0 0 1.5rem}p:last-child{margin:0}p.is-style-uppercase{text-transform:uppercase}p.is-style-preheading{color:#12406a;text-transform:uppercase}p.is-style-leadparagraph{font-size:1rem;line-height:1.625;font-weight:700}@media(min-width: 768px){p.is-style-leadparagraph{font-size:1.125rem;line-height:1.5555555556}}p.has-small-margin{margin-bottom:0.625rem}p.has-small-margin+h1,p.has-small-margin+h2,p.has-small-margin+h3{margin-top:1.875rem}\n<\/style>\n<p>W tym czasie w trasie b\u0119dzie 13 poci\u0105g\u00f3w PKP Intercity, kt\u00f3re dotr\u0105 do stacji docelowej zgodnie z za\u0142o\u017con\u0105 w rozk\u0142adzie godzin\u0105. W tym roku termin zmiany czasu na letni pokrywa si\u0119 ze \u015awi\u0119tami Wielkanocnymi.<\/p>\n\n\n\n<h2 class=\"wp-block-heading\" id=\"h-zmiany-dla-pasazerow\">Zmiany dla pasa\u017cer\u00f3w<\/h2>\n\n\n\n<p>Ka\u017cdego roku, w ostatni\u0105 niedziel\u0119 marca (w nocy z soboty na niedziel\u0119), przesuwaj\u0105c wskaz\u00f3wki zegark\u00f3w o godzin\u0119 do przodu, wprowadzamy czas letni. Termin zmiany czasu na letni pokrywa si\u0119 w tym roku z Wielkanoc\u0105, co jest szczeg\u00f3lnie wa\u017cne dla podr\u00f3\u017cnych planuj\u0105cych \u015bwi\u0105teczne wyjazdy.<\/p>\n\n\n\n<p>Zmiana wi\u0105\u017ce si\u0119 z wdro\u017ceniem specjalnego rozk\u0142adu jazdy, kt\u00f3ry nie wp\u0142ynie na czas przejazdu sk\u0142ad\u00f3w PKP Intercity. Pasa\u017cerowie 13 poci\u0105g\u00f3w narodowego przewo\u017anika rozpoczn\u0105 podr\u00f3\u017c wed\u0142ug czasu zimowego, a zako\u0144cz\u0105 wed\u0142ug czasu letniego, docieraj\u0105c do miejsca docelowego zgodnie z godzin\u0105 podan\u0105 na bilecie. Na przyk\u0142ad poci\u0105g\u00a0 IC 81170\/1 UZNAM \u2013 rel. \u015awinouj\u015bcie &#8211; Warszawa Wschodnia przyjedzie na stacj\u0119 Nowy Tomy\u015bl o\u00a0 godzinie 1:56 czasu zimowego, a po kr\u00f3tkim postoju wyjedzie z niej o 3:01 czasu letniego.<\/p>\n\n\n\n<p><\/p>\n\n\n<style>.wp-block-image{margin:1.25rem 0;text-align:center}.wp-block-image figcaption{padding:0 0.9375rem;text-align:center}\n<\/style>\n<figure class=\"wp-block-image size-large\"><a href=\"https:\/\/transinfo.pl\/wp-content\/uploads\/2024\/02\/PKP-Intercity-1.jpg\"><img decoding=\"async\" src=\"https:\/\/transinfo.pl\/wp-content\/uploads\/2024\/02\/PKP-Intercity-1-1024x682.jpg\" alt=\"Poci\u0105g PKP IC\" class=\"wp-image-464235\" \/><\/a><figcaption class=\"wp-element-caption\">Poci\u0105g PKP Intercity\/foto: PKP IC<\/figcaption><\/figure>\n\n\n\n<p><\/p>\n\n\n\n<p>Poni\u017cej lista sk\u0142ad\u00f3w, kt\u00f3re kursuj\u0105 w noc przej\u015bciow\u0105:<\/p>\n\n\n<style>.page-content ul:not([class]),.acf-block ul:not([class]),.editor-rich-text ul,ol{padding-left:0.9375rem;margin-top:0;margin-bottom:1.5rem}.page-content ul:not([class]) ul,.page-content ul:not([class]) ol,.acf-block ul:not([class]) ul,.acf-block ul:not([class]) ol,.editor-rich-text ul ul,.editor-rich-text ul ol,ol ul,ol ol{margin:0}.page-content ul:not([class]) li,.acf-block ul:not([class]) li,.editor-rich-text ul li,ol li{margin-bottom:1.5rem}ul.with-icons{list-style:none;margin-left:0;padding-left:0}ul.with-icons li{margin-bottom:1.875rem}ul.with-icons li img{margin-bottom:15px}\n<\/style>\n<ul class=\"wp-block-list\">\n<li>IC 18170\/1 UZNAM \u2013 rel. Warszawa Wschodnia \u2013 \u015awinouj\u015bcie; przyjazd na stacj\u0119 Pozna\u0144 G\u0142\u00f3wny o 1:38 czasu zimowego, odjazd o 3:01 czasu letniego;<\/li>\n\n\n\n<li>IC 81170\/1 UZNAM \u2013 rel. \u015awinouj\u015bcie &#8211; Warszawa Wschodnia; przyjazd na stacj\u0119 Nowy Tomy\u015bl o 1:56 czasu zimowego, odjazd o 3:01 czasu letniego;<\/li>\n\n\n\n<li>TLK ROZEWIE 35172\/3 \u2013 rel. Krak\u00f3w G\u0142\u00f3wny \u2013 Gdynia G\u0142owna; wyjazd ze stacji Pozna\u0144 G\u0142\u00f3wny o 1:53 czasu zimowego , przyjazd na stacj\u0119 Gniezno o 3:20 czasu letniego;<\/li>\n\n\n\n<li>TLK 53172\/3 ROZEWIE \u2013 rel. Gdynia G\u0142\u00f3wna &#8211; Krak\u00f3w G\u0142\u00f3wny; wyjazd ze stacji Gniezno o 1:49 czasu zimowego, przyjazd na stacj\u0119 Pozna\u0144 G\u0142\u00f3wny o 3:25 czasu letniego;<\/li>\n\n\n\n<li>TLK 38170\/1 USTRONIE &#8211; rel. Krak\u00f3w G\u0142\u00f3wny \u2013 Ko\u0142obrzeg; przyjazd na stacj\u0119 Warszawa Wschodnia o 1:41 czasu zimowego, odjazd o 3:03 czasu letniego;<\/li>\n\n\n\n<li>TLK 83170\/1 USTRONIE&nbsp; \u2013 rel. Ko\u0142obrzeg &#8211; Krak\u00f3w G\u0142\u00f3wny; wyjazd ze stacji Dzia\u0142dowo o 1:59 czasu zimowego, przyjazd na stacj\u0119 M\u0142awa o 3:10 czasu letniego;<\/li>\n\n\n\n<li>TLK 16170\/1 KARKONOSZE \u2013 rel. Warszawa Wschodnia &#8211; Jelenia G\u00f3ra; wyjazd ze stacji Zabrze o 1:59 czasu zimowego, przyjazd na stacj\u0119 Gliwice 3:06 czasu letniego;<\/li>\n\n\n\n<li>TLK 61170\/1 KARKONOSZE&nbsp; \u2013 rel. Jelenia G\u00f3ra &#8211; Warszawa Wschodnia; wyjazd ze stacji Strzelce Opolskie o 1:34 czasu zimowego, przyjazd na stacj\u0119 Gliwice o 3:02 czasu letniego;<\/li>\n\n\n\n<li>TLK 35170\/1 KARPATY \u2013 rel. Zakopane &#8211; Gdynia G\u0142\u00f3wna; wyjazd ze stacji Cz\u0119stochowa o 1:56 czasu zimowego, przyjazd na stacj\u0119 Radomsko o 3:21 czasu letniego;<\/li>\n\n\n\n<li>TLK 53170\/1 KARPATY \u2013 rel. Gdynia G\u0142\u00f3wna \u2013 Zakopane; wyjazd ze stacji Cz\u0119stochowa o 1:55 czasu zimowego, przyjazd na stacj\u0119 Koniecpol o 3:25 czasu letniego;<\/li>\n\n\n\n<li>IC 38172\/3 PRZEMY\u015aLANIN&nbsp; \u2013 rel. Przemy\u015bl G\u0142\u00f3wny \u2013 \u015awinouj\u015bcie; wyjazd ze stacji Gliwice o 23:55 czasu zimowego, przyjazd na stacj\u0119 Wroc\u0142aw G\u0142\u00f3wny o 3:42 czasu letniego;<\/li>\n\n\n\n<li>IC 83172\/3 PRZEMY\u015aLANIN \u2013 rel. \u015awinouj\u015bcie &#8211; Przemy\u015bl G\u0142\u00f3wny; wyjazd ze stacji Wroc\u0142aw G\u0142\u00f3wny o 1:15 czasu zimowego, przyjazd do stacji Gliwice o 4:57 czasu letniego;<\/li>\n<\/ul>\n\n\n\n<p>Poci\u0105g mi\u0119dzynarodowy, dla kt\u00f3rego zmiana czasu nast\u0105pi poza granicami Polski:<\/p>\n\n\n\n<ul class=\"wp-block-list\">\n<li>41010\/1 CHOPIN \u2013 rel. Bohumin \u2013 Warszawa Wschodnia; przyjazd na stacj\u0119 Zebrzydowice o 4:31 czasu letniego, odjazd o 4:36 czasu letniego (30 minut p\u00f3\u017aniej ni\u017c w pozosta\u0142e dni).<\/li>\n<\/ul>\n\n\n\n<p>Szczeg\u00f3\u0142owe informacje na temat godzin kursowania poci\u0105g\u00f3w w nocy z 30 na 31 marca br. mo\u017cna uzyska\u0107 m.in. za po\u015brednictwem strony intercity.pl, poprzez infolini\u0119 PKP Intercity pod numerem +48 22&nbsp;322 22 22 oraz (koszt zgodny z taryf\u0105 operatora) i u dru\u017cyn konduktorskich obs\u0142uguj\u0105cych kursuj\u0105ce w noc przej\u015bciow\u0105 poci\u0105gi.<\/p>\n","protected":false},"author":3,"featured_media":266816,"comment_status":"","ping_status":"closed","template":"","categories":[28],"tags":[61,123,29,66,3510],"class_list":["post-266815","inforail","type-inforail","status-publish","has-post-thumbnail","hentry","category-pasazer","tag-kolej","tag-pasazer","tag-pkp-intercity","tag-pociag","tag-zmiana-czasu"],"acf":[],"yoast_head":"<!-- This site is optimized with the Yoast SEO Premium plugin v21.8 (Yoast SEO v23.7) - https:\/\/yoast.com\/wordpress\/plugins\/seo\/ -->\n<title>13 poci\u0105g\u00f3w PKP Intercity ze zmienionymi godzinami przyjazd\u00f3w - TransInfo Archiwum<\/title>\n<meta name=\"description\" content=\"W nocy z 30 na 31 marca nast\u0105pi zmiana czasu z zimowego na letni. Oznacza to, \u017ce musimy przestawi\u0107 zegarki z godziny 2:00 na 3:00.\" \/>\n<meta name=\"robots\" content=\"index, follow, max-snippet:-1, max-image-preview:large, max-video-preview:-1\" \/>\n<link rel=\"canonical\" href=\"https:\/\/transinfo.pl\/x\/inforail\/13-pociagow-pkp-intercity-ze-zmienionymi-godzinami-przyjazdow\/\" \/>\n<meta property=\"og:locale\" content=\"pl_PL\" \/>\n<meta property=\"og:type\" content=\"article\" \/>\n<meta property=\"og:title\" content=\"13 poci\u0105g\u00f3w PKP Intercity ze zmienionymi godzinami przyjazd\u00f3w\" \/>\n<meta property=\"og:description\" content=\"W nocy z 30 na 31 marca nast\u0105pi zmiana czasu z zimowego na letni. Oznacza to, \u017ce musimy przestawi\u0107 zegarki z godziny 2:00 na 3:00.\" \/>\n<meta property=\"og:url\" content=\"https:\/\/transinfo.pl\/x\/inforail\/13-pociagow-pkp-intercity-ze-zmienionymi-godzinami-przyjazdow\/\" \/>\n<meta property=\"og:site_name\" content=\"TransInfo Archiwum\" \/>\n<meta property=\"og:image\" content=\"https:\/\/transinfo.pl\/x\/wp-content\/uploads\/2024\/03\/Zmiana-czasu_PKP-Intercity.jpg\" \/>\n\t<meta property=\"og:image:width\" content=\"1\" \/>\n\t<meta property=\"og:image:height\" content=\"1\" \/>\n\t<meta property=\"og:image:type\" content=\"image\/jpeg\" \/>\n<meta name=\"twitter:card\" content=\"summary_large_image\" \/>\n<meta name=\"twitter:label1\" content=\"Szacowany czas czytania\" \/>\n\t<meta name=\"twitter:data1\" content=\"3 minuty\" \/>\n<script type=\"application\/ld+json\" class=\"yoast-schema-graph\">{\"@context\":\"https:\/\/schema.org\",\"@graph\":[{\"@type\":\"WebPage\",\"@id\":\"https:\/\/transinfo.pl\/x\/inforail\/13-pociagow-pkp-intercity-ze-zmienionymi-godzinami-przyjazdow\/\",\"url\":\"https:\/\/transinfo.pl\/x\/inforail\/13-pociagow-pkp-intercity-ze-zmienionymi-godzinami-przyjazdow\/\",\"name\":\"13 poci\u0105g\u00f3w PKP Intercity ze zmienionymi godzinami przyjazd\u00f3w - TransInfo Archiwum\",\"isPartOf\":{\"@id\":\"https:\/\/transinfo.pl\/x\/#website\"},\"primaryImageOfPage\":{\"@id\":\"https:\/\/transinfo.pl\/x\/inforail\/13-pociagow-pkp-intercity-ze-zmienionymi-godzinami-przyjazdow\/#primaryimage\"},\"image\":{\"@id\":\"https:\/\/transinfo.pl\/x\/inforail\/13-pociagow-pkp-intercity-ze-zmienionymi-godzinami-przyjazdow\/#primaryimage\"},\"thumbnailUrl\":\"https:\/\/transinfo.pl\/x\/wp-content\/uploads\/2024\/03\/Zmiana-czasu_PKP-Intercity.jpg\",\"datePublished\":\"2024-03-26T15:45:00+00:00\",\"dateModified\":\"2024-03-26T15:45:00+00:00\",\"description\":\"W nocy z 30 na 31 marca nast\u0105pi zmiana czasu z zimowego na letni. Oznacza to, \u017ce musimy przestawi\u0107 zegarki z godziny 2:00 na 3:00.\",\"breadcrumb\":{\"@id\":\"https:\/\/transinfo.pl\/x\/inforail\/13-pociagow-pkp-intercity-ze-zmienionymi-godzinami-przyjazdow\/#breadcrumb\"},\"inLanguage\":\"pl-PL\",\"potentialAction\":[{\"@type\":\"ReadAction\",\"target\":[\"https:\/\/transinfo.pl\/x\/inforail\/13-pociagow-pkp-intercity-ze-zmienionymi-godzinami-przyjazdow\/\"]}]},{\"@type\":\"ImageObject\",\"inLanguage\":\"pl-PL\",\"@id\":\"https:\/\/transinfo.pl\/x\/inforail\/13-pociagow-pkp-intercity-ze-zmienionymi-godzinami-przyjazdow\/#primaryimage\",\"url\":\"https:\/\/transinfo.pl\/x\/wp-content\/uploads\/2024\/03\/Zmiana-czasu_PKP-Intercity.jpg\",\"contentUrl\":\"https:\/\/transinfo.pl\/x\/wp-content\/uploads\/2024\/03\/Zmiana-czasu_PKP-Intercity.jpg\"},{\"@type\":\"BreadcrumbList\",\"@id\":\"https:\/\/transinfo.pl\/x\/inforail\/13-pociagow-pkp-intercity-ze-zmienionymi-godzinami-przyjazdow\/#breadcrumb\",\"itemListElement\":[{\"@type\":\"ListItem\",\"position\":1,\"name\":\"Home\",\"item\":\"https:\/\/transinfo.pl\/x\/\"},{\"@type\":\"ListItem\",\"position\":2,\"name\":\"Inforail\",\"item\":\"https:\/\/transinfo.pl\/x\/inforail\/\"},{\"@type\":\"ListItem\",\"position\":3,\"name\":\"13 poci\u0105g\u00f3w PKP Intercity ze zmienionymi godzinami przyjazd\u00f3w\"}]},{\"@type\":\"WebSite\",\"@id\":\"https:\/\/transinfo.pl\/x\/#website\",\"url\":\"https:\/\/transinfo.pl\/x\/\",\"name\":\"TransInfo Archiwum\",\"description\":\"Ca\u0142y transport w jednym miejscu\",\"publisher\":{\"@id\":\"https:\/\/transinfo.pl\/x\/#organization\"},\"potentialAction\":[{\"@type\":\"SearchAction\",\"target\":{\"@type\":\"EntryPoint\",\"urlTemplate\":\"https:\/\/transinfo.pl\/x\/?s={search_term_string}\"},\"query-input\":{\"@type\":\"PropertyValueSpecification\",\"valueRequired\":true,\"valueName\":\"search_term_string\"}}],\"inLanguage\":\"pl-PL\"},{\"@type\":\"Organization\",\"@id\":\"https:\/\/transinfo.pl\/x\/#organization\",\"name\":\"TransInfo\",\"url\":\"https:\/\/transinfo.pl\/x\/\",\"logo\":{\"@type\":\"ImageObject\",\"inLanguage\":\"pl-PL\",\"@id\":\"https:\/\/transinfo.pl\/x\/#\/schema\/logo\/image\/\",\"url\":\"https:\/\/transinfo.pl\/x\/wp-content\/uploads\/2024\/10\/favicon.png\",\"contentUrl\":\"https:\/\/transinfo.pl\/x\/wp-content\/uploads\/2024\/10\/favicon.png\",\"width\":512,\"height\":512,\"caption\":\"TransInfo\"},\"image\":{\"@id\":\"https:\/\/transinfo.pl\/x\/#\/schema\/logo\/image\/\"}}]}<\/script>\n<!-- \/ Yoast SEO Premium plugin. -->","yoast_head_json":{"title":"13 poci\u0105g\u00f3w PKP Intercity ze zmienionymi godzinami przyjazd\u00f3w - TransInfo Archiwum","description":"W nocy z 30 na 31 marca nast\u0105pi zmiana czasu z zimowego na letni. Oznacza to, \u017ce musimy przestawi\u0107 zegarki z godziny 2:00 na 3:00.","robots":{"index":"index","follow":"follow","max-snippet":"max-snippet:-1","max-image-preview":"max-image-preview:large","max-video-preview":"max-video-preview:-1"},"canonical":"https:\/\/transinfo.pl\/x\/inforail\/13-pociagow-pkp-intercity-ze-zmienionymi-godzinami-przyjazdow\/","og_locale":"pl_PL","og_type":"article","og_title":"13 poci\u0105g\u00f3w PKP Intercity ze zmienionymi godzinami przyjazd\u00f3w","og_description":"W nocy z 30 na 31 marca nast\u0105pi zmiana czasu z zimowego na letni. Oznacza to, \u017ce musimy przestawi\u0107 zegarki z godziny 2:00 na 3:00.","og_url":"https:\/\/transinfo.pl\/x\/inforail\/13-pociagow-pkp-intercity-ze-zmienionymi-godzinami-przyjazdow\/","og_site_name":"TransInfo Archiwum","og_image":[{"url":"https:\/\/transinfo.pl\/x\/wp-content\/uploads\/2024\/03\/Zmiana-czasu_PKP-Intercity.jpg","width":1,"height":1,"type":"image\/jpeg"}],"twitter_card":"summary_large_image","twitter_misc":{"Szacowany czas czytania":"3 minuty"},"schema":{"@context":"https:\/\/schema.org","@graph":[{"@type":"WebPage","@id":"https:\/\/transinfo.pl\/x\/inforail\/13-pociagow-pkp-intercity-ze-zmienionymi-godzinami-przyjazdow\/","url":"https:\/\/transinfo.pl\/x\/inforail\/13-pociagow-pkp-intercity-ze-zmienionymi-godzinami-przyjazdow\/","name":"13 poci\u0105g\u00f3w PKP Intercity ze zmienionymi godzinami przyjazd\u00f3w - TransInfo Archiwum","isPartOf":{"@id":"https:\/\/transinfo.pl\/x\/#website"},"primaryImageOfPage":{"@id":"https:\/\/transinfo.pl\/x\/inforail\/13-pociagow-pkp-intercity-ze-zmienionymi-godzinami-przyjazdow\/#primaryimage"},"image":{"@id":"https:\/\/transinfo.pl\/x\/inforail\/13-pociagow-pkp-intercity-ze-zmienionymi-godzinami-przyjazdow\/#primaryimage"},"thumbnailUrl":"https:\/\/transinfo.pl\/x\/wp-content\/uploads\/2024\/03\/Zmiana-czasu_PKP-Intercity.jpg","datePublished":"2024-03-26T15:45:00+00:00","dateModified":"2024-03-26T15:45:00+00:00","description":"W nocy z 30 na 31 marca nast\u0105pi zmiana czasu z zimowego na letni. Oznacza to, \u017ce musimy przestawi\u0107 zegarki z godziny 2:00 na 3:00.","breadcrumb":{"@id":"https:\/\/transinfo.pl\/x\/inforail\/13-pociagow-pkp-intercity-ze-zmienionymi-godzinami-przyjazdow\/#breadcrumb"},"inLanguage":"pl-PL","potentialAction":[{"@type":"ReadAction","target":["https:\/\/transinfo.pl\/x\/inforail\/13-pociagow-pkp-intercity-ze-zmienionymi-godzinami-przyjazdow\/"]}]},{"@type":"ImageObject","inLanguage":"pl-PL","@id":"https:\/\/transinfo.pl\/x\/inforail\/13-pociagow-pkp-intercity-ze-zmienionymi-godzinami-przyjazdow\/#primaryimage","url":"https:\/\/transinfo.pl\/x\/wp-content\/uploads\/2024\/03\/Zmiana-czasu_PKP-Intercity.jpg","contentUrl":"https:\/\/transinfo.pl\/x\/wp-content\/uploads\/2024\/03\/Zmiana-czasu_PKP-Intercity.jpg"},{"@type":"BreadcrumbList","@id":"https:\/\/transinfo.pl\/x\/inforail\/13-pociagow-pkp-intercity-ze-zmienionymi-godzinami-przyjazdow\/#breadcrumb","itemListElement":[{"@type":"ListItem","position":1,"name":"Home","item":"https:\/\/transinfo.pl\/x\/"},{"@type":"ListItem","position":2,"name":"Inforail","item":"https:\/\/transinfo.pl\/x\/inforail\/"},{"@type":"ListItem","position":3,"name":"13 poci\u0105g\u00f3w PKP Intercity ze zmienionymi godzinami przyjazd\u00f3w"}]},{"@type":"WebSite","@id":"https:\/\/transinfo.pl\/x\/#website","url":"https:\/\/transinfo.pl\/x\/","name":"TransInfo Archiwum","description":"Ca\u0142y transport w jednym miejscu","publisher":{"@id":"https:\/\/transinfo.pl\/x\/#organization"},"potentialAction":[{"@type":"SearchAction","target":{"@type":"EntryPoint","urlTemplate":"https:\/\/transinfo.pl\/x\/?s={search_term_string}"},"query-input":{"@type":"PropertyValueSpecification","valueRequired":true,"valueName":"search_term_string"}}],"inLanguage":"pl-PL"},{"@type":"Organization","@id":"https:\/\/transinfo.pl\/x\/#organization","name":"TransInfo","url":"https:\/\/transinfo.pl\/x\/","logo":{"@type":"ImageObject","inLanguage":"pl-PL","@id":"https:\/\/transinfo.pl\/x\/#\/schema\/logo\/image\/","url":"https:\/\/transinfo.pl\/x\/wp-content\/uploads\/2024\/10\/favicon.png","contentUrl":"https:\/\/transinfo.pl\/x\/wp-content\/uploads\/2024\/10\/favicon.png","width":512,"height":512,"caption":"TransInfo"},"image":{"@id":"https:\/\/transinfo.pl\/x\/#\/schema\/logo\/image\/"}}]}},"_links":{"self":[{"href":"https:\/\/transinfo.pl\/x\/wp-json\/wp\/v2\/inforail\/266815","targetHints":{"allow":["GET"]}}],"collection":[{"href":"https:\/\/transinfo.pl\/x\/wp-json\/wp\/v2\/inforail"}],"about":[{"href":"https:\/\/transinfo.pl\/x\/wp-json\/wp\/v2\/types\/inforail"}],"author":[{"embeddable":true,"href":"https:\/\/transinfo.pl\/x\/wp-json\/wp\/v2\/users\/3"}],"replies":[{"embeddable":true,"href":"https:\/\/transinfo.pl\/x\/wp-json\/wp\/v2\/comments?post=266815"}],"wp:featuredmedia":[{"embeddable":true,"href":"https:\/\/transinfo.pl\/x\/wp-json\/wp\/v2\/media\/266816"}],"wp:attachment":[{"href":"https:\/\/transinfo.pl\/x\/wp-json\/wp\/v2\/media?parent=266815"}],"wp:term":[{"taxonomy":"category","embeddable":true,"href":"https:\/\/transinfo.pl\/x\/wp-json\/wp\/v2\/categories?post=266815"},{"taxonomy":"post_tag","embeddable":true,"href":"https:\/\/transinfo.pl\/x\/wp-json\/wp\/v2\/tags?post=266815"}],"curies":[{"name":"wp","href":"https:\/\/api.w.org\/{rel}","templated":true}]}}