{"id":266803,"date":"2024-03-26T13:45:00","date_gmt":"2024-03-26T13:45:00","guid":{"rendered":"https:\/\/transinfo.pl\/x\/inforail\/warszawska-srednica-jednak-zostanie-zabudowana-od-zelaznej-do-towarowej\/"},"modified":"2024-03-26T13:45:00","modified_gmt":"2024-03-26T13:45:00","slug":"warszawska-srednica-jednak-zostanie-zabudowana-od-zelaznej-do-towarowej","status":"publish","type":"inforail","link":"https:\/\/transinfo.pl\/x\/inforail\/warszawska-srednica-jednak-zostanie-zabudowana-od-zelaznej-do-towarowej\/","title":{"rendered":"Warszawska \u015brednica jednak zostanie zabudowana? Od \u017belaznej do Towarowej"},"content":{"rendered":"<style>h1,h2,h3,h4,h5,h6{margin:0 0 1.25rem;font-family:Arial,sans-serif;font-weight:600;color:#050505}h1{font-size:1.875rem;line-height:1.1em;text-transform:none}@media(min-width: 768px){h1{font-size:2.375rem}}h2{font-size:1.1875rem;line-height:1.2em;text-transform:uppercase}@media(min-width: 768px){h2{font-size:1.0625rem}}h3{font-size:0.9375rem;line-height:1.4em;font-weight:900;margin-bottom:0.9375rem}h4{font-size:0.875rem;line-height:1.2em;font-weight:500}h5{font-size:0.9375rem;line-height:1.6;font-weight:400}h6{font-size:0.9375rem;line-height:1.6;font-weight:600}\n<\/style>\n<h3 class=\"wp-block-heading\" id=\"h-ministerstwo-infrastruktury-moze-w-tym-roku-zaproponowac-projekt-ustawy-o-tzw-prawie-warstwowym-poinformowal-na-spotkaniu-prasowym-w-pkp-plk-wiceminister-infrastruktury-piotr-malepszak\">Ministerstwo Infrastruktury mo\u017ce w tym roku zaproponowa\u0107 projekt ustawy o tzw. prawie warstwowym \u2013 poinformowa\u0142 na spotkaniu prasowym w PKP PLK wiceminister infrastruktury Piotr Malepszak.<\/h3>\n\n\n<style>p{margin:0 0 1.5rem}p:last-child{margin:0}p.is-style-uppercase{text-transform:uppercase}p.is-style-preheading{color:#12406a;text-transform:uppercase}p.is-style-leadparagraph{font-size:1rem;line-height:1.625;font-weight:700}@media(min-width: 768px){p.is-style-leadparagraph{font-size:1.125rem;line-height:1.5555555556}}p.has-small-margin{margin-bottom:0.625rem}p.has-small-margin+h1,p.has-small-margin+h2,p.has-small-margin+h3{margin-top:1.875rem}\n<\/style>\n<p>Obecnie wiele nale\u017c\u0105cych do kolei nieruchomo\u015bci w centrach miast nie mo\u017ce by\u0107 wykorzystane pod inwestycje z powodu braku regulacji umo\u017cliwiaj\u0105cych prawne rozdzielenie w\u0142asno\u015bci gruntu od w\u0142asno\u015bci tego, co zosta\u0142o nad nim lub pod nim zbudowane.<\/p>\n\n\n\n<h2 class=\"wp-block-heading\" id=\"h-ten-kierunek\">Ten kierunek<\/h2>\n\n\n\n<p>Tak, idziemy w tym kierunku &#8211; powiedzia\u0142 wiceminister Malepszak zapytany, czy w tym roku resort zaproponuje projekt ustawy o tzw. prawie warstwowym.<\/p>\n\n\n\n<p>Jak przypomina PAP kilka lat temu prezes PKP SA Krzysztof Mami\u0144ski m\u00f3wi\u0142, \u017ce brak prawa warstwowego, czyli roz\u0142\u0105czenia prawa do dysponowania nieruchomo\u015bci\u0105 z sam\u0105 nieruchomo\u015bci\u0105 gruntow\u0105, utrudnia zdobywanie inwestor\u00f3w, kt\u00f3rzy mogliby zabudowa\u0107 niewykorzystywane przestrzenie pod dzia\u0142alno\u015b\u0107 us\u0142ugow\u0105, handlow\u0105 czy biurow\u0105 w centrach miast.<\/p>\n\n\n\n<p>Wiceminister Malepszak przyzna\u0142, \u017ce podczas remontu warszawskiej linii \u015brednicowej rozwa\u017cane jest jej przykrycie od ulicy \u017belaznej do Towarowej.<\/p>\n\n\n<style>.wp-block-quote{border-left:0.1875rem solid var(--page-color);font-size:1rem;font-style:italic;margin:0 0 1.6875rem;padding:1.25rem}.wp-block-quote cite{color:#050505}.wp-block-quote.is-style-large p{margin-bottom:10px}.wp-block-quote.is-style-large cite{color:#12406a}\n<\/style>\n<blockquote class=\"wp-block-quote is-layout-flow wp-block-quote-is-layout-flow\">\n<p>W \u015brednicy warszawskiej jest jeszcze jedna bardzo istotna kwestia, w\u0142a\u015bciwie kluczowa z punktu widzenia przysz\u0142ej funkcjonalno\u015bci tego, co nad t\u0105 \u015brednic\u0105. Musimy wr\u00f3ci\u0107 do tego, o czym my\u015bleli\u015bmy, o czym m\u00f3wili\u015bmy 10 lat temu &#8211; do zabudowy \u015brednicy na g\u00f3rze, nad tunelem, \u017ceby skorzysta\u0107 z tych grunt\u00f3w, kt\u00f3re s\u0105 w\u0142asno\u015bci\u0105 PKP SA i m\u00f3c stworzy\u0107 zupe\u0142nie now\u0105 funkcjonalno\u015b\u0107 miasta w tym obszarze &#8211; powiedzia\u0142 Malepszak.<\/p>\n<\/blockquote>\n\n\n\n<blockquote class=\"wp-block-quote is-layout-flow wp-block-quote-is-layout-flow\">\n<p>Doda\u0142, \u017ce PKP SA dysponuj\u0105c &#8222;ogromn\u0105 powierzchni\u0105 gruntow\u0105&#8221; musi i\u015b\u0107 w kierunku biznesowym. Je\u015bli grunty nie b\u0119d\u0105 potrzebne na cele kolejowe, to definitywnie celem PKP SA powinna by\u0107 komercjalizacja tych grunt\u00f3w, tak \u017ceby struktura PKP SA mog\u0142a czerpa\u0107 korzy\u015bci finansowe z tych lokalizacji. To ma by\u0107 organizacja, to ma by\u0107 holding, kt\u00f3rego mocn\u0105 nog\u0105 ma by\u0107 dzia\u0142alno\u015b\u0107 biznesowa &#8211; doda\u0142.<\/p>\n<\/blockquote>\n\n\n\n<p><\/p>\n\n\n<style>.wp-block-image{margin:1.25rem 0;text-align:center}.wp-block-image figcaption{padding:0 0.9375rem;text-align:center}\n<\/style>\n<figure class=\"wp-block-image size-full\"><a href=\"https:\/\/transinfo.pl\/wp-content\/uploads\/2024\/03\/srednica.jpg\"><img decoding=\"async\" src=\"https:\/\/transinfo.pl\/wp-content\/uploads\/2024\/03\/srednica.jpg\" alt=\"Ministerstwo Infrastruktury mo\u017ce w tym roku zaproponowa\u0107 projekt ustawy o tzw. prawie warstwowym \u2013 poinformowa\u0142 na spotkaniu prasowym w PKP PLK wiceminister infrastruktury Piotr Malepszak.\" class=\"wp-image-469061\" \/><\/a><figcaption class=\"wp-element-caption\">Linia \u015brednicowa w Warszawie<\/figcaption><\/figure>\n\n\n\n<p><\/p>\n\n\n\n<p>Jak przypomina PAP ca\u0142a infrastruktura linii \u015brednicowej by\u0142a budowana od lat 20. do 60. XX wieku. W ramach modernizacji tej linii ma zosta\u0107 przebudowanych ok. 50 km tor\u00f3w, ponad 30 obiekt\u00f3w in\u017cynieryjnych, w tym dwa mosty przez Wis\u0142\u0119 i dwa tunele \u015brednicowe (linia dalekobie\u017cna i podmiejska), a tak\u017ce przystanki Warszawa \u015ar\u00f3dmie\u015bcie, Warszawa Ochota, stacje Warszawa Wschodnia i Warszawa Centralna. Powstan\u0105 te\u017c nowe przystanki: Warszawa Solec i Warszawa Nowy \u015awiat.<\/p>\n\n\n\n<p>Dzi\u0119ki tej inwestycji ma wzrosn\u0105\u0107 przepustowo\u015b\u0107: z 16 par poci\u0105g\u00f3w na godzin\u0119 na linii \u015brednicowej do 24 par oraz z 14 par poci\u0105g\u00f3w na godzin\u0119 na linii dalekobie\u017cnej do 20 par.<\/p>\n\n\n\n<p>Polskie Koleje Pa\u0144stwowe nale\u017c\u0105 do najwi\u0119kszych w Polsce w\u0142a\u015bcicieli grunt\u00f3w i nieruchomo\u015bci. Maj\u0105tek PKP SA stanowi\u0105 zar\u00f3wno obiekty pe\u0142ni\u0105ce funkcje zwi\u0105zane z obs\u0142ug\u0105 transportu kolejowego, jak i nieruchomo\u015bci o charakterze typowo komercyjnym. Komercyjnym wykorzystaniem nieruchomo\u015bci kolejowych zajmuje si\u0119 sp\u00f3\u0142ka Xcity Investment.<\/p>\n","protected":false},"author":3,"featured_media":266804,"comment_status":"","ping_status":"closed","template":"","categories":[24],"tags":[36,22666,184,475,84],"class_list":["post-266803","inforail","type-inforail","status-publish","has-post-thumbnail","hentry","category-prawo","tag-linia","tag-piotr-malepszak","tag-pkp-sa","tag-remont","tag-warszawa"],"acf":[],"yoast_head":"<!-- This site is optimized with the Yoast SEO Premium plugin v21.8 (Yoast SEO v23.7) - https:\/\/yoast.com\/wordpress\/plugins\/seo\/ -->\n<title>Warszawska \u015brednica jednak zostanie zabudowana? Od \u017belaznej do Towarowej - TransInfo Archiwum<\/title>\n<meta name=\"description\" content=\"Ministerstwo Infrastruktury mo\u017ce w tym roku zaproponowa\u0107 projekt ustawy o tzw. prawie warstwowym \u2013 poinformowa\u0142 wiceminister Piotr Malepszak.\" \/>\n<meta name=\"robots\" content=\"index, follow, max-snippet:-1, max-image-preview:large, max-video-preview:-1\" \/>\n<link rel=\"canonical\" href=\"https:\/\/transinfo.pl\/x\/inforail\/warszawska-srednica-jednak-zostanie-zabudowana-od-zelaznej-do-towarowej\/\" \/>\n<meta property=\"og:locale\" content=\"pl_PL\" \/>\n<meta property=\"og:type\" content=\"article\" \/>\n<meta property=\"og:title\" content=\"Warszawska \u015brednica jednak zostanie zabudowana? Od \u017belaznej do Towarowej\" \/>\n<meta property=\"og:description\" content=\"Ministerstwo Infrastruktury mo\u017ce w tym roku zaproponowa\u0107 projekt ustawy o tzw. prawie warstwowym \u2013 poinformowa\u0142 wiceminister Piotr Malepszak.\" \/>\n<meta property=\"og:url\" content=\"https:\/\/transinfo.pl\/x\/inforail\/warszawska-srednica-jednak-zostanie-zabudowana-od-zelaznej-do-towarowej\/\" \/>\n<meta property=\"og:site_name\" content=\"TransInfo Archiwum\" \/>\n<meta property=\"og:image\" content=\"https:\/\/transinfo.pl\/x\/wp-content\/uploads\/2024\/03\/linia-srednicowa-warszawa.jpg\" \/>\n\t<meta property=\"og:image:width\" content=\"1\" \/>\n\t<meta property=\"og:image:height\" content=\"1\" \/>\n\t<meta property=\"og:image:type\" content=\"image\/jpeg\" \/>\n<meta name=\"twitter:card\" content=\"summary_large_image\" \/>\n<meta name=\"twitter:label1\" content=\"Szacowany czas czytania\" \/>\n\t<meta name=\"twitter:data1\" content=\"2 minuty\" \/>\n<script type=\"application\/ld+json\" class=\"yoast-schema-graph\">{\"@context\":\"https:\/\/schema.org\",\"@graph\":[{\"@type\":\"WebPage\",\"@id\":\"https:\/\/transinfo.pl\/x\/inforail\/warszawska-srednica-jednak-zostanie-zabudowana-od-zelaznej-do-towarowej\/\",\"url\":\"https:\/\/transinfo.pl\/x\/inforail\/warszawska-srednica-jednak-zostanie-zabudowana-od-zelaznej-do-towarowej\/\",\"name\":\"Warszawska \u015brednica jednak zostanie zabudowana? Od \u017belaznej do Towarowej - TransInfo Archiwum\",\"isPartOf\":{\"@id\":\"https:\/\/transinfo.pl\/x\/#website\"},\"primaryImageOfPage\":{\"@id\":\"https:\/\/transinfo.pl\/x\/inforail\/warszawska-srednica-jednak-zostanie-zabudowana-od-zelaznej-do-towarowej\/#primaryimage\"},\"image\":{\"@id\":\"https:\/\/transinfo.pl\/x\/inforail\/warszawska-srednica-jednak-zostanie-zabudowana-od-zelaznej-do-towarowej\/#primaryimage\"},\"thumbnailUrl\":\"https:\/\/transinfo.pl\/x\/wp-content\/uploads\/2024\/03\/linia-srednicowa-warszawa.jpg\",\"datePublished\":\"2024-03-26T13:45:00+00:00\",\"dateModified\":\"2024-03-26T13:45:00+00:00\",\"description\":\"Ministerstwo Infrastruktury mo\u017ce w tym roku zaproponowa\u0107 projekt ustawy o tzw. prawie warstwowym \u2013 poinformowa\u0142 wiceminister Piotr Malepszak.\",\"breadcrumb\":{\"@id\":\"https:\/\/transinfo.pl\/x\/inforail\/warszawska-srednica-jednak-zostanie-zabudowana-od-zelaznej-do-towarowej\/#breadcrumb\"},\"inLanguage\":\"pl-PL\",\"potentialAction\":[{\"@type\":\"ReadAction\",\"target\":[\"https:\/\/transinfo.pl\/x\/inforail\/warszawska-srednica-jednak-zostanie-zabudowana-od-zelaznej-do-towarowej\/\"]}]},{\"@type\":\"ImageObject\",\"inLanguage\":\"pl-PL\",\"@id\":\"https:\/\/transinfo.pl\/x\/inforail\/warszawska-srednica-jednak-zostanie-zabudowana-od-zelaznej-do-towarowej\/#primaryimage\",\"url\":\"https:\/\/transinfo.pl\/x\/wp-content\/uploads\/2024\/03\/linia-srednicowa-warszawa.jpg\",\"contentUrl\":\"https:\/\/transinfo.pl\/x\/wp-content\/uploads\/2024\/03\/linia-srednicowa-warszawa.jpg\"},{\"@type\":\"BreadcrumbList\",\"@id\":\"https:\/\/transinfo.pl\/x\/inforail\/warszawska-srednica-jednak-zostanie-zabudowana-od-zelaznej-do-towarowej\/#breadcrumb\",\"itemListElement\":[{\"@type\":\"ListItem\",\"position\":1,\"name\":\"Home\",\"item\":\"https:\/\/transinfo.pl\/x\/\"},{\"@type\":\"ListItem\",\"position\":2,\"name\":\"Inforail\",\"item\":\"https:\/\/transinfo.pl\/x\/inforail\/\"},{\"@type\":\"ListItem\",\"position\":3,\"name\":\"Warszawska \u015brednica jednak zostanie zabudowana? Od \u017belaznej do Towarowej\"}]},{\"@type\":\"WebSite\",\"@id\":\"https:\/\/transinfo.pl\/x\/#website\",\"url\":\"https:\/\/transinfo.pl\/x\/\",\"name\":\"TransInfo Archiwum\",\"description\":\"Ca\u0142y transport w jednym miejscu\",\"publisher\":{\"@id\":\"https:\/\/transinfo.pl\/x\/#organization\"},\"potentialAction\":[{\"@type\":\"SearchAction\",\"target\":{\"@type\":\"EntryPoint\",\"urlTemplate\":\"https:\/\/transinfo.pl\/x\/?s={search_term_string}\"},\"query-input\":{\"@type\":\"PropertyValueSpecification\",\"valueRequired\":true,\"valueName\":\"search_term_string\"}}],\"inLanguage\":\"pl-PL\"},{\"@type\":\"Organization\",\"@id\":\"https:\/\/transinfo.pl\/x\/#organization\",\"name\":\"TransInfo\",\"url\":\"https:\/\/transinfo.pl\/x\/\",\"logo\":{\"@type\":\"ImageObject\",\"inLanguage\":\"pl-PL\",\"@id\":\"https:\/\/transinfo.pl\/x\/#\/schema\/logo\/image\/\",\"url\":\"https:\/\/transinfo.pl\/x\/wp-content\/uploads\/2024\/10\/favicon.png\",\"contentUrl\":\"https:\/\/transinfo.pl\/x\/wp-content\/uploads\/2024\/10\/favicon.png\",\"width\":512,\"height\":512,\"caption\":\"TransInfo\"},\"image\":{\"@id\":\"https:\/\/transinfo.pl\/x\/#\/schema\/logo\/image\/\"}}]}<\/script>\n<!-- \/ Yoast SEO Premium plugin. -->","yoast_head_json":{"title":"Warszawska \u015brednica jednak zostanie zabudowana? Od \u017belaznej do Towarowej - TransInfo Archiwum","description":"Ministerstwo Infrastruktury mo\u017ce w tym roku zaproponowa\u0107 projekt ustawy o tzw. prawie warstwowym \u2013 poinformowa\u0142 wiceminister Piotr Malepszak.","robots":{"index":"index","follow":"follow","max-snippet":"max-snippet:-1","max-image-preview":"max-image-preview:large","max-video-preview":"max-video-preview:-1"},"canonical":"https:\/\/transinfo.pl\/x\/inforail\/warszawska-srednica-jednak-zostanie-zabudowana-od-zelaznej-do-towarowej\/","og_locale":"pl_PL","og_type":"article","og_title":"Warszawska \u015brednica jednak zostanie zabudowana? Od \u017belaznej do Towarowej","og_description":"Ministerstwo Infrastruktury mo\u017ce w tym roku zaproponowa\u0107 projekt ustawy o tzw. prawie warstwowym \u2013 poinformowa\u0142 wiceminister Piotr Malepszak.","og_url":"https:\/\/transinfo.pl\/x\/inforail\/warszawska-srednica-jednak-zostanie-zabudowana-od-zelaznej-do-towarowej\/","og_site_name":"TransInfo Archiwum","og_image":[{"url":"https:\/\/transinfo.pl\/x\/wp-content\/uploads\/2024\/03\/linia-srednicowa-warszawa.jpg","width":1,"height":1,"type":"image\/jpeg"}],"twitter_card":"summary_large_image","twitter_misc":{"Szacowany czas czytania":"2 minuty"},"schema":{"@context":"https:\/\/schema.org","@graph":[{"@type":"WebPage","@id":"https:\/\/transinfo.pl\/x\/inforail\/warszawska-srednica-jednak-zostanie-zabudowana-od-zelaznej-do-towarowej\/","url":"https:\/\/transinfo.pl\/x\/inforail\/warszawska-srednica-jednak-zostanie-zabudowana-od-zelaznej-do-towarowej\/","name":"Warszawska \u015brednica jednak zostanie zabudowana? Od \u017belaznej do Towarowej - TransInfo Archiwum","isPartOf":{"@id":"https:\/\/transinfo.pl\/x\/#website"},"primaryImageOfPage":{"@id":"https:\/\/transinfo.pl\/x\/inforail\/warszawska-srednica-jednak-zostanie-zabudowana-od-zelaznej-do-towarowej\/#primaryimage"},"image":{"@id":"https:\/\/transinfo.pl\/x\/inforail\/warszawska-srednica-jednak-zostanie-zabudowana-od-zelaznej-do-towarowej\/#primaryimage"},"thumbnailUrl":"https:\/\/transinfo.pl\/x\/wp-content\/uploads\/2024\/03\/linia-srednicowa-warszawa.jpg","datePublished":"2024-03-26T13:45:00+00:00","dateModified":"2024-03-26T13:45:00+00:00","description":"Ministerstwo Infrastruktury mo\u017ce w tym roku zaproponowa\u0107 projekt ustawy o tzw. prawie warstwowym \u2013 poinformowa\u0142 wiceminister Piotr Malepszak.","breadcrumb":{"@id":"https:\/\/transinfo.pl\/x\/inforail\/warszawska-srednica-jednak-zostanie-zabudowana-od-zelaznej-do-towarowej\/#breadcrumb"},"inLanguage":"pl-PL","potentialAction":[{"@type":"ReadAction","target":["https:\/\/transinfo.pl\/x\/inforail\/warszawska-srednica-jednak-zostanie-zabudowana-od-zelaznej-do-towarowej\/"]}]},{"@type":"ImageObject","inLanguage":"pl-PL","@id":"https:\/\/transinfo.pl\/x\/inforail\/warszawska-srednica-jednak-zostanie-zabudowana-od-zelaznej-do-towarowej\/#primaryimage","url":"https:\/\/transinfo.pl\/x\/wp-content\/uploads\/2024\/03\/linia-srednicowa-warszawa.jpg","contentUrl":"https:\/\/transinfo.pl\/x\/wp-content\/uploads\/2024\/03\/linia-srednicowa-warszawa.jpg"},{"@type":"BreadcrumbList","@id":"https:\/\/transinfo.pl\/x\/inforail\/warszawska-srednica-jednak-zostanie-zabudowana-od-zelaznej-do-towarowej\/#breadcrumb","itemListElement":[{"@type":"ListItem","position":1,"name":"Home","item":"https:\/\/transinfo.pl\/x\/"},{"@type":"ListItem","position":2,"name":"Inforail","item":"https:\/\/transinfo.pl\/x\/inforail\/"},{"@type":"ListItem","position":3,"name":"Warszawska \u015brednica jednak zostanie zabudowana? Od \u017belaznej do Towarowej"}]},{"@type":"WebSite","@id":"https:\/\/transinfo.pl\/x\/#website","url":"https:\/\/transinfo.pl\/x\/","name":"TransInfo Archiwum","description":"Ca\u0142y transport w jednym miejscu","publisher":{"@id":"https:\/\/transinfo.pl\/x\/#organization"},"potentialAction":[{"@type":"SearchAction","target":{"@type":"EntryPoint","urlTemplate":"https:\/\/transinfo.pl\/x\/?s={search_term_string}"},"query-input":{"@type":"PropertyValueSpecification","valueRequired":true,"valueName":"search_term_string"}}],"inLanguage":"pl-PL"},{"@type":"Organization","@id":"https:\/\/transinfo.pl\/x\/#organization","name":"TransInfo","url":"https:\/\/transinfo.pl\/x\/","logo":{"@type":"ImageObject","inLanguage":"pl-PL","@id":"https:\/\/transinfo.pl\/x\/#\/schema\/logo\/image\/","url":"https:\/\/transinfo.pl\/x\/wp-content\/uploads\/2024\/10\/favicon.png","contentUrl":"https:\/\/transinfo.pl\/x\/wp-content\/uploads\/2024\/10\/favicon.png","width":512,"height":512,"caption":"TransInfo"},"image":{"@id":"https:\/\/transinfo.pl\/x\/#\/schema\/logo\/image\/"}}]}},"_links":{"self":[{"href":"https:\/\/transinfo.pl\/x\/wp-json\/wp\/v2\/inforail\/266803","targetHints":{"allow":["GET"]}}],"collection":[{"href":"https:\/\/transinfo.pl\/x\/wp-json\/wp\/v2\/inforail"}],"about":[{"href":"https:\/\/transinfo.pl\/x\/wp-json\/wp\/v2\/types\/inforail"}],"author":[{"embeddable":true,"href":"https:\/\/transinfo.pl\/x\/wp-json\/wp\/v2\/users\/3"}],"replies":[{"embeddable":true,"href":"https:\/\/transinfo.pl\/x\/wp-json\/wp\/v2\/comments?post=266803"}],"wp:featuredmedia":[{"embeddable":true,"href":"https:\/\/transinfo.pl\/x\/wp-json\/wp\/v2\/media\/266804"}],"wp:attachment":[{"href":"https:\/\/transinfo.pl\/x\/wp-json\/wp\/v2\/media?parent=266803"}],"wp:term":[{"taxonomy":"category","embeddable":true,"href":"https:\/\/transinfo.pl\/x\/wp-json\/wp\/v2\/categories?post=266803"},{"taxonomy":"post_tag","embeddable":true,"href":"https:\/\/transinfo.pl\/x\/wp-json\/wp\/v2\/tags?post=266803"}],"curies":[{"name":"wp","href":"https:\/\/api.w.org\/{rel}","templated":true}]}}