{"id":266789,"date":"2024-03-26T11:45:00","date_gmt":"2024-03-26T11:45:00","guid":{"rendered":"https:\/\/transinfo.pl\/x\/inforail\/koleje-slaskie-wysylaja-na-naprawy-okresowe-14we\/"},"modified":"2024-03-26T11:45:00","modified_gmt":"2024-03-26T11:45:00","slug":"koleje-slaskie-wysylaja-na-naprawy-okresowe-14we","status":"publish","type":"inforail","link":"https:\/\/transinfo.pl\/x\/inforail\/koleje-slaskie-wysylaja-na-naprawy-okresowe-14we\/","title":{"rendered":"Koleje \u015al\u0105skie wysy\u0142aj\u0105 na naprawy okresowe 14WE"},"content":{"rendered":"<style>h1,h2,h3,h4,h5,h6{margin:0 0 1.25rem;font-family:Arial,sans-serif;font-weight:600;color:#050505}h1{font-size:1.875rem;line-height:1.1em;text-transform:none}@media(min-width: 768px){h1{font-size:2.375rem}}h2{font-size:1.1875rem;line-height:1.2em;text-transform:uppercase}@media(min-width: 768px){h2{font-size:1.0625rem}}h3{font-size:0.9375rem;line-height:1.4em;font-weight:900;margin-bottom:0.9375rem}h4{font-size:0.875rem;line-height:1.2em;font-weight:500}h5{font-size:0.9375rem;line-height:1.6;font-weight:400}h6{font-size:0.9375rem;line-height:1.6;font-weight:600}\n<\/style>\n<h3 class=\"wp-block-heading\" id=\"h-koleje-slaskie-oglosily-przetarg-na-wykonanie-przegladu-3-poziomu-utrzymania-2-sztuk-elektrycznych-zespolow-trakcyjnych-typu-14we\">Koleje \u015al\u0105skie og\u0142osi\u0142y przetarg na wykonanie przegl\u0105du 3 poziomu utrzymania 2 sztuk elektrycznych zespo\u0142\u00f3w trakcyjnych typu 14WE.<\/h3>\n\n\n<style>p{margin:0 0 1.5rem}p:last-child{margin:0}p.is-style-uppercase{text-transform:uppercase}p.is-style-preheading{color:#12406a;text-transform:uppercase}p.is-style-leadparagraph{font-size:1rem;line-height:1.625;font-weight:700}@media(min-width: 768px){p.is-style-leadparagraph{font-size:1.125rem;line-height:1.5555555556}}p.has-small-margin{margin-bottom:0.625rem}p.has-small-margin+h1,p.has-small-margin+h2,p.has-small-margin+h3{margin-top:1.875rem}\n<\/style>\n<p>To zmodernizowane przez Newag EN57. Trudno jednak spodziewa\u0107 si\u0119 udzia\u0142u akurat tej firmy w post\u0119powaniu. Firma od dawna nie interesuje si\u0119 ju\u017c tymi sk\u0142adami.<\/p>\n\n\n\n<h2 class=\"wp-block-heading\" id=\"h-wymagania-przetargowe\">Wymagania przetargowe<\/h2>\n\n\n\n<p>Od oferent\u00f3w wymagane jest do\u015bwiadczenie. Wykonawca spe\u0142ni warunek, je\u017celi wyka\u017ce, \u017ce: w okresie ostatnich 3 lat przed up\u0142ywem terminu sk\u0142adania ofert, a je\u017celi okres prowadzonej dzia\u0142alno\u015bci jest kr\u00f3tszy &#8211; w tym okresie, nale\u017cycie wykona\u0142 &#8211; w ramach jednej umowy co najmniej dwie us\u0142ugi obejmuj\u0105ce swoim zakresem czynno\u015bci przegl\u0105dowe zgodnie z trzecim, czwartym lub pi\u0105tym poziomem utrzymania elektrycznego zespo\u0142u trakcyjnego o warto\u015bci \u0142\u0105cznej nie mniejszej ni\u017c 500.000,00 z\u0142 netto. W przypadku \u015bwiadcze\u0144 powtarzaj\u0105cych si\u0119 lub ci\u0105g\u0142ych, wykonawca mo\u017ce wykaza\u0107 si\u0119 r\u00f3wnie\u017c us\u0142ug\u0105 wykonywan\u0105 (niezako\u0144czon\u0105), je\u017celi warto\u015b\u0107 cz\u0119\u015bci wykonanej us\u0142ugi jest nie ni\u017csza ni\u017c warto\u015b\u0107 wymagana powy\u017cej.<\/p>\n\n\n\n<p><\/p>\n\n\n<style>.wp-block-image{margin:1.25rem 0;text-align:center}.wp-block-image figcaption{padding:0 0.9375rem;text-align:center}\n<\/style>\n<figure class=\"wp-block-image size-full\"><a href=\"https:\/\/transinfo.pl\/wp-content\/uploads\/2024\/03\/14WE-KS.jpg\"><img decoding=\"async\" src=\"https:\/\/transinfo.pl\/wp-content\/uploads\/2024\/03\/14WE-KS.jpg\" alt=\"Koleje \u015al\u0105skie og\u0142osi\u0142y przetarg na wykonanie przegl\u0105du 3 poziomu utrzymania 2 sztuk elektrycznych zespo\u0142\u00f3w trakcyjnych typu 14WE.\" class=\"wp-image-469046\" \/><\/a><figcaption class=\"wp-element-caption\">14WE Kolei \u015al\u0105skich<\/figcaption><\/figure>\n\n\n\n<p><\/p>\n\n\n\n<p>Oferty mo\u017cna sk\u0142ada\u0107 do 30 kwietnia 2024 roku. Jedyne kryterium wyboru stanowi cena.<\/p>\n","protected":false},"author":3,"featured_media":266790,"comment_status":"","ping_status":"closed","template":"","categories":[1],"tags":[3867,22891,2491,8121,3029],"class_list":["post-266789","inforail","type-inforail","status-publish","has-post-thumbnail","hentry","category-kontrakty","tag-14we","tag-elektryczny-zespol-trakcyjny","tag-koleje-slaskie","tag-naprawa-okresowa","tag-p3"],"acf":[],"yoast_head":"<!-- This site is optimized with the Yoast SEO Premium plugin v21.8 (Yoast SEO v23.7) - https:\/\/yoast.com\/wordpress\/plugins\/seo\/ -->\n<title>Koleje \u015al\u0105skie wysy\u0142aj\u0105 na naprawy okresowe 14WE - TransInfo Archiwum<\/title>\n<meta name=\"description\" content=\"Koleje \u015al\u0105skie og\u0142osi\u0142y przetarg na wykonanie przegl\u0105du 3 poziomu utrzymania 2 sztuk elektrycznych zespo\u0142\u00f3w trakcyjnych typu 14WE.\" \/>\n<meta name=\"robots\" content=\"index, follow, max-snippet:-1, max-image-preview:large, max-video-preview:-1\" \/>\n<link rel=\"canonical\" href=\"https:\/\/transinfo.pl\/x\/inforail\/koleje-slaskie-wysylaja-na-naprawy-okresowe-14we\/\" \/>\n<meta property=\"og:locale\" content=\"pl_PL\" \/>\n<meta property=\"og:type\" content=\"article\" \/>\n<meta property=\"og:title\" content=\"Koleje \u015al\u0105skie wysy\u0142aj\u0105 na naprawy okresowe 14WE\" \/>\n<meta property=\"og:description\" content=\"Koleje \u015al\u0105skie og\u0142osi\u0142y przetarg na wykonanie przegl\u0105du 3 poziomu utrzymania 2 sztuk elektrycznych zespo\u0142\u00f3w trakcyjnych typu 14WE.\" \/>\n<meta property=\"og:url\" content=\"https:\/\/transinfo.pl\/x\/inforail\/koleje-slaskie-wysylaja-na-naprawy-okresowe-14we\/\" \/>\n<meta property=\"og:site_name\" content=\"TransInfo Archiwum\" \/>\n<meta property=\"og:image\" content=\"https:\/\/transinfo.pl\/x\/wp-content\/uploads\/2024\/03\/14WE-po-remoncie-juz-jezdzi-foto-Koleje-Slaskie-0-2.jpg\" \/>\n\t<meta property=\"og:image:width\" content=\"1\" \/>\n\t<meta property=\"og:image:height\" content=\"1\" \/>\n\t<meta property=\"og:image:type\" content=\"image\/jpeg\" \/>\n<meta name=\"twitter:card\" content=\"summary_large_image\" \/>\n<meta name=\"twitter:label1\" content=\"Szacowany czas czytania\" \/>\n\t<meta name=\"twitter:data1\" content=\"1 minuta\" \/>\n<script type=\"application\/ld+json\" class=\"yoast-schema-graph\">{\"@context\":\"https:\/\/schema.org\",\"@graph\":[{\"@type\":\"WebPage\",\"@id\":\"https:\/\/transinfo.pl\/x\/inforail\/koleje-slaskie-wysylaja-na-naprawy-okresowe-14we\/\",\"url\":\"https:\/\/transinfo.pl\/x\/inforail\/koleje-slaskie-wysylaja-na-naprawy-okresowe-14we\/\",\"name\":\"Koleje \u015al\u0105skie wysy\u0142aj\u0105 na naprawy okresowe 14WE - TransInfo Archiwum\",\"isPartOf\":{\"@id\":\"https:\/\/transinfo.pl\/x\/#website\"},\"primaryImageOfPage\":{\"@id\":\"https:\/\/transinfo.pl\/x\/inforail\/koleje-slaskie-wysylaja-na-naprawy-okresowe-14we\/#primaryimage\"},\"image\":{\"@id\":\"https:\/\/transinfo.pl\/x\/inforail\/koleje-slaskie-wysylaja-na-naprawy-okresowe-14we\/#primaryimage\"},\"thumbnailUrl\":\"https:\/\/transinfo.pl\/x\/wp-content\/uploads\/2024\/03\/14WE-po-remoncie-juz-jezdzi-foto-Koleje-Slaskie-0-2.jpg\",\"datePublished\":\"2024-03-26T11:45:00+00:00\",\"dateModified\":\"2024-03-26T11:45:00+00:00\",\"description\":\"Koleje \u015al\u0105skie og\u0142osi\u0142y przetarg na wykonanie przegl\u0105du 3 poziomu utrzymania 2 sztuk elektrycznych zespo\u0142\u00f3w trakcyjnych typu 14WE.\",\"breadcrumb\":{\"@id\":\"https:\/\/transinfo.pl\/x\/inforail\/koleje-slaskie-wysylaja-na-naprawy-okresowe-14we\/#breadcrumb\"},\"inLanguage\":\"pl-PL\",\"potentialAction\":[{\"@type\":\"ReadAction\",\"target\":[\"https:\/\/transinfo.pl\/x\/inforail\/koleje-slaskie-wysylaja-na-naprawy-okresowe-14we\/\"]}]},{\"@type\":\"ImageObject\",\"inLanguage\":\"pl-PL\",\"@id\":\"https:\/\/transinfo.pl\/x\/inforail\/koleje-slaskie-wysylaja-na-naprawy-okresowe-14we\/#primaryimage\",\"url\":\"https:\/\/transinfo.pl\/x\/wp-content\/uploads\/2024\/03\/14WE-po-remoncie-juz-jezdzi-foto-Koleje-Slaskie-0-2.jpg\",\"contentUrl\":\"https:\/\/transinfo.pl\/x\/wp-content\/uploads\/2024\/03\/14WE-po-remoncie-juz-jezdzi-foto-Koleje-Slaskie-0-2.jpg\"},{\"@type\":\"BreadcrumbList\",\"@id\":\"https:\/\/transinfo.pl\/x\/inforail\/koleje-slaskie-wysylaja-na-naprawy-okresowe-14we\/#breadcrumb\",\"itemListElement\":[{\"@type\":\"ListItem\",\"position\":1,\"name\":\"Home\",\"item\":\"https:\/\/transinfo.pl\/x\/\"},{\"@type\":\"ListItem\",\"position\":2,\"name\":\"Inforail\",\"item\":\"https:\/\/transinfo.pl\/x\/inforail\/\"},{\"@type\":\"ListItem\",\"position\":3,\"name\":\"Koleje \u015al\u0105skie wysy\u0142aj\u0105 na naprawy okresowe 14WE\"}]},{\"@type\":\"WebSite\",\"@id\":\"https:\/\/transinfo.pl\/x\/#website\",\"url\":\"https:\/\/transinfo.pl\/x\/\",\"name\":\"TransInfo Archiwum\",\"description\":\"Ca\u0142y transport w jednym miejscu\",\"publisher\":{\"@id\":\"https:\/\/transinfo.pl\/x\/#organization\"},\"potentialAction\":[{\"@type\":\"SearchAction\",\"target\":{\"@type\":\"EntryPoint\",\"urlTemplate\":\"https:\/\/transinfo.pl\/x\/?s={search_term_string}\"},\"query-input\":{\"@type\":\"PropertyValueSpecification\",\"valueRequired\":true,\"valueName\":\"search_term_string\"}}],\"inLanguage\":\"pl-PL\"},{\"@type\":\"Organization\",\"@id\":\"https:\/\/transinfo.pl\/x\/#organization\",\"name\":\"TransInfo\",\"url\":\"https:\/\/transinfo.pl\/x\/\",\"logo\":{\"@type\":\"ImageObject\",\"inLanguage\":\"pl-PL\",\"@id\":\"https:\/\/transinfo.pl\/x\/#\/schema\/logo\/image\/\",\"url\":\"https:\/\/transinfo.pl\/x\/wp-content\/uploads\/2024\/10\/favicon.png\",\"contentUrl\":\"https:\/\/transinfo.pl\/x\/wp-content\/uploads\/2024\/10\/favicon.png\",\"width\":512,\"height\":512,\"caption\":\"TransInfo\"},\"image\":{\"@id\":\"https:\/\/transinfo.pl\/x\/#\/schema\/logo\/image\/\"}}]}<\/script>\n<!-- \/ Yoast SEO Premium plugin. -->","yoast_head_json":{"title":"Koleje \u015al\u0105skie wysy\u0142aj\u0105 na naprawy okresowe 14WE - TransInfo Archiwum","description":"Koleje \u015al\u0105skie og\u0142osi\u0142y przetarg na wykonanie przegl\u0105du 3 poziomu utrzymania 2 sztuk elektrycznych zespo\u0142\u00f3w trakcyjnych typu 14WE.","robots":{"index":"index","follow":"follow","max-snippet":"max-snippet:-1","max-image-preview":"max-image-preview:large","max-video-preview":"max-video-preview:-1"},"canonical":"https:\/\/transinfo.pl\/x\/inforail\/koleje-slaskie-wysylaja-na-naprawy-okresowe-14we\/","og_locale":"pl_PL","og_type":"article","og_title":"Koleje \u015al\u0105skie wysy\u0142aj\u0105 na naprawy okresowe 14WE","og_description":"Koleje \u015al\u0105skie og\u0142osi\u0142y przetarg na wykonanie przegl\u0105du 3 poziomu utrzymania 2 sztuk elektrycznych zespo\u0142\u00f3w trakcyjnych typu 14WE.","og_url":"https:\/\/transinfo.pl\/x\/inforail\/koleje-slaskie-wysylaja-na-naprawy-okresowe-14we\/","og_site_name":"TransInfo Archiwum","og_image":[{"url":"https:\/\/transinfo.pl\/x\/wp-content\/uploads\/2024\/03\/14WE-po-remoncie-juz-jezdzi-foto-Koleje-Slaskie-0-2.jpg","width":1,"height":1,"type":"image\/jpeg"}],"twitter_card":"summary_large_image","twitter_misc":{"Szacowany czas czytania":"1 minuta"},"schema":{"@context":"https:\/\/schema.org","@graph":[{"@type":"WebPage","@id":"https:\/\/transinfo.pl\/x\/inforail\/koleje-slaskie-wysylaja-na-naprawy-okresowe-14we\/","url":"https:\/\/transinfo.pl\/x\/inforail\/koleje-slaskie-wysylaja-na-naprawy-okresowe-14we\/","name":"Koleje \u015al\u0105skie wysy\u0142aj\u0105 na naprawy okresowe 14WE - TransInfo Archiwum","isPartOf":{"@id":"https:\/\/transinfo.pl\/x\/#website"},"primaryImageOfPage":{"@id":"https:\/\/transinfo.pl\/x\/inforail\/koleje-slaskie-wysylaja-na-naprawy-okresowe-14we\/#primaryimage"},"image":{"@id":"https:\/\/transinfo.pl\/x\/inforail\/koleje-slaskie-wysylaja-na-naprawy-okresowe-14we\/#primaryimage"},"thumbnailUrl":"https:\/\/transinfo.pl\/x\/wp-content\/uploads\/2024\/03\/14WE-po-remoncie-juz-jezdzi-foto-Koleje-Slaskie-0-2.jpg","datePublished":"2024-03-26T11:45:00+00:00","dateModified":"2024-03-26T11:45:00+00:00","description":"Koleje \u015al\u0105skie og\u0142osi\u0142y przetarg na wykonanie przegl\u0105du 3 poziomu utrzymania 2 sztuk elektrycznych zespo\u0142\u00f3w trakcyjnych typu 14WE.","breadcrumb":{"@id":"https:\/\/transinfo.pl\/x\/inforail\/koleje-slaskie-wysylaja-na-naprawy-okresowe-14we\/#breadcrumb"},"inLanguage":"pl-PL","potentialAction":[{"@type":"ReadAction","target":["https:\/\/transinfo.pl\/x\/inforail\/koleje-slaskie-wysylaja-na-naprawy-okresowe-14we\/"]}]},{"@type":"ImageObject","inLanguage":"pl-PL","@id":"https:\/\/transinfo.pl\/x\/inforail\/koleje-slaskie-wysylaja-na-naprawy-okresowe-14we\/#primaryimage","url":"https:\/\/transinfo.pl\/x\/wp-content\/uploads\/2024\/03\/14WE-po-remoncie-juz-jezdzi-foto-Koleje-Slaskie-0-2.jpg","contentUrl":"https:\/\/transinfo.pl\/x\/wp-content\/uploads\/2024\/03\/14WE-po-remoncie-juz-jezdzi-foto-Koleje-Slaskie-0-2.jpg"},{"@type":"BreadcrumbList","@id":"https:\/\/transinfo.pl\/x\/inforail\/koleje-slaskie-wysylaja-na-naprawy-okresowe-14we\/#breadcrumb","itemListElement":[{"@type":"ListItem","position":1,"name":"Home","item":"https:\/\/transinfo.pl\/x\/"},{"@type":"ListItem","position":2,"name":"Inforail","item":"https:\/\/transinfo.pl\/x\/inforail\/"},{"@type":"ListItem","position":3,"name":"Koleje \u015al\u0105skie wysy\u0142aj\u0105 na naprawy okresowe 14WE"}]},{"@type":"WebSite","@id":"https:\/\/transinfo.pl\/x\/#website","url":"https:\/\/transinfo.pl\/x\/","name":"TransInfo Archiwum","description":"Ca\u0142y transport w jednym miejscu","publisher":{"@id":"https:\/\/transinfo.pl\/x\/#organization"},"potentialAction":[{"@type":"SearchAction","target":{"@type":"EntryPoint","urlTemplate":"https:\/\/transinfo.pl\/x\/?s={search_term_string}"},"query-input":{"@type":"PropertyValueSpecification","valueRequired":true,"valueName":"search_term_string"}}],"inLanguage":"pl-PL"},{"@type":"Organization","@id":"https:\/\/transinfo.pl\/x\/#organization","name":"TransInfo","url":"https:\/\/transinfo.pl\/x\/","logo":{"@type":"ImageObject","inLanguage":"pl-PL","@id":"https:\/\/transinfo.pl\/x\/#\/schema\/logo\/image\/","url":"https:\/\/transinfo.pl\/x\/wp-content\/uploads\/2024\/10\/favicon.png","contentUrl":"https:\/\/transinfo.pl\/x\/wp-content\/uploads\/2024\/10\/favicon.png","width":512,"height":512,"caption":"TransInfo"},"image":{"@id":"https:\/\/transinfo.pl\/x\/#\/schema\/logo\/image\/"}}]}},"_links":{"self":[{"href":"https:\/\/transinfo.pl\/x\/wp-json\/wp\/v2\/inforail\/266789","targetHints":{"allow":["GET"]}}],"collection":[{"href":"https:\/\/transinfo.pl\/x\/wp-json\/wp\/v2\/inforail"}],"about":[{"href":"https:\/\/transinfo.pl\/x\/wp-json\/wp\/v2\/types\/inforail"}],"author":[{"embeddable":true,"href":"https:\/\/transinfo.pl\/x\/wp-json\/wp\/v2\/users\/3"}],"replies":[{"embeddable":true,"href":"https:\/\/transinfo.pl\/x\/wp-json\/wp\/v2\/comments?post=266789"}],"wp:featuredmedia":[{"embeddable":true,"href":"https:\/\/transinfo.pl\/x\/wp-json\/wp\/v2\/media\/266790"}],"wp:attachment":[{"href":"https:\/\/transinfo.pl\/x\/wp-json\/wp\/v2\/media?parent=266789"}],"wp:term":[{"taxonomy":"category","embeddable":true,"href":"https:\/\/transinfo.pl\/x\/wp-json\/wp\/v2\/categories?post=266789"},{"taxonomy":"post_tag","embeddable":true,"href":"https:\/\/transinfo.pl\/x\/wp-json\/wp\/v2\/tags?post=266789"}],"curies":[{"name":"wp","href":"https:\/\/api.w.org\/{rel}","templated":true}]}}