{"id":266748,"date":"2024-03-25T14:45:00","date_gmt":"2024-03-25T14:45:00","guid":{"rendered":"https:\/\/transinfo.pl\/x\/inforail\/wejherowo-z-nowym-dworcem-tymczasowym\/"},"modified":"2024-03-25T14:45:00","modified_gmt":"2024-03-25T14:45:00","slug":"wejherowo-z-nowym-dworcem-tymczasowym","status":"publish","type":"inforail","link":"https:\/\/transinfo.pl\/x\/inforail\/wejherowo-z-nowym-dworcem-tymczasowym\/","title":{"rendered":"Wejherowo z nowym dworcem tymczasowym"},"content":{"rendered":"<style>h1,h2,h3,h4,h5,h6{margin:0 0 1.25rem;font-family:Arial,sans-serif;font-weight:600;color:#050505}h1{font-size:1.875rem;line-height:1.1em;text-transform:none}@media(min-width: 768px){h1{font-size:2.375rem}}h2{font-size:1.1875rem;line-height:1.2em;text-transform:uppercase}@media(min-width: 768px){h2{font-size:1.0625rem}}h3{font-size:0.9375rem;line-height:1.4em;font-weight:900;margin-bottom:0.9375rem}h4{font-size:0.875rem;line-height:1.2em;font-weight:500}h5{font-size:0.9375rem;line-height:1.6;font-weight:400}h6{font-size:0.9375rem;line-height:1.6;font-weight:600}\n<\/style>\n<h3 class=\"wp-block-heading\" id=\"h-budowa-dworca-tymczasowego-ktory-zastapi-dotychczasowy-budynek-do-czasu-zakonczenia-przebudowy-dworca-w-wejherowie-dobiegla-konca-dzis-25-marca-2024-roku-rozpoczyna-sie-w-nim-obsluga-podroznych\">Budowa dworca tymczasowego, kt\u00f3ry zast\u0105pi dotychczasowy budynek do czasu zako\u0144czenia przebudowy dworca w Wejherowie, dobieg\u0142a ko\u0144ca. Dzi\u015b (25 marca 2024 roku) rozpoczyna si\u0119 w nim obs\u0142uga podr\u00f3\u017cnych.<\/h3>\n\n\n<style>p{margin:0 0 1.5rem}p:last-child{margin:0}p.is-style-uppercase{text-transform:uppercase}p.is-style-preheading{color:#12406a;text-transform:uppercase}p.is-style-leadparagraph{font-size:1rem;line-height:1.625;font-weight:700}@media(min-width: 768px){p.is-style-leadparagraph{font-size:1.125rem;line-height:1.5555555556}}p.has-small-margin{margin-bottom:0.625rem}p.has-small-margin+h1,p.has-small-margin+h2,p.has-small-margin+h3{margin-top:1.875rem}\n<\/style>\n<p>Kontenerowy dworzec tymczasowy jest po\u0142o\u017cony w bezpo\u015brednim s\u0105siedztwie obecnego budynku dworcowego, w zachodniej cz\u0119\u015bci terenu. Jest wyposa\u017cony w poczekalni\u0119 z dwiema kasami biletowymi i toalety oraz dostosowany do potrzeb os\u00f3b z niepe\u0142nosprawno\u015bciami. Dworzec b\u0119dzie czynny w godzinach funkcjonowania kas biletowych, a wi\u0119c od poniedzia\u0142ku do pi\u0105tku od godz. 6.00 do 19.00, natomiast w soboty i niedziele w godz. 8.00-19.00.<\/p>\n\n\n\n<h2 class=\"wp-block-heading\" id=\"h-przebudowa-dworca\">PRzebudowa dworca<\/h2>\n\n\n\n<p>Otwarcie dworca tymczasowego oznacza zamkni\u0119cie dotychczasowego budynku dworca i wy\u0142\u0105czenie go \u2013 na czas przebudowy \u2013 z obs\u0142ugi podr\u00f3\u017cnych. Dzi\u0119ki temu inwestycja polegaj\u0105ca na kompleksowej modernizacji historycznego dworca w Wejherowie oraz jego najbli\u017cszego otoczenia wejdzie w kolejny etap. Prace zwi\u0105zane z przebudow\u0105 obiektu rozpocz\u0119\u0142y si\u0119 z ko\u0144cem pa\u017adziernika ub.r., kiedy to przekazano plac budowy wykonawcy. Aktualnie wykonano ju\u017c m.in. strop nad piwnic\u0105 wraz z biegiem schodowym mi\u0119dzy piwnic\u0105 i parterem oraz izolacj\u0119 \u015bciany zewn\u0119trznej od strony ulicy. Rozpocz\u0119to tak\u017ce rozbi\u00f3rk\u0119 pokrycia dachu.<\/p>\n\n\n\n<p>Wst\u0119pnie planowany termin zako\u0144czenia przebudowy dworca kolejowego w Wejherowie to po\u0142owa 2025 r.<\/p>\n","protected":false},"author":3,"featured_media":266749,"comment_status":"","ping_status":"closed","template":"","categories":[23],"tags":[975,184,162,475,2151],"class_list":["post-266748","inforail","type-inforail","status-publish","has-post-thumbnail","hentry","category-infrastruktura","tag-dworzec","tag-pkp-sa","tag-pomorskie","tag-remont","tag-wejherowo"],"acf":[],"yoast_head":"<!-- This site is optimized with the Yoast SEO Premium plugin v21.8 (Yoast SEO v23.7) - https:\/\/yoast.com\/wordpress\/plugins\/seo\/ -->\n<title>Wejherowo z nowym dworcem tymczasowym - TransInfo Archiwum<\/title>\n<meta name=\"description\" content=\"Budowa dworca tymczasowego, kt\u00f3ry zast\u0105pi dotychczasowy budynek do czasu zako\u0144czenia przebudowy dworca w Wejherowie, dobieg\u0142a ko\u0144ca.\" \/>\n<meta name=\"robots\" content=\"index, follow, max-snippet:-1, max-image-preview:large, max-video-preview:-1\" \/>\n<link rel=\"canonical\" href=\"https:\/\/transinfo.pl\/x\/inforail\/wejherowo-z-nowym-dworcem-tymczasowym\/\" \/>\n<meta property=\"og:locale\" content=\"pl_PL\" \/>\n<meta property=\"og:type\" content=\"article\" \/>\n<meta property=\"og:title\" content=\"Wejherowo z nowym dworcem tymczasowym\" \/>\n<meta property=\"og:description\" content=\"Budowa dworca tymczasowego, kt\u00f3ry zast\u0105pi dotychczasowy budynek do czasu zako\u0144czenia przebudowy dworca w Wejherowie, dobieg\u0142a ko\u0144ca.\" \/>\n<meta property=\"og:url\" content=\"https:\/\/transinfo.pl\/x\/inforail\/wejherowo-z-nowym-dworcem-tymczasowym\/\" \/>\n<meta property=\"og:site_name\" content=\"TransInfo Archiwum\" \/>\n<meta property=\"og:image\" content=\"https:\/\/transinfo.pl\/x\/wp-content\/uploads\/2024\/03\/Wejherowo_wiz.PKP-S.A.jpg\" \/>\n\t<meta property=\"og:image:width\" content=\"1\" \/>\n\t<meta property=\"og:image:height\" content=\"1\" \/>\n\t<meta property=\"og:image:type\" content=\"image\/jpeg\" \/>\n<meta name=\"twitter:card\" content=\"summary_large_image\" \/>\n<meta name=\"twitter:label1\" content=\"Szacowany czas czytania\" \/>\n\t<meta name=\"twitter:data1\" content=\"1 minuta\" \/>\n<script type=\"application\/ld+json\" class=\"yoast-schema-graph\">{\"@context\":\"https:\/\/schema.org\",\"@graph\":[{\"@type\":\"WebPage\",\"@id\":\"https:\/\/transinfo.pl\/x\/inforail\/wejherowo-z-nowym-dworcem-tymczasowym\/\",\"url\":\"https:\/\/transinfo.pl\/x\/inforail\/wejherowo-z-nowym-dworcem-tymczasowym\/\",\"name\":\"Wejherowo z nowym dworcem tymczasowym - TransInfo Archiwum\",\"isPartOf\":{\"@id\":\"https:\/\/transinfo.pl\/x\/#website\"},\"primaryImageOfPage\":{\"@id\":\"https:\/\/transinfo.pl\/x\/inforail\/wejherowo-z-nowym-dworcem-tymczasowym\/#primaryimage\"},\"image\":{\"@id\":\"https:\/\/transinfo.pl\/x\/inforail\/wejherowo-z-nowym-dworcem-tymczasowym\/#primaryimage\"},\"thumbnailUrl\":\"https:\/\/transinfo.pl\/x\/wp-content\/uploads\/2024\/03\/Wejherowo_wiz.PKP-S.A.jpg\",\"datePublished\":\"2024-03-25T14:45:00+00:00\",\"dateModified\":\"2024-03-25T14:45:00+00:00\",\"description\":\"Budowa dworca tymczasowego, kt\u00f3ry zast\u0105pi dotychczasowy budynek do czasu zako\u0144czenia przebudowy dworca w Wejherowie, dobieg\u0142a ko\u0144ca.\",\"breadcrumb\":{\"@id\":\"https:\/\/transinfo.pl\/x\/inforail\/wejherowo-z-nowym-dworcem-tymczasowym\/#breadcrumb\"},\"inLanguage\":\"pl-PL\",\"potentialAction\":[{\"@type\":\"ReadAction\",\"target\":[\"https:\/\/transinfo.pl\/x\/inforail\/wejherowo-z-nowym-dworcem-tymczasowym\/\"]}]},{\"@type\":\"ImageObject\",\"inLanguage\":\"pl-PL\",\"@id\":\"https:\/\/transinfo.pl\/x\/inforail\/wejherowo-z-nowym-dworcem-tymczasowym\/#primaryimage\",\"url\":\"https:\/\/transinfo.pl\/x\/wp-content\/uploads\/2024\/03\/Wejherowo_wiz.PKP-S.A.jpg\",\"contentUrl\":\"https:\/\/transinfo.pl\/x\/wp-content\/uploads\/2024\/03\/Wejherowo_wiz.PKP-S.A.jpg\"},{\"@type\":\"BreadcrumbList\",\"@id\":\"https:\/\/transinfo.pl\/x\/inforail\/wejherowo-z-nowym-dworcem-tymczasowym\/#breadcrumb\",\"itemListElement\":[{\"@type\":\"ListItem\",\"position\":1,\"name\":\"Home\",\"item\":\"https:\/\/transinfo.pl\/x\/\"},{\"@type\":\"ListItem\",\"position\":2,\"name\":\"Inforail\",\"item\":\"https:\/\/transinfo.pl\/x\/inforail\/\"},{\"@type\":\"ListItem\",\"position\":3,\"name\":\"Wejherowo z nowym dworcem tymczasowym\"}]},{\"@type\":\"WebSite\",\"@id\":\"https:\/\/transinfo.pl\/x\/#website\",\"url\":\"https:\/\/transinfo.pl\/x\/\",\"name\":\"TransInfo Archiwum\",\"description\":\"Ca\u0142y transport w jednym miejscu\",\"publisher\":{\"@id\":\"https:\/\/transinfo.pl\/x\/#organization\"},\"potentialAction\":[{\"@type\":\"SearchAction\",\"target\":{\"@type\":\"EntryPoint\",\"urlTemplate\":\"https:\/\/transinfo.pl\/x\/?s={search_term_string}\"},\"query-input\":{\"@type\":\"PropertyValueSpecification\",\"valueRequired\":true,\"valueName\":\"search_term_string\"}}],\"inLanguage\":\"pl-PL\"},{\"@type\":\"Organization\",\"@id\":\"https:\/\/transinfo.pl\/x\/#organization\",\"name\":\"TransInfo\",\"url\":\"https:\/\/transinfo.pl\/x\/\",\"logo\":{\"@type\":\"ImageObject\",\"inLanguage\":\"pl-PL\",\"@id\":\"https:\/\/transinfo.pl\/x\/#\/schema\/logo\/image\/\",\"url\":\"https:\/\/transinfo.pl\/x\/wp-content\/uploads\/2024\/10\/favicon.png\",\"contentUrl\":\"https:\/\/transinfo.pl\/x\/wp-content\/uploads\/2024\/10\/favicon.png\",\"width\":512,\"height\":512,\"caption\":\"TransInfo\"},\"image\":{\"@id\":\"https:\/\/transinfo.pl\/x\/#\/schema\/logo\/image\/\"}}]}<\/script>\n<!-- \/ Yoast SEO Premium plugin. -->","yoast_head_json":{"title":"Wejherowo z nowym dworcem tymczasowym - TransInfo Archiwum","description":"Budowa dworca tymczasowego, kt\u00f3ry zast\u0105pi dotychczasowy budynek do czasu zako\u0144czenia przebudowy dworca w Wejherowie, dobieg\u0142a ko\u0144ca.","robots":{"index":"index","follow":"follow","max-snippet":"max-snippet:-1","max-image-preview":"max-image-preview:large","max-video-preview":"max-video-preview:-1"},"canonical":"https:\/\/transinfo.pl\/x\/inforail\/wejherowo-z-nowym-dworcem-tymczasowym\/","og_locale":"pl_PL","og_type":"article","og_title":"Wejherowo z nowym dworcem tymczasowym","og_description":"Budowa dworca tymczasowego, kt\u00f3ry zast\u0105pi dotychczasowy budynek do czasu zako\u0144czenia przebudowy dworca w Wejherowie, dobieg\u0142a ko\u0144ca.","og_url":"https:\/\/transinfo.pl\/x\/inforail\/wejherowo-z-nowym-dworcem-tymczasowym\/","og_site_name":"TransInfo Archiwum","og_image":[{"url":"https:\/\/transinfo.pl\/x\/wp-content\/uploads\/2024\/03\/Wejherowo_wiz.PKP-S.A.jpg","width":1,"height":1,"type":"image\/jpeg"}],"twitter_card":"summary_large_image","twitter_misc":{"Szacowany czas czytania":"1 minuta"},"schema":{"@context":"https:\/\/schema.org","@graph":[{"@type":"WebPage","@id":"https:\/\/transinfo.pl\/x\/inforail\/wejherowo-z-nowym-dworcem-tymczasowym\/","url":"https:\/\/transinfo.pl\/x\/inforail\/wejherowo-z-nowym-dworcem-tymczasowym\/","name":"Wejherowo z nowym dworcem tymczasowym - TransInfo Archiwum","isPartOf":{"@id":"https:\/\/transinfo.pl\/x\/#website"},"primaryImageOfPage":{"@id":"https:\/\/transinfo.pl\/x\/inforail\/wejherowo-z-nowym-dworcem-tymczasowym\/#primaryimage"},"image":{"@id":"https:\/\/transinfo.pl\/x\/inforail\/wejherowo-z-nowym-dworcem-tymczasowym\/#primaryimage"},"thumbnailUrl":"https:\/\/transinfo.pl\/x\/wp-content\/uploads\/2024\/03\/Wejherowo_wiz.PKP-S.A.jpg","datePublished":"2024-03-25T14:45:00+00:00","dateModified":"2024-03-25T14:45:00+00:00","description":"Budowa dworca tymczasowego, kt\u00f3ry zast\u0105pi dotychczasowy budynek do czasu zako\u0144czenia przebudowy dworca w Wejherowie, dobieg\u0142a ko\u0144ca.","breadcrumb":{"@id":"https:\/\/transinfo.pl\/x\/inforail\/wejherowo-z-nowym-dworcem-tymczasowym\/#breadcrumb"},"inLanguage":"pl-PL","potentialAction":[{"@type":"ReadAction","target":["https:\/\/transinfo.pl\/x\/inforail\/wejherowo-z-nowym-dworcem-tymczasowym\/"]}]},{"@type":"ImageObject","inLanguage":"pl-PL","@id":"https:\/\/transinfo.pl\/x\/inforail\/wejherowo-z-nowym-dworcem-tymczasowym\/#primaryimage","url":"https:\/\/transinfo.pl\/x\/wp-content\/uploads\/2024\/03\/Wejherowo_wiz.PKP-S.A.jpg","contentUrl":"https:\/\/transinfo.pl\/x\/wp-content\/uploads\/2024\/03\/Wejherowo_wiz.PKP-S.A.jpg"},{"@type":"BreadcrumbList","@id":"https:\/\/transinfo.pl\/x\/inforail\/wejherowo-z-nowym-dworcem-tymczasowym\/#breadcrumb","itemListElement":[{"@type":"ListItem","position":1,"name":"Home","item":"https:\/\/transinfo.pl\/x\/"},{"@type":"ListItem","position":2,"name":"Inforail","item":"https:\/\/transinfo.pl\/x\/inforail\/"},{"@type":"ListItem","position":3,"name":"Wejherowo z nowym dworcem tymczasowym"}]},{"@type":"WebSite","@id":"https:\/\/transinfo.pl\/x\/#website","url":"https:\/\/transinfo.pl\/x\/","name":"TransInfo Archiwum","description":"Ca\u0142y transport w jednym miejscu","publisher":{"@id":"https:\/\/transinfo.pl\/x\/#organization"},"potentialAction":[{"@type":"SearchAction","target":{"@type":"EntryPoint","urlTemplate":"https:\/\/transinfo.pl\/x\/?s={search_term_string}"},"query-input":{"@type":"PropertyValueSpecification","valueRequired":true,"valueName":"search_term_string"}}],"inLanguage":"pl-PL"},{"@type":"Organization","@id":"https:\/\/transinfo.pl\/x\/#organization","name":"TransInfo","url":"https:\/\/transinfo.pl\/x\/","logo":{"@type":"ImageObject","inLanguage":"pl-PL","@id":"https:\/\/transinfo.pl\/x\/#\/schema\/logo\/image\/","url":"https:\/\/transinfo.pl\/x\/wp-content\/uploads\/2024\/10\/favicon.png","contentUrl":"https:\/\/transinfo.pl\/x\/wp-content\/uploads\/2024\/10\/favicon.png","width":512,"height":512,"caption":"TransInfo"},"image":{"@id":"https:\/\/transinfo.pl\/x\/#\/schema\/logo\/image\/"}}]}},"_links":{"self":[{"href":"https:\/\/transinfo.pl\/x\/wp-json\/wp\/v2\/inforail\/266748","targetHints":{"allow":["GET"]}}],"collection":[{"href":"https:\/\/transinfo.pl\/x\/wp-json\/wp\/v2\/inforail"}],"about":[{"href":"https:\/\/transinfo.pl\/x\/wp-json\/wp\/v2\/types\/inforail"}],"author":[{"embeddable":true,"href":"https:\/\/transinfo.pl\/x\/wp-json\/wp\/v2\/users\/3"}],"replies":[{"embeddable":true,"href":"https:\/\/transinfo.pl\/x\/wp-json\/wp\/v2\/comments?post=266748"}],"wp:featuredmedia":[{"embeddable":true,"href":"https:\/\/transinfo.pl\/x\/wp-json\/wp\/v2\/media\/266749"}],"wp:attachment":[{"href":"https:\/\/transinfo.pl\/x\/wp-json\/wp\/v2\/media?parent=266748"}],"wp:term":[{"taxonomy":"category","embeddable":true,"href":"https:\/\/transinfo.pl\/x\/wp-json\/wp\/v2\/categories?post=266748"},{"taxonomy":"post_tag","embeddable":true,"href":"https:\/\/transinfo.pl\/x\/wp-json\/wp\/v2\/tags?post=266748"}],"curies":[{"name":"wp","href":"https:\/\/api.w.org\/{rel}","templated":true}]}}