{"id":266708,"date":"2024-03-24T18:45:00","date_gmt":"2024-03-24T18:45:00","guid":{"rendered":"https:\/\/transinfo.pl\/x\/inforail\/pociag-kolei-slaskich-wjechal-w-drzewo-po-wichurze\/"},"modified":"2024-03-24T18:45:00","modified_gmt":"2024-03-24T18:45:00","slug":"pociag-kolei-slaskich-wjechal-w-drzewo-po-wichurze","status":"publish","type":"inforail","link":"https:\/\/transinfo.pl\/x\/inforail\/pociag-kolei-slaskich-wjechal-w-drzewo-po-wichurze\/","title":{"rendered":"Poci\u0105g Kolei \u015al\u0105skich wjecha\u0142 w drzewo. Po wichurze"},"content":{"rendered":"<style>h1,h2,h3,h4,h5,h6{margin:0 0 1.25rem;font-family:Arial,sans-serif;font-weight:600;color:#050505}h1{font-size:1.875rem;line-height:1.1em;text-transform:none}@media(min-width: 768px){h1{font-size:2.375rem}}h2{font-size:1.1875rem;line-height:1.2em;text-transform:uppercase}@media(min-width: 768px){h2{font-size:1.0625rem}}h3{font-size:0.9375rem;line-height:1.4em;font-weight:900;margin-bottom:0.9375rem}h4{font-size:0.875rem;line-height:1.2em;font-weight:500}h5{font-size:0.9375rem;line-height:1.6;font-weight:400}h6{font-size:0.9375rem;line-height:1.6;font-weight:600}\n<\/style>\n<h3 class=\"wp-block-heading\" id=\"h-pociag-relacji-katowice-raciborz-ze-105-pasazerami-w-srodku-nie-zdazyl-wyhamowac-przed-drzewem-ktore-w-niedziele-24-marca-2024-roku-podczas-wichury-przewrocilo-sie-na-siec-trakcyjna\">Poci\u0105g\u00a0relacji Katowice \u2013 Racib\u00f3rz ze 105 pasa\u017cerami w \u015brodku nie zd\u0105\u017cy\u0142 wyhamowa\u0107 przed drzewem, kt\u00f3re w niedziel\u0119 (24 marca 2024 roku) podczas wichury przewr\u00f3ci\u0142o si\u0119 na sie\u0107 trakcyjn\u0105. <\/h3>\n\n\n<style>p{margin:0 0 1.5rem}p:last-child{margin:0}p.is-style-uppercase{text-transform:uppercase}p.is-style-preheading{color:#12406a;text-transform:uppercase}p.is-style-leadparagraph{font-size:1rem;line-height:1.625;font-weight:700}@media(min-width: 768px){p.is-style-leadparagraph{font-size:1.125rem;line-height:1.5555555556}}p.has-small-margin{margin-bottom:0.625rem}p.has-small-margin+h1,p.has-small-margin+h2,p.has-small-margin+h3{margin-top:1.875rem}\n<\/style>\n<p>Koleje \u015al\u0105skie poinformowa\u0142y, \u017ce wybita zosta\u0142a przednia i boczna szyba.\u00a0Poci\u0105g\u00a0po kilku godzinach dojecha\u0142 do najbli\u017cszej stacji.<\/p>\n\n\n\n<h2 class=\"wp-block-heading\" id=\"h-pasazerowie-bez-obrazen\">Pasa\u017cerowie bez obra\u017ce\u0144<\/h2>\n\n\n\n<p>Do zdarzenia dosz\u0142o oko\u0142o godz. 15.15 na le\u015bnym, trudno dost\u0119pnym odcinku trasy. Na miejsce przyjecha\u0142 pojazd sieciowy, kt\u00f3ry usn\u0105\u0142 drzewo.<\/p>\n\n\n<style>.wp-block-quote{border-left:0.1875rem solid var(--page-color);font-size:1rem;font-style:italic;margin:0 0 1.6875rem;padding:1.25rem}.wp-block-quote cite{color:#050505}.wp-block-quote.is-style-large p{margin-bottom:10px}.wp-block-quote.is-style-large cite{color:#12406a}\n<\/style>\n<blockquote class=\"wp-block-quote is-layout-flow wp-block-quote-is-layout-flow\">\n<p>&#8222;W poje\u017adzie znajdowa\u0142o si\u0119 w\u00f3wczas 105 pasa\u017cer\u00f3w, nikt nie odni\u00f3s\u0142 obra\u017ce\u0144 (\u2026) Dzi\u0119ki utrzymaniu napi\u0119cia sk\u0142ad dojecha\u0142 z pr\u0119dko\u015bci\u0105 5 km\/h na stacj\u0119 Katowice Ligota, gdzie na pasa\u017cer\u00f3w czeka\u0142y zam\u00f3wione pojazdy zast\u0119pczej komunikacji autobusowej&#8221; \u2013 poinformowa\u0142y w komunikacie Koleje \u015al\u0105skie.<\/p>\n<\/blockquote>\n\n\n\n<p>Ca\u0142a operacja trwa\u0142a ponad trzy godziny, a w mi\u0119dzyczasie nad woj. \u015bl\u0105skim przechodzi\u0142a silna burza.<\/p>\n\n\n\n<p>Komenda Wojew\u00f3dzka Pa\u0144stwowej Stra\u017cy Po\u017carnej w Katowicach do godz. 20.00 odnotowa\u0142a w sumie 435 zg\u0142osze\u0144 zwi\u0105zanych z silnym wiatrem &#8211; najwi\u0119cej w pow. cieszy\u0144skim (54), bielskim i Bielsku-Bia\u0142ej (40), Katowicach i pow. gliwickim (29) oraz pszczy\u0144skim (25).<\/p>\n\n\n\n<p>W Rudzie \u015al\u0105skiej silny wiatr uszkodzi\u0142 scen\u0119 rozstawion\u0105 na rynku, w zwi\u0105zku z czym odwo\u0142ano koncerty zwi\u0105zane z miejskim jarmarkiem wielkanocnym. W Gliwicach na jednej z ulic przewr\u00f3ci\u0142 si\u0119 paczkomat.<\/p>\n\n\n\n<p>Wed\u0142ug IMGW lokalnie porywy wiatru mog\u0142y osi\u0105gn\u0105\u0107 pr\u0119dko\u015b\u0107 do 70 km\/h.(PAP)<\/p>\n","protected":false},"author":3,"featured_media":266709,"comment_status":"","ping_status":"closed","template":"","categories":[23],"tags":[61,2491,66,229,375],"class_list":["post-266708","inforail","type-inforail","status-publish","has-post-thumbnail","hentry","category-infrastruktura","tag-kolej","tag-koleje-slaskie","tag-pociag","tag-slaskie","tag-wypadek"],"acf":[],"yoast_head":"<!-- This site is optimized with the Yoast SEO Premium plugin v21.8 (Yoast SEO v23.7) - https:\/\/yoast.com\/wordpress\/plugins\/seo\/ -->\n<title>Poci\u0105g Kolei \u015al\u0105skich wjecha\u0142 w drzewo. Po wichurze - TransInfo Archiwum<\/title>\n<meta name=\"description\" content=\"Poci\u0105g\u00a0relacji Katowice \u2013 Racib\u00f3rz ze 105 pasa\u017cerami w \u015brodku nie zd\u0105\u017cy\u0142 wyhamowa\u0107 przed drzewem, kt\u00f3re przewr\u00f3ci\u0142o si\u0119 na sie\u0107 trakcyjn\u0105.\" \/>\n<meta name=\"robots\" content=\"index, follow, max-snippet:-1, max-image-preview:large, max-video-preview:-1\" \/>\n<link rel=\"canonical\" href=\"https:\/\/transinfo.pl\/x\/inforail\/pociag-kolei-slaskich-wjechal-w-drzewo-po-wichurze\/\" \/>\n<meta property=\"og:locale\" content=\"pl_PL\" \/>\n<meta property=\"og:type\" content=\"article\" \/>\n<meta property=\"og:title\" content=\"Poci\u0105g Kolei \u015al\u0105skich wjecha\u0142 w drzewo. Po wichurze\" \/>\n<meta property=\"og:description\" content=\"Poci\u0105g\u00a0relacji Katowice \u2013 Racib\u00f3rz ze 105 pasa\u017cerami w \u015brodku nie zd\u0105\u017cy\u0142 wyhamowa\u0107 przed drzewem, kt\u00f3re przewr\u00f3ci\u0142o si\u0119 na sie\u0107 trakcyjn\u0105.\" \/>\n<meta property=\"og:url\" content=\"https:\/\/transinfo.pl\/x\/inforail\/pociag-kolei-slaskich-wjechal-w-drzewo-po-wichurze\/\" \/>\n<meta property=\"og:site_name\" content=\"TransInfo Archiwum\" \/>\n<meta property=\"og:image\" content=\"https:\/\/transinfo.pl\/x\/wp-content\/uploads\/2024\/03\/drzewo.jpg\" \/>\n\t<meta property=\"og:image:width\" content=\"1\" \/>\n\t<meta property=\"og:image:height\" content=\"1\" \/>\n\t<meta property=\"og:image:type\" content=\"image\/jpeg\" \/>\n<meta name=\"twitter:card\" content=\"summary_large_image\" \/>\n<meta name=\"twitter:label1\" content=\"Szacowany czas czytania\" \/>\n\t<meta name=\"twitter:data1\" content=\"1 minuta\" \/>\n<script type=\"application\/ld+json\" class=\"yoast-schema-graph\">{\"@context\":\"https:\/\/schema.org\",\"@graph\":[{\"@type\":\"WebPage\",\"@id\":\"https:\/\/transinfo.pl\/x\/inforail\/pociag-kolei-slaskich-wjechal-w-drzewo-po-wichurze\/\",\"url\":\"https:\/\/transinfo.pl\/x\/inforail\/pociag-kolei-slaskich-wjechal-w-drzewo-po-wichurze\/\",\"name\":\"Poci\u0105g Kolei \u015al\u0105skich wjecha\u0142 w drzewo. Po wichurze - TransInfo Archiwum\",\"isPartOf\":{\"@id\":\"https:\/\/transinfo.pl\/x\/#website\"},\"primaryImageOfPage\":{\"@id\":\"https:\/\/transinfo.pl\/x\/inforail\/pociag-kolei-slaskich-wjechal-w-drzewo-po-wichurze\/#primaryimage\"},\"image\":{\"@id\":\"https:\/\/transinfo.pl\/x\/inforail\/pociag-kolei-slaskich-wjechal-w-drzewo-po-wichurze\/#primaryimage\"},\"thumbnailUrl\":\"https:\/\/transinfo.pl\/x\/wp-content\/uploads\/2024\/03\/drzewo.jpg\",\"datePublished\":\"2024-03-24T18:45:00+00:00\",\"dateModified\":\"2024-03-24T18:45:00+00:00\",\"description\":\"Poci\u0105g\u00a0relacji Katowice \u2013 Racib\u00f3rz ze 105 pasa\u017cerami w \u015brodku nie zd\u0105\u017cy\u0142 wyhamowa\u0107 przed drzewem, kt\u00f3re przewr\u00f3ci\u0142o si\u0119 na sie\u0107 trakcyjn\u0105.\",\"breadcrumb\":{\"@id\":\"https:\/\/transinfo.pl\/x\/inforail\/pociag-kolei-slaskich-wjechal-w-drzewo-po-wichurze\/#breadcrumb\"},\"inLanguage\":\"pl-PL\",\"potentialAction\":[{\"@type\":\"ReadAction\",\"target\":[\"https:\/\/transinfo.pl\/x\/inforail\/pociag-kolei-slaskich-wjechal-w-drzewo-po-wichurze\/\"]}]},{\"@type\":\"ImageObject\",\"inLanguage\":\"pl-PL\",\"@id\":\"https:\/\/transinfo.pl\/x\/inforail\/pociag-kolei-slaskich-wjechal-w-drzewo-po-wichurze\/#primaryimage\",\"url\":\"https:\/\/transinfo.pl\/x\/wp-content\/uploads\/2024\/03\/drzewo.jpg\",\"contentUrl\":\"https:\/\/transinfo.pl\/x\/wp-content\/uploads\/2024\/03\/drzewo.jpg\"},{\"@type\":\"BreadcrumbList\",\"@id\":\"https:\/\/transinfo.pl\/x\/inforail\/pociag-kolei-slaskich-wjechal-w-drzewo-po-wichurze\/#breadcrumb\",\"itemListElement\":[{\"@type\":\"ListItem\",\"position\":1,\"name\":\"Home\",\"item\":\"https:\/\/transinfo.pl\/x\/\"},{\"@type\":\"ListItem\",\"position\":2,\"name\":\"Inforail\",\"item\":\"https:\/\/transinfo.pl\/x\/inforail\/\"},{\"@type\":\"ListItem\",\"position\":3,\"name\":\"Poci\u0105g Kolei \u015al\u0105skich wjecha\u0142 w drzewo. Po wichurze\"}]},{\"@type\":\"WebSite\",\"@id\":\"https:\/\/transinfo.pl\/x\/#website\",\"url\":\"https:\/\/transinfo.pl\/x\/\",\"name\":\"TransInfo Archiwum\",\"description\":\"Ca\u0142y transport w jednym miejscu\",\"publisher\":{\"@id\":\"https:\/\/transinfo.pl\/x\/#organization\"},\"potentialAction\":[{\"@type\":\"SearchAction\",\"target\":{\"@type\":\"EntryPoint\",\"urlTemplate\":\"https:\/\/transinfo.pl\/x\/?s={search_term_string}\"},\"query-input\":{\"@type\":\"PropertyValueSpecification\",\"valueRequired\":true,\"valueName\":\"search_term_string\"}}],\"inLanguage\":\"pl-PL\"},{\"@type\":\"Organization\",\"@id\":\"https:\/\/transinfo.pl\/x\/#organization\",\"name\":\"TransInfo\",\"url\":\"https:\/\/transinfo.pl\/x\/\",\"logo\":{\"@type\":\"ImageObject\",\"inLanguage\":\"pl-PL\",\"@id\":\"https:\/\/transinfo.pl\/x\/#\/schema\/logo\/image\/\",\"url\":\"https:\/\/transinfo.pl\/x\/wp-content\/uploads\/2024\/10\/favicon.png\",\"contentUrl\":\"https:\/\/transinfo.pl\/x\/wp-content\/uploads\/2024\/10\/favicon.png\",\"width\":512,\"height\":512,\"caption\":\"TransInfo\"},\"image\":{\"@id\":\"https:\/\/transinfo.pl\/x\/#\/schema\/logo\/image\/\"}}]}<\/script>\n<!-- \/ Yoast SEO Premium plugin. -->","yoast_head_json":{"title":"Poci\u0105g Kolei \u015al\u0105skich wjecha\u0142 w drzewo. Po wichurze - TransInfo Archiwum","description":"Poci\u0105g\u00a0relacji Katowice \u2013 Racib\u00f3rz ze 105 pasa\u017cerami w \u015brodku nie zd\u0105\u017cy\u0142 wyhamowa\u0107 przed drzewem, kt\u00f3re przewr\u00f3ci\u0142o si\u0119 na sie\u0107 trakcyjn\u0105.","robots":{"index":"index","follow":"follow","max-snippet":"max-snippet:-1","max-image-preview":"max-image-preview:large","max-video-preview":"max-video-preview:-1"},"canonical":"https:\/\/transinfo.pl\/x\/inforail\/pociag-kolei-slaskich-wjechal-w-drzewo-po-wichurze\/","og_locale":"pl_PL","og_type":"article","og_title":"Poci\u0105g Kolei \u015al\u0105skich wjecha\u0142 w drzewo. Po wichurze","og_description":"Poci\u0105g\u00a0relacji Katowice \u2013 Racib\u00f3rz ze 105 pasa\u017cerami w \u015brodku nie zd\u0105\u017cy\u0142 wyhamowa\u0107 przed drzewem, kt\u00f3re przewr\u00f3ci\u0142o si\u0119 na sie\u0107 trakcyjn\u0105.","og_url":"https:\/\/transinfo.pl\/x\/inforail\/pociag-kolei-slaskich-wjechal-w-drzewo-po-wichurze\/","og_site_name":"TransInfo Archiwum","og_image":[{"url":"https:\/\/transinfo.pl\/x\/wp-content\/uploads\/2024\/03\/drzewo.jpg","width":1,"height":1,"type":"image\/jpeg"}],"twitter_card":"summary_large_image","twitter_misc":{"Szacowany czas czytania":"1 minuta"},"schema":{"@context":"https:\/\/schema.org","@graph":[{"@type":"WebPage","@id":"https:\/\/transinfo.pl\/x\/inforail\/pociag-kolei-slaskich-wjechal-w-drzewo-po-wichurze\/","url":"https:\/\/transinfo.pl\/x\/inforail\/pociag-kolei-slaskich-wjechal-w-drzewo-po-wichurze\/","name":"Poci\u0105g Kolei \u015al\u0105skich wjecha\u0142 w drzewo. Po wichurze - TransInfo Archiwum","isPartOf":{"@id":"https:\/\/transinfo.pl\/x\/#website"},"primaryImageOfPage":{"@id":"https:\/\/transinfo.pl\/x\/inforail\/pociag-kolei-slaskich-wjechal-w-drzewo-po-wichurze\/#primaryimage"},"image":{"@id":"https:\/\/transinfo.pl\/x\/inforail\/pociag-kolei-slaskich-wjechal-w-drzewo-po-wichurze\/#primaryimage"},"thumbnailUrl":"https:\/\/transinfo.pl\/x\/wp-content\/uploads\/2024\/03\/drzewo.jpg","datePublished":"2024-03-24T18:45:00+00:00","dateModified":"2024-03-24T18:45:00+00:00","description":"Poci\u0105g\u00a0relacji Katowice \u2013 Racib\u00f3rz ze 105 pasa\u017cerami w \u015brodku nie zd\u0105\u017cy\u0142 wyhamowa\u0107 przed drzewem, kt\u00f3re przewr\u00f3ci\u0142o si\u0119 na sie\u0107 trakcyjn\u0105.","breadcrumb":{"@id":"https:\/\/transinfo.pl\/x\/inforail\/pociag-kolei-slaskich-wjechal-w-drzewo-po-wichurze\/#breadcrumb"},"inLanguage":"pl-PL","potentialAction":[{"@type":"ReadAction","target":["https:\/\/transinfo.pl\/x\/inforail\/pociag-kolei-slaskich-wjechal-w-drzewo-po-wichurze\/"]}]},{"@type":"ImageObject","inLanguage":"pl-PL","@id":"https:\/\/transinfo.pl\/x\/inforail\/pociag-kolei-slaskich-wjechal-w-drzewo-po-wichurze\/#primaryimage","url":"https:\/\/transinfo.pl\/x\/wp-content\/uploads\/2024\/03\/drzewo.jpg","contentUrl":"https:\/\/transinfo.pl\/x\/wp-content\/uploads\/2024\/03\/drzewo.jpg"},{"@type":"BreadcrumbList","@id":"https:\/\/transinfo.pl\/x\/inforail\/pociag-kolei-slaskich-wjechal-w-drzewo-po-wichurze\/#breadcrumb","itemListElement":[{"@type":"ListItem","position":1,"name":"Home","item":"https:\/\/transinfo.pl\/x\/"},{"@type":"ListItem","position":2,"name":"Inforail","item":"https:\/\/transinfo.pl\/x\/inforail\/"},{"@type":"ListItem","position":3,"name":"Poci\u0105g Kolei \u015al\u0105skich wjecha\u0142 w drzewo. Po wichurze"}]},{"@type":"WebSite","@id":"https:\/\/transinfo.pl\/x\/#website","url":"https:\/\/transinfo.pl\/x\/","name":"TransInfo Archiwum","description":"Ca\u0142y transport w jednym miejscu","publisher":{"@id":"https:\/\/transinfo.pl\/x\/#organization"},"potentialAction":[{"@type":"SearchAction","target":{"@type":"EntryPoint","urlTemplate":"https:\/\/transinfo.pl\/x\/?s={search_term_string}"},"query-input":{"@type":"PropertyValueSpecification","valueRequired":true,"valueName":"search_term_string"}}],"inLanguage":"pl-PL"},{"@type":"Organization","@id":"https:\/\/transinfo.pl\/x\/#organization","name":"TransInfo","url":"https:\/\/transinfo.pl\/x\/","logo":{"@type":"ImageObject","inLanguage":"pl-PL","@id":"https:\/\/transinfo.pl\/x\/#\/schema\/logo\/image\/","url":"https:\/\/transinfo.pl\/x\/wp-content\/uploads\/2024\/10\/favicon.png","contentUrl":"https:\/\/transinfo.pl\/x\/wp-content\/uploads\/2024\/10\/favicon.png","width":512,"height":512,"caption":"TransInfo"},"image":{"@id":"https:\/\/transinfo.pl\/x\/#\/schema\/logo\/image\/"}}]}},"_links":{"self":[{"href":"https:\/\/transinfo.pl\/x\/wp-json\/wp\/v2\/inforail\/266708","targetHints":{"allow":["GET"]}}],"collection":[{"href":"https:\/\/transinfo.pl\/x\/wp-json\/wp\/v2\/inforail"}],"about":[{"href":"https:\/\/transinfo.pl\/x\/wp-json\/wp\/v2\/types\/inforail"}],"author":[{"embeddable":true,"href":"https:\/\/transinfo.pl\/x\/wp-json\/wp\/v2\/users\/3"}],"replies":[{"embeddable":true,"href":"https:\/\/transinfo.pl\/x\/wp-json\/wp\/v2\/comments?post=266708"}],"wp:featuredmedia":[{"embeddable":true,"href":"https:\/\/transinfo.pl\/x\/wp-json\/wp\/v2\/media\/266709"}],"wp:attachment":[{"href":"https:\/\/transinfo.pl\/x\/wp-json\/wp\/v2\/media?parent=266708"}],"wp:term":[{"taxonomy":"category","embeddable":true,"href":"https:\/\/transinfo.pl\/x\/wp-json\/wp\/v2\/categories?post=266708"},{"taxonomy":"post_tag","embeddable":true,"href":"https:\/\/transinfo.pl\/x\/wp-json\/wp\/v2\/tags?post=266708"}],"curies":[{"name":"wp","href":"https:\/\/api.w.org\/{rel}","templated":true}]}}