{"id":266553,"date":"2024-03-20T15:45:00","date_gmt":"2024-03-20T15:45:00","guid":{"rendered":"https:\/\/transinfo.pl\/x\/inforail\/hala-serwisowa-dla-podkarpackich-pociagow-oddana-do-uzytku-posluzy-przede-wszystkim-polregio\/"},"modified":"2024-03-20T15:45:00","modified_gmt":"2024-03-20T15:45:00","slug":"hala-serwisowa-dla-podkarpackich-pociagow-oddana-do-uzytku-posluzy-przede-wszystkim-polregio","status":"publish","type":"inforail","link":"https:\/\/transinfo.pl\/x\/inforail\/hala-serwisowa-dla-podkarpackich-pociagow-oddana-do-uzytku-posluzy-przede-wszystkim-polregio\/","title":{"rendered":"Hala serwisowa dla podkarpackich poci\u0105g\u00f3w oddana do u\u017cytku. Pos\u0142u\u017cy przede wszystkim Polregio \u00a0"},"content":{"rendered":"<style>h1,h2,h3,h4,h5,h6{margin:0 0 1.25rem;font-family:Arial,sans-serif;font-weight:600;color:#050505}h1{font-size:1.875rem;line-height:1.1em;text-transform:none}@media(min-width: 768px){h1{font-size:2.375rem}}h2{font-size:1.1875rem;line-height:1.2em;text-transform:uppercase}@media(min-width: 768px){h2{font-size:1.0625rem}}h3{font-size:0.9375rem;line-height:1.4em;font-weight:900;margin-bottom:0.9375rem}h4{font-size:0.875rem;line-height:1.2em;font-weight:500}h5{font-size:0.9375rem;line-height:1.6;font-weight:400}h6{font-size:0.9375rem;line-height:1.6;font-weight:600}\n<\/style>\n<h3 class=\"wp-block-heading\" id=\"h-hala-w-ktorej-serwisowany-bedzie-tabor-podkarpackiej-kolei-aglomeracyjnej-oficjalnie-oddana-do-uzytku-obiekt-powstal-obok-stacji-pkp-rzeszow-staroniwa\">Hala, w kt\u00f3rej serwisowany b\u0119dzie tabor Podkarpackiej Kolei Aglomeracyjnej oficjalnie oddana do u\u017cytku. Obiekt powsta\u0142 obok stacji PKP Rzesz\u00f3w Staroniwa.<\/h3>\n\n\n<style>p{margin:0 0 1.5rem}p:last-child{margin:0}p.is-style-uppercase{text-transform:uppercase}p.is-style-preheading{color:#12406a;text-transform:uppercase}p.is-style-leadparagraph{font-size:1rem;line-height:1.625;font-weight:700}@media(min-width: 768px){p.is-style-leadparagraph{font-size:1.125rem;line-height:1.5555555556}}p.has-small-margin{margin-bottom:0.625rem}p.has-small-margin+h1,p.has-small-margin+h2,p.has-small-margin+h3{margin-top:1.875rem}\n<\/style>\n<p>To inwestycja za ponad 167 mln z\u0142otych, a zarazem jeden z ostatnich, du\u017cych projekt\u00f3w zrealizowanych w ramach najwi\u0119kszego w historii samorz\u0105du wojew\u00f3dztwa przedsi\u0119wzi\u0119cia, jakim jest kolej aglomeracyjna.<\/p>\n\n\n\n<h2 class=\"wp-block-heading\" id=\"h-projekt-pka\">Projekt PKA<\/h2>\n\n\n\n<p>W ramach PKA, opr\u00f3cz hali serwisowej, zmodernizowane zosta\u0142y przystanki i linie kolejowe, zakupiono nowy tabor, a tak\u017ce powsta\u0142a zupe\u0142nie nowa linia do lotniska w Jasionce. Ca\u0142o\u015b\u0107 inwestycji wynios\u0142a ponad 756 mln z\u0142otych.<\/p>\n\n\n\n<p>W uroczystym otwarciu samorz\u0105d wojew\u00f3dztwa reprezentowali: marsza\u0142ek W\u0142adys\u0142aw Ortyl, wicemarsza\u0142kowie Piotr Pilch i Ewa Draus oraz cz\u0142onek zarz\u0105du Stanis\u0142aw Kruczek. Obecni byli r\u00f3wnie\u017c radni wojew\u00f3dztwa: Bogdan Romaniuk, Dorota \u0141ukaszyk, Adam Drozd, Antoni Pikul, a tak\u017ce dyrektorzy departamentu merytorycznego UMWP, odpowiedzialnego za t\u0119 inwestycj\u0119 &#8211; Joanna Szozda i Zbigniew Kozak. W otwarciu uczestniczy\u0142a r\u00f3wnie\u017c wojewoda Teresa Kubas-Hul, przedstawiciele sp\u00f3\u0142ki POLREGIO \u2013 wiceprezes Marcel Klinowski oraz Bogus\u0142aw \u0141oboda, a tak\u017ce dyrektor podkarpackiego zak\u0142adu gospodarowania nieruchomo\u015bciami PKP, Violetta Szumilak, przedstawiciel wykonawcy, Grzegorz Kr\u00f3l, prezes In\u017cynierii Rzesz\u00f3w, a prezydenta Rzeszowa reprezentowa\u0142 jego pe\u0142nomocnik Robert Homicki . Dla uczestnik\u00f3w uroczysto\u015bci zagra\u0142a za\u015b Orkiestra Kolejowa z Rzeszowa.<\/p>\n\n\n\n<p>Marsza\u0142ek W\u0142adys\u0142aw Ortyl m\u00f3wi\u0105c o oddawanej inwestycji, dzi\u0119kowa\u0142 wszystkim zaanga\u017cowanym w ni\u0105 osobom i wymienia\u0142, po co ta hala powsta\u0142a i co b\u0119dzie w niej wykonywane:<\/p>\n\n\n<style>.wp-block-quote{border-left:0.1875rem solid var(--page-color);font-size:1rem;font-style:italic;margin:0 0 1.6875rem;padding:1.25rem}.wp-block-quote cite{color:#050505}.wp-block-quote.is-style-large p{margin-bottom:10px}.wp-block-quote.is-style-large cite{color:#12406a}\n<\/style>\n<blockquote class=\"wp-block-quote is-layout-flow wp-block-quote-is-layout-flow\">\n<p>W tym zapleczu technicznym b\u0119d\u0105 si\u0119 odbywa\u0142y naprawy, remonty, kt\u00f3re do tej pory nie mog\u0142y mie\u0107 miejsca, tu na Podkarpaciu. B\u0119d\u0105 si\u0119 odbywa\u0142y szkolenia, kt\u00f3re te\u017c nie mog\u0142y by\u0107 realizowane w regionie. I wreszcie mo\u017ce si\u0119 tu odbywa\u0107 kosmetyka taboru, kt\u00f3ra jest te\u017c wa\u017cna z punktu widzenia jego eksploatacji \u2013 m\u00f3wi\u0142 o nowej hali serwisowej marsza\u0142ek Ortyl.<\/p>\n<\/blockquote>\n\n\n\n<p><\/p>\n\n\n\n<p>Hala, w kt\u00f3rej serwisowany b\u0119dzie tabor Podkarpackiej Kolei Aglomeracyjnej oficjalnie oddana do u\u017cytku. Obiekt powsta\u0142 obok stacji PKP Rzesz\u00f3w Staroniwa.<\/p>\n\n\n\n<p><\/p>\n\n\n\n<p>Inwestycja \u2013 jak podkre\u015bla\u0142 marsza\u0142ek \u2013 mie\u015bci si\u0119 w granicach miasta, ale nie b\u0119dzie oddzia\u0142ywa\u0107 na mieszka\u0144c\u00f3w i \u015brodowisko. Pozwoli natomiast podnie\u015b\u0107 jako\u015b\u0107 us\u0142ug w transporcie kolejowym:<\/p>\n\n\n\n<blockquote class=\"wp-block-quote is-layout-flow wp-block-quote-is-layout-flow\">\n<p>Mo\u017cemy podwy\u017csza\u0107 jako\u015b\u0107 \u015bwiadczonych us\u0142ug przez POLREGIO dla naszych pasa\u017cer\u00f3w \u2013 zapewni\u0142 marsza\u0142ek Ortyl.<\/p>\n<\/blockquote>\n\n\n\n<p>Jak wspomina\u0142 marsza\u0142ek, w powstanie PKA zaanga\u017cowany by\u0142 nie tylko samorz\u0105d wojew\u00f3dztwa, ale tak\u017ce samorz\u0105dy gminne, w tym Rzesz\u00f3w.<\/p>\n\n\n\n<blockquote class=\"wp-block-quote is-layout-flow wp-block-quote-is-layout-flow\">\n<p>Trzeba wspomnie\u0107 o tych wszystkich samorz\u0105dach, kt\u00f3re wzd\u0142u\u017c PKA funkcjonuj\u0105, remontuj\u0105 dworce, parkingi, podjazdy. Mamy do czynienia, mo\u017ce nie z pospolitym ruszeniem, ale z du\u017c\u0105 aktywno\u015bci\u0105, systematycznym dzia\u0142aniem i cieszymy si\u0119 bardzo, \u017ce ten du\u017cy efekt ma miejsce \u2013 m\u00f3wi\u0142 W\u0142adys\u0142aw Ortyl.<\/p>\n<\/blockquote>\n\n\n\n<p>Oddana hala jest jednym z ostatnich element\u00f3w du\u017cego projektu, jakim jest Podkarpacka Kolej Aglomeracyjna. I jak m\u00f3wi\u0142 marsza\u0142ek by\u0142 to niezwykle wymagaj\u0105cy projekt:<\/p>\n\n\n\n<p>To prawie miliardowy projekt, kt\u00f3ry w historii samorz\u0105du wojew\u00f3dztwa nie by\u0142 jeszcze realizowany. To oczywi\u015bcie by\u0142o du\u017ce wyzwanie i d\u0142uga historia wi\u0105\u017ce si\u0119 z jego realizacj\u0105 \u2013 doda\u0142 marsza\u0142ek.<\/p>\n\n\n\n<p>Wojewoda Teresa Kubas-Hul wspomina\u0142a, \u017ce kiedy zapada\u0142y decyzje o realizacji Podkarpackiej Kolei Aglomeracyjnej, by\u0142a radn\u0105 wojew\u00f3dztwa i bra\u0142a udzia\u0142 w pracach z tym zwi\u0105zanych. Wojewoda podkre\u015bla\u0142a te\u017c, \u017ce ogromne znaczenie dla powodzenia tej inwestycji mia\u0142a wsp\u00f3\u0142praca i zaanga\u017cowanie lokalnych samorz\u0105d\u00f3w, kt\u00f3re uczestniczy\u0142y w monta\u017cu finansowym, a sama inwestycja b\u0119dzie s\u0142u\u017cy\u0107 wielu osobom:<\/p>\n\n\n\n<blockquote class=\"wp-block-quote is-layout-flow wp-block-quote-is-layout-flow\">\n<p>To przedsi\u0119wzi\u0119cie jest takim, kt\u00f3re b\u0119dzie s\u0142u\u017cy\u0142o nie tylko mieszka\u0144com okolicznych gmin i powiat\u00f3w, ale ca\u0142emu wojew\u00f3dztwu. Ale dzi\u0119ki realizacji tej inwestycji, wielu pracownik\u00f3w naby\u0142o te\u017c dodatkowych kompetencji. To jest bardzo wa\u017cne i \u015bwiadczy o tym, \u017ce jeste\u015bmy przygotowani do tego, aby podobne przedsi\u0119wzi\u0119cia realizowa\u0107 w przysz\u0142o\u015bci \u2013 powiedzia\u0142a wojewoda podkarpackie Teresa Kubas-Hul.<\/p>\n<\/blockquote>\n\n\n\n<p><\/p>\n\n\n<style>.wp-block-image{margin:1.25rem 0;text-align:center}.wp-block-image figcaption{padding:0 0.9375rem;text-align:center}\n<\/style>\n<figure class=\"wp-block-image size-large\"><a href=\"https:\/\/transinfo.pl\/wp-content\/uploads\/2024\/03\/hala.jpg\"><img decoding=\"async\" src=\"https:\/\/transinfo.pl\/wp-content\/uploads\/2024\/03\/hala-1024x683.jpg\" alt=\"Hala, w kt\u00f3rej serwisowany b\u0119dzie tabor Podkarpackiej Kolei Aglomeracyjnej oficjalnie oddana do u\u017cytku. Obiekt powsta\u0142 obok stacji PKP Rzesz\u00f3w Staroniwa.\" class=\"wp-image-468381\" \/><\/a><figcaption class=\"wp-element-caption\">Hala serwisowa\/foto: UMWP<\/figcaption><\/figure>\n\n\n\n<p><\/p>\n\n\n\n<p>W imieniu radnych wojew\u00f3dztwa g\u0142os zabra\u0142 Bogdan Romaniuk, kt\u00f3ry jako wicemarsza\u0142ek rozpoczyna\u0142\u00a0 zadanie budowy PKA. Podkre\u015bla\u0142 on, \u017ce kolej aglomeracyjna cieszy si\u0119 du\u017cym powodzeniem, gdy\u017c w tamtym roku przewioz\u0142a 1,5 mln pasa\u017cer\u00f3w. M\u00f3wi\u0142, \u017ce na takie po\u0142\u0105czenia czekali te\u017c przedsi\u0119biorcy:<\/p>\n\n\n\n<blockquote class=\"wp-block-quote is-layout-flow wp-block-quote-is-layout-flow\">\n<p>Jeden g\u0142os p\u0142yn\u0105\u0142 od przedsi\u0119biorc\u00f3w: my oczekujemy tej inwestycji, poniewa\u017c pozwoli ona, \u017ce nasi pracownicy przyjad\u0105 na czas, szybko wr\u00f3c\u0105 do dom\u00f3w. Wi\u0119c ta inwestycja r\u00f3wnie\u017c w tym kierunku by\u0142a realizowana \u2013 m\u00f3wi\u0142 Bogdan Romaniuk.<\/p>\n<\/blockquote>\n\n\n\n<p>Grzegorz Kr\u00f3l, prezes In\u017cynierii Rzesz\u00f3w, zabra\u0142 g\u0142os w imieniu ca\u0142ego konsorcjum realizuj\u0105cego ten projekt i z\u0142o\u017cy\u0142 podzi\u0119kowania pracownikom:<\/p>\n\n\n\n<p>Te prace przebiega\u0142y do\u015b\u0107 sprawnie, w okre\u015blonych terminach i r\u00f3wnie\u017c bezpiecznie, co dla nas jest istotne \u2013 powiedzia\u0142 Grzegorz Kr\u00f3l.<\/p>\n\n\n\n<h2 class=\"wp-block-heading\" id=\"h-polregio-uzytkownikiem\">Polregio u\u017cytkownikiem <\/h2>\n\n\n\n<p>Now\u0105 hal\u0119 b\u0119dzie u\u017cytkowa\u0107 sp\u00f3\u0142ka POLREGIO, w imieniu kt\u00f3rej g\u0142os zabra\u0142 wiceprezes Marcel Klinowski:<\/p>\n\n\n\n<blockquote class=\"wp-block-quote is-layout-flow wp-block-quote-is-layout-flow\">\n<p>Dzisiejsze otwarcie zaplecza technicznego to kolejny krok w kierunku rozwoju regionalnych po\u0142\u0105cze\u0144 kolejowych w wojew\u00f3dztwie podkarpackim i znakomita infrastruktura, z kt\u00f3rej w ramach wsp\u00f3\u0142pracy z wojew\u00f3dztwem podkarpackim zacz\u0119li\u015bmy jako POLREGIO korzysta\u0107. Dla nas to przede wszystkim poprawa jako\u015bci oferowanych us\u0142ug mieszka\u0144com wojew\u00f3dztwa, o wiele lepsze warunki pracy \u2013 m\u00f3wi\u0142 Marcel Klinowski.<\/p>\n<\/blockquote>\n\n\n\n<blockquote class=\"wp-block-quote is-layout-flow wp-block-quote-is-layout-flow\">\n<p>Statystyki m\u00f3wi\u0105 same za siebie: to w\u0142a\u015bnie w wojew\u00f3dztwie podkarpackim w ubieg\u0142ym roku ros\u0142a najszybciej liczba pasa\u017cer\u00f3w i b\u0119dziemy, jako POLREGIO, dzi\u0119ki dobrym warunkom zapewnionym przez samorz\u0105d wojew\u00f3dztwa oraz inne jednostki samorz\u0105du terytorialnego, b\u0119dziemy te po\u0142\u0105czenia rozwija\u0107 \u2013 doda\u0142 wiceprezes Marcel Klinowski.<\/p>\n<\/blockquote>\n\n\n\n<p>Dyrektor Oddzia\u0142u Gospodarowania Nieruchomo\u015bciami PKP w Krakowie, Violetta Szumilak z\u0142o\u017cy\u0142a przede wszystkim podzi\u0119kowania:<\/p>\n\n\n\n<blockquote class=\"wp-block-quote is-layout-flow wp-block-quote-is-layout-flow\">\n<p>To, \u017ce ta inwestycja powsta\u0142a w tak kr\u00f3tkim czasie to jest niesamowita praca przede wszystkim pani dyrektor Joanny Szozdy, z kt\u00f3r\u0105 wsp\u00f3\u0142pracowa\u0142o si\u0119 doskonale i r\u00f3wnie\u017c pana marsza\u0142ka Piotra Pilcha \u2013 powiedzia\u0142a dyrektor Violetta Szumilak.<\/p>\n<\/blockquote>\n\n\n\n<p><\/p>\n\n\n\n<figure class=\"wp-block-image size-large\"><a href=\"https:\/\/transinfo.pl\/wp-content\/uploads\/2024\/03\/hala-3.jpg\"><img decoding=\"async\" src=\"https:\/\/transinfo.pl\/wp-content\/uploads\/2024\/03\/hala-3-1024x683.jpg\" alt=\"Hala, w kt\u00f3rej serwisowany b\u0119dzie tabor Podkarpackiej Kolei Aglomeracyjnej oficjalnie oddana do u\u017cytku. Obiekt powsta\u0142 obok stacji PKP Rzesz\u00f3w Staroniwa.\" class=\"wp-image-468380\" \/><\/a><figcaption class=\"wp-element-caption\">Hala serwisowa\/foto: UMWP<\/figcaption><\/figure>\n\n\n\n<p><\/p>\n\n\n\n<p>Na podsumowanie g\u0142os zabra\u0142 wicemarsza\u0142ek Piotr Pilch, kt\u00f3ry nadzorowa\u0142 bezpo\u015brednio z ramienia zarz\u0105du wojew\u00f3dztwa ten projekt:<\/p>\n\n\n\n<blockquote class=\"wp-block-quote is-layout-flow wp-block-quote-is-layout-flow\">\n<p>To wielka satysfakcja marsza\u0142ka, zarz\u0105du, ale i moja osobista, gdy\u017c przez ostatnich kilka lat bardzo wiele czasu sp\u0119dzi\u0142em te\u017c i tutaj ogl\u0105daj\u0105c, jak ro\u015bnie ta pi\u0119kna budowa. By\u0142y bardzo du\u017ce problemy, kt\u00f3re pokonali\u015bmy, cho\u0107 nie wszyscy wierzyli, \u017ce tak b\u0119dzie, ale uda\u0142o si\u0119 wszystkich przekona\u0107 \u2013 powiedzia\u0142 wicemarsza\u0142ek Piotr Pilch.<\/p>\n<\/blockquote>\n\n\n\n<p>Codziennie do nas docieraj\u0105 informacje, \u017ce to by\u0142a bardzo dobra inwestycja, bardzo dobrze wydane pieni\u0105dze i liczba pasa\u017cer\u00f3w stale si\u0119 zwi\u0119ksza \u2013 doda\u0142 Piotr Pilch, sk\u0142adaj\u0105c r\u00f3wnie\u017c podzi\u0119kowania dyrekcji oraz pracownikom departamentu Dr\u00f3g i Publicznego Transportu Zbiorowego UMWP.<\/p>\n\n\n\n<p>Hala serwisowo-utrzymaniowo-naprawcza PKA to element ca\u0142ej bocznicy kolejowej i wraz z uk\u0142adem torowym, kontenerow\u0105 stacj\u0105 paliw do tankowania pojazd\u00f3w z nap\u0119dem spalinowym, drog\u0105 dojazdow\u0105 oraz miejscami postojowymi tworzy Zaplecze Techniczne PKA. Najwa\u017cniejsze elementy, jakie zosta\u0142y wykonane w ramach tej inwestycji to m.in.:<\/p>\n\n\n\n<p>uk\u0142ad torowy \u2013 zelektryfikowany uk\u0142ad 12 tor\u00f3w o \u0142\u0105cznej d\u0142ugo\u015bci og\u00f3lnej 5,1 km, z systemem rozjazd\u00f3w i automatycznym systemem SRK, wsp\u00f3\u0142pracuj\u0105cy ze stacj\u0105 PKP Rzesz\u00f3w Staroniwa,<\/p>\n\n\n\n<p>myjnia mechaniczna, pracuj\u0105ca w systemie zamkni\u0119tym obiegu wody, z podczyszczalni\u0105 \u015bciek\u00f3w,<\/p>\n\n\n\n<p>tokarka podtorowa do toczenia zestaw\u00f3w ko\u0142owych,<\/p>\n\n\n\n<p>laserowe stanowisko do pomiaru zarysu profili zestaw\u00f3w ko\u0142owych,<\/p>\n\n\n\n<p>waga do sprawdzania nacisku zestaw\u00f3w ko\u0142owych na szyn\u0119,<\/p>\n\n\n\n<p>zapadnia umo\u017cliwiaj\u0105ca wymian\u0119 zestaw\u00f3w ko\u0142owych oraz silnik\u00f3w trakcyjnych bez konieczno\u015bci podnoszenia pud\u0142a pojazdu,<\/p>\n\n\n\n<p>suwnica o no\u015bno\u015bci 16 ton, umo\u017cliwiaj\u0105ca transport podzespo\u0142\u00f3w wewn\u0105trz hali,<\/p>\n\n\n\n<p>podno\u015bniki do podnoszenia ca\u0142ego zespo\u0142u trakcyjnego lub cz\u0142onu pojazdu,<\/p>\n\n\n\n<p>W otwartej hali znajduje si\u0119 tak\u017ce stanowisko do szkolenia maszynist\u00f3w. Symulator jazdy zosta\u0142 kupiony w ramach innego projektu dofinasowanego z Regionalnego Programu Operacyjnego WP 2017-2021.<\/p>\n\n\n\n<p>Hala technologiczna sk\u0142ada si\u0119 z cz\u0119\u015bci: serwisowo-utrzymaniowo-naprawczej, szkoleniowej, warsztatowej, magazynowej, administracyjno-biurowej oraz myjni. Zastosowane rozwi\u0105zania techniczne pozwalaj\u0105 na wykonywanie mi\u0119dzy innymi: przegl\u0105d\u00f3w okresowych pojazd\u00f3w, napraw bie\u017c\u0105cych, konserwacji urz\u0105dze\u0144 i podzespo\u0142\u00f3w pojazd\u00f3w oraz ich czyszczenia i mycia w&nbsp; zautomatyzowanej myjni, za\u015b w cz\u0119\u015bci biurowej mo\u017cliwe jest prowadzenie szkole\u0144 dla personelu.<\/p>\n\n\n\n<p>Pod koniec 2023 roku Zaplecze Techniczne PKA zosta\u0142o przekazane do eksploatacji operatowi tj. sp\u00f3\u0142ce POLREGIO, co by\u0142o konieczne, ze wzgl\u0119du na zapisy umowy o dofinansowanie zawartej z Centrum Unijnych Projekt\u00f3w Transportowych.<\/p>\n","protected":false},"author":3,"featured_media":266554,"comment_status":"","ping_status":"closed","template":"","categories":[23],"tags":[23006,2330,59,646,909],"class_list":["post-266553","inforail","type-inforail","status-publish","has-post-thumbnail","hentry","category-infrastruktura","tag-hala-serwisowa","tag-podkarpackie","tag-polregio","tag-rzeszow","tag-tabor"],"acf":[],"yoast_head":"<!-- This site is optimized with the Yoast SEO Premium plugin v21.8 (Yoast SEO v23.7) - https:\/\/yoast.com\/wordpress\/plugins\/seo\/ -->\n<title>Hala serwisowa dla podkarpackich poci\u0105g\u00f3w oddana do u\u017cytku. Pos\u0142u\u017cy przede wszystkim Polregio \u00a0 - TransInfo Archiwum<\/title>\n<meta name=\"description\" content=\"Hala, w kt\u00f3rej serwisowany b\u0119dzie tabor Podkarpackiej Kolei Aglomeracyjnej oficjalnie oddana do u\u017cytku. W Rzeszowie.\" \/>\n<meta name=\"robots\" content=\"index, follow, max-snippet:-1, max-image-preview:large, max-video-preview:-1\" \/>\n<link rel=\"canonical\" href=\"https:\/\/transinfo.pl\/x\/inforail\/hala-serwisowa-dla-podkarpackich-pociagow-oddana-do-uzytku-posluzy-przede-wszystkim-polregio\/\" \/>\n<meta property=\"og:locale\" content=\"pl_PL\" \/>\n<meta property=\"og:type\" content=\"article\" \/>\n<meta property=\"og:title\" content=\"Hala serwisowa dla podkarpackich poci\u0105g\u00f3w oddana do u\u017cytku. Pos\u0142u\u017cy przede wszystkim Polregio \u00a0\" \/>\n<meta property=\"og:description\" content=\"Hala, w kt\u00f3rej serwisowany b\u0119dzie tabor Podkarpackiej Kolei Aglomeracyjnej oficjalnie oddana do u\u017cytku. W Rzeszowie.\" \/>\n<meta property=\"og:url\" content=\"https:\/\/transinfo.pl\/x\/inforail\/hala-serwisowa-dla-podkarpackich-pociagow-oddana-do-uzytku-posluzy-przede-wszystkim-polregio\/\" \/>\n<meta property=\"og:site_name\" content=\"TransInfo Archiwum\" \/>\n<meta property=\"og:image\" content=\"https:\/\/transinfo.pl\/x\/wp-content\/uploads\/2024\/03\/hala2.jpg\" \/>\n\t<meta property=\"og:image:width\" content=\"1\" \/>\n\t<meta property=\"og:image:height\" content=\"1\" \/>\n\t<meta property=\"og:image:type\" content=\"image\/jpeg\" \/>\n<meta name=\"twitter:card\" content=\"summary_large_image\" \/>\n<meta name=\"twitter:label1\" content=\"Szacowany czas czytania\" \/>\n\t<meta name=\"twitter:data1\" content=\"7 minut\" \/>\n<script type=\"application\/ld+json\" class=\"yoast-schema-graph\">{\"@context\":\"https:\/\/schema.org\",\"@graph\":[{\"@type\":\"WebPage\",\"@id\":\"https:\/\/transinfo.pl\/x\/inforail\/hala-serwisowa-dla-podkarpackich-pociagow-oddana-do-uzytku-posluzy-przede-wszystkim-polregio\/\",\"url\":\"https:\/\/transinfo.pl\/x\/inforail\/hala-serwisowa-dla-podkarpackich-pociagow-oddana-do-uzytku-posluzy-przede-wszystkim-polregio\/\",\"name\":\"Hala serwisowa dla podkarpackich poci\u0105g\u00f3w oddana do u\u017cytku. Pos\u0142u\u017cy przede wszystkim Polregio \u00a0 - TransInfo Archiwum\",\"isPartOf\":{\"@id\":\"https:\/\/transinfo.pl\/x\/#website\"},\"primaryImageOfPage\":{\"@id\":\"https:\/\/transinfo.pl\/x\/inforail\/hala-serwisowa-dla-podkarpackich-pociagow-oddana-do-uzytku-posluzy-przede-wszystkim-polregio\/#primaryimage\"},\"image\":{\"@id\":\"https:\/\/transinfo.pl\/x\/inforail\/hala-serwisowa-dla-podkarpackich-pociagow-oddana-do-uzytku-posluzy-przede-wszystkim-polregio\/#primaryimage\"},\"thumbnailUrl\":\"https:\/\/transinfo.pl\/x\/wp-content\/uploads\/2024\/03\/hala2.jpg\",\"datePublished\":\"2024-03-20T15:45:00+00:00\",\"dateModified\":\"2024-03-20T15:45:00+00:00\",\"description\":\"Hala, w kt\u00f3rej serwisowany b\u0119dzie tabor Podkarpackiej Kolei Aglomeracyjnej oficjalnie oddana do u\u017cytku. W Rzeszowie.\",\"breadcrumb\":{\"@id\":\"https:\/\/transinfo.pl\/x\/inforail\/hala-serwisowa-dla-podkarpackich-pociagow-oddana-do-uzytku-posluzy-przede-wszystkim-polregio\/#breadcrumb\"},\"inLanguage\":\"pl-PL\",\"potentialAction\":[{\"@type\":\"ReadAction\",\"target\":[\"https:\/\/transinfo.pl\/x\/inforail\/hala-serwisowa-dla-podkarpackich-pociagow-oddana-do-uzytku-posluzy-przede-wszystkim-polregio\/\"]}]},{\"@type\":\"ImageObject\",\"inLanguage\":\"pl-PL\",\"@id\":\"https:\/\/transinfo.pl\/x\/inforail\/hala-serwisowa-dla-podkarpackich-pociagow-oddana-do-uzytku-posluzy-przede-wszystkim-polregio\/#primaryimage\",\"url\":\"https:\/\/transinfo.pl\/x\/wp-content\/uploads\/2024\/03\/hala2.jpg\",\"contentUrl\":\"https:\/\/transinfo.pl\/x\/wp-content\/uploads\/2024\/03\/hala2.jpg\"},{\"@type\":\"BreadcrumbList\",\"@id\":\"https:\/\/transinfo.pl\/x\/inforail\/hala-serwisowa-dla-podkarpackich-pociagow-oddana-do-uzytku-posluzy-przede-wszystkim-polregio\/#breadcrumb\",\"itemListElement\":[{\"@type\":\"ListItem\",\"position\":1,\"name\":\"Home\",\"item\":\"https:\/\/transinfo.pl\/x\/\"},{\"@type\":\"ListItem\",\"position\":2,\"name\":\"Inforail\",\"item\":\"https:\/\/transinfo.pl\/x\/inforail\/\"},{\"@type\":\"ListItem\",\"position\":3,\"name\":\"Hala serwisowa dla podkarpackich poci\u0105g\u00f3w oddana do u\u017cytku. Pos\u0142u\u017cy przede wszystkim Polregio \u00a0\"}]},{\"@type\":\"WebSite\",\"@id\":\"https:\/\/transinfo.pl\/x\/#website\",\"url\":\"https:\/\/transinfo.pl\/x\/\",\"name\":\"TransInfo Archiwum\",\"description\":\"Ca\u0142y transport w jednym miejscu\",\"publisher\":{\"@id\":\"https:\/\/transinfo.pl\/x\/#organization\"},\"potentialAction\":[{\"@type\":\"SearchAction\",\"target\":{\"@type\":\"EntryPoint\",\"urlTemplate\":\"https:\/\/transinfo.pl\/x\/?s={search_term_string}\"},\"query-input\":{\"@type\":\"PropertyValueSpecification\",\"valueRequired\":true,\"valueName\":\"search_term_string\"}}],\"inLanguage\":\"pl-PL\"},{\"@type\":\"Organization\",\"@id\":\"https:\/\/transinfo.pl\/x\/#organization\",\"name\":\"TransInfo\",\"url\":\"https:\/\/transinfo.pl\/x\/\",\"logo\":{\"@type\":\"ImageObject\",\"inLanguage\":\"pl-PL\",\"@id\":\"https:\/\/transinfo.pl\/x\/#\/schema\/logo\/image\/\",\"url\":\"https:\/\/transinfo.pl\/x\/wp-content\/uploads\/2024\/10\/favicon.png\",\"contentUrl\":\"https:\/\/transinfo.pl\/x\/wp-content\/uploads\/2024\/10\/favicon.png\",\"width\":512,\"height\":512,\"caption\":\"TransInfo\"},\"image\":{\"@id\":\"https:\/\/transinfo.pl\/x\/#\/schema\/logo\/image\/\"}}]}<\/script>\n<!-- \/ Yoast SEO Premium plugin. -->","yoast_head_json":{"title":"Hala serwisowa dla podkarpackich poci\u0105g\u00f3w oddana do u\u017cytku. Pos\u0142u\u017cy przede wszystkim Polregio \u00a0 - TransInfo Archiwum","description":"Hala, w kt\u00f3rej serwisowany b\u0119dzie tabor Podkarpackiej Kolei Aglomeracyjnej oficjalnie oddana do u\u017cytku. W Rzeszowie.","robots":{"index":"index","follow":"follow","max-snippet":"max-snippet:-1","max-image-preview":"max-image-preview:large","max-video-preview":"max-video-preview:-1"},"canonical":"https:\/\/transinfo.pl\/x\/inforail\/hala-serwisowa-dla-podkarpackich-pociagow-oddana-do-uzytku-posluzy-przede-wszystkim-polregio\/","og_locale":"pl_PL","og_type":"article","og_title":"Hala serwisowa dla podkarpackich poci\u0105g\u00f3w oddana do u\u017cytku. Pos\u0142u\u017cy przede wszystkim Polregio \u00a0","og_description":"Hala, w kt\u00f3rej serwisowany b\u0119dzie tabor Podkarpackiej Kolei Aglomeracyjnej oficjalnie oddana do u\u017cytku. W Rzeszowie.","og_url":"https:\/\/transinfo.pl\/x\/inforail\/hala-serwisowa-dla-podkarpackich-pociagow-oddana-do-uzytku-posluzy-przede-wszystkim-polregio\/","og_site_name":"TransInfo Archiwum","og_image":[{"url":"https:\/\/transinfo.pl\/x\/wp-content\/uploads\/2024\/03\/hala2.jpg","width":1,"height":1,"type":"image\/jpeg"}],"twitter_card":"summary_large_image","twitter_misc":{"Szacowany czas czytania":"7 minut"},"schema":{"@context":"https:\/\/schema.org","@graph":[{"@type":"WebPage","@id":"https:\/\/transinfo.pl\/x\/inforail\/hala-serwisowa-dla-podkarpackich-pociagow-oddana-do-uzytku-posluzy-przede-wszystkim-polregio\/","url":"https:\/\/transinfo.pl\/x\/inforail\/hala-serwisowa-dla-podkarpackich-pociagow-oddana-do-uzytku-posluzy-przede-wszystkim-polregio\/","name":"Hala serwisowa dla podkarpackich poci\u0105g\u00f3w oddana do u\u017cytku. Pos\u0142u\u017cy przede wszystkim Polregio \u00a0 - TransInfo Archiwum","isPartOf":{"@id":"https:\/\/transinfo.pl\/x\/#website"},"primaryImageOfPage":{"@id":"https:\/\/transinfo.pl\/x\/inforail\/hala-serwisowa-dla-podkarpackich-pociagow-oddana-do-uzytku-posluzy-przede-wszystkim-polregio\/#primaryimage"},"image":{"@id":"https:\/\/transinfo.pl\/x\/inforail\/hala-serwisowa-dla-podkarpackich-pociagow-oddana-do-uzytku-posluzy-przede-wszystkim-polregio\/#primaryimage"},"thumbnailUrl":"https:\/\/transinfo.pl\/x\/wp-content\/uploads\/2024\/03\/hala2.jpg","datePublished":"2024-03-20T15:45:00+00:00","dateModified":"2024-03-20T15:45:00+00:00","description":"Hala, w kt\u00f3rej serwisowany b\u0119dzie tabor Podkarpackiej Kolei Aglomeracyjnej oficjalnie oddana do u\u017cytku. W Rzeszowie.","breadcrumb":{"@id":"https:\/\/transinfo.pl\/x\/inforail\/hala-serwisowa-dla-podkarpackich-pociagow-oddana-do-uzytku-posluzy-przede-wszystkim-polregio\/#breadcrumb"},"inLanguage":"pl-PL","potentialAction":[{"@type":"ReadAction","target":["https:\/\/transinfo.pl\/x\/inforail\/hala-serwisowa-dla-podkarpackich-pociagow-oddana-do-uzytku-posluzy-przede-wszystkim-polregio\/"]}]},{"@type":"ImageObject","inLanguage":"pl-PL","@id":"https:\/\/transinfo.pl\/x\/inforail\/hala-serwisowa-dla-podkarpackich-pociagow-oddana-do-uzytku-posluzy-przede-wszystkim-polregio\/#primaryimage","url":"https:\/\/transinfo.pl\/x\/wp-content\/uploads\/2024\/03\/hala2.jpg","contentUrl":"https:\/\/transinfo.pl\/x\/wp-content\/uploads\/2024\/03\/hala2.jpg"},{"@type":"BreadcrumbList","@id":"https:\/\/transinfo.pl\/x\/inforail\/hala-serwisowa-dla-podkarpackich-pociagow-oddana-do-uzytku-posluzy-przede-wszystkim-polregio\/#breadcrumb","itemListElement":[{"@type":"ListItem","position":1,"name":"Home","item":"https:\/\/transinfo.pl\/x\/"},{"@type":"ListItem","position":2,"name":"Inforail","item":"https:\/\/transinfo.pl\/x\/inforail\/"},{"@type":"ListItem","position":3,"name":"Hala serwisowa dla podkarpackich poci\u0105g\u00f3w oddana do u\u017cytku. Pos\u0142u\u017cy przede wszystkim Polregio \u00a0"}]},{"@type":"WebSite","@id":"https:\/\/transinfo.pl\/x\/#website","url":"https:\/\/transinfo.pl\/x\/","name":"TransInfo Archiwum","description":"Ca\u0142y transport w jednym miejscu","publisher":{"@id":"https:\/\/transinfo.pl\/x\/#organization"},"potentialAction":[{"@type":"SearchAction","target":{"@type":"EntryPoint","urlTemplate":"https:\/\/transinfo.pl\/x\/?s={search_term_string}"},"query-input":{"@type":"PropertyValueSpecification","valueRequired":true,"valueName":"search_term_string"}}],"inLanguage":"pl-PL"},{"@type":"Organization","@id":"https:\/\/transinfo.pl\/x\/#organization","name":"TransInfo","url":"https:\/\/transinfo.pl\/x\/","logo":{"@type":"ImageObject","inLanguage":"pl-PL","@id":"https:\/\/transinfo.pl\/x\/#\/schema\/logo\/image\/","url":"https:\/\/transinfo.pl\/x\/wp-content\/uploads\/2024\/10\/favicon.png","contentUrl":"https:\/\/transinfo.pl\/x\/wp-content\/uploads\/2024\/10\/favicon.png","width":512,"height":512,"caption":"TransInfo"},"image":{"@id":"https:\/\/transinfo.pl\/x\/#\/schema\/logo\/image\/"}}]}},"_links":{"self":[{"href":"https:\/\/transinfo.pl\/x\/wp-json\/wp\/v2\/inforail\/266553","targetHints":{"allow":["GET"]}}],"collection":[{"href":"https:\/\/transinfo.pl\/x\/wp-json\/wp\/v2\/inforail"}],"about":[{"href":"https:\/\/transinfo.pl\/x\/wp-json\/wp\/v2\/types\/inforail"}],"author":[{"embeddable":true,"href":"https:\/\/transinfo.pl\/x\/wp-json\/wp\/v2\/users\/3"}],"replies":[{"embeddable":true,"href":"https:\/\/transinfo.pl\/x\/wp-json\/wp\/v2\/comments?post=266553"}],"wp:featuredmedia":[{"embeddable":true,"href":"https:\/\/transinfo.pl\/x\/wp-json\/wp\/v2\/media\/266554"}],"wp:attachment":[{"href":"https:\/\/transinfo.pl\/x\/wp-json\/wp\/v2\/media?parent=266553"}],"wp:term":[{"taxonomy":"category","embeddable":true,"href":"https:\/\/transinfo.pl\/x\/wp-json\/wp\/v2\/categories?post=266553"},{"taxonomy":"post_tag","embeddable":true,"href":"https:\/\/transinfo.pl\/x\/wp-json\/wp\/v2\/tags?post=266553"}],"curies":[{"name":"wp","href":"https:\/\/api.w.org\/{rel}","templated":true}]}}