{"id":266536,"date":"2024-03-20T12:45:42","date_gmt":"2024-03-20T12:45:42","guid":{"rendered":"https:\/\/transinfo.pl\/x\/inforail\/pociagi-kolei-slaskich-coraz-punktualniejsze\/"},"modified":"2024-03-20T12:45:42","modified_gmt":"2024-03-20T12:45:42","slug":"pociagi-kolei-slaskich-coraz-punktualniejsze","status":"publish","type":"inforail","link":"https:\/\/transinfo.pl\/x\/inforail\/pociagi-kolei-slaskich-coraz-punktualniejsze\/","title":{"rendered":"Poci\u0105gi Kolei \u015al\u0105skich coraz punktualniejsze"},"content":{"rendered":"<style>h1,h2,h3,h4,h5,h6{margin:0 0 1.25rem;font-family:Arial,sans-serif;font-weight:600;color:#050505}h1{font-size:1.875rem;line-height:1.1em;text-transform:none}@media(min-width: 768px){h1{font-size:2.375rem}}h2{font-size:1.1875rem;line-height:1.2em;text-transform:uppercase}@media(min-width: 768px){h2{font-size:1.0625rem}}h3{font-size:0.9375rem;line-height:1.4em;font-weight:900;margin-bottom:0.9375rem}h4{font-size:0.875rem;line-height:1.2em;font-weight:500}h5{font-size:0.9375rem;line-height:1.6;font-weight:400}h6{font-size:0.9375rem;line-height:1.6;font-weight:600}\n<\/style>\n<h3 class=\"wp-block-heading\" id=\"h-punktualnosc-to-jeden-z-atutow-kolei-slaskich-regionalny-przewoznik-w-tym-zakresie-ma-sie-czym-pochwalic-w-grudniu-2023-roku-wskaznik-pociagow-wjezdzajacych-na-stacje-o-rozkladowej-godzinie-wynosil-83-proc-a-w-lutym-2024-roku-juz-94-proc\">Punktualno\u015b\u0107 to jeden z atut\u00f3w Kolei \u015al\u0105skich. Regionalny przewo\u017anik w tym zakresie ma si\u0119 czym pochwali\u0107 \u2013 w grudniu 2023 roku wska\u017anik poci\u0105g\u00f3w wje\u017cd\u017caj\u0105cych na stacj\u0119 o rozk\u0142adowej godzinie wynosi\u0142 83 proc., a w lutym 2024 roku ju\u017c 94 proc.<\/h3>\n\n\n<style>p{margin:0 0 1.5rem}p:last-child{margin:0}p.is-style-uppercase{text-transform:uppercase}p.is-style-preheading{color:#12406a;text-transform:uppercase}p.is-style-leadparagraph{font-size:1rem;line-height:1.625;font-weight:700}@media(min-width: 768px){p.is-style-leadparagraph{font-size:1.125rem;line-height:1.5555555556}}p.has-small-margin{margin-bottom:0.625rem}p.has-small-margin+h1,p.has-small-margin+h2,p.has-small-margin+h3{margin-top:1.875rem}\n<\/style>\n<p>Tendencja wzrostowa trzyma si\u0119 mocno, bo w okresie 1-13 marca 2024 roku punktualno\u015b\u0107 poci\u0105g\u00f3w Kolei \u015al\u0105skich wynosi\u0142a niemal 95 proc.<\/p>\n\n\n\n<h2 class=\"wp-block-heading\" id=\"h-punktualnie-jak-z-gliwic-do-bytomia-nbsp\">Punktualnie jak z Gliwic do Bytomia&nbsp;<\/h2>\n\n\n<style>.wp-block-quote{border-left:0.1875rem solid var(--page-color);font-size:1rem;font-style:italic;margin:0 0 1.6875rem;padding:1.25rem}.wp-block-quote cite{color:#050505}.wp-block-quote.is-style-large p{margin-bottom:10px}.wp-block-quote.is-style-large cite{color:#12406a}\n<\/style>\n<blockquote class=\"wp-block-quote is-layout-flow wp-block-quote-is-layout-flow\">\n<p>\u2013 Zdajemy sobie spraw\u0119, \u017ce konkurencyjno\u015b\u0107 kolei wobec innych \u015brodk\u00f3w transportu zale\u017cy nie tylko od dopasowania naszej oferty do potrzeb pasa\u017cera, ale tak\u017ce od tego, jak wiarygodnym b\u0119dziemy partnerem. St\u0105d wielka dba\u0142o\u015b\u0107 o to, by\u015bmy docierali do poszczeg\u00f3lnych dworc\u00f3w, stacji i przystank\u00f3w zgodnie z rozk\u0142adem \u2013 m\u00f3wi Patryk \u015awirski, prezes Kolei \u015al\u0105skich.<\/p>\n<\/blockquote>\n\n\n\n<p>Na szczycie najbardziej punktualnych ci\u0105g\u00f3w komunikacyjnych od dw\u00f3ch lat kr\u00f3luje linia S18 (punktualno\u015b\u0107 na poziomie 99 proc. w lutym 2024 roku!). Jest stosunkowo kr\u00f3tka, \u0142\u0105czy ze sob\u0105 Gliwice i Bytom, a po drodze nie ma \u017cadnych postoj\u00f3w. \u2013 Poza Kolejami \u015al\u0105skimi z tor\u00f3w korzystaj\u0105 tu tylko przewo\u017anicy towarowi. Dlatego to doskona\u0142y przyk\u0142ad, jak ruch dalekobie\u017cny, kt\u00f3ry ma na kolei pierwsze\u0144stwo, wp\u0142ywa na punktualno\u015b\u0107 poci\u0105g\u00f3w regionalnych \u2013 sygnalizuje Patryk \u015awirski.<\/p>\n\n\n\n<p>Na d\u0142u\u017cszych liniach regionalny przewo\u017anik te\u017c radzi sobie dobrze. Na przyk\u0142ad na linii S13 Cz\u0119stochowa \u2013 Lubliniec, punktualno\u015b\u0107 przekracza 95 proc. Jednym z przyk\u0142ad\u00f3w poprawy punktualno\u015bci w stosunku do ubieg\u0142ego roku jest linia S7 z Katowic do Raciborza. By\u0142o 90 proc., jest 94 proc. To efekt przeniesienia krzy\u017cowania poci\u0105g\u00f3w z mijanki \u0141aziska G\u00f3rne \u2013 Brada do stacji Orzesze.<\/p>\n\n\n\n<p><\/p>\n\n\n<style>.wp-block-image{margin:1.25rem 0;text-align:center}.wp-block-image figcaption{padding:0 0.9375rem;text-align:center}\n<\/style>\n<figure class=\"wp-block-image size-full\"><a href=\"https:\/\/transinfo.pl\/wp-content\/uploads\/2023\/12\/koleje-slaskie.jpg\"><img decoding=\"async\" src=\"https:\/\/transinfo.pl\/wp-content\/uploads\/2023\/12\/koleje-slaskie.jpg\" alt=\"Punktualno\u015b\u0107 to jeden z atut\u00f3w Kolei \u015al\u0105skich. Regionalny przewo\u017anik w tym zakresie ma si\u0119 czym pochwali\u0107 \u2013 w grudniu 2023 roku wska\u017anik poci\u0105g\u00f3w wje\u017cd\u017caj\u0105cych na stacj\u0119 o rozk\u0142adowej godzinie wynosi\u0142 83 proc., a w lutym 2024 roku ju\u017c 94 proc.\" class=\"wp-image-454928\" \/><\/a><figcaption class=\"wp-element-caption\">Poci\u0105g Kolei \u015al\u0105skich<\/figcaption><\/figure>\n\n\n\n<p><\/p>\n\n\n\n<h2 class=\"wp-block-heading\" id=\"h-dlaczego-pociagi-czasami-sie-spozniaja\">Dlaczego poci\u0105gi czasami si\u0119 sp\u00f3\u017aniaj\u0105<\/h2>\n\n\n\n<blockquote class=\"wp-block-quote is-layout-flow wp-block-quote-is-layout-flow\">\n<p>\u201cSkoro jest tak dobrze, to dlaczego dotar\u0142em, dotar\u0142am do pracy z 1,5-godzinnym op\u00f3\u017anieniem?\u201d \u2013 zapytaj\u0105 pasa\u017cerowie, kt\u00f3rzy 22 lutego pr\u00f3bowali dojecha\u0107 rano do Katowic. \u2013 To przyk\u0142ad ekstremalny, bo w tym dniu mieli\u015bmy do czynienia z fa\u0142szywym alarmem bombowym na dworcu w Katowicach i ca\u0142kowitym wstrzymaniem ruchu poci\u0105g\u00f3w \u2013 m\u00f3wi Bart\u0142omiej Wnuk, rzecznik prasowy Kolei \u015al\u0105skich. Poza ekstremami, na op\u00f3\u017anienia ogromny wp\u0142yw maj\u0105 warunki atmosferyczne. \u2013 D\u0142ugotrwa\u0142e opady \u015bniegu oraz utrzymuj\u0105ce si\u0119 niskie temperatury powoduj\u0105 awarie element\u00f3w infrastruktury kolejowej, jak oblodzenia sieci trakcyjnej czy zamarzanie rozjazd\u00f3w, ale tak\u017ce taboru \u2013 zamarzanie sk\u0142ad\u00f3w czy trudno\u015bci z wsuni\u0119ciem oblodzonych stopni \u2013 wylicza rzecznik.&nbsp;<\/p>\n<\/blockquote>\n\n\n\n<p>Istotny wp\u0142yw na punktualno\u015b\u0107 maj\u0105 te\u017c trwaj\u0105ce prace modernizacyjne infrastruktury kolejowej, szczeg\u00f3lnie na tych odcinkach linii kolejowych, na kt\u00f3rych ruch musi by\u0107 prowadzony jednotorowo w obu kierunkach.<\/p>\n\n\n\n<h2 class=\"wp-block-heading\" id=\"h-pociagi-pod-specjalnym-nadzorem\">Poci\u0105gi pod specjalnym nadzorem<\/h2>\n\n\n\n<p>Punktualne i op\u00f3\u017anione, s\u0142owem: wszystkie \u2013 ju\u017c od ponad p\u00f3\u0142 roku poci\u0105gi Kolei \u015al\u0105skich mo\u017cna \u015bledzi\u0107 w czasie rzeczywistym na mapach Google i, dzi\u0119ki GPS oraz algorytmowi informatycznego giganta, zna\u0107 realn\u0105 godzin\u0119 przyjazdu ka\u017cdego sk\u0142adu. Wystarczy wybra\u0107 opcj\u0119 transportu zbiorowego, a potem tras\u0119. W\u00f3wczas otrzymamy komplet informacji na temat swojego po\u0142\u0105czenia.<\/p>\n","protected":false},"author":3,"featured_media":266537,"comment_status":"","ping_status":"closed","template":"","categories":[26],"tags":[61,2491,123,66,4946,229],"class_list":["post-266536","inforail","type-inforail","status-publish","has-post-thumbnail","hentry","category-przewoznicy","tag-kolej","tag-koleje-slaskie","tag-pasazer","tag-pociag","tag-punktualnosc","tag-slaskie"],"acf":[],"yoast_head":"<!-- This site is optimized with the Yoast SEO Premium plugin v21.8 (Yoast SEO v23.7) - https:\/\/yoast.com\/wordpress\/plugins\/seo\/ -->\n<title>Poci\u0105gi Kolei \u015al\u0105skich coraz punktualniejsze - TransInfo Archiwum<\/title>\n<meta name=\"description\" content=\"Punktualno\u015b\u0107 to jeden z atut\u00f3w Kolei \u015al\u0105skich. Regionalny przewo\u017anik w tym zakresie ma si\u0119 czym pochwali\u0107.\" \/>\n<meta name=\"robots\" content=\"index, follow, max-snippet:-1, max-image-preview:large, max-video-preview:-1\" \/>\n<link rel=\"canonical\" href=\"https:\/\/transinfo.pl\/x\/inforail\/pociagi-kolei-slaskich-coraz-punktualniejsze\/\" \/>\n<meta property=\"og:locale\" content=\"pl_PL\" \/>\n<meta property=\"og:type\" content=\"article\" \/>\n<meta property=\"og:title\" content=\"Poci\u0105gi Kolei \u015al\u0105skich coraz punktualniejsze\" \/>\n<meta property=\"og:description\" content=\"Punktualno\u015b\u0107 to jeden z atut\u00f3w Kolei \u015al\u0105skich. Regionalny przewo\u017anik w tym zakresie ma si\u0119 czym pochwali\u0107.\" \/>\n<meta property=\"og:url\" content=\"https:\/\/transinfo.pl\/x\/inforail\/pociagi-kolei-slaskich-coraz-punktualniejsze\/\" \/>\n<meta property=\"og:site_name\" content=\"TransInfo Archiwum\" \/>\n<meta property=\"og:image\" content=\"https:\/\/transinfo.pl\/x\/wp-content\/uploads\/2023\/12\/koleje-slaskie-3.jpg\" \/>\n\t<meta property=\"og:image:width\" content=\"1\" \/>\n\t<meta property=\"og:image:height\" content=\"1\" \/>\n\t<meta property=\"og:image:type\" content=\"image\/jpeg\" \/>\n<meta name=\"twitter:card\" content=\"summary_large_image\" \/>\n<meta name=\"twitter:label1\" content=\"Szacowany czas czytania\" \/>\n\t<meta name=\"twitter:data1\" content=\"3 minuty\" \/>\n<script type=\"application\/ld+json\" class=\"yoast-schema-graph\">{\"@context\":\"https:\/\/schema.org\",\"@graph\":[{\"@type\":\"WebPage\",\"@id\":\"https:\/\/transinfo.pl\/x\/inforail\/pociagi-kolei-slaskich-coraz-punktualniejsze\/\",\"url\":\"https:\/\/transinfo.pl\/x\/inforail\/pociagi-kolei-slaskich-coraz-punktualniejsze\/\",\"name\":\"Poci\u0105gi Kolei \u015al\u0105skich coraz punktualniejsze - TransInfo Archiwum\",\"isPartOf\":{\"@id\":\"https:\/\/transinfo.pl\/x\/#website\"},\"primaryImageOfPage\":{\"@id\":\"https:\/\/transinfo.pl\/x\/inforail\/pociagi-kolei-slaskich-coraz-punktualniejsze\/#primaryimage\"},\"image\":{\"@id\":\"https:\/\/transinfo.pl\/x\/inforail\/pociagi-kolei-slaskich-coraz-punktualniejsze\/#primaryimage\"},\"thumbnailUrl\":\"https:\/\/transinfo.pl\/x\/wp-content\/uploads\/2023\/12\/koleje-slaskie-3.jpg\",\"datePublished\":\"2024-03-20T12:45:42+00:00\",\"dateModified\":\"2024-03-20T12:45:42+00:00\",\"description\":\"Punktualno\u015b\u0107 to jeden z atut\u00f3w Kolei \u015al\u0105skich. Regionalny przewo\u017anik w tym zakresie ma si\u0119 czym pochwali\u0107.\",\"breadcrumb\":{\"@id\":\"https:\/\/transinfo.pl\/x\/inforail\/pociagi-kolei-slaskich-coraz-punktualniejsze\/#breadcrumb\"},\"inLanguage\":\"pl-PL\",\"potentialAction\":[{\"@type\":\"ReadAction\",\"target\":[\"https:\/\/transinfo.pl\/x\/inforail\/pociagi-kolei-slaskich-coraz-punktualniejsze\/\"]}]},{\"@type\":\"ImageObject\",\"inLanguage\":\"pl-PL\",\"@id\":\"https:\/\/transinfo.pl\/x\/inforail\/pociagi-kolei-slaskich-coraz-punktualniejsze\/#primaryimage\",\"url\":\"https:\/\/transinfo.pl\/x\/wp-content\/uploads\/2023\/12\/koleje-slaskie-3.jpg\",\"contentUrl\":\"https:\/\/transinfo.pl\/x\/wp-content\/uploads\/2023\/12\/koleje-slaskie-3.jpg\"},{\"@type\":\"BreadcrumbList\",\"@id\":\"https:\/\/transinfo.pl\/x\/inforail\/pociagi-kolei-slaskich-coraz-punktualniejsze\/#breadcrumb\",\"itemListElement\":[{\"@type\":\"ListItem\",\"position\":1,\"name\":\"Home\",\"item\":\"https:\/\/transinfo.pl\/x\/\"},{\"@type\":\"ListItem\",\"position\":2,\"name\":\"Inforail\",\"item\":\"https:\/\/transinfo.pl\/x\/inforail\/\"},{\"@type\":\"ListItem\",\"position\":3,\"name\":\"Poci\u0105gi Kolei \u015al\u0105skich coraz punktualniejsze\"}]},{\"@type\":\"WebSite\",\"@id\":\"https:\/\/transinfo.pl\/x\/#website\",\"url\":\"https:\/\/transinfo.pl\/x\/\",\"name\":\"TransInfo Archiwum\",\"description\":\"Ca\u0142y transport w jednym miejscu\",\"publisher\":{\"@id\":\"https:\/\/transinfo.pl\/x\/#organization\"},\"potentialAction\":[{\"@type\":\"SearchAction\",\"target\":{\"@type\":\"EntryPoint\",\"urlTemplate\":\"https:\/\/transinfo.pl\/x\/?s={search_term_string}\"},\"query-input\":{\"@type\":\"PropertyValueSpecification\",\"valueRequired\":true,\"valueName\":\"search_term_string\"}}],\"inLanguage\":\"pl-PL\"},{\"@type\":\"Organization\",\"@id\":\"https:\/\/transinfo.pl\/x\/#organization\",\"name\":\"TransInfo\",\"url\":\"https:\/\/transinfo.pl\/x\/\",\"logo\":{\"@type\":\"ImageObject\",\"inLanguage\":\"pl-PL\",\"@id\":\"https:\/\/transinfo.pl\/x\/#\/schema\/logo\/image\/\",\"url\":\"https:\/\/transinfo.pl\/x\/wp-content\/uploads\/2024\/10\/favicon.png\",\"contentUrl\":\"https:\/\/transinfo.pl\/x\/wp-content\/uploads\/2024\/10\/favicon.png\",\"width\":512,\"height\":512,\"caption\":\"TransInfo\"},\"image\":{\"@id\":\"https:\/\/transinfo.pl\/x\/#\/schema\/logo\/image\/\"}}]}<\/script>\n<!-- \/ Yoast SEO Premium plugin. -->","yoast_head_json":{"title":"Poci\u0105gi Kolei \u015al\u0105skich coraz punktualniejsze - TransInfo Archiwum","description":"Punktualno\u015b\u0107 to jeden z atut\u00f3w Kolei \u015al\u0105skich. Regionalny przewo\u017anik w tym zakresie ma si\u0119 czym pochwali\u0107.","robots":{"index":"index","follow":"follow","max-snippet":"max-snippet:-1","max-image-preview":"max-image-preview:large","max-video-preview":"max-video-preview:-1"},"canonical":"https:\/\/transinfo.pl\/x\/inforail\/pociagi-kolei-slaskich-coraz-punktualniejsze\/","og_locale":"pl_PL","og_type":"article","og_title":"Poci\u0105gi Kolei \u015al\u0105skich coraz punktualniejsze","og_description":"Punktualno\u015b\u0107 to jeden z atut\u00f3w Kolei \u015al\u0105skich. Regionalny przewo\u017anik w tym zakresie ma si\u0119 czym pochwali\u0107.","og_url":"https:\/\/transinfo.pl\/x\/inforail\/pociagi-kolei-slaskich-coraz-punktualniejsze\/","og_site_name":"TransInfo Archiwum","og_image":[{"url":"https:\/\/transinfo.pl\/x\/wp-content\/uploads\/2023\/12\/koleje-slaskie-3.jpg","width":1,"height":1,"type":"image\/jpeg"}],"twitter_card":"summary_large_image","twitter_misc":{"Szacowany czas czytania":"3 minuty"},"schema":{"@context":"https:\/\/schema.org","@graph":[{"@type":"WebPage","@id":"https:\/\/transinfo.pl\/x\/inforail\/pociagi-kolei-slaskich-coraz-punktualniejsze\/","url":"https:\/\/transinfo.pl\/x\/inforail\/pociagi-kolei-slaskich-coraz-punktualniejsze\/","name":"Poci\u0105gi Kolei \u015al\u0105skich coraz punktualniejsze - TransInfo Archiwum","isPartOf":{"@id":"https:\/\/transinfo.pl\/x\/#website"},"primaryImageOfPage":{"@id":"https:\/\/transinfo.pl\/x\/inforail\/pociagi-kolei-slaskich-coraz-punktualniejsze\/#primaryimage"},"image":{"@id":"https:\/\/transinfo.pl\/x\/inforail\/pociagi-kolei-slaskich-coraz-punktualniejsze\/#primaryimage"},"thumbnailUrl":"https:\/\/transinfo.pl\/x\/wp-content\/uploads\/2023\/12\/koleje-slaskie-3.jpg","datePublished":"2024-03-20T12:45:42+00:00","dateModified":"2024-03-20T12:45:42+00:00","description":"Punktualno\u015b\u0107 to jeden z atut\u00f3w Kolei \u015al\u0105skich. Regionalny przewo\u017anik w tym zakresie ma si\u0119 czym pochwali\u0107.","breadcrumb":{"@id":"https:\/\/transinfo.pl\/x\/inforail\/pociagi-kolei-slaskich-coraz-punktualniejsze\/#breadcrumb"},"inLanguage":"pl-PL","potentialAction":[{"@type":"ReadAction","target":["https:\/\/transinfo.pl\/x\/inforail\/pociagi-kolei-slaskich-coraz-punktualniejsze\/"]}]},{"@type":"ImageObject","inLanguage":"pl-PL","@id":"https:\/\/transinfo.pl\/x\/inforail\/pociagi-kolei-slaskich-coraz-punktualniejsze\/#primaryimage","url":"https:\/\/transinfo.pl\/x\/wp-content\/uploads\/2023\/12\/koleje-slaskie-3.jpg","contentUrl":"https:\/\/transinfo.pl\/x\/wp-content\/uploads\/2023\/12\/koleje-slaskie-3.jpg"},{"@type":"BreadcrumbList","@id":"https:\/\/transinfo.pl\/x\/inforail\/pociagi-kolei-slaskich-coraz-punktualniejsze\/#breadcrumb","itemListElement":[{"@type":"ListItem","position":1,"name":"Home","item":"https:\/\/transinfo.pl\/x\/"},{"@type":"ListItem","position":2,"name":"Inforail","item":"https:\/\/transinfo.pl\/x\/inforail\/"},{"@type":"ListItem","position":3,"name":"Poci\u0105gi Kolei \u015al\u0105skich coraz punktualniejsze"}]},{"@type":"WebSite","@id":"https:\/\/transinfo.pl\/x\/#website","url":"https:\/\/transinfo.pl\/x\/","name":"TransInfo Archiwum","description":"Ca\u0142y transport w jednym miejscu","publisher":{"@id":"https:\/\/transinfo.pl\/x\/#organization"},"potentialAction":[{"@type":"SearchAction","target":{"@type":"EntryPoint","urlTemplate":"https:\/\/transinfo.pl\/x\/?s={search_term_string}"},"query-input":{"@type":"PropertyValueSpecification","valueRequired":true,"valueName":"search_term_string"}}],"inLanguage":"pl-PL"},{"@type":"Organization","@id":"https:\/\/transinfo.pl\/x\/#organization","name":"TransInfo","url":"https:\/\/transinfo.pl\/x\/","logo":{"@type":"ImageObject","inLanguage":"pl-PL","@id":"https:\/\/transinfo.pl\/x\/#\/schema\/logo\/image\/","url":"https:\/\/transinfo.pl\/x\/wp-content\/uploads\/2024\/10\/favicon.png","contentUrl":"https:\/\/transinfo.pl\/x\/wp-content\/uploads\/2024\/10\/favicon.png","width":512,"height":512,"caption":"TransInfo"},"image":{"@id":"https:\/\/transinfo.pl\/x\/#\/schema\/logo\/image\/"}}]}},"_links":{"self":[{"href":"https:\/\/transinfo.pl\/x\/wp-json\/wp\/v2\/inforail\/266536","targetHints":{"allow":["GET"]}}],"collection":[{"href":"https:\/\/transinfo.pl\/x\/wp-json\/wp\/v2\/inforail"}],"about":[{"href":"https:\/\/transinfo.pl\/x\/wp-json\/wp\/v2\/types\/inforail"}],"author":[{"embeddable":true,"href":"https:\/\/transinfo.pl\/x\/wp-json\/wp\/v2\/users\/3"}],"replies":[{"embeddable":true,"href":"https:\/\/transinfo.pl\/x\/wp-json\/wp\/v2\/comments?post=266536"}],"wp:featuredmedia":[{"embeddable":true,"href":"https:\/\/transinfo.pl\/x\/wp-json\/wp\/v2\/media\/266537"}],"wp:attachment":[{"href":"https:\/\/transinfo.pl\/x\/wp-json\/wp\/v2\/media?parent=266536"}],"wp:term":[{"taxonomy":"category","embeddable":true,"href":"https:\/\/transinfo.pl\/x\/wp-json\/wp\/v2\/categories?post=266536"},{"taxonomy":"post_tag","embeddable":true,"href":"https:\/\/transinfo.pl\/x\/wp-json\/wp\/v2\/tags?post=266536"}],"curies":[{"name":"wp","href":"https:\/\/api.w.org\/{rel}","templated":true}]}}