{"id":266510,"date":"2024-03-20T08:45:00","date_gmt":"2024-03-20T08:45:00","guid":{"rendered":"https:\/\/transinfo.pl\/x\/inforail\/jaki-moze-byc-rozklad-pociagow-regiojet-na-trasie-krakow-warszawa-gdynia\/"},"modified":"2024-03-20T08:45:00","modified_gmt":"2024-03-20T08:45:00","slug":"jaki-moze-byc-rozklad-pociagow-regiojet-na-trasie-krakow-warszawa-gdynia","status":"publish","type":"inforail","link":"https:\/\/transinfo.pl\/x\/inforail\/jaki-moze-byc-rozklad-pociagow-regiojet-na-trasie-krakow-warszawa-gdynia\/","title":{"rendered":"Jaki mo\u017ce by\u0107 rozk\u0142ad poci\u0105g\u00f3w RegioJet na trasie Krak\u00f3w \u2013 Warszawa \u2013 Gdynia?"},"content":{"rendered":"<style>h1,h2,h3,h4,h5,h6{margin:0 0 1.25rem;font-family:Arial,sans-serif;font-weight:600;color:#050505}h1{font-size:1.875rem;line-height:1.1em;text-transform:none}@media(min-width: 768px){h1{font-size:2.375rem}}h2{font-size:1.1875rem;line-height:1.2em;text-transform:uppercase}@media(min-width: 768px){h2{font-size:1.0625rem}}h3{font-size:0.9375rem;line-height:1.4em;font-weight:900;margin-bottom:0.9375rem}h4{font-size:0.875rem;line-height:1.2em;font-weight:500}h5{font-size:0.9375rem;line-height:1.6;font-weight:400}h6{font-size:0.9375rem;line-height:1.6;font-weight:600}\n<\/style>\n<h3 class=\"wp-block-heading\" id=\"h-prezes-utk-przyznal-regiojet-a-s-ograniczony-dostep-dla-pasazerskich-przewozow-kolejowych-na-trasie-krajowej-w-relacji-krakow-glowny-gdynia-glowna-krakow-glowny\">Prezes UTK przyzna\u0142 RegioJet a.s. ograniczony dost\u0119p dla pasa\u017cerskich przewoz\u00f3w kolejowych na trasie krajowej w relacji Krak\u00f3w G\u0142\u00f3wny \u2013 Gdynia G\u0142\u00f3wna \u2013 Krak\u00f3w G\u0142\u00f3wny.<\/h3>\n\n\n<style>p{margin:0 0 1.5rem}p:last-child{margin:0}p.is-style-uppercase{text-transform:uppercase}p.is-style-preheading{color:#12406a;text-transform:uppercase}p.is-style-leadparagraph{font-size:1rem;line-height:1.625;font-weight:700}@media(min-width: 768px){p.is-style-leadparagraph{font-size:1.125rem;line-height:1.5555555556}}p.has-small-margin{margin-bottom:0.625rem}p.has-small-margin+h1,p.has-small-margin+h2,p.has-small-margin+h3{margin-top:1.875rem}\n<\/style>\n<p>Wiemy jaki mo\u017ce by\u0107 rozk\u0142ad jazdy poci\u0105g\u00f3w.<\/p>\n\n\n\n<h2 class=\"wp-block-heading\" id=\"h-jak-moga-jezdzic-pociagi\">Jak mog\u0105 je\u017adzi\u0107 poci\u0105gi?<\/h2>\n\n\n\n<p>Przewozy czeski przewo\u017anik mo\u017ce realizowa\u0107 liniami kolejowymi nr 1, 2, 4, 8, 9, 64, 202 i 570 w okresie od dnia dor\u0119czenia niniejszej decyzji do 9 grudnia 2028 r., tj. w rocznych rozk\u0142adach jazdy poci\u0105g\u00f3w: 2023\/2024, 2024\/2025, 2025\/2026, 2026\/2027 oraz 2027\/2028.<\/p>\n\n\n\n<p>Na wnioskowanej trasie RegioJet mo\u017ce uruchomi\u0107 codziennie:<\/p>\n\n\n\n<p>a) w ramach us\u0142ugi Krak\u00f3w G\u0142\u00f3wny \u2013 Gdynia G\u0142\u00f3wna \u2013 Krak\u00f3w G\u0142\u00f3wny 3 pary poci\u0105g\u00f3w na dob\u0119,<\/p>\n\n\n\n<p>b) w ramach us\u0142ugi Krak\u00f3w G\u0142\u00f3wny \u2013 Warszawa Wschodnia \u2013 Krak\u00f3w G\u0142\u00f3wny 1 par\u0119 poci\u0105g\u00f3w na dob\u0119.<\/p>\n\n\n\n<p>Po\u0142\u0105czenia stanowi\u0105 uzupe\u0142nienie oferty przewozowej zapewnianej na obszarze wojew\u00f3dztw: pomorskiego, warmi\u0144sko-mazurskiego, mazowieckiego, \u0142\u00f3dzkiego i ma\u0142opolskiego, organizowanej przez w\u0142a\u015bciwego organizatora publicznego transportu zbiorowego.<\/p>\n\n\n\n<p>Dopuszczalne jest zatrzymywanie si\u0119 poci\u0105g\u00f3w Przewo\u017anika na nast\u0119puj\u0105cych stacjach: Krak\u00f3w G\u0142\u00f3wny, Warszawa Zachodnia, Warszawa Centralna, Warszawa Wschodnia, I\u0142awa G\u0142\u00f3wna, Malbork, Tczew, Gda\u0144sk G\u0142\u00f3wny, Gda\u0144sk Wrzeszcz, Gda\u0144sk Oliwa, Sopot i Gdynia G\u0142\u00f3wna.<\/p>\n\n\n\n<p>Uruchamianie przez Przewo\u017anika nowych przewoz\u00f3w kolejowych nie powinno skutkowa\u0107 likwidacj\u0105 skomunikowa\u0144 poci\u0105g\u00f3w uruchamianych na podstawie umowy o \u015bwiadczenie us\u0142ug publicznych w transporcie kolejowym.<\/p>\n\n\n\n<p>Na trasie Krak\u00f3w G\u0142\u00f3wny \u2013 Gdynia G\u0142\u00f3wna \u2013 Krak\u00f3w G\u0142\u00f3wny, przebiegaj\u0105cej liniami kolejowymi oznaczonymi w sentencji niniejszej decyzji, przewo\u017anik b\u0119dzie realizowa\u0142 przewozy przy pomocy sk\u0142ad\u00f3w wagonowych z miejscami do siedzenia lub elektrycznych zespo\u0142\u00f3w trakcyjnych.<\/p>\n\n\n\n<p>Rozk\u0142ad jazdy:<\/p>\n\n\n\n<p><\/p>\n\n\n\n<figure class=\"wp-block-gallery has-nested-images columns-default is-cropped wp-block-gallery-1 is-layout-flex wp-block-gallery-is-layout-flex\"><style>.wp-block-image{margin:1.25rem 0;text-align:center}.wp-block-image figcaption{padding:0 0.9375rem;text-align:center}\n<\/style>\n<figure class=\"wp-block-image size-large\"><a href=\"https:\/\/transinfo.pl\/wp-content\/uploads\/2024\/03\/rj-RJ.jpg\"><img decoding=\"async\" data-id=\"468278\" src=\"https:\/\/transinfo.pl\/wp-content\/uploads\/2024\/03\/rj-RJ.jpg\" alt=\"Prezes UTK przyzna\u0142 RegioJet a.s. ograniczony dost\u0119p dla pasa\u017cerskich przewoz\u00f3w kolejowych na trasie krajowej w relacji Krak\u00f3w G\u0142\u00f3wny \u2013 Gdynia G\u0142\u00f3wna \u2013 Krak\u00f3w G\u0142\u00f3wny.\" class=\"wp-image-468278\" \/><\/a><figcaption class=\"wp-element-caption\">Rozk\u0142ad jazdy<\/figcaption><\/figure>\n\n\n\n<figure class=\"wp-block-image size-large\"><a href=\"https:\/\/transinfo.pl\/wp-content\/uploads\/2024\/03\/r-j-RJ.jpg\"><img decoding=\"async\" data-id=\"468276\" src=\"https:\/\/transinfo.pl\/wp-content\/uploads\/2024\/03\/r-j-RJ.jpg\" alt=\"Prezes UTK przyzna\u0142 RegioJet a.s. ograniczony dost\u0119p dla pasa\u017cerskich przewoz\u00f3w kolejowych na trasie krajowej w relacji Krak\u00f3w G\u0142\u00f3wny \u2013 Gdynia G\u0142\u00f3wna \u2013 Krak\u00f3w G\u0142\u00f3wny.\" class=\"wp-image-468276\" \/><\/a><figcaption class=\"wp-element-caption\">Rozk\u0142ad jazdy<\/figcaption><\/figure>\n<\/figure>\n","protected":false},"author":3,"featured_media":266511,"comment_status":"","ping_status":"closed","template":"","categories":[26],"tags":[225,58,123,3370,186,2632,84],"class_list":["post-266510","inforail","type-inforail","status-publish","has-post-thumbnail","hentry","category-przewoznicy","tag-gdynia","tag-krakow","tag-pasazer","tag-regiojet","tag-rozklad-jazdy","tag-utk","tag-warszawa"],"acf":[],"yoast_head":"<!-- This site is optimized with the Yoast SEO Premium plugin v21.8 (Yoast SEO v23.7) - https:\/\/yoast.com\/wordpress\/plugins\/seo\/ -->\n<title>Jaki mo\u017ce by\u0107 rozk\u0142ad poci\u0105g\u00f3w RegioJet na trasie Krak\u00f3w \u2013 Warszawa \u2013 Gdynia? - TransInfo Archiwum<\/title>\n<meta name=\"description\" content=\"Prezes UTK przyzna\u0142 RegioJet a.s. ograniczony dost\u0119p dla pasa\u017cerskich przewoz\u00f3w kolejowych na trasie Krak\u00f3w - Gdynia.\" \/>\n<meta name=\"robots\" content=\"index, follow, max-snippet:-1, max-image-preview:large, max-video-preview:-1\" \/>\n<link rel=\"canonical\" href=\"https:\/\/transinfo.pl\/x\/inforail\/jaki-moze-byc-rozklad-pociagow-regiojet-na-trasie-krakow-warszawa-gdynia\/\" \/>\n<meta property=\"og:locale\" content=\"pl_PL\" \/>\n<meta property=\"og:type\" content=\"article\" \/>\n<meta property=\"og:title\" content=\"Jaki mo\u017ce by\u0107 rozk\u0142ad poci\u0105g\u00f3w RegioJet na trasie Krak\u00f3w \u2013 Warszawa \u2013 Gdynia?\" \/>\n<meta property=\"og:description\" content=\"Prezes UTK przyzna\u0142 RegioJet a.s. ograniczony dost\u0119p dla pasa\u017cerskich przewoz\u00f3w kolejowych na trasie Krak\u00f3w - Gdynia.\" \/>\n<meta property=\"og:url\" content=\"https:\/\/transinfo.pl\/x\/inforail\/jaki-moze-byc-rozklad-pociagow-regiojet-na-trasie-krakow-warszawa-gdynia\/\" \/>\n<meta property=\"og:site_name\" content=\"TransInfo Archiwum\" \/>\n<meta property=\"og:image\" content=\"https:\/\/transinfo.pl\/x\/wp-content\/uploads\/2024\/03\/RegioJet-foto-scaled-7-851x550-2.jpg\" \/>\n\t<meta property=\"og:image:width\" content=\"1\" \/>\n\t<meta property=\"og:image:height\" content=\"1\" \/>\n\t<meta property=\"og:image:type\" content=\"image\/jpeg\" \/>\n<meta name=\"twitter:card\" content=\"summary_large_image\" \/>\n<meta name=\"twitter:label1\" content=\"Szacowany czas czytania\" \/>\n\t<meta name=\"twitter:data1\" content=\"1 minuta\" \/>\n<script type=\"application\/ld+json\" class=\"yoast-schema-graph\">{\"@context\":\"https:\/\/schema.org\",\"@graph\":[{\"@type\":\"WebPage\",\"@id\":\"https:\/\/transinfo.pl\/x\/inforail\/jaki-moze-byc-rozklad-pociagow-regiojet-na-trasie-krakow-warszawa-gdynia\/\",\"url\":\"https:\/\/transinfo.pl\/x\/inforail\/jaki-moze-byc-rozklad-pociagow-regiojet-na-trasie-krakow-warszawa-gdynia\/\",\"name\":\"Jaki mo\u017ce by\u0107 rozk\u0142ad poci\u0105g\u00f3w RegioJet na trasie Krak\u00f3w \u2013 Warszawa \u2013 Gdynia? - TransInfo Archiwum\",\"isPartOf\":{\"@id\":\"https:\/\/transinfo.pl\/x\/#website\"},\"primaryImageOfPage\":{\"@id\":\"https:\/\/transinfo.pl\/x\/inforail\/jaki-moze-byc-rozklad-pociagow-regiojet-na-trasie-krakow-warszawa-gdynia\/#primaryimage\"},\"image\":{\"@id\":\"https:\/\/transinfo.pl\/x\/inforail\/jaki-moze-byc-rozklad-pociagow-regiojet-na-trasie-krakow-warszawa-gdynia\/#primaryimage\"},\"thumbnailUrl\":\"https:\/\/transinfo.pl\/x\/wp-content\/uploads\/2024\/03\/RegioJet-foto-scaled-7-851x550-2.jpg\",\"datePublished\":\"2024-03-20T08:45:00+00:00\",\"dateModified\":\"2024-03-20T08:45:00+00:00\",\"description\":\"Prezes UTK przyzna\u0142 RegioJet a.s. ograniczony dost\u0119p dla pasa\u017cerskich przewoz\u00f3w kolejowych na trasie Krak\u00f3w - Gdynia.\",\"breadcrumb\":{\"@id\":\"https:\/\/transinfo.pl\/x\/inforail\/jaki-moze-byc-rozklad-pociagow-regiojet-na-trasie-krakow-warszawa-gdynia\/#breadcrumb\"},\"inLanguage\":\"pl-PL\",\"potentialAction\":[{\"@type\":\"ReadAction\",\"target\":[\"https:\/\/transinfo.pl\/x\/inforail\/jaki-moze-byc-rozklad-pociagow-regiojet-na-trasie-krakow-warszawa-gdynia\/\"]}]},{\"@type\":\"ImageObject\",\"inLanguage\":\"pl-PL\",\"@id\":\"https:\/\/transinfo.pl\/x\/inforail\/jaki-moze-byc-rozklad-pociagow-regiojet-na-trasie-krakow-warszawa-gdynia\/#primaryimage\",\"url\":\"https:\/\/transinfo.pl\/x\/wp-content\/uploads\/2024\/03\/RegioJet-foto-scaled-7-851x550-2.jpg\",\"contentUrl\":\"https:\/\/transinfo.pl\/x\/wp-content\/uploads\/2024\/03\/RegioJet-foto-scaled-7-851x550-2.jpg\"},{\"@type\":\"BreadcrumbList\",\"@id\":\"https:\/\/transinfo.pl\/x\/inforail\/jaki-moze-byc-rozklad-pociagow-regiojet-na-trasie-krakow-warszawa-gdynia\/#breadcrumb\",\"itemListElement\":[{\"@type\":\"ListItem\",\"position\":1,\"name\":\"Home\",\"item\":\"https:\/\/transinfo.pl\/x\/\"},{\"@type\":\"ListItem\",\"position\":2,\"name\":\"Inforail\",\"item\":\"https:\/\/transinfo.pl\/x\/inforail\/\"},{\"@type\":\"ListItem\",\"position\":3,\"name\":\"Jaki mo\u017ce by\u0107 rozk\u0142ad poci\u0105g\u00f3w RegioJet na trasie Krak\u00f3w \u2013 Warszawa \u2013 Gdynia?\"}]},{\"@type\":\"WebSite\",\"@id\":\"https:\/\/transinfo.pl\/x\/#website\",\"url\":\"https:\/\/transinfo.pl\/x\/\",\"name\":\"TransInfo Archiwum\",\"description\":\"Ca\u0142y transport w jednym miejscu\",\"publisher\":{\"@id\":\"https:\/\/transinfo.pl\/x\/#organization\"},\"potentialAction\":[{\"@type\":\"SearchAction\",\"target\":{\"@type\":\"EntryPoint\",\"urlTemplate\":\"https:\/\/transinfo.pl\/x\/?s={search_term_string}\"},\"query-input\":{\"@type\":\"PropertyValueSpecification\",\"valueRequired\":true,\"valueName\":\"search_term_string\"}}],\"inLanguage\":\"pl-PL\"},{\"@type\":\"Organization\",\"@id\":\"https:\/\/transinfo.pl\/x\/#organization\",\"name\":\"TransInfo\",\"url\":\"https:\/\/transinfo.pl\/x\/\",\"logo\":{\"@type\":\"ImageObject\",\"inLanguage\":\"pl-PL\",\"@id\":\"https:\/\/transinfo.pl\/x\/#\/schema\/logo\/image\/\",\"url\":\"https:\/\/transinfo.pl\/x\/wp-content\/uploads\/2024\/10\/favicon.png\",\"contentUrl\":\"https:\/\/transinfo.pl\/x\/wp-content\/uploads\/2024\/10\/favicon.png\",\"width\":512,\"height\":512,\"caption\":\"TransInfo\"},\"image\":{\"@id\":\"https:\/\/transinfo.pl\/x\/#\/schema\/logo\/image\/\"}}]}<\/script>\n<!-- \/ Yoast SEO Premium plugin. -->","yoast_head_json":{"title":"Jaki mo\u017ce by\u0107 rozk\u0142ad poci\u0105g\u00f3w RegioJet na trasie Krak\u00f3w \u2013 Warszawa \u2013 Gdynia? - TransInfo Archiwum","description":"Prezes UTK przyzna\u0142 RegioJet a.s. ograniczony dost\u0119p dla pasa\u017cerskich przewoz\u00f3w kolejowych na trasie Krak\u00f3w - Gdynia.","robots":{"index":"index","follow":"follow","max-snippet":"max-snippet:-1","max-image-preview":"max-image-preview:large","max-video-preview":"max-video-preview:-1"},"canonical":"https:\/\/transinfo.pl\/x\/inforail\/jaki-moze-byc-rozklad-pociagow-regiojet-na-trasie-krakow-warszawa-gdynia\/","og_locale":"pl_PL","og_type":"article","og_title":"Jaki mo\u017ce by\u0107 rozk\u0142ad poci\u0105g\u00f3w RegioJet na trasie Krak\u00f3w \u2013 Warszawa \u2013 Gdynia?","og_description":"Prezes UTK przyzna\u0142 RegioJet a.s. ograniczony dost\u0119p dla pasa\u017cerskich przewoz\u00f3w kolejowych na trasie Krak\u00f3w - Gdynia.","og_url":"https:\/\/transinfo.pl\/x\/inforail\/jaki-moze-byc-rozklad-pociagow-regiojet-na-trasie-krakow-warszawa-gdynia\/","og_site_name":"TransInfo Archiwum","og_image":[{"url":"https:\/\/transinfo.pl\/x\/wp-content\/uploads\/2024\/03\/RegioJet-foto-scaled-7-851x550-2.jpg","width":1,"height":1,"type":"image\/jpeg"}],"twitter_card":"summary_large_image","twitter_misc":{"Szacowany czas czytania":"1 minuta"},"schema":{"@context":"https:\/\/schema.org","@graph":[{"@type":"WebPage","@id":"https:\/\/transinfo.pl\/x\/inforail\/jaki-moze-byc-rozklad-pociagow-regiojet-na-trasie-krakow-warszawa-gdynia\/","url":"https:\/\/transinfo.pl\/x\/inforail\/jaki-moze-byc-rozklad-pociagow-regiojet-na-trasie-krakow-warszawa-gdynia\/","name":"Jaki mo\u017ce by\u0107 rozk\u0142ad poci\u0105g\u00f3w RegioJet na trasie Krak\u00f3w \u2013 Warszawa \u2013 Gdynia? - TransInfo Archiwum","isPartOf":{"@id":"https:\/\/transinfo.pl\/x\/#website"},"primaryImageOfPage":{"@id":"https:\/\/transinfo.pl\/x\/inforail\/jaki-moze-byc-rozklad-pociagow-regiojet-na-trasie-krakow-warszawa-gdynia\/#primaryimage"},"image":{"@id":"https:\/\/transinfo.pl\/x\/inforail\/jaki-moze-byc-rozklad-pociagow-regiojet-na-trasie-krakow-warszawa-gdynia\/#primaryimage"},"thumbnailUrl":"https:\/\/transinfo.pl\/x\/wp-content\/uploads\/2024\/03\/RegioJet-foto-scaled-7-851x550-2.jpg","datePublished":"2024-03-20T08:45:00+00:00","dateModified":"2024-03-20T08:45:00+00:00","description":"Prezes UTK przyzna\u0142 RegioJet a.s. ograniczony dost\u0119p dla pasa\u017cerskich przewoz\u00f3w kolejowych na trasie Krak\u00f3w - Gdynia.","breadcrumb":{"@id":"https:\/\/transinfo.pl\/x\/inforail\/jaki-moze-byc-rozklad-pociagow-regiojet-na-trasie-krakow-warszawa-gdynia\/#breadcrumb"},"inLanguage":"pl-PL","potentialAction":[{"@type":"ReadAction","target":["https:\/\/transinfo.pl\/x\/inforail\/jaki-moze-byc-rozklad-pociagow-regiojet-na-trasie-krakow-warszawa-gdynia\/"]}]},{"@type":"ImageObject","inLanguage":"pl-PL","@id":"https:\/\/transinfo.pl\/x\/inforail\/jaki-moze-byc-rozklad-pociagow-regiojet-na-trasie-krakow-warszawa-gdynia\/#primaryimage","url":"https:\/\/transinfo.pl\/x\/wp-content\/uploads\/2024\/03\/RegioJet-foto-scaled-7-851x550-2.jpg","contentUrl":"https:\/\/transinfo.pl\/x\/wp-content\/uploads\/2024\/03\/RegioJet-foto-scaled-7-851x550-2.jpg"},{"@type":"BreadcrumbList","@id":"https:\/\/transinfo.pl\/x\/inforail\/jaki-moze-byc-rozklad-pociagow-regiojet-na-trasie-krakow-warszawa-gdynia\/#breadcrumb","itemListElement":[{"@type":"ListItem","position":1,"name":"Home","item":"https:\/\/transinfo.pl\/x\/"},{"@type":"ListItem","position":2,"name":"Inforail","item":"https:\/\/transinfo.pl\/x\/inforail\/"},{"@type":"ListItem","position":3,"name":"Jaki mo\u017ce by\u0107 rozk\u0142ad poci\u0105g\u00f3w RegioJet na trasie Krak\u00f3w \u2013 Warszawa \u2013 Gdynia?"}]},{"@type":"WebSite","@id":"https:\/\/transinfo.pl\/x\/#website","url":"https:\/\/transinfo.pl\/x\/","name":"TransInfo Archiwum","description":"Ca\u0142y transport w jednym miejscu","publisher":{"@id":"https:\/\/transinfo.pl\/x\/#organization"},"potentialAction":[{"@type":"SearchAction","target":{"@type":"EntryPoint","urlTemplate":"https:\/\/transinfo.pl\/x\/?s={search_term_string}"},"query-input":{"@type":"PropertyValueSpecification","valueRequired":true,"valueName":"search_term_string"}}],"inLanguage":"pl-PL"},{"@type":"Organization","@id":"https:\/\/transinfo.pl\/x\/#organization","name":"TransInfo","url":"https:\/\/transinfo.pl\/x\/","logo":{"@type":"ImageObject","inLanguage":"pl-PL","@id":"https:\/\/transinfo.pl\/x\/#\/schema\/logo\/image\/","url":"https:\/\/transinfo.pl\/x\/wp-content\/uploads\/2024\/10\/favicon.png","contentUrl":"https:\/\/transinfo.pl\/x\/wp-content\/uploads\/2024\/10\/favicon.png","width":512,"height":512,"caption":"TransInfo"},"image":{"@id":"https:\/\/transinfo.pl\/x\/#\/schema\/logo\/image\/"}}]}},"_links":{"self":[{"href":"https:\/\/transinfo.pl\/x\/wp-json\/wp\/v2\/inforail\/266510","targetHints":{"allow":["GET"]}}],"collection":[{"href":"https:\/\/transinfo.pl\/x\/wp-json\/wp\/v2\/inforail"}],"about":[{"href":"https:\/\/transinfo.pl\/x\/wp-json\/wp\/v2\/types\/inforail"}],"author":[{"embeddable":true,"href":"https:\/\/transinfo.pl\/x\/wp-json\/wp\/v2\/users\/3"}],"replies":[{"embeddable":true,"href":"https:\/\/transinfo.pl\/x\/wp-json\/wp\/v2\/comments?post=266510"}],"wp:featuredmedia":[{"embeddable":true,"href":"https:\/\/transinfo.pl\/x\/wp-json\/wp\/v2\/media\/266511"}],"wp:attachment":[{"href":"https:\/\/transinfo.pl\/x\/wp-json\/wp\/v2\/media?parent=266510"}],"wp:term":[{"taxonomy":"category","embeddable":true,"href":"https:\/\/transinfo.pl\/x\/wp-json\/wp\/v2\/categories?post=266510"},{"taxonomy":"post_tag","embeddable":true,"href":"https:\/\/transinfo.pl\/x\/wp-json\/wp\/v2\/tags?post=266510"}],"curies":[{"name":"wp","href":"https:\/\/api.w.org\/{rel}","templated":true}]}}