{"id":266346,"date":"2024-03-15T15:45:00","date_gmt":"2024-03-15T15:45:00","guid":{"rendered":"https:\/\/transinfo.pl\/x\/inforail\/regiojet-uruchamia-nowe-polaczenie-miedzynarodowe\/"},"modified":"2024-03-15T15:45:00","modified_gmt":"2024-03-15T15:45:00","slug":"regiojet-uruchamia-nowe-polaczenie-miedzynarodowe","status":"publish","type":"inforail","link":"https:\/\/transinfo.pl\/x\/inforail\/regiojet-uruchamia-nowe-polaczenie-miedzynarodowe\/","title":{"rendered":"RegioJet uruchamia nowe po\u0142\u0105czenie mi\u0119dzynarodowe"},"content":{"rendered":"<style>h1,h2,h3,h4,h5,h6{margin:0 0 1.25rem;font-family:Arial,sans-serif;font-weight:600;color:#050505}h1{font-size:1.875rem;line-height:1.1em;text-transform:none}@media(min-width: 768px){h1{font-size:2.375rem}}h2{font-size:1.1875rem;line-height:1.2em;text-transform:uppercase}@media(min-width: 768px){h2{font-size:1.0625rem}}h3{font-size:0.9375rem;line-height:1.4em;font-weight:900;margin-bottom:0.9375rem}h4{font-size:0.875rem;line-height:1.2em;font-weight:500}h5{font-size:0.9375rem;line-height:1.6;font-weight:400}h6{font-size:0.9375rem;line-height:1.6;font-weight:600}\n<\/style>\n<h3 class=\"wp-block-heading\" id=\"h-regiojet-poinformowal-o-dalszym-rozwoju-swojej-dzialalnosci-miedzynarodowej-od-srody-27-marca-wprowadza-nowe-bezposrednie-polaczenie-pomiedzy-praga-a-ukrainskim-copem\">RegioJet poinformowa\u0142 o dalszym rozwoju swojej dzia\u0142alno\u015bci mi\u0119dzynarodowej. Od \u015brody, 27 marca, wprowadza nowe, bezpo\u015brednie po\u0142\u0105czenie pomi\u0119dzy Prag\u0105 a ukrai\u0144skim \u010copem.<\/h3>\n\n\n<style>p{margin:0 0 1.5rem}p:last-child{margin:0}p.is-style-uppercase{text-transform:uppercase}p.is-style-preheading{color:#12406a;text-transform:uppercase}p.is-style-leadparagraph{font-size:1rem;line-height:1.625;font-weight:700}@media(min-width: 768px){p.is-style-leadparagraph{font-size:1.125rem;line-height:1.5555555556}}p.has-small-margin{margin-bottom:0.625rem}p.has-small-margin+h1,p.has-small-margin+h2,p.has-small-margin+h3{margin-top:1.875rem}\n<\/style>\n<p>Sprzeda\u017c bilet\u00f3w ju\u017c si\u0119 rozpocz\u0119\u0142a.<\/p>\n\n\n\n<h2 class=\"wp-block-heading\" id=\"h-regiojet-z-nowym-polaczeniem\">RegioJet z nowym po\u0142\u0105czeniem<\/h2>\n\n\n\n<p>Nowe po\u0142\u0105czenie Praga-Koszyce-\u010cop b\u0119dzie, obok linii Praga-Przemy\u015bl, kolejn\u0105 alternatyw\u0105 podr\u00f3\u017cowania bez przesiadek komfortowym nocnym poci\u0105giem do granicy z Ukrain\u0105 z mo\u017cliwo\u015bci\u0105 przesiadki na ukrai\u0144skie linie kolejowe. Najwi\u0119ksz\u0105 zalet\u0105 tego po\u0142\u0105czenia jest \u0142atwo\u015b\u0107 przekraczania granicy S\u0142owacji i Ukrainy, kiedy nie trzeba, jak w przypadku autobus\u00f3w, sta\u0107 w kilkugodzinnych kolejkach na granicy, co oznacza nieprzewidywalne wyd\u0142u\u017cenie czasu podr\u00f3\u017cy. Dla pasa\u017cer\u00f3w oznacza to zasadnicze zwi\u0119kszenie komfortu podr\u00f3\u017cy, a jednocze\u015bnie bardzo szybkie i niezawodne po\u0142\u0105czenie. Jednocze\u015bnie jest to pierwsze w 100% komercyjne po\u0142\u0105czenie pomi\u0119dzy Uni\u0105 Europejsk\u0105 a Ukrain\u0105.<\/p>\n\n\n\n<p>Nowe po\u0142\u0105czenie zwi\u0119ksza dost\u0119p do ukrai\u0144skich kolei, otwieraj\u0105c przestrze\u0144 dla \u0142atwiejszego podr\u00f3\u017cowania pomi\u0119dzy Czechami, S\u0142owacj\u0105 i Ukrain\u0105. Jednocze\u015bnie zapewnia wi\u0119kszy komfort dzi\u0119ki poci\u0105gom sypialnym i szerokiemu zakresowi us\u0142ug wliczonych w cen\u0119 biletu. Bezp\u0142atnie pasa\u017cerowie otrzymuj\u0105 \u015bniadanie, kolacj\u0119 i inne us\u0142ugi, do kt\u00f3rych s\u0105 ju\u017c przyzwyczajeni w \u017c\u00f3\u0142tych poci\u0105gach, takie jak bezp\u0142atne Wi-Fi czy bezp\u0142atna kawa i woda w trakcie podr\u00f3\u017cy.<\/p>\n\n\n\n<p>RegioJet rozbuduje swoj\u0105 siatk\u0119 po\u0142\u0105cze\u0144, dodaj\u0105c bezpo\u015brednie poci\u0105gi do nocnych po\u0142\u0105cze\u0144 na istniej\u0105cej linii Praga \u2013 Koszyce, kt\u00f3ra b\u0119dzie przed\u0142u\u017cona z Koszyc do ukrai\u0144skiego miasta \u010cop, kt\u00f3re pe\u0142ni funkcj\u0119 w\u0119z\u0142a przesiadkowego podczas podr\u00f3\u017cy na Ukrain\u0119. Pierwszy poci\u0105g pojedzie na trasie Praga (21:38) \u2013 Koszyce (6:38) \u2013 \u010cop (9:35 naszego czasu, czyli 10:35 czasu ukrai\u0144skiego) w \u015brod\u0119 27 marca 2024 roku. W kierunku przeciwnym z \u010cop (17:35 czasu ukrai\u0144skiego, czyli 16:35 naszego czasu) przez Koszyce (20:14) do Pragi (5:57) pierwszy poci\u0105g odjedzie w czwartek 28 marca 2024. Poci\u0105g b\u0119dzie kursowa\u0142 codziennie.<\/p>\n\n\n<style>.wp-block-quote{border-left:0.1875rem solid var(--page-color);font-size:1rem;font-style:italic;margin:0 0 1.6875rem;padding:1.25rem}.wp-block-quote cite{color:#050505}.wp-block-quote.is-style-large p{margin-bottom:10px}.wp-block-quote.is-style-large cite{color:#12406a}\n<\/style>\n<blockquote class=\"wp-block-quote is-layout-flow wp-block-quote-is-layout-flow\">\n<p>\u201eJeste\u015bmy bardzo zadowoleni, \u017ce mo\u017cemy zaoferowa\u0107 klientom kolejn\u0105 alternatyw\u0119 podczas podr\u00f3\u017cy na Ukrain\u0119, a konkretnie na Zakarpacie. Opr\u00f3cz istniej\u0105cego nocnego poci\u0105gu Praga \u2013 Przemy\u015bl, to codzienne po\u0142\u0105czenie oznacza kolejn\u0105 mo\u017cliwo\u015b\u0107 bezpo\u015bredniego i komfortowego podr\u00f3\u017cowania na Ukrain\u0119 w wagonach sypialnych, kt\u00f3re zapewniaj\u0105 niepor\u00f3wnywalny komfort w por\u00f3wnaniu do poci\u0105g\u00f3w osobowych czy autobus\u00f3w\u201d \u2013 m\u00f3wi Jakub Svoboda, dyrektor wykonawczy ds. transportu kolejowego RegioJet.<\/p>\n<\/blockquote>\n\n\n\n<p>Ceny bilet\u00f3w wahaj\u0105 si\u0119 od 459 CZK (18,9 euro) za miejsce siedz\u0105ce lub od 740 CZK (30,9 euro) za \u0142\u00f3\u017cko, a cena obejmuje szeroki zakres us\u0142ug na pok\u0142adzie, o kt\u00f3rych wspomniano powy\u017cej.<\/p>\n\n\n\n<p>W 2023 roku RegioJet przewi\u00f3z\u0142 ponad 230 000 pasa\u017cer\u00f3w mi\u0119dzy Ukrain\u0105 a Uni\u0105 Europejsk\u0105 na trasie Praga-Przemy\u015bl. Sukces ten potwierdza, \u017ce \u200b\u200bpopyt na transport mi\u0119dzy Ukrain\u0105 a UE nale\u017cy do najszybciej rosn\u0105cych, a liczba pasa\u017cer\u00f3w wzros\u0142a o 60% w por\u00f3wnaniu z 2022 r. Zainteresowanie poci\u0105gami RegioJet na Ukrain\u0119 by\u0142o du\u017ce, a \u015brednie ob\u0142o\u017cenie us\u0142ug osi\u0105gn\u0119\u0142o 85%.<\/p>\n\n\n\n<p><\/p>\n\n\n<style>.wp-block-image{margin:1.25rem 0;text-align:center}.wp-block-image figcaption{padding:0 0.9375rem;text-align:center}\n<\/style>\n<figure class=\"wp-block-image size-full\"><a href=\"https:\/\/transinfo.pl\/wp-content\/uploads\/2024\/03\/rj-5-851x550-1.jpg\"><img decoding=\"async\" src=\"https:\/\/transinfo.pl\/wp-content\/uploads\/2024\/03\/rj-5-851x550-1.jpg\" alt=\"RegioJet poinformowa\u0142 o dalszym rozwoju swojej dzia\u0142alno\u015bci mi\u0119dzynarodowej. Od \u015brody, 27 marca, wprowadza nowe, bezpo\u015brednie po\u0142\u0105czenie pomi\u0119dzy Prag\u0105 a ukrai\u0144skim \u010copem.\" class=\"wp-image-467769\" \/><\/a><figcaption class=\"wp-element-caption\">Rusza nowe po\u0142\u0105czenie RegioJet<\/figcaption><\/figure>\n\n\n\n<p><\/p>\n\n\n\n<h2 class=\"wp-block-heading\" id=\"h-najwieksza-pomoc-humanitarna-w-europie\">Najwi\u0119ksza pomoc humanitarna w Europie<\/h2>\n\n\n\n<p>RegioJet w odpowiedzi na apel burmistrza Kijowa Witalija Kliczki uruchomi\u0142 poci\u0105gi na Ukrain\u0119 1 marca 2022 roku, zaledwie pi\u0119\u0107 dni po wybuchu wojny, w ramach zakrojonej na szerok\u0105 skal\u0119 operacji humanitarnej. We wsp\u00f3\u0142pracy z organizacj\u0105 Ludzie w Potrzebie zacz\u0105\u0142 bezp\u0142atnie wywozi\u0107 do Czech obywateli Ukrainy, zw\u0142aszcza matki z dzie\u0107mi, a tak\u017ce wozi\u0107 na Ukrain\u0119 pomoc humanitarn\u0105. Nast\u0119pnie rozszerzy\u0142 swoje us\u0142ugi o poci\u0105gi nocne \u0142\u0105cz\u0105ce Czechy przez Polsk\u0105 ze Lwowem i Kijowem we wsp\u00f3\u0142pracy z Kolejami Ukrai\u0144skimi, aby zaspokoi\u0107 potrzeby powracaj\u0105cych do domu ukrai\u0144skich rodzin.<\/p>\n\n\n\n<p>W maju 2023 r. RegioJet jeszcze bardziej rozszerzy\u0142 swoj\u0105 ofert\u0119 kierunk\u00f3w na Ukrainie, dodaj\u0105c do niej g\u0142\u00f3wne miasta, takie jak Dniepr, Zaporo\u017ce, Po\u0142tawa i Chark\u00f3w, obejmuj\u0105ce swoim zasi\u0119giem a\u017c po\u0142ow\u0119 kraju. Wprowadzaj\u0105c po\u0142\u0105czenie Praga-Przemy\u015bl, RegioJet przeni\u00f3s\u0142 cz\u0119\u015b\u0107 pasa\u017cer\u00f3w z autobus\u00f3w i samochod\u00f3w na bardziej przyjazn\u0105 dla \u015brodowiska kolej, oferuj\u0105c szybsz\u0105 podr\u00f3\u017c i znacznie wy\u017cszy komfort w wagonach sypialnych za cen\u0119 oko\u0142o po\u0142owy ceny bilet\u00f3w autobusowych. Dzi\u0119ki temu posuni\u0119ciu poci\u0105gi RegioJet sta\u0142y si\u0119 wiod\u0105cym dostawc\u0105 pomocy humanitarnej w Europie i znacz\u0105cym graczem w poprawie dost\u0119pno\u015bci i komfortu podr\u00f3\u017cy mi\u0119dzy Czechami a Ukrain\u0105 \u2013 poda\u0142 przewo\u017anik w komunikacie.<\/p>\n","protected":false},"author":3,"featured_media":230794,"comment_status":"","ping_status":"closed","template":"","categories":[26],"tags":[506,61,123,66,930,3370,211],"class_list":["post-266346","inforail","type-inforail","status-publish","has-post-thumbnail","hentry","category-przewoznicy","tag-czechy","tag-kolej","tag-pasazer","tag-pociag","tag-praga","tag-regiojet","tag-ukraina"],"acf":[],"yoast_head":"<!-- This site is optimized with the Yoast SEO Premium plugin v21.8 (Yoast SEO v23.7) - https:\/\/yoast.com\/wordpress\/plugins\/seo\/ -->\n<title>RegioJet uruchamia nowe po\u0142\u0105czenie mi\u0119dzynarodowe - TransInfo Archiwum<\/title>\n<meta name=\"description\" content=\"RegioJet poinformowa\u0142 o dalszym rozwoju swojej dzia\u0142alno\u015bci mi\u0119dzynarodowej. Od \u015brody, 27 marca, wprowadza nowe po\u0142\u0105czenie.\" \/>\n<meta name=\"robots\" content=\"index, follow, max-snippet:-1, max-image-preview:large, max-video-preview:-1\" \/>\n<link rel=\"canonical\" href=\"https:\/\/transinfo.pl\/x\/inforail\/regiojet-uruchamia-nowe-polaczenie-miedzynarodowe\/\" \/>\n<meta property=\"og:locale\" content=\"pl_PL\" \/>\n<meta property=\"og:type\" content=\"article\" \/>\n<meta property=\"og:title\" content=\"RegioJet uruchamia nowe po\u0142\u0105czenie mi\u0119dzynarodowe\" \/>\n<meta property=\"og:description\" content=\"RegioJet poinformowa\u0142 o dalszym rozwoju swojej dzia\u0142alno\u015bci mi\u0119dzynarodowej. Od \u015brody, 27 marca, wprowadza nowe po\u0142\u0105czenie.\" \/>\n<meta property=\"og:url\" content=\"https:\/\/transinfo.pl\/x\/inforail\/regiojet-uruchamia-nowe-polaczenie-miedzynarodowe\/\" \/>\n<meta property=\"og:site_name\" content=\"TransInfo Archiwum\" \/>\n<meta property=\"og:image\" content=\"https:\/\/transinfo.pl\/x\/wp-content\/uploads\/2022\/01\/Regiojet.jpg\" \/>\n\t<meta property=\"og:image:width\" content=\"1\" \/>\n\t<meta property=\"og:image:height\" content=\"1\" \/>\n\t<meta property=\"og:image:type\" content=\"image\/jpeg\" \/>\n<meta name=\"twitter:card\" content=\"summary_large_image\" \/>\n<meta name=\"twitter:label1\" content=\"Szacowany czas czytania\" \/>\n\t<meta name=\"twitter:data1\" content=\"4 minuty\" \/>\n<script type=\"application\/ld+json\" class=\"yoast-schema-graph\">{\"@context\":\"https:\/\/schema.org\",\"@graph\":[{\"@type\":\"WebPage\",\"@id\":\"https:\/\/transinfo.pl\/x\/inforail\/regiojet-uruchamia-nowe-polaczenie-miedzynarodowe\/\",\"url\":\"https:\/\/transinfo.pl\/x\/inforail\/regiojet-uruchamia-nowe-polaczenie-miedzynarodowe\/\",\"name\":\"RegioJet uruchamia nowe po\u0142\u0105czenie mi\u0119dzynarodowe - TransInfo Archiwum\",\"isPartOf\":{\"@id\":\"https:\/\/transinfo.pl\/x\/#website\"},\"primaryImageOfPage\":{\"@id\":\"https:\/\/transinfo.pl\/x\/inforail\/regiojet-uruchamia-nowe-polaczenie-miedzynarodowe\/#primaryimage\"},\"image\":{\"@id\":\"https:\/\/transinfo.pl\/x\/inforail\/regiojet-uruchamia-nowe-polaczenie-miedzynarodowe\/#primaryimage\"},\"thumbnailUrl\":\"https:\/\/transinfo.pl\/x\/wp-content\/uploads\/2022\/01\/Regiojet.jpg\",\"datePublished\":\"2024-03-15T15:45:00+00:00\",\"dateModified\":\"2024-03-15T15:45:00+00:00\",\"description\":\"RegioJet poinformowa\u0142 o dalszym rozwoju swojej dzia\u0142alno\u015bci mi\u0119dzynarodowej. Od \u015brody, 27 marca, wprowadza nowe po\u0142\u0105czenie.\",\"breadcrumb\":{\"@id\":\"https:\/\/transinfo.pl\/x\/inforail\/regiojet-uruchamia-nowe-polaczenie-miedzynarodowe\/#breadcrumb\"},\"inLanguage\":\"pl-PL\",\"potentialAction\":[{\"@type\":\"ReadAction\",\"target\":[\"https:\/\/transinfo.pl\/x\/inforail\/regiojet-uruchamia-nowe-polaczenie-miedzynarodowe\/\"]}]},{\"@type\":\"ImageObject\",\"inLanguage\":\"pl-PL\",\"@id\":\"https:\/\/transinfo.pl\/x\/inforail\/regiojet-uruchamia-nowe-polaczenie-miedzynarodowe\/#primaryimage\",\"url\":\"https:\/\/transinfo.pl\/x\/wp-content\/uploads\/2022\/01\/Regiojet.jpg\",\"contentUrl\":\"https:\/\/transinfo.pl\/x\/wp-content\/uploads\/2022\/01\/Regiojet.jpg\"},{\"@type\":\"BreadcrumbList\",\"@id\":\"https:\/\/transinfo.pl\/x\/inforail\/regiojet-uruchamia-nowe-polaczenie-miedzynarodowe\/#breadcrumb\",\"itemListElement\":[{\"@type\":\"ListItem\",\"position\":1,\"name\":\"Home\",\"item\":\"https:\/\/transinfo.pl\/x\/\"},{\"@type\":\"ListItem\",\"position\":2,\"name\":\"Inforail\",\"item\":\"https:\/\/transinfo.pl\/x\/inforail\/\"},{\"@type\":\"ListItem\",\"position\":3,\"name\":\"RegioJet uruchamia nowe po\u0142\u0105czenie mi\u0119dzynarodowe\"}]},{\"@type\":\"WebSite\",\"@id\":\"https:\/\/transinfo.pl\/x\/#website\",\"url\":\"https:\/\/transinfo.pl\/x\/\",\"name\":\"TransInfo Archiwum\",\"description\":\"Ca\u0142y transport w jednym miejscu\",\"publisher\":{\"@id\":\"https:\/\/transinfo.pl\/x\/#organization\"},\"potentialAction\":[{\"@type\":\"SearchAction\",\"target\":{\"@type\":\"EntryPoint\",\"urlTemplate\":\"https:\/\/transinfo.pl\/x\/?s={search_term_string}\"},\"query-input\":{\"@type\":\"PropertyValueSpecification\",\"valueRequired\":true,\"valueName\":\"search_term_string\"}}],\"inLanguage\":\"pl-PL\"},{\"@type\":\"Organization\",\"@id\":\"https:\/\/transinfo.pl\/x\/#organization\",\"name\":\"TransInfo\",\"url\":\"https:\/\/transinfo.pl\/x\/\",\"logo\":{\"@type\":\"ImageObject\",\"inLanguage\":\"pl-PL\",\"@id\":\"https:\/\/transinfo.pl\/x\/#\/schema\/logo\/image\/\",\"url\":\"https:\/\/transinfo.pl\/x\/wp-content\/uploads\/2024\/10\/favicon.png\",\"contentUrl\":\"https:\/\/transinfo.pl\/x\/wp-content\/uploads\/2024\/10\/favicon.png\",\"width\":512,\"height\":512,\"caption\":\"TransInfo\"},\"image\":{\"@id\":\"https:\/\/transinfo.pl\/x\/#\/schema\/logo\/image\/\"}}]}<\/script>\n<!-- \/ Yoast SEO Premium plugin. -->","yoast_head_json":{"title":"RegioJet uruchamia nowe po\u0142\u0105czenie mi\u0119dzynarodowe - TransInfo Archiwum","description":"RegioJet poinformowa\u0142 o dalszym rozwoju swojej dzia\u0142alno\u015bci mi\u0119dzynarodowej. Od \u015brody, 27 marca, wprowadza nowe po\u0142\u0105czenie.","robots":{"index":"index","follow":"follow","max-snippet":"max-snippet:-1","max-image-preview":"max-image-preview:large","max-video-preview":"max-video-preview:-1"},"canonical":"https:\/\/transinfo.pl\/x\/inforail\/regiojet-uruchamia-nowe-polaczenie-miedzynarodowe\/","og_locale":"pl_PL","og_type":"article","og_title":"RegioJet uruchamia nowe po\u0142\u0105czenie mi\u0119dzynarodowe","og_description":"RegioJet poinformowa\u0142 o dalszym rozwoju swojej dzia\u0142alno\u015bci mi\u0119dzynarodowej. Od \u015brody, 27 marca, wprowadza nowe po\u0142\u0105czenie.","og_url":"https:\/\/transinfo.pl\/x\/inforail\/regiojet-uruchamia-nowe-polaczenie-miedzynarodowe\/","og_site_name":"TransInfo Archiwum","og_image":[{"url":"https:\/\/transinfo.pl\/x\/wp-content\/uploads\/2022\/01\/Regiojet.jpg","width":1,"height":1,"type":"image\/jpeg"}],"twitter_card":"summary_large_image","twitter_misc":{"Szacowany czas czytania":"4 minuty"},"schema":{"@context":"https:\/\/schema.org","@graph":[{"@type":"WebPage","@id":"https:\/\/transinfo.pl\/x\/inforail\/regiojet-uruchamia-nowe-polaczenie-miedzynarodowe\/","url":"https:\/\/transinfo.pl\/x\/inforail\/regiojet-uruchamia-nowe-polaczenie-miedzynarodowe\/","name":"RegioJet uruchamia nowe po\u0142\u0105czenie mi\u0119dzynarodowe - TransInfo Archiwum","isPartOf":{"@id":"https:\/\/transinfo.pl\/x\/#website"},"primaryImageOfPage":{"@id":"https:\/\/transinfo.pl\/x\/inforail\/regiojet-uruchamia-nowe-polaczenie-miedzynarodowe\/#primaryimage"},"image":{"@id":"https:\/\/transinfo.pl\/x\/inforail\/regiojet-uruchamia-nowe-polaczenie-miedzynarodowe\/#primaryimage"},"thumbnailUrl":"https:\/\/transinfo.pl\/x\/wp-content\/uploads\/2022\/01\/Regiojet.jpg","datePublished":"2024-03-15T15:45:00+00:00","dateModified":"2024-03-15T15:45:00+00:00","description":"RegioJet poinformowa\u0142 o dalszym rozwoju swojej dzia\u0142alno\u015bci mi\u0119dzynarodowej. Od \u015brody, 27 marca, wprowadza nowe po\u0142\u0105czenie.","breadcrumb":{"@id":"https:\/\/transinfo.pl\/x\/inforail\/regiojet-uruchamia-nowe-polaczenie-miedzynarodowe\/#breadcrumb"},"inLanguage":"pl-PL","potentialAction":[{"@type":"ReadAction","target":["https:\/\/transinfo.pl\/x\/inforail\/regiojet-uruchamia-nowe-polaczenie-miedzynarodowe\/"]}]},{"@type":"ImageObject","inLanguage":"pl-PL","@id":"https:\/\/transinfo.pl\/x\/inforail\/regiojet-uruchamia-nowe-polaczenie-miedzynarodowe\/#primaryimage","url":"https:\/\/transinfo.pl\/x\/wp-content\/uploads\/2022\/01\/Regiojet.jpg","contentUrl":"https:\/\/transinfo.pl\/x\/wp-content\/uploads\/2022\/01\/Regiojet.jpg"},{"@type":"BreadcrumbList","@id":"https:\/\/transinfo.pl\/x\/inforail\/regiojet-uruchamia-nowe-polaczenie-miedzynarodowe\/#breadcrumb","itemListElement":[{"@type":"ListItem","position":1,"name":"Home","item":"https:\/\/transinfo.pl\/x\/"},{"@type":"ListItem","position":2,"name":"Inforail","item":"https:\/\/transinfo.pl\/x\/inforail\/"},{"@type":"ListItem","position":3,"name":"RegioJet uruchamia nowe po\u0142\u0105czenie mi\u0119dzynarodowe"}]},{"@type":"WebSite","@id":"https:\/\/transinfo.pl\/x\/#website","url":"https:\/\/transinfo.pl\/x\/","name":"TransInfo Archiwum","description":"Ca\u0142y transport w jednym miejscu","publisher":{"@id":"https:\/\/transinfo.pl\/x\/#organization"},"potentialAction":[{"@type":"SearchAction","target":{"@type":"EntryPoint","urlTemplate":"https:\/\/transinfo.pl\/x\/?s={search_term_string}"},"query-input":{"@type":"PropertyValueSpecification","valueRequired":true,"valueName":"search_term_string"}}],"inLanguage":"pl-PL"},{"@type":"Organization","@id":"https:\/\/transinfo.pl\/x\/#organization","name":"TransInfo","url":"https:\/\/transinfo.pl\/x\/","logo":{"@type":"ImageObject","inLanguage":"pl-PL","@id":"https:\/\/transinfo.pl\/x\/#\/schema\/logo\/image\/","url":"https:\/\/transinfo.pl\/x\/wp-content\/uploads\/2024\/10\/favicon.png","contentUrl":"https:\/\/transinfo.pl\/x\/wp-content\/uploads\/2024\/10\/favicon.png","width":512,"height":512,"caption":"TransInfo"},"image":{"@id":"https:\/\/transinfo.pl\/x\/#\/schema\/logo\/image\/"}}]}},"_links":{"self":[{"href":"https:\/\/transinfo.pl\/x\/wp-json\/wp\/v2\/inforail\/266346","targetHints":{"allow":["GET"]}}],"collection":[{"href":"https:\/\/transinfo.pl\/x\/wp-json\/wp\/v2\/inforail"}],"about":[{"href":"https:\/\/transinfo.pl\/x\/wp-json\/wp\/v2\/types\/inforail"}],"author":[{"embeddable":true,"href":"https:\/\/transinfo.pl\/x\/wp-json\/wp\/v2\/users\/3"}],"replies":[{"embeddable":true,"href":"https:\/\/transinfo.pl\/x\/wp-json\/wp\/v2\/comments?post=266346"}],"wp:featuredmedia":[{"embeddable":true,"href":"https:\/\/transinfo.pl\/x\/wp-json\/wp\/v2\/media\/230794"}],"wp:attachment":[{"href":"https:\/\/transinfo.pl\/x\/wp-json\/wp\/v2\/media?parent=266346"}],"wp:term":[{"taxonomy":"category","embeddable":true,"href":"https:\/\/transinfo.pl\/x\/wp-json\/wp\/v2\/categories?post=266346"},{"taxonomy":"post_tag","embeddable":true,"href":"https:\/\/transinfo.pl\/x\/wp-json\/wp\/v2\/tags?post=266346"}],"curies":[{"name":"wp","href":"https:\/\/api.w.org\/{rel}","templated":true}]}}