{"id":266282,"date":"2024-03-14T12:45:00","date_gmt":"2024-03-14T12:45:00","guid":{"rendered":"https:\/\/transinfo.pl\/x\/inforail\/koleje-dolnoslaskie-nie-kupia-nowych-pociagow\/"},"modified":"2024-03-14T12:45:00","modified_gmt":"2024-03-14T12:45:00","slug":"koleje-dolnoslaskie-nie-kupia-nowych-pociagow","status":"publish","type":"inforail","link":"https:\/\/transinfo.pl\/x\/inforail\/koleje-dolnoslaskie-nie-kupia-nowych-pociagow\/","title":{"rendered":"Koleje Dolno\u015bl\u0105skie nie kupi\u0105 nowych poci\u0105g\u00f3w"},"content":{"rendered":"<style>h1,h2,h3,h4,h5,h6{margin:0 0 1.25rem;font-family:Arial,sans-serif;font-weight:600;color:#050505}h1{font-size:1.875rem;line-height:1.1em;text-transform:none}@media(min-width: 768px){h1{font-size:2.375rem}}h2{font-size:1.1875rem;line-height:1.2em;text-transform:uppercase}@media(min-width: 768px){h2{font-size:1.0625rem}}h3{font-size:0.9375rem;line-height:1.4em;font-weight:900;margin-bottom:0.9375rem}h4{font-size:0.875rem;line-height:1.2em;font-weight:500}h5{font-size:0.9375rem;line-height:1.6;font-weight:400}h6{font-size:0.9375rem;line-height:1.6;font-weight:600}\n<\/style>\n<h3 class=\"wp-block-heading\" id=\"h-obtrabiony-sukces-kolei-dolnoslaskich-w-konkursie-cupt-w-ramach-kpo-wcale-nie-oznacza-zakupu-nowych-pociagow\">Obtr\u0105biony sukces Kolei Dolno\u015bl\u0105skich w konkursie CUPT w ramach KPO wcale nie oznacza zakupu nowych poci\u0105g\u00f3w.<\/h3>\n\n\n<style>p{margin:0 0 1.5rem}p:last-child{margin:0}p.is-style-uppercase{text-transform:uppercase}p.is-style-preheading{color:#12406a;text-transform:uppercase}p.is-style-leadparagraph{font-size:1rem;line-height:1.625;font-weight:700}@media(min-width: 768px){p.is-style-leadparagraph{font-size:1.125rem;line-height:1.5555555556}}p.has-small-margin{margin-bottom:0.625rem}p.has-small-margin+h1,p.has-small-margin+h2,p.has-small-margin+h3{margin-top:1.875rem}\n<\/style>\n<p>Przewo\u017anik \u015brodki unijne przeznaczy na sp\u0142at\u0119 kredytu zaci\u0105gni\u0119tego na zakup Elf\u00f3w2 od PESY.<\/p>\n\n\n\n<h2 class=\"wp-block-heading\" id=\"h-dwa-projekty\">Dwa projekty<\/h2>\n\n\n\n<p>Faktem jest, \u017ce dwa projekty Kolei Dolno\u015bl\u0105skich dostan\u0105 pe\u0142ne dofinansowanie na \u0142\u0105czn\u0105 kwot\u0119 333,7 miliona z\u0142otych.<\/p>\n\n\n<style>.wp-block-quote{border-left:0.1875rem solid var(--page-color);font-size:1rem;font-style:italic;margin:0 0 1.6875rem;padding:1.25rem}.wp-block-quote cite{color:#050505}.wp-block-quote.is-style-large p{margin-bottom:10px}.wp-block-quote.is-style-large cite{color:#12406a}\n<\/style>\n<blockquote class=\"wp-block-quote is-layout-flow wp-block-quote-is-layout-flow\">\n<p>\u2013 Zdecydowali\u015bmy si\u0119 na zakup pe\u0142nej puli z zam\u00f3wienia, czyli 25 sztuk Elf\u00f3w 2. Dofinansowanie unijne uzyskali\u015bmy na pi\u0119\u0107 z nich, na pozosta\u0142e dostali\u015bmy preferencyjny kredyt z PKO Bank Polski, kt\u00f3ry zamierzali\u015bmy sp\u0142aca\u0107 ze \u015brodk\u00f3w w\u0142asnych. Teraz otrzymali\u015bmy kapitaln\u0105 informacj\u0119: wszystkie 25 nowych Elf\u00f3w 2, kt\u00f3re wo\u017c\u0105 miliony pasa\u017cer\u00f3w miesi\u0119cznie, b\u0119dzie wsp\u00f3\u0142finansowane ze \u015brodk\u00f3w Unii Europejskiej \u2013 m\u00f3wi Damian Stawikowski, prezes Kolei Dolno\u015bl\u0105skich, cytowany w komunikacie na stronie internetowej przewo\u017anika. \u00a0<\/p>\n<\/blockquote>\n\n\n\n<p><\/p>\n\n\n<style>.wp-block-image{margin:1.25rem 0;text-align:center}.wp-block-image figcaption{padding:0 0.9375rem;text-align:center}\n<\/style>\n<figure class=\"wp-block-image size-full\"><a href=\"https:\/\/transinfo.pl\/wp-content\/uploads\/2024\/03\/KD_pociag_ELF2_pesa-851x550-1.jpg\"><img decoding=\"async\" src=\"https:\/\/transinfo.pl\/wp-content\/uploads\/2024\/03\/KD_pociag_ELF2_pesa-851x550-1.jpg\" alt=\"Obtr\u0105biony sukces Kolei Dolno\u015bl\u0105skich w konkursie CUPT w ramach KPO wcale nie oznacza zakupu nowych poci\u0105g\u00f3w.\" class=\"wp-image-467582\" \/><\/a><figcaption class=\"wp-element-caption\">Elf2 Kolei Dolno\u015bl\u0105skich<\/figcaption><\/figure>\n\n\n\n<p><\/p>\n\n\n\n<p>Obecnie po torach Dolnego \u015al\u0105ska kursuje ju\u017c 21 z 25 nowoczesnych pojazd\u00f3w Elf 2. Dofinansowanie obejmuje 20 z nich. Kontrakt na dostaw\u0119 ezt-\u00f3w zosta\u0142 podpisany z PES\u0104 w 2022 roku.<\/p>\n\n\n\n<p>Ca\u0142a lista projekt\u00f3w obj\u0119tych dofinansowaniem w ramach KPO znajduje si\u0119 <a href=\"https:\/\/transinfo.pl\/inforail\/wiemy-kto-dostanie-unijna-kase-na-tabor-kolejowy-z-kpo-polregio-na-czele-stawki\/\">tutaj<\/a>. \u00a0<\/p>\n","protected":false},"author":3,"featured_media":266283,"comment_status":"","ping_status":"closed","template":"","categories":[26],"tags":[390,61,1003,1393,66,909],"class_list":["post-266282","inforail","type-inforail","status-publish","has-post-thumbnail","hentry","category-przewoznicy","tag-cupt","tag-kolej","tag-koleje-dolnoslaskie","tag-kpo","tag-pociag","tag-tabor"],"acf":[],"yoast_head":"<!-- This site is optimized with the Yoast SEO Premium plugin v21.8 (Yoast SEO v23.7) - https:\/\/yoast.com\/wordpress\/plugins\/seo\/ -->\n<title>Koleje Dolno\u015bl\u0105skie nie kupi\u0105 nowych poci\u0105g\u00f3w - TransInfo Archiwum<\/title>\n<meta name=\"description\" content=\"Obtr\u0105biony sukces Kolei Dolno\u015bl\u0105skich w konkursie CUPT w ramach KPO wcale nie oznacza zakupu nowych poci\u0105g\u00f3w.\" \/>\n<meta name=\"robots\" content=\"index, follow, max-snippet:-1, max-image-preview:large, max-video-preview:-1\" \/>\n<link rel=\"canonical\" href=\"https:\/\/transinfo.pl\/x\/inforail\/koleje-dolnoslaskie-nie-kupia-nowych-pociagow\/\" \/>\n<meta property=\"og:locale\" content=\"pl_PL\" \/>\n<meta property=\"og:type\" content=\"article\" \/>\n<meta property=\"og:title\" content=\"Koleje Dolno\u015bl\u0105skie nie kupi\u0105 nowych poci\u0105g\u00f3w\" \/>\n<meta property=\"og:description\" content=\"Obtr\u0105biony sukces Kolei Dolno\u015bl\u0105skich w konkursie CUPT w ramach KPO wcale nie oznacza zakupu nowych poci\u0105g\u00f3w.\" \/>\n<meta property=\"og:url\" content=\"https:\/\/transinfo.pl\/x\/inforail\/koleje-dolnoslaskie-nie-kupia-nowych-pociagow\/\" \/>\n<meta property=\"og:site_name\" content=\"TransInfo Archiwum\" \/>\n<meta property=\"og:image\" content=\"https:\/\/transinfo.pl\/x\/wp-content\/uploads\/2024\/03\/Kd-1.jpg\" \/>\n\t<meta property=\"og:image:width\" content=\"1\" \/>\n\t<meta property=\"og:image:height\" content=\"1\" \/>\n\t<meta property=\"og:image:type\" content=\"image\/jpeg\" \/>\n<meta name=\"twitter:card\" content=\"summary_large_image\" \/>\n<meta name=\"twitter:label1\" content=\"Szacowany czas czytania\" \/>\n\t<meta name=\"twitter:data1\" content=\"1 minuta\" \/>\n<script type=\"application\/ld+json\" class=\"yoast-schema-graph\">{\"@context\":\"https:\/\/schema.org\",\"@graph\":[{\"@type\":\"WebPage\",\"@id\":\"https:\/\/transinfo.pl\/x\/inforail\/koleje-dolnoslaskie-nie-kupia-nowych-pociagow\/\",\"url\":\"https:\/\/transinfo.pl\/x\/inforail\/koleje-dolnoslaskie-nie-kupia-nowych-pociagow\/\",\"name\":\"Koleje Dolno\u015bl\u0105skie nie kupi\u0105 nowych poci\u0105g\u00f3w - TransInfo Archiwum\",\"isPartOf\":{\"@id\":\"https:\/\/transinfo.pl\/x\/#website\"},\"primaryImageOfPage\":{\"@id\":\"https:\/\/transinfo.pl\/x\/inforail\/koleje-dolnoslaskie-nie-kupia-nowych-pociagow\/#primaryimage\"},\"image\":{\"@id\":\"https:\/\/transinfo.pl\/x\/inforail\/koleje-dolnoslaskie-nie-kupia-nowych-pociagow\/#primaryimage\"},\"thumbnailUrl\":\"https:\/\/transinfo.pl\/x\/wp-content\/uploads\/2024\/03\/Kd-1.jpg\",\"datePublished\":\"2024-03-14T12:45:00+00:00\",\"dateModified\":\"2024-03-14T12:45:00+00:00\",\"description\":\"Obtr\u0105biony sukces Kolei Dolno\u015bl\u0105skich w konkursie CUPT w ramach KPO wcale nie oznacza zakupu nowych poci\u0105g\u00f3w.\",\"breadcrumb\":{\"@id\":\"https:\/\/transinfo.pl\/x\/inforail\/koleje-dolnoslaskie-nie-kupia-nowych-pociagow\/#breadcrumb\"},\"inLanguage\":\"pl-PL\",\"potentialAction\":[{\"@type\":\"ReadAction\",\"target\":[\"https:\/\/transinfo.pl\/x\/inforail\/koleje-dolnoslaskie-nie-kupia-nowych-pociagow\/\"]}]},{\"@type\":\"ImageObject\",\"inLanguage\":\"pl-PL\",\"@id\":\"https:\/\/transinfo.pl\/x\/inforail\/koleje-dolnoslaskie-nie-kupia-nowych-pociagow\/#primaryimage\",\"url\":\"https:\/\/transinfo.pl\/x\/wp-content\/uploads\/2024\/03\/Kd-1.jpg\",\"contentUrl\":\"https:\/\/transinfo.pl\/x\/wp-content\/uploads\/2024\/03\/Kd-1.jpg\"},{\"@type\":\"BreadcrumbList\",\"@id\":\"https:\/\/transinfo.pl\/x\/inforail\/koleje-dolnoslaskie-nie-kupia-nowych-pociagow\/#breadcrumb\",\"itemListElement\":[{\"@type\":\"ListItem\",\"position\":1,\"name\":\"Home\",\"item\":\"https:\/\/transinfo.pl\/x\/\"},{\"@type\":\"ListItem\",\"position\":2,\"name\":\"Inforail\",\"item\":\"https:\/\/transinfo.pl\/x\/inforail\/\"},{\"@type\":\"ListItem\",\"position\":3,\"name\":\"Koleje Dolno\u015bl\u0105skie nie kupi\u0105 nowych poci\u0105g\u00f3w\"}]},{\"@type\":\"WebSite\",\"@id\":\"https:\/\/transinfo.pl\/x\/#website\",\"url\":\"https:\/\/transinfo.pl\/x\/\",\"name\":\"TransInfo Archiwum\",\"description\":\"Ca\u0142y transport w jednym miejscu\",\"publisher\":{\"@id\":\"https:\/\/transinfo.pl\/x\/#organization\"},\"potentialAction\":[{\"@type\":\"SearchAction\",\"target\":{\"@type\":\"EntryPoint\",\"urlTemplate\":\"https:\/\/transinfo.pl\/x\/?s={search_term_string}\"},\"query-input\":{\"@type\":\"PropertyValueSpecification\",\"valueRequired\":true,\"valueName\":\"search_term_string\"}}],\"inLanguage\":\"pl-PL\"},{\"@type\":\"Organization\",\"@id\":\"https:\/\/transinfo.pl\/x\/#organization\",\"name\":\"TransInfo\",\"url\":\"https:\/\/transinfo.pl\/x\/\",\"logo\":{\"@type\":\"ImageObject\",\"inLanguage\":\"pl-PL\",\"@id\":\"https:\/\/transinfo.pl\/x\/#\/schema\/logo\/image\/\",\"url\":\"https:\/\/transinfo.pl\/x\/wp-content\/uploads\/2024\/10\/favicon.png\",\"contentUrl\":\"https:\/\/transinfo.pl\/x\/wp-content\/uploads\/2024\/10\/favicon.png\",\"width\":512,\"height\":512,\"caption\":\"TransInfo\"},\"image\":{\"@id\":\"https:\/\/transinfo.pl\/x\/#\/schema\/logo\/image\/\"}}]}<\/script>\n<!-- \/ Yoast SEO Premium plugin. -->","yoast_head_json":{"title":"Koleje Dolno\u015bl\u0105skie nie kupi\u0105 nowych poci\u0105g\u00f3w - TransInfo Archiwum","description":"Obtr\u0105biony sukces Kolei Dolno\u015bl\u0105skich w konkursie CUPT w ramach KPO wcale nie oznacza zakupu nowych poci\u0105g\u00f3w.","robots":{"index":"index","follow":"follow","max-snippet":"max-snippet:-1","max-image-preview":"max-image-preview:large","max-video-preview":"max-video-preview:-1"},"canonical":"https:\/\/transinfo.pl\/x\/inforail\/koleje-dolnoslaskie-nie-kupia-nowych-pociagow\/","og_locale":"pl_PL","og_type":"article","og_title":"Koleje Dolno\u015bl\u0105skie nie kupi\u0105 nowych poci\u0105g\u00f3w","og_description":"Obtr\u0105biony sukces Kolei Dolno\u015bl\u0105skich w konkursie CUPT w ramach KPO wcale nie oznacza zakupu nowych poci\u0105g\u00f3w.","og_url":"https:\/\/transinfo.pl\/x\/inforail\/koleje-dolnoslaskie-nie-kupia-nowych-pociagow\/","og_site_name":"TransInfo Archiwum","og_image":[{"url":"https:\/\/transinfo.pl\/x\/wp-content\/uploads\/2024\/03\/Kd-1.jpg","width":1,"height":1,"type":"image\/jpeg"}],"twitter_card":"summary_large_image","twitter_misc":{"Szacowany czas czytania":"1 minuta"},"schema":{"@context":"https:\/\/schema.org","@graph":[{"@type":"WebPage","@id":"https:\/\/transinfo.pl\/x\/inforail\/koleje-dolnoslaskie-nie-kupia-nowych-pociagow\/","url":"https:\/\/transinfo.pl\/x\/inforail\/koleje-dolnoslaskie-nie-kupia-nowych-pociagow\/","name":"Koleje Dolno\u015bl\u0105skie nie kupi\u0105 nowych poci\u0105g\u00f3w - TransInfo Archiwum","isPartOf":{"@id":"https:\/\/transinfo.pl\/x\/#website"},"primaryImageOfPage":{"@id":"https:\/\/transinfo.pl\/x\/inforail\/koleje-dolnoslaskie-nie-kupia-nowych-pociagow\/#primaryimage"},"image":{"@id":"https:\/\/transinfo.pl\/x\/inforail\/koleje-dolnoslaskie-nie-kupia-nowych-pociagow\/#primaryimage"},"thumbnailUrl":"https:\/\/transinfo.pl\/x\/wp-content\/uploads\/2024\/03\/Kd-1.jpg","datePublished":"2024-03-14T12:45:00+00:00","dateModified":"2024-03-14T12:45:00+00:00","description":"Obtr\u0105biony sukces Kolei Dolno\u015bl\u0105skich w konkursie CUPT w ramach KPO wcale nie oznacza zakupu nowych poci\u0105g\u00f3w.","breadcrumb":{"@id":"https:\/\/transinfo.pl\/x\/inforail\/koleje-dolnoslaskie-nie-kupia-nowych-pociagow\/#breadcrumb"},"inLanguage":"pl-PL","potentialAction":[{"@type":"ReadAction","target":["https:\/\/transinfo.pl\/x\/inforail\/koleje-dolnoslaskie-nie-kupia-nowych-pociagow\/"]}]},{"@type":"ImageObject","inLanguage":"pl-PL","@id":"https:\/\/transinfo.pl\/x\/inforail\/koleje-dolnoslaskie-nie-kupia-nowych-pociagow\/#primaryimage","url":"https:\/\/transinfo.pl\/x\/wp-content\/uploads\/2024\/03\/Kd-1.jpg","contentUrl":"https:\/\/transinfo.pl\/x\/wp-content\/uploads\/2024\/03\/Kd-1.jpg"},{"@type":"BreadcrumbList","@id":"https:\/\/transinfo.pl\/x\/inforail\/koleje-dolnoslaskie-nie-kupia-nowych-pociagow\/#breadcrumb","itemListElement":[{"@type":"ListItem","position":1,"name":"Home","item":"https:\/\/transinfo.pl\/x\/"},{"@type":"ListItem","position":2,"name":"Inforail","item":"https:\/\/transinfo.pl\/x\/inforail\/"},{"@type":"ListItem","position":3,"name":"Koleje Dolno\u015bl\u0105skie nie kupi\u0105 nowych poci\u0105g\u00f3w"}]},{"@type":"WebSite","@id":"https:\/\/transinfo.pl\/x\/#website","url":"https:\/\/transinfo.pl\/x\/","name":"TransInfo Archiwum","description":"Ca\u0142y transport w jednym miejscu","publisher":{"@id":"https:\/\/transinfo.pl\/x\/#organization"},"potentialAction":[{"@type":"SearchAction","target":{"@type":"EntryPoint","urlTemplate":"https:\/\/transinfo.pl\/x\/?s={search_term_string}"},"query-input":{"@type":"PropertyValueSpecification","valueRequired":true,"valueName":"search_term_string"}}],"inLanguage":"pl-PL"},{"@type":"Organization","@id":"https:\/\/transinfo.pl\/x\/#organization","name":"TransInfo","url":"https:\/\/transinfo.pl\/x\/","logo":{"@type":"ImageObject","inLanguage":"pl-PL","@id":"https:\/\/transinfo.pl\/x\/#\/schema\/logo\/image\/","url":"https:\/\/transinfo.pl\/x\/wp-content\/uploads\/2024\/10\/favicon.png","contentUrl":"https:\/\/transinfo.pl\/x\/wp-content\/uploads\/2024\/10\/favicon.png","width":512,"height":512,"caption":"TransInfo"},"image":{"@id":"https:\/\/transinfo.pl\/x\/#\/schema\/logo\/image\/"}}]}},"_links":{"self":[{"href":"https:\/\/transinfo.pl\/x\/wp-json\/wp\/v2\/inforail\/266282","targetHints":{"allow":["GET"]}}],"collection":[{"href":"https:\/\/transinfo.pl\/x\/wp-json\/wp\/v2\/inforail"}],"about":[{"href":"https:\/\/transinfo.pl\/x\/wp-json\/wp\/v2\/types\/inforail"}],"author":[{"embeddable":true,"href":"https:\/\/transinfo.pl\/x\/wp-json\/wp\/v2\/users\/3"}],"replies":[{"embeddable":true,"href":"https:\/\/transinfo.pl\/x\/wp-json\/wp\/v2\/comments?post=266282"}],"wp:featuredmedia":[{"embeddable":true,"href":"https:\/\/transinfo.pl\/x\/wp-json\/wp\/v2\/media\/266283"}],"wp:attachment":[{"href":"https:\/\/transinfo.pl\/x\/wp-json\/wp\/v2\/media?parent=266282"}],"wp:term":[{"taxonomy":"category","embeddable":true,"href":"https:\/\/transinfo.pl\/x\/wp-json\/wp\/v2\/categories?post=266282"},{"taxonomy":"post_tag","embeddable":true,"href":"https:\/\/transinfo.pl\/x\/wp-json\/wp\/v2\/tags?post=266282"}],"curies":[{"name":"wp","href":"https:\/\/api.w.org\/{rel}","templated":true}]}}