{"id":265995,"date":"2024-03-08T10:45:00","date_gmt":"2024-03-08T10:45:00","guid":{"rendered":"https:\/\/transinfo.pl\/x\/inforail\/polregio-wprowadza-nowe-polaczenia-w-8-wojewodztwach\/"},"modified":"2024-03-08T10:45:00","modified_gmt":"2024-03-08T10:45:00","slug":"polregio-wprowadza-nowe-polaczenia-w-8-wojewodztwach","status":"publish","type":"inforail","link":"https:\/\/transinfo.pl\/x\/inforail\/polregio-wprowadza-nowe-polaczenia-w-8-wojewodztwach\/","title":{"rendered":"Polregio wprowadza nowe po\u0142\u0105czenia w 8 wojew\u00f3dztwach!"},"content":{"rendered":"<style>h1,h2,h3,h4,h5,h6{margin:0 0 1.25rem;font-family:Arial,sans-serif;font-weight:600;color:#050505}h1{font-size:1.875rem;line-height:1.1em;text-transform:none}@media(min-width: 768px){h1{font-size:2.375rem}}h2{font-size:1.1875rem;line-height:1.2em;text-transform:uppercase}@media(min-width: 768px){h2{font-size:1.0625rem}}h3{font-size:0.9375rem;line-height:1.4em;font-weight:900;margin-bottom:0.9375rem}h4{font-size:0.875rem;line-height:1.2em;font-weight:500}h5{font-size:0.9375rem;line-height:1.6;font-weight:400}h6{font-size:0.9375rem;line-height:1.6;font-weight:600}\n<\/style>\n<h3 class=\"wp-block-heading\" id=\"h-10-marca-br-wchodzi-w-zycie-korekta-rozkladu-jazdy-polregio-w-8-wojewodztwach-najwiekszy-pasazerski-przewoznik-kolejowy-przygotowal-nowe-polaczenia-oraz-zwiekszenie-czestotliwosci-na-wybranych-trasach\">10 marca br. wchodzi w \u017cycie korekta rozk\u0142adu jazdy POLREGIO. W 8 wojew\u00f3dztwach najwi\u0119kszy pasa\u017cerski przewo\u017anik kolejowy przygotowa\u0142 nowe po\u0142\u0105czenia oraz zwi\u0119kszenie cz\u0119stotliwo\u015bci na wybranych trasach.<\/h3>\n\n\n<style>p{margin:0 0 1.5rem}p:last-child{margin:0}p.is-style-uppercase{text-transform:uppercase}p.is-style-preheading{color:#12406a;text-transform:uppercase}p.is-style-leadparagraph{font-size:1rem;line-height:1.625;font-weight:700}@media(min-width: 768px){p.is-style-leadparagraph{font-size:1.125rem;line-height:1.5555555556}}p.has-small-margin{margin-bottom:0.625rem}p.has-small-margin+h1,p.has-small-margin+h2,p.has-small-margin+h3{margin-top:1.875rem}\n<\/style>\n<p>Poni\u017cej prezentujemy szczeg\u00f3\u0142y. <\/p>\n\n\n\n<h2 class=\"wp-block-heading\" id=\"h-lubuskie-i-dolnoslaskie\">Lubuskie i Dolno\u015bl\u0105skie<\/h2>\n\n\n\n<p>Od 10 marca przywr\u00f3cone zostan\u0105 bezpo\u015brednie po\u0142\u0105czenia \u0142\u0105cz\u0105ce wojew\u00f3dztwo lubuskie&nbsp; z wojew\u00f3dztwem dolno\u015bl\u0105skim na trasie Wroc\u0142aw \u2013 Zielona G\u00f3ra, gdzie pojawi\u0105 si\u0119 4 pary poci\u0105g\u00f3w.&nbsp;<\/p>\n\n\n\n<p>W Lubuskiem wprowadzone zostanie te\u017c nowe po\u0142\u0105czenie z Zielonej G\u00f3ry do G\u0142ogowa o godz. 22:42. Dodatkowo podczas tegorocznej maj\u00f3wki b\u0119d\u0105 dost\u0119pne bezpo\u015brednie po\u0142\u0105czenia z Zielonej G\u00f3ry do \u015awinouj\u015bcia i \u0141agowa.<\/p>\n\n\n\n<h2 class=\"wp-block-heading\" id=\"h-podkarpackie\">Podkarpackie<\/h2>\n\n\n\n<p>W wojew\u00f3dztwie podkarpackim od 10 marca na odcinku Przemy\u015bl G\u0142\u00f3wny \u2013 Medyka zostanie podwojona liczba poci\u0105g\u00f3w z 3 do 6 par. Zwi\u0119kszenie liczby dost\u0119pnych po\u0142\u0105cze\u0144 to efekt wyd\u0142u\u017cenia do Medyki trasy poci\u0105g\u00f3w kursuj\u0105cych dotychczas na odcinku Rzesz\u00f3w G\u0142\u00f3wny &#8211; Przemy\u015bl G\u0142\u00f3wny. Ponadto podczas weekendu majowego, czyli od 1 do 5 maja b\u0119d\u0105 kursowa\u0142y dodatkowe poci\u0105gi z Rzeszowa do Sandomierza i Zamo\u015bcia oraz z Jaros\u0142awia do Lublina.<\/p>\n\n\n\n<h2 class=\"wp-block-heading\" id=\"h-podlaskie\">Podlaskie<\/h2>\n\n\n\n<p>W wojew\u00f3dztwie podlaskim po blisko 24 latach przerwy od 18 marca br. zostan\u0105 przywr\u00f3cone po\u0142\u0105czenia pasa\u017cerskie na trasie Bia\u0142ystok \u2013 Ostro\u0142\u0119ka. Ponad 110 kilometrowa trasa b\u0119dzie obs\u0142ugiwana codziennie przez dwa poci\u0105gi w obie strony. Nowe po\u0142\u0105czenia POLREGIO b\u0119dzie realizowa\u0107 nowoczesnymi pojazdami spalinowymi, kt\u00f3re s\u0105 przystosowane do potrzeb os\u00f3b z niepe\u0142nosprawno\u015bciami.&nbsp;&nbsp;<\/p>\n\n\n\n<h2 class=\"wp-block-heading\" id=\"h-kujawsko-pomorskie\">Kujawsko-Pomorskie<\/h2>\n\n\n\n<p>Wraz z korekt\u0105 rozk\u0142adu jazdy, od 11 marca od poniedzia\u0142ku do pi\u0105tku b\u0119dzie kursowa\u0107 poci\u0105g relacji Bydgoszcz G\u0142\u00f3wna (odjazd godz. 15:05) \u2013 \u0141\u00f3d\u017a Kaliska (przyjazd 19:17). Natomiast od 10 marca w soboty i niedziele poci\u0105g ten b\u0119dzie kursowa\u0107 w relacji Toru\u0144 G\u0142\u00f3wny (odjazd godz. 16:00) \u2013 \u0141\u00f3d\u017a Kaliska (przyjazd 19:17). W ramach korekty zmianie ulegaj\u0105 godziny kursowania tego poci\u0105gu.<\/p>\n\n\n\n<p><\/p>\n\n\n<style>.wp-block-image{margin:1.25rem 0;text-align:center}.wp-block-image figcaption{padding:0 0.9375rem;text-align:center}\n<\/style>\n<figure class=\"wp-block-image size-large\"><a href=\"https:\/\/transinfo.pl\/wp-content\/uploads\/2024\/03\/elf-kuj-pom.jpg\"><img decoding=\"async\" src=\"https:\/\/transinfo.pl\/wp-content\/uploads\/2024\/03\/elf-kuj-pom-1024x768.jpg\" alt=\"10 marca br. wchodzi w \u017cycie korekta rozk\u0142adu jazdy POLREGIO. W 8 wojew\u00f3dztwach najwi\u0119kszy pasa\u017cerski przewo\u017anik kolejowy przygotowa\u0142 nowe po\u0142\u0105czenia oraz zwi\u0119kszenie cz\u0119stotliwo\u015bci na wybranych trasach.\" class=\"wp-image-466758\" \/><\/a><figcaption class=\"wp-element-caption\">Kujawsko-pomorski Elf<\/figcaption><\/figure>\n\n\n\n<p><\/p>\n\n\n\n<h2 class=\"wp-block-heading\" id=\"h-pomorskie\">Pomorskie<\/h2>\n\n\n\n<p>Wraz z korekt\u0105 rozk\u0142adu jazdy, od 11 marca na tzw. &#8222;Bajpasie Kartuskim&#8221;, czyli niedawno otwartej linii przez Gda\u0144sk Kokoszki i Star\u0105 Pi\u0142\u0119 do Kartuz, uruchomionych zostanie 6 par poci\u0105g\u00f3w. Dodatkowo od 11 marca codziennie kursowa\u0107 b\u0119dzie poci\u0105g relacji S\u0142upsk \u2013 Bydgoszcz. Uruchomiony zostanie te\u017c wieczorny poci\u0105g w soboty z Gdyni do L\u0119borka. Ponadto od 1 maja w weekendy rozszerzona zostanie siatka po\u0142\u0105cze\u0144 na P\u00f3\u0142wysep Helski.&nbsp;<\/p>\n\n\n\n<h2 class=\"wp-block-heading\" id=\"h-swietokrzyskie-i-mazowieckie\">\u015awi\u0119tokrzyskie i Mazowieckie<\/h2>\n\n\n\n<p>W wojew\u00f3dztwie \u015bwi\u0119tokrzyskim POLREGIO uruchomi od 10 marca dwie nowe pary poci\u0105g\u00f3w na odcinku Kielce G\u0142\u00f3wne \u2013 Radom G\u0142\u00f3wny. W zwi\u0105zku z uruchomieniem po\u0142\u0105cze\u0144 do Radomia w ofercie pozataryfowej \u201eBilet \u015awi\u0119tokrzyski\u201d dodano przystanek osobowy Lipowe Pole, rozszerzaj\u0105c ofert\u0119 na tym kierunku do granic wojew\u00f3dztwa \u015bwi\u0119tokrzyskiego.<\/p>\n\n\n\n<p>Natomiast w ofercie pozataryfowej \u201eBilet Dobrych Relacji\u201d dodano odcinek Kielce G\u0142. \u2013 Radom G\u0142., a w ofercie&nbsp; \u201eWsp\u00f3lny miesi\u0119czny\u201d dedykowanej dla pasa\u017cer\u00f3w Kolei Mazowieckich i POLREGIO dodano odcinek Skar\u017cysko-Kam. \u2013 Radom G\u0142.&nbsp;<\/p>\n\n\n\n<h2 class=\"wp-block-heading\" id=\"h-wielkopolskie\">Wielkopolskie<\/h2>\n\n\n\n<p>W wojew\u00f3dztwie wielkopolskim w ramach zmian od 10 marca w d\u0142ugi weekend majowy oraz w okresie Bo\u017cego Cia\u0142a kursowa\u0107 b\u0119d\u0105 sezonowe poci\u0105gi przyspieszone: ORKAN z Poznania do \u015awinouj\u015bcia oraz RIWIERA i HARPUN z Poznania do Ko\u0142obrzegu.<\/p>\n\n\n\n<h2 class=\"wp-block-heading\" id=\"h-zachodniopomorskie\">Zachodniopomorskie<\/h2>\n\n\n\n<p>W wojew\u00f3dztwie zachodniopomorskim zaplanowano dodatkow\u0105 par\u0119 poci\u0105g\u00f3w relacji Szczecin G\u0142. &#8211; \u015awinouj\u015bcie Port &#8211; Szczecin G\u0142. w dni robocze. W ofercie pojawi\u0142 si\u0119 nowy poci\u0105g z Ko\u0142obrzegu do Szczecina kursuj\u0105cy tak\u017ce w dni robocze. Dodatkowo rozszerzono termin kursowania porannego poci\u0105gu relacji Szczecin G\u0142. \u2013 Ko\u0142obrzeg, kt\u00f3ry wcze\u015bniej kursowa\u0142 tylko w soboty i niedziele \u2013 po zmianach poci\u0105g odje\u017cd\u017caj\u0105cy o 9:17 ze Szczecina do Ko\u0142obrzegu je\u017adzi codziennie. Opr\u00f3cz tego rozszerzono ofert\u0119 w dni robocze poci\u0105g\u00f3w z i do Gryfina (dodatkowe 6 par) oraz z i do Stargardu (dodatkowe 3 pary).<\/p>\n","protected":false},"author":3,"featured_media":265996,"comment_status":"","ping_status":"closed","template":"","categories":[26],"tags":[61,123,66,59,186],"class_list":["post-265995","inforail","type-inforail","status-publish","has-post-thumbnail","hentry","category-przewoznicy","tag-kolej","tag-pasazer","tag-pociag","tag-polregio","tag-rozklad-jazdy"],"acf":[],"yoast_head":"<!-- This site is optimized with the Yoast SEO Premium plugin v21.8 (Yoast SEO v23.7) - https:\/\/yoast.com\/wordpress\/plugins\/seo\/ -->\n<title>Polregio wprowadza nowe po\u0142\u0105czenia w 8 wojew\u00f3dztwach! - TransInfo Archiwum<\/title>\n<meta name=\"description\" content=\"10 marca br. wchodzi w \u017cycie korekta rozk\u0142adu jazdy POLREGIO. W 8 wojew\u00f3dztwach nowe po\u0142\u0105czenia oraz zwi\u0119kszenie cz\u0119stotliwo\u015bci.\" \/>\n<meta name=\"robots\" content=\"index, follow, max-snippet:-1, max-image-preview:large, max-video-preview:-1\" \/>\n<link rel=\"canonical\" href=\"https:\/\/transinfo.pl\/x\/inforail\/polregio-wprowadza-nowe-polaczenia-w-8-wojewodztwach\/\" \/>\n<meta property=\"og:locale\" content=\"pl_PL\" \/>\n<meta property=\"og:type\" content=\"article\" \/>\n<meta property=\"og:title\" content=\"Polregio wprowadza nowe po\u0142\u0105czenia w 8 wojew\u00f3dztwach!\" \/>\n<meta property=\"og:description\" content=\"10 marca br. wchodzi w \u017cycie korekta rozk\u0142adu jazdy POLREGIO. W 8 wojew\u00f3dztwach nowe po\u0142\u0105czenia oraz zwi\u0119kszenie cz\u0119stotliwo\u015bci.\" \/>\n<meta property=\"og:url\" content=\"https:\/\/transinfo.pl\/x\/inforail\/polregio-wprowadza-nowe-polaczenia-w-8-wojewodztwach\/\" \/>\n<meta property=\"og:site_name\" content=\"TransInfo Archiwum\" \/>\n<meta property=\"og:image\" content=\"https:\/\/transinfo.pl\/x\/wp-content\/uploads\/2024\/03\/Marcowa-korekta-rozkladu-jazdy-POLREGIO.jpg\" \/>\n\t<meta property=\"og:image:width\" content=\"1\" \/>\n\t<meta property=\"og:image:height\" content=\"1\" \/>\n\t<meta property=\"og:image:type\" content=\"image\/jpeg\" \/>\n<meta name=\"twitter:card\" content=\"summary_large_image\" \/>\n<meta name=\"twitter:label1\" content=\"Szacowany czas czytania\" \/>\n\t<meta name=\"twitter:data1\" content=\"3 minuty\" \/>\n<script type=\"application\/ld+json\" class=\"yoast-schema-graph\">{\"@context\":\"https:\/\/schema.org\",\"@graph\":[{\"@type\":\"WebPage\",\"@id\":\"https:\/\/transinfo.pl\/x\/inforail\/polregio-wprowadza-nowe-polaczenia-w-8-wojewodztwach\/\",\"url\":\"https:\/\/transinfo.pl\/x\/inforail\/polregio-wprowadza-nowe-polaczenia-w-8-wojewodztwach\/\",\"name\":\"Polregio wprowadza nowe po\u0142\u0105czenia w 8 wojew\u00f3dztwach! - TransInfo Archiwum\",\"isPartOf\":{\"@id\":\"https:\/\/transinfo.pl\/x\/#website\"},\"primaryImageOfPage\":{\"@id\":\"https:\/\/transinfo.pl\/x\/inforail\/polregio-wprowadza-nowe-polaczenia-w-8-wojewodztwach\/#primaryimage\"},\"image\":{\"@id\":\"https:\/\/transinfo.pl\/x\/inforail\/polregio-wprowadza-nowe-polaczenia-w-8-wojewodztwach\/#primaryimage\"},\"thumbnailUrl\":\"https:\/\/transinfo.pl\/x\/wp-content\/uploads\/2024\/03\/Marcowa-korekta-rozkladu-jazdy-POLREGIO.jpg\",\"datePublished\":\"2024-03-08T10:45:00+00:00\",\"dateModified\":\"2024-03-08T10:45:00+00:00\",\"description\":\"10 marca br. wchodzi w \u017cycie korekta rozk\u0142adu jazdy POLREGIO. W 8 wojew\u00f3dztwach nowe po\u0142\u0105czenia oraz zwi\u0119kszenie cz\u0119stotliwo\u015bci.\",\"breadcrumb\":{\"@id\":\"https:\/\/transinfo.pl\/x\/inforail\/polregio-wprowadza-nowe-polaczenia-w-8-wojewodztwach\/#breadcrumb\"},\"inLanguage\":\"pl-PL\",\"potentialAction\":[{\"@type\":\"ReadAction\",\"target\":[\"https:\/\/transinfo.pl\/x\/inforail\/polregio-wprowadza-nowe-polaczenia-w-8-wojewodztwach\/\"]}]},{\"@type\":\"ImageObject\",\"inLanguage\":\"pl-PL\",\"@id\":\"https:\/\/transinfo.pl\/x\/inforail\/polregio-wprowadza-nowe-polaczenia-w-8-wojewodztwach\/#primaryimage\",\"url\":\"https:\/\/transinfo.pl\/x\/wp-content\/uploads\/2024\/03\/Marcowa-korekta-rozkladu-jazdy-POLREGIO.jpg\",\"contentUrl\":\"https:\/\/transinfo.pl\/x\/wp-content\/uploads\/2024\/03\/Marcowa-korekta-rozkladu-jazdy-POLREGIO.jpg\"},{\"@type\":\"BreadcrumbList\",\"@id\":\"https:\/\/transinfo.pl\/x\/inforail\/polregio-wprowadza-nowe-polaczenia-w-8-wojewodztwach\/#breadcrumb\",\"itemListElement\":[{\"@type\":\"ListItem\",\"position\":1,\"name\":\"Home\",\"item\":\"https:\/\/transinfo.pl\/x\/\"},{\"@type\":\"ListItem\",\"position\":2,\"name\":\"Inforail\",\"item\":\"https:\/\/transinfo.pl\/x\/inforail\/\"},{\"@type\":\"ListItem\",\"position\":3,\"name\":\"Polregio wprowadza nowe po\u0142\u0105czenia w 8 wojew\u00f3dztwach!\"}]},{\"@type\":\"WebSite\",\"@id\":\"https:\/\/transinfo.pl\/x\/#website\",\"url\":\"https:\/\/transinfo.pl\/x\/\",\"name\":\"TransInfo Archiwum\",\"description\":\"Ca\u0142y transport w jednym miejscu\",\"publisher\":{\"@id\":\"https:\/\/transinfo.pl\/x\/#organization\"},\"potentialAction\":[{\"@type\":\"SearchAction\",\"target\":{\"@type\":\"EntryPoint\",\"urlTemplate\":\"https:\/\/transinfo.pl\/x\/?s={search_term_string}\"},\"query-input\":{\"@type\":\"PropertyValueSpecification\",\"valueRequired\":true,\"valueName\":\"search_term_string\"}}],\"inLanguage\":\"pl-PL\"},{\"@type\":\"Organization\",\"@id\":\"https:\/\/transinfo.pl\/x\/#organization\",\"name\":\"TransInfo\",\"url\":\"https:\/\/transinfo.pl\/x\/\",\"logo\":{\"@type\":\"ImageObject\",\"inLanguage\":\"pl-PL\",\"@id\":\"https:\/\/transinfo.pl\/x\/#\/schema\/logo\/image\/\",\"url\":\"https:\/\/transinfo.pl\/x\/wp-content\/uploads\/2024\/10\/favicon.png\",\"contentUrl\":\"https:\/\/transinfo.pl\/x\/wp-content\/uploads\/2024\/10\/favicon.png\",\"width\":512,\"height\":512,\"caption\":\"TransInfo\"},\"image\":{\"@id\":\"https:\/\/transinfo.pl\/x\/#\/schema\/logo\/image\/\"}}]}<\/script>\n<!-- \/ Yoast SEO Premium plugin. -->","yoast_head_json":{"title":"Polregio wprowadza nowe po\u0142\u0105czenia w 8 wojew\u00f3dztwach! - TransInfo Archiwum","description":"10 marca br. wchodzi w \u017cycie korekta rozk\u0142adu jazdy POLREGIO. W 8 wojew\u00f3dztwach nowe po\u0142\u0105czenia oraz zwi\u0119kszenie cz\u0119stotliwo\u015bci.","robots":{"index":"index","follow":"follow","max-snippet":"max-snippet:-1","max-image-preview":"max-image-preview:large","max-video-preview":"max-video-preview:-1"},"canonical":"https:\/\/transinfo.pl\/x\/inforail\/polregio-wprowadza-nowe-polaczenia-w-8-wojewodztwach\/","og_locale":"pl_PL","og_type":"article","og_title":"Polregio wprowadza nowe po\u0142\u0105czenia w 8 wojew\u00f3dztwach!","og_description":"10 marca br. wchodzi w \u017cycie korekta rozk\u0142adu jazdy POLREGIO. W 8 wojew\u00f3dztwach nowe po\u0142\u0105czenia oraz zwi\u0119kszenie cz\u0119stotliwo\u015bci.","og_url":"https:\/\/transinfo.pl\/x\/inforail\/polregio-wprowadza-nowe-polaczenia-w-8-wojewodztwach\/","og_site_name":"TransInfo Archiwum","og_image":[{"url":"https:\/\/transinfo.pl\/x\/wp-content\/uploads\/2024\/03\/Marcowa-korekta-rozkladu-jazdy-POLREGIO.jpg","width":1,"height":1,"type":"image\/jpeg"}],"twitter_card":"summary_large_image","twitter_misc":{"Szacowany czas czytania":"3 minuty"},"schema":{"@context":"https:\/\/schema.org","@graph":[{"@type":"WebPage","@id":"https:\/\/transinfo.pl\/x\/inforail\/polregio-wprowadza-nowe-polaczenia-w-8-wojewodztwach\/","url":"https:\/\/transinfo.pl\/x\/inforail\/polregio-wprowadza-nowe-polaczenia-w-8-wojewodztwach\/","name":"Polregio wprowadza nowe po\u0142\u0105czenia w 8 wojew\u00f3dztwach! - TransInfo Archiwum","isPartOf":{"@id":"https:\/\/transinfo.pl\/x\/#website"},"primaryImageOfPage":{"@id":"https:\/\/transinfo.pl\/x\/inforail\/polregio-wprowadza-nowe-polaczenia-w-8-wojewodztwach\/#primaryimage"},"image":{"@id":"https:\/\/transinfo.pl\/x\/inforail\/polregio-wprowadza-nowe-polaczenia-w-8-wojewodztwach\/#primaryimage"},"thumbnailUrl":"https:\/\/transinfo.pl\/x\/wp-content\/uploads\/2024\/03\/Marcowa-korekta-rozkladu-jazdy-POLREGIO.jpg","datePublished":"2024-03-08T10:45:00+00:00","dateModified":"2024-03-08T10:45:00+00:00","description":"10 marca br. wchodzi w \u017cycie korekta rozk\u0142adu jazdy POLREGIO. W 8 wojew\u00f3dztwach nowe po\u0142\u0105czenia oraz zwi\u0119kszenie cz\u0119stotliwo\u015bci.","breadcrumb":{"@id":"https:\/\/transinfo.pl\/x\/inforail\/polregio-wprowadza-nowe-polaczenia-w-8-wojewodztwach\/#breadcrumb"},"inLanguage":"pl-PL","potentialAction":[{"@type":"ReadAction","target":["https:\/\/transinfo.pl\/x\/inforail\/polregio-wprowadza-nowe-polaczenia-w-8-wojewodztwach\/"]}]},{"@type":"ImageObject","inLanguage":"pl-PL","@id":"https:\/\/transinfo.pl\/x\/inforail\/polregio-wprowadza-nowe-polaczenia-w-8-wojewodztwach\/#primaryimage","url":"https:\/\/transinfo.pl\/x\/wp-content\/uploads\/2024\/03\/Marcowa-korekta-rozkladu-jazdy-POLREGIO.jpg","contentUrl":"https:\/\/transinfo.pl\/x\/wp-content\/uploads\/2024\/03\/Marcowa-korekta-rozkladu-jazdy-POLREGIO.jpg"},{"@type":"BreadcrumbList","@id":"https:\/\/transinfo.pl\/x\/inforail\/polregio-wprowadza-nowe-polaczenia-w-8-wojewodztwach\/#breadcrumb","itemListElement":[{"@type":"ListItem","position":1,"name":"Home","item":"https:\/\/transinfo.pl\/x\/"},{"@type":"ListItem","position":2,"name":"Inforail","item":"https:\/\/transinfo.pl\/x\/inforail\/"},{"@type":"ListItem","position":3,"name":"Polregio wprowadza nowe po\u0142\u0105czenia w 8 wojew\u00f3dztwach!"}]},{"@type":"WebSite","@id":"https:\/\/transinfo.pl\/x\/#website","url":"https:\/\/transinfo.pl\/x\/","name":"TransInfo Archiwum","description":"Ca\u0142y transport w jednym miejscu","publisher":{"@id":"https:\/\/transinfo.pl\/x\/#organization"},"potentialAction":[{"@type":"SearchAction","target":{"@type":"EntryPoint","urlTemplate":"https:\/\/transinfo.pl\/x\/?s={search_term_string}"},"query-input":{"@type":"PropertyValueSpecification","valueRequired":true,"valueName":"search_term_string"}}],"inLanguage":"pl-PL"},{"@type":"Organization","@id":"https:\/\/transinfo.pl\/x\/#organization","name":"TransInfo","url":"https:\/\/transinfo.pl\/x\/","logo":{"@type":"ImageObject","inLanguage":"pl-PL","@id":"https:\/\/transinfo.pl\/x\/#\/schema\/logo\/image\/","url":"https:\/\/transinfo.pl\/x\/wp-content\/uploads\/2024\/10\/favicon.png","contentUrl":"https:\/\/transinfo.pl\/x\/wp-content\/uploads\/2024\/10\/favicon.png","width":512,"height":512,"caption":"TransInfo"},"image":{"@id":"https:\/\/transinfo.pl\/x\/#\/schema\/logo\/image\/"}}]}},"_links":{"self":[{"href":"https:\/\/transinfo.pl\/x\/wp-json\/wp\/v2\/inforail\/265995","targetHints":{"allow":["GET"]}}],"collection":[{"href":"https:\/\/transinfo.pl\/x\/wp-json\/wp\/v2\/inforail"}],"about":[{"href":"https:\/\/transinfo.pl\/x\/wp-json\/wp\/v2\/types\/inforail"}],"author":[{"embeddable":true,"href":"https:\/\/transinfo.pl\/x\/wp-json\/wp\/v2\/users\/3"}],"replies":[{"embeddable":true,"href":"https:\/\/transinfo.pl\/x\/wp-json\/wp\/v2\/comments?post=265995"}],"wp:featuredmedia":[{"embeddable":true,"href":"https:\/\/transinfo.pl\/x\/wp-json\/wp\/v2\/media\/265996"}],"wp:attachment":[{"href":"https:\/\/transinfo.pl\/x\/wp-json\/wp\/v2\/media?parent=265995"}],"wp:term":[{"taxonomy":"category","embeddable":true,"href":"https:\/\/transinfo.pl\/x\/wp-json\/wp\/v2\/categories?post=265995"},{"taxonomy":"post_tag","embeddable":true,"href":"https:\/\/transinfo.pl\/x\/wp-json\/wp\/v2\/tags?post=265995"}],"curies":[{"name":"wp","href":"https:\/\/api.w.org\/{rel}","templated":true}]}}