{"id":265792,"date":"2024-03-05T11:15:16","date_gmt":"2024-03-05T11:15:16","guid":{"rendered":"https:\/\/transinfo.pl\/x\/inforail\/nadmiar-pociagow-w-kolejach-dolnoslaskich-dwa-trafia-do-kolei-slaskich\/"},"modified":"2024-03-05T11:15:16","modified_gmt":"2024-03-05T11:15:16","slug":"nadmiar-pociagow-w-kolejach-dolnoslaskich-dwa-trafia-do-kolei-slaskich","status":"publish","type":"inforail","link":"https:\/\/transinfo.pl\/x\/inforail\/nadmiar-pociagow-w-kolejach-dolnoslaskich-dwa-trafia-do-kolei-slaskich\/","title":{"rendered":"Nadmiar poci\u0105g\u00f3w w Kolejach Dolno\u015bl\u0105skich? Dwa trafi\u0105 do Kolei \u015al\u0105skich (aktualizacja)"},"content":{"rendered":"<style>h1,h2,h3,h4,h5,h6{margin:0 0 1.25rem;font-family:Arial,sans-serif;font-weight:600;color:#050505}h1{font-size:1.875rem;line-height:1.1em;text-transform:none}@media(min-width: 768px){h1{font-size:2.375rem}}h2{font-size:1.1875rem;line-height:1.2em;text-transform:uppercase}@media(min-width: 768px){h2{font-size:1.0625rem}}h3{font-size:0.9375rem;line-height:1.4em;font-weight:900;margin-bottom:0.9375rem}h4{font-size:0.875rem;line-height:1.2em;font-weight:500}h5{font-size:0.9375rem;line-height:1.6;font-weight:400}h6{font-size:0.9375rem;line-height:1.6;font-weight:600}\n<\/style>\n<h3 class=\"wp-block-heading\" id=\"h-koleje-slaskie-wydzierzawily-dwa-elektryczne-zespoly-trakcyjne-od-kolei-dolnoslaskich\">Koleje \u015al\u0105skie wydzier\u017cawi\u0142y dwa elektryczne zespo\u0142y trakcyjne od Kolei Dolno\u015bl\u0105skich.<\/h3>\n\n\n<style>p{margin:0 0 1.5rem}p:last-child{margin:0}p.is-style-uppercase{text-transform:uppercase}p.is-style-preheading{color:#12406a;text-transform:uppercase}p.is-style-leadparagraph{font-size:1rem;line-height:1.625;font-weight:700}@media(min-width: 768px){p.is-style-leadparagraph{font-size:1.125rem;line-height:1.5555555556}}p.has-small-margin{margin-bottom:0.625rem}p.has-small-margin+h1,p.has-small-margin+h2,p.has-small-margin+h3{margin-top:1.875rem}\n<\/style>\n<p>Pojazdy zosta\u0142y pozyskane w drodze procedury negocjacyjnej bez uprzedniej publikacji zaproszenia do ubiegania si\u0119 o zam\u00f3wienie.<\/p>\n\n\n\n<h2 class=\"wp-block-heading\" id=\"h-uzasadnienie-decyzji\">Uzasadnienie decyzji<\/h2>\n\n\n\n<p>Jak podano w uzasadnieniu zlecenie zam\u00f3wienia Kolejom Dolno\u015bl\u0105skim S.A. i zawarcie umowy ma na celu zachowanie ci\u0105g\u0142o\u015bci pracy przewozowej Sp\u00f3\u0142ki Koleje \u015al\u0105skie. W 2024 r. przewo\u017anik zobowi\u0105zany jest do przeprowadzenia 43 planowych wy\u0142\u0105cze\u0144 elektrycznych zespo\u0142\u00f3w trakcyjnych, z uwagi na:<\/p>\n\n\n\n<p>1. wykonanie napraw 4 poziomu utrzymania na 17 szt. taboru, kt\u00f3rych przegl\u0105d P4 trwa od 10 do 11 tygodni, tj.:<\/p>\n\n\n\n<p>a. 12 szt. czterocz\u0142onowych pojazd\u00f3w 22WEd z czego jeden przegl\u0105d rozpocznie si\u0119 w 2023 r.,<\/p>\n\n\n\n<p>b. 3 szt. trzycz\u0142onowych pojazd\u00f3w 21WEa;<\/p>\n\n\n\n<p>c. 1 szt. sze\u015bciocz\u0142onowego pojazdu 27WEb;<\/p>\n\n\n\n<p>d. 1 szt. trzycz\u0142onowych pojazd\u00f3w EN57AK\u015a;<\/p>\n\n\n\n<p>2. wykonanie przegl\u0105d\u00f3w 3 poziomu utrzymania na 26 szt. taboru kt\u00f3rych przegl\u0105d P3 trwa od 1 do 4 tygodni tj. 5 szt. 27WEb, 4 szt. EN75 (P3.2 i P3.3), 3 szt. 36WEa, 9 szt. EN76, 1 szt. 35WE, 2 szt. 14WE, 2szt. EN71AK\u015a.<\/p>\n\n\n\n<p>Niezale\u017cnie od powy\u017cszego rozk\u0142ad jazdy 2023\/2024 przewiduje zwi\u0119kszon\u0105 liczb\u0119 obieg\u00f3w &#8211; nawet do 49 pojazd\u00f3w w obiegu podczas gdy rozk\u0142ad jazdy 2022\/2023 przewidywa\u0142 jedynie 45 obieg\u00f3w. Aktualnie sp\u00f3\u0142ka jest w posiadaniu zbyt ma\u0142ej liczby taboru, bo zapewni\u0107 dost\u0119pno\u015b\u0107 pojazd\u00f3w na wymaganym poziomie. Zamawiaj\u0105cy prowadzi\u0142 post\u0119powanie w trybie przetargu nieograniczonego na dzier\u017caw\u0119 6-pojazd\u00f3w w podziale na cz\u0119\u015bci, zam\u00f3wienie zosta\u0142o uniewa\u017cnione z uwagi na brak ofert. Zamawiaj\u0105cy nie m\u00f3g\u0142 przewidzie\u0107, \u017ce wykonawcy nie z\u0142o\u017c\u0105 ofert w post\u0119powaniu prowadzonym w trybie przetargu nieograniczonego.<\/p>\n\n\n\n<p><\/p>\n\n\n<style>.wp-block-image{margin:1.25rem 0;text-align:center}.wp-block-image figcaption{padding:0 0.9375rem;text-align:center}\n<\/style>\n<figure class=\"wp-block-image size-full\"><a href=\"https:\/\/transinfo.pl\/wp-content\/uploads\/2024\/03\/EN57AL-1938-do-naprawy-zrodlo-YT-0-1.jpg\"><img decoding=\"async\" src=\"https:\/\/transinfo.pl\/wp-content\/uploads\/2024\/03\/EN57AL-1938-do-naprawy-zrodlo-YT-0-1.jpg\" alt=\"\" class=\"wp-image-466269\" \/><\/a><figcaption class=\"wp-element-caption\">Impuls Kolei Dolno\u015bl\u0105skich\/\u017ar\u00f3d\u0142o: YT<\/figcaption><\/figure>\n\n\n\n<p><\/p>\n\n\n\n<p>Zam\u00f3wienie jest r\u00f3wnie\u017c zwi\u0105zane z wyj\u0105tkow\u0105 sytuacj\u0105 i istotnym interesem zamawiaj\u0105cego uwzgl\u0119dniaj\u0105cym zapewnienie ci\u0105g\u0142o\u015bci przewozowej Sp\u00f3\u0142ki. Uzyskano mo\u017cliwo\u015b\u0107 dzier\u017cawy pojazdu od sp\u00f3\u0142ki \u201eKoleje Dolno\u015bl\u0105skie\u201d S.A.. Celem zapewnienia ci\u0105g\u0142o\u015bci przewozowych podj\u0119to dzia\u0142ania rynkowe w zakresie wydzier\u017cawienia pojazd\u00f3w, liczba pojazd\u00f3w do wydzier\u017cawienia na rynku jest ograniczona st\u0105d udzielenie zam\u00f3wienia ww. wykonawcy, kt\u00f3ry ze wzgl\u0119d\u00f3w organizacyjnych, terminowych oraz ekonomicznych umo\u017cliwia zachowanie proces\u00f3w przewozowych.<\/p>\n\n\n<style>.wp-block-quote{border-left:0.1875rem solid var(--page-color);font-size:1rem;font-style:italic;margin:0 0 1.6875rem;padding:1.25rem}.wp-block-quote cite{color:#050505}.wp-block-quote.is-style-large p{margin-bottom:10px}.wp-block-quote.is-style-large cite{color:#12406a}\n<\/style>\n<blockquote class=\"wp-block-quote is-layout-flow wp-block-quote-is-layout-flow\">\n<p>Aktualnie pojazdy s\u0105 w trakcie odbior\u00f3w w Legnicy. Je\u017celi odbiory przebiegn\u0105 pozytywnie to pojazdy dzisiaj wieczorem zostan\u0105 przetransportowane do Katowic. Dzier\u017cawiony tabor to EN57AL, w terminie do ko\u0144ca roku &#8211; poinformowa\u0142 nas Maciej Pezdek z Kolei \u015al\u0105skich.<\/p>\n<\/blockquote>\n","protected":false},"author":3,"featured_media":265793,"comment_status":"","ping_status":"closed","template":"","categories":[1],"tags":[2983,22891,61,1003,2491,66],"class_list":["post-265792","inforail","type-inforail","status-publish","has-post-thumbnail","hentry","category-kontrakty","tag-dzierzawa","tag-elektryczny-zespol-trakcyjny","tag-kolej","tag-koleje-dolnoslaskie","tag-koleje-slaskie","tag-pociag"],"acf":[],"yoast_head":"<!-- This site is optimized with the Yoast SEO Premium plugin v21.8 (Yoast SEO v23.7) - https:\/\/yoast.com\/wordpress\/plugins\/seo\/ -->\n<title>Nadmiar poci\u0105g\u00f3w w Kolejach Dolno\u015bl\u0105skich? Dwa trafi\u0105 do Kolei \u015al\u0105skich (aktualizacja) - TransInfo Archiwum<\/title>\n<meta name=\"description\" content=\"Koleje \u015al\u0105skie wydzier\u017cawi\u0142y dwa elektryczne zespo\u0142y trakcyjne od Kolei Dolno\u015bl\u0105skich. Zam\u00f3wienie zosta\u0142o udzielone w trybie bez przetargu.\" \/>\n<meta name=\"robots\" content=\"index, follow, max-snippet:-1, max-image-preview:large, max-video-preview:-1\" \/>\n<link rel=\"canonical\" href=\"https:\/\/transinfo.pl\/x\/inforail\/nadmiar-pociagow-w-kolejach-dolnoslaskich-dwa-trafia-do-kolei-slaskich\/\" \/>\n<meta property=\"og:locale\" content=\"pl_PL\" \/>\n<meta property=\"og:type\" content=\"article\" \/>\n<meta property=\"og:title\" content=\"Nadmiar poci\u0105g\u00f3w w Kolejach Dolno\u015bl\u0105skich? Dwa trafi\u0105 do Kolei \u015al\u0105skich (aktualizacja)\" \/>\n<meta property=\"og:description\" content=\"Koleje \u015al\u0105skie wydzier\u017cawi\u0142y dwa elektryczne zespo\u0142y trakcyjne od Kolei Dolno\u015bl\u0105skich. Zam\u00f3wienie zosta\u0142o udzielone w trybie bez przetargu.\" \/>\n<meta property=\"og:url\" content=\"https:\/\/transinfo.pl\/x\/inforail\/nadmiar-pociagow-w-kolejach-dolnoslaskich-dwa-trafia-do-kolei-slaskich\/\" \/>\n<meta property=\"og:site_name\" content=\"TransInfo Archiwum\" \/>\n<meta property=\"og:image\" content=\"https:\/\/transinfo.pl\/x\/wp-content\/uploads\/2024\/03\/Dolnoslaski-EN57AL-1542-potrzebuje-P4-foto-KD-0-1-1.jpg\" \/>\n\t<meta property=\"og:image:width\" content=\"1\" \/>\n\t<meta property=\"og:image:height\" content=\"1\" \/>\n\t<meta property=\"og:image:type\" content=\"image\/jpeg\" \/>\n<meta name=\"twitter:card\" content=\"summary_large_image\" \/>\n<meta name=\"twitter:label1\" content=\"Szacowany czas czytania\" \/>\n\t<meta name=\"twitter:data1\" content=\"2 minuty\" \/>\n<script type=\"application\/ld+json\" class=\"yoast-schema-graph\">{\"@context\":\"https:\/\/schema.org\",\"@graph\":[{\"@type\":\"WebPage\",\"@id\":\"https:\/\/transinfo.pl\/x\/inforail\/nadmiar-pociagow-w-kolejach-dolnoslaskich-dwa-trafia-do-kolei-slaskich\/\",\"url\":\"https:\/\/transinfo.pl\/x\/inforail\/nadmiar-pociagow-w-kolejach-dolnoslaskich-dwa-trafia-do-kolei-slaskich\/\",\"name\":\"Nadmiar poci\u0105g\u00f3w w Kolejach Dolno\u015bl\u0105skich? Dwa trafi\u0105 do Kolei \u015al\u0105skich (aktualizacja) - TransInfo Archiwum\",\"isPartOf\":{\"@id\":\"https:\/\/transinfo.pl\/x\/#website\"},\"primaryImageOfPage\":{\"@id\":\"https:\/\/transinfo.pl\/x\/inforail\/nadmiar-pociagow-w-kolejach-dolnoslaskich-dwa-trafia-do-kolei-slaskich\/#primaryimage\"},\"image\":{\"@id\":\"https:\/\/transinfo.pl\/x\/inforail\/nadmiar-pociagow-w-kolejach-dolnoslaskich-dwa-trafia-do-kolei-slaskich\/#primaryimage\"},\"thumbnailUrl\":\"https:\/\/transinfo.pl\/x\/wp-content\/uploads\/2024\/03\/Dolnoslaski-EN57AL-1542-potrzebuje-P4-foto-KD-0-1-1.jpg\",\"datePublished\":\"2024-03-05T11:15:16+00:00\",\"dateModified\":\"2024-03-05T11:15:16+00:00\",\"description\":\"Koleje \u015al\u0105skie wydzier\u017cawi\u0142y dwa elektryczne zespo\u0142y trakcyjne od Kolei Dolno\u015bl\u0105skich. Zam\u00f3wienie zosta\u0142o udzielone w trybie bez przetargu.\",\"breadcrumb\":{\"@id\":\"https:\/\/transinfo.pl\/x\/inforail\/nadmiar-pociagow-w-kolejach-dolnoslaskich-dwa-trafia-do-kolei-slaskich\/#breadcrumb\"},\"inLanguage\":\"pl-PL\",\"potentialAction\":[{\"@type\":\"ReadAction\",\"target\":[\"https:\/\/transinfo.pl\/x\/inforail\/nadmiar-pociagow-w-kolejach-dolnoslaskich-dwa-trafia-do-kolei-slaskich\/\"]}]},{\"@type\":\"ImageObject\",\"inLanguage\":\"pl-PL\",\"@id\":\"https:\/\/transinfo.pl\/x\/inforail\/nadmiar-pociagow-w-kolejach-dolnoslaskich-dwa-trafia-do-kolei-slaskich\/#primaryimage\",\"url\":\"https:\/\/transinfo.pl\/x\/wp-content\/uploads\/2024\/03\/Dolnoslaski-EN57AL-1542-potrzebuje-P4-foto-KD-0-1-1.jpg\",\"contentUrl\":\"https:\/\/transinfo.pl\/x\/wp-content\/uploads\/2024\/03\/Dolnoslaski-EN57AL-1542-potrzebuje-P4-foto-KD-0-1-1.jpg\"},{\"@type\":\"BreadcrumbList\",\"@id\":\"https:\/\/transinfo.pl\/x\/inforail\/nadmiar-pociagow-w-kolejach-dolnoslaskich-dwa-trafia-do-kolei-slaskich\/#breadcrumb\",\"itemListElement\":[{\"@type\":\"ListItem\",\"position\":1,\"name\":\"Home\",\"item\":\"https:\/\/transinfo.pl\/x\/\"},{\"@type\":\"ListItem\",\"position\":2,\"name\":\"Inforail\",\"item\":\"https:\/\/transinfo.pl\/x\/inforail\/\"},{\"@type\":\"ListItem\",\"position\":3,\"name\":\"Nadmiar poci\u0105g\u00f3w w Kolejach Dolno\u015bl\u0105skich? Dwa trafi\u0105 do Kolei \u015al\u0105skich (aktualizacja)\"}]},{\"@type\":\"WebSite\",\"@id\":\"https:\/\/transinfo.pl\/x\/#website\",\"url\":\"https:\/\/transinfo.pl\/x\/\",\"name\":\"TransInfo Archiwum\",\"description\":\"Ca\u0142y transport w jednym miejscu\",\"publisher\":{\"@id\":\"https:\/\/transinfo.pl\/x\/#organization\"},\"potentialAction\":[{\"@type\":\"SearchAction\",\"target\":{\"@type\":\"EntryPoint\",\"urlTemplate\":\"https:\/\/transinfo.pl\/x\/?s={search_term_string}\"},\"query-input\":{\"@type\":\"PropertyValueSpecification\",\"valueRequired\":true,\"valueName\":\"search_term_string\"}}],\"inLanguage\":\"pl-PL\"},{\"@type\":\"Organization\",\"@id\":\"https:\/\/transinfo.pl\/x\/#organization\",\"name\":\"TransInfo\",\"url\":\"https:\/\/transinfo.pl\/x\/\",\"logo\":{\"@type\":\"ImageObject\",\"inLanguage\":\"pl-PL\",\"@id\":\"https:\/\/transinfo.pl\/x\/#\/schema\/logo\/image\/\",\"url\":\"https:\/\/transinfo.pl\/x\/wp-content\/uploads\/2024\/10\/favicon.png\",\"contentUrl\":\"https:\/\/transinfo.pl\/x\/wp-content\/uploads\/2024\/10\/favicon.png\",\"width\":512,\"height\":512,\"caption\":\"TransInfo\"},\"image\":{\"@id\":\"https:\/\/transinfo.pl\/x\/#\/schema\/logo\/image\/\"}}]}<\/script>\n<!-- \/ Yoast SEO Premium plugin. -->","yoast_head_json":{"title":"Nadmiar poci\u0105g\u00f3w w Kolejach Dolno\u015bl\u0105skich? Dwa trafi\u0105 do Kolei \u015al\u0105skich (aktualizacja) - TransInfo Archiwum","description":"Koleje \u015al\u0105skie wydzier\u017cawi\u0142y dwa elektryczne zespo\u0142y trakcyjne od Kolei Dolno\u015bl\u0105skich. Zam\u00f3wienie zosta\u0142o udzielone w trybie bez przetargu.","robots":{"index":"index","follow":"follow","max-snippet":"max-snippet:-1","max-image-preview":"max-image-preview:large","max-video-preview":"max-video-preview:-1"},"canonical":"https:\/\/transinfo.pl\/x\/inforail\/nadmiar-pociagow-w-kolejach-dolnoslaskich-dwa-trafia-do-kolei-slaskich\/","og_locale":"pl_PL","og_type":"article","og_title":"Nadmiar poci\u0105g\u00f3w w Kolejach Dolno\u015bl\u0105skich? Dwa trafi\u0105 do Kolei \u015al\u0105skich (aktualizacja)","og_description":"Koleje \u015al\u0105skie wydzier\u017cawi\u0142y dwa elektryczne zespo\u0142y trakcyjne od Kolei Dolno\u015bl\u0105skich. Zam\u00f3wienie zosta\u0142o udzielone w trybie bez przetargu.","og_url":"https:\/\/transinfo.pl\/x\/inforail\/nadmiar-pociagow-w-kolejach-dolnoslaskich-dwa-trafia-do-kolei-slaskich\/","og_site_name":"TransInfo Archiwum","og_image":[{"url":"https:\/\/transinfo.pl\/x\/wp-content\/uploads\/2024\/03\/Dolnoslaski-EN57AL-1542-potrzebuje-P4-foto-KD-0-1-1.jpg","width":1,"height":1,"type":"image\/jpeg"}],"twitter_card":"summary_large_image","twitter_misc":{"Szacowany czas czytania":"2 minuty"},"schema":{"@context":"https:\/\/schema.org","@graph":[{"@type":"WebPage","@id":"https:\/\/transinfo.pl\/x\/inforail\/nadmiar-pociagow-w-kolejach-dolnoslaskich-dwa-trafia-do-kolei-slaskich\/","url":"https:\/\/transinfo.pl\/x\/inforail\/nadmiar-pociagow-w-kolejach-dolnoslaskich-dwa-trafia-do-kolei-slaskich\/","name":"Nadmiar poci\u0105g\u00f3w w Kolejach Dolno\u015bl\u0105skich? Dwa trafi\u0105 do Kolei \u015al\u0105skich (aktualizacja) - TransInfo Archiwum","isPartOf":{"@id":"https:\/\/transinfo.pl\/x\/#website"},"primaryImageOfPage":{"@id":"https:\/\/transinfo.pl\/x\/inforail\/nadmiar-pociagow-w-kolejach-dolnoslaskich-dwa-trafia-do-kolei-slaskich\/#primaryimage"},"image":{"@id":"https:\/\/transinfo.pl\/x\/inforail\/nadmiar-pociagow-w-kolejach-dolnoslaskich-dwa-trafia-do-kolei-slaskich\/#primaryimage"},"thumbnailUrl":"https:\/\/transinfo.pl\/x\/wp-content\/uploads\/2024\/03\/Dolnoslaski-EN57AL-1542-potrzebuje-P4-foto-KD-0-1-1.jpg","datePublished":"2024-03-05T11:15:16+00:00","dateModified":"2024-03-05T11:15:16+00:00","description":"Koleje \u015al\u0105skie wydzier\u017cawi\u0142y dwa elektryczne zespo\u0142y trakcyjne od Kolei Dolno\u015bl\u0105skich. Zam\u00f3wienie zosta\u0142o udzielone w trybie bez przetargu.","breadcrumb":{"@id":"https:\/\/transinfo.pl\/x\/inforail\/nadmiar-pociagow-w-kolejach-dolnoslaskich-dwa-trafia-do-kolei-slaskich\/#breadcrumb"},"inLanguage":"pl-PL","potentialAction":[{"@type":"ReadAction","target":["https:\/\/transinfo.pl\/x\/inforail\/nadmiar-pociagow-w-kolejach-dolnoslaskich-dwa-trafia-do-kolei-slaskich\/"]}]},{"@type":"ImageObject","inLanguage":"pl-PL","@id":"https:\/\/transinfo.pl\/x\/inforail\/nadmiar-pociagow-w-kolejach-dolnoslaskich-dwa-trafia-do-kolei-slaskich\/#primaryimage","url":"https:\/\/transinfo.pl\/x\/wp-content\/uploads\/2024\/03\/Dolnoslaski-EN57AL-1542-potrzebuje-P4-foto-KD-0-1-1.jpg","contentUrl":"https:\/\/transinfo.pl\/x\/wp-content\/uploads\/2024\/03\/Dolnoslaski-EN57AL-1542-potrzebuje-P4-foto-KD-0-1-1.jpg"},{"@type":"BreadcrumbList","@id":"https:\/\/transinfo.pl\/x\/inforail\/nadmiar-pociagow-w-kolejach-dolnoslaskich-dwa-trafia-do-kolei-slaskich\/#breadcrumb","itemListElement":[{"@type":"ListItem","position":1,"name":"Home","item":"https:\/\/transinfo.pl\/x\/"},{"@type":"ListItem","position":2,"name":"Inforail","item":"https:\/\/transinfo.pl\/x\/inforail\/"},{"@type":"ListItem","position":3,"name":"Nadmiar poci\u0105g\u00f3w w Kolejach Dolno\u015bl\u0105skich? Dwa trafi\u0105 do Kolei \u015al\u0105skich (aktualizacja)"}]},{"@type":"WebSite","@id":"https:\/\/transinfo.pl\/x\/#website","url":"https:\/\/transinfo.pl\/x\/","name":"TransInfo Archiwum","description":"Ca\u0142y transport w jednym miejscu","publisher":{"@id":"https:\/\/transinfo.pl\/x\/#organization"},"potentialAction":[{"@type":"SearchAction","target":{"@type":"EntryPoint","urlTemplate":"https:\/\/transinfo.pl\/x\/?s={search_term_string}"},"query-input":{"@type":"PropertyValueSpecification","valueRequired":true,"valueName":"search_term_string"}}],"inLanguage":"pl-PL"},{"@type":"Organization","@id":"https:\/\/transinfo.pl\/x\/#organization","name":"TransInfo","url":"https:\/\/transinfo.pl\/x\/","logo":{"@type":"ImageObject","inLanguage":"pl-PL","@id":"https:\/\/transinfo.pl\/x\/#\/schema\/logo\/image\/","url":"https:\/\/transinfo.pl\/x\/wp-content\/uploads\/2024\/10\/favicon.png","contentUrl":"https:\/\/transinfo.pl\/x\/wp-content\/uploads\/2024\/10\/favicon.png","width":512,"height":512,"caption":"TransInfo"},"image":{"@id":"https:\/\/transinfo.pl\/x\/#\/schema\/logo\/image\/"}}]}},"_links":{"self":[{"href":"https:\/\/transinfo.pl\/x\/wp-json\/wp\/v2\/inforail\/265792","targetHints":{"allow":["GET"]}}],"collection":[{"href":"https:\/\/transinfo.pl\/x\/wp-json\/wp\/v2\/inforail"}],"about":[{"href":"https:\/\/transinfo.pl\/x\/wp-json\/wp\/v2\/types\/inforail"}],"author":[{"embeddable":true,"href":"https:\/\/transinfo.pl\/x\/wp-json\/wp\/v2\/users\/3"}],"replies":[{"embeddable":true,"href":"https:\/\/transinfo.pl\/x\/wp-json\/wp\/v2\/comments?post=265792"}],"wp:featuredmedia":[{"embeddable":true,"href":"https:\/\/transinfo.pl\/x\/wp-json\/wp\/v2\/media\/265793"}],"wp:attachment":[{"href":"https:\/\/transinfo.pl\/x\/wp-json\/wp\/v2\/media?parent=265792"}],"wp:term":[{"taxonomy":"category","embeddable":true,"href":"https:\/\/transinfo.pl\/x\/wp-json\/wp\/v2\/categories?post=265792"},{"taxonomy":"post_tag","embeddable":true,"href":"https:\/\/transinfo.pl\/x\/wp-json\/wp\/v2\/tags?post=265792"}],"curies":[{"name":"wp","href":"https:\/\/api.w.org\/{rel}","templated":true}]}}