{"id":265032,"date":"2024-02-16T14:45:00","date_gmt":"2024-02-16T14:45:00","guid":{"rendered":"https:\/\/transinfo.pl\/x\/inforail\/do-ktorych-pociagow-zostana-wlaczone-wagony-zmodernizowane-przez-fps-mamy-liste\/"},"modified":"2024-02-16T14:45:00","modified_gmt":"2024-02-16T14:45:00","slug":"do-ktorych-pociagow-zostana-wlaczone-wagony-zmodernizowane-przez-fps-mamy-liste","status":"publish","type":"inforail","link":"https:\/\/transinfo.pl\/x\/inforail\/do-ktorych-pociagow-zostana-wlaczone-wagony-zmodernizowane-przez-fps-mamy-liste\/","title":{"rendered":"Do kt\u00f3rych poci\u0105g\u00f3w zostan\u0105 w\u0142\u0105czone wagony zmodernizowane przez FPS? Mamy list\u0119"},"content":{"rendered":"<style>h1,h2,h3,h4,h5,h6{margin:0 0 1.25rem;font-family:Arial,sans-serif;font-weight:600;color:#050505}h1{font-size:1.875rem;line-height:1.1em;text-transform:none}@media(min-width: 768px){h1{font-size:2.375rem}}h2{font-size:1.1875rem;line-height:1.2em;text-transform:uppercase}@media(min-width: 768px){h2{font-size:1.0625rem}}h3{font-size:0.9375rem;line-height:1.4em;font-weight:900;margin-bottom:0.9375rem}h4{font-size:0.875rem;line-height:1.2em;font-weight:500}h5{font-size:0.9375rem;line-height:1.6;font-weight:400}h6{font-size:0.9375rem;line-height:1.6;font-weight:600}\n<\/style>\n<h3 class=\"wp-block-heading\" id=\"h-jak-juz-informowalismy-na-lamach-inforail-pl-w-trakcie-obowiazywania-marcowej-korekty-rozkladu-jazdy-pkp-intercity-wdrozy-do-ruchu-z-pasazerami-kolejne-wagony-zmodernizowane-przez-h-cegielski-fabryke-pojazdow-szynowych-w-poznaniu\">Jak ju\u017c informowali\u015bmy na \u0142amach InfoRail.pl w trakcie obowi\u0105zywania marcowej korekty rozk\u0142adu jazdy, PKP Intercity wdro\u017cy do ruchu z pasa\u017cerami kolejne wagony zmodernizowane przez H. Cegielski &#8211; Fabryk\u0119 Pojazd\u00f3w Szynowych w Poznaniu. <\/h3>\n\n\n<style>p{margin:0 0 1.5rem}p:last-child{margin:0}p.is-style-uppercase{text-transform:uppercase}p.is-style-preheading{color:#12406a;text-transform:uppercase}p.is-style-leadparagraph{font-size:1rem;line-height:1.625;font-weight:700}@media(min-width: 768px){p.is-style-leadparagraph{font-size:1.125rem;line-height:1.5555555556}}p.has-small-margin{margin-bottom:0.625rem}p.has-small-margin+h1,p.has-small-margin+h2,p.has-small-margin+h3{margin-top:1.875rem}\n<\/style>\n<p>Od przewo\u017anika dostali\u015bmy list\u0119 sk\u0142ad\u00f3w, do kt\u00f3rych wagony zostan\u0105 w\u0142\u0105czone. <\/p>\n\n\n\n<h2 class=\"wp-block-heading\" id=\"h-gdzie-pojedziemy-nowymi-wagonami\">Gdzie pojedziemy nowymi wagonami? <\/h2>\n\n\n<style>.wp-block-quote{border-left:0.1875rem solid var(--page-color);font-size:1rem;font-style:italic;margin:0 0 1.6875rem;padding:1.25rem}.wp-block-quote cite{color:#050505}.wp-block-quote.is-style-large p{margin-bottom:10px}.wp-block-quote.is-style-large cite{color:#12406a}\n<\/style>\n<blockquote class=\"wp-block-quote is-layout-flow wp-block-quote-is-layout-flow\">\n<p>Obecnie PKP Intercity odebra\u0142o 53 wagony 174A, zmodernizowane przez H. Cegielski FPS w Poznaniu. Wagony zosta\u0142y przekazane do Zak\u0142adu Zachodniego (30) oraz do Zak\u0142adu Centralnego (23). B\u0119d\u0105 one w\u0142\u0105czane na sta\u0142e do poci\u0105g\u00f3w kategorii InterCity: Na\u0142kowska, D\u0105browska, Konopnicka, Ole\u0144ka, Siemieradzki, Przemy\u015blanin, Che\u0142mo\u0144ski, Wyspia\u0144ski, Gwarek, Hetman. Pojazdy b\u0119d\u0105 tak\u017ce wykorzystywane operacyjnie, m.in. do realizacji wzmocnie\u0144 &#8211; poinformowa\u0142 nas Cezary Nowak, rzecznik prasowy PKP Intercity.<\/p>\n<\/blockquote>\n\n\n\n<p><\/p>\n\n\n<style>.wp-block-image{margin:1.25rem 0;text-align:center}.wp-block-image figcaption{padding:0 0.9375rem;text-align:center}\n<\/style>\n<figure class=\"wp-block-image size-large\"><a href=\"https:\/\/transinfo.pl\/wp-content\/uploads\/2024\/02\/PKP-Intercity-1.jpg\"><img decoding=\"async\" src=\"https:\/\/transinfo.pl\/wp-content\/uploads\/2024\/02\/PKP-Intercity-1-1024x682.jpg\" alt=\"Jak ju\u017c informowali\u015bmy na \u0142amach InfoRail.pl w trakcie obowi\u0105zywania marcowej korekty rozk\u0142adu jazdy, PKP Intercity wdro\u017cy do ruchu z pasa\u017cerami kolejne wagony zmodernizowane przez H. Cegielski - Fabryk\u0119 Pojazd\u00f3w Szynowych w Poznaniu. \" class=\"wp-image-464235\" \/><\/a><figcaption class=\"wp-element-caption\">Sk\u0142ad wagonowy PKP Intercity\/foto: PKP IC<\/figcaption><\/figure>\n\n\n\n<p><\/p>\n\n\n\n<p>Przypomnijmy, \u017ce wagony posiadaj\u0105 sze\u015bciomiejscowe klimatyzowane przedzia\u0142y, w kt\u00f3rych s\u0105 gniazdka elektryczne, regulowane fotele oraz dzia\u0142a bezprzewodowy internet.<\/p>\n\n\n\n<p>W przedsionkach znajduj\u0105 si\u0119 nowoczesne toalety i systemy informacji pasa\u017cerskiej. Wagony, dzi\u0119ki nowym oraz cichym w\u00f3zkom, mog\u0105 porusza\u0107 si\u0119 z pr\u0119dko\u015bci\u0105 160 km\/h zapewniaj\u0105c komfortow\u0105 podr\u00f3\u017c. W\u0142\u0105czane b\u0119d\u0105 do poci\u0105g\u00f3w kategorii InterCity, kursuj\u0105cych po ca\u0142ej Polsce.<\/p>\n","protected":false},"author":3,"featured_media":265033,"comment_status":"","ping_status":"closed","template":"","categories":[26],"tags":[22887,915,29,66,905],"class_list":["post-265032","inforail","type-inforail","status-publish","has-post-thumbnail","hentry","category-przewoznicy","tag-fabryka-pojazdow-szynowych","tag-modernizacja","tag-pkp-intercity","tag-pociag","tag-wagon"],"acf":[],"yoast_head":"<!-- This site is optimized with the Yoast SEO Premium plugin v21.8 (Yoast SEO v23.7) - https:\/\/yoast.com\/wordpress\/plugins\/seo\/ -->\n<title>Do kt\u00f3rych poci\u0105g\u00f3w zostan\u0105 w\u0142\u0105czone wagony zmodernizowane przez FPS? Mamy list\u0119 - TransInfo Archiwum<\/title>\n<meta name=\"description\" content=\"Jak ju\u017c informowali\u015bmy na \u0142amach InfoRail.pl w trakcie obowi\u0105zywania marcowej korekty rozk\u0142adu jazdy, PKP Intercity wdro\u017cy do ruchu wagony.\" \/>\n<meta name=\"robots\" content=\"index, follow, max-snippet:-1, max-image-preview:large, max-video-preview:-1\" \/>\n<link rel=\"canonical\" href=\"https:\/\/transinfo.pl\/x\/inforail\/do-ktorych-pociagow-zostana-wlaczone-wagony-zmodernizowane-przez-fps-mamy-liste\/\" \/>\n<meta property=\"og:locale\" content=\"pl_PL\" \/>\n<meta property=\"og:type\" content=\"article\" \/>\n<meta property=\"og:title\" content=\"Do kt\u00f3rych poci\u0105g\u00f3w zostan\u0105 w\u0142\u0105czone wagony zmodernizowane przez FPS? Mamy list\u0119\" \/>\n<meta property=\"og:description\" content=\"Jak ju\u017c informowali\u015bmy na \u0142amach InfoRail.pl w trakcie obowi\u0105zywania marcowej korekty rozk\u0142adu jazdy, PKP Intercity wdro\u017cy do ruchu wagony.\" \/>\n<meta property=\"og:url\" content=\"https:\/\/transinfo.pl\/x\/inforail\/do-ktorych-pociagow-zostana-wlaczone-wagony-zmodernizowane-przez-fps-mamy-liste\/\" \/>\n<meta property=\"og:site_name\" content=\"TransInfo Archiwum\" \/>\n<meta property=\"og:image\" content=\"https:\/\/transinfo.pl\/x\/wp-content\/uploads\/2024\/02\/FPS-Cegielski-zmodernizuje-60-wagonow-141A-111A-PKP-Intercity-0-1.jpg\" \/>\n\t<meta property=\"og:image:width\" content=\"1\" \/>\n\t<meta property=\"og:image:height\" content=\"1\" \/>\n\t<meta property=\"og:image:type\" content=\"image\/jpeg\" \/>\n<meta name=\"twitter:card\" content=\"summary_large_image\" \/>\n<meta name=\"twitter:label1\" content=\"Szacowany czas czytania\" \/>\n\t<meta name=\"twitter:data1\" content=\"1 minuta\" \/>\n<script type=\"application\/ld+json\" class=\"yoast-schema-graph\">{\"@context\":\"https:\/\/schema.org\",\"@graph\":[{\"@type\":\"WebPage\",\"@id\":\"https:\/\/transinfo.pl\/x\/inforail\/do-ktorych-pociagow-zostana-wlaczone-wagony-zmodernizowane-przez-fps-mamy-liste\/\",\"url\":\"https:\/\/transinfo.pl\/x\/inforail\/do-ktorych-pociagow-zostana-wlaczone-wagony-zmodernizowane-przez-fps-mamy-liste\/\",\"name\":\"Do kt\u00f3rych poci\u0105g\u00f3w zostan\u0105 w\u0142\u0105czone wagony zmodernizowane przez FPS? Mamy list\u0119 - TransInfo Archiwum\",\"isPartOf\":{\"@id\":\"https:\/\/transinfo.pl\/x\/#website\"},\"primaryImageOfPage\":{\"@id\":\"https:\/\/transinfo.pl\/x\/inforail\/do-ktorych-pociagow-zostana-wlaczone-wagony-zmodernizowane-przez-fps-mamy-liste\/#primaryimage\"},\"image\":{\"@id\":\"https:\/\/transinfo.pl\/x\/inforail\/do-ktorych-pociagow-zostana-wlaczone-wagony-zmodernizowane-przez-fps-mamy-liste\/#primaryimage\"},\"thumbnailUrl\":\"https:\/\/transinfo.pl\/x\/wp-content\/uploads\/2024\/02\/FPS-Cegielski-zmodernizuje-60-wagonow-141A-111A-PKP-Intercity-0-1.jpg\",\"datePublished\":\"2024-02-16T14:45:00+00:00\",\"dateModified\":\"2024-02-16T14:45:00+00:00\",\"description\":\"Jak ju\u017c informowali\u015bmy na \u0142amach InfoRail.pl w trakcie obowi\u0105zywania marcowej korekty rozk\u0142adu jazdy, PKP Intercity wdro\u017cy do ruchu wagony.\",\"breadcrumb\":{\"@id\":\"https:\/\/transinfo.pl\/x\/inforail\/do-ktorych-pociagow-zostana-wlaczone-wagony-zmodernizowane-przez-fps-mamy-liste\/#breadcrumb\"},\"inLanguage\":\"pl-PL\",\"potentialAction\":[{\"@type\":\"ReadAction\",\"target\":[\"https:\/\/transinfo.pl\/x\/inforail\/do-ktorych-pociagow-zostana-wlaczone-wagony-zmodernizowane-przez-fps-mamy-liste\/\"]}]},{\"@type\":\"ImageObject\",\"inLanguage\":\"pl-PL\",\"@id\":\"https:\/\/transinfo.pl\/x\/inforail\/do-ktorych-pociagow-zostana-wlaczone-wagony-zmodernizowane-przez-fps-mamy-liste\/#primaryimage\",\"url\":\"https:\/\/transinfo.pl\/x\/wp-content\/uploads\/2024\/02\/FPS-Cegielski-zmodernizuje-60-wagonow-141A-111A-PKP-Intercity-0-1.jpg\",\"contentUrl\":\"https:\/\/transinfo.pl\/x\/wp-content\/uploads\/2024\/02\/FPS-Cegielski-zmodernizuje-60-wagonow-141A-111A-PKP-Intercity-0-1.jpg\"},{\"@type\":\"BreadcrumbList\",\"@id\":\"https:\/\/transinfo.pl\/x\/inforail\/do-ktorych-pociagow-zostana-wlaczone-wagony-zmodernizowane-przez-fps-mamy-liste\/#breadcrumb\",\"itemListElement\":[{\"@type\":\"ListItem\",\"position\":1,\"name\":\"Home\",\"item\":\"https:\/\/transinfo.pl\/x\/\"},{\"@type\":\"ListItem\",\"position\":2,\"name\":\"Inforail\",\"item\":\"https:\/\/transinfo.pl\/x\/inforail\/\"},{\"@type\":\"ListItem\",\"position\":3,\"name\":\"Do kt\u00f3rych poci\u0105g\u00f3w zostan\u0105 w\u0142\u0105czone wagony zmodernizowane przez FPS? Mamy list\u0119\"}]},{\"@type\":\"WebSite\",\"@id\":\"https:\/\/transinfo.pl\/x\/#website\",\"url\":\"https:\/\/transinfo.pl\/x\/\",\"name\":\"TransInfo Archiwum\",\"description\":\"Ca\u0142y transport w jednym miejscu\",\"publisher\":{\"@id\":\"https:\/\/transinfo.pl\/x\/#organization\"},\"potentialAction\":[{\"@type\":\"SearchAction\",\"target\":{\"@type\":\"EntryPoint\",\"urlTemplate\":\"https:\/\/transinfo.pl\/x\/?s={search_term_string}\"},\"query-input\":{\"@type\":\"PropertyValueSpecification\",\"valueRequired\":true,\"valueName\":\"search_term_string\"}}],\"inLanguage\":\"pl-PL\"},{\"@type\":\"Organization\",\"@id\":\"https:\/\/transinfo.pl\/x\/#organization\",\"name\":\"TransInfo\",\"url\":\"https:\/\/transinfo.pl\/x\/\",\"logo\":{\"@type\":\"ImageObject\",\"inLanguage\":\"pl-PL\",\"@id\":\"https:\/\/transinfo.pl\/x\/#\/schema\/logo\/image\/\",\"url\":\"https:\/\/transinfo.pl\/x\/wp-content\/uploads\/2024\/10\/favicon.png\",\"contentUrl\":\"https:\/\/transinfo.pl\/x\/wp-content\/uploads\/2024\/10\/favicon.png\",\"width\":512,\"height\":512,\"caption\":\"TransInfo\"},\"image\":{\"@id\":\"https:\/\/transinfo.pl\/x\/#\/schema\/logo\/image\/\"}}]}<\/script>\n<!-- \/ Yoast SEO Premium plugin. -->","yoast_head_json":{"title":"Do kt\u00f3rych poci\u0105g\u00f3w zostan\u0105 w\u0142\u0105czone wagony zmodernizowane przez FPS? Mamy list\u0119 - TransInfo Archiwum","description":"Jak ju\u017c informowali\u015bmy na \u0142amach InfoRail.pl w trakcie obowi\u0105zywania marcowej korekty rozk\u0142adu jazdy, PKP Intercity wdro\u017cy do ruchu wagony.","robots":{"index":"index","follow":"follow","max-snippet":"max-snippet:-1","max-image-preview":"max-image-preview:large","max-video-preview":"max-video-preview:-1"},"canonical":"https:\/\/transinfo.pl\/x\/inforail\/do-ktorych-pociagow-zostana-wlaczone-wagony-zmodernizowane-przez-fps-mamy-liste\/","og_locale":"pl_PL","og_type":"article","og_title":"Do kt\u00f3rych poci\u0105g\u00f3w zostan\u0105 w\u0142\u0105czone wagony zmodernizowane przez FPS? Mamy list\u0119","og_description":"Jak ju\u017c informowali\u015bmy na \u0142amach InfoRail.pl w trakcie obowi\u0105zywania marcowej korekty rozk\u0142adu jazdy, PKP Intercity wdro\u017cy do ruchu wagony.","og_url":"https:\/\/transinfo.pl\/x\/inforail\/do-ktorych-pociagow-zostana-wlaczone-wagony-zmodernizowane-przez-fps-mamy-liste\/","og_site_name":"TransInfo Archiwum","og_image":[{"url":"https:\/\/transinfo.pl\/x\/wp-content\/uploads\/2024\/02\/FPS-Cegielski-zmodernizuje-60-wagonow-141A-111A-PKP-Intercity-0-1.jpg","width":1,"height":1,"type":"image\/jpeg"}],"twitter_card":"summary_large_image","twitter_misc":{"Szacowany czas czytania":"1 minuta"},"schema":{"@context":"https:\/\/schema.org","@graph":[{"@type":"WebPage","@id":"https:\/\/transinfo.pl\/x\/inforail\/do-ktorych-pociagow-zostana-wlaczone-wagony-zmodernizowane-przez-fps-mamy-liste\/","url":"https:\/\/transinfo.pl\/x\/inforail\/do-ktorych-pociagow-zostana-wlaczone-wagony-zmodernizowane-przez-fps-mamy-liste\/","name":"Do kt\u00f3rych poci\u0105g\u00f3w zostan\u0105 w\u0142\u0105czone wagony zmodernizowane przez FPS? Mamy list\u0119 - TransInfo Archiwum","isPartOf":{"@id":"https:\/\/transinfo.pl\/x\/#website"},"primaryImageOfPage":{"@id":"https:\/\/transinfo.pl\/x\/inforail\/do-ktorych-pociagow-zostana-wlaczone-wagony-zmodernizowane-przez-fps-mamy-liste\/#primaryimage"},"image":{"@id":"https:\/\/transinfo.pl\/x\/inforail\/do-ktorych-pociagow-zostana-wlaczone-wagony-zmodernizowane-przez-fps-mamy-liste\/#primaryimage"},"thumbnailUrl":"https:\/\/transinfo.pl\/x\/wp-content\/uploads\/2024\/02\/FPS-Cegielski-zmodernizuje-60-wagonow-141A-111A-PKP-Intercity-0-1.jpg","datePublished":"2024-02-16T14:45:00+00:00","dateModified":"2024-02-16T14:45:00+00:00","description":"Jak ju\u017c informowali\u015bmy na \u0142amach InfoRail.pl w trakcie obowi\u0105zywania marcowej korekty rozk\u0142adu jazdy, PKP Intercity wdro\u017cy do ruchu wagony.","breadcrumb":{"@id":"https:\/\/transinfo.pl\/x\/inforail\/do-ktorych-pociagow-zostana-wlaczone-wagony-zmodernizowane-przez-fps-mamy-liste\/#breadcrumb"},"inLanguage":"pl-PL","potentialAction":[{"@type":"ReadAction","target":["https:\/\/transinfo.pl\/x\/inforail\/do-ktorych-pociagow-zostana-wlaczone-wagony-zmodernizowane-przez-fps-mamy-liste\/"]}]},{"@type":"ImageObject","inLanguage":"pl-PL","@id":"https:\/\/transinfo.pl\/x\/inforail\/do-ktorych-pociagow-zostana-wlaczone-wagony-zmodernizowane-przez-fps-mamy-liste\/#primaryimage","url":"https:\/\/transinfo.pl\/x\/wp-content\/uploads\/2024\/02\/FPS-Cegielski-zmodernizuje-60-wagonow-141A-111A-PKP-Intercity-0-1.jpg","contentUrl":"https:\/\/transinfo.pl\/x\/wp-content\/uploads\/2024\/02\/FPS-Cegielski-zmodernizuje-60-wagonow-141A-111A-PKP-Intercity-0-1.jpg"},{"@type":"BreadcrumbList","@id":"https:\/\/transinfo.pl\/x\/inforail\/do-ktorych-pociagow-zostana-wlaczone-wagony-zmodernizowane-przez-fps-mamy-liste\/#breadcrumb","itemListElement":[{"@type":"ListItem","position":1,"name":"Home","item":"https:\/\/transinfo.pl\/x\/"},{"@type":"ListItem","position":2,"name":"Inforail","item":"https:\/\/transinfo.pl\/x\/inforail\/"},{"@type":"ListItem","position":3,"name":"Do kt\u00f3rych poci\u0105g\u00f3w zostan\u0105 w\u0142\u0105czone wagony zmodernizowane przez FPS? Mamy list\u0119"}]},{"@type":"WebSite","@id":"https:\/\/transinfo.pl\/x\/#website","url":"https:\/\/transinfo.pl\/x\/","name":"TransInfo Archiwum","description":"Ca\u0142y transport w jednym miejscu","publisher":{"@id":"https:\/\/transinfo.pl\/x\/#organization"},"potentialAction":[{"@type":"SearchAction","target":{"@type":"EntryPoint","urlTemplate":"https:\/\/transinfo.pl\/x\/?s={search_term_string}"},"query-input":{"@type":"PropertyValueSpecification","valueRequired":true,"valueName":"search_term_string"}}],"inLanguage":"pl-PL"},{"@type":"Organization","@id":"https:\/\/transinfo.pl\/x\/#organization","name":"TransInfo","url":"https:\/\/transinfo.pl\/x\/","logo":{"@type":"ImageObject","inLanguage":"pl-PL","@id":"https:\/\/transinfo.pl\/x\/#\/schema\/logo\/image\/","url":"https:\/\/transinfo.pl\/x\/wp-content\/uploads\/2024\/10\/favicon.png","contentUrl":"https:\/\/transinfo.pl\/x\/wp-content\/uploads\/2024\/10\/favicon.png","width":512,"height":512,"caption":"TransInfo"},"image":{"@id":"https:\/\/transinfo.pl\/x\/#\/schema\/logo\/image\/"}}]}},"_links":{"self":[{"href":"https:\/\/transinfo.pl\/x\/wp-json\/wp\/v2\/inforail\/265032","targetHints":{"allow":["GET"]}}],"collection":[{"href":"https:\/\/transinfo.pl\/x\/wp-json\/wp\/v2\/inforail"}],"about":[{"href":"https:\/\/transinfo.pl\/x\/wp-json\/wp\/v2\/types\/inforail"}],"author":[{"embeddable":true,"href":"https:\/\/transinfo.pl\/x\/wp-json\/wp\/v2\/users\/3"}],"replies":[{"embeddable":true,"href":"https:\/\/transinfo.pl\/x\/wp-json\/wp\/v2\/comments?post=265032"}],"wp:featuredmedia":[{"embeddable":true,"href":"https:\/\/transinfo.pl\/x\/wp-json\/wp\/v2\/media\/265033"}],"wp:attachment":[{"href":"https:\/\/transinfo.pl\/x\/wp-json\/wp\/v2\/media?parent=265032"}],"wp:term":[{"taxonomy":"category","embeddable":true,"href":"https:\/\/transinfo.pl\/x\/wp-json\/wp\/v2\/categories?post=265032"},{"taxonomy":"post_tag","embeddable":true,"href":"https:\/\/transinfo.pl\/x\/wp-json\/wp\/v2\/tags?post=265032"}],"curies":[{"name":"wp","href":"https:\/\/api.w.org\/{rel}","templated":true}]}}