{"id":264136,"date":"2024-01-30T09:45:00","date_gmt":"2024-01-30T09:45:00","guid":{"rendered":"https:\/\/transinfo.pl\/x\/inforail\/swietokrzyskie-uruchomi-nowe-polaczenia-kolejowe-od-10-marca\/"},"modified":"2024-01-30T09:45:00","modified_gmt":"2024-01-30T09:45:00","slug":"swietokrzyskie-uruchomi-nowe-polaczenia-kolejowe-od-10-marca","status":"publish","type":"inforail","link":"https:\/\/transinfo.pl\/x\/inforail\/swietokrzyskie-uruchomi-nowe-polaczenia-kolejowe-od-10-marca\/","title":{"rendered":"\u015awi\u0119tokrzyskie uruchomi nowe po\u0142\u0105czenia kolejowe. Od 10 marca \u00a0"},"content":{"rendered":"<style>h1,h2,h3,h4,h5,h6{margin:0 0 1.25rem;font-family:Arial,sans-serif;font-weight:600;color:#050505}h1{font-size:1.875rem;line-height:1.1em;text-transform:none}@media(min-width: 768px){h1{font-size:2.375rem}}h2{font-size:1.1875rem;line-height:1.2em;text-transform:uppercase}@media(min-width: 768px){h2{font-size:1.0625rem}}h3{font-size:0.9375rem;line-height:1.4em;font-weight:900;margin-bottom:0.9375rem}h4{font-size:0.875rem;line-height:1.2em;font-weight:500}h5{font-size:0.9375rem;line-height:1.6;font-weight:400}h6{font-size:0.9375rem;line-height:1.6;font-weight:600}\n<\/style>\n<h3 class=\"wp-block-heading\" id=\"h-radni-sejmiku-wojewodztwa-swietokrzyskiego-przeglosowali-projekty-uchwal-w-sprawie-powierzenia-wojewodztwu-mazowieckiemu-zadania-organizacji-publicznego-transportu-zbiorowego-w-transporcie-kolejowym\">Radni Sejmiku wojew\u00f3dztwa \u015bwi\u0119tokrzyskiego przeg\u0142osowali projekty uchwa\u0142 w sprawie powierzenia Wojew\u00f3dztwu Mazowieckiemu zadania organizacji publicznego transportu zbiorowego w transporcie kolejowym.<\/h3>\n\n\n<style>p{margin:0 0 1.5rem}p:last-child{margin:0}p.is-style-uppercase{text-transform:uppercase}p.is-style-preheading{color:#12406a;text-transform:uppercase}p.is-style-leadparagraph{font-size:1rem;line-height:1.625;font-weight:700}@media(min-width: 768px){p.is-style-leadparagraph{font-size:1.125rem;line-height:1.5555555556}}p.has-small-margin{margin-bottom:0.625rem}p.has-small-margin+h1,p.has-small-margin+h2,p.has-small-margin+h3{margin-top:1.875rem}\n<\/style>\n<p>Chodzi o lini\u0119 komunikacyjn\u0105 Skar\u017cysko-Kamienna \u2013 granica wojew\u00f3dztwa \u2013 Radom na odcinku od Skar\u017cyska-Kamiennej do granicy wojew\u00f3dztwa \u015bwi\u0119tokrzyskiego.<\/p>\n\n\n\n<h2 class=\"wp-block-heading\" id=\"h-do-radomia-i-do-krakowa\">Do Radomia i do Krakowa<\/h2>\n\n\n\n<p>Wojew\u00f3dztwo \u015bwi\u0119tokrzyskie przej\u0119\u0142o natomiast od Wojew\u00f3dztwa Mazowieckiego zadania organizacji publicznego transportu zbiorowego w transporcie kolejowym na linii komunikacyjnej Radom \u2013 Skar\u017cysko-Kamienna \u2013 gr. wojew\u00f3dztwa \u2013 Kielce na odcinku od Radomia do granicy wojew\u00f3dztwa mazowieckiego.<\/p>\n\n\n\n<p>Uruchomimy dwie pary po\u0142\u0105cze\u0144. Jedna&nbsp; b\u0119dzie przed\u0142u\u017ceniem istniej\u0105cej relacji na odcinku Kielce \u2013 Skar\u017cysko-Kamienna, natomiast druga to zupe\u0142nie nowa oferta. Jest ona przygotowana pod potrzeby mieszka\u0144c\u00f3w, kt\u00f3rzy o takie po\u0142\u0105czenie zabiegali \u2013 m\u00f3wi\u0142 Tomasz Jamka, cz\u0142onek zarz\u0105du wojew\u00f3dztwa \u015bwi\u0119tokrzyskiego w Radiu Kielce.<\/p>\n\n\n\n<p>Poranny poci\u0105g do Radomia b\u0119dzie wyje\u017cd\u017ca\u0142 z Kielc o godz. 5:51, natomiast popo\u0142udniowy o godz. 15:10 (w Radomiu odpowiednio o godz.&nbsp; 7:17 i 16:45).<\/p>\n\n\n\n<p>Powroty z Radomia do Kielc zaplanowane s\u0105 o godz. 9:38 i 17:00 (w Kielcach odpowiednio o godz. 11:05 i 19:00).<\/p>\n\n\n\n<p>Podr\u00f3\u017cuj\u0105cy z po\u0142\u0105cze\u0144 popo\u0142udniowych skorzystaj\u0105 tak\u017ce w niedziel\u0119.<\/p>\n\n\n\n<p>Po\u0142\u0105czenia zostan\u0105 uruchomione 10 marca 2024 roku. Umowa obowi\u0105zuje do 14 grudnia 2030.<\/p>\n\n\n\n<p><\/p>\n\n\n\n<figure class=\"wp-block-gallery has-nested-images columns-default is-cropped wp-block-gallery-1 is-layout-flex wp-block-gallery-is-layout-flex\"><style>.wp-block-image{margin:1.25rem 0;text-align:center}.wp-block-image figcaption{padding:0 0.9375rem;text-align:center}\n<\/style>\n<figure class=\"wp-block-image size-large\"><a href=\"https:\/\/transinfo.pl\/wp-content\/uploads\/2024\/01\/widok-na-prezydium-Sejmiku-1024x494-2.jpg\"><img decoding=\"async\" data-id=\"462089\" src=\"https:\/\/transinfo.pl\/wp-content\/uploads\/2024\/01\/widok-na-prezydium-Sejmiku-1024x494-2.jpg\" alt=\"Radni Sejmiku wojew\u00f3dztwa \u015bwi\u0119tokrzyskiego przeg\u0142osowali projekty uchwa\u0142 w sprawie powierzenia Wojew\u00f3dztwu Mazowieckiemu zadania organizacji publicznego transportu zbiorowego w transporcie kolejowym.\" class=\"wp-image-462089\" \/><\/a><figcaption class=\"wp-element-caption\">Sesja sejmiku<\/figcaption><\/figure>\n<\/figure>\n\n\n\n<p><\/p>\n\n\n\n<p>Podj\u0119to tak\u017ce uchwa\u0142\u0119 obejmuj\u0105c\u0105 spraw\u0119 udzielenia Wojew\u00f3dztwu Ma\u0142opolskiemu pomocy finansowej w formie dotacji celowej z przeznaczeniem na dofinansowanie zadania w\u0142asnego dotycz\u0105cego organizacji po\u0142\u0105cze\u0144 o charakterze u\u017cyteczno\u015bci publicznej na linii komunikacyjnej Krak\u00f3w-S\u0119dzisz\u00f3w.<\/p>\n\n\n\n<p>Obie te uchwa\u0142y dotycz\u0105 zwi\u0119kszenia dost\u0119pno\u015bci po\u0142\u0105cze\u0144 kolejowych dla mieszka\u0144c\u00f3w wojew\u00f3dztwa \u015bwi\u0119tokrzyskiego, korzystaj\u0105cych z siatki po\u0142\u0105cze\u0144 obs\u0142ugiwanych przez sp\u00f3\u0142ki POLREGIO, Koleje Mazowieckie i Koleje Ma\u0142opolskie.<\/p>\n","protected":false},"author":3,"featured_media":264137,"comment_status":"","ping_status":"closed","template":"","categories":[24],"tags":[168,585,59,16644,1841,16679],"class_list":["post-264136","inforail","type-inforail","status-publish","has-post-thumbnail","hentry","category-prawo","tag-koleje-mazowieckie","tag-mazowieckie","tag-polregio","tag-rynek-kolejowy","tag-swietokrzyskie","tag-transport-kolejowy"],"acf":[],"yoast_head":"<!-- This site is optimized with the Yoast SEO Premium plugin v21.8 (Yoast SEO v23.7) - https:\/\/yoast.com\/wordpress\/plugins\/seo\/ -->\n<title>\u015awi\u0119tokrzyskie uruchomi nowe po\u0142\u0105czenia kolejowe. Od 10 marca \u00a0 - TransInfo Archiwum<\/title>\n<meta name=\"description\" content=\"\u015awi\u0119tokrzyskie powierzy Wojew\u00f3dztwu Mazowieckiemu zadania organizacji publicznego transportu zbiorowego w transporcie kolejowym.\" \/>\n<meta name=\"robots\" content=\"index, follow, max-snippet:-1, max-image-preview:large, max-video-preview:-1\" \/>\n<link rel=\"canonical\" href=\"https:\/\/transinfo.pl\/x\/inforail\/swietokrzyskie-uruchomi-nowe-polaczenia-kolejowe-od-10-marca\/\" \/>\n<meta property=\"og:locale\" content=\"pl_PL\" \/>\n<meta property=\"og:type\" content=\"article\" \/>\n<meta property=\"og:title\" content=\"\u015awi\u0119tokrzyskie uruchomi nowe po\u0142\u0105czenia kolejowe. Od 10 marca \u00a0\" \/>\n<meta property=\"og:description\" content=\"\u015awi\u0119tokrzyskie powierzy Wojew\u00f3dztwu Mazowieckiemu zadania organizacji publicznego transportu zbiorowego w transporcie kolejowym.\" \/>\n<meta property=\"og:url\" content=\"https:\/\/transinfo.pl\/x\/inforail\/swietokrzyskie-uruchomi-nowe-polaczenia-kolejowe-od-10-marca\/\" \/>\n<meta property=\"og:site_name\" content=\"TransInfo Archiwum\" \/>\n<meta property=\"og:image\" content=\"https:\/\/transinfo.pl\/x\/wp-content\/uploads\/2024\/01\/KOLEJE-MAZOWIECKIE-EN57-1923-scaled-6-851x550-1-851x550-1.jpg\" \/>\n\t<meta property=\"og:image:width\" content=\"1\" \/>\n\t<meta property=\"og:image:height\" content=\"1\" \/>\n\t<meta property=\"og:image:type\" content=\"image\/jpeg\" \/>\n<meta name=\"twitter:card\" content=\"summary_large_image\" \/>\n<meta name=\"twitter:label1\" content=\"Szacowany czas czytania\" \/>\n\t<meta name=\"twitter:data1\" content=\"1 minuta\" \/>\n<script type=\"application\/ld+json\" class=\"yoast-schema-graph\">{\"@context\":\"https:\/\/schema.org\",\"@graph\":[{\"@type\":\"WebPage\",\"@id\":\"https:\/\/transinfo.pl\/x\/inforail\/swietokrzyskie-uruchomi-nowe-polaczenia-kolejowe-od-10-marca\/\",\"url\":\"https:\/\/transinfo.pl\/x\/inforail\/swietokrzyskie-uruchomi-nowe-polaczenia-kolejowe-od-10-marca\/\",\"name\":\"\u015awi\u0119tokrzyskie uruchomi nowe po\u0142\u0105czenia kolejowe. Od 10 marca \u00a0 - TransInfo Archiwum\",\"isPartOf\":{\"@id\":\"https:\/\/transinfo.pl\/x\/#website\"},\"primaryImageOfPage\":{\"@id\":\"https:\/\/transinfo.pl\/x\/inforail\/swietokrzyskie-uruchomi-nowe-polaczenia-kolejowe-od-10-marca\/#primaryimage\"},\"image\":{\"@id\":\"https:\/\/transinfo.pl\/x\/inforail\/swietokrzyskie-uruchomi-nowe-polaczenia-kolejowe-od-10-marca\/#primaryimage\"},\"thumbnailUrl\":\"https:\/\/transinfo.pl\/x\/wp-content\/uploads\/2024\/01\/KOLEJE-MAZOWIECKIE-EN57-1923-scaled-6-851x550-1-851x550-1.jpg\",\"datePublished\":\"2024-01-30T09:45:00+00:00\",\"dateModified\":\"2024-01-30T09:45:00+00:00\",\"description\":\"\u015awi\u0119tokrzyskie powierzy Wojew\u00f3dztwu Mazowieckiemu zadania organizacji publicznego transportu zbiorowego w transporcie kolejowym.\",\"breadcrumb\":{\"@id\":\"https:\/\/transinfo.pl\/x\/inforail\/swietokrzyskie-uruchomi-nowe-polaczenia-kolejowe-od-10-marca\/#breadcrumb\"},\"inLanguage\":\"pl-PL\",\"potentialAction\":[{\"@type\":\"ReadAction\",\"target\":[\"https:\/\/transinfo.pl\/x\/inforail\/swietokrzyskie-uruchomi-nowe-polaczenia-kolejowe-od-10-marca\/\"]}]},{\"@type\":\"ImageObject\",\"inLanguage\":\"pl-PL\",\"@id\":\"https:\/\/transinfo.pl\/x\/inforail\/swietokrzyskie-uruchomi-nowe-polaczenia-kolejowe-od-10-marca\/#primaryimage\",\"url\":\"https:\/\/transinfo.pl\/x\/wp-content\/uploads\/2024\/01\/KOLEJE-MAZOWIECKIE-EN57-1923-scaled-6-851x550-1-851x550-1.jpg\",\"contentUrl\":\"https:\/\/transinfo.pl\/x\/wp-content\/uploads\/2024\/01\/KOLEJE-MAZOWIECKIE-EN57-1923-scaled-6-851x550-1-851x550-1.jpg\"},{\"@type\":\"BreadcrumbList\",\"@id\":\"https:\/\/transinfo.pl\/x\/inforail\/swietokrzyskie-uruchomi-nowe-polaczenia-kolejowe-od-10-marca\/#breadcrumb\",\"itemListElement\":[{\"@type\":\"ListItem\",\"position\":1,\"name\":\"Home\",\"item\":\"https:\/\/transinfo.pl\/x\/\"},{\"@type\":\"ListItem\",\"position\":2,\"name\":\"Inforail\",\"item\":\"https:\/\/transinfo.pl\/x\/inforail\/\"},{\"@type\":\"ListItem\",\"position\":3,\"name\":\"\u015awi\u0119tokrzyskie uruchomi nowe po\u0142\u0105czenia kolejowe. Od 10 marca \u00a0\"}]},{\"@type\":\"WebSite\",\"@id\":\"https:\/\/transinfo.pl\/x\/#website\",\"url\":\"https:\/\/transinfo.pl\/x\/\",\"name\":\"TransInfo Archiwum\",\"description\":\"Ca\u0142y transport w jednym miejscu\",\"publisher\":{\"@id\":\"https:\/\/transinfo.pl\/x\/#organization\"},\"potentialAction\":[{\"@type\":\"SearchAction\",\"target\":{\"@type\":\"EntryPoint\",\"urlTemplate\":\"https:\/\/transinfo.pl\/x\/?s={search_term_string}\"},\"query-input\":{\"@type\":\"PropertyValueSpecification\",\"valueRequired\":true,\"valueName\":\"search_term_string\"}}],\"inLanguage\":\"pl-PL\"},{\"@type\":\"Organization\",\"@id\":\"https:\/\/transinfo.pl\/x\/#organization\",\"name\":\"TransInfo\",\"url\":\"https:\/\/transinfo.pl\/x\/\",\"logo\":{\"@type\":\"ImageObject\",\"inLanguage\":\"pl-PL\",\"@id\":\"https:\/\/transinfo.pl\/x\/#\/schema\/logo\/image\/\",\"url\":\"https:\/\/transinfo.pl\/x\/wp-content\/uploads\/2024\/10\/favicon.png\",\"contentUrl\":\"https:\/\/transinfo.pl\/x\/wp-content\/uploads\/2024\/10\/favicon.png\",\"width\":512,\"height\":512,\"caption\":\"TransInfo\"},\"image\":{\"@id\":\"https:\/\/transinfo.pl\/x\/#\/schema\/logo\/image\/\"}}]}<\/script>\n<!-- \/ Yoast SEO Premium plugin. -->","yoast_head_json":{"title":"\u015awi\u0119tokrzyskie uruchomi nowe po\u0142\u0105czenia kolejowe. Od 10 marca \u00a0 - TransInfo Archiwum","description":"\u015awi\u0119tokrzyskie powierzy Wojew\u00f3dztwu Mazowieckiemu zadania organizacji publicznego transportu zbiorowego w transporcie kolejowym.","robots":{"index":"index","follow":"follow","max-snippet":"max-snippet:-1","max-image-preview":"max-image-preview:large","max-video-preview":"max-video-preview:-1"},"canonical":"https:\/\/transinfo.pl\/x\/inforail\/swietokrzyskie-uruchomi-nowe-polaczenia-kolejowe-od-10-marca\/","og_locale":"pl_PL","og_type":"article","og_title":"\u015awi\u0119tokrzyskie uruchomi nowe po\u0142\u0105czenia kolejowe. Od 10 marca \u00a0","og_description":"\u015awi\u0119tokrzyskie powierzy Wojew\u00f3dztwu Mazowieckiemu zadania organizacji publicznego transportu zbiorowego w transporcie kolejowym.","og_url":"https:\/\/transinfo.pl\/x\/inforail\/swietokrzyskie-uruchomi-nowe-polaczenia-kolejowe-od-10-marca\/","og_site_name":"TransInfo Archiwum","og_image":[{"url":"https:\/\/transinfo.pl\/x\/wp-content\/uploads\/2024\/01\/KOLEJE-MAZOWIECKIE-EN57-1923-scaled-6-851x550-1-851x550-1.jpg","width":1,"height":1,"type":"image\/jpeg"}],"twitter_card":"summary_large_image","twitter_misc":{"Szacowany czas czytania":"1 minuta"},"schema":{"@context":"https:\/\/schema.org","@graph":[{"@type":"WebPage","@id":"https:\/\/transinfo.pl\/x\/inforail\/swietokrzyskie-uruchomi-nowe-polaczenia-kolejowe-od-10-marca\/","url":"https:\/\/transinfo.pl\/x\/inforail\/swietokrzyskie-uruchomi-nowe-polaczenia-kolejowe-od-10-marca\/","name":"\u015awi\u0119tokrzyskie uruchomi nowe po\u0142\u0105czenia kolejowe. Od 10 marca \u00a0 - TransInfo Archiwum","isPartOf":{"@id":"https:\/\/transinfo.pl\/x\/#website"},"primaryImageOfPage":{"@id":"https:\/\/transinfo.pl\/x\/inforail\/swietokrzyskie-uruchomi-nowe-polaczenia-kolejowe-od-10-marca\/#primaryimage"},"image":{"@id":"https:\/\/transinfo.pl\/x\/inforail\/swietokrzyskie-uruchomi-nowe-polaczenia-kolejowe-od-10-marca\/#primaryimage"},"thumbnailUrl":"https:\/\/transinfo.pl\/x\/wp-content\/uploads\/2024\/01\/KOLEJE-MAZOWIECKIE-EN57-1923-scaled-6-851x550-1-851x550-1.jpg","datePublished":"2024-01-30T09:45:00+00:00","dateModified":"2024-01-30T09:45:00+00:00","description":"\u015awi\u0119tokrzyskie powierzy Wojew\u00f3dztwu Mazowieckiemu zadania organizacji publicznego transportu zbiorowego w transporcie kolejowym.","breadcrumb":{"@id":"https:\/\/transinfo.pl\/x\/inforail\/swietokrzyskie-uruchomi-nowe-polaczenia-kolejowe-od-10-marca\/#breadcrumb"},"inLanguage":"pl-PL","potentialAction":[{"@type":"ReadAction","target":["https:\/\/transinfo.pl\/x\/inforail\/swietokrzyskie-uruchomi-nowe-polaczenia-kolejowe-od-10-marca\/"]}]},{"@type":"ImageObject","inLanguage":"pl-PL","@id":"https:\/\/transinfo.pl\/x\/inforail\/swietokrzyskie-uruchomi-nowe-polaczenia-kolejowe-od-10-marca\/#primaryimage","url":"https:\/\/transinfo.pl\/x\/wp-content\/uploads\/2024\/01\/KOLEJE-MAZOWIECKIE-EN57-1923-scaled-6-851x550-1-851x550-1.jpg","contentUrl":"https:\/\/transinfo.pl\/x\/wp-content\/uploads\/2024\/01\/KOLEJE-MAZOWIECKIE-EN57-1923-scaled-6-851x550-1-851x550-1.jpg"},{"@type":"BreadcrumbList","@id":"https:\/\/transinfo.pl\/x\/inforail\/swietokrzyskie-uruchomi-nowe-polaczenia-kolejowe-od-10-marca\/#breadcrumb","itemListElement":[{"@type":"ListItem","position":1,"name":"Home","item":"https:\/\/transinfo.pl\/x\/"},{"@type":"ListItem","position":2,"name":"Inforail","item":"https:\/\/transinfo.pl\/x\/inforail\/"},{"@type":"ListItem","position":3,"name":"\u015awi\u0119tokrzyskie uruchomi nowe po\u0142\u0105czenia kolejowe. Od 10 marca \u00a0"}]},{"@type":"WebSite","@id":"https:\/\/transinfo.pl\/x\/#website","url":"https:\/\/transinfo.pl\/x\/","name":"TransInfo Archiwum","description":"Ca\u0142y transport w jednym miejscu","publisher":{"@id":"https:\/\/transinfo.pl\/x\/#organization"},"potentialAction":[{"@type":"SearchAction","target":{"@type":"EntryPoint","urlTemplate":"https:\/\/transinfo.pl\/x\/?s={search_term_string}"},"query-input":{"@type":"PropertyValueSpecification","valueRequired":true,"valueName":"search_term_string"}}],"inLanguage":"pl-PL"},{"@type":"Organization","@id":"https:\/\/transinfo.pl\/x\/#organization","name":"TransInfo","url":"https:\/\/transinfo.pl\/x\/","logo":{"@type":"ImageObject","inLanguage":"pl-PL","@id":"https:\/\/transinfo.pl\/x\/#\/schema\/logo\/image\/","url":"https:\/\/transinfo.pl\/x\/wp-content\/uploads\/2024\/10\/favicon.png","contentUrl":"https:\/\/transinfo.pl\/x\/wp-content\/uploads\/2024\/10\/favicon.png","width":512,"height":512,"caption":"TransInfo"},"image":{"@id":"https:\/\/transinfo.pl\/x\/#\/schema\/logo\/image\/"}}]}},"_links":{"self":[{"href":"https:\/\/transinfo.pl\/x\/wp-json\/wp\/v2\/inforail\/264136","targetHints":{"allow":["GET"]}}],"collection":[{"href":"https:\/\/transinfo.pl\/x\/wp-json\/wp\/v2\/inforail"}],"about":[{"href":"https:\/\/transinfo.pl\/x\/wp-json\/wp\/v2\/types\/inforail"}],"author":[{"embeddable":true,"href":"https:\/\/transinfo.pl\/x\/wp-json\/wp\/v2\/users\/3"}],"replies":[{"embeddable":true,"href":"https:\/\/transinfo.pl\/x\/wp-json\/wp\/v2\/comments?post=264136"}],"wp:featuredmedia":[{"embeddable":true,"href":"https:\/\/transinfo.pl\/x\/wp-json\/wp\/v2\/media\/264137"}],"wp:attachment":[{"href":"https:\/\/transinfo.pl\/x\/wp-json\/wp\/v2\/media?parent=264136"}],"wp:term":[{"taxonomy":"category","embeddable":true,"href":"https:\/\/transinfo.pl\/x\/wp-json\/wp\/v2\/categories?post=264136"},{"taxonomy":"post_tag","embeddable":true,"href":"https:\/\/transinfo.pl\/x\/wp-json\/wp\/v2\/tags?post=264136"}],"curies":[{"name":"wp","href":"https:\/\/api.w.org\/{rel}","templated":true}]}}