{"id":264003,"date":"2024-01-26T17:15:00","date_gmt":"2024-01-26T17:15:00","guid":{"rendered":"https:\/\/transinfo.pl\/x\/inforail\/przecinanie-linii-kolejowych-z-liniami-tramwajowymi-bedzie-mozliwe\/"},"modified":"2024-01-26T17:15:00","modified_gmt":"2024-01-26T17:15:00","slug":"przecinanie-linii-kolejowych-z-liniami-tramwajowymi-bedzie-mozliwe","status":"publish","type":"inforail","link":"https:\/\/transinfo.pl\/x\/inforail\/przecinanie-linii-kolejowych-z-liniami-tramwajowymi-bedzie-mozliwe\/","title":{"rendered":"Przecinanie linii kolejowych z liniami tramwajowymi b\u0119dzie mo\u017cliwe"},"content":{"rendered":"<style>h1,h2,h3,h4,h5,h6{margin:0 0 1.25rem;font-family:Arial,sans-serif;font-weight:600;color:#050505}h1{font-size:1.875rem;line-height:1.1em;text-transform:none}@media(min-width: 768px){h1{font-size:2.375rem}}h2{font-size:1.1875rem;line-height:1.2em;text-transform:uppercase}@media(min-width: 768px){h2{font-size:1.0625rem}}h3{font-size:0.9375rem;line-height:1.4em;font-weight:900;margin-bottom:0.9375rem}h4{font-size:0.875rem;line-height:1.2em;font-weight:500}h5{font-size:0.9375rem;line-height:1.6;font-weight:400}h6{font-size:0.9375rem;line-height:1.6;font-weight:600}\n<\/style>\n<h3 class=\"wp-block-heading\" id=\"h-w-ministerstwie-infrastruktury-powstaja-nowe-przepisy-ktore-maja-umozliwic-przecinanie-linii-tramwajowych-i-kolejowych\">W ministerstwie infrastruktury powstaj\u0105 nowe przepisy, kt\u00f3re maj\u0105 umo\u017cliwi\u0107 przecinanie linii tramwajowych i kolejowych.<\/h3>\n\n\n<style>p{margin:0 0 1.5rem}p:last-child{margin:0}p.is-style-uppercase{text-transform:uppercase}p.is-style-preheading{color:#12406a;text-transform:uppercase}p.is-style-leadparagraph{font-size:1rem;line-height:1.625;font-weight:700}@media(min-width: 768px){p.is-style-leadparagraph{font-size:1.125rem;line-height:1.5555555556}}p.has-small-margin{margin-bottom:0.625rem}p.has-small-margin+h1,p.has-small-margin+h2,p.has-small-margin+h3{margin-top:1.875rem}\n<\/style>\n<p>Obecnie jest to mo\u017cliwe tylko w wyj\u0105tkowych okoliczno\u015bciach. Zmiana ma pozwoli\u0107 m.in. na budow\u0119 linii tramwajowej na wroc\u0142awskie osiedle Jagodno.<\/p>\n\n\n\n<h2 class=\"wp-block-heading\" id=\"h-poselska-inicjatywa\">Poselska inicjatywa<\/h2>\n\n\n\n<p>Pose\u0142 Micha\u0142 Jaros (KO) poinformowa\u0142 podczas pi\u0105tkowej konferencji prasowej, \u017ce podj\u0105\u0142 inicjatyw\u0119 w zwi\u0105zku z budow\u0105 tramwaju na Jagodno. Obecne przepisy nie dopuszczaj\u0105 krzy\u017cowania si\u0119 tor\u00f3w tramwajowych i kolejowych. Na przeszkodzie przed\u0142u\u017cenia linii tramwajowej stoi linia kolejowa 285. Teraz ma si\u0119 to zmieni\u0107.<\/p>\n\n\n<style>.wp-block-quote{border-left:0.1875rem solid var(--page-color);font-size:1rem;font-style:italic;margin:0 0 1.6875rem;padding:1.25rem}.wp-block-quote cite{color:#050505}.wp-block-quote.is-style-large p{margin-bottom:10px}.wp-block-quote.is-style-large cite{color:#12406a}\n<\/style>\n<blockquote class=\"wp-block-quote is-layout-flow wp-block-quote-is-layout-flow\">\n<p>&#8222;Ju\u017c dwa razy spotka\u0142em si\u0119 z ministrem [Piotrem &#8211; PAP] Malepszakiem i mam dobr\u0105 informacj\u0119 &#8211; nasz rz\u0105d, ministerstwo infrastruktury przygotuje przepisy umo\u017cliwiaj\u0105ce przeci\u0119cie si\u0119 tych linii tramwajowych i kolejowych tak, aby mo\u017cna by\u0142o zrealizowa\u0107 t\u0119 inwestycj\u0119, jak\u0105 jest budowa tramwaju na Jagodno&#8221; &#8211; powiedzia\u0142 pose\u0142 Micha\u0142 Jaros.<\/p>\n<\/blockquote>\n\n\n\n<p>Pose\u0142 przekaza\u0142, \u017ce linia tramwajowa na Jagodno b\u0119dzie realizowana tu\u017c po wyborach samorz\u0105dowych. Nie zadeklarowa\u0142 jednak, \u017ce b\u0119dzie w nich kandydowa\u0142, jak wynika z nieoficjalnych informacji. Obecnie na Jagodnie trwaj\u0105 prace ziemne, ale w ich efekcie powstanie tylko wydzielony buspas. Jak przekaza\u0142 Tomasz Sikora z biura prasowego Urz\u0119du Miejskiego Wroc\u0142awia, urz\u0119dnicy czekaj\u0105 na zmian\u0119 przepis\u00f3w.<\/p>\n\n\n\n<p><\/p>\n\n\n<style>.wp-block-image{margin:1.25rem 0;text-align:center}.wp-block-image figcaption{padding:0 0.9375rem;text-align:center}\n<\/style>\n<figure class=\"wp-block-image size-full\"><img decoding=\"async\" src=\"https:\/\/transinfo.pl\/wp-content\/uploads\/2024\/01\/tramwaj6.jpg\" alt=\"W ministerstwie infrastruktury powstaj\u0105 nowe przepisy, kt\u00f3re maj\u0105 umo\u017cliwi\u0107 przecinanie linii tramwajowych i kolejowych.\" class=\"wp-image-461877\" \/><figcaption class=\"wp-element-caption\">Tramwaj na Jagodno\/foto: UM Wroc\u0142aw<\/figcaption><\/figure>\n\n\n\n<p><\/p>\n\n\n\n<blockquote class=\"wp-block-quote is-layout-flow wp-block-quote-is-layout-flow\">\n<p>&#8222;Wroc\u0142awskie Inwestycje i urz\u0119dnicy magistratu wsp\u00f3\u0142pracuj\u0105 z obecnym wykonawc\u0105, tak by w ramach obecnej inwestycji (&#8230;) w projekcie wykonawczym i w ramach pozwolenia budowlanego ju\u017c teraz wprowadza\u0107 elementy infrastruktury pod przysz\u0142y tramwaj. Nie ma op\u00f3\u017anie\u0144 w realizacji pierwszego etapu TAT [Trasy Autobusowo-Tramwajowej &#8211; PAP] na Jagodno. Ju\u017c teraz wykonawca przystosowuje odwodnienie liniowe pod torowisko, fundamenty pod s\u0142upy trakcyjne&#8221; &#8211; poinformowa\u0142 Tomasz Sikora.<\/p>\n<\/blockquote>\n\n\n\n<p>W przysz\u0142o\u015bci linia kolejowa 285 ma zosta\u0107 wyniesiona na wy\u017cszy poziom i powstanie bezkolizyjne skrzy\u017cowanie. Inwestycj\u0119 planuje PKP PLK. W ubieg\u0142ym roku przedstawiciele sp\u00f3\u0142ki informowali o planach dotycz\u0105cych przetargu na projekt. Nie informowali jednak, kiedy mo\u017cna spodziewa\u0107 si\u0119 realizacji inwestycji.<\/p>\n\n\n\n<p>Jagodno to osiedle na wschodzie Wroc\u0142awia, kt\u00f3re w wyniku ostatnich wybor\u00f3w sta\u0142o si\u0119 znane na ca\u0142\u0105 Polsk\u0119. Mieszka\u0144cy stali tam do p\u00f3\u017anych godzin nocnych w kolejkach, aby odda\u0107 g\u0142os.(PAP)<\/p>\n","protected":false},"author":3,"featured_media":264004,"comment_status":"","ping_status":"closed","template":"","categories":[24],"tags":[1765,946,72,22666,55],"class_list":["post-264003","inforail","type-inforail","status-publish","has-post-thumbnail","hentry","category-prawo","tag-linia-kolejowa","tag-linia-tramwajowa","tag-ministerstwo-infrastruktury","tag-piotr-malepszak","tag-wroclaw"],"acf":[],"yoast_head":"<!-- This site is optimized with the Yoast SEO Premium plugin v21.8 (Yoast SEO v23.7) - https:\/\/yoast.com\/wordpress\/plugins\/seo\/ -->\n<title>Przecinanie linii kolejowych z liniami tramwajowymi b\u0119dzie mo\u017cliwe - TransInfo Archiwum<\/title>\n<meta name=\"description\" content=\"W ministerstwie infrastruktury powstaj\u0105 nowe przepisy, kt\u00f3re maj\u0105 umo\u017cliwi\u0107 przecinanie linii tramwajowych i kolejowych.\" \/>\n<meta name=\"robots\" content=\"index, follow, max-snippet:-1, max-image-preview:large, max-video-preview:-1\" \/>\n<link rel=\"canonical\" href=\"https:\/\/transinfo.pl\/x\/inforail\/przecinanie-linii-kolejowych-z-liniami-tramwajowymi-bedzie-mozliwe\/\" \/>\n<meta property=\"og:locale\" content=\"pl_PL\" \/>\n<meta property=\"og:type\" content=\"article\" \/>\n<meta property=\"og:title\" content=\"Przecinanie linii kolejowych z liniami tramwajowymi b\u0119dzie mo\u017cliwe\" \/>\n<meta property=\"og:description\" content=\"W ministerstwie infrastruktury powstaj\u0105 nowe przepisy, kt\u00f3re maj\u0105 umo\u017cliwi\u0107 przecinanie linii tramwajowych i kolejowych.\" \/>\n<meta property=\"og:url\" content=\"https:\/\/transinfo.pl\/x\/inforail\/przecinanie-linii-kolejowych-z-liniami-tramwajowymi-bedzie-mozliwe\/\" \/>\n<meta property=\"og:site_name\" content=\"TransInfo Archiwum\" \/>\n<meta property=\"og:image\" content=\"https:\/\/transinfo.pl\/x\/wp-content\/uploads\/2024\/01\/jagodno.jpg\" \/>\n\t<meta property=\"og:image:width\" content=\"1\" \/>\n\t<meta property=\"og:image:height\" content=\"1\" \/>\n\t<meta property=\"og:image:type\" content=\"image\/jpeg\" \/>\n<meta name=\"twitter:card\" content=\"summary_large_image\" \/>\n<meta name=\"twitter:label1\" content=\"Szacowany czas czytania\" \/>\n\t<meta name=\"twitter:data1\" content=\"2 minuty\" \/>\n<script type=\"application\/ld+json\" class=\"yoast-schema-graph\">{\"@context\":\"https:\/\/schema.org\",\"@graph\":[{\"@type\":\"WebPage\",\"@id\":\"https:\/\/transinfo.pl\/x\/inforail\/przecinanie-linii-kolejowych-z-liniami-tramwajowymi-bedzie-mozliwe\/\",\"url\":\"https:\/\/transinfo.pl\/x\/inforail\/przecinanie-linii-kolejowych-z-liniami-tramwajowymi-bedzie-mozliwe\/\",\"name\":\"Przecinanie linii kolejowych z liniami tramwajowymi b\u0119dzie mo\u017cliwe - TransInfo Archiwum\",\"isPartOf\":{\"@id\":\"https:\/\/transinfo.pl\/x\/#website\"},\"primaryImageOfPage\":{\"@id\":\"https:\/\/transinfo.pl\/x\/inforail\/przecinanie-linii-kolejowych-z-liniami-tramwajowymi-bedzie-mozliwe\/#primaryimage\"},\"image\":{\"@id\":\"https:\/\/transinfo.pl\/x\/inforail\/przecinanie-linii-kolejowych-z-liniami-tramwajowymi-bedzie-mozliwe\/#primaryimage\"},\"thumbnailUrl\":\"https:\/\/transinfo.pl\/x\/wp-content\/uploads\/2024\/01\/jagodno.jpg\",\"datePublished\":\"2024-01-26T17:15:00+00:00\",\"dateModified\":\"2024-01-26T17:15:00+00:00\",\"description\":\"W ministerstwie infrastruktury powstaj\u0105 nowe przepisy, kt\u00f3re maj\u0105 umo\u017cliwi\u0107 przecinanie linii tramwajowych i kolejowych.\",\"breadcrumb\":{\"@id\":\"https:\/\/transinfo.pl\/x\/inforail\/przecinanie-linii-kolejowych-z-liniami-tramwajowymi-bedzie-mozliwe\/#breadcrumb\"},\"inLanguage\":\"pl-PL\",\"potentialAction\":[{\"@type\":\"ReadAction\",\"target\":[\"https:\/\/transinfo.pl\/x\/inforail\/przecinanie-linii-kolejowych-z-liniami-tramwajowymi-bedzie-mozliwe\/\"]}]},{\"@type\":\"ImageObject\",\"inLanguage\":\"pl-PL\",\"@id\":\"https:\/\/transinfo.pl\/x\/inforail\/przecinanie-linii-kolejowych-z-liniami-tramwajowymi-bedzie-mozliwe\/#primaryimage\",\"url\":\"https:\/\/transinfo.pl\/x\/wp-content\/uploads\/2024\/01\/jagodno.jpg\",\"contentUrl\":\"https:\/\/transinfo.pl\/x\/wp-content\/uploads\/2024\/01\/jagodno.jpg\"},{\"@type\":\"BreadcrumbList\",\"@id\":\"https:\/\/transinfo.pl\/x\/inforail\/przecinanie-linii-kolejowych-z-liniami-tramwajowymi-bedzie-mozliwe\/#breadcrumb\",\"itemListElement\":[{\"@type\":\"ListItem\",\"position\":1,\"name\":\"Home\",\"item\":\"https:\/\/transinfo.pl\/x\/\"},{\"@type\":\"ListItem\",\"position\":2,\"name\":\"Inforail\",\"item\":\"https:\/\/transinfo.pl\/x\/inforail\/\"},{\"@type\":\"ListItem\",\"position\":3,\"name\":\"Przecinanie linii kolejowych z liniami tramwajowymi b\u0119dzie mo\u017cliwe\"}]},{\"@type\":\"WebSite\",\"@id\":\"https:\/\/transinfo.pl\/x\/#website\",\"url\":\"https:\/\/transinfo.pl\/x\/\",\"name\":\"TransInfo Archiwum\",\"description\":\"Ca\u0142y transport w jednym miejscu\",\"publisher\":{\"@id\":\"https:\/\/transinfo.pl\/x\/#organization\"},\"potentialAction\":[{\"@type\":\"SearchAction\",\"target\":{\"@type\":\"EntryPoint\",\"urlTemplate\":\"https:\/\/transinfo.pl\/x\/?s={search_term_string}\"},\"query-input\":{\"@type\":\"PropertyValueSpecification\",\"valueRequired\":true,\"valueName\":\"search_term_string\"}}],\"inLanguage\":\"pl-PL\"},{\"@type\":\"Organization\",\"@id\":\"https:\/\/transinfo.pl\/x\/#organization\",\"name\":\"TransInfo\",\"url\":\"https:\/\/transinfo.pl\/x\/\",\"logo\":{\"@type\":\"ImageObject\",\"inLanguage\":\"pl-PL\",\"@id\":\"https:\/\/transinfo.pl\/x\/#\/schema\/logo\/image\/\",\"url\":\"https:\/\/transinfo.pl\/x\/wp-content\/uploads\/2024\/10\/favicon.png\",\"contentUrl\":\"https:\/\/transinfo.pl\/x\/wp-content\/uploads\/2024\/10\/favicon.png\",\"width\":512,\"height\":512,\"caption\":\"TransInfo\"},\"image\":{\"@id\":\"https:\/\/transinfo.pl\/x\/#\/schema\/logo\/image\/\"}}]}<\/script>\n<!-- \/ Yoast SEO Premium plugin. -->","yoast_head_json":{"title":"Przecinanie linii kolejowych z liniami tramwajowymi b\u0119dzie mo\u017cliwe - TransInfo Archiwum","description":"W ministerstwie infrastruktury powstaj\u0105 nowe przepisy, kt\u00f3re maj\u0105 umo\u017cliwi\u0107 przecinanie linii tramwajowych i kolejowych.","robots":{"index":"index","follow":"follow","max-snippet":"max-snippet:-1","max-image-preview":"max-image-preview:large","max-video-preview":"max-video-preview:-1"},"canonical":"https:\/\/transinfo.pl\/x\/inforail\/przecinanie-linii-kolejowych-z-liniami-tramwajowymi-bedzie-mozliwe\/","og_locale":"pl_PL","og_type":"article","og_title":"Przecinanie linii kolejowych z liniami tramwajowymi b\u0119dzie mo\u017cliwe","og_description":"W ministerstwie infrastruktury powstaj\u0105 nowe przepisy, kt\u00f3re maj\u0105 umo\u017cliwi\u0107 przecinanie linii tramwajowych i kolejowych.","og_url":"https:\/\/transinfo.pl\/x\/inforail\/przecinanie-linii-kolejowych-z-liniami-tramwajowymi-bedzie-mozliwe\/","og_site_name":"TransInfo Archiwum","og_image":[{"url":"https:\/\/transinfo.pl\/x\/wp-content\/uploads\/2024\/01\/jagodno.jpg","width":1,"height":1,"type":"image\/jpeg"}],"twitter_card":"summary_large_image","twitter_misc":{"Szacowany czas czytania":"2 minuty"},"schema":{"@context":"https:\/\/schema.org","@graph":[{"@type":"WebPage","@id":"https:\/\/transinfo.pl\/x\/inforail\/przecinanie-linii-kolejowych-z-liniami-tramwajowymi-bedzie-mozliwe\/","url":"https:\/\/transinfo.pl\/x\/inforail\/przecinanie-linii-kolejowych-z-liniami-tramwajowymi-bedzie-mozliwe\/","name":"Przecinanie linii kolejowych z liniami tramwajowymi b\u0119dzie mo\u017cliwe - TransInfo Archiwum","isPartOf":{"@id":"https:\/\/transinfo.pl\/x\/#website"},"primaryImageOfPage":{"@id":"https:\/\/transinfo.pl\/x\/inforail\/przecinanie-linii-kolejowych-z-liniami-tramwajowymi-bedzie-mozliwe\/#primaryimage"},"image":{"@id":"https:\/\/transinfo.pl\/x\/inforail\/przecinanie-linii-kolejowych-z-liniami-tramwajowymi-bedzie-mozliwe\/#primaryimage"},"thumbnailUrl":"https:\/\/transinfo.pl\/x\/wp-content\/uploads\/2024\/01\/jagodno.jpg","datePublished":"2024-01-26T17:15:00+00:00","dateModified":"2024-01-26T17:15:00+00:00","description":"W ministerstwie infrastruktury powstaj\u0105 nowe przepisy, kt\u00f3re maj\u0105 umo\u017cliwi\u0107 przecinanie linii tramwajowych i kolejowych.","breadcrumb":{"@id":"https:\/\/transinfo.pl\/x\/inforail\/przecinanie-linii-kolejowych-z-liniami-tramwajowymi-bedzie-mozliwe\/#breadcrumb"},"inLanguage":"pl-PL","potentialAction":[{"@type":"ReadAction","target":["https:\/\/transinfo.pl\/x\/inforail\/przecinanie-linii-kolejowych-z-liniami-tramwajowymi-bedzie-mozliwe\/"]}]},{"@type":"ImageObject","inLanguage":"pl-PL","@id":"https:\/\/transinfo.pl\/x\/inforail\/przecinanie-linii-kolejowych-z-liniami-tramwajowymi-bedzie-mozliwe\/#primaryimage","url":"https:\/\/transinfo.pl\/x\/wp-content\/uploads\/2024\/01\/jagodno.jpg","contentUrl":"https:\/\/transinfo.pl\/x\/wp-content\/uploads\/2024\/01\/jagodno.jpg"},{"@type":"BreadcrumbList","@id":"https:\/\/transinfo.pl\/x\/inforail\/przecinanie-linii-kolejowych-z-liniami-tramwajowymi-bedzie-mozliwe\/#breadcrumb","itemListElement":[{"@type":"ListItem","position":1,"name":"Home","item":"https:\/\/transinfo.pl\/x\/"},{"@type":"ListItem","position":2,"name":"Inforail","item":"https:\/\/transinfo.pl\/x\/inforail\/"},{"@type":"ListItem","position":3,"name":"Przecinanie linii kolejowych z liniami tramwajowymi b\u0119dzie mo\u017cliwe"}]},{"@type":"WebSite","@id":"https:\/\/transinfo.pl\/x\/#website","url":"https:\/\/transinfo.pl\/x\/","name":"TransInfo Archiwum","description":"Ca\u0142y transport w jednym miejscu","publisher":{"@id":"https:\/\/transinfo.pl\/x\/#organization"},"potentialAction":[{"@type":"SearchAction","target":{"@type":"EntryPoint","urlTemplate":"https:\/\/transinfo.pl\/x\/?s={search_term_string}"},"query-input":{"@type":"PropertyValueSpecification","valueRequired":true,"valueName":"search_term_string"}}],"inLanguage":"pl-PL"},{"@type":"Organization","@id":"https:\/\/transinfo.pl\/x\/#organization","name":"TransInfo","url":"https:\/\/transinfo.pl\/x\/","logo":{"@type":"ImageObject","inLanguage":"pl-PL","@id":"https:\/\/transinfo.pl\/x\/#\/schema\/logo\/image\/","url":"https:\/\/transinfo.pl\/x\/wp-content\/uploads\/2024\/10\/favicon.png","contentUrl":"https:\/\/transinfo.pl\/x\/wp-content\/uploads\/2024\/10\/favicon.png","width":512,"height":512,"caption":"TransInfo"},"image":{"@id":"https:\/\/transinfo.pl\/x\/#\/schema\/logo\/image\/"}}]}},"_links":{"self":[{"href":"https:\/\/transinfo.pl\/x\/wp-json\/wp\/v2\/inforail\/264003","targetHints":{"allow":["GET"]}}],"collection":[{"href":"https:\/\/transinfo.pl\/x\/wp-json\/wp\/v2\/inforail"}],"about":[{"href":"https:\/\/transinfo.pl\/x\/wp-json\/wp\/v2\/types\/inforail"}],"author":[{"embeddable":true,"href":"https:\/\/transinfo.pl\/x\/wp-json\/wp\/v2\/users\/3"}],"replies":[{"embeddable":true,"href":"https:\/\/transinfo.pl\/x\/wp-json\/wp\/v2\/comments?post=264003"}],"wp:featuredmedia":[{"embeddable":true,"href":"https:\/\/transinfo.pl\/x\/wp-json\/wp\/v2\/media\/264004"}],"wp:attachment":[{"href":"https:\/\/transinfo.pl\/x\/wp-json\/wp\/v2\/media?parent=264003"}],"wp:term":[{"taxonomy":"category","embeddable":true,"href":"https:\/\/transinfo.pl\/x\/wp-json\/wp\/v2\/categories?post=264003"},{"taxonomy":"post_tag","embeddable":true,"href":"https:\/\/transinfo.pl\/x\/wp-json\/wp\/v2\/tags?post=264003"}],"curies":[{"name":"wp","href":"https:\/\/api.w.org\/{rel}","templated":true}]}}