{"id":263636,"date":"2024-01-19T13:45:00","date_gmt":"2024-01-19T13:45:00","guid":{"rendered":"https:\/\/transinfo.pl\/x\/inforail\/kradli-i-wpadli-udana-interwencja-sok\/"},"modified":"2024-01-19T13:45:00","modified_gmt":"2024-01-19T13:45:00","slug":"kradli-i-wpadli-udana-interwencja-sok","status":"publish","type":"inforail","link":"https:\/\/transinfo.pl\/x\/inforail\/kradli-i-wpadli-udana-interwencja-sok\/","title":{"rendered":"Kradli i wpadli. Udana interwencja SOK"},"content":{"rendered":"<style>h1,h2,h3,h4,h5,h6{margin:0 0 1.25rem;font-family:Arial,sans-serif;font-weight:600;color:#050505}h1{font-size:1.875rem;line-height:1.1em;text-transform:none}@media(min-width: 768px){h1{font-size:2.375rem}}h2{font-size:1.1875rem;line-height:1.2em;text-transform:uppercase}@media(min-width: 768px){h2{font-size:1.0625rem}}h3{font-size:0.9375rem;line-height:1.4em;font-weight:900;margin-bottom:0.9375rem}h4{font-size:0.875rem;line-height:1.2em;font-weight:500}h5{font-size:0.9375rem;line-height:1.6;font-weight:400}h6{font-size:0.9375rem;line-height:1.6;font-weight:600}\n<\/style>\n<h3 class=\"wp-block-heading\" id=\"h-funkcjonariusze-strazy-ochrony-kolei-z-grupy-operacyjno-interwencyjnej-w-katowicach-ujeli-na-goracym-uczynku-sprawcow-kradziezy-15-metrow-biezacych-kabla-zasilajacego-urzadzenia-sterowania-ruchem-kolejowym-srk\"><strong>Funkcjonariusze Stra\u017cy Ochrony Kolei z Grupy Operacyjno-Interwencyjnej w Katowicach uj\u0119li na gor\u0105cym uczynku sprawc\u00f3w kradzie\u017cy 15 metr\u00f3w bie\u017c\u0105cych kabla zasilaj\u0105cego urz\u0105dzenia sterowania ruchem kolejowym (SRK). <\/strong><\/h3>\n\n\n<style>p{margin:0 0 1.5rem}p:last-child{margin:0}p.is-style-uppercase{text-transform:uppercase}p.is-style-preheading{color:#12406a;text-transform:uppercase}p.is-style-leadparagraph{font-size:1rem;line-height:1.625;font-weight:700}@media(min-width: 768px){p.is-style-leadparagraph{font-size:1.125rem;line-height:1.5555555556}}p.has-small-margin{margin-bottom:0.625rem}p.has-small-margin+h1,p.has-small-margin+h2,p.has-small-margin+h3{margin-top:1.875rem}\n<\/style>\n<p>Dzi\u0119ki niezw\u0142ocznej reakcji mundurowych uda\u0142o si\u0119 odzyska\u0107 mienie kolejowe. Teraz 26-latkowie t\u0142umaczy\u0107 si\u0119 b\u0119d\u0105 przed s\u0105dem.<\/p>\n\n\n\n<h2 class=\"wp-block-heading\" id=\"h-na-goracym-uczynku\">Na gor\u0105cym uczynku<\/h2>\n\n\n\n<p>Funkcjonariusze Grupy Operacyjno-Interwencyjnej Stra\u017cy Ochrony Kolei w Katowicach podczas prowadzonych dzia\u0142a\u0144 na terenie stacji Chorz\u00f3w Stary uj\u0119li na gor\u0105cym uczynku dw\u00f3ch sprawc\u00f3w kradzie\u017cy kabla kolejowego. Sprawcy zd\u0105\u017cyli wyci\u0105\u0107 15 metr\u00f3w bie\u017c\u0105cych kabla zasilaj\u0105cego urz\u0105dzenia sterowania ruchem kolejowym.<\/p>\n\n\n\n<p><\/p>\n\n\n<style>.wp-block-image{margin:1.25rem 0;text-align:center}.wp-block-image figcaption{padding:0 0.9375rem;text-align:center}\n<\/style>\n<figure class=\"wp-block-image size-large\"><a href=\"https:\/\/transinfo.pl\/wp-content\/uploads\/2024\/01\/sok-kabel.jpg\"><img decoding=\"async\" src=\"https:\/\/transinfo.pl\/wp-content\/uploads\/2024\/01\/sok-kabel-554x1024.jpg\" alt=\"Funkcjonariusze Stra\u017cy Ochrony Kolei z Grupy Operacyjno-Interwencyjnej w Katowicach uj\u0119li na gor\u0105cym uczynku sprawc\u00f3w kradzie\u017cy 15 metr\u00f3w bie\u017c\u0105cych kabla zasilaj\u0105cego urz\u0105dzenia sterowania ruchem kolejowym (SRK). \" class=\"wp-image-461133\" \/><\/a><figcaption class=\"wp-element-caption\">Kradzie\u017c kabla\/foto: SOK<\/figcaption><\/figure>\n\n\n\n<p><\/p>\n\n\n\n<p>Dw\u00f3ch 26-letnich z\u0142odziei przekazano do dyspozycji Komisariatu II Policji w Chorzowie. Odzyskane mienie kolejowe zosta\u0142o przekazane pracownikowi rob\u00f3t torowych. Za uszkodzenie, zniszczenie, przyw\u0142aszczenie lub uczynienie niezdatnym do u\u017cytku cz\u0119\u015bci sieci infrastruktury oraz linii kolejowej zgodnie z art. 254a KK grozi kara pozbawienia wolno\u015bci od 6 miesi\u0119cy do lat 8.<\/p>\n","protected":false},"author":3,"featured_media":226388,"comment_status":"","ping_status":"closed","template":"","categories":[24],"tags":[859,1445,2579,4409],"class_list":["post-263636","inforail","type-inforail","status-publish","has-post-thumbnail","hentry","category-prawo","tag-chorzow","tag-kradziez","tag-sok","tag-srk"],"acf":[],"yoast_head":"<!-- This site is optimized with the Yoast SEO Premium plugin v21.8 (Yoast SEO v23.7) - https:\/\/yoast.com\/wordpress\/plugins\/seo\/ -->\n<title>Kradli i wpadli. Udana interwencja SOK - TransInfo Archiwum<\/title>\n<meta name=\"description\" content=\"Funkcjonariusze Stra\u017cy Ochrony Kolei z Grupy Operacyjno-Interwencyjnej w Katowicach uj\u0119li na gor\u0105cym uczynku sprawc\u00f3w kradzie\u017cy 15 m kabla.\" \/>\n<meta name=\"robots\" content=\"index, follow, max-snippet:-1, max-image-preview:large, max-video-preview:-1\" \/>\n<link rel=\"canonical\" href=\"https:\/\/transinfo.pl\/x\/inforail\/kradli-i-wpadli-udana-interwencja-sok\/\" \/>\n<meta property=\"og:locale\" content=\"pl_PL\" \/>\n<meta property=\"og:type\" content=\"article\" \/>\n<meta property=\"og:title\" content=\"Kradli i wpadli. Udana interwencja SOK\" \/>\n<meta property=\"og:description\" content=\"Funkcjonariusze Stra\u017cy Ochrony Kolei z Grupy Operacyjno-Interwencyjnej w Katowicach uj\u0119li na gor\u0105cym uczynku sprawc\u00f3w kradzie\u017cy 15 m kabla.\" \/>\n<meta property=\"og:url\" content=\"https:\/\/transinfo.pl\/x\/inforail\/kradli-i-wpadli-udana-interwencja-sok\/\" \/>\n<meta property=\"og:site_name\" content=\"TransInfo Archiwum\" \/>\n<meta property=\"og:image\" content=\"https:\/\/transinfo.pl\/x\/wp-content\/uploads\/2022\/01\/SOK.jpg\" \/>\n\t<meta property=\"og:image:width\" content=\"1\" \/>\n\t<meta property=\"og:image:height\" content=\"1\" \/>\n\t<meta property=\"og:image:type\" content=\"image\/jpeg\" \/>\n<meta name=\"twitter:card\" content=\"summary_large_image\" \/>\n<meta name=\"twitter:label1\" content=\"Szacowany czas czytania\" \/>\n\t<meta name=\"twitter:data1\" content=\"1 minuta\" \/>\n<script type=\"application\/ld+json\" class=\"yoast-schema-graph\">{\"@context\":\"https:\/\/schema.org\",\"@graph\":[{\"@type\":\"WebPage\",\"@id\":\"https:\/\/transinfo.pl\/x\/inforail\/kradli-i-wpadli-udana-interwencja-sok\/\",\"url\":\"https:\/\/transinfo.pl\/x\/inforail\/kradli-i-wpadli-udana-interwencja-sok\/\",\"name\":\"Kradli i wpadli. Udana interwencja SOK - TransInfo Archiwum\",\"isPartOf\":{\"@id\":\"https:\/\/transinfo.pl\/x\/#website\"},\"primaryImageOfPage\":{\"@id\":\"https:\/\/transinfo.pl\/x\/inforail\/kradli-i-wpadli-udana-interwencja-sok\/#primaryimage\"},\"image\":{\"@id\":\"https:\/\/transinfo.pl\/x\/inforail\/kradli-i-wpadli-udana-interwencja-sok\/#primaryimage\"},\"thumbnailUrl\":\"https:\/\/transinfo.pl\/x\/wp-content\/uploads\/2022\/01\/SOK.jpg\",\"datePublished\":\"2024-01-19T13:45:00+00:00\",\"dateModified\":\"2024-01-19T13:45:00+00:00\",\"description\":\"Funkcjonariusze Stra\u017cy Ochrony Kolei z Grupy Operacyjno-Interwencyjnej w Katowicach uj\u0119li na gor\u0105cym uczynku sprawc\u00f3w kradzie\u017cy 15 m kabla.\",\"breadcrumb\":{\"@id\":\"https:\/\/transinfo.pl\/x\/inforail\/kradli-i-wpadli-udana-interwencja-sok\/#breadcrumb\"},\"inLanguage\":\"pl-PL\",\"potentialAction\":[{\"@type\":\"ReadAction\",\"target\":[\"https:\/\/transinfo.pl\/x\/inforail\/kradli-i-wpadli-udana-interwencja-sok\/\"]}]},{\"@type\":\"ImageObject\",\"inLanguage\":\"pl-PL\",\"@id\":\"https:\/\/transinfo.pl\/x\/inforail\/kradli-i-wpadli-udana-interwencja-sok\/#primaryimage\",\"url\":\"https:\/\/transinfo.pl\/x\/wp-content\/uploads\/2022\/01\/SOK.jpg\",\"contentUrl\":\"https:\/\/transinfo.pl\/x\/wp-content\/uploads\/2022\/01\/SOK.jpg\"},{\"@type\":\"BreadcrumbList\",\"@id\":\"https:\/\/transinfo.pl\/x\/inforail\/kradli-i-wpadli-udana-interwencja-sok\/#breadcrumb\",\"itemListElement\":[{\"@type\":\"ListItem\",\"position\":1,\"name\":\"Home\",\"item\":\"https:\/\/transinfo.pl\/x\/\"},{\"@type\":\"ListItem\",\"position\":2,\"name\":\"Inforail\",\"item\":\"https:\/\/transinfo.pl\/x\/inforail\/\"},{\"@type\":\"ListItem\",\"position\":3,\"name\":\"Kradli i wpadli. Udana interwencja SOK\"}]},{\"@type\":\"WebSite\",\"@id\":\"https:\/\/transinfo.pl\/x\/#website\",\"url\":\"https:\/\/transinfo.pl\/x\/\",\"name\":\"TransInfo Archiwum\",\"description\":\"Ca\u0142y transport w jednym miejscu\",\"publisher\":{\"@id\":\"https:\/\/transinfo.pl\/x\/#organization\"},\"potentialAction\":[{\"@type\":\"SearchAction\",\"target\":{\"@type\":\"EntryPoint\",\"urlTemplate\":\"https:\/\/transinfo.pl\/x\/?s={search_term_string}\"},\"query-input\":{\"@type\":\"PropertyValueSpecification\",\"valueRequired\":true,\"valueName\":\"search_term_string\"}}],\"inLanguage\":\"pl-PL\"},{\"@type\":\"Organization\",\"@id\":\"https:\/\/transinfo.pl\/x\/#organization\",\"name\":\"TransInfo\",\"url\":\"https:\/\/transinfo.pl\/x\/\",\"logo\":{\"@type\":\"ImageObject\",\"inLanguage\":\"pl-PL\",\"@id\":\"https:\/\/transinfo.pl\/x\/#\/schema\/logo\/image\/\",\"url\":\"https:\/\/transinfo.pl\/x\/wp-content\/uploads\/2024\/10\/favicon.png\",\"contentUrl\":\"https:\/\/transinfo.pl\/x\/wp-content\/uploads\/2024\/10\/favicon.png\",\"width\":512,\"height\":512,\"caption\":\"TransInfo\"},\"image\":{\"@id\":\"https:\/\/transinfo.pl\/x\/#\/schema\/logo\/image\/\"}}]}<\/script>\n<!-- \/ Yoast SEO Premium plugin. -->","yoast_head_json":{"title":"Kradli i wpadli. Udana interwencja SOK - TransInfo Archiwum","description":"Funkcjonariusze Stra\u017cy Ochrony Kolei z Grupy Operacyjno-Interwencyjnej w Katowicach uj\u0119li na gor\u0105cym uczynku sprawc\u00f3w kradzie\u017cy 15 m kabla.","robots":{"index":"index","follow":"follow","max-snippet":"max-snippet:-1","max-image-preview":"max-image-preview:large","max-video-preview":"max-video-preview:-1"},"canonical":"https:\/\/transinfo.pl\/x\/inforail\/kradli-i-wpadli-udana-interwencja-sok\/","og_locale":"pl_PL","og_type":"article","og_title":"Kradli i wpadli. Udana interwencja SOK","og_description":"Funkcjonariusze Stra\u017cy Ochrony Kolei z Grupy Operacyjno-Interwencyjnej w Katowicach uj\u0119li na gor\u0105cym uczynku sprawc\u00f3w kradzie\u017cy 15 m kabla.","og_url":"https:\/\/transinfo.pl\/x\/inforail\/kradli-i-wpadli-udana-interwencja-sok\/","og_site_name":"TransInfo Archiwum","og_image":[{"url":"https:\/\/transinfo.pl\/x\/wp-content\/uploads\/2022\/01\/SOK.jpg","width":1,"height":1,"type":"image\/jpeg"}],"twitter_card":"summary_large_image","twitter_misc":{"Szacowany czas czytania":"1 minuta"},"schema":{"@context":"https:\/\/schema.org","@graph":[{"@type":"WebPage","@id":"https:\/\/transinfo.pl\/x\/inforail\/kradli-i-wpadli-udana-interwencja-sok\/","url":"https:\/\/transinfo.pl\/x\/inforail\/kradli-i-wpadli-udana-interwencja-sok\/","name":"Kradli i wpadli. Udana interwencja SOK - TransInfo Archiwum","isPartOf":{"@id":"https:\/\/transinfo.pl\/x\/#website"},"primaryImageOfPage":{"@id":"https:\/\/transinfo.pl\/x\/inforail\/kradli-i-wpadli-udana-interwencja-sok\/#primaryimage"},"image":{"@id":"https:\/\/transinfo.pl\/x\/inforail\/kradli-i-wpadli-udana-interwencja-sok\/#primaryimage"},"thumbnailUrl":"https:\/\/transinfo.pl\/x\/wp-content\/uploads\/2022\/01\/SOK.jpg","datePublished":"2024-01-19T13:45:00+00:00","dateModified":"2024-01-19T13:45:00+00:00","description":"Funkcjonariusze Stra\u017cy Ochrony Kolei z Grupy Operacyjno-Interwencyjnej w Katowicach uj\u0119li na gor\u0105cym uczynku sprawc\u00f3w kradzie\u017cy 15 m kabla.","breadcrumb":{"@id":"https:\/\/transinfo.pl\/x\/inforail\/kradli-i-wpadli-udana-interwencja-sok\/#breadcrumb"},"inLanguage":"pl-PL","potentialAction":[{"@type":"ReadAction","target":["https:\/\/transinfo.pl\/x\/inforail\/kradli-i-wpadli-udana-interwencja-sok\/"]}]},{"@type":"ImageObject","inLanguage":"pl-PL","@id":"https:\/\/transinfo.pl\/x\/inforail\/kradli-i-wpadli-udana-interwencja-sok\/#primaryimage","url":"https:\/\/transinfo.pl\/x\/wp-content\/uploads\/2022\/01\/SOK.jpg","contentUrl":"https:\/\/transinfo.pl\/x\/wp-content\/uploads\/2022\/01\/SOK.jpg"},{"@type":"BreadcrumbList","@id":"https:\/\/transinfo.pl\/x\/inforail\/kradli-i-wpadli-udana-interwencja-sok\/#breadcrumb","itemListElement":[{"@type":"ListItem","position":1,"name":"Home","item":"https:\/\/transinfo.pl\/x\/"},{"@type":"ListItem","position":2,"name":"Inforail","item":"https:\/\/transinfo.pl\/x\/inforail\/"},{"@type":"ListItem","position":3,"name":"Kradli i wpadli. Udana interwencja SOK"}]},{"@type":"WebSite","@id":"https:\/\/transinfo.pl\/x\/#website","url":"https:\/\/transinfo.pl\/x\/","name":"TransInfo Archiwum","description":"Ca\u0142y transport w jednym miejscu","publisher":{"@id":"https:\/\/transinfo.pl\/x\/#organization"},"potentialAction":[{"@type":"SearchAction","target":{"@type":"EntryPoint","urlTemplate":"https:\/\/transinfo.pl\/x\/?s={search_term_string}"},"query-input":{"@type":"PropertyValueSpecification","valueRequired":true,"valueName":"search_term_string"}}],"inLanguage":"pl-PL"},{"@type":"Organization","@id":"https:\/\/transinfo.pl\/x\/#organization","name":"TransInfo","url":"https:\/\/transinfo.pl\/x\/","logo":{"@type":"ImageObject","inLanguage":"pl-PL","@id":"https:\/\/transinfo.pl\/x\/#\/schema\/logo\/image\/","url":"https:\/\/transinfo.pl\/x\/wp-content\/uploads\/2024\/10\/favicon.png","contentUrl":"https:\/\/transinfo.pl\/x\/wp-content\/uploads\/2024\/10\/favicon.png","width":512,"height":512,"caption":"TransInfo"},"image":{"@id":"https:\/\/transinfo.pl\/x\/#\/schema\/logo\/image\/"}}]}},"_links":{"self":[{"href":"https:\/\/transinfo.pl\/x\/wp-json\/wp\/v2\/inforail\/263636","targetHints":{"allow":["GET"]}}],"collection":[{"href":"https:\/\/transinfo.pl\/x\/wp-json\/wp\/v2\/inforail"}],"about":[{"href":"https:\/\/transinfo.pl\/x\/wp-json\/wp\/v2\/types\/inforail"}],"author":[{"embeddable":true,"href":"https:\/\/transinfo.pl\/x\/wp-json\/wp\/v2\/users\/3"}],"replies":[{"embeddable":true,"href":"https:\/\/transinfo.pl\/x\/wp-json\/wp\/v2\/comments?post=263636"}],"wp:featuredmedia":[{"embeddable":true,"href":"https:\/\/transinfo.pl\/x\/wp-json\/wp\/v2\/media\/226388"}],"wp:attachment":[{"href":"https:\/\/transinfo.pl\/x\/wp-json\/wp\/v2\/media?parent=263636"}],"wp:term":[{"taxonomy":"category","embeddable":true,"href":"https:\/\/transinfo.pl\/x\/wp-json\/wp\/v2\/categories?post=263636"},{"taxonomy":"post_tag","embeddable":true,"href":"https:\/\/transinfo.pl\/x\/wp-json\/wp\/v2\/tags?post=263636"}],"curies":[{"name":"wp","href":"https:\/\/api.w.org\/{rel}","templated":true}]}}