{"id":262894,"date":"2024-01-04T16:15:00","date_gmt":"2024-01-04T16:15:00","guid":{"rendered":"https:\/\/transinfo.pl\/x\/inforail\/kolejowa-wtopa-skody-na-lotwie-nowe-pociagi-stoja\/"},"modified":"2024-01-04T16:15:00","modified_gmt":"2024-01-04T16:15:00","slug":"kolejowa-wtopa-skody-na-lotwie-nowe-pociagi-stoja","status":"publish","type":"inforail","link":"https:\/\/transinfo.pl\/x\/inforail\/kolejowa-wtopa-skody-na-lotwie-nowe-pociagi-stoja\/","title":{"rendered":"Kolejowa wtopa Skody na \u0141otwie. Nowe poci\u0105gi stoj\u0105"},"content":{"rendered":"<style>h1,h2,h3,h4,h5,h6{margin:0 0 1.25rem;font-family:Arial,sans-serif;font-weight:600;color:#050505}h1{font-size:1.875rem;line-height:1.1em;text-transform:none}@media(min-width: 768px){h1{font-size:2.375rem}}h2{font-size:1.1875rem;line-height:1.2em;text-transform:uppercase}@media(min-width: 768px){h2{font-size:1.0625rem}}h3{font-size:0.9375rem;line-height:1.4em;font-weight:900;margin-bottom:0.9375rem}h4{font-size:0.875rem;line-height:1.2em;font-weight:500}h5{font-size:0.9375rem;line-height:1.6;font-weight:400}h6{font-size:0.9375rem;line-height:1.6;font-weight:600}\n<\/style>\n<h3 class=\"wp-block-heading\" id=\"h-trzeci-dzien-z-rzedu-pasazerowie-pociagow-na-lotwie-musieli-godzinami-czekac-ze-wzgledu-na-powazne-opoznienia-podala-lotewska-telewizja\">Trzeci dzie\u0144 z rz\u0119du pasa\u017cerowie poci\u0105g\u00f3w na \u0141otwie musieli godzinami czeka\u0107 ze wzgl\u0119du na powa\u017cne op\u00f3\u017anienia \u2013 poda\u0142a \u0142otewska telewizja.<\/h3>\n\n\n<style>p{margin:0 0 1.5rem}p:last-child{margin:0}p.is-style-uppercase{text-transform:uppercase}p.is-style-preheading{color:#12406a;text-transform:uppercase}p.is-style-leadparagraph{font-size:1rem;line-height:1.625;font-weight:700}@media(min-width: 768px){p.is-style-leadparagraph{font-size:1.125rem;line-height:1.5555555556}}p.has-small-margin{margin-bottom:0.625rem}p.has-small-margin+h1,p.has-small-margin+h2,p.has-small-margin+h3{margin-top:1.875rem}\n<\/style>\n<p>S\u0105 one zwi\u0105zane problemami technicznymi sk\u0142ad\u00f3w dostarczonych przez Skod\u0119.<\/p>\n\n\n\n<h2 class=\"wp-block-heading\" id=\"h-awarie-pociagow\">Awarie poci\u0105g\u00f3w<\/h2>\n\n\n\n<p>Rod\u017eers J\u0101nis Grigulis, prezes zarz\u0105du JSC \u201ePasazieru Vilciens\u201d dzia\u0142aj\u0105cej pod mark\u0105 Vivi, przyzna\u0142, \u017ce spodziewano si\u0119 problem\u00f3w technicznych, ale nie a\u017c tak powa\u017cnych.<\/p>\n\n\n\n<p>Jak zdecydowa\u0142 minister transportu Kaspars Bri\u0161kens wdro\u017cona ma zosta\u0107 jedna internetowa baza danych i synchroniczna komunikacja z pasa\u017cerami. Ustalono tak\u017ce, \u017ce zainteresowane strony powinny w ci\u0105gu najbli\u017cszych dni przedstawi\u0107 propozycje alternatywnych rozwi\u0105za\u0144 transportowych. W mi\u0119dzyczasie, w przypadku problem\u00f3w z poci\u0105giem, firma radzi pasa\u017cerom, aby wybrali inne \u015brodki transportu, w tym taks\u00f3wki, a pokwitowania b\u0119d\u0105 mog\u0142y zosta\u0107 przekazane Vivi w celu uzyskania zwrotu pieni\u0119dzy.<\/p>\n\n\n\n<p>We wtorek 2 stycznia stwierdzono, \u017ce pi\u0119\u0107 z siedemnastu poci\u0105g\u00f3w elektrycznych dostarczonych na \u0141otw\u0119 przez Skod\u0119 Vagonk\u0119 mia\u0142o r\u00f3\u017cne usterki. W jednym z poci\u0105g\u00f3w spowodowa\u0142y one trzygodzinny post\u00f3j na linii Ryga\u2013Skulte, a w \u015brod\u0119, 3 stycznia, mimo \u017ce w trzech poci\u0105gach problemy zosta\u0142y naprawione, ruch na tej samej linii nadal by\u0142 utrudniony z op\u00f3\u017anieniami nawet o godzin\u0119 z tych samych powod\u00f3w.<\/p>\n\n\n\n<p><\/p>\n\n\n<style>.wp-block-image{margin:1.25rem 0;text-align:center}.wp-block-image figcaption{padding:0 0.9375rem;text-align:center}\n<\/style>\n<figure class=\"wp-block-image size-full\"><a href=\"https:\/\/transinfo.pl\/wp-content\/uploads\/2024\/01\/vivi-szkoda.jpg\"><img decoding=\"async\" src=\"https:\/\/transinfo.pl\/wp-content\/uploads\/2024\/01\/vivi-szkoda.jpg\" alt=\"Trzeci dzie\u0144 z rz\u0119du pasa\u017cerowie poci\u0105g\u00f3w na \u0141otwie musieli godzinami czeka\u0107 ze wzgl\u0119du na powa\u017cne op\u00f3\u017anienia \u2013 poda\u0142a \u0142otewska telewizja.\" class=\"wp-image-458984\" \/><\/a><figcaption class=\"wp-element-caption\">Poci\u0105g Skody na \u0141otwie<\/figcaption><\/figure>\n\n\n\n<p><\/p>\n\n\n\n<p>Minister transportu Kaspars Bri\u0161kens i kierownictwo przewo\u017anika kolejowego \u201eVivi\u201d omawiali problemy z producentem poci\u0105g\u00f3w \u201eSkoda Vagonka\u201d, kt\u00f3ry zdecydowa\u0142 si\u0119 wys\u0142a\u0107 dodatkowe si\u0142y na \u0141otw\u0119 w celu rozwi\u0105zania problem\u00f3w.<\/p>\n\n\n\n<p>Osoby odpowiedzialne za obs\u0142ug\u0119 poci\u0105g\u00f3w wielokrotnie podkre\u015bla\u0142y w ostatnich dniach, \u017ce wprowadzanie jakiejkolwiek nowej technologii po najdok\u0142adniejszych testach powinno uwzgl\u0119dnia\u0107 w pocz\u0105tkowym okresie r\u00f3\u017cne nieoczekiwane usterki. Jednak frustracja pasa\u017cer\u00f3w ro\u015bnie, poniewa\u017c ludzie chc\u0105 dotrze\u0107 do celu na czas, a nie s\u0142u\u017cy\u0107 jako \u201eszczury laboratoryjne\u201d.<\/p>\n\n\n<style>.wp-block-quote{border-left:0.1875rem solid var(--page-color);font-size:1rem;font-style:italic;margin:0 0 1.6875rem;padding:1.25rem}.wp-block-quote cite{color:#050505}.wp-block-quote.is-style-large p{margin-bottom:10px}.wp-block-quote.is-style-large cite{color:#12406a}\n<\/style>\n<blockquote class=\"wp-block-quote is-layout-flow wp-block-quote-is-layout-flow\">\n<p>\u201eSkoda obieca\u0142a nam konkretne rzeczy. To obecno\u015b\u0107 dodatkowych specjalist\u00f3w w Rydze, dost\u0119pno\u015b\u0107 24 godziny na dob\u0119, 7 dni w tygodniu i wzmocnienie zespo\u0142u w Rydze oraz w terenie\u201d \u2013 powiedzia\u0142 Minister Transportu w \u0142otewskiej telewizji.<\/p>\n<\/blockquote>\n\n\n\n<p>Specjali\u015bci ci przeprowadz\u0105 tak\u017ce dog\u0142\u0119bn\u0105 analiz\u0119 usterek i przeszkol\u0105 \u0142otewskich maszynist\u00f3w. Podobnie Skoda anga\u017cuje si\u0119 w popraw\u0119 komunikacji i koordynacji sytuacji kryzysowej.<\/p>\n\n\n\n<blockquote class=\"wp-block-quote is-layout-flow wp-block-quote-is-layout-flow\">\n<p>\u201eMamy zaplanowane spotkanie z przedstawicielami producenta oraz zarz\u0105dcy infrastruktury w ministerstwie. Oczywi\u015bcie o tym porozmawiamy\u201d \u2013 powiedzia\u0142 Rod\u017eers J\u0101nis Grigulis, prezes zarz\u0105du \u201ePasazieru Vilciens\u201d, dzia\u0142aj\u0105cej pod mark\u0105 Vivi.<\/p>\n<\/blockquote>\n\n\n\n<blockquote class=\"wp-block-quote is-layout-flow wp-block-quote-is-layout-flow\">\n<p>&nbsp;\u201ePasa\u017cerowie mog\u0105 zobaczy\u0107 op\u00f3\u017anienia w aplikacji. Zach\u0119cam wszystkich do jej pobrania. To najbezpieczniejsze rozwi\u0105zanie. U\u017cytkownicy korzystaj\u0105cy z \u201eTwittera\u201d mog\u0105 tam wyszukiwa\u0107 informacji. Ale je\u015bli ju\u017c jeste\u015b w poci\u0105gu, zapytaj nasz personel\u201d \u2013 powiedzia\u0142 Grigulis.<\/p>\n<\/blockquote>\n","protected":false},"author":3,"featured_media":262895,"comment_status":"","ping_status":"closed","template":"","categories":[25],"tags":[619,807,835,4955],"class_list":["post-262894","inforail","type-inforail","status-publish","has-post-thumbnail","hentry","category-producenci","tag-awaria","tag-lotwa","tag-skoda","tag-utrudnienia"],"acf":[],"yoast_head":"<!-- This site is optimized with the Yoast SEO Premium plugin v21.8 (Yoast SEO v23.7) - https:\/\/yoast.com\/wordpress\/plugins\/seo\/ -->\n<title>Kolejowa wtopa Skody na \u0141otwie. Nowe poci\u0105gi stoj\u0105 - TransInfo Archiwum<\/title>\n<meta name=\"description\" content=\"Trzeci dzie\u0144 z rz\u0119du pasa\u017cerowie poci\u0105g\u00f3w na \u0141otwie musieli godzinami czeka\u0107 ze wzgl\u0119du na powa\u017cne op\u00f3\u017anienia \u2013 poda\u0142a \u0142otewska telewizja.\" \/>\n<meta name=\"robots\" content=\"index, follow, max-snippet:-1, max-image-preview:large, max-video-preview:-1\" \/>\n<link rel=\"canonical\" href=\"https:\/\/transinfo.pl\/x\/inforail\/kolejowa-wtopa-skody-na-lotwie-nowe-pociagi-stoja\/\" \/>\n<meta property=\"og:locale\" content=\"pl_PL\" \/>\n<meta property=\"og:type\" content=\"article\" \/>\n<meta property=\"og:title\" content=\"Kolejowa wtopa Skody na \u0141otwie. Nowe poci\u0105gi stoj\u0105\" \/>\n<meta property=\"og:description\" content=\"Trzeci dzie\u0144 z rz\u0119du pasa\u017cerowie poci\u0105g\u00f3w na \u0141otwie musieli godzinami czeka\u0107 ze wzgl\u0119du na powa\u017cne op\u00f3\u017anienia \u2013 poda\u0142a \u0142otewska telewizja.\" \/>\n<meta property=\"og:url\" content=\"https:\/\/transinfo.pl\/x\/inforail\/kolejowa-wtopa-skody-na-lotwie-nowe-pociagi-stoja\/\" \/>\n<meta property=\"og:site_name\" content=\"TransInfo Archiwum\" \/>\n<meta property=\"og:image\" content=\"https:\/\/transinfo.pl\/x\/wp-content\/uploads\/2024\/01\/skoda-vivi.jpg\" \/>\n\t<meta property=\"og:image:width\" content=\"1\" \/>\n\t<meta property=\"og:image:height\" content=\"1\" \/>\n\t<meta property=\"og:image:type\" content=\"image\/jpeg\" \/>\n<meta name=\"twitter:card\" content=\"summary_large_image\" \/>\n<meta name=\"twitter:label1\" content=\"Szacowany czas czytania\" \/>\n\t<meta name=\"twitter:data1\" content=\"2 minuty\" \/>\n<script type=\"application\/ld+json\" class=\"yoast-schema-graph\">{\"@context\":\"https:\/\/schema.org\",\"@graph\":[{\"@type\":\"WebPage\",\"@id\":\"https:\/\/transinfo.pl\/x\/inforail\/kolejowa-wtopa-skody-na-lotwie-nowe-pociagi-stoja\/\",\"url\":\"https:\/\/transinfo.pl\/x\/inforail\/kolejowa-wtopa-skody-na-lotwie-nowe-pociagi-stoja\/\",\"name\":\"Kolejowa wtopa Skody na \u0141otwie. Nowe poci\u0105gi stoj\u0105 - TransInfo Archiwum\",\"isPartOf\":{\"@id\":\"https:\/\/transinfo.pl\/x\/#website\"},\"primaryImageOfPage\":{\"@id\":\"https:\/\/transinfo.pl\/x\/inforail\/kolejowa-wtopa-skody-na-lotwie-nowe-pociagi-stoja\/#primaryimage\"},\"image\":{\"@id\":\"https:\/\/transinfo.pl\/x\/inforail\/kolejowa-wtopa-skody-na-lotwie-nowe-pociagi-stoja\/#primaryimage\"},\"thumbnailUrl\":\"https:\/\/transinfo.pl\/x\/wp-content\/uploads\/2024\/01\/skoda-vivi.jpg\",\"datePublished\":\"2024-01-04T16:15:00+00:00\",\"dateModified\":\"2024-01-04T16:15:00+00:00\",\"description\":\"Trzeci dzie\u0144 z rz\u0119du pasa\u017cerowie poci\u0105g\u00f3w na \u0141otwie musieli godzinami czeka\u0107 ze wzgl\u0119du na powa\u017cne op\u00f3\u017anienia \u2013 poda\u0142a \u0142otewska telewizja.\",\"breadcrumb\":{\"@id\":\"https:\/\/transinfo.pl\/x\/inforail\/kolejowa-wtopa-skody-na-lotwie-nowe-pociagi-stoja\/#breadcrumb\"},\"inLanguage\":\"pl-PL\",\"potentialAction\":[{\"@type\":\"ReadAction\",\"target\":[\"https:\/\/transinfo.pl\/x\/inforail\/kolejowa-wtopa-skody-na-lotwie-nowe-pociagi-stoja\/\"]}]},{\"@type\":\"ImageObject\",\"inLanguage\":\"pl-PL\",\"@id\":\"https:\/\/transinfo.pl\/x\/inforail\/kolejowa-wtopa-skody-na-lotwie-nowe-pociagi-stoja\/#primaryimage\",\"url\":\"https:\/\/transinfo.pl\/x\/wp-content\/uploads\/2024\/01\/skoda-vivi.jpg\",\"contentUrl\":\"https:\/\/transinfo.pl\/x\/wp-content\/uploads\/2024\/01\/skoda-vivi.jpg\"},{\"@type\":\"BreadcrumbList\",\"@id\":\"https:\/\/transinfo.pl\/x\/inforail\/kolejowa-wtopa-skody-na-lotwie-nowe-pociagi-stoja\/#breadcrumb\",\"itemListElement\":[{\"@type\":\"ListItem\",\"position\":1,\"name\":\"Home\",\"item\":\"https:\/\/transinfo.pl\/x\/\"},{\"@type\":\"ListItem\",\"position\":2,\"name\":\"Inforail\",\"item\":\"https:\/\/transinfo.pl\/x\/inforail\/\"},{\"@type\":\"ListItem\",\"position\":3,\"name\":\"Kolejowa wtopa Skody na \u0141otwie. Nowe poci\u0105gi stoj\u0105\"}]},{\"@type\":\"WebSite\",\"@id\":\"https:\/\/transinfo.pl\/x\/#website\",\"url\":\"https:\/\/transinfo.pl\/x\/\",\"name\":\"TransInfo Archiwum\",\"description\":\"Ca\u0142y transport w jednym miejscu\",\"publisher\":{\"@id\":\"https:\/\/transinfo.pl\/x\/#organization\"},\"potentialAction\":[{\"@type\":\"SearchAction\",\"target\":{\"@type\":\"EntryPoint\",\"urlTemplate\":\"https:\/\/transinfo.pl\/x\/?s={search_term_string}\"},\"query-input\":{\"@type\":\"PropertyValueSpecification\",\"valueRequired\":true,\"valueName\":\"search_term_string\"}}],\"inLanguage\":\"pl-PL\"},{\"@type\":\"Organization\",\"@id\":\"https:\/\/transinfo.pl\/x\/#organization\",\"name\":\"TransInfo\",\"url\":\"https:\/\/transinfo.pl\/x\/\",\"logo\":{\"@type\":\"ImageObject\",\"inLanguage\":\"pl-PL\",\"@id\":\"https:\/\/transinfo.pl\/x\/#\/schema\/logo\/image\/\",\"url\":\"https:\/\/transinfo.pl\/x\/wp-content\/uploads\/2024\/10\/favicon.png\",\"contentUrl\":\"https:\/\/transinfo.pl\/x\/wp-content\/uploads\/2024\/10\/favicon.png\",\"width\":512,\"height\":512,\"caption\":\"TransInfo\"},\"image\":{\"@id\":\"https:\/\/transinfo.pl\/x\/#\/schema\/logo\/image\/\"}}]}<\/script>\n<!-- \/ Yoast SEO Premium plugin. -->","yoast_head_json":{"title":"Kolejowa wtopa Skody na \u0141otwie. Nowe poci\u0105gi stoj\u0105 - TransInfo Archiwum","description":"Trzeci dzie\u0144 z rz\u0119du pasa\u017cerowie poci\u0105g\u00f3w na \u0141otwie musieli godzinami czeka\u0107 ze wzgl\u0119du na powa\u017cne op\u00f3\u017anienia \u2013 poda\u0142a \u0142otewska telewizja.","robots":{"index":"index","follow":"follow","max-snippet":"max-snippet:-1","max-image-preview":"max-image-preview:large","max-video-preview":"max-video-preview:-1"},"canonical":"https:\/\/transinfo.pl\/x\/inforail\/kolejowa-wtopa-skody-na-lotwie-nowe-pociagi-stoja\/","og_locale":"pl_PL","og_type":"article","og_title":"Kolejowa wtopa Skody na \u0141otwie. Nowe poci\u0105gi stoj\u0105","og_description":"Trzeci dzie\u0144 z rz\u0119du pasa\u017cerowie poci\u0105g\u00f3w na \u0141otwie musieli godzinami czeka\u0107 ze wzgl\u0119du na powa\u017cne op\u00f3\u017anienia \u2013 poda\u0142a \u0142otewska telewizja.","og_url":"https:\/\/transinfo.pl\/x\/inforail\/kolejowa-wtopa-skody-na-lotwie-nowe-pociagi-stoja\/","og_site_name":"TransInfo Archiwum","og_image":[{"url":"https:\/\/transinfo.pl\/x\/wp-content\/uploads\/2024\/01\/skoda-vivi.jpg","width":1,"height":1,"type":"image\/jpeg"}],"twitter_card":"summary_large_image","twitter_misc":{"Szacowany czas czytania":"2 minuty"},"schema":{"@context":"https:\/\/schema.org","@graph":[{"@type":"WebPage","@id":"https:\/\/transinfo.pl\/x\/inforail\/kolejowa-wtopa-skody-na-lotwie-nowe-pociagi-stoja\/","url":"https:\/\/transinfo.pl\/x\/inforail\/kolejowa-wtopa-skody-na-lotwie-nowe-pociagi-stoja\/","name":"Kolejowa wtopa Skody na \u0141otwie. Nowe poci\u0105gi stoj\u0105 - TransInfo Archiwum","isPartOf":{"@id":"https:\/\/transinfo.pl\/x\/#website"},"primaryImageOfPage":{"@id":"https:\/\/transinfo.pl\/x\/inforail\/kolejowa-wtopa-skody-na-lotwie-nowe-pociagi-stoja\/#primaryimage"},"image":{"@id":"https:\/\/transinfo.pl\/x\/inforail\/kolejowa-wtopa-skody-na-lotwie-nowe-pociagi-stoja\/#primaryimage"},"thumbnailUrl":"https:\/\/transinfo.pl\/x\/wp-content\/uploads\/2024\/01\/skoda-vivi.jpg","datePublished":"2024-01-04T16:15:00+00:00","dateModified":"2024-01-04T16:15:00+00:00","description":"Trzeci dzie\u0144 z rz\u0119du pasa\u017cerowie poci\u0105g\u00f3w na \u0141otwie musieli godzinami czeka\u0107 ze wzgl\u0119du na powa\u017cne op\u00f3\u017anienia \u2013 poda\u0142a \u0142otewska telewizja.","breadcrumb":{"@id":"https:\/\/transinfo.pl\/x\/inforail\/kolejowa-wtopa-skody-na-lotwie-nowe-pociagi-stoja\/#breadcrumb"},"inLanguage":"pl-PL","potentialAction":[{"@type":"ReadAction","target":["https:\/\/transinfo.pl\/x\/inforail\/kolejowa-wtopa-skody-na-lotwie-nowe-pociagi-stoja\/"]}]},{"@type":"ImageObject","inLanguage":"pl-PL","@id":"https:\/\/transinfo.pl\/x\/inforail\/kolejowa-wtopa-skody-na-lotwie-nowe-pociagi-stoja\/#primaryimage","url":"https:\/\/transinfo.pl\/x\/wp-content\/uploads\/2024\/01\/skoda-vivi.jpg","contentUrl":"https:\/\/transinfo.pl\/x\/wp-content\/uploads\/2024\/01\/skoda-vivi.jpg"},{"@type":"BreadcrumbList","@id":"https:\/\/transinfo.pl\/x\/inforail\/kolejowa-wtopa-skody-na-lotwie-nowe-pociagi-stoja\/#breadcrumb","itemListElement":[{"@type":"ListItem","position":1,"name":"Home","item":"https:\/\/transinfo.pl\/x\/"},{"@type":"ListItem","position":2,"name":"Inforail","item":"https:\/\/transinfo.pl\/x\/inforail\/"},{"@type":"ListItem","position":3,"name":"Kolejowa wtopa Skody na \u0141otwie. Nowe poci\u0105gi stoj\u0105"}]},{"@type":"WebSite","@id":"https:\/\/transinfo.pl\/x\/#website","url":"https:\/\/transinfo.pl\/x\/","name":"TransInfo Archiwum","description":"Ca\u0142y transport w jednym miejscu","publisher":{"@id":"https:\/\/transinfo.pl\/x\/#organization"},"potentialAction":[{"@type":"SearchAction","target":{"@type":"EntryPoint","urlTemplate":"https:\/\/transinfo.pl\/x\/?s={search_term_string}"},"query-input":{"@type":"PropertyValueSpecification","valueRequired":true,"valueName":"search_term_string"}}],"inLanguage":"pl-PL"},{"@type":"Organization","@id":"https:\/\/transinfo.pl\/x\/#organization","name":"TransInfo","url":"https:\/\/transinfo.pl\/x\/","logo":{"@type":"ImageObject","inLanguage":"pl-PL","@id":"https:\/\/transinfo.pl\/x\/#\/schema\/logo\/image\/","url":"https:\/\/transinfo.pl\/x\/wp-content\/uploads\/2024\/10\/favicon.png","contentUrl":"https:\/\/transinfo.pl\/x\/wp-content\/uploads\/2024\/10\/favicon.png","width":512,"height":512,"caption":"TransInfo"},"image":{"@id":"https:\/\/transinfo.pl\/x\/#\/schema\/logo\/image\/"}}]}},"_links":{"self":[{"href":"https:\/\/transinfo.pl\/x\/wp-json\/wp\/v2\/inforail\/262894","targetHints":{"allow":["GET"]}}],"collection":[{"href":"https:\/\/transinfo.pl\/x\/wp-json\/wp\/v2\/inforail"}],"about":[{"href":"https:\/\/transinfo.pl\/x\/wp-json\/wp\/v2\/types\/inforail"}],"author":[{"embeddable":true,"href":"https:\/\/transinfo.pl\/x\/wp-json\/wp\/v2\/users\/3"}],"replies":[{"embeddable":true,"href":"https:\/\/transinfo.pl\/x\/wp-json\/wp\/v2\/comments?post=262894"}],"wp:featuredmedia":[{"embeddable":true,"href":"https:\/\/transinfo.pl\/x\/wp-json\/wp\/v2\/media\/262895"}],"wp:attachment":[{"href":"https:\/\/transinfo.pl\/x\/wp-json\/wp\/v2\/media?parent=262894"}],"wp:term":[{"taxonomy":"category","embeddable":true,"href":"https:\/\/transinfo.pl\/x\/wp-json\/wp\/v2\/categories?post=262894"},{"taxonomy":"post_tag","embeddable":true,"href":"https:\/\/transinfo.pl\/x\/wp-json\/wp\/v2\/tags?post=262894"}],"curies":[{"name":"wp","href":"https:\/\/api.w.org\/{rel}","templated":true}]}}