{"id":262062,"date":"2023-12-18T17:45:00","date_gmt":"2023-12-18T17:45:00","guid":{"rendered":"https:\/\/transinfo.pl\/x\/inforail\/jutro-kolejny-wazny-dzien-dla-pesy-wejscie-na-nowy-rynek-kolejowy\/"},"modified":"2023-12-18T17:45:00","modified_gmt":"2023-12-18T17:45:00","slug":"jutro-kolejny-wazny-dzien-dla-pesy-wejscie-na-nowy-rynek-kolejowy","status":"publish","type":"inforail","link":"https:\/\/transinfo.pl\/x\/inforail\/jutro-kolejny-wazny-dzien-dla-pesy-wejscie-na-nowy-rynek-kolejowy\/","title":{"rendered":"Kolejny wa\u017cny dzie\u0144 dla PESY. Wej\u015bcie na nowy rynek kolejowy"},"content":{"rendered":"<style>h1,h2,h3,h4,h5,h6{margin:0 0 1.25rem;font-family:Arial,sans-serif;font-weight:600;color:#050505}h1{font-size:1.875rem;line-height:1.1em;text-transform:none}@media(min-width: 768px){h1{font-size:2.375rem}}h2{font-size:1.1875rem;line-height:1.2em;text-transform:uppercase}@media(min-width: 768px){h2{font-size:1.0625rem}}h3{font-size:0.9375rem;line-height:1.4em;font-weight:900;margin-bottom:0.9375rem}h4{font-size:0.875rem;line-height:1.2em;font-weight:500}h5{font-size:0.9375rem;line-height:1.6;font-weight:400}h6{font-size:0.9375rem;line-height:1.6;font-weight:600}\n<\/style>\n<h3 class=\"wp-block-heading\" id=\"h-jutro-19-grudnia-2023-roku-pesa-podpisze-wazna-umowe-na-dostawe-pojazdow-kolejowych\">Jutro, 19 grudnia 2023 roku, PESA podpisze wa\u017cn\u0105 umow\u0119 na dostaw\u0119 pojazd\u00f3w kolejowych.<\/h3>\n\n\n<style>p{margin:0 0 1.5rem}p:last-child{margin:0}p.is-style-uppercase{text-transform:uppercase}p.is-style-preheading{color:#12406a;text-transform:uppercase}p.is-style-leadparagraph{font-size:1rem;line-height:1.625;font-weight:700}@media(min-width: 768px){p.is-style-leadparagraph{font-size:1.125rem;line-height:1.5555555556}}p.has-small-margin{margin-bottom:0.625rem}p.has-small-margin+h1,p.has-small-margin+h2,p.has-small-margin+h3{margin-top:1.875rem}\n<\/style>\n<p>To jednostki, kt\u00f3re trafi\u0105 do Rumunii.<\/p>\n\n\n\n<h2 class=\"wp-block-heading\" id=\"h-pierwszy-kolejowy-kontrakt-w-rumunii\">Pierwszy kolejowy kontrakt w Rumunii<\/h2>\n\n\n<style>.wp-block-quote{border-left:0.1875rem solid var(--page-color);font-size:1rem;font-style:italic;margin:0 0 1.6875rem;padding:1.25rem}.wp-block-quote cite{color:#050505}.wp-block-quote.is-style-large p{margin-bottom:10px}.wp-block-quote.is-style-large cite{color:#12406a}\n<\/style>\n<blockquote class=\"wp-block-quote is-layout-flow wp-block-quote-is-layout-flow\">\n<p>Jutro b\u0119dziemy podpisywali pierwszy kontrakt na dostaw\u0119 pojazd\u00f3w dla Rumunii \u2013 powiedzia\u0142 nam Maciej Maciejewski, wiceprezes PESY. Post\u0119powania obejmowa\u0142y 62 pojazdy regionalne oraz 20 pojazd\u00f3w InterRegio z opcj\u0105 na 9 kolejnych sk\u0142ad\u00f3w. Umowa obejmuje tak\u017ce 15-letnie utrzymanie tych poci\u0105g\u00f3w. Mo\u017ce by\u0107 ono wyd\u0142u\u017cone o kolejnych 15 lat \u2013 doda\u0142.<\/p>\n<\/blockquote>\n\n\n\n<p>Zaoferowane przez PES\u0118 pojazdy to 3-cz\u0142onowe elektryczne zespo\u0142y trakcyjne zbudowane na osobnych w\u00f3zkach, rozwijaj\u0105ce pr\u0119dko\u015b\u0107 do 160 km\/h, z 192 miejscami siedz\u0105cymi w 1, a tak\u017ce 2 klasie. Zasilane z sieci trakcyjnej AC 25kV i wyposa\u017cone w rumu\u0144ski system bezpiecze\u0144stwa PZB 90.<\/p>\n\n\n\n<blockquote class=\"wp-block-quote is-layout-flow wp-block-quote-is-layout-flow\">\n<p>Jest to na pewno kolejne ciekawe wyzwanie. Do tej pory do Rumunii dostarczali\u015bmy tylko tramwaje. To b\u0119dzie pierwszy kolejowy kontrakt na dostaw\u0119 poci\u0105g\u00f3w elektrycznych. O tyle ciekawych, \u017ce b\u0119d\u0105 to pojazdy o napi\u0119ciu 25kV pr\u0105du zmiennego. Do tej pory dostarczali\u015bmy takie pojazdy do Czech, dla RegioJetu, na 3kV pr\u0105du sta\u0142ego i 25kV pr\u0105du zmiennego. Pod wzgl\u0119dem konstrukcyjnym te pojazdy dla Rumunii b\u0119d\u0105 bardzo podobne \u2013 wyja\u015bnia\u0142 Maciej Maciejewski.<\/p>\n<\/blockquote>\n\n\n\n<p><\/p>\n\n\n<style>.wp-block-image{margin:1.25rem 0;text-align:center}.wp-block-image figcaption{padding:0 0.9375rem;text-align:center}\n<\/style>\n<figure class=\"wp-block-image size-large\"><a href=\"https:\/\/transinfo.pl\/wp-content\/uploads\/2023\/12\/Krajowa_3.jpg\"><img decoding=\"async\" src=\"https:\/\/transinfo.pl\/wp-content\/uploads\/2023\/12\/Krajowa_3-1024x731.jpg\" alt=\"Jutro, 19 grudnia 2023 roku, PESA podpisze wa\u017cn\u0105 umow\u0119 na dostaw\u0119 pojazd\u00f3w kolejowych.\" class=\"wp-image-457055\" \/><\/a><figcaption class=\"wp-element-caption\">Tramwaj PESY na rynek rumu\u0144ski<\/figcaption><\/figure>\n\n\n\n<p><\/p>\n\n\n\n<p>Pierwsze pojazdy powinny by\u0107 dostarczone do Rumunii za dwa lata. Do tej pory Pesa dostarcza\u0142a w latach 2012 \u2013 2023 na rynek rumu\u0144ski tramwaje. W sumie je\u017adzi ich ju\u017c 37, w Cluj, Iasi i Craiova. Sp\u00f3\u0142ka w ramach strategii Pesa 2030+ konsekwentnie zatem rozwija swoj\u0105 obecno\u015b\u0107 na rynkach zagranicznych. W tej chwili produkuje tramwaje dla Tallina. A tak\u017ce pojazdy dla CD i Regio Jet w Czechach, jak r\u00f3wnie\u017c kolei w Ghanie. W ostatnich latach eksport to ponad po\u0142owa produkcji Pesa w ostatnich latach.<\/p>\n","protected":false},"author":3,"featured_media":257543,"comment_status":"","ping_status":"closed","template":"","categories":[25],"tags":[2984,810,979,425],"class_list":["post-262062","inforail","type-inforail","status-publish","has-post-thumbnail","hentry","category-producenci","tag-ezt","tag-pesa","tag-rumunia","tag-umowa"],"acf":[],"yoast_head":"<!-- This site is optimized with the Yoast SEO Premium plugin v21.8 (Yoast SEO v23.7) - https:\/\/yoast.com\/wordpress\/plugins\/seo\/ -->\n<title>Kolejny wa\u017cny dzie\u0144 dla PESY. Wej\u015bcie na nowy rynek kolejowy - TransInfo Archiwum<\/title>\n<meta name=\"description\" content=\"Jutro, 19 grudnia 2023 roku, PESA podpisze wa\u017cn\u0105 umow\u0119 na dostaw\u0119 pojazd\u00f3w kolejowych. Dla Rumunii, gdzie do tej pory dostarcza\u0142a tramwaje.\" \/>\n<meta name=\"robots\" content=\"index, follow, max-snippet:-1, max-image-preview:large, max-video-preview:-1\" \/>\n<link rel=\"canonical\" href=\"https:\/\/transinfo.pl\/x\/inforail\/jutro-kolejny-wazny-dzien-dla-pesy-wejscie-na-nowy-rynek-kolejowy\/\" \/>\n<meta property=\"og:locale\" content=\"pl_PL\" \/>\n<meta property=\"og:type\" content=\"article\" \/>\n<meta property=\"og:title\" content=\"Kolejny wa\u017cny dzie\u0144 dla PESY. Wej\u015bcie na nowy rynek kolejowy\" \/>\n<meta property=\"og:description\" content=\"Jutro, 19 grudnia 2023 roku, PESA podpisze wa\u017cn\u0105 umow\u0119 na dostaw\u0119 pojazd\u00f3w kolejowych. Dla Rumunii, gdzie do tej pory dostarcza\u0142a tramwaje.\" \/>\n<meta property=\"og:url\" content=\"https:\/\/transinfo.pl\/x\/inforail\/jutro-kolejny-wazny-dzien-dla-pesy-wejscie-na-nowy-rynek-kolejowy\/\" \/>\n<meta property=\"og:site_name\" content=\"TransInfo Archiwum\" \/>\n<meta property=\"og:image\" content=\"https:\/\/transinfo.pl\/x\/wp-content\/uploads\/2023\/09\/Pesa655_Romania.jpg\" \/>\n\t<meta property=\"og:image:width\" content=\"1\" \/>\n\t<meta property=\"og:image:height\" content=\"1\" \/>\n\t<meta property=\"og:image:type\" content=\"image\/jpeg\" \/>\n<meta name=\"twitter:card\" content=\"summary_large_image\" \/>\n<meta name=\"twitter:label1\" content=\"Szacowany czas czytania\" \/>\n\t<meta name=\"twitter:data1\" content=\"2 minuty\" \/>\n<script type=\"application\/ld+json\" class=\"yoast-schema-graph\">{\"@context\":\"https:\/\/schema.org\",\"@graph\":[{\"@type\":\"WebPage\",\"@id\":\"https:\/\/transinfo.pl\/x\/inforail\/jutro-kolejny-wazny-dzien-dla-pesy-wejscie-na-nowy-rynek-kolejowy\/\",\"url\":\"https:\/\/transinfo.pl\/x\/inforail\/jutro-kolejny-wazny-dzien-dla-pesy-wejscie-na-nowy-rynek-kolejowy\/\",\"name\":\"Kolejny wa\u017cny dzie\u0144 dla PESY. Wej\u015bcie na nowy rynek kolejowy - TransInfo Archiwum\",\"isPartOf\":{\"@id\":\"https:\/\/transinfo.pl\/x\/#website\"},\"primaryImageOfPage\":{\"@id\":\"https:\/\/transinfo.pl\/x\/inforail\/jutro-kolejny-wazny-dzien-dla-pesy-wejscie-na-nowy-rynek-kolejowy\/#primaryimage\"},\"image\":{\"@id\":\"https:\/\/transinfo.pl\/x\/inforail\/jutro-kolejny-wazny-dzien-dla-pesy-wejscie-na-nowy-rynek-kolejowy\/#primaryimage\"},\"thumbnailUrl\":\"https:\/\/transinfo.pl\/x\/wp-content\/uploads\/2023\/09\/Pesa655_Romania.jpg\",\"datePublished\":\"2023-12-18T17:45:00+00:00\",\"dateModified\":\"2023-12-18T17:45:00+00:00\",\"description\":\"Jutro, 19 grudnia 2023 roku, PESA podpisze wa\u017cn\u0105 umow\u0119 na dostaw\u0119 pojazd\u00f3w kolejowych. Dla Rumunii, gdzie do tej pory dostarcza\u0142a tramwaje.\",\"breadcrumb\":{\"@id\":\"https:\/\/transinfo.pl\/x\/inforail\/jutro-kolejny-wazny-dzien-dla-pesy-wejscie-na-nowy-rynek-kolejowy\/#breadcrumb\"},\"inLanguage\":\"pl-PL\",\"potentialAction\":[{\"@type\":\"ReadAction\",\"target\":[\"https:\/\/transinfo.pl\/x\/inforail\/jutro-kolejny-wazny-dzien-dla-pesy-wejscie-na-nowy-rynek-kolejowy\/\"]}]},{\"@type\":\"ImageObject\",\"inLanguage\":\"pl-PL\",\"@id\":\"https:\/\/transinfo.pl\/x\/inforail\/jutro-kolejny-wazny-dzien-dla-pesy-wejscie-na-nowy-rynek-kolejowy\/#primaryimage\",\"url\":\"https:\/\/transinfo.pl\/x\/wp-content\/uploads\/2023\/09\/Pesa655_Romania.jpg\",\"contentUrl\":\"https:\/\/transinfo.pl\/x\/wp-content\/uploads\/2023\/09\/Pesa655_Romania.jpg\"},{\"@type\":\"BreadcrumbList\",\"@id\":\"https:\/\/transinfo.pl\/x\/inforail\/jutro-kolejny-wazny-dzien-dla-pesy-wejscie-na-nowy-rynek-kolejowy\/#breadcrumb\",\"itemListElement\":[{\"@type\":\"ListItem\",\"position\":1,\"name\":\"Home\",\"item\":\"https:\/\/transinfo.pl\/x\/\"},{\"@type\":\"ListItem\",\"position\":2,\"name\":\"Inforail\",\"item\":\"https:\/\/transinfo.pl\/x\/inforail\/\"},{\"@type\":\"ListItem\",\"position\":3,\"name\":\"Kolejny wa\u017cny dzie\u0144 dla PESY. Wej\u015bcie na nowy rynek kolejowy\"}]},{\"@type\":\"WebSite\",\"@id\":\"https:\/\/transinfo.pl\/x\/#website\",\"url\":\"https:\/\/transinfo.pl\/x\/\",\"name\":\"TransInfo Archiwum\",\"description\":\"Ca\u0142y transport w jednym miejscu\",\"publisher\":{\"@id\":\"https:\/\/transinfo.pl\/x\/#organization\"},\"potentialAction\":[{\"@type\":\"SearchAction\",\"target\":{\"@type\":\"EntryPoint\",\"urlTemplate\":\"https:\/\/transinfo.pl\/x\/?s={search_term_string}\"},\"query-input\":{\"@type\":\"PropertyValueSpecification\",\"valueRequired\":true,\"valueName\":\"search_term_string\"}}],\"inLanguage\":\"pl-PL\"},{\"@type\":\"Organization\",\"@id\":\"https:\/\/transinfo.pl\/x\/#organization\",\"name\":\"TransInfo\",\"url\":\"https:\/\/transinfo.pl\/x\/\",\"logo\":{\"@type\":\"ImageObject\",\"inLanguage\":\"pl-PL\",\"@id\":\"https:\/\/transinfo.pl\/x\/#\/schema\/logo\/image\/\",\"url\":\"https:\/\/transinfo.pl\/x\/wp-content\/uploads\/2024\/10\/favicon.png\",\"contentUrl\":\"https:\/\/transinfo.pl\/x\/wp-content\/uploads\/2024\/10\/favicon.png\",\"width\":512,\"height\":512,\"caption\":\"TransInfo\"},\"image\":{\"@id\":\"https:\/\/transinfo.pl\/x\/#\/schema\/logo\/image\/\"}}]}<\/script>\n<!-- \/ Yoast SEO Premium plugin. -->","yoast_head_json":{"title":"Kolejny wa\u017cny dzie\u0144 dla PESY. Wej\u015bcie na nowy rynek kolejowy - TransInfo Archiwum","description":"Jutro, 19 grudnia 2023 roku, PESA podpisze wa\u017cn\u0105 umow\u0119 na dostaw\u0119 pojazd\u00f3w kolejowych. Dla Rumunii, gdzie do tej pory dostarcza\u0142a tramwaje.","robots":{"index":"index","follow":"follow","max-snippet":"max-snippet:-1","max-image-preview":"max-image-preview:large","max-video-preview":"max-video-preview:-1"},"canonical":"https:\/\/transinfo.pl\/x\/inforail\/jutro-kolejny-wazny-dzien-dla-pesy-wejscie-na-nowy-rynek-kolejowy\/","og_locale":"pl_PL","og_type":"article","og_title":"Kolejny wa\u017cny dzie\u0144 dla PESY. Wej\u015bcie na nowy rynek kolejowy","og_description":"Jutro, 19 grudnia 2023 roku, PESA podpisze wa\u017cn\u0105 umow\u0119 na dostaw\u0119 pojazd\u00f3w kolejowych. Dla Rumunii, gdzie do tej pory dostarcza\u0142a tramwaje.","og_url":"https:\/\/transinfo.pl\/x\/inforail\/jutro-kolejny-wazny-dzien-dla-pesy-wejscie-na-nowy-rynek-kolejowy\/","og_site_name":"TransInfo Archiwum","og_image":[{"url":"https:\/\/transinfo.pl\/x\/wp-content\/uploads\/2023\/09\/Pesa655_Romania.jpg","width":1,"height":1,"type":"image\/jpeg"}],"twitter_card":"summary_large_image","twitter_misc":{"Szacowany czas czytania":"2 minuty"},"schema":{"@context":"https:\/\/schema.org","@graph":[{"@type":"WebPage","@id":"https:\/\/transinfo.pl\/x\/inforail\/jutro-kolejny-wazny-dzien-dla-pesy-wejscie-na-nowy-rynek-kolejowy\/","url":"https:\/\/transinfo.pl\/x\/inforail\/jutro-kolejny-wazny-dzien-dla-pesy-wejscie-na-nowy-rynek-kolejowy\/","name":"Kolejny wa\u017cny dzie\u0144 dla PESY. Wej\u015bcie na nowy rynek kolejowy - TransInfo Archiwum","isPartOf":{"@id":"https:\/\/transinfo.pl\/x\/#website"},"primaryImageOfPage":{"@id":"https:\/\/transinfo.pl\/x\/inforail\/jutro-kolejny-wazny-dzien-dla-pesy-wejscie-na-nowy-rynek-kolejowy\/#primaryimage"},"image":{"@id":"https:\/\/transinfo.pl\/x\/inforail\/jutro-kolejny-wazny-dzien-dla-pesy-wejscie-na-nowy-rynek-kolejowy\/#primaryimage"},"thumbnailUrl":"https:\/\/transinfo.pl\/x\/wp-content\/uploads\/2023\/09\/Pesa655_Romania.jpg","datePublished":"2023-12-18T17:45:00+00:00","dateModified":"2023-12-18T17:45:00+00:00","description":"Jutro, 19 grudnia 2023 roku, PESA podpisze wa\u017cn\u0105 umow\u0119 na dostaw\u0119 pojazd\u00f3w kolejowych. Dla Rumunii, gdzie do tej pory dostarcza\u0142a tramwaje.","breadcrumb":{"@id":"https:\/\/transinfo.pl\/x\/inforail\/jutro-kolejny-wazny-dzien-dla-pesy-wejscie-na-nowy-rynek-kolejowy\/#breadcrumb"},"inLanguage":"pl-PL","potentialAction":[{"@type":"ReadAction","target":["https:\/\/transinfo.pl\/x\/inforail\/jutro-kolejny-wazny-dzien-dla-pesy-wejscie-na-nowy-rynek-kolejowy\/"]}]},{"@type":"ImageObject","inLanguage":"pl-PL","@id":"https:\/\/transinfo.pl\/x\/inforail\/jutro-kolejny-wazny-dzien-dla-pesy-wejscie-na-nowy-rynek-kolejowy\/#primaryimage","url":"https:\/\/transinfo.pl\/x\/wp-content\/uploads\/2023\/09\/Pesa655_Romania.jpg","contentUrl":"https:\/\/transinfo.pl\/x\/wp-content\/uploads\/2023\/09\/Pesa655_Romania.jpg"},{"@type":"BreadcrumbList","@id":"https:\/\/transinfo.pl\/x\/inforail\/jutro-kolejny-wazny-dzien-dla-pesy-wejscie-na-nowy-rynek-kolejowy\/#breadcrumb","itemListElement":[{"@type":"ListItem","position":1,"name":"Home","item":"https:\/\/transinfo.pl\/x\/"},{"@type":"ListItem","position":2,"name":"Inforail","item":"https:\/\/transinfo.pl\/x\/inforail\/"},{"@type":"ListItem","position":3,"name":"Kolejny wa\u017cny dzie\u0144 dla PESY. Wej\u015bcie na nowy rynek kolejowy"}]},{"@type":"WebSite","@id":"https:\/\/transinfo.pl\/x\/#website","url":"https:\/\/transinfo.pl\/x\/","name":"TransInfo Archiwum","description":"Ca\u0142y transport w jednym miejscu","publisher":{"@id":"https:\/\/transinfo.pl\/x\/#organization"},"potentialAction":[{"@type":"SearchAction","target":{"@type":"EntryPoint","urlTemplate":"https:\/\/transinfo.pl\/x\/?s={search_term_string}"},"query-input":{"@type":"PropertyValueSpecification","valueRequired":true,"valueName":"search_term_string"}}],"inLanguage":"pl-PL"},{"@type":"Organization","@id":"https:\/\/transinfo.pl\/x\/#organization","name":"TransInfo","url":"https:\/\/transinfo.pl\/x\/","logo":{"@type":"ImageObject","inLanguage":"pl-PL","@id":"https:\/\/transinfo.pl\/x\/#\/schema\/logo\/image\/","url":"https:\/\/transinfo.pl\/x\/wp-content\/uploads\/2024\/10\/favicon.png","contentUrl":"https:\/\/transinfo.pl\/x\/wp-content\/uploads\/2024\/10\/favicon.png","width":512,"height":512,"caption":"TransInfo"},"image":{"@id":"https:\/\/transinfo.pl\/x\/#\/schema\/logo\/image\/"}}]}},"_links":{"self":[{"href":"https:\/\/transinfo.pl\/x\/wp-json\/wp\/v2\/inforail\/262062","targetHints":{"allow":["GET"]}}],"collection":[{"href":"https:\/\/transinfo.pl\/x\/wp-json\/wp\/v2\/inforail"}],"about":[{"href":"https:\/\/transinfo.pl\/x\/wp-json\/wp\/v2\/types\/inforail"}],"author":[{"embeddable":true,"href":"https:\/\/transinfo.pl\/x\/wp-json\/wp\/v2\/users\/3"}],"replies":[{"embeddable":true,"href":"https:\/\/transinfo.pl\/x\/wp-json\/wp\/v2\/comments?post=262062"}],"wp:featuredmedia":[{"embeddable":true,"href":"https:\/\/transinfo.pl\/x\/wp-json\/wp\/v2\/media\/257543"}],"wp:attachment":[{"href":"https:\/\/transinfo.pl\/x\/wp-json\/wp\/v2\/media?parent=262062"}],"wp:term":[{"taxonomy":"category","embeddable":true,"href":"https:\/\/transinfo.pl\/x\/wp-json\/wp\/v2\/categories?post=262062"},{"taxonomy":"post_tag","embeddable":true,"href":"https:\/\/transinfo.pl\/x\/wp-json\/wp\/v2\/tags?post=262062"}],"curies":[{"name":"wp","href":"https:\/\/api.w.org\/{rel}","templated":true}]}}