{"id":260263,"date":"2023-11-15T10:45:00","date_gmt":"2023-11-15T10:45:00","guid":{"rendered":"https:\/\/transinfo.pl\/x\/inforail\/wiecej-rzadowej-kasy-na-kolej\/"},"modified":"2023-11-15T10:45:00","modified_gmt":"2023-11-15T10:45:00","slug":"wiecej-rzadowej-kasy-na-kolej","status":"publish","type":"inforail","link":"https:\/\/transinfo.pl\/x\/inforail\/wiecej-rzadowej-kasy-na-kolej\/","title":{"rendered":"Wi\u0119cej rz\u0105dowej kasy na kolej"},"content":{"rendered":"<style>h1,h2,h3,h4,h5,h6{margin:0 0 1.25rem;font-family:Arial,sans-serif;font-weight:600;color:#050505}h1{font-size:1.875rem;line-height:1.1em;text-transform:none}@media(min-width: 768px){h1{font-size:2.375rem}}h2{font-size:1.1875rem;line-height:1.2em;text-transform:uppercase}@media(min-width: 768px){h2{font-size:1.0625rem}}h3{font-size:0.9375rem;line-height:1.4em;font-weight:900;margin-bottom:0.9375rem}h4{font-size:0.875rem;line-height:1.2em;font-weight:500}h5{font-size:0.9375rem;line-height:1.6;font-weight:400}h6{font-size:0.9375rem;line-height:1.6;font-weight:600}\n<\/style>\n<h3 class=\"wp-block-heading\" id=\"h-14-listopada-2023-r-rada-ministrow-przyjela-uchwale-zmieniajaca-uchwale-w-sprawie-ustanowienia-krajowego-programu-kolejowego-do-2030-roku-z-perspektywa-do-roku-2032\">14 listopada 2023 r. Rada Ministr\u00f3w przyj\u0119\u0142a uchwa\u0142\u0119 zmieniaj\u0105c\u0105 uchwa\u0142\u0119 w sprawie ustanowienia Krajowego Programu Kolejowego do 2030 roku (z perspektyw\u0105 do roku 2032).<\/h3>\n\n\n<style>p{margin:0 0 1.5rem}p:last-child{margin:0}p.is-style-uppercase{text-transform:uppercase}p.is-style-preheading{color:#12406a;text-transform:uppercase}p.is-style-leadparagraph{font-size:1rem;line-height:1.625;font-weight:700}@media(min-width: 768px){p.is-style-leadparagraph{font-size:1.125rem;line-height:1.5555555556}}p.has-small-margin{margin-bottom:0.625rem}p.has-small-margin+h1,p.has-small-margin+h2,p.has-small-margin+h3{margin-top:1.875rem}\n<\/style>\n<p>Jednocze\u015bnie dokonano zmian w uchwale dotycz\u0105cej finansowania mi\u0119dzywojew\u00f3dzkich i mi\u0119dzynarodowych przewoz\u00f3w pasa\u017cerskich w transporcie kolejowym. Oba dokumenty zosta\u0142y przed\u0142o\u017cone przez Ministra Infrastruktury.<\/p>\n\n\n\n<h2 class=\"wp-block-heading\" id=\"h-zmiany-w-krajowym-programie-kolejowym\">Zmiany w Krajowym Programie Kolejowym<\/h2>\n\n\n<style>.wp-block-quote{border-left:0.1875rem solid var(--page-color);font-size:1rem;font-style:italic;margin:0 0 1.6875rem;padding:1.25rem}.wp-block-quote cite{color:#050505}.wp-block-quote.is-style-large p{margin-bottom:10px}.wp-block-quote.is-style-large cite{color:#12406a}\n<\/style>\n<blockquote class=\"wp-block-quote is-layout-flow wp-block-quote-is-layout-flow\">\n<p>&#8222;Podj\u0119te dzisiaj przez rz\u0105d bardzo wa\u017cne decyzje o aktualizacji Krajowego Programu Kolejowego oraz o zwi\u0119kszeniu \u015brodk\u00f3w na dofinansowanie mi\u0119dzywojew\u00f3dzkich i mi\u0119dzynarodowych kolejowych przewoz\u00f3w pasa\u017cerskich s\u0105 wyrazem naszej konsekwencji w budowaniu od 2015 roku bezpiecznej, komfortowej i punktualnej polskiej kolei&#8221; \u2013 powiedzia\u0142 minister infrastruktury Andrzej Adamczyk.<\/p>\n<\/blockquote>\n\n\n\n<p>Aktualizacja Krajowego Programu Kolejowego (KPK) zwi\u0105zana jest m.in. z konieczno\u015bci\u0105 przesuni\u0119cia 1,3 mld z\u0142 \u015brodk\u00f3w bud\u017cetu pa\u0144stwa na &#8222;Rz\u0105dowy Program wsparcia zada\u0144 zarz\u0105dc\u00f3w infrastruktury kolejowej, w tym w zakresie utrzymania i remont\u00f3w, do 2028 roku&#8221;. Jednocze\u015bnie planowane jest dokapitalizowane&nbsp;PKP&nbsp;Polskie Linie Kolejowe SA w 2024 r. skarbowymi papierami warto\u015bciowymi w kwocie 1,3 mld z\u0142, z przeznaczeniem na finansowanie inwestycji realizowanych przez sp\u00f3\u0142k\u0119 w ramach KPK.<\/p>\n\n\n\n<p>Dodatkowo aktualizacja KPK uwzgl\u0119dnia rozstrzygni\u0119cie wynik\u00f3w drugiego konkursu CEF2 Transport w perspektywie 2021-2027, gdzie zosta\u0142a zwi\u0119kszona pula \u015brodk\u00f3w UE o kwot\u0119 ponad 3 mld z\u0142, co pozwoli\u0142o na zmniejszenie zaanga\u017cowania \u015brodk\u00f3w z bud\u017cetu pa\u0144stwa.<\/p>\n\n\n\n<p><\/p>\n\n\n<style>.wp-block-image{margin:1.25rem 0;text-align:center}.wp-block-image figcaption{padding:0 0.9375rem;text-align:center}\n<\/style>\n<figure class=\"wp-block-image size-full\"><a href=\"https:\/\/transinfo.pl\/wp-content\/uploads\/2023\/11\/Rzad-daje-wiecej-na-KPK-1.jpg\"><img decoding=\"async\" src=\"https:\/\/transinfo.pl\/wp-content\/uploads\/2023\/11\/Rzad-daje-wiecej-na-KPK-1.jpg\" alt=\"14 listopada 2023 r. Rada Ministr\u00f3w przyj\u0119\u0142a uchwa\u0142\u0119 zmieniaj\u0105c\u0105 uchwa\u0142\u0119 w sprawie ustanowienia Krajowego Programu Kolejowego do 2030 roku (z perspektyw\u0105 do roku 2032).\" class=\"wp-image-452565\" \/><\/a><figcaption class=\"wp-element-caption\">Wi\u0119cej pieni\u0119dzy na KPK<\/figcaption><\/figure>\n\n\n\n<p><\/p>\n\n\n\n<h2 class=\"wp-block-heading\" id=\"h-wieksze-srodki-na-dofinansowanie-pasazerskich-przewozow-kolejowych\">Wi\u0119ksze \u015brodki na dofinansowanie pasa\u017cerskich przewoz\u00f3w kolejowych<\/h2>\n\n\n\n<p>Rz\u0105d zdecydowa\u0142 si\u0119 r\u00f3wnie\u017c zwi\u0119kszy\u0107 \u015brodki na dofinansowanie mi\u0119dzywojew\u00f3dzkich i mi\u0119dzynarodowych kolejowych przewoz\u00f3w pasa\u017cerskich w latach 2024\u20132030. G\u0142\u00f3wnym celem jest podniesienie rekompensaty w ramach umowy ramowej o \u015bwiadczenie us\u0142ug publicznych w zakresie mi\u0119dzywojew\u00f3dzkich i mi\u0119dzynarodowych kolejowych przewoz\u00f3w pasa\u017cerskich, zawartej mi\u0119dzy Ministrem Infrastruktury a&nbsp;PKP&nbsp;Intercity SA.<\/p>\n\n\n\n<p>Zaproponowane rozwi\u0105zania obejmuj\u0105 zwi\u0119kszenie dofinansowania dla&nbsp;PKP&nbsp;Intercity o 6,5 mld z\u0142 w latach 2024\u20132030, z czego pocz\u0105tkowa kwota w 2024 roku b\u0119dzie wynosi\u0107 603 mln z\u0142. Dzia\u0142anie to ma na celu zar\u00f3wno utrzymanie, jak i popraw\u0119 dost\u0119pno\u015bci komunikacyjnej r\u00f3\u017cnych region\u00f3w poprzez zapewnienie i rozw\u00f3j siatki dalekobie\u017cnych po\u0142\u0105cze\u0144 kolejowych obejmuj\u0105cych ca\u0142\u0105 Polsk\u0119.<\/p>\n\n\n\n<blockquote class=\"wp-block-quote is-layout-flow wp-block-quote-is-layout-flow\">\n<p>&#8222;Brak dodatkowego wsparcia finansowego m\u00f3g\u0142by znacz\u0105co wp\u0142yn\u0105\u0107 na ograniczenie liczby kolejowych po\u0142\u0105cze\u0144 mi\u0119dzymiastowych, a to z kolei do wzrostu problem\u00f3w z wykluczeniem komunikacyjnym w transporcie kolejowym&#8221; \u2013 podkre\u015bli\u0142 minister Andrzej Adamczyk.<\/p>\n<\/blockquote>\n","protected":false},"author":3,"featured_media":260264,"comment_status":"","ping_status":"closed","template":"","categories":[24],"tags":[3476,100,361],"class_list":["post-260263","inforail","type-inforail","status-publish","has-post-thumbnail","hentry","category-prawo","tag-kpk","tag-pkp-plk","tag-rzad"],"acf":[],"yoast_head":"<!-- This site is optimized with the Yoast SEO Premium plugin v21.8 (Yoast SEO v23.7) - https:\/\/yoast.com\/wordpress\/plugins\/seo\/ -->\n<title>Wi\u0119cej rz\u0105dowej kasy na kolej - TransInfo Archiwum<\/title>\n<meta name=\"description\" content=\"14 listopada 2023 r. Rada Ministr\u00f3w przyj\u0119\u0142a uchwa\u0142\u0119 zmieniaj\u0105c\u0105 uchwa\u0142\u0119 w sprawie ustanowienia Krajowego Programu Kolejowego do 2030 roku.\" \/>\n<meta name=\"robots\" content=\"index, follow, max-snippet:-1, max-image-preview:large, max-video-preview:-1\" \/>\n<link rel=\"canonical\" href=\"https:\/\/transinfo.pl\/x\/inforail\/wiecej-rzadowej-kasy-na-kolej\/\" \/>\n<meta property=\"og:locale\" content=\"pl_PL\" \/>\n<meta property=\"og:type\" content=\"article\" \/>\n<meta property=\"og:title\" content=\"Wi\u0119cej rz\u0105dowej kasy na kolej\" \/>\n<meta property=\"og:description\" content=\"14 listopada 2023 r. Rada Ministr\u00f3w przyj\u0119\u0142a uchwa\u0142\u0119 zmieniaj\u0105c\u0105 uchwa\u0142\u0119 w sprawie ustanowienia Krajowego Programu Kolejowego do 2030 roku.\" \/>\n<meta property=\"og:url\" content=\"https:\/\/transinfo.pl\/x\/inforail\/wiecej-rzadowej-kasy-na-kolej\/\" \/>\n<meta property=\"og:site_name\" content=\"TransInfo Archiwum\" \/>\n<meta property=\"og:image\" content=\"https:\/\/transinfo.pl\/x\/wp-content\/uploads\/2023\/11\/KPK-3.jpg\" \/>\n\t<meta property=\"og:image:width\" content=\"1\" \/>\n\t<meta property=\"og:image:height\" content=\"1\" \/>\n\t<meta property=\"og:image:type\" content=\"image\/jpeg\" \/>\n<meta name=\"twitter:card\" content=\"summary_large_image\" \/>\n<meta name=\"twitter:label1\" content=\"Szacowany czas czytania\" \/>\n\t<meta name=\"twitter:data1\" content=\"2 minuty\" \/>\n<script type=\"application\/ld+json\" class=\"yoast-schema-graph\">{\"@context\":\"https:\/\/schema.org\",\"@graph\":[{\"@type\":\"WebPage\",\"@id\":\"https:\/\/transinfo.pl\/x\/inforail\/wiecej-rzadowej-kasy-na-kolej\/\",\"url\":\"https:\/\/transinfo.pl\/x\/inforail\/wiecej-rzadowej-kasy-na-kolej\/\",\"name\":\"Wi\u0119cej rz\u0105dowej kasy na kolej - TransInfo Archiwum\",\"isPartOf\":{\"@id\":\"https:\/\/transinfo.pl\/x\/#website\"},\"primaryImageOfPage\":{\"@id\":\"https:\/\/transinfo.pl\/x\/inforail\/wiecej-rzadowej-kasy-na-kolej\/#primaryimage\"},\"image\":{\"@id\":\"https:\/\/transinfo.pl\/x\/inforail\/wiecej-rzadowej-kasy-na-kolej\/#primaryimage\"},\"thumbnailUrl\":\"https:\/\/transinfo.pl\/x\/wp-content\/uploads\/2023\/11\/KPK-3.jpg\",\"datePublished\":\"2023-11-15T10:45:00+00:00\",\"dateModified\":\"2023-11-15T10:45:00+00:00\",\"description\":\"14 listopada 2023 r. Rada Ministr\u00f3w przyj\u0119\u0142a uchwa\u0142\u0119 zmieniaj\u0105c\u0105 uchwa\u0142\u0119 w sprawie ustanowienia Krajowego Programu Kolejowego do 2030 roku.\",\"breadcrumb\":{\"@id\":\"https:\/\/transinfo.pl\/x\/inforail\/wiecej-rzadowej-kasy-na-kolej\/#breadcrumb\"},\"inLanguage\":\"pl-PL\",\"potentialAction\":[{\"@type\":\"ReadAction\",\"target\":[\"https:\/\/transinfo.pl\/x\/inforail\/wiecej-rzadowej-kasy-na-kolej\/\"]}]},{\"@type\":\"ImageObject\",\"inLanguage\":\"pl-PL\",\"@id\":\"https:\/\/transinfo.pl\/x\/inforail\/wiecej-rzadowej-kasy-na-kolej\/#primaryimage\",\"url\":\"https:\/\/transinfo.pl\/x\/wp-content\/uploads\/2023\/11\/KPK-3.jpg\",\"contentUrl\":\"https:\/\/transinfo.pl\/x\/wp-content\/uploads\/2023\/11\/KPK-3.jpg\"},{\"@type\":\"BreadcrumbList\",\"@id\":\"https:\/\/transinfo.pl\/x\/inforail\/wiecej-rzadowej-kasy-na-kolej\/#breadcrumb\",\"itemListElement\":[{\"@type\":\"ListItem\",\"position\":1,\"name\":\"Home\",\"item\":\"https:\/\/transinfo.pl\/x\/\"},{\"@type\":\"ListItem\",\"position\":2,\"name\":\"Inforail\",\"item\":\"https:\/\/transinfo.pl\/x\/inforail\/\"},{\"@type\":\"ListItem\",\"position\":3,\"name\":\"Wi\u0119cej rz\u0105dowej kasy na kolej\"}]},{\"@type\":\"WebSite\",\"@id\":\"https:\/\/transinfo.pl\/x\/#website\",\"url\":\"https:\/\/transinfo.pl\/x\/\",\"name\":\"TransInfo Archiwum\",\"description\":\"Ca\u0142y transport w jednym miejscu\",\"publisher\":{\"@id\":\"https:\/\/transinfo.pl\/x\/#organization\"},\"potentialAction\":[{\"@type\":\"SearchAction\",\"target\":{\"@type\":\"EntryPoint\",\"urlTemplate\":\"https:\/\/transinfo.pl\/x\/?s={search_term_string}\"},\"query-input\":{\"@type\":\"PropertyValueSpecification\",\"valueRequired\":true,\"valueName\":\"search_term_string\"}}],\"inLanguage\":\"pl-PL\"},{\"@type\":\"Organization\",\"@id\":\"https:\/\/transinfo.pl\/x\/#organization\",\"name\":\"TransInfo\",\"url\":\"https:\/\/transinfo.pl\/x\/\",\"logo\":{\"@type\":\"ImageObject\",\"inLanguage\":\"pl-PL\",\"@id\":\"https:\/\/transinfo.pl\/x\/#\/schema\/logo\/image\/\",\"url\":\"https:\/\/transinfo.pl\/x\/wp-content\/uploads\/2024\/10\/favicon.png\",\"contentUrl\":\"https:\/\/transinfo.pl\/x\/wp-content\/uploads\/2024\/10\/favicon.png\",\"width\":512,\"height\":512,\"caption\":\"TransInfo\"},\"image\":{\"@id\":\"https:\/\/transinfo.pl\/x\/#\/schema\/logo\/image\/\"}}]}<\/script>\n<!-- \/ Yoast SEO Premium plugin. -->","yoast_head_json":{"title":"Wi\u0119cej rz\u0105dowej kasy na kolej - TransInfo Archiwum","description":"14 listopada 2023 r. Rada Ministr\u00f3w przyj\u0119\u0142a uchwa\u0142\u0119 zmieniaj\u0105c\u0105 uchwa\u0142\u0119 w sprawie ustanowienia Krajowego Programu Kolejowego do 2030 roku.","robots":{"index":"index","follow":"follow","max-snippet":"max-snippet:-1","max-image-preview":"max-image-preview:large","max-video-preview":"max-video-preview:-1"},"canonical":"https:\/\/transinfo.pl\/x\/inforail\/wiecej-rzadowej-kasy-na-kolej\/","og_locale":"pl_PL","og_type":"article","og_title":"Wi\u0119cej rz\u0105dowej kasy na kolej","og_description":"14 listopada 2023 r. Rada Ministr\u00f3w przyj\u0119\u0142a uchwa\u0142\u0119 zmieniaj\u0105c\u0105 uchwa\u0142\u0119 w sprawie ustanowienia Krajowego Programu Kolejowego do 2030 roku.","og_url":"https:\/\/transinfo.pl\/x\/inforail\/wiecej-rzadowej-kasy-na-kolej\/","og_site_name":"TransInfo Archiwum","og_image":[{"url":"https:\/\/transinfo.pl\/x\/wp-content\/uploads\/2023\/11\/KPK-3.jpg","width":1,"height":1,"type":"image\/jpeg"}],"twitter_card":"summary_large_image","twitter_misc":{"Szacowany czas czytania":"2 minuty"},"schema":{"@context":"https:\/\/schema.org","@graph":[{"@type":"WebPage","@id":"https:\/\/transinfo.pl\/x\/inforail\/wiecej-rzadowej-kasy-na-kolej\/","url":"https:\/\/transinfo.pl\/x\/inforail\/wiecej-rzadowej-kasy-na-kolej\/","name":"Wi\u0119cej rz\u0105dowej kasy na kolej - TransInfo Archiwum","isPartOf":{"@id":"https:\/\/transinfo.pl\/x\/#website"},"primaryImageOfPage":{"@id":"https:\/\/transinfo.pl\/x\/inforail\/wiecej-rzadowej-kasy-na-kolej\/#primaryimage"},"image":{"@id":"https:\/\/transinfo.pl\/x\/inforail\/wiecej-rzadowej-kasy-na-kolej\/#primaryimage"},"thumbnailUrl":"https:\/\/transinfo.pl\/x\/wp-content\/uploads\/2023\/11\/KPK-3.jpg","datePublished":"2023-11-15T10:45:00+00:00","dateModified":"2023-11-15T10:45:00+00:00","description":"14 listopada 2023 r. Rada Ministr\u00f3w przyj\u0119\u0142a uchwa\u0142\u0119 zmieniaj\u0105c\u0105 uchwa\u0142\u0119 w sprawie ustanowienia Krajowego Programu Kolejowego do 2030 roku.","breadcrumb":{"@id":"https:\/\/transinfo.pl\/x\/inforail\/wiecej-rzadowej-kasy-na-kolej\/#breadcrumb"},"inLanguage":"pl-PL","potentialAction":[{"@type":"ReadAction","target":["https:\/\/transinfo.pl\/x\/inforail\/wiecej-rzadowej-kasy-na-kolej\/"]}]},{"@type":"ImageObject","inLanguage":"pl-PL","@id":"https:\/\/transinfo.pl\/x\/inforail\/wiecej-rzadowej-kasy-na-kolej\/#primaryimage","url":"https:\/\/transinfo.pl\/x\/wp-content\/uploads\/2023\/11\/KPK-3.jpg","contentUrl":"https:\/\/transinfo.pl\/x\/wp-content\/uploads\/2023\/11\/KPK-3.jpg"},{"@type":"BreadcrumbList","@id":"https:\/\/transinfo.pl\/x\/inforail\/wiecej-rzadowej-kasy-na-kolej\/#breadcrumb","itemListElement":[{"@type":"ListItem","position":1,"name":"Home","item":"https:\/\/transinfo.pl\/x\/"},{"@type":"ListItem","position":2,"name":"Inforail","item":"https:\/\/transinfo.pl\/x\/inforail\/"},{"@type":"ListItem","position":3,"name":"Wi\u0119cej rz\u0105dowej kasy na kolej"}]},{"@type":"WebSite","@id":"https:\/\/transinfo.pl\/x\/#website","url":"https:\/\/transinfo.pl\/x\/","name":"TransInfo Archiwum","description":"Ca\u0142y transport w jednym miejscu","publisher":{"@id":"https:\/\/transinfo.pl\/x\/#organization"},"potentialAction":[{"@type":"SearchAction","target":{"@type":"EntryPoint","urlTemplate":"https:\/\/transinfo.pl\/x\/?s={search_term_string}"},"query-input":{"@type":"PropertyValueSpecification","valueRequired":true,"valueName":"search_term_string"}}],"inLanguage":"pl-PL"},{"@type":"Organization","@id":"https:\/\/transinfo.pl\/x\/#organization","name":"TransInfo","url":"https:\/\/transinfo.pl\/x\/","logo":{"@type":"ImageObject","inLanguage":"pl-PL","@id":"https:\/\/transinfo.pl\/x\/#\/schema\/logo\/image\/","url":"https:\/\/transinfo.pl\/x\/wp-content\/uploads\/2024\/10\/favicon.png","contentUrl":"https:\/\/transinfo.pl\/x\/wp-content\/uploads\/2024\/10\/favicon.png","width":512,"height":512,"caption":"TransInfo"},"image":{"@id":"https:\/\/transinfo.pl\/x\/#\/schema\/logo\/image\/"}}]}},"_links":{"self":[{"href":"https:\/\/transinfo.pl\/x\/wp-json\/wp\/v2\/inforail\/260263","targetHints":{"allow":["GET"]}}],"collection":[{"href":"https:\/\/transinfo.pl\/x\/wp-json\/wp\/v2\/inforail"}],"about":[{"href":"https:\/\/transinfo.pl\/x\/wp-json\/wp\/v2\/types\/inforail"}],"author":[{"embeddable":true,"href":"https:\/\/transinfo.pl\/x\/wp-json\/wp\/v2\/users\/3"}],"replies":[{"embeddable":true,"href":"https:\/\/transinfo.pl\/x\/wp-json\/wp\/v2\/comments?post=260263"}],"wp:featuredmedia":[{"embeddable":true,"href":"https:\/\/transinfo.pl\/x\/wp-json\/wp\/v2\/media\/260264"}],"wp:attachment":[{"href":"https:\/\/transinfo.pl\/x\/wp-json\/wp\/v2\/media?parent=260263"}],"wp:term":[{"taxonomy":"category","embeddable":true,"href":"https:\/\/transinfo.pl\/x\/wp-json\/wp\/v2\/categories?post=260263"},{"taxonomy":"post_tag","embeddable":true,"href":"https:\/\/transinfo.pl\/x\/wp-json\/wp\/v2\/tags?post=260263"}],"curies":[{"name":"wp","href":"https:\/\/api.w.org\/{rel}","templated":true}]}}