{"id":258812,"date":"2023-10-16T12:45:00","date_gmt":"2023-10-16T12:45:00","guid":{"rendered":"https:\/\/transinfo.pl\/x\/inforail\/jasna-deklaracja-pesa-sojusz-na-lata-z-europejskim-producentem\/"},"modified":"2023-10-16T12:45:00","modified_gmt":"2023-10-16T12:45:00","slug":"jasna-deklaracja-pesa-sojusz-na-lata-z-europejskim-producentem","status":"publish","type":"inforail","link":"https:\/\/transinfo.pl\/x\/inforail\/jasna-deklaracja-pesa-sojusz-na-lata-z-europejskim-producentem\/","title":{"rendered":"Jasna deklaracja PESY. Sojusz na lata z europejskim producentem"},"content":{"rendered":"<style>h1,h2,h3,h4,h5,h6{margin:0 0 1.25rem;font-family:Arial,sans-serif;font-weight:600;color:#050505}h1{font-size:1.875rem;line-height:1.1em;text-transform:none}@media(min-width: 768px){h1{font-size:2.375rem}}h2{font-size:1.1875rem;line-height:1.2em;text-transform:uppercase}@media(min-width: 768px){h2{font-size:1.0625rem}}h3{font-size:0.9375rem;line-height:1.4em;font-weight:900;margin-bottom:0.9375rem}h4{font-size:0.875rem;line-height:1.2em;font-weight:500}h5{font-size:0.9375rem;line-height:1.6;font-weight:400}h6{font-size:0.9375rem;line-height:1.6;font-weight:600}\n<\/style>\n<h3 class=\"wp-block-heading\" id=\"h-pesa-bydgoszcz-chce-wystartowac-w-przetargu-ktory-ma-oglosic-pkp-intercity-na-elektryczne-zestawy-trakcyjne-przystosowane-do-predkosci-250-km-h\"><a href=\"http:\/\/www.pesa.pl\">PESA Bydgoszcz<\/a> chce wystartowa\u0107 w przetargu, kt\u00f3ry ma og\u0142osi\u0107 PKP Intercity na elektryczne zestawy trakcyjne. Przystosowane do pr\u0119dko\u015bci 250 km\/h.<\/h3>\n\n\n<style>p{margin:0 0 1.5rem}p:last-child{margin:0}p.is-style-uppercase{text-transform:uppercase}p.is-style-preheading{color:#12406a;text-transform:uppercase}p.is-style-leadparagraph{font-size:1rem;line-height:1.625;font-weight:700}@media(min-width: 768px){p.is-style-leadparagraph{font-size:1.125rem;line-height:1.5555555556}}p.has-small-margin{margin-bottom:0.625rem}p.has-small-margin+h1,p.has-small-margin+h2,p.has-small-margin+h3{margin-top:1.875rem}\n<\/style>\n<p>Maj\u0105 one uzupe\u0142ni\u0107 flot\u0119 20 ED250 Pendolino u\u017cytkowan\u0105 od blisko 10 lat &#8211; poinformowa\u0142 PAP Biznes prezes sp\u00f3\u0142ki PESA Krzysztof Zdziarski.<\/p>\n\n\n\n<h2 class=\"wp-block-heading\" id=\"h-w-konsorcjum\">W konsorcjum<\/h2>\n\n\n<style>.wp-block-quote{border-left:0.1875rem solid var(--page-color);font-size:1rem;font-style:italic;margin:0 0 1.6875rem;padding:1.25rem}.wp-block-quote cite{color:#050505}.wp-block-quote.is-style-large p{margin-bottom:10px}.wp-block-quote.is-style-large cite{color:#12406a}\n<\/style>\n<blockquote class=\"wp-block-quote is-layout-flow wp-block-quote-is-layout-flow\">\n<p>&#8222;B\u0119dziemy startowa\u0107 w tym przetargu. Mamy ju\u017c do\u015bwiadczenie w budowie poci\u0105g\u00f3w z pr\u0119dko\u015bci\u0105 do 200 km\/h, kt\u00f3re b\u0119dziemy dostarcza\u0107 czeskiemu przewo\u017anikowi. Nowa konstrukcja b\u0119dzie rozwini\u0119ciem tego poci\u0105gu. \u017beby skr\u00f3ci\u0107 czas opracowania konstrukcji i jej homologacji w Polsce i rynkach o\u015bciennych, wyst\u0105pimy w konsorcjum z jedn\u0105 z europejskich firm, kt\u00f3ra ma do\u015bwiadczenie w budowie pojazd\u00f3w du\u017cej pr\u0119dko\u015bci. Pod koniec pa\u017adziernika podamy nazw\u0119 partnera technologicznego\u201d \u2013 powiedzia\u0142 w rozmowie z PAP Biznes Krzysztof Zdziarski, prezes PESA Bydgoszcz.<\/p>\n<\/blockquote>\n\n\n\n<p>Zakup nowych EZT to cz\u0119\u015b\u0107 inwestycji taborowych o warto\u015bci 24,5 mld z\u0142 do ko\u0144ca 2030 r. Przewidziano je w strategii \u201ePKP Intercity Kolej Du\u017cych Inwestycji\u201d. Warto\u015b\u0107 zam\u00f3wienia na 15 plus 8 zestaw\u00f3w w opcji nie jest znana. 20 poci\u0105g\u00f3w ED250 Pendolino kosztowa\u0142o PKP Intercity 400 mln euro (co daje 20 mln euro za sk\u0142ad). A z zapleczem technicznym w Warszawie i 17-letnim serwisem, 665 mln euro. Nowe poci\u0105gi maj\u0105 obs\u0142ugiwa\u0107 po\u0142\u0105czenia z Centralnym Portem Komunikacyjnym, kt\u00f3ry ma powsta\u0107 do 2028 r.<\/p>\n\n\n\n<p><\/p>\n\n\n<style>.wp-block-image{margin:1.25rem 0;text-align:center}.wp-block-image figcaption{padding:0 0.9375rem;text-align:center}\n<\/style>\n<figure class=\"wp-block-image size-full\"><a href=\"https:\/\/transinfo.pl\/wp-content\/uploads\/2023\/10\/pesa-HS-pociag.jpg\"><img decoding=\"async\" src=\"https:\/\/transinfo.pl\/wp-content\/uploads\/2023\/10\/pesa-HS-pociag.jpg\" alt=\"PESA ma jasny plan na poci\u0105gi HS. B\u0119dzie konsorcjum.\" class=\"wp-image-448640\" \/><\/a><figcaption class=\"wp-element-caption\">Wizualizacja poci\u0105gu HS od PESY<\/figcaption><\/figure>\n\n\n\n<p><\/p>\n\n\n\n<p>Wed\u0142ug prezesa PESA Krzysztofa Zdziarskiego konsorcjum nie ograniczy si\u0119 do z\u0142o\u017cenia oferty dla PKP Intercity. Partnerzy chc\u0105 r\u00f3wnie\u017c startowa\u0107 wsp\u00f3lnie w przetargach na wszystkich rynkach Tr\u00f3jmorza.<\/p>\n\n\n\n<blockquote class=\"wp-block-quote is-layout-flow wp-block-quote-is-layout-flow\">\n<p>&#8222;To sojusz na lata. Pierwsze sk\u0142ady zapewne powstan\u0105 w zak\u0142adach naszego partnera, przy udziale naszych dostaw. Kolejne poci\u0105gi, po transferze technologii, b\u0119d\u0105 produkowane w naszej fabryce w Bydgoszczy. Nie tylko dla PKP Intercity. St\u0105d \u0142atwiej i taniej b\u0119dzie je dostarcza\u0107 do klient\u00f3w na innych rynkach regionu&#8221; &#8211; powiedzia\u0142 szef PESA Bydgoszcz.<\/p>\n<\/blockquote>\n\n\n\n<p>Czeski kontrakt realizowany przez PESA Bydgoszcz dla RegioJet obejmuje natomiast \u0142\u0105cznie 41 pojazd\u00f3w. Prywatny przewo\u017anik odebra\u0142 ju\u017c 23 zespolone dwucz\u0142onowe sk\u0142ady wielonapi\u0119ciowego EZT EMU 654, kt\u00f3re mog\u0105 porusza\u0107 si\u0119 do 160 km\/h, za\u015b PESA Bydgoszcz dostarczy jeszcze 18 sk\u0142ad\u00f3w o samono\u015bnej konstrukcji skorupowej, kt\u00f3re maj\u0105 je\u017adzi\u0107 z wi\u0119ksz\u0105 pr\u0119dko\u015bci\u0105, do 200 km\/h. Obs\u0142uga presti\u017cowej linii na trasie Praga &#8211; Havl\u00ed\u010dk\u016fv Brod \u2013 Brno, kt\u00f3r\u0105 RegioJet wygra\u0142 w publicznym przetargu, ma si\u0119 zacz\u0105\u0107 w 2026 r. Taki EZT kosztuje ok. 30 mln z\u0142. (PAP)<\/p>\n","protected":false},"author":3,"featured_media":258813,"comment_status":"","ping_status":"closed","template":"","categories":[25],"tags":[2984,4933,16797,810,66],"class_list":["post-258812","inforail","type-inforail","status-publish","has-post-thumbnail","hentry","category-producenci","tag-ezt","tag-hs","tag-konsorcjum","tag-pesa","tag-pociag"],"acf":[],"yoast_head":"<!-- This site is optimized with the Yoast SEO Premium plugin v21.8 (Yoast SEO v23.7) - https:\/\/yoast.com\/wordpress\/plugins\/seo\/ -->\n<title>PESA z europejskim producentem w sojuszu na lata<\/title>\n<meta name=\"description\" content=\"PESA Bydgoszcz chce wystartowa\u0107 w przetargu, kt\u00f3ry ma og\u0142osi\u0107 PKP Intercity na ezt przystosowane do pr\u0119dko\u015bci 250 km\/h.\" \/>\n<meta name=\"robots\" content=\"index, follow, max-snippet:-1, max-image-preview:large, max-video-preview:-1\" \/>\n<link rel=\"canonical\" href=\"https:\/\/transinfo.pl\/x\/inforail\/jasna-deklaracja-pesa-sojusz-na-lata-z-europejskim-producentem\/\" \/>\n<meta property=\"og:locale\" content=\"pl_PL\" \/>\n<meta property=\"og:type\" content=\"article\" \/>\n<meta property=\"og:title\" content=\"Jasna deklaracja PESY. Sojusz na lata z europejskim producentem\" \/>\n<meta property=\"og:description\" content=\"PESA Bydgoszcz chce wystartowa\u0107 w przetargu, kt\u00f3ry ma og\u0142osi\u0107 PKP Intercity na ezt przystosowane do pr\u0119dko\u015bci 250 km\/h.\" \/>\n<meta property=\"og:url\" content=\"https:\/\/transinfo.pl\/x\/inforail\/jasna-deklaracja-pesa-sojusz-na-lata-z-europejskim-producentem\/\" \/>\n<meta property=\"og:site_name\" content=\"TransInfo Archiwum\" \/>\n<meta property=\"og:image\" content=\"https:\/\/transinfo.pl\/x\/wp-content\/uploads\/2023\/10\/PESA-HS-wizualizacja.jpg\" \/>\n\t<meta property=\"og:image:width\" content=\"1\" \/>\n\t<meta property=\"og:image:height\" content=\"1\" \/>\n\t<meta property=\"og:image:type\" content=\"image\/jpeg\" \/>\n<meta name=\"twitter:card\" content=\"summary_large_image\" \/>\n<meta name=\"twitter:label1\" content=\"Szacowany czas czytania\" \/>\n\t<meta name=\"twitter:data1\" content=\"2 minuty\" \/>\n<script type=\"application\/ld+json\" class=\"yoast-schema-graph\">{\"@context\":\"https:\/\/schema.org\",\"@graph\":[{\"@type\":\"WebPage\",\"@id\":\"https:\/\/transinfo.pl\/x\/inforail\/jasna-deklaracja-pesa-sojusz-na-lata-z-europejskim-producentem\/\",\"url\":\"https:\/\/transinfo.pl\/x\/inforail\/jasna-deklaracja-pesa-sojusz-na-lata-z-europejskim-producentem\/\",\"name\":\"PESA z europejskim producentem w sojuszu na lata\",\"isPartOf\":{\"@id\":\"https:\/\/transinfo.pl\/x\/#website\"},\"primaryImageOfPage\":{\"@id\":\"https:\/\/transinfo.pl\/x\/inforail\/jasna-deklaracja-pesa-sojusz-na-lata-z-europejskim-producentem\/#primaryimage\"},\"image\":{\"@id\":\"https:\/\/transinfo.pl\/x\/inforail\/jasna-deklaracja-pesa-sojusz-na-lata-z-europejskim-producentem\/#primaryimage\"},\"thumbnailUrl\":\"https:\/\/transinfo.pl\/x\/wp-content\/uploads\/2023\/10\/PESA-HS-wizualizacja.jpg\",\"datePublished\":\"2023-10-16T12:45:00+00:00\",\"dateModified\":\"2023-10-16T12:45:00+00:00\",\"description\":\"PESA Bydgoszcz chce wystartowa\u0107 w przetargu, kt\u00f3ry ma og\u0142osi\u0107 PKP Intercity na ezt przystosowane do pr\u0119dko\u015bci 250 km\/h.\",\"breadcrumb\":{\"@id\":\"https:\/\/transinfo.pl\/x\/inforail\/jasna-deklaracja-pesa-sojusz-na-lata-z-europejskim-producentem\/#breadcrumb\"},\"inLanguage\":\"pl-PL\",\"potentialAction\":[{\"@type\":\"ReadAction\",\"target\":[\"https:\/\/transinfo.pl\/x\/inforail\/jasna-deklaracja-pesa-sojusz-na-lata-z-europejskim-producentem\/\"]}]},{\"@type\":\"ImageObject\",\"inLanguage\":\"pl-PL\",\"@id\":\"https:\/\/transinfo.pl\/x\/inforail\/jasna-deklaracja-pesa-sojusz-na-lata-z-europejskim-producentem\/#primaryimage\",\"url\":\"https:\/\/transinfo.pl\/x\/wp-content\/uploads\/2023\/10\/PESA-HS-wizualizacja.jpg\",\"contentUrl\":\"https:\/\/transinfo.pl\/x\/wp-content\/uploads\/2023\/10\/PESA-HS-wizualizacja.jpg\"},{\"@type\":\"BreadcrumbList\",\"@id\":\"https:\/\/transinfo.pl\/x\/inforail\/jasna-deklaracja-pesa-sojusz-na-lata-z-europejskim-producentem\/#breadcrumb\",\"itemListElement\":[{\"@type\":\"ListItem\",\"position\":1,\"name\":\"Home\",\"item\":\"https:\/\/transinfo.pl\/x\/\"},{\"@type\":\"ListItem\",\"position\":2,\"name\":\"Inforail\",\"item\":\"https:\/\/transinfo.pl\/x\/inforail\/\"},{\"@type\":\"ListItem\",\"position\":3,\"name\":\"Jasna deklaracja PESY. Sojusz na lata z europejskim producentem\"}]},{\"@type\":\"WebSite\",\"@id\":\"https:\/\/transinfo.pl\/x\/#website\",\"url\":\"https:\/\/transinfo.pl\/x\/\",\"name\":\"TransInfo Archiwum\",\"description\":\"Ca\u0142y transport w jednym miejscu\",\"publisher\":{\"@id\":\"https:\/\/transinfo.pl\/x\/#organization\"},\"potentialAction\":[{\"@type\":\"SearchAction\",\"target\":{\"@type\":\"EntryPoint\",\"urlTemplate\":\"https:\/\/transinfo.pl\/x\/?s={search_term_string}\"},\"query-input\":{\"@type\":\"PropertyValueSpecification\",\"valueRequired\":true,\"valueName\":\"search_term_string\"}}],\"inLanguage\":\"pl-PL\"},{\"@type\":\"Organization\",\"@id\":\"https:\/\/transinfo.pl\/x\/#organization\",\"name\":\"TransInfo\",\"url\":\"https:\/\/transinfo.pl\/x\/\",\"logo\":{\"@type\":\"ImageObject\",\"inLanguage\":\"pl-PL\",\"@id\":\"https:\/\/transinfo.pl\/x\/#\/schema\/logo\/image\/\",\"url\":\"https:\/\/transinfo.pl\/x\/wp-content\/uploads\/2024\/10\/favicon.png\",\"contentUrl\":\"https:\/\/transinfo.pl\/x\/wp-content\/uploads\/2024\/10\/favicon.png\",\"width\":512,\"height\":512,\"caption\":\"TransInfo\"},\"image\":{\"@id\":\"https:\/\/transinfo.pl\/x\/#\/schema\/logo\/image\/\"}}]}<\/script>\n<!-- \/ Yoast SEO Premium plugin. -->","yoast_head_json":{"title":"PESA z europejskim producentem w sojuszu na lata","description":"PESA Bydgoszcz chce wystartowa\u0107 w przetargu, kt\u00f3ry ma og\u0142osi\u0107 PKP Intercity na ezt przystosowane do pr\u0119dko\u015bci 250 km\/h.","robots":{"index":"index","follow":"follow","max-snippet":"max-snippet:-1","max-image-preview":"max-image-preview:large","max-video-preview":"max-video-preview:-1"},"canonical":"https:\/\/transinfo.pl\/x\/inforail\/jasna-deklaracja-pesa-sojusz-na-lata-z-europejskim-producentem\/","og_locale":"pl_PL","og_type":"article","og_title":"Jasna deklaracja PESY. Sojusz na lata z europejskim producentem","og_description":"PESA Bydgoszcz chce wystartowa\u0107 w przetargu, kt\u00f3ry ma og\u0142osi\u0107 PKP Intercity na ezt przystosowane do pr\u0119dko\u015bci 250 km\/h.","og_url":"https:\/\/transinfo.pl\/x\/inforail\/jasna-deklaracja-pesa-sojusz-na-lata-z-europejskim-producentem\/","og_site_name":"TransInfo Archiwum","og_image":[{"url":"https:\/\/transinfo.pl\/x\/wp-content\/uploads\/2023\/10\/PESA-HS-wizualizacja.jpg","width":1,"height":1,"type":"image\/jpeg"}],"twitter_card":"summary_large_image","twitter_misc":{"Szacowany czas czytania":"2 minuty"},"schema":{"@context":"https:\/\/schema.org","@graph":[{"@type":"WebPage","@id":"https:\/\/transinfo.pl\/x\/inforail\/jasna-deklaracja-pesa-sojusz-na-lata-z-europejskim-producentem\/","url":"https:\/\/transinfo.pl\/x\/inforail\/jasna-deklaracja-pesa-sojusz-na-lata-z-europejskim-producentem\/","name":"PESA z europejskim producentem w sojuszu na lata","isPartOf":{"@id":"https:\/\/transinfo.pl\/x\/#website"},"primaryImageOfPage":{"@id":"https:\/\/transinfo.pl\/x\/inforail\/jasna-deklaracja-pesa-sojusz-na-lata-z-europejskim-producentem\/#primaryimage"},"image":{"@id":"https:\/\/transinfo.pl\/x\/inforail\/jasna-deklaracja-pesa-sojusz-na-lata-z-europejskim-producentem\/#primaryimage"},"thumbnailUrl":"https:\/\/transinfo.pl\/x\/wp-content\/uploads\/2023\/10\/PESA-HS-wizualizacja.jpg","datePublished":"2023-10-16T12:45:00+00:00","dateModified":"2023-10-16T12:45:00+00:00","description":"PESA Bydgoszcz chce wystartowa\u0107 w przetargu, kt\u00f3ry ma og\u0142osi\u0107 PKP Intercity na ezt przystosowane do pr\u0119dko\u015bci 250 km\/h.","breadcrumb":{"@id":"https:\/\/transinfo.pl\/x\/inforail\/jasna-deklaracja-pesa-sojusz-na-lata-z-europejskim-producentem\/#breadcrumb"},"inLanguage":"pl-PL","potentialAction":[{"@type":"ReadAction","target":["https:\/\/transinfo.pl\/x\/inforail\/jasna-deklaracja-pesa-sojusz-na-lata-z-europejskim-producentem\/"]}]},{"@type":"ImageObject","inLanguage":"pl-PL","@id":"https:\/\/transinfo.pl\/x\/inforail\/jasna-deklaracja-pesa-sojusz-na-lata-z-europejskim-producentem\/#primaryimage","url":"https:\/\/transinfo.pl\/x\/wp-content\/uploads\/2023\/10\/PESA-HS-wizualizacja.jpg","contentUrl":"https:\/\/transinfo.pl\/x\/wp-content\/uploads\/2023\/10\/PESA-HS-wizualizacja.jpg"},{"@type":"BreadcrumbList","@id":"https:\/\/transinfo.pl\/x\/inforail\/jasna-deklaracja-pesa-sojusz-na-lata-z-europejskim-producentem\/#breadcrumb","itemListElement":[{"@type":"ListItem","position":1,"name":"Home","item":"https:\/\/transinfo.pl\/x\/"},{"@type":"ListItem","position":2,"name":"Inforail","item":"https:\/\/transinfo.pl\/x\/inforail\/"},{"@type":"ListItem","position":3,"name":"Jasna deklaracja PESY. Sojusz na lata z europejskim producentem"}]},{"@type":"WebSite","@id":"https:\/\/transinfo.pl\/x\/#website","url":"https:\/\/transinfo.pl\/x\/","name":"TransInfo Archiwum","description":"Ca\u0142y transport w jednym miejscu","publisher":{"@id":"https:\/\/transinfo.pl\/x\/#organization"},"potentialAction":[{"@type":"SearchAction","target":{"@type":"EntryPoint","urlTemplate":"https:\/\/transinfo.pl\/x\/?s={search_term_string}"},"query-input":{"@type":"PropertyValueSpecification","valueRequired":true,"valueName":"search_term_string"}}],"inLanguage":"pl-PL"},{"@type":"Organization","@id":"https:\/\/transinfo.pl\/x\/#organization","name":"TransInfo","url":"https:\/\/transinfo.pl\/x\/","logo":{"@type":"ImageObject","inLanguage":"pl-PL","@id":"https:\/\/transinfo.pl\/x\/#\/schema\/logo\/image\/","url":"https:\/\/transinfo.pl\/x\/wp-content\/uploads\/2024\/10\/favicon.png","contentUrl":"https:\/\/transinfo.pl\/x\/wp-content\/uploads\/2024\/10\/favicon.png","width":512,"height":512,"caption":"TransInfo"},"image":{"@id":"https:\/\/transinfo.pl\/x\/#\/schema\/logo\/image\/"}}]}},"_links":{"self":[{"href":"https:\/\/transinfo.pl\/x\/wp-json\/wp\/v2\/inforail\/258812","targetHints":{"allow":["GET"]}}],"collection":[{"href":"https:\/\/transinfo.pl\/x\/wp-json\/wp\/v2\/inforail"}],"about":[{"href":"https:\/\/transinfo.pl\/x\/wp-json\/wp\/v2\/types\/inforail"}],"author":[{"embeddable":true,"href":"https:\/\/transinfo.pl\/x\/wp-json\/wp\/v2\/users\/3"}],"replies":[{"embeddable":true,"href":"https:\/\/transinfo.pl\/x\/wp-json\/wp\/v2\/comments?post=258812"}],"wp:featuredmedia":[{"embeddable":true,"href":"https:\/\/transinfo.pl\/x\/wp-json\/wp\/v2\/media\/258813"}],"wp:attachment":[{"href":"https:\/\/transinfo.pl\/x\/wp-json\/wp\/v2\/media?parent=258812"}],"wp:term":[{"taxonomy":"category","embeddable":true,"href":"https:\/\/transinfo.pl\/x\/wp-json\/wp\/v2\/categories?post=258812"},{"taxonomy":"post_tag","embeddable":true,"href":"https:\/\/transinfo.pl\/x\/wp-json\/wp\/v2\/tags?post=258812"}],"curies":[{"name":"wp","href":"https:\/\/api.w.org\/{rel}","templated":true}]}}