{"id":122625,"date":"2012-09-19T07:49:47","date_gmt":"2012-09-19T07:49:47","guid":{"rendered":"https:\/\/transinfo.pl\/x\/inforail\/innotrans-2012-dzien-pesy-dwa-nowe-pojazdy-zaprezentowane\/"},"modified":"2012-09-19T07:49:47","modified_gmt":"2012-09-19T07:49:47","slug":"innotrans-2012-dzien-pesy-dwa-nowe-pojazdy-zaprezentowane","status":"publish","type":"inforail","link":"https:\/\/transinfo.pl\/x\/inforail\/innotrans-2012-dzien-pesy-dwa-nowe-pojazdy-zaprezentowane\/","title":{"rendered":"InnoTrans 2012: Dzie\u0144 PESY &#8211; dwa nowe pojazdy zaprezentowane"},"content":{"rendered":"<div>Pierwszy dzie\u0144 targ&oacute;w InnoTrans niew\u0105tpliwie nale\u017ca\u0142 do bydgoskiej PESY. Dwie premiery i kolejna umowa na dostaw\u0119 poci\u0105g&oacute;w to trzy najwa\u017cniejsze wtorkowe wydarzenia.<\/div>\n<div align=\"center\"><a title=\"Link - pierwsza premiera PESY\"><img decoding=\"async\" title=\"Link - pierwsza premiera PESY\" alt=\"Link - pierwsza premiera PESY\" src=\"http:\/\/www.infobus.pl\/files2\/50179\/imgp8276_760.jpg\" \/><\/a><a title=\"Premiera Linka \"><img decoding=\"async\" title=\"Premiera Linka \" alt=\"Premiera Linka \" src=\"http:\/\/www.infobus.pl\/files2\/50179\/imgp8278_760.jpg\" \/><\/a><\/div>\n<div><strong>Link na rynek niemiecki<\/strong><\/div>\n<div>Pierwszym zaprezentowanym przez PES\u0118 pojazdem by\u0142 Link dla niemieckiego przewo\u017anika Oberpfaltzbahn. W prezentacji udzia\u0142 wzi\u0119li m.in. Gerhard Kn&ouml;bel &ndash;prezes Regentalbahn AG i Robert \u015awiechowicz &ndash;cz\u0142onek zarz\u0105du PESY. Co ciekawe pokazany na InnoTrans pojazd w barwach niemieckiego przewo\u017anika wcale nie trafi docelowo do Oberpfaltzbahn a najprawdopodobniej do wojew&oacute;dztwa zachodniopomorskiego. Pierwszy pojazd dla Niemc&oacute;w ma by\u0107 gotowy w pa\u017adzierniku. Przypomnijmy, \u017ce Linki trafi\u0105 tak\u017ce do Kolei Czeskich. Nasi po\u0142udniowi s\u0105siedzi otrzymaj\u0105 31 takich pojazd&oacute;w. Dla Niemc&oacute;w PESA dostarczy 12 sk\u0142ad&oacute;w do czerwca 2014 roku. Jeszcze raz dzi\u0119kuj\u0119 za zaufanie, jakim Niemcy nas obdarzyli &ndash;powiedzia\u0142 podczas prezentacji Robert \u015awiechowicz. To b\u0119dzie pojazd konkurencyjny, bezpieczny, niezawodny &ndash;doda\u0142. Wszystko wskazuje na to, \u017ce to dopiero pocz\u0105tek przygody polskiego producenta z rynkiem niemieckim. 19 wrze\u015bnia, a wi\u0119c drugiego dnia Innotrans, ma zosta\u0107 podpisana umowa na dostaw\u0119 nawet 470 Link&oacute;w dla DB. Szczeg&oacute;\u0142y umowy nie s\u0105 na razie znane. Wiadomo, \u017ce PESA wygra\u0142a dwa z trzech post\u0119powa\u0144 przetargowych organizowanych przez niemieckie koleje. Warto\u015b\u0107 kontraktu to 5 mld z\u0142otych. <\/div>\n<div align=\"center\"><a title=\"Prezentacja Gamy\"><img decoding=\"async\" title=\"Prezentacja Gamy\" alt=\"Prezentacja Gamy\" src=\"http:\/\/www.infobus.pl\/files2\/50179\/imgp8305_760.jpg\" \/><\/a><a title=\"Gama wzbudza du\u017ce zainteresowanie na Innotrans\"><img decoding=\"async\" title=\"Gama wzbudza du\u017ce zainteresowanie na Innotrans\" alt=\"Gama wzbudza du\u017ce zainteresowanie na Innotrans\" src=\"http:\/\/www.infobus.pl\/files2\/50179\/imgp8403_760.jpg\" \/><\/a><\/div>\n<div><strong>Gama zaprezentowana<\/strong><\/div>\n<div>Drugim wa\u017cnym wydarzeniem by\u0142a premiera lokomotywy z rodziny GAMA. Wszystko odby\u0142o si\u0119 przy d\u017awi\u0119kach b\u0119bn&oacute;w. Pierwszy egzemplarz zosta\u0142 wyprodukowany przy wsp&oacute;\u0142pracy z LOTOS-em. Lokomotywa Maraton zosta\u0142a wyposa\u017cona w dodatkowy silnik spalinowy, co pozwoli jej na podj\u0119cie pracy tak\u017ce na odcinkach niezelektryfikowanych. Zasi\u0119g maszyny na silniku spalinowym to oko\u0142o 40 kilometr&oacute;w &ndash;wyja\u015bni\u0142 Janusz Gimi\u0144ski, szef dzia\u0142u lokomotyw w PESIE. Maksymalna pr\u0119dko\u015b\u0107, z jak\u0105 b\u0119dzie mog\u0142a porusza\u0107 si\u0119 nowa lokomotywa to 190 km\/h. W ruchu towarowym pr\u0119dko\u015b\u0107 ta b\u0119dzie mniejsza, bo 140 km\/h. Gama Maraton wzbudzi\u0142a du\u017ce zainteresowanie, tak\u017ce w\u015br&oacute;d konkurencji. PESA jest kolejnym producentem, kt&oacute;ry b\u0119dzie budowa\u0142 lokomotywy. Na pewno nie jest bez szans na sukces. Ju\u017c dzi\u015b pojawi\u0142y si\u0119 g\u0142osy zainteresowania nowym produktem PESY w\u015br&oacute;d przewo\u017anik&oacute;w. Nieoficjalnie m&oacute;wi si\u0119, \u017ce LOTOS nie poprzestanie na tym jednym egzemplarzu. Gama ma by\u0107 rodzin\u0105 pojazd&oacute;w, w sk\u0142ad kt&oacute;rej wejd\u0105 lokomotywy spalinowe o mocy 2.200 kW i pr\u0119dko\u015bci 140 km\/godz., lokomotywy elektryczne wielonapi\u0119ciowe i zasilane napi\u0119ciem 3 kV DC. <\/div>\n<div><strong>3 sk\u0142ady dla Litwy&nbsp;&nbsp;&nbsp;&nbsp;&nbsp;&nbsp;&nbsp;&nbsp;&nbsp;&nbsp;&nbsp;&nbsp;&nbsp;&nbsp;&nbsp;&nbsp;<\/strong><\/div>\n<div>I wreszcie na koniec tego udanego dnia PESA podpisa\u0142a umow\u0119 na dostaw\u0119 trzech spalinowych dwucz\u0142onowych pojazd&oacute;w 630M dla Kolei Litewskich. W latach 2008-2011 producent dostarczy\u0142 ju\u017c narodowemu przewo\u017anikowi Litwy 10 jednocz\u0142onowych pojazd&oacute;w 620M osi\u0105gaj\u0105cych pr\u0119dko\u015b\u0107 120 km\/h. Obecnie zamawiane przez naszych litewskich partner&oacute;w dwucz\u0142onowe 630 M b\u0119d\u0105 si\u0119 wyr&oacute;\u017cnia\u0142y nowym designem (zw\u0142aszcza w cz\u0119\u015bci czo\u0142owej) i przystosowane zostan\u0105 do pr\u0119dko\u015b\u0107 140 km\/h. Takie pojazdy dostarcza ju\u017c PESA na Ukrain\u0119 i do Kazachstanu. Umowa przewiduje dostaw\u0119 pierwszego pojazdu w maju 2013 roku, a ostatniego w grudniu tego roku. Jak ju\u017c wspominali\u015bmy to pierwsza, ale nie ostatnia umowa na dostaw\u0119 taboru podpisana przez PES\u0118 na InnoTrans. Ta umowa to kolejny krok na p&oacute;\u0142nocny-wsch&oacute;d &ndash;powiedzia\u0142 Robert \u015awiechowicz. Cieszy kontynuacja wsp&oacute;\u0142pracy z Kolejami Litewskimi &ndash;doda\u0142. &nbsp;&nbsp;&nbsp;<\/div>\n","protected":false},"author":2,"featured_media":122626,"comment_status":"","ping_status":"closed","template":"","categories":[26],"tags":[3671,1266,3516,810,425],"class_list":["post-122625","inforail","type-inforail","status-publish","has-post-thumbnail","hentry","category-przewoznicy","tag-gama","tag-innotrans","tag-link","tag-pesa","tag-umowa"],"acf":[],"yoast_head":"<!-- This site is optimized with the Yoast SEO Premium plugin v21.8 (Yoast SEO v23.7) - https:\/\/yoast.com\/wordpress\/plugins\/seo\/ -->\n<title>InnoTrans 2012: Dzie\u0144 PESY &#8211; dwa nowe pojazdy zaprezentowane - TransInfo Archiwum<\/title>\n<meta name=\"robots\" content=\"index, follow, max-snippet:-1, max-image-preview:large, max-video-preview:-1\" \/>\n<link rel=\"canonical\" href=\"https:\/\/transinfo.pl\/x\/inforail\/innotrans-2012-dzien-pesy-dwa-nowe-pojazdy-zaprezentowane\/\" \/>\n<meta property=\"og:locale\" content=\"pl_PL\" \/>\n<meta property=\"og:type\" content=\"article\" \/>\n<meta property=\"og:title\" content=\"InnoTrans 2012: Dzie\u0144 PESY &#8211; dwa nowe pojazdy zaprezentowane\" \/>\n<meta property=\"og:description\" content=\"Pierwszy dzie\u0144 targ&oacute;w InnoTrans niew\u0105tpliwie nale\u017ca\u0142 do bydgoskiej PESY. Dwie premiery i kolejna umowa...\" \/>\n<meta property=\"og:url\" content=\"https:\/\/transinfo.pl\/x\/inforail\/innotrans-2012-dzien-pesy-dwa-nowe-pojazdy-zaprezentowane\/\" \/>\n<meta property=\"og:site_name\" content=\"TransInfo Archiwum\" \/>\n<meta property=\"og:image\" content=\"http:\/\/www.infobus.pl\/files2\/50179\/imgp8276_760.jpg\" \/>\n<meta name=\"twitter:card\" content=\"summary_large_image\" \/>\n<meta name=\"twitter:label1\" content=\"Szacowany czas czytania\" \/>\n\t<meta name=\"twitter:data1\" content=\"3 minuty\" \/>\n<script type=\"application\/ld+json\" class=\"yoast-schema-graph\">{\"@context\":\"https:\/\/schema.org\",\"@graph\":[{\"@type\":\"WebPage\",\"@id\":\"https:\/\/transinfo.pl\/x\/inforail\/innotrans-2012-dzien-pesy-dwa-nowe-pojazdy-zaprezentowane\/\",\"url\":\"https:\/\/transinfo.pl\/x\/inforail\/innotrans-2012-dzien-pesy-dwa-nowe-pojazdy-zaprezentowane\/\",\"name\":\"InnoTrans 2012: Dzie\u0144 PESY &#8211; dwa nowe pojazdy zaprezentowane - TransInfo Archiwum\",\"isPartOf\":{\"@id\":\"https:\/\/transinfo.pl\/x\/#website\"},\"primaryImageOfPage\":{\"@id\":\"https:\/\/transinfo.pl\/x\/inforail\/innotrans-2012-dzien-pesy-dwa-nowe-pojazdy-zaprezentowane\/#primaryimage\"},\"image\":{\"@id\":\"https:\/\/transinfo.pl\/x\/inforail\/innotrans-2012-dzien-pesy-dwa-nowe-pojazdy-zaprezentowane\/#primaryimage\"},\"thumbnailUrl\":\"https:\/\/transinfo.pl\/x\/wp-content\/uploads\/2022\/02\/ilu_50595ff116f2a.jpg\",\"datePublished\":\"2012-09-19T07:49:47+00:00\",\"dateModified\":\"2012-09-19T07:49:47+00:00\",\"breadcrumb\":{\"@id\":\"https:\/\/transinfo.pl\/x\/inforail\/innotrans-2012-dzien-pesy-dwa-nowe-pojazdy-zaprezentowane\/#breadcrumb\"},\"inLanguage\":\"pl-PL\",\"potentialAction\":[{\"@type\":\"ReadAction\",\"target\":[\"https:\/\/transinfo.pl\/x\/inforail\/innotrans-2012-dzien-pesy-dwa-nowe-pojazdy-zaprezentowane\/\"]}]},{\"@type\":\"ImageObject\",\"inLanguage\":\"pl-PL\",\"@id\":\"https:\/\/transinfo.pl\/x\/inforail\/innotrans-2012-dzien-pesy-dwa-nowe-pojazdy-zaprezentowane\/#primaryimage\",\"url\":\"https:\/\/transinfo.pl\/x\/wp-content\/uploads\/2022\/02\/ilu_50595ff116f2a.jpg\",\"contentUrl\":\"https:\/\/transinfo.pl\/x\/wp-content\/uploads\/2022\/02\/ilu_50595ff116f2a.jpg\"},{\"@type\":\"BreadcrumbList\",\"@id\":\"https:\/\/transinfo.pl\/x\/inforail\/innotrans-2012-dzien-pesy-dwa-nowe-pojazdy-zaprezentowane\/#breadcrumb\",\"itemListElement\":[{\"@type\":\"ListItem\",\"position\":1,\"name\":\"Home\",\"item\":\"https:\/\/transinfo.pl\/x\/\"},{\"@type\":\"ListItem\",\"position\":2,\"name\":\"Inforail\",\"item\":\"https:\/\/transinfo.pl\/x\/inforail\/\"},{\"@type\":\"ListItem\",\"position\":3,\"name\":\"InnoTrans 2012: Dzie\u0144 PESY &#8211; dwa nowe pojazdy zaprezentowane\"}]},{\"@type\":\"WebSite\",\"@id\":\"https:\/\/transinfo.pl\/x\/#website\",\"url\":\"https:\/\/transinfo.pl\/x\/\",\"name\":\"TransInfo Archiwum\",\"description\":\"Ca\u0142y transport w jednym miejscu\",\"publisher\":{\"@id\":\"https:\/\/transinfo.pl\/x\/#organization\"},\"potentialAction\":[{\"@type\":\"SearchAction\",\"target\":{\"@type\":\"EntryPoint\",\"urlTemplate\":\"https:\/\/transinfo.pl\/x\/?s={search_term_string}\"},\"query-input\":{\"@type\":\"PropertyValueSpecification\",\"valueRequired\":true,\"valueName\":\"search_term_string\"}}],\"inLanguage\":\"pl-PL\"},{\"@type\":\"Organization\",\"@id\":\"https:\/\/transinfo.pl\/x\/#organization\",\"name\":\"TransInfo\",\"url\":\"https:\/\/transinfo.pl\/x\/\",\"logo\":{\"@type\":\"ImageObject\",\"inLanguage\":\"pl-PL\",\"@id\":\"https:\/\/transinfo.pl\/x\/#\/schema\/logo\/image\/\",\"url\":\"https:\/\/transinfo.pl\/x\/wp-content\/uploads\/2024\/10\/favicon.png\",\"contentUrl\":\"https:\/\/transinfo.pl\/x\/wp-content\/uploads\/2024\/10\/favicon.png\",\"width\":512,\"height\":512,\"caption\":\"TransInfo\"},\"image\":{\"@id\":\"https:\/\/transinfo.pl\/x\/#\/schema\/logo\/image\/\"}}]}<\/script>\n<!-- \/ Yoast SEO Premium plugin. -->","yoast_head_json":{"title":"InnoTrans 2012: Dzie\u0144 PESY &#8211; dwa nowe pojazdy zaprezentowane - TransInfo Archiwum","robots":{"index":"index","follow":"follow","max-snippet":"max-snippet:-1","max-image-preview":"max-image-preview:large","max-video-preview":"max-video-preview:-1"},"canonical":"https:\/\/transinfo.pl\/x\/inforail\/innotrans-2012-dzien-pesy-dwa-nowe-pojazdy-zaprezentowane\/","og_locale":"pl_PL","og_type":"article","og_title":"InnoTrans 2012: Dzie\u0144 PESY &#8211; dwa nowe pojazdy zaprezentowane","og_description":"Pierwszy dzie\u0144 targ&oacute;w InnoTrans niew\u0105tpliwie nale\u017ca\u0142 do bydgoskiej PESY. Dwie premiery i kolejna umowa...","og_url":"https:\/\/transinfo.pl\/x\/inforail\/innotrans-2012-dzien-pesy-dwa-nowe-pojazdy-zaprezentowane\/","og_site_name":"TransInfo Archiwum","og_image":[{"url":"http:\/\/www.infobus.pl\/files2\/50179\/imgp8276_760.jpg"}],"twitter_card":"summary_large_image","twitter_misc":{"Szacowany czas czytania":"3 minuty"},"schema":{"@context":"https:\/\/schema.org","@graph":[{"@type":"WebPage","@id":"https:\/\/transinfo.pl\/x\/inforail\/innotrans-2012-dzien-pesy-dwa-nowe-pojazdy-zaprezentowane\/","url":"https:\/\/transinfo.pl\/x\/inforail\/innotrans-2012-dzien-pesy-dwa-nowe-pojazdy-zaprezentowane\/","name":"InnoTrans 2012: Dzie\u0144 PESY &#8211; dwa nowe pojazdy zaprezentowane - TransInfo Archiwum","isPartOf":{"@id":"https:\/\/transinfo.pl\/x\/#website"},"primaryImageOfPage":{"@id":"https:\/\/transinfo.pl\/x\/inforail\/innotrans-2012-dzien-pesy-dwa-nowe-pojazdy-zaprezentowane\/#primaryimage"},"image":{"@id":"https:\/\/transinfo.pl\/x\/inforail\/innotrans-2012-dzien-pesy-dwa-nowe-pojazdy-zaprezentowane\/#primaryimage"},"thumbnailUrl":"https:\/\/transinfo.pl\/x\/wp-content\/uploads\/2022\/02\/ilu_50595ff116f2a.jpg","datePublished":"2012-09-19T07:49:47+00:00","dateModified":"2012-09-19T07:49:47+00:00","breadcrumb":{"@id":"https:\/\/transinfo.pl\/x\/inforail\/innotrans-2012-dzien-pesy-dwa-nowe-pojazdy-zaprezentowane\/#breadcrumb"},"inLanguage":"pl-PL","potentialAction":[{"@type":"ReadAction","target":["https:\/\/transinfo.pl\/x\/inforail\/innotrans-2012-dzien-pesy-dwa-nowe-pojazdy-zaprezentowane\/"]}]},{"@type":"ImageObject","inLanguage":"pl-PL","@id":"https:\/\/transinfo.pl\/x\/inforail\/innotrans-2012-dzien-pesy-dwa-nowe-pojazdy-zaprezentowane\/#primaryimage","url":"https:\/\/transinfo.pl\/x\/wp-content\/uploads\/2022\/02\/ilu_50595ff116f2a.jpg","contentUrl":"https:\/\/transinfo.pl\/x\/wp-content\/uploads\/2022\/02\/ilu_50595ff116f2a.jpg"},{"@type":"BreadcrumbList","@id":"https:\/\/transinfo.pl\/x\/inforail\/innotrans-2012-dzien-pesy-dwa-nowe-pojazdy-zaprezentowane\/#breadcrumb","itemListElement":[{"@type":"ListItem","position":1,"name":"Home","item":"https:\/\/transinfo.pl\/x\/"},{"@type":"ListItem","position":2,"name":"Inforail","item":"https:\/\/transinfo.pl\/x\/inforail\/"},{"@type":"ListItem","position":3,"name":"InnoTrans 2012: Dzie\u0144 PESY &#8211; dwa nowe pojazdy zaprezentowane"}]},{"@type":"WebSite","@id":"https:\/\/transinfo.pl\/x\/#website","url":"https:\/\/transinfo.pl\/x\/","name":"TransInfo Archiwum","description":"Ca\u0142y transport w jednym miejscu","publisher":{"@id":"https:\/\/transinfo.pl\/x\/#organization"},"potentialAction":[{"@type":"SearchAction","target":{"@type":"EntryPoint","urlTemplate":"https:\/\/transinfo.pl\/x\/?s={search_term_string}"},"query-input":{"@type":"PropertyValueSpecification","valueRequired":true,"valueName":"search_term_string"}}],"inLanguage":"pl-PL"},{"@type":"Organization","@id":"https:\/\/transinfo.pl\/x\/#organization","name":"TransInfo","url":"https:\/\/transinfo.pl\/x\/","logo":{"@type":"ImageObject","inLanguage":"pl-PL","@id":"https:\/\/transinfo.pl\/x\/#\/schema\/logo\/image\/","url":"https:\/\/transinfo.pl\/x\/wp-content\/uploads\/2024\/10\/favicon.png","contentUrl":"https:\/\/transinfo.pl\/x\/wp-content\/uploads\/2024\/10\/favicon.png","width":512,"height":512,"caption":"TransInfo"},"image":{"@id":"https:\/\/transinfo.pl\/x\/#\/schema\/logo\/image\/"}}]}},"_links":{"self":[{"href":"https:\/\/transinfo.pl\/x\/wp-json\/wp\/v2\/inforail\/122625","targetHints":{"allow":["GET"]}}],"collection":[{"href":"https:\/\/transinfo.pl\/x\/wp-json\/wp\/v2\/inforail"}],"about":[{"href":"https:\/\/transinfo.pl\/x\/wp-json\/wp\/v2\/types\/inforail"}],"author":[{"embeddable":true,"href":"https:\/\/transinfo.pl\/x\/wp-json\/wp\/v2\/users\/2"}],"replies":[{"embeddable":true,"href":"https:\/\/transinfo.pl\/x\/wp-json\/wp\/v2\/comments?post=122625"}],"wp:featuredmedia":[{"embeddable":true,"href":"https:\/\/transinfo.pl\/x\/wp-json\/wp\/v2\/media\/122626"}],"wp:attachment":[{"href":"https:\/\/transinfo.pl\/x\/wp-json\/wp\/v2\/media?parent=122625"}],"wp:term":[{"taxonomy":"category","embeddable":true,"href":"https:\/\/transinfo.pl\/x\/wp-json\/wp\/v2\/categories?post=122625"},{"taxonomy":"post_tag","embeddable":true,"href":"https:\/\/transinfo.pl\/x\/wp-json\/wp\/v2\/tags?post=122625"}],"curies":[{"name":"wp","href":"https:\/\/api.w.org\/{rel}","templated":true}]}}