{"id":99977,"date":"2024-03-12T11:07:00","date_gmt":"2024-03-12T11:07:00","guid":{"rendered":"https:\/\/transinfo.pl\/x\/infobus\/czy-polacy-przetrzymuja-ukrainskie-autobusy-na-granicy-policja-to-nieprawda\/"},"modified":"2024-03-12T11:07:00","modified_gmt":"2024-03-12T11:07:00","slug":"czy-polacy-przetrzymuja-ukrainskie-autobusy-na-granicy-policja-to-nieprawda","status":"publish","type":"infobus","link":"https:\/\/transinfo.pl\/x\/infobus\/czy-polacy-przetrzymuja-ukrainskie-autobusy-na-granicy-policja-to-nieprawda\/","title":{"rendered":"Czy Polacy przetrzymuj\u0105 ukrai\u0144skie autobusy na granicy? Policja: To nieprawda"},"content":{"rendered":"<style>h1,h2,h3,h4,h5,h6{margin:0 0 1.25rem;font-family:Arial,sans-serif;font-weight:600;color:#050505}h1{font-size:1.875rem;line-height:1.1em;text-transform:none}@media(min-width: 768px){h1{font-size:2.375rem}}h2{font-size:1.1875rem;line-height:1.2em;text-transform:uppercase}@media(min-width: 768px){h2{font-size:1.0625rem}}h3{font-size:0.9375rem;line-height:1.4em;font-weight:900;margin-bottom:0.9375rem}h4{font-size:0.875rem;line-height:1.2em;font-weight:500}h5{font-size:0.9375rem;line-height:1.6;font-weight:400}h6{font-size:0.9375rem;line-height:1.6;font-weight:600}\n<\/style>\n<h3 class=\"wp-block-heading\" id=\"h-11-marca-wicepremier-ukrainy-oleksandr-kubrakow-napisal-ze-protestujacy-rolnicy-i-polska-policja-zatrzymuja-na-granicy-ukrainskie-autokary\">11 marca wicepremier Ukrainy O\u0142eksandr Kubrakow napisa\u0142, \u017ce protestuj\u0105cy rolnicy i polska policja zatrzymuj\u0105 na granicy ukrai\u0144skie autokary.<\/h3>\n\n\n<style>p{margin:0 0 1.5rem}p:last-child{margin:0}p.is-style-uppercase{text-transform:uppercase}p.is-style-preheading{color:#12406a;text-transform:uppercase}p.is-style-leadparagraph{font-size:1rem;line-height:1.625;font-weight:700}@media(min-width: 768px){p.is-style-leadparagraph{font-size:1.125rem;line-height:1.5555555556}}p.has-small-margin{margin-bottom:0.625rem}p.has-small-margin+h1,p.has-small-margin+h2,p.has-small-margin+h3{margin-top:1.875rem}\n<\/style>\n<p>Nic takiego si\u0119 nie dzieje &#8211; powiedzia\u0142a PAP p.o. rzecznika prasowego Komendy G\u0142\u00f3wnej Policji m\u0142. insp. Katarzyna Nowak, odnosz\u0105c si\u0119 do wpisu O\u0142eksandra Kubrakowa, kt\u00f3ry przekaza\u0142 na platformie X, \u017ce uczestnicy protest\u00f3w organizowanych po polskiej stronie granicy, a tak\u017ce polska policja zatrzymuj\u0105 autokary jad\u0105ce z Ukrainy do Polski i w przeciwnym kierunku.<\/p>\n\n\n\n<h2 class=\"wp-block-heading\" id=\"h-wizyta-na-granica\">wizyta na granica <\/h2>\n\n\n\n<p>Ambasador Ukrainy w Polsce Wasyl Zwarycz poinformowa\u0142 w poniedzia\u0142ek, \u017ce konsul z ukrai\u0144skiego Konsulatu Generalnego w Lublinie uda\u0142 si\u0119 na przej\u015bcie graniczne w Dorohusku i przeprowadzi tam rozmowy w celu &#8222;zapobie\u017cenia jakimkolwiek op\u00f3\u017anieniom w ruchu pasa\u017cerskim autokar\u00f3w&#8221;.<\/p>\n\n\n\n<p>Dyplomata oznajmi\u0142 w komunikacie na Facebooku, \u017ce przedstawiciel konsulatu wyjecha\u0142 do Dorohuska &#8222;w trybie natychmiastowym&#8221; w zwi\u0105zku z doniesieniami o &#8222;bezpodstawnym zatrzymywaniu (tam) autokar\u00f3w pasa\u017cerskich przez polskich demonstrant\u00f3w&#8221; (<a href=\"http:\/\/tinyurl.com\/3hkjufd8\" target=\"_blank\" rel=\"noreferrer noopener\">https:\/\/tinyurl.com\/3hkjufd8<\/a>).<\/p>\n\n\n<style>.wp-block-quote{border-left:0.1875rem solid var(--page-color);font-size:1rem;font-style:italic;margin:0 0 1.6875rem;padding:1.25rem}.wp-block-quote cite{color:#050505}.wp-block-quote.is-style-large p{margin-bottom:10px}.wp-block-quote.is-style-large cite{color:#12406a}\n<\/style>\n<blockquote class=\"wp-block-quote is-layout-flow wp-block-quote-is-layout-flow\">\n<p>&#8222;Tak jak dotychczas, ruch pojazd\u00f3w osobowych i autobus\u00f3w pasa\u017cerskich musi odbywa\u0107 si\u0119 bez \u017cadnych przeszk\u00f3d&#8221; &#8211; zadeklarowa\u0142 Zwarycz.<\/p>\n<\/blockquote>\n\n\n\n<blockquote class=\"twitter-tweet\" data-media-max-width=\"560\"><p lang=\"en\" dir=\"ltr\">There is unpleasant news from the blocked Polish border. Protesters and police are stopping buses going to and from Poland. Passengers are being held without any explanation.<br><br>We emphasize that these actions are unacceptable in relation to Ukrainian citizens. During the war in\u2026 <a href=\"https:\/\/t.co\/VOo27i6etU\">pic.twitter.com\/VOo27i6etU<\/a><\/p>&mdash; Oleksandr Kubrakov (@OlKubrakov) <a href=\"https:\/\/twitter.com\/OlKubrakov\/status\/1767185377591275968?ref_src=twsrc%5Etfw\">March 11, 2024<\/a><\/blockquote> \n\n\n\n<h2 class=\"wp-block-heading\" id=\"h-wpis-wicepremiera\">wpis wicepremiera <\/h2>\n\n\n\n<blockquote class=\"wp-block-quote is-layout-flow wp-block-quote-is-layout-flow\">\n<p>&#8222;Niedobre wie\u015bci z zablokowanej polskiej granicy. (&#8230;) Pasa\u017cerowie (autokar\u00f3w) s\u0105 zatrzymywani bez \u017cadnych wyja\u015bnie\u0144. (&#8230;) W czasie wojny na Ukrainie (tymi) pasa\u017cerami s\u0105 kobiety z ma\u0142ymi dzie\u0107mi, przedstawiciele szczeg\u00f3lnie nara\u017conych grup spo\u0142ecznych, wojskowi powracaj\u0105cy z \u0107wicze\u0144 lub udaj\u0105cy si\u0119 na \u0107wiczenia, a tak\u017ce osoby podr\u00f3\u017cuj\u0105ce tranzytem. Pr\u00f3ba uczynienia z nich zak\u0142adnik\u00f3w protestu wydaje si\u0119 niew\u0142a\u015bciwa w cywilizowanym \u015bwiecie&#8221; &#8211; napisa\u0142 Kubrakow w komunikacie na platformie X (<a href=\"http:\/\/tinyurl.com\/46puvb3n\" target=\"_blank\" rel=\"noreferrer noopener\">https:\/\/tinyurl.com\/46puvb3n<\/a>).<\/p>\n<\/blockquote>\n\n\n\n<p><\/p>\n\n\n\n<blockquote class=\"wp-block-quote is-layout-flow wp-block-quote-is-layout-flow\">\n<p>&#8222;To nieprawda, nic takiego si\u0119 nie dzieje. My, jako policja absolutnie nie kontrolujemy ani pomocy humanitarnej, wojskowej, medycznej, ani autokar\u00f3w z ludno\u015bci\u0105. One p\u0142ynnie przeje\u017cd\u017caj\u0105&#8221; &#8211; powiedzia\u0142a m\u0142. insp. Katarzyna Nowak.<\/p>\n<\/blockquote>\n\n\n<style>.wp-block-image{margin:1.25rem 0;text-align:center}.wp-block-image figcaption{padding:0 0.9375rem;text-align:center}\n<\/style>\n<figure class=\"wp-block-image aligncenter size-full is-resized\"><a href=\"https:\/\/transinfo.pl\/wp-content\/uploads\/2024\/03\/GIYnw1lXgAAl0jT-1.jpg\"><img loading=\"lazy\" decoding=\"async\" src=\"https:\/\/transinfo.pl\/wp-content\/uploads\/2024\/03\/GIYnw1lXgAAl0jT-1.jpg\" alt=\"\" class=\"wp-image-467201\" width=\"680\" height=\"445\" \/><\/a><figcaption class=\"wp-element-caption\">Rzeczniczka KGP o rzekomym zatrzymywaniu po polskiej stronie ukrai\u0144skich autokar\u00f3w: to nieprawda \/ fot. Stra\u017c Graniczna<\/figcaption><\/figure>\n\n\n\n<h2 class=\"wp-block-heading\" id=\"h-protesty-rolnikow\">protesty rolnik\u00f3w<\/h2>\n\n\n\n<p>Polityk zaadresowa\u0142 t\u0119 wiadomo\u015b\u0107 do Biura Bezpiecze\u0144stwa Narodowego i szefa tej instytucji Jacka Siewiery, polskiej policji, a tak\u017ce ministra spraw wewn\u0119trznych i administracji Marcina Kierwi\u0144skiego.<\/p>\n\n\n\n<p>Wicepremier Kubrakow wcze\u015bniej w poniedzia\u0142ek w rozmowie z portalem RBK-Ukraina podkre\u015bli\u0142, \u017ce Polacy nie powinni szuka\u0107 wroga na Ukrainie, poniewa\u017c naszym wsp\u00f3lnym wrogiem jest Rosja, a ukrai\u0144skie produkty rolne nie stanowi\u0105 \u017cadnego zagro\u017cenia dla polskiego rynku.<\/p>\n\n\n\n<p>Od kilku tygodni w wielu krajach Unii Europejskiej trwaj\u0105 protesty rolnik\u00f3w. W Polsce manifestanci sprzeciwiaj\u0105 si\u0119 wytycznym zawartym w unijnym Zielonym \u0141adzie oraz otwarciu granic Polski na produkty rolno-spo\u017cywcze z Ukrainy.<\/p>\n\n\n\n<p>W drugiej po\u0142owie lutego premier Donald Tusk zapowiedzia\u0142, \u017ce w celu pe\u0142nego zagwarantowania, \u017ce pomoc wojskowa i humanitarna b\u0119d\u0105 dociera\u0142y bez op\u00f3\u017anie\u0144 , na list\u0119 obiekt\u00f3w infrastruktury krytycznej zostan\u0105 wpisane przej\u015bcia graniczne z Ukrain\u0105 oraz wskazane odcinki dr\u00f3g i tor\u00f3w kolejowych. (PAP)<\/p>\n","protected":false},"author":2,"featured_media":99978,"comment_status":"","ping_status":"closed","template":"","categories":[23],"tags":[167,2244,244,339,211],"class_list":["post-99977","infobus","type-infobus","status-publish","has-post-thumbnail","hentry","category-infrastruktura","tag-autobus","tag-autokar","tag-granica","tag-policja","tag-ukraina"],"acf":[],"yoast_head":"<!-- This site is optimized with the Yoast SEO Premium plugin v21.8 (Yoast SEO v23.7) - https:\/\/yoast.com\/wordpress\/plugins\/seo\/ -->\n<title>Czy Polacy przetrzymuj\u0105 ukrai\u0144skie autobusy na granicy? Policja: To nieprawda - TransInfo Archiwum<\/title>\n<meta name=\"description\" content=\"11 marca wicepremier Ukrainy O\u0142eksandr Kubrakow napisa\u0142, \u017ce protestuj\u0105cy rolnicy i polska policja zatrzymuj\u0105 na granicy ukrai\u0144skie autokary.\" \/>\n<meta name=\"robots\" content=\"index, follow, max-snippet:-1, max-image-preview:large, max-video-preview:-1\" \/>\n<link rel=\"canonical\" href=\"https:\/\/transinfo.pl\/x\/infobus\/czy-polacy-przetrzymuja-ukrainskie-autobusy-na-granicy-policja-to-nieprawda\/\" \/>\n<meta property=\"og:locale\" content=\"pl_PL\" \/>\n<meta property=\"og:type\" content=\"article\" \/>\n<meta property=\"og:title\" content=\"Czy Polacy przetrzymuj\u0105 ukrai\u0144skie autobusy na granicy? Policja: To nieprawda\" \/>\n<meta property=\"og:description\" content=\"11 marca wicepremier Ukrainy O\u0142eksandr Kubrakow napisa\u0142, \u017ce protestuj\u0105cy rolnicy i polska policja zatrzymuj\u0105 na granicy ukrai\u0144skie autokary.\" \/>\n<meta property=\"og:url\" content=\"https:\/\/transinfo.pl\/x\/infobus\/czy-polacy-przetrzymuja-ukrainskie-autobusy-na-granicy-policja-to-nieprawda\/\" \/>\n<meta property=\"og:site_name\" content=\"TransInfo Archiwum\" \/>\n<meta property=\"og:image\" content=\"https:\/\/transinfo.pl\/x\/wp-content\/uploads\/2024\/03\/autobus-granica-ukraina-2.jpg\" \/>\n\t<meta property=\"og:image:width\" content=\"1\" \/>\n\t<meta property=\"og:image:height\" content=\"1\" \/>\n\t<meta property=\"og:image:type\" content=\"image\/jpeg\" \/>\n<meta name=\"twitter:card\" content=\"summary_large_image\" \/>\n<meta name=\"twitter:label1\" content=\"Szacowany czas czytania\" \/>\n\t<meta name=\"twitter:data1\" content=\"3 minuty\" \/>\n<script type=\"application\/ld+json\" class=\"yoast-schema-graph\">{\"@context\":\"https:\/\/schema.org\",\"@graph\":[{\"@type\":\"WebPage\",\"@id\":\"https:\/\/transinfo.pl\/x\/infobus\/czy-polacy-przetrzymuja-ukrainskie-autobusy-na-granicy-policja-to-nieprawda\/\",\"url\":\"https:\/\/transinfo.pl\/x\/infobus\/czy-polacy-przetrzymuja-ukrainskie-autobusy-na-granicy-policja-to-nieprawda\/\",\"name\":\"Czy Polacy przetrzymuj\u0105 ukrai\u0144skie autobusy na granicy? Policja: To nieprawda - TransInfo Archiwum\",\"isPartOf\":{\"@id\":\"https:\/\/transinfo.pl\/x\/#website\"},\"primaryImageOfPage\":{\"@id\":\"https:\/\/transinfo.pl\/x\/infobus\/czy-polacy-przetrzymuja-ukrainskie-autobusy-na-granicy-policja-to-nieprawda\/#primaryimage\"},\"image\":{\"@id\":\"https:\/\/transinfo.pl\/x\/infobus\/czy-polacy-przetrzymuja-ukrainskie-autobusy-na-granicy-policja-to-nieprawda\/#primaryimage\"},\"thumbnailUrl\":\"https:\/\/transinfo.pl\/x\/wp-content\/uploads\/2024\/03\/autobus-granica-ukraina-2.jpg\",\"datePublished\":\"2024-03-12T11:07:00+00:00\",\"dateModified\":\"2024-03-12T11:07:00+00:00\",\"description\":\"11 marca wicepremier Ukrainy O\u0142eksandr Kubrakow napisa\u0142, \u017ce protestuj\u0105cy rolnicy i polska policja zatrzymuj\u0105 na granicy ukrai\u0144skie autokary.\",\"breadcrumb\":{\"@id\":\"https:\/\/transinfo.pl\/x\/infobus\/czy-polacy-przetrzymuja-ukrainskie-autobusy-na-granicy-policja-to-nieprawda\/#breadcrumb\"},\"inLanguage\":\"pl-PL\",\"potentialAction\":[{\"@type\":\"ReadAction\",\"target\":[\"https:\/\/transinfo.pl\/x\/infobus\/czy-polacy-przetrzymuja-ukrainskie-autobusy-na-granicy-policja-to-nieprawda\/\"]}]},{\"@type\":\"ImageObject\",\"inLanguage\":\"pl-PL\",\"@id\":\"https:\/\/transinfo.pl\/x\/infobus\/czy-polacy-przetrzymuja-ukrainskie-autobusy-na-granicy-policja-to-nieprawda\/#primaryimage\",\"url\":\"https:\/\/transinfo.pl\/x\/wp-content\/uploads\/2024\/03\/autobus-granica-ukraina-2.jpg\",\"contentUrl\":\"https:\/\/transinfo.pl\/x\/wp-content\/uploads\/2024\/03\/autobus-granica-ukraina-2.jpg\"},{\"@type\":\"BreadcrumbList\",\"@id\":\"https:\/\/transinfo.pl\/x\/infobus\/czy-polacy-przetrzymuja-ukrainskie-autobusy-na-granicy-policja-to-nieprawda\/#breadcrumb\",\"itemListElement\":[{\"@type\":\"ListItem\",\"position\":1,\"name\":\"Home\",\"item\":\"https:\/\/transinfo.pl\/x\/\"},{\"@type\":\"ListItem\",\"position\":2,\"name\":\"Infobus\",\"item\":\"https:\/\/transinfo.pl\/x\/infobus\/\"},{\"@type\":\"ListItem\",\"position\":3,\"name\":\"Czy Polacy przetrzymuj\u0105 ukrai\u0144skie autobusy na granicy? Policja: To nieprawda\"}]},{\"@type\":\"WebSite\",\"@id\":\"https:\/\/transinfo.pl\/x\/#website\",\"url\":\"https:\/\/transinfo.pl\/x\/\",\"name\":\"TransInfo Archiwum\",\"description\":\"Ca\u0142y transport w jednym miejscu\",\"publisher\":{\"@id\":\"https:\/\/transinfo.pl\/x\/#organization\"},\"potentialAction\":[{\"@type\":\"SearchAction\",\"target\":{\"@type\":\"EntryPoint\",\"urlTemplate\":\"https:\/\/transinfo.pl\/x\/?s={search_term_string}\"},\"query-input\":{\"@type\":\"PropertyValueSpecification\",\"valueRequired\":true,\"valueName\":\"search_term_string\"}}],\"inLanguage\":\"pl-PL\"},{\"@type\":\"Organization\",\"@id\":\"https:\/\/transinfo.pl\/x\/#organization\",\"name\":\"TransInfo\",\"url\":\"https:\/\/transinfo.pl\/x\/\",\"logo\":{\"@type\":\"ImageObject\",\"inLanguage\":\"pl-PL\",\"@id\":\"https:\/\/transinfo.pl\/x\/#\/schema\/logo\/image\/\",\"url\":\"https:\/\/transinfo.pl\/x\/wp-content\/uploads\/2024\/10\/favicon.png\",\"contentUrl\":\"https:\/\/transinfo.pl\/x\/wp-content\/uploads\/2024\/10\/favicon.png\",\"width\":512,\"height\":512,\"caption\":\"TransInfo\"},\"image\":{\"@id\":\"https:\/\/transinfo.pl\/x\/#\/schema\/logo\/image\/\"}}]}<\/script>\n<!-- \/ Yoast SEO Premium plugin. -->","yoast_head_json":{"title":"Czy Polacy przetrzymuj\u0105 ukrai\u0144skie autobusy na granicy? Policja: To nieprawda - TransInfo Archiwum","description":"11 marca wicepremier Ukrainy O\u0142eksandr Kubrakow napisa\u0142, \u017ce protestuj\u0105cy rolnicy i polska policja zatrzymuj\u0105 na granicy ukrai\u0144skie autokary.","robots":{"index":"index","follow":"follow","max-snippet":"max-snippet:-1","max-image-preview":"max-image-preview:large","max-video-preview":"max-video-preview:-1"},"canonical":"https:\/\/transinfo.pl\/x\/infobus\/czy-polacy-przetrzymuja-ukrainskie-autobusy-na-granicy-policja-to-nieprawda\/","og_locale":"pl_PL","og_type":"article","og_title":"Czy Polacy przetrzymuj\u0105 ukrai\u0144skie autobusy na granicy? Policja: To nieprawda","og_description":"11 marca wicepremier Ukrainy O\u0142eksandr Kubrakow napisa\u0142, \u017ce protestuj\u0105cy rolnicy i polska policja zatrzymuj\u0105 na granicy ukrai\u0144skie autokary.","og_url":"https:\/\/transinfo.pl\/x\/infobus\/czy-polacy-przetrzymuja-ukrainskie-autobusy-na-granicy-policja-to-nieprawda\/","og_site_name":"TransInfo Archiwum","og_image":[{"url":"https:\/\/transinfo.pl\/x\/wp-content\/uploads\/2024\/03\/autobus-granica-ukraina-2.jpg","width":1,"height":1,"type":"image\/jpeg"}],"twitter_card":"summary_large_image","twitter_misc":{"Szacowany czas czytania":"3 minuty"},"schema":{"@context":"https:\/\/schema.org","@graph":[{"@type":"WebPage","@id":"https:\/\/transinfo.pl\/x\/infobus\/czy-polacy-przetrzymuja-ukrainskie-autobusy-na-granicy-policja-to-nieprawda\/","url":"https:\/\/transinfo.pl\/x\/infobus\/czy-polacy-przetrzymuja-ukrainskie-autobusy-na-granicy-policja-to-nieprawda\/","name":"Czy Polacy przetrzymuj\u0105 ukrai\u0144skie autobusy na granicy? Policja: To nieprawda - TransInfo Archiwum","isPartOf":{"@id":"https:\/\/transinfo.pl\/x\/#website"},"primaryImageOfPage":{"@id":"https:\/\/transinfo.pl\/x\/infobus\/czy-polacy-przetrzymuja-ukrainskie-autobusy-na-granicy-policja-to-nieprawda\/#primaryimage"},"image":{"@id":"https:\/\/transinfo.pl\/x\/infobus\/czy-polacy-przetrzymuja-ukrainskie-autobusy-na-granicy-policja-to-nieprawda\/#primaryimage"},"thumbnailUrl":"https:\/\/transinfo.pl\/x\/wp-content\/uploads\/2024\/03\/autobus-granica-ukraina-2.jpg","datePublished":"2024-03-12T11:07:00+00:00","dateModified":"2024-03-12T11:07:00+00:00","description":"11 marca wicepremier Ukrainy O\u0142eksandr Kubrakow napisa\u0142, \u017ce protestuj\u0105cy rolnicy i polska policja zatrzymuj\u0105 na granicy ukrai\u0144skie autokary.","breadcrumb":{"@id":"https:\/\/transinfo.pl\/x\/infobus\/czy-polacy-przetrzymuja-ukrainskie-autobusy-na-granicy-policja-to-nieprawda\/#breadcrumb"},"inLanguage":"pl-PL","potentialAction":[{"@type":"ReadAction","target":["https:\/\/transinfo.pl\/x\/infobus\/czy-polacy-przetrzymuja-ukrainskie-autobusy-na-granicy-policja-to-nieprawda\/"]}]},{"@type":"ImageObject","inLanguage":"pl-PL","@id":"https:\/\/transinfo.pl\/x\/infobus\/czy-polacy-przetrzymuja-ukrainskie-autobusy-na-granicy-policja-to-nieprawda\/#primaryimage","url":"https:\/\/transinfo.pl\/x\/wp-content\/uploads\/2024\/03\/autobus-granica-ukraina-2.jpg","contentUrl":"https:\/\/transinfo.pl\/x\/wp-content\/uploads\/2024\/03\/autobus-granica-ukraina-2.jpg"},{"@type":"BreadcrumbList","@id":"https:\/\/transinfo.pl\/x\/infobus\/czy-polacy-przetrzymuja-ukrainskie-autobusy-na-granicy-policja-to-nieprawda\/#breadcrumb","itemListElement":[{"@type":"ListItem","position":1,"name":"Home","item":"https:\/\/transinfo.pl\/x\/"},{"@type":"ListItem","position":2,"name":"Infobus","item":"https:\/\/transinfo.pl\/x\/infobus\/"},{"@type":"ListItem","position":3,"name":"Czy Polacy przetrzymuj\u0105 ukrai\u0144skie autobusy na granicy? Policja: To nieprawda"}]},{"@type":"WebSite","@id":"https:\/\/transinfo.pl\/x\/#website","url":"https:\/\/transinfo.pl\/x\/","name":"TransInfo Archiwum","description":"Ca\u0142y transport w jednym miejscu","publisher":{"@id":"https:\/\/transinfo.pl\/x\/#organization"},"potentialAction":[{"@type":"SearchAction","target":{"@type":"EntryPoint","urlTemplate":"https:\/\/transinfo.pl\/x\/?s={search_term_string}"},"query-input":{"@type":"PropertyValueSpecification","valueRequired":true,"valueName":"search_term_string"}}],"inLanguage":"pl-PL"},{"@type":"Organization","@id":"https:\/\/transinfo.pl\/x\/#organization","name":"TransInfo","url":"https:\/\/transinfo.pl\/x\/","logo":{"@type":"ImageObject","inLanguage":"pl-PL","@id":"https:\/\/transinfo.pl\/x\/#\/schema\/logo\/image\/","url":"https:\/\/transinfo.pl\/x\/wp-content\/uploads\/2024\/10\/favicon.png","contentUrl":"https:\/\/transinfo.pl\/x\/wp-content\/uploads\/2024\/10\/favicon.png","width":512,"height":512,"caption":"TransInfo"},"image":{"@id":"https:\/\/transinfo.pl\/x\/#\/schema\/logo\/image\/"}}]}},"_links":{"self":[{"href":"https:\/\/transinfo.pl\/x\/wp-json\/wp\/v2\/infobus\/99977","targetHints":{"allow":["GET"]}}],"collection":[{"href":"https:\/\/transinfo.pl\/x\/wp-json\/wp\/v2\/infobus"}],"about":[{"href":"https:\/\/transinfo.pl\/x\/wp-json\/wp\/v2\/types\/infobus"}],"author":[{"embeddable":true,"href":"https:\/\/transinfo.pl\/x\/wp-json\/wp\/v2\/users\/2"}],"replies":[{"embeddable":true,"href":"https:\/\/transinfo.pl\/x\/wp-json\/wp\/v2\/comments?post=99977"}],"wp:featuredmedia":[{"embeddable":true,"href":"https:\/\/transinfo.pl\/x\/wp-json\/wp\/v2\/media\/99978"}],"wp:attachment":[{"href":"https:\/\/transinfo.pl\/x\/wp-json\/wp\/v2\/media?parent=99977"}],"wp:term":[{"taxonomy":"category","embeddable":true,"href":"https:\/\/transinfo.pl\/x\/wp-json\/wp\/v2\/categories?post=99977"},{"taxonomy":"post_tag","embeddable":true,"href":"https:\/\/transinfo.pl\/x\/wp-json\/wp\/v2\/tags?post=99977"}],"curies":[{"name":"wp","href":"https:\/\/api.w.org\/{rel}","templated":true}]}}