{"id":99950,"date":"2024-03-11T16:01:00","date_gmt":"2024-03-11T16:01:00","guid":{"rendered":"https:\/\/transinfo.pl\/x\/infobus\/jaslo-uciekl-z-karetki-zdemolowal-autobus-i-radiowoz-w-jeden-wieczor\/"},"modified":"2024-03-11T16:01:00","modified_gmt":"2024-03-11T16:01:00","slug":"jaslo-uciekl-z-karetki-zdemolowal-autobus-i-radiowoz-w-jeden-wieczor","status":"publish","type":"infobus","link":"https:\/\/transinfo.pl\/x\/infobus\/jaslo-uciekl-z-karetki-zdemolowal-autobus-i-radiowoz-w-jeden-wieczor\/","title":{"rendered":"Jas\u0142o: Uciek\u0142 z karetki, zdemolowa\u0142 autobus i radiow\u00f3z. W jeden wiecz\u00f3r \u00a0"},"content":{"rendered":"<style>h1,h2,h3,h4,h5,h6{margin:0 0 1.25rem;font-family:Arial,sans-serif;font-weight:600;color:#050505}h1{font-size:1.875rem;line-height:1.1em;text-transform:none}@media(min-width: 768px){h1{font-size:2.375rem}}h2{font-size:1.1875rem;line-height:1.2em;text-transform:uppercase}@media(min-width: 768px){h2{font-size:1.0625rem}}h3{font-size:0.9375rem;line-height:1.4em;font-weight:900;margin-bottom:0.9375rem}h4{font-size:0.875rem;line-height:1.2em;font-weight:500}h5{font-size:0.9375rem;line-height:1.6;font-weight:400}h6{font-size:0.9375rem;line-height:1.6;font-weight:600}\n<\/style>\n<h3 class=\"wp-block-heading\" id=\"h-w-polowie-lutego-w-jasle-16-letni-mieszkaniec-powiatu-strzyzowskiego-dokonal-prawdziwej-demolki-w-tym-autobusu-i-radiowozu\">W po\u0142owie lutego w Ja\u015ble 16-letni mieszkaniec powiatu strzy\u017cowskiego dokona\u0142 prawdziwej demolki, w tym autobusu i radiowozu.  <\/h3>\n\n\n<style>p{margin:0 0 1.5rem}p:last-child{margin:0}p.is-style-uppercase{text-transform:uppercase}p.is-style-preheading{color:#12406a;text-transform:uppercase}p.is-style-leadparagraph{font-size:1rem;line-height:1.625;font-weight:700}@media(min-width: 768px){p.is-style-leadparagraph{font-size:1.125rem;line-height:1.5555555556}}p.has-small-margin{margin-bottom:0.625rem}p.has-small-margin+h1,p.has-small-margin+h2,p.has-small-margin+h3{margin-top:1.875rem}\n<\/style>\n<p>Dodatkowo podczas zatrzymania okaza\u0142o si\u0119, \u017ce nastolatek by\u0142 nietrze\u017awy. W organizmie mia\u0142 prawie 1,3 promila. Teraz za kradzie\u017c alkoholu, uszkodzenie minibusu oraz policyjnego pojazdu musi liczy\u0107 si\u0119 z konsekwencjami prawnymi. <\/p>\n\n\n\n<h2 class=\"wp-block-heading\" id=\"h-dluga-lista\">D\u0142uga lista<\/h2>\n\n\n\n<p>W drugiej po\u0142owie lutego br., w nocy, dy\u017curny jasielskiej jednostki otrzyma\u0142 zg\u0142oszenie, \u017ce z karetki spod jasielskiego&nbsp;szpitala uciek\u0142 16-latek. Przybyli na miejsce policjanci ustalili, \u017ce mieszkaniec powiatu strzy\u017cowskiego zosta\u0142 przywieziony do plac\u00f3wki medycznej po tym&nbsp;jak m.in. awanturowa\u0142 si\u0119 w miejscu zamieszkania.<\/p>\n\n\n\n<p>Funkcjonariusze ustalili tak\u017ce, \u017ce ch\u0142opak, b\u0119d\u0105c w karetce odepchn\u0105\u0142 swoj\u0105 matk\u0119 i wybieg\u0142 z pojazdu. Nast\u0119pnie na ul. 3 Maja, zatrzyma\u0142 m\u0119\u017cczyzn\u0119 jad\u0105cego hulajnog\u0105 elektryczn\u0105 i wraz z nim uda\u0142 si\u0119 w rejon miejskiego parku. P\u00f3\u017aniej, na ul. Lwowskiej, wsiad\u0142 do autobusu, z kt\u00f3rego zosta\u0142 wyrzucony przez kierowc\u0119. W przyp\u0142ywie z\u0142o\u015bci, 16-latek wyskoczy\u0142 na pokryw\u0119 silnika pojazdu. Uszkodzi\u0142 j\u0105, podobnie jak szyb\u0119 czo\u0142ow\u0105 oraz przedni b\u0142otnik, a nast\u0119pnie uciek\u0142.<\/p>\n\n\n<style>.wp-block-image{margin:1.25rem 0;text-align:center}.wp-block-image figcaption{padding:0 0.9375rem;text-align:center}\n<\/style>\n<figure class=\"wp-block-image size-large\"><a href=\"https:\/\/transinfo.pl\/wp-content\/uploads\/2024\/03\/autobus-wandal-policja-3.jpg\"><img decoding=\"async\" src=\"https:\/\/transinfo.pl\/wp-content\/uploads\/2024\/03\/autobus-wandal-policja-3-1024x683.jpg\" alt=\"Agresywny i pijany 16-latek uszkodzi\u0142 autobus i radiow\u00f3z.\" class=\"wp-image-467138\" \/><\/a><figcaption class=\"wp-element-caption\">Agresywny i pijany 16-latek uszkodzi\u0142 autobus i radiow\u00f3z \/ fot. KPP Jas\u0142o <\/figcaption><\/figure>\n\n\n\n<h2 class=\"wp-block-heading\" id=\"h-drugie-podejscie\">drugie podej\u015bcie <\/h2>\n\n\n\n<p>W trakcie poszukiwa\u0144 prowadzonych na terenie miasta, mieszkaniec powiatu strzy\u017cowskiego zosta\u0142 zauwa\u017cony przez policjant\u00f3w z referatu patrolowo-interwencyjnego. Kiedy mundurowi zatrzymywali radiow\u00f3z, nastolatek podbieg\u0142 i uderzy\u0142 w boczn\u0105 szyb\u0119 pojazdu szklan\u0105 butelk\u0105 z alkoholem, kt\u00f3r\u0105 wcze\u015bniej ukrad\u0142 ze sklepu. W wyniku uderzenia, dosz\u0142o do rozbicia szyby w radiowozie, a\u00a0jej od\u0142amki spowodowa\u0142y uraz oka, u jednego z interweniuj\u0105cych policjant\u00f3w.<\/p>\n\n\n\n<p>16-latek zosta\u0142 zatrzymany&nbsp;przez jasielskich kryminalnych, kilka minut przed p\u00f3\u0142noc\u0105, na ul. Lwowskiej. W trakcie interwencji by\u0142 bardzo pobudzony, nie wykonywa\u0142 polece\u0144 oraz stawia\u0142 czynny op\u00f3r podczas zatrzymania.<\/p>\n\n\n\n<p>Mieszkaniec powiatu strzy\u017cowskiego zosta\u0142 zabrany przez kartk\u0119 pogotowia i przewieziony na obserwacje do jasielskiego szpitala. Badanie alkomatem wykaza\u0142o w jego organizmie blisko 1,3 promila.<\/p>\n\n\n\n<p>Policjanci wykonali ogl\u0119dziny uszkodzonego autobusu i radiowozu oraz zabezpieczyli \u015blady. Ca\u0142o\u015b\u0107 zgromadzonego materia\u0142u dowodowego przekazali do III Wydzia\u0142u Rodzinnego i Nieletnich S\u0105du Rejonowego w Strzy\u017cowie.<\/p>\n\n\n\n<figure class=\"wp-block-image size-large\"><a href=\"https:\/\/transinfo.pl\/wp-content\/uploads\/2024\/03\/autobus-wandal-policja-2.jpg\"><img decoding=\"async\" src=\"https:\/\/transinfo.pl\/wp-content\/uploads\/2024\/03\/autobus-wandal-policja-2-1024x683.jpg\" alt=\"Agresywny i pijany 16-latek uszkodzi\u0142 autobus i radiow\u00f3z.\" class=\"wp-image-467139\" \/><\/a><figcaption class=\"wp-element-caption\">Agresywny i pijany 16-latek uszkodzi\u0142 autobus i radiow\u00f3z.\/ fot. KPP Jas\u0142o<\/figcaption><\/figure>\n","protected":false},"author":2,"featured_media":99951,"comment_status":"","ping_status":"closed","template":"","categories":[24],"tags":[167,2330,2076],"class_list":["post-99950","infobus","type-infobus","status-publish","has-post-thumbnail","hentry","category-prawo","tag-autobus","tag-podkarpackie","tag-wandal"],"acf":[],"yoast_head":"<!-- This site is optimized with the Yoast SEO Premium plugin v21.8 (Yoast SEO v23.7) - https:\/\/yoast.com\/wordpress\/plugins\/seo\/ -->\n<title>Jas\u0142o: Uciek\u0142 z karetki, zdemolowa\u0142 autobus i radiow\u00f3z. W jeden wiecz\u00f3r \u00a0 - TransInfo Archiwum<\/title>\n<meta name=\"robots\" content=\"index, follow, max-snippet:-1, max-image-preview:large, max-video-preview:-1\" \/>\n<link rel=\"canonical\" href=\"https:\/\/transinfo.pl\/x\/infobus\/jaslo-uciekl-z-karetki-zdemolowal-autobus-i-radiowoz-w-jeden-wieczor\/\" \/>\n<meta property=\"og:locale\" content=\"pl_PL\" \/>\n<meta property=\"og:type\" content=\"article\" \/>\n<meta property=\"og:title\" content=\"Jas\u0142o: Uciek\u0142 z karetki, zdemolowa\u0142 autobus i radiow\u00f3z. W jeden wiecz\u00f3r \u00a0\" \/>\n<meta property=\"og:description\" content=\"W po\u0142owie lutego w Ja\u015ble 16-letni mieszkaniec powiatu strzy\u017cowskiego dokona\u0142 prawdziwej demolki, w tym...\" \/>\n<meta property=\"og:url\" content=\"https:\/\/transinfo.pl\/x\/infobus\/jaslo-uciekl-z-karetki-zdemolowal-autobus-i-radiowoz-w-jeden-wieczor\/\" \/>\n<meta property=\"og:site_name\" content=\"TransInfo Archiwum\" \/>\n<meta property=\"og:image\" content=\"http:\/\/default\" \/>\n<meta name=\"twitter:card\" content=\"summary_large_image\" \/>\n<meta name=\"twitter:label1\" content=\"Szacowany czas czytania\" \/>\n\t<meta name=\"twitter:data1\" content=\"2 minuty\" \/>\n<script type=\"application\/ld+json\" class=\"yoast-schema-graph\">{\"@context\":\"https:\/\/schema.org\",\"@graph\":[{\"@type\":\"WebPage\",\"@id\":\"https:\/\/transinfo.pl\/x\/infobus\/jaslo-uciekl-z-karetki-zdemolowal-autobus-i-radiowoz-w-jeden-wieczor\/\",\"url\":\"https:\/\/transinfo.pl\/x\/infobus\/jaslo-uciekl-z-karetki-zdemolowal-autobus-i-radiowoz-w-jeden-wieczor\/\",\"name\":\"Jas\u0142o: Uciek\u0142 z karetki, zdemolowa\u0142 autobus i radiow\u00f3z. W jeden wiecz\u00f3r \u00a0 - TransInfo Archiwum\",\"isPartOf\":{\"@id\":\"https:\/\/transinfo.pl\/x\/#website\"},\"primaryImageOfPage\":{\"@id\":\"https:\/\/transinfo.pl\/x\/infobus\/jaslo-uciekl-z-karetki-zdemolowal-autobus-i-radiowoz-w-jeden-wieczor\/#primaryimage\"},\"image\":{\"@id\":\"https:\/\/transinfo.pl\/x\/infobus\/jaslo-uciekl-z-karetki-zdemolowal-autobus-i-radiowoz-w-jeden-wieczor\/#primaryimage\"},\"thumbnailUrl\":\"https:\/\/transinfo.pl\/x\/wp-content\/uploads\/2024\/03\/autobus-wandal-policja-1-1.jpg\",\"datePublished\":\"2024-03-11T16:01:00+00:00\",\"dateModified\":\"2024-03-11T16:01:00+00:00\",\"breadcrumb\":{\"@id\":\"https:\/\/transinfo.pl\/x\/infobus\/jaslo-uciekl-z-karetki-zdemolowal-autobus-i-radiowoz-w-jeden-wieczor\/#breadcrumb\"},\"inLanguage\":\"pl-PL\",\"potentialAction\":[{\"@type\":\"ReadAction\",\"target\":[\"https:\/\/transinfo.pl\/x\/infobus\/jaslo-uciekl-z-karetki-zdemolowal-autobus-i-radiowoz-w-jeden-wieczor\/\"]}]},{\"@type\":\"ImageObject\",\"inLanguage\":\"pl-PL\",\"@id\":\"https:\/\/transinfo.pl\/x\/infobus\/jaslo-uciekl-z-karetki-zdemolowal-autobus-i-radiowoz-w-jeden-wieczor\/#primaryimage\",\"url\":\"https:\/\/transinfo.pl\/x\/wp-content\/uploads\/2024\/03\/autobus-wandal-policja-1-1.jpg\",\"contentUrl\":\"https:\/\/transinfo.pl\/x\/wp-content\/uploads\/2024\/03\/autobus-wandal-policja-1-1.jpg\"},{\"@type\":\"BreadcrumbList\",\"@id\":\"https:\/\/transinfo.pl\/x\/infobus\/jaslo-uciekl-z-karetki-zdemolowal-autobus-i-radiowoz-w-jeden-wieczor\/#breadcrumb\",\"itemListElement\":[{\"@type\":\"ListItem\",\"position\":1,\"name\":\"Home\",\"item\":\"https:\/\/transinfo.pl\/x\/\"},{\"@type\":\"ListItem\",\"position\":2,\"name\":\"Infobus\",\"item\":\"https:\/\/transinfo.pl\/x\/infobus\/\"},{\"@type\":\"ListItem\",\"position\":3,\"name\":\"Jas\u0142o: Uciek\u0142 z karetki, zdemolowa\u0142 autobus i radiow\u00f3z. W jeden wiecz\u00f3r \u00a0\"}]},{\"@type\":\"WebSite\",\"@id\":\"https:\/\/transinfo.pl\/x\/#website\",\"url\":\"https:\/\/transinfo.pl\/x\/\",\"name\":\"TransInfo Archiwum\",\"description\":\"Ca\u0142y transport w jednym miejscu\",\"publisher\":{\"@id\":\"https:\/\/transinfo.pl\/x\/#organization\"},\"potentialAction\":[{\"@type\":\"SearchAction\",\"target\":{\"@type\":\"EntryPoint\",\"urlTemplate\":\"https:\/\/transinfo.pl\/x\/?s={search_term_string}\"},\"query-input\":{\"@type\":\"PropertyValueSpecification\",\"valueRequired\":true,\"valueName\":\"search_term_string\"}}],\"inLanguage\":\"pl-PL\"},{\"@type\":\"Organization\",\"@id\":\"https:\/\/transinfo.pl\/x\/#organization\",\"name\":\"TransInfo\",\"url\":\"https:\/\/transinfo.pl\/x\/\",\"logo\":{\"@type\":\"ImageObject\",\"inLanguage\":\"pl-PL\",\"@id\":\"https:\/\/transinfo.pl\/x\/#\/schema\/logo\/image\/\",\"url\":\"https:\/\/transinfo.pl\/x\/wp-content\/uploads\/2024\/10\/favicon.png\",\"contentUrl\":\"https:\/\/transinfo.pl\/x\/wp-content\/uploads\/2024\/10\/favicon.png\",\"width\":512,\"height\":512,\"caption\":\"TransInfo\"},\"image\":{\"@id\":\"https:\/\/transinfo.pl\/x\/#\/schema\/logo\/image\/\"}}]}<\/script>\n<!-- \/ Yoast SEO Premium plugin. -->","yoast_head_json":{"title":"Jas\u0142o: Uciek\u0142 z karetki, zdemolowa\u0142 autobus i radiow\u00f3z. W jeden wiecz\u00f3r \u00a0 - TransInfo Archiwum","robots":{"index":"index","follow":"follow","max-snippet":"max-snippet:-1","max-image-preview":"max-image-preview:large","max-video-preview":"max-video-preview:-1"},"canonical":"https:\/\/transinfo.pl\/x\/infobus\/jaslo-uciekl-z-karetki-zdemolowal-autobus-i-radiowoz-w-jeden-wieczor\/","og_locale":"pl_PL","og_type":"article","og_title":"Jas\u0142o: Uciek\u0142 z karetki, zdemolowa\u0142 autobus i radiow\u00f3z. W jeden wiecz\u00f3r \u00a0","og_description":"W po\u0142owie lutego w Ja\u015ble 16-letni mieszkaniec powiatu strzy\u017cowskiego dokona\u0142 prawdziwej demolki, w tym...","og_url":"https:\/\/transinfo.pl\/x\/infobus\/jaslo-uciekl-z-karetki-zdemolowal-autobus-i-radiowoz-w-jeden-wieczor\/","og_site_name":"TransInfo Archiwum","og_image":[{"url":"default"}],"twitter_card":"summary_large_image","twitter_misc":{"Szacowany czas czytania":"2 minuty"},"schema":{"@context":"https:\/\/schema.org","@graph":[{"@type":"WebPage","@id":"https:\/\/transinfo.pl\/x\/infobus\/jaslo-uciekl-z-karetki-zdemolowal-autobus-i-radiowoz-w-jeden-wieczor\/","url":"https:\/\/transinfo.pl\/x\/infobus\/jaslo-uciekl-z-karetki-zdemolowal-autobus-i-radiowoz-w-jeden-wieczor\/","name":"Jas\u0142o: Uciek\u0142 z karetki, zdemolowa\u0142 autobus i radiow\u00f3z. W jeden wiecz\u00f3r \u00a0 - TransInfo Archiwum","isPartOf":{"@id":"https:\/\/transinfo.pl\/x\/#website"},"primaryImageOfPage":{"@id":"https:\/\/transinfo.pl\/x\/infobus\/jaslo-uciekl-z-karetki-zdemolowal-autobus-i-radiowoz-w-jeden-wieczor\/#primaryimage"},"image":{"@id":"https:\/\/transinfo.pl\/x\/infobus\/jaslo-uciekl-z-karetki-zdemolowal-autobus-i-radiowoz-w-jeden-wieczor\/#primaryimage"},"thumbnailUrl":"https:\/\/transinfo.pl\/x\/wp-content\/uploads\/2024\/03\/autobus-wandal-policja-1-1.jpg","datePublished":"2024-03-11T16:01:00+00:00","dateModified":"2024-03-11T16:01:00+00:00","breadcrumb":{"@id":"https:\/\/transinfo.pl\/x\/infobus\/jaslo-uciekl-z-karetki-zdemolowal-autobus-i-radiowoz-w-jeden-wieczor\/#breadcrumb"},"inLanguage":"pl-PL","potentialAction":[{"@type":"ReadAction","target":["https:\/\/transinfo.pl\/x\/infobus\/jaslo-uciekl-z-karetki-zdemolowal-autobus-i-radiowoz-w-jeden-wieczor\/"]}]},{"@type":"ImageObject","inLanguage":"pl-PL","@id":"https:\/\/transinfo.pl\/x\/infobus\/jaslo-uciekl-z-karetki-zdemolowal-autobus-i-radiowoz-w-jeden-wieczor\/#primaryimage","url":"https:\/\/transinfo.pl\/x\/wp-content\/uploads\/2024\/03\/autobus-wandal-policja-1-1.jpg","contentUrl":"https:\/\/transinfo.pl\/x\/wp-content\/uploads\/2024\/03\/autobus-wandal-policja-1-1.jpg"},{"@type":"BreadcrumbList","@id":"https:\/\/transinfo.pl\/x\/infobus\/jaslo-uciekl-z-karetki-zdemolowal-autobus-i-radiowoz-w-jeden-wieczor\/#breadcrumb","itemListElement":[{"@type":"ListItem","position":1,"name":"Home","item":"https:\/\/transinfo.pl\/x\/"},{"@type":"ListItem","position":2,"name":"Infobus","item":"https:\/\/transinfo.pl\/x\/infobus\/"},{"@type":"ListItem","position":3,"name":"Jas\u0142o: Uciek\u0142 z karetki, zdemolowa\u0142 autobus i radiow\u00f3z. W jeden wiecz\u00f3r \u00a0"}]},{"@type":"WebSite","@id":"https:\/\/transinfo.pl\/x\/#website","url":"https:\/\/transinfo.pl\/x\/","name":"TransInfo Archiwum","description":"Ca\u0142y transport w jednym miejscu","publisher":{"@id":"https:\/\/transinfo.pl\/x\/#organization"},"potentialAction":[{"@type":"SearchAction","target":{"@type":"EntryPoint","urlTemplate":"https:\/\/transinfo.pl\/x\/?s={search_term_string}"},"query-input":{"@type":"PropertyValueSpecification","valueRequired":true,"valueName":"search_term_string"}}],"inLanguage":"pl-PL"},{"@type":"Organization","@id":"https:\/\/transinfo.pl\/x\/#organization","name":"TransInfo","url":"https:\/\/transinfo.pl\/x\/","logo":{"@type":"ImageObject","inLanguage":"pl-PL","@id":"https:\/\/transinfo.pl\/x\/#\/schema\/logo\/image\/","url":"https:\/\/transinfo.pl\/x\/wp-content\/uploads\/2024\/10\/favicon.png","contentUrl":"https:\/\/transinfo.pl\/x\/wp-content\/uploads\/2024\/10\/favicon.png","width":512,"height":512,"caption":"TransInfo"},"image":{"@id":"https:\/\/transinfo.pl\/x\/#\/schema\/logo\/image\/"}}]}},"_links":{"self":[{"href":"https:\/\/transinfo.pl\/x\/wp-json\/wp\/v2\/infobus\/99950","targetHints":{"allow":["GET"]}}],"collection":[{"href":"https:\/\/transinfo.pl\/x\/wp-json\/wp\/v2\/infobus"}],"about":[{"href":"https:\/\/transinfo.pl\/x\/wp-json\/wp\/v2\/types\/infobus"}],"author":[{"embeddable":true,"href":"https:\/\/transinfo.pl\/x\/wp-json\/wp\/v2\/users\/2"}],"replies":[{"embeddable":true,"href":"https:\/\/transinfo.pl\/x\/wp-json\/wp\/v2\/comments?post=99950"}],"wp:featuredmedia":[{"embeddable":true,"href":"https:\/\/transinfo.pl\/x\/wp-json\/wp\/v2\/media\/99951"}],"wp:attachment":[{"href":"https:\/\/transinfo.pl\/x\/wp-json\/wp\/v2\/media?parent=99950"}],"wp:term":[{"taxonomy":"category","embeddable":true,"href":"https:\/\/transinfo.pl\/x\/wp-json\/wp\/v2\/categories?post=99950"},{"taxonomy":"post_tag","embeddable":true,"href":"https:\/\/transinfo.pl\/x\/wp-json\/wp\/v2\/tags?post=99950"}],"curies":[{"name":"wp","href":"https:\/\/api.w.org\/{rel}","templated":true}]}}