{"id":99707,"date":"2024-03-06T08:03:00","date_gmt":"2024-03-06T08:03:00","guid":{"rendered":"https:\/\/transinfo.pl\/x\/infobus\/polska-chce-zniesienia-niemieckich-kontroli-granicznych-korki-i-opoznienia-autokarow\/"},"modified":"2024-03-06T08:03:00","modified_gmt":"2024-03-06T08:03:00","slug":"polska-chce-zniesienia-niemieckich-kontroli-granicznych-korki-i-opoznienia-autokarow","status":"publish","type":"infobus","link":"https:\/\/transinfo.pl\/x\/infobus\/polska-chce-zniesienia-niemieckich-kontroli-granicznych-korki-i-opoznienia-autokarow\/","title":{"rendered":"Polska chce zniesienia niemieckich kontroli granicznych. Korki i op\u00f3\u017anienia autokar\u00f3w"},"content":{"rendered":"<style>h1,h2,h3,h4,h5,h6{margin:0 0 1.25rem;font-family:Arial,sans-serif;font-weight:600;color:#050505}h1{font-size:1.875rem;line-height:1.1em;text-transform:none}@media(min-width: 768px){h1{font-size:2.375rem}}h2{font-size:1.1875rem;line-height:1.2em;text-transform:uppercase}@media(min-width: 768px){h2{font-size:1.0625rem}}h3{font-size:0.9375rem;line-height:1.4em;font-weight:900;margin-bottom:0.9375rem}h4{font-size:0.875rem;line-height:1.2em;font-weight:500}h5{font-size:0.9375rem;line-height:1.6;font-weight:400}h6{font-size:0.9375rem;line-height:1.6;font-weight:600}\n<\/style>\n<h3 class=\"wp-block-heading\" id=\"h-niemcy-caly-czas-utrzymaja-kontrole-graniczne-ktore-zawezaja-glowne-szlaki-komunikacyjne-z-polski-do-jednego-pasa-z-ograniczeniem-predkosci-do-10-km-h\">Niemcy ca\u0142y czas utrzymaj\u0105 kontrole graniczne, kt\u00f3re zaw\u0119\u017caj\u0105 g\u0142\u00f3wne szlaki komunikacyjne z Polski do jednego pasa z ograniczeniem pr\u0119dko\u015bci do 10 km\/h. <\/h3>\n\n\n<style>p{margin:0 0 1.5rem}p:last-child{margin:0}p.is-style-uppercase{text-transform:uppercase}p.is-style-preheading{color:#12406a;text-transform:uppercase}p.is-style-leadparagraph{font-size:1rem;line-height:1.625;font-weight:700}@media(min-width: 768px){p.is-style-leadparagraph{font-size:1.125rem;line-height:1.5555555556}}p.has-small-margin{margin-bottom:0.625rem}p.has-small-margin+h1,p.has-small-margin+h2,p.has-small-margin+h3{margin-top:1.875rem}\n<\/style>\n<p>Podczas wzmo\u017conego ruchu rodzi to kroki i tym samym op\u00f3\u017anienie rejsowych autokar\u00f3w. Taki stan ma potrwa\u0107 a\u017c do 15 czerwca. Dlatego minister spraw wewn\u0119trznych i administracji Marcin Kierwi\u0144ski zadeklarowa\u0142 4 marca w Brukseli, \u017ce polski rz\u0105d b\u0119dzie przekonywa\u0142 w\u0142adze RFN do zniesienia kontroli na granicy polsko-niemieckie. Przypomnijmy, \u017ce w tym miesi\u0105cu Polska <a href=\"https:\/\/transinfo.pl\/infotrans\/koniec-kontroli-na-granicy-ze-slowacja-po-pieciu-miesiacach\/\">zrezygnowa\u0142a z kontroli na granicy ze S\u0142owacj\u0105. <\/a><\/p>\n\n\n\n<h2 class=\"wp-block-heading\" id=\"h-zniesc-kontrole\">Znie\u015b\u0107 kontrole! <\/h2>\n\n\n<style>.wp-block-quote{border-left:0.1875rem solid var(--page-color);font-size:1rem;font-style:italic;margin:0 0 1.6875rem;padding:1.25rem}.wp-block-quote cite{color:#050505}.wp-block-quote.is-style-large p{margin-bottom:10px}.wp-block-quote.is-style-large cite{color:#12406a}\n<\/style>\n<blockquote class=\"wp-block-quote is-layout-flow wp-block-quote-is-layout-flow\">\n<p>&#8222;B\u0119dziemy starali si\u0119 przekonywa\u0107 stron\u0119 niemieck\u0105 do zniesienia tych kontroli. One zosta\u0142y wprowadzone do 15 czerwca. Licz\u0119, \u017ce tak\u017ce dzi\u015b na spotkaniu bilateralnym z pani\u0105 minister niemieck\u0105 (Nancy Faeser) b\u0119dziemy mieli okazj\u0119 o tym porozmawia\u0107&#8221; &#8211; podkre\u015bli\u0142 Kierwi\u0144ski.<\/p>\n<\/blockquote>\n\n\n\n<p>Niemieckie MSW wprowadzi\u0142o stacjonarne kontrole na granicach z Polsk\u0105, Czechami i Szwajcari\u0105 16 pa\u017adziernika 2023 roku i od tamtego czasu kilkakrotnie je przed\u0142u\u017ca\u0142o. Ich celem &#8211; jak podkre\u015bla niemiecki resort spraw wewn\u0119trznych &#8211; jest walka z przemytnikami ludzi i z nielegaln\u0105 imigracj\u0105.<\/p>\n\n\n<style>.wp-block-image{margin:1.25rem 0;text-align:center}.wp-block-image figcaption{padding:0 0.9375rem;text-align:center}\n<\/style>\n<figure class=\"wp-block-image size-full\"><a href=\"https:\/\/transinfo.pl\/wp-content\/uploads\/2024\/03\/granica-niemcy.jpg\"><img decoding=\"async\" src=\"https:\/\/transinfo.pl\/wp-content\/uploads\/2024\/03\/granica-niemcy.jpg\" alt=\"Kontrole z na granicy z Polsk\u0105 doprowadzaj\u0105 do kork\u00f3w na autostradach.\" class=\"wp-image-466363\" \/><\/a><figcaption class=\"wp-element-caption\">Kontrole z na granicy z Polsk\u0105 doprowadzaj\u0105 do kork\u00f3w na autostradach \/ fot. AFP<\/figcaption><\/figure>\n","protected":false},"author":2,"featured_media":99708,"comment_status":"","ping_status":"closed","template":"","categories":[24],"tags":[167,2244,244,374],"class_list":["post-99707","infobus","type-infobus","status-publish","has-post-thumbnail","hentry","category-prawo","tag-autobus","tag-autokar","tag-granica","tag-niemcy"],"acf":[],"yoast_head":"<!-- This site is optimized with the Yoast SEO Premium plugin v21.8 (Yoast SEO v23.7) - https:\/\/yoast.com\/wordpress\/plugins\/seo\/ -->\n<title>Polska chce zniesienia niemieckich kontroli granicznych. Korki i op\u00f3\u017anienia autokar\u00f3w - TransInfo Archiwum<\/title>\n<meta name=\"description\" content=\"Niemcy ca\u0142y czas utrzymaj\u0105 kontrole graniczne, kt\u00f3re zaw\u0119\u017caj\u0105 g\u0142\u00f3wne szlaki komunikacyjne z Polski do jednego pasa.\" \/>\n<meta name=\"robots\" content=\"index, follow, max-snippet:-1, max-image-preview:large, max-video-preview:-1\" \/>\n<link rel=\"canonical\" href=\"https:\/\/transinfo.pl\/x\/infobus\/polska-chce-zniesienia-niemieckich-kontroli-granicznych-korki-i-opoznienia-autokarow\/\" \/>\n<meta property=\"og:locale\" content=\"pl_PL\" \/>\n<meta property=\"og:type\" content=\"article\" \/>\n<meta property=\"og:title\" content=\"Polska chce zniesienia niemieckich kontroli granicznych. Korki i op\u00f3\u017anienia autokar\u00f3w\" \/>\n<meta property=\"og:description\" content=\"Niemcy ca\u0142y czas utrzymaj\u0105 kontrole graniczne, kt\u00f3re zaw\u0119\u017caj\u0105 g\u0142\u00f3wne szlaki komunikacyjne z Polski do jednego pasa.\" \/>\n<meta property=\"og:url\" content=\"https:\/\/transinfo.pl\/x\/infobus\/polska-chce-zniesienia-niemieckich-kontroli-granicznych-korki-i-opoznienia-autokarow\/\" \/>\n<meta property=\"og:site_name\" content=\"TransInfo Archiwum\" \/>\n<meta property=\"og:image\" content=\"https:\/\/transinfo.pl\/x\/wp-content\/uploads\/2024\/03\/20240305_101339-01_resized_1.jpeg\" \/>\n\t<meta property=\"og:image:width\" content=\"1\" \/>\n\t<meta property=\"og:image:height\" content=\"1\" \/>\n\t<meta property=\"og:image:type\" content=\"image\/jpeg\" \/>\n<meta name=\"twitter:card\" content=\"summary_large_image\" \/>\n<meta name=\"twitter:label1\" content=\"Szacowany czas czytania\" \/>\n\t<meta name=\"twitter:data1\" content=\"1 minuta\" \/>\n<script type=\"application\/ld+json\" class=\"yoast-schema-graph\">{\"@context\":\"https:\/\/schema.org\",\"@graph\":[{\"@type\":\"WebPage\",\"@id\":\"https:\/\/transinfo.pl\/x\/infobus\/polska-chce-zniesienia-niemieckich-kontroli-granicznych-korki-i-opoznienia-autokarow\/\",\"url\":\"https:\/\/transinfo.pl\/x\/infobus\/polska-chce-zniesienia-niemieckich-kontroli-granicznych-korki-i-opoznienia-autokarow\/\",\"name\":\"Polska chce zniesienia niemieckich kontroli granicznych. Korki i op\u00f3\u017anienia autokar\u00f3w - TransInfo Archiwum\",\"isPartOf\":{\"@id\":\"https:\/\/transinfo.pl\/x\/#website\"},\"primaryImageOfPage\":{\"@id\":\"https:\/\/transinfo.pl\/x\/infobus\/polska-chce-zniesienia-niemieckich-kontroli-granicznych-korki-i-opoznienia-autokarow\/#primaryimage\"},\"image\":{\"@id\":\"https:\/\/transinfo.pl\/x\/infobus\/polska-chce-zniesienia-niemieckich-kontroli-granicznych-korki-i-opoznienia-autokarow\/#primaryimage\"},\"thumbnailUrl\":\"https:\/\/transinfo.pl\/x\/wp-content\/uploads\/2024\/03\/20240305_101339-01_resized_1.jpeg\",\"datePublished\":\"2024-03-06T08:03:00+00:00\",\"dateModified\":\"2024-03-06T08:03:00+00:00\",\"description\":\"Niemcy ca\u0142y czas utrzymaj\u0105 kontrole graniczne, kt\u00f3re zaw\u0119\u017caj\u0105 g\u0142\u00f3wne szlaki komunikacyjne z Polski do jednego pasa.\",\"breadcrumb\":{\"@id\":\"https:\/\/transinfo.pl\/x\/infobus\/polska-chce-zniesienia-niemieckich-kontroli-granicznych-korki-i-opoznienia-autokarow\/#breadcrumb\"},\"inLanguage\":\"pl-PL\",\"potentialAction\":[{\"@type\":\"ReadAction\",\"target\":[\"https:\/\/transinfo.pl\/x\/infobus\/polska-chce-zniesienia-niemieckich-kontroli-granicznych-korki-i-opoznienia-autokarow\/\"]}]},{\"@type\":\"ImageObject\",\"inLanguage\":\"pl-PL\",\"@id\":\"https:\/\/transinfo.pl\/x\/infobus\/polska-chce-zniesienia-niemieckich-kontroli-granicznych-korki-i-opoznienia-autokarow\/#primaryimage\",\"url\":\"https:\/\/transinfo.pl\/x\/wp-content\/uploads\/2024\/03\/20240305_101339-01_resized_1.jpeg\",\"contentUrl\":\"https:\/\/transinfo.pl\/x\/wp-content\/uploads\/2024\/03\/20240305_101339-01_resized_1.jpeg\"},{\"@type\":\"BreadcrumbList\",\"@id\":\"https:\/\/transinfo.pl\/x\/infobus\/polska-chce-zniesienia-niemieckich-kontroli-granicznych-korki-i-opoznienia-autokarow\/#breadcrumb\",\"itemListElement\":[{\"@type\":\"ListItem\",\"position\":1,\"name\":\"Home\",\"item\":\"https:\/\/transinfo.pl\/x\/\"},{\"@type\":\"ListItem\",\"position\":2,\"name\":\"Infobus\",\"item\":\"https:\/\/transinfo.pl\/x\/infobus\/\"},{\"@type\":\"ListItem\",\"position\":3,\"name\":\"Polska chce zniesienia niemieckich kontroli granicznych. Korki i op\u00f3\u017anienia autokar\u00f3w\"}]},{\"@type\":\"WebSite\",\"@id\":\"https:\/\/transinfo.pl\/x\/#website\",\"url\":\"https:\/\/transinfo.pl\/x\/\",\"name\":\"TransInfo Archiwum\",\"description\":\"Ca\u0142y transport w jednym miejscu\",\"publisher\":{\"@id\":\"https:\/\/transinfo.pl\/x\/#organization\"},\"potentialAction\":[{\"@type\":\"SearchAction\",\"target\":{\"@type\":\"EntryPoint\",\"urlTemplate\":\"https:\/\/transinfo.pl\/x\/?s={search_term_string}\"},\"query-input\":{\"@type\":\"PropertyValueSpecification\",\"valueRequired\":true,\"valueName\":\"search_term_string\"}}],\"inLanguage\":\"pl-PL\"},{\"@type\":\"Organization\",\"@id\":\"https:\/\/transinfo.pl\/x\/#organization\",\"name\":\"TransInfo\",\"url\":\"https:\/\/transinfo.pl\/x\/\",\"logo\":{\"@type\":\"ImageObject\",\"inLanguage\":\"pl-PL\",\"@id\":\"https:\/\/transinfo.pl\/x\/#\/schema\/logo\/image\/\",\"url\":\"https:\/\/transinfo.pl\/x\/wp-content\/uploads\/2024\/10\/favicon.png\",\"contentUrl\":\"https:\/\/transinfo.pl\/x\/wp-content\/uploads\/2024\/10\/favicon.png\",\"width\":512,\"height\":512,\"caption\":\"TransInfo\"},\"image\":{\"@id\":\"https:\/\/transinfo.pl\/x\/#\/schema\/logo\/image\/\"}}]}<\/script>\n<!-- \/ Yoast SEO Premium plugin. -->","yoast_head_json":{"title":"Polska chce zniesienia niemieckich kontroli granicznych. Korki i op\u00f3\u017anienia autokar\u00f3w - TransInfo Archiwum","description":"Niemcy ca\u0142y czas utrzymaj\u0105 kontrole graniczne, kt\u00f3re zaw\u0119\u017caj\u0105 g\u0142\u00f3wne szlaki komunikacyjne z Polski do jednego pasa.","robots":{"index":"index","follow":"follow","max-snippet":"max-snippet:-1","max-image-preview":"max-image-preview:large","max-video-preview":"max-video-preview:-1"},"canonical":"https:\/\/transinfo.pl\/x\/infobus\/polska-chce-zniesienia-niemieckich-kontroli-granicznych-korki-i-opoznienia-autokarow\/","og_locale":"pl_PL","og_type":"article","og_title":"Polska chce zniesienia niemieckich kontroli granicznych. Korki i op\u00f3\u017anienia autokar\u00f3w","og_description":"Niemcy ca\u0142y czas utrzymaj\u0105 kontrole graniczne, kt\u00f3re zaw\u0119\u017caj\u0105 g\u0142\u00f3wne szlaki komunikacyjne z Polski do jednego pasa.","og_url":"https:\/\/transinfo.pl\/x\/infobus\/polska-chce-zniesienia-niemieckich-kontroli-granicznych-korki-i-opoznienia-autokarow\/","og_site_name":"TransInfo Archiwum","og_image":[{"url":"https:\/\/transinfo.pl\/x\/wp-content\/uploads\/2024\/03\/20240305_101339-01_resized_1.jpeg","width":1,"height":1,"type":"image\/jpeg"}],"twitter_card":"summary_large_image","twitter_misc":{"Szacowany czas czytania":"1 minuta"},"schema":{"@context":"https:\/\/schema.org","@graph":[{"@type":"WebPage","@id":"https:\/\/transinfo.pl\/x\/infobus\/polska-chce-zniesienia-niemieckich-kontroli-granicznych-korki-i-opoznienia-autokarow\/","url":"https:\/\/transinfo.pl\/x\/infobus\/polska-chce-zniesienia-niemieckich-kontroli-granicznych-korki-i-opoznienia-autokarow\/","name":"Polska chce zniesienia niemieckich kontroli granicznych. Korki i op\u00f3\u017anienia autokar\u00f3w - TransInfo Archiwum","isPartOf":{"@id":"https:\/\/transinfo.pl\/x\/#website"},"primaryImageOfPage":{"@id":"https:\/\/transinfo.pl\/x\/infobus\/polska-chce-zniesienia-niemieckich-kontroli-granicznych-korki-i-opoznienia-autokarow\/#primaryimage"},"image":{"@id":"https:\/\/transinfo.pl\/x\/infobus\/polska-chce-zniesienia-niemieckich-kontroli-granicznych-korki-i-opoznienia-autokarow\/#primaryimage"},"thumbnailUrl":"https:\/\/transinfo.pl\/x\/wp-content\/uploads\/2024\/03\/20240305_101339-01_resized_1.jpeg","datePublished":"2024-03-06T08:03:00+00:00","dateModified":"2024-03-06T08:03:00+00:00","description":"Niemcy ca\u0142y czas utrzymaj\u0105 kontrole graniczne, kt\u00f3re zaw\u0119\u017caj\u0105 g\u0142\u00f3wne szlaki komunikacyjne z Polski do jednego pasa.","breadcrumb":{"@id":"https:\/\/transinfo.pl\/x\/infobus\/polska-chce-zniesienia-niemieckich-kontroli-granicznych-korki-i-opoznienia-autokarow\/#breadcrumb"},"inLanguage":"pl-PL","potentialAction":[{"@type":"ReadAction","target":["https:\/\/transinfo.pl\/x\/infobus\/polska-chce-zniesienia-niemieckich-kontroli-granicznych-korki-i-opoznienia-autokarow\/"]}]},{"@type":"ImageObject","inLanguage":"pl-PL","@id":"https:\/\/transinfo.pl\/x\/infobus\/polska-chce-zniesienia-niemieckich-kontroli-granicznych-korki-i-opoznienia-autokarow\/#primaryimage","url":"https:\/\/transinfo.pl\/x\/wp-content\/uploads\/2024\/03\/20240305_101339-01_resized_1.jpeg","contentUrl":"https:\/\/transinfo.pl\/x\/wp-content\/uploads\/2024\/03\/20240305_101339-01_resized_1.jpeg"},{"@type":"BreadcrumbList","@id":"https:\/\/transinfo.pl\/x\/infobus\/polska-chce-zniesienia-niemieckich-kontroli-granicznych-korki-i-opoznienia-autokarow\/#breadcrumb","itemListElement":[{"@type":"ListItem","position":1,"name":"Home","item":"https:\/\/transinfo.pl\/x\/"},{"@type":"ListItem","position":2,"name":"Infobus","item":"https:\/\/transinfo.pl\/x\/infobus\/"},{"@type":"ListItem","position":3,"name":"Polska chce zniesienia niemieckich kontroli granicznych. Korki i op\u00f3\u017anienia autokar\u00f3w"}]},{"@type":"WebSite","@id":"https:\/\/transinfo.pl\/x\/#website","url":"https:\/\/transinfo.pl\/x\/","name":"TransInfo Archiwum","description":"Ca\u0142y transport w jednym miejscu","publisher":{"@id":"https:\/\/transinfo.pl\/x\/#organization"},"potentialAction":[{"@type":"SearchAction","target":{"@type":"EntryPoint","urlTemplate":"https:\/\/transinfo.pl\/x\/?s={search_term_string}"},"query-input":{"@type":"PropertyValueSpecification","valueRequired":true,"valueName":"search_term_string"}}],"inLanguage":"pl-PL"},{"@type":"Organization","@id":"https:\/\/transinfo.pl\/x\/#organization","name":"TransInfo","url":"https:\/\/transinfo.pl\/x\/","logo":{"@type":"ImageObject","inLanguage":"pl-PL","@id":"https:\/\/transinfo.pl\/x\/#\/schema\/logo\/image\/","url":"https:\/\/transinfo.pl\/x\/wp-content\/uploads\/2024\/10\/favicon.png","contentUrl":"https:\/\/transinfo.pl\/x\/wp-content\/uploads\/2024\/10\/favicon.png","width":512,"height":512,"caption":"TransInfo"},"image":{"@id":"https:\/\/transinfo.pl\/x\/#\/schema\/logo\/image\/"}}]}},"_links":{"self":[{"href":"https:\/\/transinfo.pl\/x\/wp-json\/wp\/v2\/infobus\/99707","targetHints":{"allow":["GET"]}}],"collection":[{"href":"https:\/\/transinfo.pl\/x\/wp-json\/wp\/v2\/infobus"}],"about":[{"href":"https:\/\/transinfo.pl\/x\/wp-json\/wp\/v2\/types\/infobus"}],"author":[{"embeddable":true,"href":"https:\/\/transinfo.pl\/x\/wp-json\/wp\/v2\/users\/2"}],"replies":[{"embeddable":true,"href":"https:\/\/transinfo.pl\/x\/wp-json\/wp\/v2\/comments?post=99707"}],"wp:featuredmedia":[{"embeddable":true,"href":"https:\/\/transinfo.pl\/x\/wp-json\/wp\/v2\/media\/99708"}],"wp:attachment":[{"href":"https:\/\/transinfo.pl\/x\/wp-json\/wp\/v2\/media?parent=99707"}],"wp:term":[{"taxonomy":"category","embeddable":true,"href":"https:\/\/transinfo.pl\/x\/wp-json\/wp\/v2\/categories?post=99707"},{"taxonomy":"post_tag","embeddable":true,"href":"https:\/\/transinfo.pl\/x\/wp-json\/wp\/v2\/tags?post=99707"}],"curies":[{"name":"wp","href":"https:\/\/api.w.org\/{rel}","templated":true}]}}