{"id":99629,"date":"2024-03-02T16:00:00","date_gmt":"2024-03-02T16:00:00","guid":{"rendered":"https:\/\/transinfo.pl\/x\/infobus\/byly-szef-gitd-broni-przetargu-canard-stawiane-zarzuty-sa-bezpodstawne\/"},"modified":"2024-03-02T16:00:00","modified_gmt":"2024-03-02T16:00:00","slug":"byly-szef-gitd-broni-przetargu-canard-stawiane-zarzuty-sa-bezpodstawne","status":"publish","type":"infobus","link":"https:\/\/transinfo.pl\/x\/infobus\/byly-szef-gitd-broni-przetargu-canard-stawiane-zarzuty-sa-bezpodstawne\/","title":{"rendered":"By\u0142y szef GITD broni przetargu CANARD. Stawiane zarzuty s\u0105 bezpodstawne?"},"content":{"rendered":"<style>h1,h2,h3,h4,h5,h6{margin:0 0 1.25rem;font-family:Arial,sans-serif;font-weight:600;color:#050505}h1{font-size:1.875rem;line-height:1.1em;text-transform:none}@media(min-width: 768px){h1{font-size:2.375rem}}h2{font-size:1.1875rem;line-height:1.2em;text-transform:uppercase}@media(min-width: 768px){h2{font-size:1.0625rem}}h3{font-size:0.9375rem;line-height:1.4em;font-weight:900;margin-bottom:0.9375rem}h4{font-size:0.875rem;line-height:1.2em;font-weight:500}h5{font-size:0.9375rem;line-height:1.6;font-weight:400}h6{font-size:0.9375rem;line-height:1.6;font-weight:600}\n<\/style>\n<h3 class=\"wp-block-heading\" id=\"h-byly-szef-gitd-alvin-gajadhur-odniosl-sie-do-zarzutow-dotyczacych-nieprawidlowosci-przy-przetargu-na-zakup-33-pojazdow-dla-canard\">By\u0142y szef GITD Alvin Gajadhur odni\u00f3s\u0142 si\u0119 do zarzut\u00f3w dotycz\u0105cych nieprawid\u0142owo\u015bci przy przetargu na zakup 33 pojazd\u00f3w dla CANARD<\/h3>\n\n\n<style>p{margin:0 0 1.5rem}p:last-child{margin:0}p.is-style-uppercase{text-transform:uppercase}p.is-style-preheading{color:#12406a;text-transform:uppercase}p.is-style-leadparagraph{font-size:1rem;line-height:1.625;font-weight:700}@media(min-width: 768px){p.is-style-leadparagraph{font-size:1.125rem;line-height:1.5555555556}}p.has-small-margin{margin-bottom:0.625rem}p.has-small-margin+h1,p.has-small-margin+h2,p.has-small-margin+h3{margin-top:1.875rem}\n<\/style>\n<p>Gajadhur zapewni\u0142, \u017ce wszystkie zakupy by\u0142y realizowane przy stosowaniu procedur przetargowych i wygra\u0142a najkorzystniejsza oferta. Z kolei nowy G\u0142\u00f3wny Inspektor Transportu Drogowego, Artur Czapiewski z\u0142o\u017cy\u0142 16 lutego zawiadomienia w tej sprawie do prokuratury.<\/p>\n\n\n\n<h2 class=\"wp-block-heading\" id=\"h-roznica-w-podejsciu\">R\u00f3\u017cnica w podej\u015bciu <\/h2>\n\n\n\n<p>Chodzi o zawiadomienie z\u0142o\u017cone do prokuratury w sprawie przetargu na zakup 33 samochod\u00f3w bmw. G\u0142\u00f3wny Inspektor Transportu Drogowego Artur Czapiewski poinformowa\u0142 o &#8222;uzasadnionym podejrzeniu pope\u0142nienia przest\u0119pstwa&#8221;, kt\u00f3re mia\u0142o polega\u0107 na &#8222;celowym wydatkowaniu \u015brodk\u00f3w publicznych&#8221; i &#8222;dzia\u0142aniu na szkod\u0119 interesu publicznego na skutek decyzji niewystarczaj\u0105cego nadzoru sprawowanego przez GITD&#8221;.<\/p>\n\n\n\n<p>Do sprawy odni\u00f3s\u0142 si\u0119 w rozmowie z PAP by\u0142y szef GITD Alvin Gajadhur, kt\u00f3ry podkre\u015bli\u0142, \u017ce s\u0105 to &#8222;bezpodstawne i absurdalne zarzuty&#8221;. &#8222;Wszystkie zakupy by\u0142y realizowane przy zastosowaniu publicznych procedur przetargowych, czyli je\u017celi jest prowadzony przetarg, to wygrywa najkorzystniejsza oferta. To jest projekt w 85 procentach wsp\u00f3\u0142finansowany z funduszy Unii Europejskiej. Zadanie dotycz\u0105ce zakupu tego typu pojazd\u00f3w zosta\u0142o okre\u015blone w studium wykonalno\u015bci, kt\u00f3re powsta\u0142o w latach 2017-2018. GITD mia\u0142 czas na zrealizowanie tego projektu i dokonanie wszystkich p\u0142atno\u015bci do ko\u0144ca 2023 roku&#8221; &#8211; zaznaczy\u0142 Gajadhur.<\/p>\n\n\n\n<p>Podkre\u015bli\u0142, \u017ce nadz\u00f3r nad wszystkimi post\u0119powaniami sprawowa\u0142o Centrum Unijnych Projekt\u00f3w Transportowych, jak i Ministerstwo Funduszy. &#8222;Na wszystkie zakupy mieli\u015bmy zgod\u0119, na organizowanie przetarg\u00f3w z takim wyposa\u017ceniem samochod\u00f3w&#8221; &#8211; zapewni\u0142 Gajadhur.<\/p>\n\n\n\n<p>Przypomnia\u0142, \u017ce CANARD zajmuje si\u0119 przede wszystkim kontrolami pr\u0119dko\u015bci. &#8222;To s\u0105 fotoradary, urz\u0105dzenia do odcinkowego pomiaru pr\u0119dko\u015bci, ale r\u00f3wnie\u017c to s\u0105 samochody z wideorejestratorami, kt\u00f3re s\u0142u\u017c\u0105 do nagrywania pirat\u00f3w drogowych&#8221; &#8211; wyja\u015bni\u0142.<\/p>\n\n\n\n<p>Doda\u0142, \u017ce samochody Opel Insignia do \u015bcigania pirat\u00f3w drogowych zosta\u0142y zakupione przez jego poprzednika w 2012 roku.<\/p>\n\n\n\n<p>Zwr\u00f3ci\u0142 te\u017c uwag\u0119, \u017ce do tej pory inspektorzy u\u017cywali starego sprz\u0119tu. &#8222;Te samochody si\u0119 psu\u0142y. By\u0142y w nich zamontowane przestarza\u0142e urz\u0105dzenia rejestruj\u0105ce typu AD9C, do kt\u00f3rych nie ma cz\u0119\u015bci zamiennych, a koszty napraw s\u0105 bardzo wysokie. S\u0105 te\u017c ma\u0142o bezpieczne dla inspektor\u00f3w, dlatego te pojazdy zosta\u0142y cz\u0119\u015bciowo wycofane&#8221; &#8211; podkre\u015bli\u0142 by\u0142y szef GITD.<\/p>\n\n\n\n<p>Wyja\u015bni\u0142 r\u00f3wnie\u017c, \u017ce og\u0142oszono dwa przetargi. W jednym zg\u0142osi\u0142 si\u0119 diler skody i bmw. &#8222;BMW by\u0142o ta\u0144sze. W drugim zg\u0142osi\u0142 si\u0119 tylko diler BMW, wi\u0119c ja tutaj nie wiem, gdzie obecny pe\u0142ni\u0105cy obowi\u0105zki G\u0142\u00f3wny Inspektor Transportu Drogowego widzi nieprawid\u0142owo\u015bci. Wszystko by\u0142o kontrolowane&#8221; &#8211; doda\u0142.<\/p>\n\n\n<style>.wp-block-image{margin:1.25rem 0;text-align:center}.wp-block-image figcaption{padding:0 0.9375rem;text-align:center}\n<\/style>\n<figure class=\"wp-block-image aligncenter size-large\"><img decoding=\"async\" src=\"https:\/\/transinfo.pl\/wp-content\/uploads\/2024\/03\/autobus-itd-prokuratura-2-1024x683.jpg\" alt=\"By\u0142y szef GITD Alvin Gajadhur odni\u00f3s\u0142 si\u0119 do zarzut\u00f3w dotycz\u0105cych nieprawid\u0142owo\u015bci przy przetargu na zakup 33 pojazd\u00f3w dla CANARD\" class=\"wp-image-466012\" \/><figcaption class=\"wp-element-caption\">By\u0142y szef GITD o nieprawid\u0142owo\u015bciach przy przetargu dla CANARD: stawiane zarzuty s\u0105 bezpodstawne<\/figcaption><\/figure>\n\n\n\n<h2 class=\"wp-block-heading\" id=\"h-samochody-poscigowe\"> samochody po\u015bcigowe<\/h2>\n\n\n\n<p>Zaznaczy\u0142, \u017ce najwa\u017cniejsz\u0105 rzecz\u0105 jest zapewnienie bezpiecze\u0144stwa inspektorom oraz, \u017ceby zakupione pojazdy mog\u0142y by\u0107 w efektywny spos\u00f3b wykorzystywane do patrolowania najbardziej niebezpiecznych miejsc.<\/p>\n\n\n<style>.wp-block-quote{border-left:0.1875rem solid var(--page-color);font-size:1rem;font-style:italic;margin:0 0 1.6875rem;padding:1.25rem}.wp-block-quote cite{color:#050505}.wp-block-quote.is-style-large p{margin-bottom:10px}.wp-block-quote.is-style-large cite{color:#12406a}\n<\/style>\n<blockquote class=\"wp-block-quote is-layout-flow wp-block-quote-is-layout-flow\">\n<p>&#8222;11 pojazd\u00f3w zosta\u0142o od razu wyposa\u017conych w wideorejstratory. 22 aut nie mogli\u015bmy zam\u00f3wi\u0107 z wideorejestratorami i zam\u00f3wili\u015bmy je z r\u0119cznymi miernikami. W chwili og\u0142oszenia przetargu wideorejestratory nie posiada\u0142y decyzji zatwierdzenia typu wydanej przez G\u0142\u00f3wny Urz\u0105d Miar. Natomiast ca\u0142e okablowanie, ca\u0142y osprz\u0119t i zabudowa do wideorejestrator\u00f3w jest w tych samochodach. Zabezpieczyli\u015bmy te\u017c \u015brodki, \u017ceby takie urz\u0105dzenia mog\u0142y zosta\u0107 zakupione w tym roku&#8221; &#8211; zapewni\u0142 Gajadhur.<\/p>\n<\/blockquote>\n\n\n\n<p>Podkre\u015bli\u0142, \u017ce to s\u0105 samochody po\u015bcigowe, u\u017cywane do patrolowania niebezpiecznych miejsc i \u015bcigania pirat\u00f3w drogowych. &#8222;Niejednokrotnie mieli\u015bmy przypadki, \u017ce kto\u015b jedzie bardzo szybko np. 180 km\/h. Czym taki pirat ma by\u0107 goniony? Czy inspektorzy, widz\u0105c takiego pirata drogowego, powinni mu odpu\u015bci\u0107? W mojej ocenie musz\u0105 takiego pirata zatrzyma\u0107, by nie doprowadzi\u0142 do tragedii na drodze. Takie samochody po\u015bcigowe powinny by\u0107 na wyposa\u017ceniu ITD. Inspektor musi mie\u0107 samoch\u00f3d bezpieczny dla siebie i mie\u0107 czym patrolowa\u0107 niebezpieczne miejsca&#8221; &#8211; podkre\u015bli\u0142 by\u0142y szef GITD.<\/p>\n\n\n\n<p>Doda\u0142, \u017ce jako Inspekcja mieli kilka tysi\u0119cy pr\u00f3\u015bb o monta\u017c r\u00f3\u017cnych urz\u0105dze\u0144, jak r\u00f3wnie\u017c o patrolowanie niebezpiecznych miejsc. &#8222;Takie samochody s\u0105 wykorzystywane tam, gdzie nie mo\u017cna postawi\u0107 fotoradaru&#8221; &#8211; stwierdzi\u0142 Gajadhur.<\/p>\n\n\n\n<blockquote class=\"wp-block-quote is-layout-flow wp-block-quote-is-layout-flow\">\n<p>&#8222;Sugeruj\u0119 obecnemu Ministrowi Infrastruktury, panu Dariuszowi Klimczakowi, kt\u00f3ry na korytarzu w Sejmie wykrzykiwa\u0142 do mnie, \u017ce Inspekcja Transportu Drogowego kontroluje wy\u0142\u0105cznie ci\u0119\u017car\u00f3wki, \u017ceby zag\u0142\u0119bi\u0142 si\u0119 nieco w przepisy prawa. Wtedy dowie si\u0119, \u017ce inspektorzy w GITD od wielu lat, w ramach obs\u0142ugi systemu automatycznego nadzoru nad ruchem drogowym, r\u00f3wnie\u017c zatrzymuj\u0105 pirat\u00f3w drogowych poruszaj\u0105cych si\u0119 samochodami osobowymi. Do ich zatrzymywania za\u015b potrzebne s\u0105 pojazdy wyposa\u017cone w wideorejestratory. Minister po ponad 2 miesi\u0105cach urz\u0119dowania powinien pozna\u0107 zadania podleg\u0142ego mu Urz\u0119du Centralnego, albo dopyta\u0107 obecnego p.o. G\u0142\u00f3wnego Inspektora Transportu Drogowego&#8221; &#8211; podsumowa\u0142 Alvin Gajadhur.<\/p>\n<\/blockquote>\n\n\n\n<figure class=\"wp-block-image size-large\"><a href=\"https:\/\/transinfo.pl\/wp-content\/uploads\/2024\/03\/autobus-itd-prokuratura-1.jpg\"><img decoding=\"async\" src=\"https:\/\/transinfo.pl\/wp-content\/uploads\/2024\/03\/autobus-itd-prokuratura-1-1024x683.jpg\" alt=\"By\u0142y szef GITD Alvin Gajadhur odni\u00f3s\u0142 si\u0119 do zarzut\u00f3w dotycz\u0105cych nieprawid\u0142owo\u015bci przy przetargu na zakup 33 pojazd\u00f3w dla CANARD\" class=\"wp-image-466014\" \/><\/a><figcaption class=\"wp-element-caption\">By\u0142y szef GITD o nieprawid\u0142owo\u015bciach przy przetargu dla CANARD: stawiane zarzuty s\u0105 bezpodstawne<\/figcaption><\/figure>\n\n\n\n<h2 class=\"wp-block-heading\" id=\"h-nadzor-nad-ruchem-drogowym\">Nadz\u00f3r nad Ruchem Drogowym <\/h2>\n\n\n\n<p>Jak wyja\u015bni\u0142 G\u0142\u00f3wny Inspektor Transportu Drogowego Artur Czapiewski, kt\u00f3ry 16 lutego poinformowa\u0142 o z\u0142o\u017ceniu zawiadomienia do prokuratury, chodzi o projekt, kt\u00f3ry polega\u0142 na rozbudowie i modernizacji systemu Centrum Automatycznego Nadzoru nad Ruchem Drogowym (CANARD), a kt\u00f3ry jest wsp\u00f3\u0142finasowany ze \u015brodk\u00f3w UE oraz bud\u017cetu pa\u0144stwa.<\/p>\n\n\n\n<p>Projekt ma podnie\u015b\u0107 skuteczno\u015b\u0107 eliminowania niebezpiecznych zachowa\u0144 kierowc\u00f3w, kt\u00f3rzy przekraczaj\u0105 pr\u0119dko\u015b\u0107, nie respektuj\u0105 sygnalizacji \u015bwietlnej na skrzy\u017cowaniach oraz ogranicze\u0144 pr\u0119dko\u015bci na odcinkach, gdzie nie s\u0105 montowane urz\u0105dzenia do pomiaru pr\u0119dko\u015bci.<\/p>\n\n\n\n<p>Czapiewski podkre\u015bli\u0142, \u017ce w jego ramach zakupiono 33 samochody w dw\u00f3ch post\u0119powaniach, a na zrealizowanie obydwu post\u0119powa\u0144 poniesiono wydatek oko\u0142o 12 milion\u00f3w z\u0142otych ze \u015brodk\u00f3w publicznych.<\/p>\n\n\n\n<blockquote class=\"wp-block-quote is-layout-flow wp-block-quote-is-layout-flow\">\n<p>&#8222;Po analizie dokument\u00f3w, kt\u00f3re dotyczy\u0142y post\u0119powa\u0144 odnosz\u0105cych si\u0119 do tych pojazd\u00f3w, doszli\u015bmy do wniosku, \u017ce czas tego post\u0119powania przetargowego trwa\u0142 prawie dwa lata od momentu og\u0142oszenia przetargu do momentu sfinalizowania zakupu&#8221; &#8211; poinformowa\u0142 Czapiewski.<\/p>\n<\/blockquote>\n\n\n\n<p>Doda\u0142, \u017ce s\u0105 to pojazdy &#8222;przewy\u017cszaj\u0105ce wymagania&#8221; i cele w CANARD. &#8222;Cele te spe\u0142niono by r\u00f3wnie\u017c kupuj\u0105c pojazdy ta\u0144sze&#8221; &#8211; zaznaczy\u0142 G\u0142\u00f3wny Inspektor Transportu Drogowego.<\/p>\n\n\n\n<blockquote class=\"wp-block-quote is-layout-flow wp-block-quote-is-layout-flow\">\n<p>&#8222;Mamy wszelkie podstawy by podejrzewa\u0107, \u017ce w CANARD dosz\u0142o do niegospodarno\u015bci przy realizacji tych obu zam\u00f3wie\u0144. Rozbudowa Systemu Automatycznego Nadzoru Ruchem mia\u0142a zwi\u0119kszy\u0107 skuteczno\u015b\u0107 i efektywno\u015b\u0107 prowadzonych kontroli. Tymczasem decyzja o zakupie tych 33 nowych samochod\u00f3w z miernikami pr\u0119dko\u015bci budzi w\u0105tpliwo\u015bci co do celowo\u015bci i zasadno\u015bci wydatkowania \u015brodk\u00f3w publicznych&#8221; &#8211; orzek\u0142 Czapiewski.<\/p>\n<\/blockquote>\n\n\n\n<p>Spraw\u0105 zaj\u0119\u0142a si\u0119 Prokuratura Okr\u0119gowa w Warszawie, kt\u00f3ra poinformowa\u0142a, \u017ce trwaj\u0105 czynno\u015bci sprawdzaj\u0105ce. (PAP)<\/p>\n","protected":false},"author":2,"featured_media":99630,"comment_status":"","ping_status":"closed","template":"","categories":[24],"tags":[167,2228,336,1534],"class_list":["post-99629","infobus","type-infobus","status-publish","has-post-thumbnail","hentry","category-prawo","tag-autobus","tag-itd","tag-kontrola","tag-prokuratura"],"acf":[],"yoast_head":"<!-- This site is optimized with the Yoast SEO Premium plugin v21.8 (Yoast SEO v23.7) - https:\/\/yoast.com\/wordpress\/plugins\/seo\/ -->\n<title>By\u0142y szef GITD broni przetargu CANARD. Stawiane zarzuty s\u0105 bezpodstawne? - TransInfo Archiwum<\/title>\n<meta name=\"description\" content=\"By\u0142y szef GITD Alvin Gajadhur odni\u00f3s\u0142 si\u0119 do zarzut\u00f3w dotycz\u0105cych nieprawid\u0142owo\u015bci przy przetargu na zakup 33 pojazd\u00f3w dla CANARD\" \/>\n<meta name=\"robots\" content=\"index, follow, max-snippet:-1, max-image-preview:large, max-video-preview:-1\" \/>\n<link rel=\"canonical\" href=\"https:\/\/transinfo.pl\/x\/infobus\/byly-szef-gitd-broni-przetargu-canard-stawiane-zarzuty-sa-bezpodstawne\/\" \/>\n<meta property=\"og:locale\" content=\"pl_PL\" \/>\n<meta property=\"og:type\" content=\"article\" \/>\n<meta property=\"og:title\" content=\"By\u0142y szef GITD broni przetargu CANARD. Stawiane zarzuty s\u0105 bezpodstawne?\" \/>\n<meta property=\"og:description\" content=\"By\u0142y szef GITD Alvin Gajadhur odni\u00f3s\u0142 si\u0119 do zarzut\u00f3w dotycz\u0105cych nieprawid\u0142owo\u015bci przy przetargu na zakup 33 pojazd\u00f3w dla CANARD\" \/>\n<meta property=\"og:url\" content=\"https:\/\/transinfo.pl\/x\/infobus\/byly-szef-gitd-broni-przetargu-canard-stawiane-zarzuty-sa-bezpodstawne\/\" \/>\n<meta property=\"og:site_name\" content=\"TransInfo Archiwum\" \/>\n<meta property=\"og:image\" content=\"https:\/\/transinfo.pl\/x\/wp-content\/uploads\/2024\/03\/autobus-itd-prokuratura-3.jpg\" \/>\n\t<meta property=\"og:image:width\" content=\"1\" \/>\n\t<meta property=\"og:image:height\" content=\"1\" \/>\n\t<meta property=\"og:image:type\" content=\"image\/jpeg\" \/>\n<meta name=\"twitter:card\" content=\"summary_large_image\" \/>\n<meta name=\"twitter:label1\" content=\"Szacowany czas czytania\" \/>\n\t<meta name=\"twitter:data1\" content=\"6 minut\" \/>\n<script type=\"application\/ld+json\" class=\"yoast-schema-graph\">{\"@context\":\"https:\/\/schema.org\",\"@graph\":[{\"@type\":\"WebPage\",\"@id\":\"https:\/\/transinfo.pl\/x\/infobus\/byly-szef-gitd-broni-przetargu-canard-stawiane-zarzuty-sa-bezpodstawne\/\",\"url\":\"https:\/\/transinfo.pl\/x\/infobus\/byly-szef-gitd-broni-przetargu-canard-stawiane-zarzuty-sa-bezpodstawne\/\",\"name\":\"By\u0142y szef GITD broni przetargu CANARD. Stawiane zarzuty s\u0105 bezpodstawne? - TransInfo Archiwum\",\"isPartOf\":{\"@id\":\"https:\/\/transinfo.pl\/x\/#website\"},\"primaryImageOfPage\":{\"@id\":\"https:\/\/transinfo.pl\/x\/infobus\/byly-szef-gitd-broni-przetargu-canard-stawiane-zarzuty-sa-bezpodstawne\/#primaryimage\"},\"image\":{\"@id\":\"https:\/\/transinfo.pl\/x\/infobus\/byly-szef-gitd-broni-przetargu-canard-stawiane-zarzuty-sa-bezpodstawne\/#primaryimage\"},\"thumbnailUrl\":\"https:\/\/transinfo.pl\/x\/wp-content\/uploads\/2024\/03\/autobus-itd-prokuratura-3.jpg\",\"datePublished\":\"2024-03-02T16:00:00+00:00\",\"dateModified\":\"2024-03-02T16:00:00+00:00\",\"description\":\"By\u0142y szef GITD Alvin Gajadhur odni\u00f3s\u0142 si\u0119 do zarzut\u00f3w dotycz\u0105cych nieprawid\u0142owo\u015bci przy przetargu na zakup 33 pojazd\u00f3w dla CANARD\",\"breadcrumb\":{\"@id\":\"https:\/\/transinfo.pl\/x\/infobus\/byly-szef-gitd-broni-przetargu-canard-stawiane-zarzuty-sa-bezpodstawne\/#breadcrumb\"},\"inLanguage\":\"pl-PL\",\"potentialAction\":[{\"@type\":\"ReadAction\",\"target\":[\"https:\/\/transinfo.pl\/x\/infobus\/byly-szef-gitd-broni-przetargu-canard-stawiane-zarzuty-sa-bezpodstawne\/\"]}]},{\"@type\":\"ImageObject\",\"inLanguage\":\"pl-PL\",\"@id\":\"https:\/\/transinfo.pl\/x\/infobus\/byly-szef-gitd-broni-przetargu-canard-stawiane-zarzuty-sa-bezpodstawne\/#primaryimage\",\"url\":\"https:\/\/transinfo.pl\/x\/wp-content\/uploads\/2024\/03\/autobus-itd-prokuratura-3.jpg\",\"contentUrl\":\"https:\/\/transinfo.pl\/x\/wp-content\/uploads\/2024\/03\/autobus-itd-prokuratura-3.jpg\"},{\"@type\":\"BreadcrumbList\",\"@id\":\"https:\/\/transinfo.pl\/x\/infobus\/byly-szef-gitd-broni-przetargu-canard-stawiane-zarzuty-sa-bezpodstawne\/#breadcrumb\",\"itemListElement\":[{\"@type\":\"ListItem\",\"position\":1,\"name\":\"Home\",\"item\":\"https:\/\/transinfo.pl\/x\/\"},{\"@type\":\"ListItem\",\"position\":2,\"name\":\"Infobus\",\"item\":\"https:\/\/transinfo.pl\/x\/infobus\/\"},{\"@type\":\"ListItem\",\"position\":3,\"name\":\"By\u0142y szef GITD broni przetargu CANARD. Stawiane zarzuty s\u0105 bezpodstawne?\"}]},{\"@type\":\"WebSite\",\"@id\":\"https:\/\/transinfo.pl\/x\/#website\",\"url\":\"https:\/\/transinfo.pl\/x\/\",\"name\":\"TransInfo Archiwum\",\"description\":\"Ca\u0142y transport w jednym miejscu\",\"publisher\":{\"@id\":\"https:\/\/transinfo.pl\/x\/#organization\"},\"potentialAction\":[{\"@type\":\"SearchAction\",\"target\":{\"@type\":\"EntryPoint\",\"urlTemplate\":\"https:\/\/transinfo.pl\/x\/?s={search_term_string}\"},\"query-input\":{\"@type\":\"PropertyValueSpecification\",\"valueRequired\":true,\"valueName\":\"search_term_string\"}}],\"inLanguage\":\"pl-PL\"},{\"@type\":\"Organization\",\"@id\":\"https:\/\/transinfo.pl\/x\/#organization\",\"name\":\"TransInfo\",\"url\":\"https:\/\/transinfo.pl\/x\/\",\"logo\":{\"@type\":\"ImageObject\",\"inLanguage\":\"pl-PL\",\"@id\":\"https:\/\/transinfo.pl\/x\/#\/schema\/logo\/image\/\",\"url\":\"https:\/\/transinfo.pl\/x\/wp-content\/uploads\/2024\/10\/favicon.png\",\"contentUrl\":\"https:\/\/transinfo.pl\/x\/wp-content\/uploads\/2024\/10\/favicon.png\",\"width\":512,\"height\":512,\"caption\":\"TransInfo\"},\"image\":{\"@id\":\"https:\/\/transinfo.pl\/x\/#\/schema\/logo\/image\/\"}}]}<\/script>\n<!-- \/ Yoast SEO Premium plugin. -->","yoast_head_json":{"title":"By\u0142y szef GITD broni przetargu CANARD. Stawiane zarzuty s\u0105 bezpodstawne? - TransInfo Archiwum","description":"By\u0142y szef GITD Alvin Gajadhur odni\u00f3s\u0142 si\u0119 do zarzut\u00f3w dotycz\u0105cych nieprawid\u0142owo\u015bci przy przetargu na zakup 33 pojazd\u00f3w dla CANARD","robots":{"index":"index","follow":"follow","max-snippet":"max-snippet:-1","max-image-preview":"max-image-preview:large","max-video-preview":"max-video-preview:-1"},"canonical":"https:\/\/transinfo.pl\/x\/infobus\/byly-szef-gitd-broni-przetargu-canard-stawiane-zarzuty-sa-bezpodstawne\/","og_locale":"pl_PL","og_type":"article","og_title":"By\u0142y szef GITD broni przetargu CANARD. Stawiane zarzuty s\u0105 bezpodstawne?","og_description":"By\u0142y szef GITD Alvin Gajadhur odni\u00f3s\u0142 si\u0119 do zarzut\u00f3w dotycz\u0105cych nieprawid\u0142owo\u015bci przy przetargu na zakup 33 pojazd\u00f3w dla CANARD","og_url":"https:\/\/transinfo.pl\/x\/infobus\/byly-szef-gitd-broni-przetargu-canard-stawiane-zarzuty-sa-bezpodstawne\/","og_site_name":"TransInfo Archiwum","og_image":[{"url":"https:\/\/transinfo.pl\/x\/wp-content\/uploads\/2024\/03\/autobus-itd-prokuratura-3.jpg","width":1,"height":1,"type":"image\/jpeg"}],"twitter_card":"summary_large_image","twitter_misc":{"Szacowany czas czytania":"6 minut"},"schema":{"@context":"https:\/\/schema.org","@graph":[{"@type":"WebPage","@id":"https:\/\/transinfo.pl\/x\/infobus\/byly-szef-gitd-broni-przetargu-canard-stawiane-zarzuty-sa-bezpodstawne\/","url":"https:\/\/transinfo.pl\/x\/infobus\/byly-szef-gitd-broni-przetargu-canard-stawiane-zarzuty-sa-bezpodstawne\/","name":"By\u0142y szef GITD broni przetargu CANARD. Stawiane zarzuty s\u0105 bezpodstawne? - TransInfo Archiwum","isPartOf":{"@id":"https:\/\/transinfo.pl\/x\/#website"},"primaryImageOfPage":{"@id":"https:\/\/transinfo.pl\/x\/infobus\/byly-szef-gitd-broni-przetargu-canard-stawiane-zarzuty-sa-bezpodstawne\/#primaryimage"},"image":{"@id":"https:\/\/transinfo.pl\/x\/infobus\/byly-szef-gitd-broni-przetargu-canard-stawiane-zarzuty-sa-bezpodstawne\/#primaryimage"},"thumbnailUrl":"https:\/\/transinfo.pl\/x\/wp-content\/uploads\/2024\/03\/autobus-itd-prokuratura-3.jpg","datePublished":"2024-03-02T16:00:00+00:00","dateModified":"2024-03-02T16:00:00+00:00","description":"By\u0142y szef GITD Alvin Gajadhur odni\u00f3s\u0142 si\u0119 do zarzut\u00f3w dotycz\u0105cych nieprawid\u0142owo\u015bci przy przetargu na zakup 33 pojazd\u00f3w dla CANARD","breadcrumb":{"@id":"https:\/\/transinfo.pl\/x\/infobus\/byly-szef-gitd-broni-przetargu-canard-stawiane-zarzuty-sa-bezpodstawne\/#breadcrumb"},"inLanguage":"pl-PL","potentialAction":[{"@type":"ReadAction","target":["https:\/\/transinfo.pl\/x\/infobus\/byly-szef-gitd-broni-przetargu-canard-stawiane-zarzuty-sa-bezpodstawne\/"]}]},{"@type":"ImageObject","inLanguage":"pl-PL","@id":"https:\/\/transinfo.pl\/x\/infobus\/byly-szef-gitd-broni-przetargu-canard-stawiane-zarzuty-sa-bezpodstawne\/#primaryimage","url":"https:\/\/transinfo.pl\/x\/wp-content\/uploads\/2024\/03\/autobus-itd-prokuratura-3.jpg","contentUrl":"https:\/\/transinfo.pl\/x\/wp-content\/uploads\/2024\/03\/autobus-itd-prokuratura-3.jpg"},{"@type":"BreadcrumbList","@id":"https:\/\/transinfo.pl\/x\/infobus\/byly-szef-gitd-broni-przetargu-canard-stawiane-zarzuty-sa-bezpodstawne\/#breadcrumb","itemListElement":[{"@type":"ListItem","position":1,"name":"Home","item":"https:\/\/transinfo.pl\/x\/"},{"@type":"ListItem","position":2,"name":"Infobus","item":"https:\/\/transinfo.pl\/x\/infobus\/"},{"@type":"ListItem","position":3,"name":"By\u0142y szef GITD broni przetargu CANARD. Stawiane zarzuty s\u0105 bezpodstawne?"}]},{"@type":"WebSite","@id":"https:\/\/transinfo.pl\/x\/#website","url":"https:\/\/transinfo.pl\/x\/","name":"TransInfo Archiwum","description":"Ca\u0142y transport w jednym miejscu","publisher":{"@id":"https:\/\/transinfo.pl\/x\/#organization"},"potentialAction":[{"@type":"SearchAction","target":{"@type":"EntryPoint","urlTemplate":"https:\/\/transinfo.pl\/x\/?s={search_term_string}"},"query-input":{"@type":"PropertyValueSpecification","valueRequired":true,"valueName":"search_term_string"}}],"inLanguage":"pl-PL"},{"@type":"Organization","@id":"https:\/\/transinfo.pl\/x\/#organization","name":"TransInfo","url":"https:\/\/transinfo.pl\/x\/","logo":{"@type":"ImageObject","inLanguage":"pl-PL","@id":"https:\/\/transinfo.pl\/x\/#\/schema\/logo\/image\/","url":"https:\/\/transinfo.pl\/x\/wp-content\/uploads\/2024\/10\/favicon.png","contentUrl":"https:\/\/transinfo.pl\/x\/wp-content\/uploads\/2024\/10\/favicon.png","width":512,"height":512,"caption":"TransInfo"},"image":{"@id":"https:\/\/transinfo.pl\/x\/#\/schema\/logo\/image\/"}}]}},"_links":{"self":[{"href":"https:\/\/transinfo.pl\/x\/wp-json\/wp\/v2\/infobus\/99629","targetHints":{"allow":["GET"]}}],"collection":[{"href":"https:\/\/transinfo.pl\/x\/wp-json\/wp\/v2\/infobus"}],"about":[{"href":"https:\/\/transinfo.pl\/x\/wp-json\/wp\/v2\/types\/infobus"}],"author":[{"embeddable":true,"href":"https:\/\/transinfo.pl\/x\/wp-json\/wp\/v2\/users\/2"}],"replies":[{"embeddable":true,"href":"https:\/\/transinfo.pl\/x\/wp-json\/wp\/v2\/comments?post=99629"}],"wp:featuredmedia":[{"embeddable":true,"href":"https:\/\/transinfo.pl\/x\/wp-json\/wp\/v2\/media\/99630"}],"wp:attachment":[{"href":"https:\/\/transinfo.pl\/x\/wp-json\/wp\/v2\/media?parent=99629"}],"wp:term":[{"taxonomy":"category","embeddable":true,"href":"https:\/\/transinfo.pl\/x\/wp-json\/wp\/v2\/categories?post=99629"},{"taxonomy":"post_tag","embeddable":true,"href":"https:\/\/transinfo.pl\/x\/wp-json\/wp\/v2\/tags?post=99629"}],"curies":[{"name":"wp","href":"https:\/\/api.w.org\/{rel}","templated":true}]}}