{"id":99430,"date":"2024-02-24T09:03:00","date_gmt":"2024-02-24T09:03:00","guid":{"rendered":"https:\/\/transinfo.pl\/x\/infobus\/tczew-podsumowal-wprowadzeniu-bezplatnej-komunikacji-miejskiej-pelen-sukces\/"},"modified":"2024-02-24T09:03:00","modified_gmt":"2024-02-24T09:03:00","slug":"tczew-podsumowal-wprowadzeniu-bezplatnej-komunikacji-miejskiej-pelen-sukces","status":"publish","type":"infobus","link":"https:\/\/transinfo.pl\/x\/infobus\/tczew-podsumowal-wprowadzeniu-bezplatnej-komunikacji-miejskiej-pelen-sukces\/","title":{"rendered":"Tczew podsumowa\u0142 wprowadzeniu bezp\u0142atnej komunikacji miejskiej: Pe\u0142en sukces"},"content":{"rendered":"<style>h1,h2,h3,h4,h5,h6{margin:0 0 1.25rem;font-family:Arial,sans-serif;font-weight:600;color:#050505}h1{font-size:1.875rem;line-height:1.1em;text-transform:none}@media(min-width: 768px){h1{font-size:2.375rem}}h2{font-size:1.1875rem;line-height:1.2em;text-transform:uppercase}@media(min-width: 768px){h2{font-size:1.0625rem}}h3{font-size:0.9375rem;line-height:1.4em;font-weight:900;margin-bottom:0.9375rem}h4{font-size:0.875rem;line-height:1.2em;font-weight:500}h5{font-size:0.9375rem;line-height:1.6;font-weight:400}h6{font-size:0.9375rem;line-height:1.6;font-weight:600}\n<\/style>\n<h3 class=\"wp-block-heading\" id=\"h-21-lutego-tczew-zaprezentowal-raport-stworzony-przez-firme-marcin-gromadzki-public-transport-consulting-ktory-podsumowuje-wprowadzenie-darmowej-komunikacji-w-miescie\">21 lutego Tczew zaprezentowa\u0142 raport stworzony przez firm\u0119 Marcin Gromadzki Public Transport Consulting, kt\u00f3ry podsumowuje wprowadzenie darmowej komunikacji w mie\u015bcie.<\/h3>\n\n\n<style>p{margin:0 0 1.5rem}p:last-child{margin:0}p.is-style-uppercase{text-transform:uppercase}p.is-style-preheading{color:#12406a;text-transform:uppercase}p.is-style-leadparagraph{font-size:1rem;line-height:1.625;font-weight:700}@media(min-width: 768px){p.is-style-leadparagraph{font-size:1.125rem;line-height:1.5555555556}}p.has-small-margin{margin-bottom:0.625rem}p.has-small-margin+h1,p.has-small-margin+h2,p.has-small-margin+h3{margin-top:1.875rem}\n<\/style>\n<p>Zdaniem samorz\u0105du, skutki zniesienia odp\u0142atno\u015bci za us\u0142ugi komunikacji miejskiej s\u0105 one bardzo dobre i zdecydowanie warte rozpropagowania. Natomiast warto podkre\u015bli\u0107 tutaj dwa elementy \u2013 wcze\u015bniejsze szerokie &nbsp;przygotowania i skorzystanie z profesjonalnych us\u0142ug firmy konsolacyjnej. By\u0107 mo\u017ce jst to klucz do sukcesu BKM.<\/p>\n\n\n\n<h2 class=\"wp-block-heading\" id=\"h-same-plusy\">Same plusy<\/h2>\n\n\n\n<p>Z dniem 1 wrze\u015bnia 2023 r. wprowadzona zosta\u0142a w Tczewie bezp\u0142atna komunikacja miejska \u2013 bezwarunkowo, dla wszystkich pasa\u017cer\u00f3w. Dwa dni p\u00f3\u017aniej (3 wrze\u015bnia), wraz z wej\u015bciem w \u017cycie zmian w rozk\u0142adzie jazdy poci\u0105g\u00f3w, zmianie uleg\u0142y rozk\u0142ady jazdy wszystkich linii autobusowych.<\/p>\n\n\n\n<p>Warto podkre\u015bli\u0107, \u017ce wdro\u017cone zmiany zaprojektowano na podstawie analiz wynik\u00f3w kompleksowych bada\u0144 marketingowych, jakie przeprowadzi\u0142a firma PTC w listopadzie 2022 r. W nowym rozk\u0142adzie jazdy przewidziano ju\u017c pewne zmiany w popycie, jakie mog\u0142y wyst\u0105pi\u0107 po zniesieniu op\u0142at: zwi\u0119kszono liczb\u0119 autobus\u00f3w w ruchu w dniu powszednim z 21 do 26, zaprojektowano kursy dla 2 autobus\u00f3w przegubowych (zamiast tylko jednego wcze\u015bniej), wprowadzono du\u017c\u0105 liczb\u0119 autobus\u00f3w trzydrzwiowych i przyj\u0119to mechanizm stopniowego dochodzenia do ca\u0142kowitej obs\u0142ugi miasta ju\u017c tylko takimi pojazdami w klasie maxi.<\/p>\n\n\n\n<p>Wprowadzono te\u017c pewne korekty tras, m.in. dotycz\u0105ce linii 7 i 17 w rejonie Cmentarza Komunalnego przy ul. Rokickiej i uruchomiono now\u0105 lini\u0119 5. Wszystkie te zmiany wp\u0142yn\u0119\u0142y na wzrost rocznej liczby oferowanych pasa\u017cerom wozokilometr\u00f3w \u2013 z 1,1 do blisko 1,5 mln.<\/p>\n\n\n\n<p>Co ciekawe, drobne zmiany planowano tak\u017ce w trasach linii 2 i 12, ale przed ich wprowadzeniem zapytano pasa\u017cer\u00f3w tych linii o zdanie i wobec braku jednoznacznego przekonania o potrzebie zmian, odst\u0105piono od ich realizacji.<\/p>\n\n\n<style>.wp-block-image{margin:1.25rem 0;text-align:center}.wp-block-image figcaption{padding:0 0.9375rem;text-align:center}\n<\/style>\n<figure class=\"wp-block-image size-large\"><a href=\"https:\/\/transinfo.pl\/wp-content\/uploads\/2024\/02\/autobus-tczew-bkm-1-1.jpg\"><img decoding=\"async\" src=\"https:\/\/transinfo.pl\/wp-content\/uploads\/2024\/02\/autobus-tczew-bkm-1-1-1024x683.jpg\" alt=\"Od 1 wrze\u015bnia 2023 r. komunikacja miejska w Tczewie od dzisiaj bezp\u0142atna.\" class=\"wp-image-465106\" \/><\/a><figcaption class=\"wp-element-caption\">Od 1 wrze\u015bnia 2023 r. komunikacja miejska w Tczewie od dzisiaj bezp\u0142atna.<\/figcaption><\/figure>\n\n\n\n<h2 class=\"wp-block-heading\" id=\"h-efekt-bkm\">Efekt BKM<\/h2>\n\n\n\n<p>W stosunku do jesieni 2022 r., kiedy to jeszcze obowi\u0105zywa\u0142a odp\u0142atno\u015b\u0107 us\u0142ug, w skali miesi\u0105ca nast\u0105pi\u0142 wzrost z 407 324 do 638 211 pasa\u017cer\u00f3w, czyli o 230 907 os\u00f3b, stanowi\u0105cych a\u017c 56,7% stanu z 2022 r.<\/p>\n\n\n\n<p>Je\u017celi z tych zarejestrowanych 230 907 nowych przejazd\u00f3w, nawet tylko po\u0142ow\u0119 zrealizowali dotychczasowi u\u017cytkownicy samochod\u00f3w, to o 115 453 podr\u00f3\u017ce miejskie zmniejszy\u0142o si\u0119 wykorzystanie samochod\u00f3w w mie\u015bcie. Je\u015bli przyjmiemy, \u017ce \u015brednio w jad\u0105cym po mie\u015bcie samochodzie mamy 1,2 osoby, to z Tczewa uby\u0142o 96 211 przejazd\u00f3w samochod\u00f3w w skali miesi\u0105ca. Zdecydowanie jest si\u0119 wi\u0119c z czego cieszy\u0107.<\/p>\n\n\n\n<p>W dniu powszednim popyt wzr\u00f3s\u0142 o 9 231 os\u00f3b (55,6%), w sobot\u0119 o 5 559 os\u00f3b (60,5%), a w niedziel\u0119 \u2013 o 2 964 osoby (rekordowe 68,4%).<\/p>\n\n\n\n<p>Wzrost nast\u0105pi\u0142 na wszystkich liniach. Procentowo najmniejszy by\u0142 na liniach 2 i 12 \u2013 36,5 i 39,0% (tych bez wprowadzenia zmian tras), a najwi\u0119kszy \u2013 na przeciwbie\u017cnych wzgl\u0119dem siebie liniach 7 i 17 \u2013 84,5 i 96,6% oraz na linii 1 \u2013 86,5%.<\/p>\n\n\n\n<p>Najlepsz\u0105 pod wzgl\u0119dem liczby pasa\u017cer\u00f3w na 1 wozokilometr sta\u0142a si\u0119 linia 1, zapewniaj\u0105ca szybki dojazd z osiedla Czy\u017cykowo przez \u015bcis\u0142e centrum miasta do dworca kolejowego. I to jest kolejny spory sukces, bo dobre wykorzystanie tej linii oznacza rezygnacj\u0119 przez cz\u0119\u015b\u0107 tczewian z dojazd\u00f3w na dworzec samochodami.<\/p>\n\n\n\n<p>Warto\u015b\u0107 \u015brednia wykorzystania pojazd\u00f3w w dniu powszednim \u2013 5,7 pasa\u017cer\u00f3w na 1 wozokilometr \u2013 jest dla miasta zadowalaj\u0105ca i w pe\u0142ni zgodna z przyj\u0119tymi za\u0142o\u017ceniami sprzed zniesienia op\u0142at.<\/p>\n\n\n\n<figure class=\"wp-block-image size-large\"><a href=\"https:\/\/transinfo.pl\/wp-content\/uploads\/2024\/02\/autobus-tczew-bkm-1-4.jpg\"><img decoding=\"async\" src=\"https:\/\/transinfo.pl\/wp-content\/uploads\/2024\/02\/autobus-tczew-bkm-1-4-1024x683.jpg\" alt=\"Od 1 wrze\u015bnia 2023 r. komunikacja miejska w Tczewie od dzisiaj bezp\u0142atna.\" class=\"wp-image-465103\" \/><\/a><figcaption class=\"wp-element-caption\">Od 1 wrze\u015bnia 2023 r. komunikacja miejska w Tczewie od dzisiaj bezp\u0142atna.<\/figcaption><\/figure>\n\n\n\n<h2 class=\"wp-block-heading\" id=\"h-transportowe-wnioski\">Transportowe wnioski<\/h2>\n\n\n\n<p>Nale\u017cy przy tym podkre\u015bli\u0107, \u017ce wykorzystanie autobus\u00f3w by\u0142o w miar\u0119 r\u00f3wnomierne, gdy\u017c wdro\u017cony nowy rozk\u0142ad jazdy \u2013 z rytmicznie wykonywanymi kursami w sta\u0142ych taktach i dobr\u0105 koordynacj\u0105 rozk\u0142ad\u00f3w jazdy r\u00f3\u017cnych linii na wsp\u00f3lnych odcinkach tras \u2013 spowodowa\u0142 roz\u0142o\u017cenie pasa\u017cer\u00f3w pomi\u0119dzy s\u0105siednie kursy. Pomimo bardzo dobrego \u015bredniego wykorzystania i wielu pasa\u017cer\u00f3w og\u00f3\u0142em, absolutnie w \u017cadnym autobusie nie wyst\u0105pi\u0142 nawet stan \u015bcisku, wyznaczony przez nas na poziomie 75% nominalnej pojemno\u015bci pasa\u017cerskiej. Mo\u017cna \u017cartem powiedzie\u0107, \u017ce zwi\u0119kszony znacznie popyt po prostu idealnie dopasowa\u0142 si\u0119 do oferty.<\/p>\n\n\n\n<p>Natomiast jak podkre\u015bla Marcin Gromadzki z PTC &#8211; miasto Tczew bardzo dobrze przygotowa\u0142o si\u0119 do zniesienia odp\u0142atno\u015bci us\u0142ug, wychodz\u0105c z za\u0142o\u017cenia, \u017ce atrakcyjna komunikacja miejska nie mo\u017ce by\u0107 tylko bezp\u0142atna, ale musi te\u017c charakteryzowa\u0107 si\u0119 wysok\u0105 jako\u015bci\u0105, w tym du\u017c\u0105 cz\u0119stotliwo\u015bci\u0105 kurs\u00f3w, w kt\u00f3rych oferowane s\u0105 komfortowe warunki przewozu pasa\u017cer\u00f3w.<\/p>\n\n\n<style>.wp-block-quote{border-left:0.1875rem solid var(--page-color);font-size:1rem;font-style:italic;margin:0 0 1.6875rem;padding:1.25rem}.wp-block-quote cite{color:#050505}.wp-block-quote.is-style-large p{margin-bottom:10px}.wp-block-quote.is-style-large cite{color:#12406a}\n<\/style>\n<blockquote class=\"wp-block-quote is-layout-flow wp-block-quote-is-layout-flow\">\n<p>-\u201eW Tczewie wprowadzenie bezp\u0142atnej komunikacji miejskiej okaza\u0142o si\u0119 pe\u0142nym sukcesem. Ale warto podkre\u015bli\u0107, \u017ce sta\u0142o si\u0119 tak dzi\u0119ki planowemu, przemy\u015blanemu dzia\u0142aniu w oparciu o badania marketingowe popytu i nast\u0119pnie modelowemu planowaniu oferty przewozowej, z wykorzystaniem zaawansowanych technik koordynacji rozk\u0142ad\u00f3w jazdy, m.in. cz\u0119stych zmian w dziennym przypisaniu pojazd\u00f3w do linii. Wiem, \u017ce to pozornie b\u0142aha \u201erozk\u0142adowa kuchnia\u201d, ale jak si\u0119 potem okazuje w praktyce \u2013 bardzo wa\u017cna \u2013 podkre\u015bli\u0142 Marcin Gromadzki.<\/p>\n<\/blockquote>\n\n\n\n<figure class=\"wp-block-image size-large\"><a href=\"https:\/\/transinfo.pl\/wp-content\/uploads\/2024\/02\/autobus-tczew-bkm-1-3.jpg\"><img decoding=\"async\" src=\"https:\/\/transinfo.pl\/wp-content\/uploads\/2024\/02\/autobus-tczew-bkm-1-3-1024x683.jpg\" alt=\"Od 1 wrze\u015bnia 2023 r. komunikacja miejska w Tczewie od dzisiaj bezp\u0142atna.\" class=\"wp-image-465104\" \/><\/a><figcaption class=\"wp-element-caption\">Od 1 wrze\u015bnia 2023 r. komunikacja miejska w Tczewie od dzisiaj bezp\u0142atna.<\/figcaption><\/figure>\n\n\n\n<h2 class=\"wp-block-heading\" id=\"h-co-dalej\">Co dalej?<\/h2>\n\n\n\n<p>Tczew nie poprzestaje na zniesieniu op\u0142at. Miasto czeka na \u015brodki na zakup 10 fabrycznie nowych autobus\u00f3w elektrycznych i uruchomienie finansowania, aby rozpocz\u0105\u0107 przetarg na ich dostaw\u0119. <\/p>\n\n\n\n<p>W 2024 r. ruszy te\u017c post\u0119powanie wyboru operatora, kt\u00f3ry wprowadzi pozosta\u0142e 20 fabrycznie nowych autobus\u00f3w i wraz z przekazanymi mu do i eksploatacji 10 elektrobusami, obs\u0142ugiwa\u0107 b\u0119dzie przez kolejne 10 lat tczewsk\u0105 komunikacj\u0119 miejsk\u0105. Niez\u0142a perspektywa! <\/p>\n\n\n\n<figure class=\"wp-block-image size-large\"><a href=\"https:\/\/transinfo.pl\/wp-content\/uploads\/2024\/02\/autobus-tczew-bkm-1-2.jpg\"><img decoding=\"async\" src=\"https:\/\/transinfo.pl\/wp-content\/uploads\/2024\/02\/autobus-tczew-bkm-1-2-1024x683.jpg\" alt=\"Od 1 wrze\u015bnia 2023 r. komunikacja miejska w Tczewie od dzisiaj bezp\u0142atna.\" class=\"wp-image-465105\" \/><\/a><figcaption class=\"wp-element-caption\">Od 1 wrze\u015bnia 2023 r. komunikacja miejska w Tczewie od dzisiaj bezp\u0142atna.<\/figcaption><\/figure>\n","protected":false},"author":2,"featured_media":0,"comment_status":"","ping_status":"closed","template":"","categories":[23],"tags":[2087,167,1014,35,2360,518,21671],"class_list":["post-99430","infobus","type-infobus","status-publish","hentry","category-infrastruktura","tag-analiza","tag-autobus","tag-bkm","tag-linie","tag-pa-gryf","tag-przetarg","tag-ptc-marcin-gromadzki"],"acf":[],"yoast_head":"<!-- This site is optimized with the Yoast SEO Premium plugin v21.8 (Yoast SEO v23.7) - https:\/\/yoast.com\/wordpress\/plugins\/seo\/ -->\n<title>Tczew podsumowa\u0142 wprowadzeniu bezp\u0142atnej komunikacji miejskiej: Pe\u0142en sukces - TransInfo Archiwum<\/title>\n<meta name=\"description\" content=\"21 lutego Tczew zaprezentowa\u0142 raport stworzony przez firm\u0119 PTC Marcin Gromadzki , kt\u00f3ry podsumowuje wprowadzenie darmowej komunikacji.\" \/>\n<meta name=\"robots\" content=\"index, follow, max-snippet:-1, max-image-preview:large, max-video-preview:-1\" \/>\n<link rel=\"canonical\" href=\"https:\/\/transinfo.pl\/x\/infobus\/tczew-podsumowal-wprowadzeniu-bezplatnej-komunikacji-miejskiej-pelen-sukces\/\" \/>\n<meta property=\"og:locale\" content=\"pl_PL\" \/>\n<meta property=\"og:type\" content=\"article\" \/>\n<meta property=\"og:title\" content=\"Tczew podsumowa\u0142 wprowadzeniu bezp\u0142atnej komunikacji miejskiej: Pe\u0142en sukces\" \/>\n<meta property=\"og:description\" content=\"21 lutego Tczew zaprezentowa\u0142 raport stworzony przez firm\u0119 PTC Marcin Gromadzki , kt\u00f3ry podsumowuje wprowadzenie darmowej komunikacji.\" \/>\n<meta property=\"og:url\" content=\"https:\/\/transinfo.pl\/x\/infobus\/tczew-podsumowal-wprowadzeniu-bezplatnej-komunikacji-miejskiej-pelen-sukces\/\" \/>\n<meta property=\"og:site_name\" content=\"TransInfo Archiwum\" \/>\n<meta property=\"og:image\" content=\"http:\/\/default\" \/>\n<meta name=\"twitter:card\" content=\"summary_large_image\" \/>\n<meta name=\"twitter:label1\" content=\"Szacowany czas czytania\" \/>\n\t<meta name=\"twitter:data1\" content=\"5 minut\" \/>\n<script type=\"application\/ld+json\" class=\"yoast-schema-graph\">{\"@context\":\"https:\/\/schema.org\",\"@graph\":[{\"@type\":\"WebPage\",\"@id\":\"https:\/\/transinfo.pl\/x\/infobus\/tczew-podsumowal-wprowadzeniu-bezplatnej-komunikacji-miejskiej-pelen-sukces\/\",\"url\":\"https:\/\/transinfo.pl\/x\/infobus\/tczew-podsumowal-wprowadzeniu-bezplatnej-komunikacji-miejskiej-pelen-sukces\/\",\"name\":\"Tczew podsumowa\u0142 wprowadzeniu bezp\u0142atnej komunikacji miejskiej: Pe\u0142en sukces - TransInfo Archiwum\",\"isPartOf\":{\"@id\":\"https:\/\/transinfo.pl\/x\/#website\"},\"primaryImageOfPage\":{\"@id\":\"https:\/\/transinfo.pl\/x\/infobus\/tczew-podsumowal-wprowadzeniu-bezplatnej-komunikacji-miejskiej-pelen-sukces\/#primaryimage\"},\"image\":{\"@id\":\"https:\/\/transinfo.pl\/x\/infobus\/tczew-podsumowal-wprowadzeniu-bezplatnej-komunikacji-miejskiej-pelen-sukces\/#primaryimage\"},\"thumbnailUrl\":\"https:\/\/transinfo.pl\/wp-content\/uploads\/2024\/02\/autobus-tczew-bkm-1-1-1024x683.jpg\",\"datePublished\":\"2024-02-24T09:03:00+00:00\",\"dateModified\":\"2024-02-24T09:03:00+00:00\",\"description\":\"21 lutego Tczew zaprezentowa\u0142 raport stworzony przez firm\u0119 PTC Marcin Gromadzki , kt\u00f3ry podsumowuje wprowadzenie darmowej komunikacji.\",\"breadcrumb\":{\"@id\":\"https:\/\/transinfo.pl\/x\/infobus\/tczew-podsumowal-wprowadzeniu-bezplatnej-komunikacji-miejskiej-pelen-sukces\/#breadcrumb\"},\"inLanguage\":\"pl-PL\",\"potentialAction\":[{\"@type\":\"ReadAction\",\"target\":[\"https:\/\/transinfo.pl\/x\/infobus\/tczew-podsumowal-wprowadzeniu-bezplatnej-komunikacji-miejskiej-pelen-sukces\/\"]}]},{\"@type\":\"ImageObject\",\"inLanguage\":\"pl-PL\",\"@id\":\"https:\/\/transinfo.pl\/x\/infobus\/tczew-podsumowal-wprowadzeniu-bezplatnej-komunikacji-miejskiej-pelen-sukces\/#primaryimage\",\"url\":\"https:\/\/transinfo.pl\/wp-content\/uploads\/2024\/02\/autobus-tczew-bkm-1-1-1024x683.jpg\",\"contentUrl\":\"https:\/\/transinfo.pl\/wp-content\/uploads\/2024\/02\/autobus-tczew-bkm-1-1-1024x683.jpg\"},{\"@type\":\"BreadcrumbList\",\"@id\":\"https:\/\/transinfo.pl\/x\/infobus\/tczew-podsumowal-wprowadzeniu-bezplatnej-komunikacji-miejskiej-pelen-sukces\/#breadcrumb\",\"itemListElement\":[{\"@type\":\"ListItem\",\"position\":1,\"name\":\"Home\",\"item\":\"https:\/\/transinfo.pl\/x\/\"},{\"@type\":\"ListItem\",\"position\":2,\"name\":\"Infobus\",\"item\":\"https:\/\/transinfo.pl\/x\/infobus\/\"},{\"@type\":\"ListItem\",\"position\":3,\"name\":\"Tczew podsumowa\u0142 wprowadzeniu bezp\u0142atnej komunikacji miejskiej: Pe\u0142en sukces\"}]},{\"@type\":\"WebSite\",\"@id\":\"https:\/\/transinfo.pl\/x\/#website\",\"url\":\"https:\/\/transinfo.pl\/x\/\",\"name\":\"TransInfo Archiwum\",\"description\":\"Ca\u0142y transport w jednym miejscu\",\"publisher\":{\"@id\":\"https:\/\/transinfo.pl\/x\/#organization\"},\"potentialAction\":[{\"@type\":\"SearchAction\",\"target\":{\"@type\":\"EntryPoint\",\"urlTemplate\":\"https:\/\/transinfo.pl\/x\/?s={search_term_string}\"},\"query-input\":{\"@type\":\"PropertyValueSpecification\",\"valueRequired\":true,\"valueName\":\"search_term_string\"}}],\"inLanguage\":\"pl-PL\"},{\"@type\":\"Organization\",\"@id\":\"https:\/\/transinfo.pl\/x\/#organization\",\"name\":\"TransInfo\",\"url\":\"https:\/\/transinfo.pl\/x\/\",\"logo\":{\"@type\":\"ImageObject\",\"inLanguage\":\"pl-PL\",\"@id\":\"https:\/\/transinfo.pl\/x\/#\/schema\/logo\/image\/\",\"url\":\"https:\/\/transinfo.pl\/x\/wp-content\/uploads\/2024\/10\/favicon.png\",\"contentUrl\":\"https:\/\/transinfo.pl\/x\/wp-content\/uploads\/2024\/10\/favicon.png\",\"width\":512,\"height\":512,\"caption\":\"TransInfo\"},\"image\":{\"@id\":\"https:\/\/transinfo.pl\/x\/#\/schema\/logo\/image\/\"}}]}<\/script>\n<!-- \/ Yoast SEO Premium plugin. -->","yoast_head_json":{"title":"Tczew podsumowa\u0142 wprowadzeniu bezp\u0142atnej komunikacji miejskiej: Pe\u0142en sukces - TransInfo Archiwum","description":"21 lutego Tczew zaprezentowa\u0142 raport stworzony przez firm\u0119 PTC Marcin Gromadzki , kt\u00f3ry podsumowuje wprowadzenie darmowej komunikacji.","robots":{"index":"index","follow":"follow","max-snippet":"max-snippet:-1","max-image-preview":"max-image-preview:large","max-video-preview":"max-video-preview:-1"},"canonical":"https:\/\/transinfo.pl\/x\/infobus\/tczew-podsumowal-wprowadzeniu-bezplatnej-komunikacji-miejskiej-pelen-sukces\/","og_locale":"pl_PL","og_type":"article","og_title":"Tczew podsumowa\u0142 wprowadzeniu bezp\u0142atnej komunikacji miejskiej: Pe\u0142en sukces","og_description":"21 lutego Tczew zaprezentowa\u0142 raport stworzony przez firm\u0119 PTC Marcin Gromadzki , kt\u00f3ry podsumowuje wprowadzenie darmowej komunikacji.","og_url":"https:\/\/transinfo.pl\/x\/infobus\/tczew-podsumowal-wprowadzeniu-bezplatnej-komunikacji-miejskiej-pelen-sukces\/","og_site_name":"TransInfo Archiwum","og_image":[{"url":"default"}],"twitter_card":"summary_large_image","twitter_misc":{"Szacowany czas czytania":"5 minut"},"schema":{"@context":"https:\/\/schema.org","@graph":[{"@type":"WebPage","@id":"https:\/\/transinfo.pl\/x\/infobus\/tczew-podsumowal-wprowadzeniu-bezplatnej-komunikacji-miejskiej-pelen-sukces\/","url":"https:\/\/transinfo.pl\/x\/infobus\/tczew-podsumowal-wprowadzeniu-bezplatnej-komunikacji-miejskiej-pelen-sukces\/","name":"Tczew podsumowa\u0142 wprowadzeniu bezp\u0142atnej komunikacji miejskiej: Pe\u0142en sukces - TransInfo Archiwum","isPartOf":{"@id":"https:\/\/transinfo.pl\/x\/#website"},"primaryImageOfPage":{"@id":"https:\/\/transinfo.pl\/x\/infobus\/tczew-podsumowal-wprowadzeniu-bezplatnej-komunikacji-miejskiej-pelen-sukces\/#primaryimage"},"image":{"@id":"https:\/\/transinfo.pl\/x\/infobus\/tczew-podsumowal-wprowadzeniu-bezplatnej-komunikacji-miejskiej-pelen-sukces\/#primaryimage"},"thumbnailUrl":"https:\/\/transinfo.pl\/wp-content\/uploads\/2024\/02\/autobus-tczew-bkm-1-1-1024x683.jpg","datePublished":"2024-02-24T09:03:00+00:00","dateModified":"2024-02-24T09:03:00+00:00","description":"21 lutego Tczew zaprezentowa\u0142 raport stworzony przez firm\u0119 PTC Marcin Gromadzki , kt\u00f3ry podsumowuje wprowadzenie darmowej komunikacji.","breadcrumb":{"@id":"https:\/\/transinfo.pl\/x\/infobus\/tczew-podsumowal-wprowadzeniu-bezplatnej-komunikacji-miejskiej-pelen-sukces\/#breadcrumb"},"inLanguage":"pl-PL","potentialAction":[{"@type":"ReadAction","target":["https:\/\/transinfo.pl\/x\/infobus\/tczew-podsumowal-wprowadzeniu-bezplatnej-komunikacji-miejskiej-pelen-sukces\/"]}]},{"@type":"ImageObject","inLanguage":"pl-PL","@id":"https:\/\/transinfo.pl\/x\/infobus\/tczew-podsumowal-wprowadzeniu-bezplatnej-komunikacji-miejskiej-pelen-sukces\/#primaryimage","url":"https:\/\/transinfo.pl\/wp-content\/uploads\/2024\/02\/autobus-tczew-bkm-1-1-1024x683.jpg","contentUrl":"https:\/\/transinfo.pl\/wp-content\/uploads\/2024\/02\/autobus-tczew-bkm-1-1-1024x683.jpg"},{"@type":"BreadcrumbList","@id":"https:\/\/transinfo.pl\/x\/infobus\/tczew-podsumowal-wprowadzeniu-bezplatnej-komunikacji-miejskiej-pelen-sukces\/#breadcrumb","itemListElement":[{"@type":"ListItem","position":1,"name":"Home","item":"https:\/\/transinfo.pl\/x\/"},{"@type":"ListItem","position":2,"name":"Infobus","item":"https:\/\/transinfo.pl\/x\/infobus\/"},{"@type":"ListItem","position":3,"name":"Tczew podsumowa\u0142 wprowadzeniu bezp\u0142atnej komunikacji miejskiej: Pe\u0142en sukces"}]},{"@type":"WebSite","@id":"https:\/\/transinfo.pl\/x\/#website","url":"https:\/\/transinfo.pl\/x\/","name":"TransInfo Archiwum","description":"Ca\u0142y transport w jednym miejscu","publisher":{"@id":"https:\/\/transinfo.pl\/x\/#organization"},"potentialAction":[{"@type":"SearchAction","target":{"@type":"EntryPoint","urlTemplate":"https:\/\/transinfo.pl\/x\/?s={search_term_string}"},"query-input":{"@type":"PropertyValueSpecification","valueRequired":true,"valueName":"search_term_string"}}],"inLanguage":"pl-PL"},{"@type":"Organization","@id":"https:\/\/transinfo.pl\/x\/#organization","name":"TransInfo","url":"https:\/\/transinfo.pl\/x\/","logo":{"@type":"ImageObject","inLanguage":"pl-PL","@id":"https:\/\/transinfo.pl\/x\/#\/schema\/logo\/image\/","url":"https:\/\/transinfo.pl\/x\/wp-content\/uploads\/2024\/10\/favicon.png","contentUrl":"https:\/\/transinfo.pl\/x\/wp-content\/uploads\/2024\/10\/favicon.png","width":512,"height":512,"caption":"TransInfo"},"image":{"@id":"https:\/\/transinfo.pl\/x\/#\/schema\/logo\/image\/"}}]}},"_links":{"self":[{"href":"https:\/\/transinfo.pl\/x\/wp-json\/wp\/v2\/infobus\/99430","targetHints":{"allow":["GET"]}}],"collection":[{"href":"https:\/\/transinfo.pl\/x\/wp-json\/wp\/v2\/infobus"}],"about":[{"href":"https:\/\/transinfo.pl\/x\/wp-json\/wp\/v2\/types\/infobus"}],"author":[{"embeddable":true,"href":"https:\/\/transinfo.pl\/x\/wp-json\/wp\/v2\/users\/2"}],"replies":[{"embeddable":true,"href":"https:\/\/transinfo.pl\/x\/wp-json\/wp\/v2\/comments?post=99430"}],"wp:attachment":[{"href":"https:\/\/transinfo.pl\/x\/wp-json\/wp\/v2\/media?parent=99430"}],"wp:term":[{"taxonomy":"category","embeddable":true,"href":"https:\/\/transinfo.pl\/x\/wp-json\/wp\/v2\/categories?post=99430"},{"taxonomy":"post_tag","embeddable":true,"href":"https:\/\/transinfo.pl\/x\/wp-json\/wp\/v2\/tags?post=99430"}],"curies":[{"name":"wp","href":"https:\/\/api.w.org\/{rel}","templated":true}]}}