{"id":99346,"date":"2024-02-21T12:04:00","date_gmt":"2024-02-21T12:04:00","guid":{"rendered":"https:\/\/transinfo.pl\/x\/infobus\/rosnie-placa-minimalna-rosna-koszty-zatrudnienia-kierowcow-zawodowych\/"},"modified":"2024-02-21T12:04:00","modified_gmt":"2024-02-21T12:04:00","slug":"rosnie-placa-minimalna-rosna-koszty-zatrudnienia-kierowcow-zawodowych","status":"publish","type":"infobus","link":"https:\/\/transinfo.pl\/x\/infobus\/rosnie-placa-minimalna-rosna-koszty-zatrudnienia-kierowcow-zawodowych\/","title":{"rendered":"Ro\u015bnie p\u0142aca minimalna &#8211; rosn\u0105 koszty zatrudnienia kierowc\u00f3w zawodowych"},"content":{"rendered":"<style>h1,h2,h3,h4,h5,h6{margin:0 0 1.25rem;font-family:Arial,sans-serif;font-weight:600;color:#050505}h1{font-size:1.875rem;line-height:1.1em;text-transform:none}@media(min-width: 768px){h1{font-size:2.375rem}}h2{font-size:1.1875rem;line-height:1.2em;text-transform:uppercase}@media(min-width: 768px){h2{font-size:1.0625rem}}h3{font-size:0.9375rem;line-height:1.4em;font-weight:900;margin-bottom:0.9375rem}h4{font-size:0.875rem;line-height:1.2em;font-weight:500}h5{font-size:0.9375rem;line-height:1.6;font-weight:400}h6{font-size:0.9375rem;line-height:1.6;font-weight:600}\n<\/style>\n<h3 class=\"wp-block-heading\" id=\"h-rok-2024-to-kolejne-zmiany-w-wynagrodzeniach-kierowcow-zawodowych-jedna-juz-weszla-w-zycie-druga-czeka-w-kolejce\">Rok 2024 to kolejne zmiany w wynagrodzeniach kierowc\u00f3w zawodowych. Jedna ju\u017c wesz\u0142a w \u017cycie, druga czeka w kolejce. <\/h3>\n\n\n<style>p{margin:0 0 1.5rem}p:last-child{margin:0}p.is-style-uppercase{text-transform:uppercase}p.is-style-preheading{color:#12406a;text-transform:uppercase}p.is-style-leadparagraph{font-size:1rem;line-height:1.625;font-weight:700}@media(min-width: 768px){p.is-style-leadparagraph{font-size:1.125rem;line-height:1.5555555556}}p.has-small-margin{margin-bottom:0.625rem}p.has-small-margin+h1,p.has-small-margin+h2,p.has-small-margin+h3{margin-top:1.875rem}\n<\/style>\n<p>Warto pami\u0119ta\u0107, \u017ce w tym roku p\u0142aca minimalna zostanie podniesiona ponownie dwa razy w ci\u0105gu roku. Ju\u017c pierwszego stycznia minimalne wynagrodzenie wzros\u0142o z 3 600 z\u0142 do kwoty 4 242 z\u0142 brutto. Z kolei druga podwy\u017cka p\u0142acy nast\u0105pi z dniem 1 lipca i wyniesie w\u00f3wczas 4 300 z\u0142 brutto.<\/p>\n\n\n\n<h2 class=\"wp-block-heading\" id=\"h-od-stycznia\">Od stycznia <\/h2>\n\n\n\n<p>Pocz\u0105tek roku rozpocz\u0105\u0142 si\u0119 kolejnymi, wa\u017cnymi zmianami dla polskich przewo\u017anik\u00f3w, kt\u00f3re przek\u0142adaj\u0105 si\u0119 na wy\u017csze koszty pracownicze, a wszystko wskazuje na to, \u017ce to jeszcze nie koniec. <\/p>\n\n\n\n<p>Kolejn\u0105 zmian\u0105 w 2024 jest to, \u017ce p\u0142aca minimalna zostanie podniesiona ponownie dwa razy w ci\u0105gu roku. Ju\u017c pierwszego stycznia minimalne wynagrodzenie wzros\u0142o z 3 600 z\u0142 do kwoty 4 242 z\u0142 brutto. Z kolei druga podwy\u017cka p\u0142acy nast\u0105pi z dniem 1 lipca i wyniesie w\u00f3wczas 4 300 z\u0142 brutto.<\/p>\n\n\n<style>.wp-block-quote{border-left:0.1875rem solid var(--page-color);font-size:1rem;font-style:italic;margin:0 0 1.6875rem;padding:1.25rem}.wp-block-quote cite{color:#050505}.wp-block-quote.is-style-large p{margin-bottom:10px}.wp-block-quote.is-style-large cite{color:#12406a}\n<\/style>\n<blockquote class=\"wp-block-quote is-layout-flow wp-block-quote-is-layout-flow\">\n<p>-&#8222;Podniesienie pensji minimalnej o 700 z\u0142 brutto zwi\u0105zane jest z tym, \u017ce ca\u0142kowity koszt pracodawcy za pracownika wzro\u015bnie prawie do 900 z\u0142. Z kolei kierowca otrzyma z tego oko\u0142o 450 z\u0142 do r\u0119ki. Warto jednak zaznaczy\u0107, \u017ce obecnie firmy transportowe nie maj\u0105 obowi\u0105zku zmienia\u0107 umowy o prac\u0119 ka\u017cdemu kierowcy, aby wprowadzi\u0107 podwy\u017ck\u0119, a wynagrodzenie minimalne mog\u0105 uzupe\u0142ni\u0107 sk\u0142adnikami zmiennymi, znajduj\u0105cymi si\u0119 w li\u015bcie p\u0142ac na dany miesi\u0105c np. premi\u0105. Dlaczego? Ustawa o wynagrodzeniu minimalnym art. 6 wskazuje, kt\u00f3re elementy nie mog\u0105 si\u0119 wlicza\u0107 do tego minimalnego, a ewentualnie jakie mog\u0105. Natomiast premia powinna wynosi\u0107 co najmniej 700 z\u0142, aby \u0142\u0105czne wynagrodzenie pracownika dawa\u0142o kwot\u0119 4 300 z\u0142 bez sk\u0142adnik\u00f3w, kt\u00f3re nie mog\u0105 wlicza\u0107 si\u0119 do minimalnego wynagrodzenia, jak np. za prac\u0119 w porze nocnej czy nadgodziny. Wa\u017cne zatem jest to, \u017ceby firma zweryfikowa\u0142a sobie poszczeg\u00f3lne sk\u0142adniki wynagrodzenia kierowcy zawarte w li\u015bcie p\u0142ac. Z kolei, je\u015bli pracodawca i tak chce da\u0107 podwy\u017ck\u0119, a nie wprowadzi\u0142 wcze\u015bniej dodatku sanitarnego to mo\u017ce okaza\u0107 si\u0119 to dobrym rozwi\u0105zaniem dla niego \u2013 zaznacza \u0141ukasz W\u0142och, ekspert Inelo z Grupy Eurowag.<\/p>\n<\/blockquote>\n\n\n\n<p>Od lipca czeka nas druga podwy\u017cka p\u0142acy minimalnej, kt\u00f3ra mo\u017ce oznacza\u0107 wzrost koszt\u00f3w zatrudnienia kierowc\u00f3w blisko o 900 z\u0142. <\/p>\n\n\n\n<p>A to nie koniec. W 2024 roku zosta\u0142a podniesiona stawka przeci\u0119tnego, prognozowanego wynagrodzenia kierowcy z kwoty 6 935 z\u0142 do 7 824 z\u0142, co mo\u017ce wi\u0105za\u0107 si\u0119 r\u00f3wnie\u017c z konieczno\u015bci\u0105 odprowadzania wy\u017cszych sk\u0142adek spo\u0142ecznych ZUS przez pracodawc\u0119.<\/p>\n\n\n\n<blockquote class=\"wp-block-quote is-layout-flow wp-block-quote-is-layout-flow\">\n<p>-&#8222;Od stycznia przeci\u0119tne, prognozowane wynagrodzenie wzros\u0142o prawie o 1000 z\u0142 w por\u00f3wnaniu do ubieg\u0142ego roku. Oznacza to, \u017ce sk\u0142adki na ubezpieczenie spo\u0142eczne ZUS b\u0119dzie trzeba odprowadza\u0107 co najmniej od kwoty 7 824 z\u0142 pod warunkiem, \u017ce pensja kierowcy w danym miesi\u0105cu wyniesie wi\u0119cej ni\u017c ta kwota. Bior\u0105c pod uwag\u0119 fakt, \u017ce kierowcy w transporcie mi\u0119dzynarodowym zarabiaj\u0105 zazwyczaj \u015brednio oko\u0142o od 8 500 z\u0142 do 11 000 z netto, to dla pracodawcy ubezpieczenie ZUS na ka\u017cdego pracownika mo\u017ce wzrosn\u0105\u0107 o oko\u0142o od 350 z\u0142 do 400 z\u0142 przy zachowaniu tego samego poziomu wynagrodzenia netto kierowcy &#8211; komentuje \u0141ukasz W\u0142och, g\u0142\u00f3wny ekspert ds. analiz i rozlicze\u0144, Inelo, Grupa Eurowag.<\/p>\n<\/blockquote>\n\n\n<style>.wp-block-image{margin:1.25rem 0;text-align:center}.wp-block-image figcaption{padding:0 0.9375rem;text-align:center}\n<\/style>\n<figure class=\"wp-block-image aligncenter size-full\"><img decoding=\"async\" src=\"https:\/\/transinfo.pl\/wp-content\/uploads\/2024\/02\/kierowca-102.jpg\" alt=\"Zmiany w wynagrodzeniach kierowc\u00f3w zawodowych w 2024 \u2013 o czym warto wiedzie\u0107?\" class=\"wp-image-464680\" \/><figcaption class=\"wp-element-caption\">Zmiany w wynagrodzeniach kierowc\u00f3w zawodowych w 2024 \u2013 o czym warto wiedzie\u0107?<\/figcaption><\/figure>\n\n\n\n<h2 class=\"wp-block-heading\" id=\"h-sposoby-optymalizacji\"> sposoby optymalizacji <\/h2>\n\n\n\n<p>Istniej\u0105 jednak pewne sposoby optymalizacji wynagrodze\u0144 kierowc\u00f3w, dzi\u0119ki kt\u00f3rym mog\u0105 zyska\u0107 nie tylko przedsi\u0119biorcy transportowi, ale r\u00f3wnie\u017c sami prowadz\u0105cy pojazdy, wykonuj\u0105cy przewozy za granic\u0119. To: <\/p>\n\n\n\n<p>Zwrot koszt\u00f3w za sanitariaty \u2013 ile mo\u017cna zyska\u0107 kierowca i pracodawca?<\/p>\n\n\n\n<p>Przepisy dotycz\u0105ce zwrotu koszt\u00f3w za sanitariaty obowi\u0105zuj\u0105 ju\u017c od 19.08.2023 i wynikaj\u0105 ze zmian, wprowadzonych w ustawie o czasie pracy kierowcy. Kierowcy w transporcie mi\u0119dzynarodowym mog\u0105 otrzyma\u0107 zwrot nieudokumentowanych \u015brednich koszt\u00f3w za tzw. sanitariaty, a co najwa\u017cniejsze pozwalaj\u0105 one r\u00f3wnie\u017c ograniczy\u0107 koszty prowadzenia dzia\u0142alno\u015bci przez przewo\u017anik\u00f3w. Jak to wygl\u0105da w praktyce?<\/p>\n\n\n\n<blockquote class=\"wp-block-quote is-layout-flow wp-block-quote-is-layout-flow\">\n<p>-&#8222;Cho\u0107 firma transportowa nie jest zobowi\u0105zana do wprowadzenia zwrotu koszt\u00f3w za sanitariaty, to zach\u0119camy jak najszybciej to nadrobi\u0107. Dzi\u0119ki temu kierowca mo\u017ce otrzyma\u0107 ekwiwalent w wysoko\u015bci najcz\u0119\u015bciej od 40 do 60 z\u0142 za ka\u017cdy dzie\u0144 pobytu za granic\u0105, co przy za\u0142o\u017ceniu bycia 20 dni w trasie w danym miesi\u0105cu, daje oko\u0142o 1 000 z\u0142 wi\u0119cej do wyp\u0142aty. Jako OCRK rekomendujemy wysoko\u015b\u0107 zwrotu koszt\u00f3w szacowa\u0107 ka\u017cdemu kierowcy indywidualnie, bior\u0105c pod uwag\u0119 per dzie\u0144 pobytu za granic\u0105 z dodatkowym jeszcze podzia\u0142em na liczb\u0119 sp\u0119dzonych godzin kierowcy w danym dniu. Tylko w\u00f3wczas b\u0119dziemy w stanie wyliczy\u0107 realn\u0105 wysoko\u015b\u0107 zwrotu koszt\u00f3w za sanitariaty. Pami\u0119tajmy r\u00f3wnie\u017c o tym, \u017ce kwota ta b\u0119dzie tak\u017ce zale\u017cna od trasy kierowcy i czasu trwania wyjazdu, a tak\u017ce mo\u017ce by\u0107 uzale\u017cniona r\u00f3wnie\u017c od kraju, ale nie musi. Dzi\u0119ki wprowadzeniu sanitariat\u00f3w pracodawca mo\u017ce zaoszcz\u0119dzi\u0107 oko\u0142o od 110 z\u0142 do nawet 150 z\u0142 na jednym pracowniku przy utrzymaniu tego samego poziomu wyp\u0142aty netto. Zwrot ten jest w ca\u0142o\u015bci zwolniony z podatku dochodowego oraz w wi\u0119kszo\u015bci przypadk\u00f3w tak\u017ce z ZUS, co oznacza, \u017ce przewo\u017anik nie zap\u0142aci ju\u017c wtedy oko\u0142o 350-400 z\u0142 za sk\u0142adki, lecz oko\u0142o 200-220 z\u0142 przy utrzymaniu tego samego poziomu wynagrodzenia netto kierowcy. I warto zaznaczy\u0107, \u017ce 4Trans od Inelo jest w pe\u0142ni dostosowany do automatycznego wyliczania zwrotu koszt\u00f3w za sanitariaty na podstawie odcink\u00f3w zagranicznych \u2013 zaznacza Bart\u0142omiej Zgudziak, zast\u0119pca g\u0142\u00f3wnego eksperta ds. analiz i rozlicze\u0144, Inelo z Grupy Eurowag.<\/p>\n<\/blockquote>\n\n\n\n<h2 class=\"wp-block-heading\" id=\"h-podwyzka-plac-zagranicznej\">Podwy\u017cka p\u0142ac zagranicznej<\/h2>\n\n\n\n<p>Od pocz\u0105tku roku nast\u0105pi\u0142y podwy\u017cki p\u0142acy zagranicznej w poszczeg\u00f3lnych krajach Europy. W niekt\u00f3rych pa\u0144stwach wzrost ten jest niewielki, jednak warto zwr\u00f3ci\u0107 uwag\u0119 na Holandi\u0119, gdzie stawka godzinowa za p\u0142ac\u0119 minimalna podnios\u0142a si\u0119 o 15 proc. (z 11,51 euro na 13,27 euro w 2024), a tak\u017ce na Austri\u0119 \u2013 wzrost na poziomie 10 proc.( z 11,65 euro na 12,78 euro).[1]<\/p>\n\n\n\n<blockquote class=\"wp-block-quote is-layout-flow wp-block-quote-is-layout-flow\">\n<p>-&#8222;W Holandii i Austrii stawka minimalna r\u00f3\u017cni si\u0119 od p\u0142acy minimalnej w Polsce, wi\u0119c trzeba wzi\u0105\u0107 pod uwag\u0119, \u017ce wyr\u00f3wnanie do p\u0142acy zagranicznej mo\u017ce okaza\u0107 si\u0119 znacz\u0105co wy\u017csze w kolejnych miesi\u0105cach dla pracodawc\u00f3w. Nale\u017cy pami\u0119ta\u0107, \u017ce na wysoko\u015b\u0107 wyr\u00f3wnania nie wp\u0142ywa wy\u0142\u0105cznie sama podwy\u017cka danej stawki, ale r\u00f3wnie\u017c to, \u017ce kwota ta odpowiada dodatkowym elementom wynagrodzenia kierowc\u00f3w, takim jak: za prac\u0119 w godzinach nadliczbowych czy w porze nocnej. To r\u00f3wnie\u017c mo\u017ce przek\u0142ada\u0107 si\u0119 na konieczno\u015b\u0107 wyp\u0142acenia wy\u017cszego wyr\u00f3wnania. Oczywi\u015bcie, w niekt\u00f3rych krajach p\u0142aca sektorowa wzros\u0142a jeszcze bardziej ni\u017c w Austrii i Holandii, jak np. w Bu\u0142garii, gdzie podnios\u0142a si\u0119 o 18 proc., ale trzeba pami\u0119ta\u0107 o tym, \u017ce obowi\u0105zuj\u0105ca tam stawka minimalna jest por\u00f3wnywalna do naszej, wi\u0119c dla polskich przedsi\u0119biorc\u00f3w nie b\u0119dzie mia\u0142o to tak wielkiego znaczenia \u2013 podsumowuje Bart\u0142omiej Zgudziak, ekspert Inelo z Grupy Eurowag.<\/p>\n<\/blockquote>\n","protected":false},"author":2,"featured_media":99347,"comment_status":"","ping_status":"closed","template":"","categories":[24],"tags":[167,2244,1101,22906],"class_list":["post-99346","infobus","type-infobus","status-publish","has-post-thumbnail","hentry","category-prawo","tag-autobus","tag-autokar","tag-kierowca","tag-wynagrodzenie"],"acf":[],"yoast_head":"<!-- This site is optimized with the Yoast SEO Premium plugin v21.8 (Yoast SEO v23.7) - https:\/\/yoast.com\/wordpress\/plugins\/seo\/ -->\n<title>Ro\u015bnie p\u0142aca minimalna - rosn\u0105 koszty zatrudnienia kierowc\u00f3w zawodowych - TransInfo Archiwum<\/title>\n<meta name=\"description\" content=\"Rok 2024 to kolejne zmiany w wynagrodzeniach kierowc\u00f3w zawodowych. Jedna ju\u017c wesz\u0142a w \u017cycie, druga czeka w kolejce.\" \/>\n<meta name=\"robots\" content=\"index, follow, max-snippet:-1, max-image-preview:large, max-video-preview:-1\" \/>\n<link rel=\"canonical\" href=\"https:\/\/transinfo.pl\/x\/infobus\/rosnie-placa-minimalna-rosna-koszty-zatrudnienia-kierowcow-zawodowych\/\" \/>\n<meta property=\"og:locale\" content=\"pl_PL\" \/>\n<meta property=\"og:type\" content=\"article\" \/>\n<meta property=\"og:title\" content=\"Ro\u015bnie p\u0142aca minimalna - rosn\u0105 koszty zatrudnienia kierowc\u00f3w zawodowych\" \/>\n<meta property=\"og:description\" content=\"Rok 2024 to kolejne zmiany w wynagrodzeniach kierowc\u00f3w zawodowych. Jedna ju\u017c wesz\u0142a w \u017cycie, druga czeka w kolejce.\" \/>\n<meta property=\"og:url\" content=\"https:\/\/transinfo.pl\/x\/infobus\/rosnie-placa-minimalna-rosna-koszty-zatrudnienia-kierowcow-zawodowych\/\" \/>\n<meta property=\"og:site_name\" content=\"TransInfo Archiwum\" \/>\n<meta property=\"og:image\" content=\"https:\/\/transinfo.pl\/x\/wp-content\/uploads\/2022\/01\/kierowca9-1.jpg\" \/>\n\t<meta property=\"og:image:width\" content=\"1\" \/>\n\t<meta property=\"og:image:height\" content=\"1\" \/>\n\t<meta property=\"og:image:type\" content=\"image\/jpeg\" \/>\n<meta name=\"twitter:card\" content=\"summary_large_image\" \/>\n<meta name=\"twitter:label1\" content=\"Szacowany czas czytania\" \/>\n\t<meta name=\"twitter:data1\" content=\"6 minut\" \/>\n<script type=\"application\/ld+json\" class=\"yoast-schema-graph\">{\"@context\":\"https:\/\/schema.org\",\"@graph\":[{\"@type\":\"WebPage\",\"@id\":\"https:\/\/transinfo.pl\/x\/infobus\/rosnie-placa-minimalna-rosna-koszty-zatrudnienia-kierowcow-zawodowych\/\",\"url\":\"https:\/\/transinfo.pl\/x\/infobus\/rosnie-placa-minimalna-rosna-koszty-zatrudnienia-kierowcow-zawodowych\/\",\"name\":\"Ro\u015bnie p\u0142aca minimalna - rosn\u0105 koszty zatrudnienia kierowc\u00f3w zawodowych - TransInfo Archiwum\",\"isPartOf\":{\"@id\":\"https:\/\/transinfo.pl\/x\/#website\"},\"primaryImageOfPage\":{\"@id\":\"https:\/\/transinfo.pl\/x\/infobus\/rosnie-placa-minimalna-rosna-koszty-zatrudnienia-kierowcow-zawodowych\/#primaryimage\"},\"image\":{\"@id\":\"https:\/\/transinfo.pl\/x\/infobus\/rosnie-placa-minimalna-rosna-koszty-zatrudnienia-kierowcow-zawodowych\/#primaryimage\"},\"thumbnailUrl\":\"https:\/\/transinfo.pl\/x\/wp-content\/uploads\/2022\/01\/kierowca9-1.jpg\",\"datePublished\":\"2024-02-21T12:04:00+00:00\",\"dateModified\":\"2024-02-21T12:04:00+00:00\",\"description\":\"Rok 2024 to kolejne zmiany w wynagrodzeniach kierowc\u00f3w zawodowych. Jedna ju\u017c wesz\u0142a w \u017cycie, druga czeka w kolejce.\",\"breadcrumb\":{\"@id\":\"https:\/\/transinfo.pl\/x\/infobus\/rosnie-placa-minimalna-rosna-koszty-zatrudnienia-kierowcow-zawodowych\/#breadcrumb\"},\"inLanguage\":\"pl-PL\",\"potentialAction\":[{\"@type\":\"ReadAction\",\"target\":[\"https:\/\/transinfo.pl\/x\/infobus\/rosnie-placa-minimalna-rosna-koszty-zatrudnienia-kierowcow-zawodowych\/\"]}]},{\"@type\":\"ImageObject\",\"inLanguage\":\"pl-PL\",\"@id\":\"https:\/\/transinfo.pl\/x\/infobus\/rosnie-placa-minimalna-rosna-koszty-zatrudnienia-kierowcow-zawodowych\/#primaryimage\",\"url\":\"https:\/\/transinfo.pl\/x\/wp-content\/uploads\/2022\/01\/kierowca9-1.jpg\",\"contentUrl\":\"https:\/\/transinfo.pl\/x\/wp-content\/uploads\/2022\/01\/kierowca9-1.jpg\"},{\"@type\":\"BreadcrumbList\",\"@id\":\"https:\/\/transinfo.pl\/x\/infobus\/rosnie-placa-minimalna-rosna-koszty-zatrudnienia-kierowcow-zawodowych\/#breadcrumb\",\"itemListElement\":[{\"@type\":\"ListItem\",\"position\":1,\"name\":\"Home\",\"item\":\"https:\/\/transinfo.pl\/x\/\"},{\"@type\":\"ListItem\",\"position\":2,\"name\":\"Infobus\",\"item\":\"https:\/\/transinfo.pl\/x\/infobus\/\"},{\"@type\":\"ListItem\",\"position\":3,\"name\":\"Ro\u015bnie p\u0142aca minimalna &#8211; rosn\u0105 koszty zatrudnienia kierowc\u00f3w zawodowych\"}]},{\"@type\":\"WebSite\",\"@id\":\"https:\/\/transinfo.pl\/x\/#website\",\"url\":\"https:\/\/transinfo.pl\/x\/\",\"name\":\"TransInfo Archiwum\",\"description\":\"Ca\u0142y transport w jednym miejscu\",\"publisher\":{\"@id\":\"https:\/\/transinfo.pl\/x\/#organization\"},\"potentialAction\":[{\"@type\":\"SearchAction\",\"target\":{\"@type\":\"EntryPoint\",\"urlTemplate\":\"https:\/\/transinfo.pl\/x\/?s={search_term_string}\"},\"query-input\":{\"@type\":\"PropertyValueSpecification\",\"valueRequired\":true,\"valueName\":\"search_term_string\"}}],\"inLanguage\":\"pl-PL\"},{\"@type\":\"Organization\",\"@id\":\"https:\/\/transinfo.pl\/x\/#organization\",\"name\":\"TransInfo\",\"url\":\"https:\/\/transinfo.pl\/x\/\",\"logo\":{\"@type\":\"ImageObject\",\"inLanguage\":\"pl-PL\",\"@id\":\"https:\/\/transinfo.pl\/x\/#\/schema\/logo\/image\/\",\"url\":\"https:\/\/transinfo.pl\/x\/wp-content\/uploads\/2024\/10\/favicon.png\",\"contentUrl\":\"https:\/\/transinfo.pl\/x\/wp-content\/uploads\/2024\/10\/favicon.png\",\"width\":512,\"height\":512,\"caption\":\"TransInfo\"},\"image\":{\"@id\":\"https:\/\/transinfo.pl\/x\/#\/schema\/logo\/image\/\"}}]}<\/script>\n<!-- \/ Yoast SEO Premium plugin. -->","yoast_head_json":{"title":"Ro\u015bnie p\u0142aca minimalna - rosn\u0105 koszty zatrudnienia kierowc\u00f3w zawodowych - TransInfo Archiwum","description":"Rok 2024 to kolejne zmiany w wynagrodzeniach kierowc\u00f3w zawodowych. Jedna ju\u017c wesz\u0142a w \u017cycie, druga czeka w kolejce.","robots":{"index":"index","follow":"follow","max-snippet":"max-snippet:-1","max-image-preview":"max-image-preview:large","max-video-preview":"max-video-preview:-1"},"canonical":"https:\/\/transinfo.pl\/x\/infobus\/rosnie-placa-minimalna-rosna-koszty-zatrudnienia-kierowcow-zawodowych\/","og_locale":"pl_PL","og_type":"article","og_title":"Ro\u015bnie p\u0142aca minimalna - rosn\u0105 koszty zatrudnienia kierowc\u00f3w zawodowych","og_description":"Rok 2024 to kolejne zmiany w wynagrodzeniach kierowc\u00f3w zawodowych. Jedna ju\u017c wesz\u0142a w \u017cycie, druga czeka w kolejce.","og_url":"https:\/\/transinfo.pl\/x\/infobus\/rosnie-placa-minimalna-rosna-koszty-zatrudnienia-kierowcow-zawodowych\/","og_site_name":"TransInfo Archiwum","og_image":[{"url":"https:\/\/transinfo.pl\/x\/wp-content\/uploads\/2022\/01\/kierowca9-1.jpg","width":1,"height":1,"type":"image\/jpeg"}],"twitter_card":"summary_large_image","twitter_misc":{"Szacowany czas czytania":"6 minut"},"schema":{"@context":"https:\/\/schema.org","@graph":[{"@type":"WebPage","@id":"https:\/\/transinfo.pl\/x\/infobus\/rosnie-placa-minimalna-rosna-koszty-zatrudnienia-kierowcow-zawodowych\/","url":"https:\/\/transinfo.pl\/x\/infobus\/rosnie-placa-minimalna-rosna-koszty-zatrudnienia-kierowcow-zawodowych\/","name":"Ro\u015bnie p\u0142aca minimalna - rosn\u0105 koszty zatrudnienia kierowc\u00f3w zawodowych - TransInfo Archiwum","isPartOf":{"@id":"https:\/\/transinfo.pl\/x\/#website"},"primaryImageOfPage":{"@id":"https:\/\/transinfo.pl\/x\/infobus\/rosnie-placa-minimalna-rosna-koszty-zatrudnienia-kierowcow-zawodowych\/#primaryimage"},"image":{"@id":"https:\/\/transinfo.pl\/x\/infobus\/rosnie-placa-minimalna-rosna-koszty-zatrudnienia-kierowcow-zawodowych\/#primaryimage"},"thumbnailUrl":"https:\/\/transinfo.pl\/x\/wp-content\/uploads\/2022\/01\/kierowca9-1.jpg","datePublished":"2024-02-21T12:04:00+00:00","dateModified":"2024-02-21T12:04:00+00:00","description":"Rok 2024 to kolejne zmiany w wynagrodzeniach kierowc\u00f3w zawodowych. Jedna ju\u017c wesz\u0142a w \u017cycie, druga czeka w kolejce.","breadcrumb":{"@id":"https:\/\/transinfo.pl\/x\/infobus\/rosnie-placa-minimalna-rosna-koszty-zatrudnienia-kierowcow-zawodowych\/#breadcrumb"},"inLanguage":"pl-PL","potentialAction":[{"@type":"ReadAction","target":["https:\/\/transinfo.pl\/x\/infobus\/rosnie-placa-minimalna-rosna-koszty-zatrudnienia-kierowcow-zawodowych\/"]}]},{"@type":"ImageObject","inLanguage":"pl-PL","@id":"https:\/\/transinfo.pl\/x\/infobus\/rosnie-placa-minimalna-rosna-koszty-zatrudnienia-kierowcow-zawodowych\/#primaryimage","url":"https:\/\/transinfo.pl\/x\/wp-content\/uploads\/2022\/01\/kierowca9-1.jpg","contentUrl":"https:\/\/transinfo.pl\/x\/wp-content\/uploads\/2022\/01\/kierowca9-1.jpg"},{"@type":"BreadcrumbList","@id":"https:\/\/transinfo.pl\/x\/infobus\/rosnie-placa-minimalna-rosna-koszty-zatrudnienia-kierowcow-zawodowych\/#breadcrumb","itemListElement":[{"@type":"ListItem","position":1,"name":"Home","item":"https:\/\/transinfo.pl\/x\/"},{"@type":"ListItem","position":2,"name":"Infobus","item":"https:\/\/transinfo.pl\/x\/infobus\/"},{"@type":"ListItem","position":3,"name":"Ro\u015bnie p\u0142aca minimalna &#8211; rosn\u0105 koszty zatrudnienia kierowc\u00f3w zawodowych"}]},{"@type":"WebSite","@id":"https:\/\/transinfo.pl\/x\/#website","url":"https:\/\/transinfo.pl\/x\/","name":"TransInfo Archiwum","description":"Ca\u0142y transport w jednym miejscu","publisher":{"@id":"https:\/\/transinfo.pl\/x\/#organization"},"potentialAction":[{"@type":"SearchAction","target":{"@type":"EntryPoint","urlTemplate":"https:\/\/transinfo.pl\/x\/?s={search_term_string}"},"query-input":{"@type":"PropertyValueSpecification","valueRequired":true,"valueName":"search_term_string"}}],"inLanguage":"pl-PL"},{"@type":"Organization","@id":"https:\/\/transinfo.pl\/x\/#organization","name":"TransInfo","url":"https:\/\/transinfo.pl\/x\/","logo":{"@type":"ImageObject","inLanguage":"pl-PL","@id":"https:\/\/transinfo.pl\/x\/#\/schema\/logo\/image\/","url":"https:\/\/transinfo.pl\/x\/wp-content\/uploads\/2024\/10\/favicon.png","contentUrl":"https:\/\/transinfo.pl\/x\/wp-content\/uploads\/2024\/10\/favicon.png","width":512,"height":512,"caption":"TransInfo"},"image":{"@id":"https:\/\/transinfo.pl\/x\/#\/schema\/logo\/image\/"}}]}},"_links":{"self":[{"href":"https:\/\/transinfo.pl\/x\/wp-json\/wp\/v2\/infobus\/99346","targetHints":{"allow":["GET"]}}],"collection":[{"href":"https:\/\/transinfo.pl\/x\/wp-json\/wp\/v2\/infobus"}],"about":[{"href":"https:\/\/transinfo.pl\/x\/wp-json\/wp\/v2\/types\/infobus"}],"author":[{"embeddable":true,"href":"https:\/\/transinfo.pl\/x\/wp-json\/wp\/v2\/users\/2"}],"replies":[{"embeddable":true,"href":"https:\/\/transinfo.pl\/x\/wp-json\/wp\/v2\/comments?post=99346"}],"wp:featuredmedia":[{"embeddable":true,"href":"https:\/\/transinfo.pl\/x\/wp-json\/wp\/v2\/media\/99347"}],"wp:attachment":[{"href":"https:\/\/transinfo.pl\/x\/wp-json\/wp\/v2\/media?parent=99346"}],"wp:term":[{"taxonomy":"category","embeddable":true,"href":"https:\/\/transinfo.pl\/x\/wp-json\/wp\/v2\/categories?post=99346"},{"taxonomy":"post_tag","embeddable":true,"href":"https:\/\/transinfo.pl\/x\/wp-json\/wp\/v2\/tags?post=99346"}],"curies":[{"name":"wp","href":"https:\/\/api.w.org\/{rel}","templated":true}]}}