{"id":98816,"date":"2024-02-01T16:00:00","date_gmt":"2024-02-01T16:00:00","guid":{"rendered":"https:\/\/transinfo.pl\/x\/infobus\/nowe-polaczenia-autobusowe-do-piaseczna\/"},"modified":"2024-02-01T16:00:00","modified_gmt":"2024-02-01T16:00:00","slug":"nowe-polaczenia-autobusowe-do-piaseczna","status":"publish","type":"infobus","link":"https:\/\/transinfo.pl\/x\/infobus\/nowe-polaczenia-autobusowe-do-piaseczna\/","title":{"rendered":"Nowe po\u0142\u0105czenia autobusowe do Piaseczna"},"content":{"rendered":"<style>h1,h2,h3,h4,h5,h6{margin:0 0 1.25rem;font-family:Arial,sans-serif;font-weight:600;color:#050505}h1{font-size:1.875rem;line-height:1.1em;text-transform:none}@media(min-width: 768px){h1{font-size:2.375rem}}h2{font-size:1.1875rem;line-height:1.2em;text-transform:uppercase}@media(min-width: 768px){h2{font-size:1.0625rem}}h3{font-size:0.9375rem;line-height:1.4em;font-weight:900;margin-bottom:0.9375rem}h4{font-size:0.875rem;line-height:1.2em;font-weight:500}h5{font-size:0.9375rem;line-height:1.6;font-weight:400}h6{font-size:0.9375rem;line-height:1.6;font-weight:600}\n<\/style>\n<h3 class=\"wp-block-heading\" id=\"h-niebawem-pasazerowie-z-jozefoslawia-i-julianowa-zyskaja-nowe-polaczenia-autobusowe-linia-l33-kursujaca-z-zamienia-do-stacji-pkp-jeziorki-zostanie-przedluzona-do-jozefoslawia-i-piaseczna\"><strong>Niebawem pasa\u017cerowie z J\u00f3zefos\u0142awia i Julianowa zyskaj\u0105 nowe po\u0142\u0105czenia autobusowe. Linia L33 kursuj\u0105ca z Zamienia do stacji PKP Jeziorki zostanie przed\u0142u\u017cona do J\u00f3zefos\u0142awia i Piaseczna. <\/strong><\/h3>\n\n\n<style>p{margin:0 0 1.5rem}p:last-child{margin:0}p.is-style-uppercase{text-transform:uppercase}p.is-style-preheading{color:#12406a;text-transform:uppercase}p.is-style-leadparagraph{font-size:1rem;line-height:1.625;font-weight:700}@media(min-width: 768px){p.is-style-leadparagraph{font-size:1.125rem;line-height:1.5555555556}}p.has-small-margin{margin-bottom:0.625rem}p.has-small-margin+h1,p.has-small-margin+h2,p.has-small-margin+h3{margin-top:1.875rem}\n<\/style>\n<p>Z kolei linia L39 zostanie skr\u00f3cona do Mysiad\u0142a.<\/p>\n\n\n\n<h2 class=\"wp-block-heading\" id=\"h-l33-nowa-linia-w-piasecznie\"><strong>L33 \u2013 nowa linia w Piasecznie<\/strong><\/h2>\n\n\n\n<p>W celu poprawy oferty transportu publicznego w p\u00f3\u0142nocnej cz\u0119\u015bci gminy ju\u017c w lutym 2024 r. wprowadzone zostan\u0105 zmiany w kursowaniu linii L39 oraz doje\u017cd\u017caj\u0105cej dot\u0105d tylko do stacji PKP Jeziorki z Zamienia linii L33. Pozwoli to pasa\u017cerom na \u0142atwiejszy dojazd do Warszawy zar\u00f3wno poci\u0105giem ze stacji PKP Jeziorki, jak i autobusem ulic\u0105 Pu\u0142awsk\u0105 do stacji metra Wilanowska.<\/p>\n\n\n\n<p>Dzi\u0119ki wsp\u00f3\u0142pracy Gminy Piaseczno z Zarz\u0105dem Transportu Miejskiego w Warszawie oraz Gmin\u0105 Lesznowola zostanie wyd\u0142u\u017cona trasa linii L33, kt\u00f3r\u0105 b\u0119dzie mo\u017cna dojecha\u0107 z J\u00f3zefos\u0142awia i Piaseczna do stacji PKP Jeziorki oraz do ul. Pu\u0142awskiej, gdzie w godzinach szczytu co kilka minut kursuj\u0105 autobusy doje\u017cd\u017caj\u0105ce do p\u0119tli Wilanowska. Autobus b\u0119dzie kursowa\u0142 ulic\u0105 Energetyczn\u0105, dzi\u0119ki czemu okoliczni mieszka\u0144cy zyskaj\u0105 po\u0142\u0105czenie autobusowe, kt\u00f3rego dot\u0105d nie by\u0142o w tym rejonie.<\/p>\n\n\n\n<p><\/p>\n\n\n<style>.wp-block-image{margin:1.25rem 0;text-align:center}.wp-block-image figcaption{padding:0 0.9375rem;text-align:center}\n<\/style>\n<figure class=\"wp-block-image size-large\"><a href=\"https:\/\/transinfo.pl\/wp-content\/uploads\/2024\/02\/Mapa-polaczen-L33-i-L39.jpg\"><img decoding=\"async\" src=\"https:\/\/transinfo.pl\/wp-content\/uploads\/2024\/02\/Mapa-polaczen-L33-i-L39-1024x619.jpg\" alt=\"Niebawem pasa\u017cerowie z J\u00f3zefos\u0142awia i Julianowa zyskaj\u0105 nowe po\u0142\u0105czenia autobusowe. Linia L33 kursuj\u0105ca z Zamienia do stacji PKP Jeziorki zostanie przed\u0142u\u017cona do J\u00f3zefos\u0142awia i Piaseczna. \" class=\"wp-image-462308\" \/><\/a><figcaption class=\"wp-element-caption\">Schemat linii L33 i L39<\/figcaption><\/figure>\n\n\n\n<p><\/p>\n\n\n\n<h2 class=\"wp-block-heading\"><strong>L39 \u2013 kr\u00f3tsz\u0105 tras\u0105 i punktualnie<\/strong><\/h2>\n\n\n\n<p>Jednym z najwi\u0119kszych problem\u00f3w w kursowaniu g\u0142\u00f3wnej linii obs\u0142uguj\u0105cej miasto Piaseczno \u2013 L39 \u2013 s\u0105 bardzo cz\u0119ste sp\u00f3\u017anienia, czy nawet \u201ewypadanie\u201d kurs\u00f3w. Wynika to z d\u0142ugo\u015bci trasy, na kt\u00f3rej zw\u0142aszcza w godzinach szczytu autobusy \u0142atwo mog\u0105 utkn\u0105\u0107 w korku w kilku miejscach, przez co dany kurs ulega wyd\u0142u\u017ceniu. Uruchomienie po\u0142\u0105cze\u0144 lini\u0105 L33 z PKP Jeziorki pozwoli na skr\u00f3cenie trasy linii L39, dzi\u0119ki czemu powinna si\u0119 zdecydowanie poprawi\u0107 punktualno\u015b\u0107 kursowania tej linii. Mieszka\u0144cy Piaseczna, Julianowa i J\u00f3zefos\u0142awia podobnie jak dotychczas b\u0119d\u0105 mogli dojecha\u0107 autobusami linii L39 do ul. Pu\u0142awskiej, a tam przesi\u0105\u015b\u0107 si\u0119 w autobusy linii 709 czy 727 i dojecha\u0107 buspasem do metra w ci\u0105gu maksymalnie 20 minut.<\/p>\n\n\n\n<p>Obecnie trwa ustalanie szczeg\u00f3\u0142\u00f3w mi\u0119dzy obiema gminami i ZTM. Decyzje co do ostatecznego kszta\u0142tu proponowanych zmian oraz terminu ich wdro\u017cenia zapadn\u0105 w najbli\u017cszych dniach. Jeste\u015bmy w sta\u0142ym kontakcie z ZTM, kt\u00f3ry obecnie uzgadnia mo\u017cliwo\u015bci formalne wynikaj\u0105ce z przepis\u00f3w prawa i obowi\u0105zuj\u0105cych um\u00f3w przewozowych.<\/p>\n","protected":false},"author":3,"featured_media":98817,"comment_status":"","ping_status":"closed","template":"","categories":[28],"tags":[167,22640,1796,140],"class_list":["post-98816","infobus","type-infobus","status-publish","has-post-thumbnail","hentry","category-pasazer","tag-autobus","tag-linia-autobusowa","tag-piaseczno","tag-ztm-warszawa"],"acf":[],"yoast_head":"<!-- This site is optimized with the Yoast SEO Premium plugin v21.8 (Yoast SEO v23.7) - https:\/\/yoast.com\/wordpress\/plugins\/seo\/ -->\n<title>Nowe po\u0142\u0105czenia autobusowe do Piaseczna - TransInfo Archiwum<\/title>\n<meta name=\"description\" content=\"Linia L33 kursuj\u0105ca z Zamienia do stacji PKP Jeziorki zostanie przed\u0142u\u017cona do J\u00f3zefos\u0142awia i Piaseczna. Ju\u017c niebawem.\" \/>\n<meta name=\"robots\" content=\"index, follow, max-snippet:-1, max-image-preview:large, max-video-preview:-1\" \/>\n<link rel=\"canonical\" href=\"https:\/\/transinfo.pl\/x\/infobus\/nowe-polaczenia-autobusowe-do-piaseczna\/\" \/>\n<meta property=\"og:locale\" content=\"pl_PL\" \/>\n<meta property=\"og:type\" content=\"article\" \/>\n<meta property=\"og:title\" content=\"Nowe po\u0142\u0105czenia autobusowe do Piaseczna\" \/>\n<meta property=\"og:description\" content=\"Linia L33 kursuj\u0105ca z Zamienia do stacji PKP Jeziorki zostanie przed\u0142u\u017cona do J\u00f3zefos\u0142awia i Piaseczna. Ju\u017c niebawem.\" \/>\n<meta property=\"og:url\" content=\"https:\/\/transinfo.pl\/x\/infobus\/nowe-polaczenia-autobusowe-do-piaseczna\/\" \/>\n<meta property=\"og:site_name\" content=\"TransInfo Archiwum\" \/>\n<meta property=\"og:image\" content=\"https:\/\/transinfo.pl\/x\/wp-content\/uploads\/2024\/02\/piaseczno.jpg\" \/>\n\t<meta property=\"og:image:width\" content=\"1\" \/>\n\t<meta property=\"og:image:height\" content=\"1\" \/>\n\t<meta property=\"og:image:type\" content=\"image\/jpeg\" \/>\n<meta name=\"twitter:card\" content=\"summary_large_image\" \/>\n<meta name=\"twitter:label1\" content=\"Szacowany czas czytania\" \/>\n\t<meta name=\"twitter:data1\" content=\"2 minuty\" \/>\n<script type=\"application\/ld+json\" class=\"yoast-schema-graph\">{\"@context\":\"https:\/\/schema.org\",\"@graph\":[{\"@type\":\"WebPage\",\"@id\":\"https:\/\/transinfo.pl\/x\/infobus\/nowe-polaczenia-autobusowe-do-piaseczna\/\",\"url\":\"https:\/\/transinfo.pl\/x\/infobus\/nowe-polaczenia-autobusowe-do-piaseczna\/\",\"name\":\"Nowe po\u0142\u0105czenia autobusowe do Piaseczna - TransInfo Archiwum\",\"isPartOf\":{\"@id\":\"https:\/\/transinfo.pl\/x\/#website\"},\"primaryImageOfPage\":{\"@id\":\"https:\/\/transinfo.pl\/x\/infobus\/nowe-polaczenia-autobusowe-do-piaseczna\/#primaryimage\"},\"image\":{\"@id\":\"https:\/\/transinfo.pl\/x\/infobus\/nowe-polaczenia-autobusowe-do-piaseczna\/#primaryimage\"},\"thumbnailUrl\":\"https:\/\/transinfo.pl\/x\/wp-content\/uploads\/2024\/02\/piaseczno.jpg\",\"datePublished\":\"2024-02-01T16:00:00+00:00\",\"dateModified\":\"2024-02-01T16:00:00+00:00\",\"description\":\"Linia L33 kursuj\u0105ca z Zamienia do stacji PKP Jeziorki zostanie przed\u0142u\u017cona do J\u00f3zefos\u0142awia i Piaseczna. Ju\u017c niebawem.\",\"breadcrumb\":{\"@id\":\"https:\/\/transinfo.pl\/x\/infobus\/nowe-polaczenia-autobusowe-do-piaseczna\/#breadcrumb\"},\"inLanguage\":\"pl-PL\",\"potentialAction\":[{\"@type\":\"ReadAction\",\"target\":[\"https:\/\/transinfo.pl\/x\/infobus\/nowe-polaczenia-autobusowe-do-piaseczna\/\"]}]},{\"@type\":\"ImageObject\",\"inLanguage\":\"pl-PL\",\"@id\":\"https:\/\/transinfo.pl\/x\/infobus\/nowe-polaczenia-autobusowe-do-piaseczna\/#primaryimage\",\"url\":\"https:\/\/transinfo.pl\/x\/wp-content\/uploads\/2024\/02\/piaseczno.jpg\",\"contentUrl\":\"https:\/\/transinfo.pl\/x\/wp-content\/uploads\/2024\/02\/piaseczno.jpg\"},{\"@type\":\"BreadcrumbList\",\"@id\":\"https:\/\/transinfo.pl\/x\/infobus\/nowe-polaczenia-autobusowe-do-piaseczna\/#breadcrumb\",\"itemListElement\":[{\"@type\":\"ListItem\",\"position\":1,\"name\":\"Home\",\"item\":\"https:\/\/transinfo.pl\/x\/\"},{\"@type\":\"ListItem\",\"position\":2,\"name\":\"Infobus\",\"item\":\"https:\/\/transinfo.pl\/x\/infobus\/\"},{\"@type\":\"ListItem\",\"position\":3,\"name\":\"Nowe po\u0142\u0105czenia autobusowe do Piaseczna\"}]},{\"@type\":\"WebSite\",\"@id\":\"https:\/\/transinfo.pl\/x\/#website\",\"url\":\"https:\/\/transinfo.pl\/x\/\",\"name\":\"TransInfo Archiwum\",\"description\":\"Ca\u0142y transport w jednym miejscu\",\"publisher\":{\"@id\":\"https:\/\/transinfo.pl\/x\/#organization\"},\"potentialAction\":[{\"@type\":\"SearchAction\",\"target\":{\"@type\":\"EntryPoint\",\"urlTemplate\":\"https:\/\/transinfo.pl\/x\/?s={search_term_string}\"},\"query-input\":{\"@type\":\"PropertyValueSpecification\",\"valueRequired\":true,\"valueName\":\"search_term_string\"}}],\"inLanguage\":\"pl-PL\"},{\"@type\":\"Organization\",\"@id\":\"https:\/\/transinfo.pl\/x\/#organization\",\"name\":\"TransInfo\",\"url\":\"https:\/\/transinfo.pl\/x\/\",\"logo\":{\"@type\":\"ImageObject\",\"inLanguage\":\"pl-PL\",\"@id\":\"https:\/\/transinfo.pl\/x\/#\/schema\/logo\/image\/\",\"url\":\"https:\/\/transinfo.pl\/x\/wp-content\/uploads\/2024\/10\/favicon.png\",\"contentUrl\":\"https:\/\/transinfo.pl\/x\/wp-content\/uploads\/2024\/10\/favicon.png\",\"width\":512,\"height\":512,\"caption\":\"TransInfo\"},\"image\":{\"@id\":\"https:\/\/transinfo.pl\/x\/#\/schema\/logo\/image\/\"}}]}<\/script>\n<!-- \/ Yoast SEO Premium plugin. -->","yoast_head_json":{"title":"Nowe po\u0142\u0105czenia autobusowe do Piaseczna - TransInfo Archiwum","description":"Linia L33 kursuj\u0105ca z Zamienia do stacji PKP Jeziorki zostanie przed\u0142u\u017cona do J\u00f3zefos\u0142awia i Piaseczna. Ju\u017c niebawem.","robots":{"index":"index","follow":"follow","max-snippet":"max-snippet:-1","max-image-preview":"max-image-preview:large","max-video-preview":"max-video-preview:-1"},"canonical":"https:\/\/transinfo.pl\/x\/infobus\/nowe-polaczenia-autobusowe-do-piaseczna\/","og_locale":"pl_PL","og_type":"article","og_title":"Nowe po\u0142\u0105czenia autobusowe do Piaseczna","og_description":"Linia L33 kursuj\u0105ca z Zamienia do stacji PKP Jeziorki zostanie przed\u0142u\u017cona do J\u00f3zefos\u0142awia i Piaseczna. Ju\u017c niebawem.","og_url":"https:\/\/transinfo.pl\/x\/infobus\/nowe-polaczenia-autobusowe-do-piaseczna\/","og_site_name":"TransInfo Archiwum","og_image":[{"url":"https:\/\/transinfo.pl\/x\/wp-content\/uploads\/2024\/02\/piaseczno.jpg","width":1,"height":1,"type":"image\/jpeg"}],"twitter_card":"summary_large_image","twitter_misc":{"Szacowany czas czytania":"2 minuty"},"schema":{"@context":"https:\/\/schema.org","@graph":[{"@type":"WebPage","@id":"https:\/\/transinfo.pl\/x\/infobus\/nowe-polaczenia-autobusowe-do-piaseczna\/","url":"https:\/\/transinfo.pl\/x\/infobus\/nowe-polaczenia-autobusowe-do-piaseczna\/","name":"Nowe po\u0142\u0105czenia autobusowe do Piaseczna - TransInfo Archiwum","isPartOf":{"@id":"https:\/\/transinfo.pl\/x\/#website"},"primaryImageOfPage":{"@id":"https:\/\/transinfo.pl\/x\/infobus\/nowe-polaczenia-autobusowe-do-piaseczna\/#primaryimage"},"image":{"@id":"https:\/\/transinfo.pl\/x\/infobus\/nowe-polaczenia-autobusowe-do-piaseczna\/#primaryimage"},"thumbnailUrl":"https:\/\/transinfo.pl\/x\/wp-content\/uploads\/2024\/02\/piaseczno.jpg","datePublished":"2024-02-01T16:00:00+00:00","dateModified":"2024-02-01T16:00:00+00:00","description":"Linia L33 kursuj\u0105ca z Zamienia do stacji PKP Jeziorki zostanie przed\u0142u\u017cona do J\u00f3zefos\u0142awia i Piaseczna. Ju\u017c niebawem.","breadcrumb":{"@id":"https:\/\/transinfo.pl\/x\/infobus\/nowe-polaczenia-autobusowe-do-piaseczna\/#breadcrumb"},"inLanguage":"pl-PL","potentialAction":[{"@type":"ReadAction","target":["https:\/\/transinfo.pl\/x\/infobus\/nowe-polaczenia-autobusowe-do-piaseczna\/"]}]},{"@type":"ImageObject","inLanguage":"pl-PL","@id":"https:\/\/transinfo.pl\/x\/infobus\/nowe-polaczenia-autobusowe-do-piaseczna\/#primaryimage","url":"https:\/\/transinfo.pl\/x\/wp-content\/uploads\/2024\/02\/piaseczno.jpg","contentUrl":"https:\/\/transinfo.pl\/x\/wp-content\/uploads\/2024\/02\/piaseczno.jpg"},{"@type":"BreadcrumbList","@id":"https:\/\/transinfo.pl\/x\/infobus\/nowe-polaczenia-autobusowe-do-piaseczna\/#breadcrumb","itemListElement":[{"@type":"ListItem","position":1,"name":"Home","item":"https:\/\/transinfo.pl\/x\/"},{"@type":"ListItem","position":2,"name":"Infobus","item":"https:\/\/transinfo.pl\/x\/infobus\/"},{"@type":"ListItem","position":3,"name":"Nowe po\u0142\u0105czenia autobusowe do Piaseczna"}]},{"@type":"WebSite","@id":"https:\/\/transinfo.pl\/x\/#website","url":"https:\/\/transinfo.pl\/x\/","name":"TransInfo Archiwum","description":"Ca\u0142y transport w jednym miejscu","publisher":{"@id":"https:\/\/transinfo.pl\/x\/#organization"},"potentialAction":[{"@type":"SearchAction","target":{"@type":"EntryPoint","urlTemplate":"https:\/\/transinfo.pl\/x\/?s={search_term_string}"},"query-input":{"@type":"PropertyValueSpecification","valueRequired":true,"valueName":"search_term_string"}}],"inLanguage":"pl-PL"},{"@type":"Organization","@id":"https:\/\/transinfo.pl\/x\/#organization","name":"TransInfo","url":"https:\/\/transinfo.pl\/x\/","logo":{"@type":"ImageObject","inLanguage":"pl-PL","@id":"https:\/\/transinfo.pl\/x\/#\/schema\/logo\/image\/","url":"https:\/\/transinfo.pl\/x\/wp-content\/uploads\/2024\/10\/favicon.png","contentUrl":"https:\/\/transinfo.pl\/x\/wp-content\/uploads\/2024\/10\/favicon.png","width":512,"height":512,"caption":"TransInfo"},"image":{"@id":"https:\/\/transinfo.pl\/x\/#\/schema\/logo\/image\/"}}]}},"_links":{"self":[{"href":"https:\/\/transinfo.pl\/x\/wp-json\/wp\/v2\/infobus\/98816","targetHints":{"allow":["GET"]}}],"collection":[{"href":"https:\/\/transinfo.pl\/x\/wp-json\/wp\/v2\/infobus"}],"about":[{"href":"https:\/\/transinfo.pl\/x\/wp-json\/wp\/v2\/types\/infobus"}],"author":[{"embeddable":true,"href":"https:\/\/transinfo.pl\/x\/wp-json\/wp\/v2\/users\/3"}],"replies":[{"embeddable":true,"href":"https:\/\/transinfo.pl\/x\/wp-json\/wp\/v2\/comments?post=98816"}],"wp:featuredmedia":[{"embeddable":true,"href":"https:\/\/transinfo.pl\/x\/wp-json\/wp\/v2\/media\/98817"}],"wp:attachment":[{"href":"https:\/\/transinfo.pl\/x\/wp-json\/wp\/v2\/media?parent=98816"}],"wp:term":[{"taxonomy":"category","embeddable":true,"href":"https:\/\/transinfo.pl\/x\/wp-json\/wp\/v2\/categories?post=98816"},{"taxonomy":"post_tag","embeddable":true,"href":"https:\/\/transinfo.pl\/x\/wp-json\/wp\/v2\/tags?post=98816"}],"curies":[{"name":"wp","href":"https:\/\/api.w.org\/{rel}","templated":true}]}}