{"id":98702,"date":"2024-01-28T08:00:00","date_gmt":"2024-01-28T08:00:00","guid":{"rendered":"https:\/\/transinfo.pl\/x\/infobus\/gdynia-przywraca-zawieszone-linie-komunikacyjne\/"},"modified":"2024-01-28T08:00:00","modified_gmt":"2024-01-28T08:00:00","slug":"gdynia-przywraca-zawieszone-linie-komunikacyjne","status":"publish","type":"infobus","link":"https:\/\/transinfo.pl\/x\/infobus\/gdynia-przywraca-zawieszone-linie-komunikacyjne\/","title":{"rendered":"Gdynia przywraca zawieszone linie komunikacyjne"},"content":{"rendered":"<style>h1,h2,h3,h4,h5,h6{margin:0 0 1.25rem;font-family:Arial,sans-serif;font-weight:600;color:#050505}h1{font-size:1.875rem;line-height:1.1em;text-transform:none}@media(min-width: 768px){h1{font-size:2.375rem}}h2{font-size:1.1875rem;line-height:1.2em;text-transform:uppercase}@media(min-width: 768px){h2{font-size:1.0625rem}}h3{font-size:0.9375rem;line-height:1.4em;font-weight:900;margin-bottom:0.9375rem}h4{font-size:0.875rem;line-height:1.2em;font-weight:500}h5{font-size:0.9375rem;line-height:1.6;font-weight:400}h6{font-size:0.9375rem;line-height:1.6;font-weight:600}\n<\/style>\n<h3 class=\"wp-block-heading\" id=\"h-na-skutek-wprowadzonych-przez-polski-lad-zmian-podatkowych-ktore-drastycznie-ograniczyly-dochody-samorzadow-w-styczniu-2023-roku-gdynia-byla-zmuszona-czasowo-zawiesic-niektore-polaczenia-komunikacji-miejskiej-informuje-tamtejszy-urzad-miasta\">Na skutek wprowadzonych przez Polski \u0141ad zmian podatkowych, kt\u00f3re drastycznie ograniczy\u0142y dochody samorz\u0105d\u00f3w, w styczniu 2023 roku Gdynia by\u0142a zmuszona czasowo zawiesi\u0107 niekt\u00f3re po\u0142\u0105czenia komunikacji miejskiej &#8211; informuje tamtejszy Urz\u0105d Miasta. <\/h3>\n\n\n<style>p{margin:0 0 1.5rem}p:last-child{margin:0}p.is-style-uppercase{text-transform:uppercase}p.is-style-preheading{color:#12406a;text-transform:uppercase}p.is-style-leadparagraph{font-size:1rem;line-height:1.625;font-weight:700}@media(min-width: 768px){p.is-style-leadparagraph{font-size:1.125rem;line-height:1.5555555556}}p.has-small-margin{margin-bottom:0.625rem}p.has-small-margin+h1,p.has-small-margin+h2,p.has-small-margin+h3{margin-top:1.875rem}\n<\/style>\n<p>Po roku, a dok\u0142adnie 12 i 26 lutego linie zostan\u0105 przywr\u00f3cone. <\/p>\n\n\n\n<h2 class=\"wp-block-heading\" id=\"h-wiecej-linii-wyjedzie-na-trasy\">Wi\u0119cej linii wyjedzie na trasy <\/h2>\n\n\n\n<p>Stycze\u0144 jest ostatnim miesi\u0105cem okrojonych po\u0142\u0105cze\u0144 komunikacji miejskiej w\u00a0Gdyni. Wraz z powrotem uczni\u00f3w do szk\u00f3\u0142, po feriach powr\u00f3c\u0105 linie zawieszone w styczniu ub. r. na skutek ci\u0119\u0107 finansowych, wymuszonych zmianami podatkowymi\u00a0Polskiego \u0141adu, wi\u0119ksz\u0105 centralizacj\u0105 decyzji i inflacj\u0105.<\/p>\n\n\n<style>.wp-block-quote{border-left:0.1875rem solid var(--page-color);font-size:1rem;font-style:italic;margin:0 0 1.6875rem;padding:1.25rem}.wp-block-quote cite{color:#050505}.wp-block-quote.is-style-large p{margin-bottom:10px}.wp-block-quote.is-style-large cite{color:#12406a}\n<\/style>\n<blockquote class=\"wp-block-quote is-layout-flow wp-block-quote-is-layout-flow\">\n<p>\u2013\u00a0Mamy dla Pa\u0144stwa, a przede wszystkim dla mieszka\u0144c\u00f3w\u00a0Gdyni, bardzo dobr\u0105 informacj\u0119. Po bardzo trudnym okresie, w kt\u00f3rym polskim samorz\u0105dom, w tym tak\u017ce\u00a0Gdyni, odebrano bardzo du\u017co pieni\u0119dzy, okresie w kt\u00f3rym dla normalnego funkcjonowania musieli\u015bmy zawiesi\u0107 w roku 2023 grup\u0119 linii komunikacji miejskiej funkcjonuj\u0105cej w naszym mie\u015bcie, z rado\u015bci\u0105 og\u0142aszam, \u017ce zaraz po feriach szkolnych uruchamiamy ponownie wszystkie te po\u0142\u0105czenia. Wszystkie te po\u0142\u0105czenia uruchamiamy zar\u00f3wno w przebiegu jak i w cz\u0119stotliwo\u015bci, kt\u00f3re funkcjonowa\u0142y przed rokiem 2023. Ale tak\u017ce dodamy nowe po\u0142\u0105czenia komunikacji miejskiej, bo strategia miasta zak\u0142ada, \u017ce komunikacja miejska, jej rozw\u00f3j, przybywanie nowych po\u0142\u0105cze\u0144, lepsza cz\u0119stotliwo\u015b\u0107, nowoczesny tabor &#8211; to jeden z fundament\u00f3w funkcjonowania nowoczesnego miasta, jakim jest\u00a0Gdynia. B\u0119dziemy je rozwija\u0107 w przysz\u0142o\u015bci, mamy plany dotycz\u0105ce kolejnych uruchamianych nowych po\u0142\u0105cze\u0144 komunikacji miejskiej \u2013 m\u00f3wi\u0142 podczas briefingu\u00a0Wojciech Szczurek, prezydent Gdyni.<\/p>\n<\/blockquote>\n\n\n\n<p><\/p>\n\n\n<style>.wp-block-image{margin:1.25rem 0;text-align:center}.wp-block-image figcaption{padding:0 0.9375rem;text-align:center}\n<\/style>\n<figure class=\"wp-block-image size-large\"><a href=\"https:\/\/transinfo.pl\/wp-content\/uploads\/2024\/01\/gdynia2.jpg\"><img decoding=\"async\" src=\"https:\/\/transinfo.pl\/wp-content\/uploads\/2024\/01\/gdynia2-1024x683.jpg\" alt=\"Stycze\u0144 jest ostatnim miesi\u0105cem okrojonych po\u0142\u0105cze\u0144 komunikacji miejskiej w\u00a0Gdyni. Wraz z powrotem uczni\u00f3w do szk\u00f3\u0142, po feriach powr\u00f3c\u0105 linie zawieszone w styczniu ub. r. \" class=\"wp-image-461951\" \/><\/a><figcaption class=\"wp-element-caption\">Gdynia i Sopot przywracaj\u0105 zawieszone linie\/foto: gdynia.pl<\/figcaption><\/figure>\n\n\n\n<p><\/p>\n\n\n\n<h2 class=\"wp-block-heading\" id=\"h-operacja-logistyczna\">Operacja logistyczna<\/h2>\n\n\n\n<p>Przywracanie po\u0142\u0105cze\u0144 to ogromna operacja logistyczna, wymagaj\u0105ca wprowadzenia do ruchu\u00a019 dodatkowych pojazd\u00f3w komunikacji miejskiej, obs\u0142ugiwanych przez\u00a035 kierowc\u00f3w. To tak\u017ce wymiana oko\u0142o\u00a03 tys. rozk\u0142ad\u00f3w jazdy\u00a0na ponad\u00a0500 przystankach, dlatego przedsi\u0119wzi\u0119cie zosta\u0142o podzielone na\u00a0dwie tury.<\/p>\n\n\n\n<p>Od\u00a0poniedzia\u0142ku, 12 lutego\u00a0ponownie uruchomione zostan\u0105 linie:<\/p>\n\n\n<style>.page-content ul:not([class]),.acf-block ul:not([class]),.editor-rich-text ul,ol{padding-left:0.9375rem;margin-top:0;margin-bottom:1.5rem}.page-content ul:not([class]) ul,.page-content ul:not([class]) ol,.acf-block ul:not([class]) ul,.acf-block ul:not([class]) ol,.editor-rich-text ul ul,.editor-rich-text ul ol,ol ul,ol ol{margin:0}.page-content ul:not([class]) li,.acf-block ul:not([class]) li,.editor-rich-text ul li,ol li{margin-bottom:1.5rem}ul.with-icons{list-style:none;margin-left:0;padding-left:0}ul.with-icons li{margin-bottom:1.875rem}ul.with-icons li img{margin-bottom:15px}\n<\/style>\n<ul class=\"wp-block-list\">\n<li>autobusowa, pospieszna&nbsp;<strong>W<\/strong>&nbsp;\u2013 z&nbsp;<strong>Pustek Cisowskich<\/strong>&nbsp;do&nbsp;<strong>szpitala w Red\u0142owie<\/strong>&nbsp;przez&nbsp;<strong>Witomino<\/strong>;<\/li>\n\n\n\n<li>trolejbusowa&nbsp;<strong>34<\/strong>&nbsp;\u2013 z&nbsp;<strong>Demptowa<\/strong>&nbsp;do&nbsp;<strong>w\u0119z\u0142a Franciszki Cegielskiej<\/strong>;<\/li>\n\n\n\n<li>autobusowa&nbsp;<strong>182<\/strong>&nbsp;\u2013 z&nbsp;<strong>Ob\u0142u\u017ca<\/strong>&nbsp;do&nbsp;<strong>w\u0119z\u0142a Franciszki Cegielskiej<\/strong>;<\/li>\n\n\n\n<li>autobusowa&nbsp;<strong>163<\/strong>&nbsp;\u0142\u0105cz\u0105c\u0105 p\u00f3\u0142nocne dzielnice:&nbsp;<strong>Pog\u00f3rze G\u00f3rne<\/strong>,&nbsp;<strong>Oksywie<\/strong>&nbsp;i&nbsp;<strong>Ob\u0142u\u017ce<\/strong>&nbsp;z&nbsp;<strong>Chyloni\u0105<\/strong>;<\/li>\n\n\n\n<li>autobusowa\u00a0<strong>196<\/strong>\u00a0\u2013 z\u00a0<strong>Babich Do\u0142\u00f3w<\/strong>\u00a0do\u00a0<strong>Domu Marynarza<\/strong>.<\/li>\n<\/ul>\n\n\n\n<p>Przywr\u00f3cone zostanie tak\u017ce ca\u0142onocne funkcjonowanie linii nocnych\u00a0<strong>N10<\/strong>\u00a0i\u00a0<strong>N20<\/strong>\u00a0oraz wcze\u015bniejsza trasa i cz\u0119stotliwo\u015b\u0107 kurs\u00f3w na linii\u00a0<strong>119<\/strong>, a tak\u017ce zwi\u0119kszy si\u0119 liczba kurs\u00f3w na linii\u00a0<strong>121<\/strong>.<\/p>\n\n\n\n<p>Dwa tygodnie p\u00f3\u017aniej, od&nbsp;<strong>poniedzia\u0142ku 26 lutego<\/strong>, wejdzie drugi etap zmian &#8211; przywr\u00f3cenie linii trolejbusowej&nbsp;<strong>30<\/strong>&nbsp;z&nbsp;<strong>Cisowy<\/strong>&nbsp;do&nbsp;<strong>centrum<\/strong>&nbsp;oraz ponowne skierowanie linii trolejbusowej&nbsp;<strong>23<\/strong>&nbsp;do&nbsp;<strong>p\u0119tli Kacze Buki<\/strong>&nbsp;i linii autobusowej&nbsp;<strong>152<\/strong>&nbsp;do&nbsp;<strong>p\u0119tli Ma\u0142y Kack Sandomierska<\/strong>.<\/p>\n\n\n\n<p>Aby obs\u0142u\u017cy\u0107 osiedla przy\u00a0<strong>ul. Strzelc\u00f3w<\/strong>\u00a0w\u00a0<strong>Ma\u0142ym Kacku<\/strong>\u00a0w zamian za lini\u0119\u00a0<strong>23<\/strong>, linia trolejbusowa\u00a0<strong>32<\/strong>\u00a0skierowana zostanie na p\u0119tl\u0119 przy tej ulicy. Trolejbusy tej linii zwi\u0119ksz\u0105 wykorzystanie nowego buspasa w ci\u0105gu\u00a0<strong>ul. Wielkopolskiej<\/strong>, zrealizowanego w ramach inwestycji\u00a0<strong>W\u0119z\u0142a Karwiny<\/strong>.<\/p>\n\n\n\n<p><\/p>\n\n\n\n<figure class=\"wp-block-image size-large\"><img decoding=\"async\" src=\"https:\/\/transinfo.pl\/wp-content\/uploads\/2024\/01\/gdynia1-1024x683.jpg\" alt=\"Stycze\u0144 jest ostatnim miesi\u0105cem okrojonych po\u0142\u0105cze\u0144 komunikacji miejskiej w\u00a0Gdyni. Wraz z powrotem uczni\u00f3w do szk\u00f3\u0142, po feriach powr\u00f3c\u0105 linie zawieszone w styczniu ub. r. \" class=\"wp-image-461950\" \/><figcaption class=\"wp-element-caption\">Gdynia i Sopot przywracaj\u0105 zawieszone linie \/ foto: gdynia.pl<\/figcaption><\/figure>\n\n\n\n<p><\/p>\n\n\n\n<p>Z pocz\u0105tkiem wakacji letnich przywr\u00f3cone zostan\u0105 dwie autobusowe linie sezonowe:&nbsp;<strong>G<\/strong>&nbsp;do&nbsp;<strong>ZOO w Gda\u0144sku Oliwie<\/strong>&nbsp;i&nbsp;<strong>309<\/strong>&nbsp;do pla\u017cy w&nbsp;<strong>Babich Do\u0142ach<\/strong>.<\/p>\n\n\n\n<p>Od\u00a026 lutego\u00a0przywr\u00f3cona zostanie tak\u017ce\u00a0sopocko-gdy\u0144ska\u00a0linia trolejbusowa\u00a0<strong>21<\/strong>, kt\u00f3r\u0105 uruchomiono w 1947 roku i zawieszono czasowo w ubieg\u0142ym roku.<\/p>\n\n\n\n<blockquote class=\"wp-block-quote is-layout-flow wp-block-quote-is-layout-flow\">\n<p>\u2013\u00a0Zesz\u0142y rok by\u0142 bardzo trudny dla finans\u00f3w samorz\u0105dowych. Naprawd\u0119 musieli\u015bmy wybiera\u0107 pomi\u0119dzy rzeczami najwa\u017cniejszymi, jak wyp\u0142ata chocia\u017cby wynagrodze\u0144 czy bie\u017c\u0105ce funkcjonowanie. W zwi\u0105zku z tym, z b\u00f3lem, ale oczywi\u015bcie przyj\u0119li\u015bmy decyzj\u0119 o likwidacji\u00a0linii 21, rozumiej\u0105c sytuacj\u0119 finansow\u0105 wszystkich polskich samorz\u0105d\u00f3w. Tym bardziej cieszymy si\u0119, \u017ce teraz z nadziej\u0105 na ustabilizowanie dochod\u00f3w w\u0142asnych samorz\u0105d\u00f3w mo\u017cemy odpowiedzialnie podj\u0105\u0107 decyzj\u0119 o przywr\u00f3ceniu tej linii. Ona jest wa\u017cna dla mieszka\u0144c\u00f3w\u00a0Sopotu. Ciesz\u0119 si\u0119, \u017ce t\u0119 decyzje mo\u017cemy og\u0142osi\u0107 ju\u017c teraz, z takim wyprzedzeniem, kt\u00f3re umo\u017cliwi m\u0142odzie\u017cy i osobom, kt\u00f3re doje\u017cd\u017caj\u0105 do pracy tak\u017ce planowanie zakupu bilet\u00f3w miesi\u0119cznych, bo korzystali mo\u017ce z innych \u015brodk\u00f3w transportu, wi\u0119c teraz mog\u0105 to racjonalniej zaplanowa\u0107. Dzi\u0119kuj\u0119 Panu Prezydentowi za otwarto\u015b\u0107. Wsp\u00f3\u0142praca z\u00a0<strong>Gdyni\u0105<\/strong>\u00a0je\u017celi chodzi o transport jest dla nas kluczowa \u2013 powiedzia\u0142a\u00a0Magdalena Czarzy\u0144ska-Jachim, prezydentka Sopotu.<\/p>\n<\/blockquote>\n","protected":false},"author":3,"featured_media":98703,"comment_status":"","ping_status":"closed","template":"","categories":[28],"tags":[167,225,36,123,1708,2233],"class_list":["post-98702","infobus","type-infobus","status-publish","has-post-thumbnail","hentry","category-pasazer","tag-autobus","tag-gdynia","tag-linia","tag-pasazer","tag-sopot","tag-trolejbus"],"acf":[],"yoast_head":"<!-- This site is optimized with the Yoast SEO Premium plugin v21.8 (Yoast SEO v23.7) - https:\/\/yoast.com\/wordpress\/plugins\/seo\/ -->\n<title>Gdynia przywraca zawieszone linie komunikacyjne - TransInfo Archiwum<\/title>\n<meta name=\"description\" content=\"Stycze\u0144 jest ostatnim miesi\u0105cem okrojonych po\u0142\u0105cze\u0144 komunikacji miejskiej w\u00a0Gdyni. Po feriach powr\u00f3c\u0105 linie zawieszone w styczniu ub. r.\" \/>\n<meta name=\"robots\" content=\"index, follow, max-snippet:-1, max-image-preview:large, max-video-preview:-1\" \/>\n<link rel=\"canonical\" href=\"https:\/\/transinfo.pl\/x\/infobus\/gdynia-przywraca-zawieszone-linie-komunikacyjne\/\" \/>\n<meta property=\"og:locale\" content=\"pl_PL\" \/>\n<meta property=\"og:type\" content=\"article\" \/>\n<meta property=\"og:title\" content=\"Gdynia przywraca zawieszone linie komunikacyjne\" \/>\n<meta property=\"og:description\" content=\"Stycze\u0144 jest ostatnim miesi\u0105cem okrojonych po\u0142\u0105cze\u0144 komunikacji miejskiej w\u00a0Gdyni. Po feriach powr\u00f3c\u0105 linie zawieszone w styczniu ub. r.\" \/>\n<meta property=\"og:url\" content=\"https:\/\/transinfo.pl\/x\/infobus\/gdynia-przywraca-zawieszone-linie-komunikacyjne\/\" \/>\n<meta property=\"og:site_name\" content=\"TransInfo Archiwum\" \/>\n<meta property=\"og:image\" content=\"https:\/\/transinfo.pl\/x\/wp-content\/uploads\/2024\/01\/gdynia.jpg\" \/>\n\t<meta property=\"og:image:width\" content=\"1\" \/>\n\t<meta property=\"og:image:height\" content=\"1\" \/>\n\t<meta property=\"og:image:type\" content=\"image\/jpeg\" \/>\n<meta name=\"twitter:card\" content=\"summary_large_image\" \/>\n<meta name=\"twitter:label1\" content=\"Szacowany czas czytania\" \/>\n\t<meta name=\"twitter:data1\" content=\"4 minuty\" \/>\n<script type=\"application\/ld+json\" class=\"yoast-schema-graph\">{\"@context\":\"https:\/\/schema.org\",\"@graph\":[{\"@type\":\"WebPage\",\"@id\":\"https:\/\/transinfo.pl\/x\/infobus\/gdynia-przywraca-zawieszone-linie-komunikacyjne\/\",\"url\":\"https:\/\/transinfo.pl\/x\/infobus\/gdynia-przywraca-zawieszone-linie-komunikacyjne\/\",\"name\":\"Gdynia przywraca zawieszone linie komunikacyjne - TransInfo Archiwum\",\"isPartOf\":{\"@id\":\"https:\/\/transinfo.pl\/x\/#website\"},\"primaryImageOfPage\":{\"@id\":\"https:\/\/transinfo.pl\/x\/infobus\/gdynia-przywraca-zawieszone-linie-komunikacyjne\/#primaryimage\"},\"image\":{\"@id\":\"https:\/\/transinfo.pl\/x\/infobus\/gdynia-przywraca-zawieszone-linie-komunikacyjne\/#primaryimage\"},\"thumbnailUrl\":\"https:\/\/transinfo.pl\/x\/wp-content\/uploads\/2024\/01\/gdynia.jpg\",\"datePublished\":\"2024-01-28T08:00:00+00:00\",\"dateModified\":\"2024-01-28T08:00:00+00:00\",\"description\":\"Stycze\u0144 jest ostatnim miesi\u0105cem okrojonych po\u0142\u0105cze\u0144 komunikacji miejskiej w\u00a0Gdyni. Po feriach powr\u00f3c\u0105 linie zawieszone w styczniu ub. r.\",\"breadcrumb\":{\"@id\":\"https:\/\/transinfo.pl\/x\/infobus\/gdynia-przywraca-zawieszone-linie-komunikacyjne\/#breadcrumb\"},\"inLanguage\":\"pl-PL\",\"potentialAction\":[{\"@type\":\"ReadAction\",\"target\":[\"https:\/\/transinfo.pl\/x\/infobus\/gdynia-przywraca-zawieszone-linie-komunikacyjne\/\"]}]},{\"@type\":\"ImageObject\",\"inLanguage\":\"pl-PL\",\"@id\":\"https:\/\/transinfo.pl\/x\/infobus\/gdynia-przywraca-zawieszone-linie-komunikacyjne\/#primaryimage\",\"url\":\"https:\/\/transinfo.pl\/x\/wp-content\/uploads\/2024\/01\/gdynia.jpg\",\"contentUrl\":\"https:\/\/transinfo.pl\/x\/wp-content\/uploads\/2024\/01\/gdynia.jpg\"},{\"@type\":\"BreadcrumbList\",\"@id\":\"https:\/\/transinfo.pl\/x\/infobus\/gdynia-przywraca-zawieszone-linie-komunikacyjne\/#breadcrumb\",\"itemListElement\":[{\"@type\":\"ListItem\",\"position\":1,\"name\":\"Home\",\"item\":\"https:\/\/transinfo.pl\/x\/\"},{\"@type\":\"ListItem\",\"position\":2,\"name\":\"Infobus\",\"item\":\"https:\/\/transinfo.pl\/x\/infobus\/\"},{\"@type\":\"ListItem\",\"position\":3,\"name\":\"Gdynia przywraca zawieszone linie komunikacyjne\"}]},{\"@type\":\"WebSite\",\"@id\":\"https:\/\/transinfo.pl\/x\/#website\",\"url\":\"https:\/\/transinfo.pl\/x\/\",\"name\":\"TransInfo Archiwum\",\"description\":\"Ca\u0142y transport w jednym miejscu\",\"publisher\":{\"@id\":\"https:\/\/transinfo.pl\/x\/#organization\"},\"potentialAction\":[{\"@type\":\"SearchAction\",\"target\":{\"@type\":\"EntryPoint\",\"urlTemplate\":\"https:\/\/transinfo.pl\/x\/?s={search_term_string}\"},\"query-input\":{\"@type\":\"PropertyValueSpecification\",\"valueRequired\":true,\"valueName\":\"search_term_string\"}}],\"inLanguage\":\"pl-PL\"},{\"@type\":\"Organization\",\"@id\":\"https:\/\/transinfo.pl\/x\/#organization\",\"name\":\"TransInfo\",\"url\":\"https:\/\/transinfo.pl\/x\/\",\"logo\":{\"@type\":\"ImageObject\",\"inLanguage\":\"pl-PL\",\"@id\":\"https:\/\/transinfo.pl\/x\/#\/schema\/logo\/image\/\",\"url\":\"https:\/\/transinfo.pl\/x\/wp-content\/uploads\/2024\/10\/favicon.png\",\"contentUrl\":\"https:\/\/transinfo.pl\/x\/wp-content\/uploads\/2024\/10\/favicon.png\",\"width\":512,\"height\":512,\"caption\":\"TransInfo\"},\"image\":{\"@id\":\"https:\/\/transinfo.pl\/x\/#\/schema\/logo\/image\/\"}}]}<\/script>\n<!-- \/ Yoast SEO Premium plugin. -->","yoast_head_json":{"title":"Gdynia przywraca zawieszone linie komunikacyjne - TransInfo Archiwum","description":"Stycze\u0144 jest ostatnim miesi\u0105cem okrojonych po\u0142\u0105cze\u0144 komunikacji miejskiej w\u00a0Gdyni. Po feriach powr\u00f3c\u0105 linie zawieszone w styczniu ub. r.","robots":{"index":"index","follow":"follow","max-snippet":"max-snippet:-1","max-image-preview":"max-image-preview:large","max-video-preview":"max-video-preview:-1"},"canonical":"https:\/\/transinfo.pl\/x\/infobus\/gdynia-przywraca-zawieszone-linie-komunikacyjne\/","og_locale":"pl_PL","og_type":"article","og_title":"Gdynia przywraca zawieszone linie komunikacyjne","og_description":"Stycze\u0144 jest ostatnim miesi\u0105cem okrojonych po\u0142\u0105cze\u0144 komunikacji miejskiej w\u00a0Gdyni. Po feriach powr\u00f3c\u0105 linie zawieszone w styczniu ub. r.","og_url":"https:\/\/transinfo.pl\/x\/infobus\/gdynia-przywraca-zawieszone-linie-komunikacyjne\/","og_site_name":"TransInfo Archiwum","og_image":[{"url":"https:\/\/transinfo.pl\/x\/wp-content\/uploads\/2024\/01\/gdynia.jpg","width":1,"height":1,"type":"image\/jpeg"}],"twitter_card":"summary_large_image","twitter_misc":{"Szacowany czas czytania":"4 minuty"},"schema":{"@context":"https:\/\/schema.org","@graph":[{"@type":"WebPage","@id":"https:\/\/transinfo.pl\/x\/infobus\/gdynia-przywraca-zawieszone-linie-komunikacyjne\/","url":"https:\/\/transinfo.pl\/x\/infobus\/gdynia-przywraca-zawieszone-linie-komunikacyjne\/","name":"Gdynia przywraca zawieszone linie komunikacyjne - TransInfo Archiwum","isPartOf":{"@id":"https:\/\/transinfo.pl\/x\/#website"},"primaryImageOfPage":{"@id":"https:\/\/transinfo.pl\/x\/infobus\/gdynia-przywraca-zawieszone-linie-komunikacyjne\/#primaryimage"},"image":{"@id":"https:\/\/transinfo.pl\/x\/infobus\/gdynia-przywraca-zawieszone-linie-komunikacyjne\/#primaryimage"},"thumbnailUrl":"https:\/\/transinfo.pl\/x\/wp-content\/uploads\/2024\/01\/gdynia.jpg","datePublished":"2024-01-28T08:00:00+00:00","dateModified":"2024-01-28T08:00:00+00:00","description":"Stycze\u0144 jest ostatnim miesi\u0105cem okrojonych po\u0142\u0105cze\u0144 komunikacji miejskiej w\u00a0Gdyni. Po feriach powr\u00f3c\u0105 linie zawieszone w styczniu ub. r.","breadcrumb":{"@id":"https:\/\/transinfo.pl\/x\/infobus\/gdynia-przywraca-zawieszone-linie-komunikacyjne\/#breadcrumb"},"inLanguage":"pl-PL","potentialAction":[{"@type":"ReadAction","target":["https:\/\/transinfo.pl\/x\/infobus\/gdynia-przywraca-zawieszone-linie-komunikacyjne\/"]}]},{"@type":"ImageObject","inLanguage":"pl-PL","@id":"https:\/\/transinfo.pl\/x\/infobus\/gdynia-przywraca-zawieszone-linie-komunikacyjne\/#primaryimage","url":"https:\/\/transinfo.pl\/x\/wp-content\/uploads\/2024\/01\/gdynia.jpg","contentUrl":"https:\/\/transinfo.pl\/x\/wp-content\/uploads\/2024\/01\/gdynia.jpg"},{"@type":"BreadcrumbList","@id":"https:\/\/transinfo.pl\/x\/infobus\/gdynia-przywraca-zawieszone-linie-komunikacyjne\/#breadcrumb","itemListElement":[{"@type":"ListItem","position":1,"name":"Home","item":"https:\/\/transinfo.pl\/x\/"},{"@type":"ListItem","position":2,"name":"Infobus","item":"https:\/\/transinfo.pl\/x\/infobus\/"},{"@type":"ListItem","position":3,"name":"Gdynia przywraca zawieszone linie komunikacyjne"}]},{"@type":"WebSite","@id":"https:\/\/transinfo.pl\/x\/#website","url":"https:\/\/transinfo.pl\/x\/","name":"TransInfo Archiwum","description":"Ca\u0142y transport w jednym miejscu","publisher":{"@id":"https:\/\/transinfo.pl\/x\/#organization"},"potentialAction":[{"@type":"SearchAction","target":{"@type":"EntryPoint","urlTemplate":"https:\/\/transinfo.pl\/x\/?s={search_term_string}"},"query-input":{"@type":"PropertyValueSpecification","valueRequired":true,"valueName":"search_term_string"}}],"inLanguage":"pl-PL"},{"@type":"Organization","@id":"https:\/\/transinfo.pl\/x\/#organization","name":"TransInfo","url":"https:\/\/transinfo.pl\/x\/","logo":{"@type":"ImageObject","inLanguage":"pl-PL","@id":"https:\/\/transinfo.pl\/x\/#\/schema\/logo\/image\/","url":"https:\/\/transinfo.pl\/x\/wp-content\/uploads\/2024\/10\/favicon.png","contentUrl":"https:\/\/transinfo.pl\/x\/wp-content\/uploads\/2024\/10\/favicon.png","width":512,"height":512,"caption":"TransInfo"},"image":{"@id":"https:\/\/transinfo.pl\/x\/#\/schema\/logo\/image\/"}}]}},"_links":{"self":[{"href":"https:\/\/transinfo.pl\/x\/wp-json\/wp\/v2\/infobus\/98702","targetHints":{"allow":["GET"]}}],"collection":[{"href":"https:\/\/transinfo.pl\/x\/wp-json\/wp\/v2\/infobus"}],"about":[{"href":"https:\/\/transinfo.pl\/x\/wp-json\/wp\/v2\/types\/infobus"}],"author":[{"embeddable":true,"href":"https:\/\/transinfo.pl\/x\/wp-json\/wp\/v2\/users\/3"}],"replies":[{"embeddable":true,"href":"https:\/\/transinfo.pl\/x\/wp-json\/wp\/v2\/comments?post=98702"}],"wp:featuredmedia":[{"embeddable":true,"href":"https:\/\/transinfo.pl\/x\/wp-json\/wp\/v2\/media\/98703"}],"wp:attachment":[{"href":"https:\/\/transinfo.pl\/x\/wp-json\/wp\/v2\/media?parent=98702"}],"wp:term":[{"taxonomy":"category","embeddable":true,"href":"https:\/\/transinfo.pl\/x\/wp-json\/wp\/v2\/categories?post=98702"},{"taxonomy":"post_tag","embeddable":true,"href":"https:\/\/transinfo.pl\/x\/wp-json\/wp\/v2\/tags?post=98702"}],"curies":[{"name":"wp","href":"https:\/\/api.w.org\/{rel}","templated":true}]}}