{"id":98619,"date":"2024-01-24T17:01:00","date_gmt":"2024-01-24T17:01:00","guid":{"rendered":"https:\/\/transinfo.pl\/x\/infobus\/pozar-autobusu-elektrycznego-w-londynie-tfl-profilaktycznie-wycofuje-flote\/"},"modified":"2024-01-24T17:01:00","modified_gmt":"2024-01-24T17:01:00","slug":"pozar-autobusu-elektrycznego-w-londynie-tfl-profilaktycznie-wycofuje-flote","status":"publish","type":"infobus","link":"https:\/\/transinfo.pl\/x\/infobus\/pozar-autobusu-elektrycznego-w-londynie-tfl-profilaktycznie-wycofuje-flote\/","title":{"rendered":"Po\u017car autobusu elektrycznego w Londynie. TfL profilaktycznie wycofuje flot\u0119"},"content":{"rendered":"<style>h1,h2,h3,h4,h5,h6{margin:0 0 1.25rem;font-family:Arial,sans-serif;font-weight:600;color:#050505}h1{font-size:1.875rem;line-height:1.1em;text-transform:none}@media(min-width: 768px){h1{font-size:2.375rem}}h2{font-size:1.1875rem;line-height:1.2em;text-transform:uppercase}@media(min-width: 768px){h2{font-size:1.0625rem}}h3{font-size:0.9375rem;line-height:1.4em;font-weight:900;margin-bottom:0.9375rem}h4{font-size:0.875rem;line-height:1.2em;font-weight:500}h5{font-size:0.9375rem;line-height:1.6;font-weight:400}h6{font-size:0.9375rem;line-height:1.6;font-weight:600}\n<\/style>\n<h3 class=\"wp-block-heading\" id=\"h-w-londynie-zapalil-sie-autobus-elektryczny-do-zdarzenia-doszlo-w-godzinach-porannego-szczytu-na-wimbledonie\">W Londynie zapali\u0142 si\u0119 autobus elektryczny. Do zdarzenia dosz\u0142o w godzinach porannego szczytu na Wimbledonie. <\/h3>\n\n\n<style>p{margin:0 0 1.5rem}p:last-child{margin:0}p.is-style-uppercase{text-transform:uppercase}p.is-style-preheading{color:#12406a;text-transform:uppercase}p.is-style-leadparagraph{font-size:1rem;line-height:1.625;font-weight:700}@media(min-width: 768px){p.is-style-leadparagraph{font-size:1.125rem;line-height:1.5555555556}}p.has-small-margin{margin-bottom:0.625rem}p.has-small-margin+h1,p.has-small-margin+h2,p.has-small-margin+h3{margin-top:1.875rem}\n<\/style>\n<p>Pasa\u017cerowie zostali natychmiast ewakuowani z autobusu.<\/p>\n\n\n\n<h2 class=\"wp-block-heading\" id=\"h-pozar-autobusu-elektrycznego\"><strong>Po\u017car autobusu elektrycznego<\/strong><\/h2>\n\n\n\n<p>BBC poinformowa\u0142o, \u017ce po zdarzeniu Transport for London (TfL) wycofa\u0142 autobusy elektryczne z linii nr 200 w ramach \u015brodka zapobiegawczego. TfL podj\u0119\u0142o takie same dzia\u0142ania w 2022 r., kiedy tymczasowo wycofa\u0142o z eksploatacji wszystkie 90 autobus\u00f3w elektrycznych po po\u017carze w zajezdni Potters Bar w Hertfordshire. Uszkodzonych zosta\u0142o w\u00f3wczas sze\u015b\u0107 autobus\u00f3w. Zawieszenie taboru e-bus\u00f3w dotkn\u0119\u0142o oko\u0142o pi\u0119ciu linii. R\u00f3wnie\u017c w 2022 r. oko\u0142o 149 elektrycznych autobus\u00f3w Bluebus zosta\u0142o wycofanych z eksploatacji z powodu kilku po\u017car\u00f3w.<\/p>\n\n\n\n<p>W wyniku po\u017caru na Wimbledon Hill Road na Wimbledonie uszkodzony zosta\u0142 elektryczny pi\u0119trowy autobus Optare Metrodecker. Pot\u0119\u017cna eksplozja oderwa\u0142a cz\u0119\u015b\u0107 ty\u0142u autobusu. Operatorem autobusu by\u0142a firma Go-Ahead. Trwa ustalanie przyczyn po\u017caru \u2013 poinformowa\u0142a londy\u0144ska stra\u017c po\u017carna.<\/p>\n\n\n\n<h2 class=\"wp-block-heading\" id=\"h-10-lecie-autobusow-elektrycznych\"><strong>10-lecie autobus\u00f3w elektrycznych<\/strong><\/h2>\n\n\n\n<p>Go-Ahead w\u0142a\u015bnie obchodzi\u0142o 10-lecie eksploatacji autobus\u00f3w elektrycznych w Londynie. Firma obs\u0142uguje na zlecenie TfL 520 autobus\u00f3w o zerowej emisji i do ko\u0144ca 2026 r. planuje zwi\u0119kszy\u0107 t\u0119 liczb\u0119 do 1000, co stanowi prawie po\u0142ow\u0119 autobus\u00f3w przewo\u017anika. Zgodnie z planami do 2035 roku ca\u0142a flota 5000 brytyjskich autobus\u00f3w Go-Ahead zostanie zamieniona na pojazdy zeroemisyjne. To tylko jeden z filar\u00f3w strategii przewo\u017anika maj\u0105cej na celu osi\u0105gni\u0119cie neutralno\u015bci w\u0119glowej do 2045 roku.<\/p>\n\n\n\n<p>Dzie\u0144 po tym wydarzeniu, zapali\u0142 si\u0119 r\u00f3wnie\u017c pi\u0119trowy autobus hybrydowy, obs\u0142ugiwany przez Go-Ahead.<\/p>\n\n\n<style>.wp-block-quote{border-left:0.1875rem solid var(--page-color);font-size:1rem;font-style:italic;margin:0 0 1.6875rem;padding:1.25rem}.wp-block-quote cite{color:#050505}.wp-block-quote.is-style-large p{margin-bottom:10px}.wp-block-quote.is-style-large cite{color:#12406a}\n<\/style>\n<blockquote class=\"wp-block-quote is-layout-flow wp-block-quote-is-layout-flow\">\n<p>BBC zacytowa\u0142o Toma Cunningtona, dyrektora ds. rozwoju biznesu autobusowego w TfL, kt\u00f3ry powiedzia\u0142: \u201eLondy\u0144ska sie\u0107 autobusowa pozostaje bezpieczna i nie mamy powodu wierzy\u0107, \u017ce po\u017car autobusu hybrydowego by\u0142 powi\u0105zany z poprzednim incydentem w autobusie elektrycznym na Wimbledonie. TfL i przewo\u017anicy autobusowi z pewno\u015bci\u0105 podejm\u0105 dzia\u0142ania, je\u015bli zajdzie taka potrzeba, aby zapewni\u0107 bezpiecze\u0144stwo sieci autobusowej\u201d.<\/p>\n<\/blockquote>\n","protected":false},"author":4,"featured_media":98620,"comment_status":"","ping_status":"closed","template":"","categories":[28,27],"tags":[167,22135,2184,5172,1082,1015,1137,3725],"class_list":["post-98619","infobus","type-infobus","status-publish","has-post-thumbnail","hentry","category-pasazer","category-wydarzenia","tag-autobus","tag-autobus-pietrowy","tag-elektrobus","tag-go-ahead","tag-londyn","tag-pozar","tag-tfl","tag-transport-for-london"],"acf":[],"yoast_head":"<!-- This site is optimized with the Yoast SEO Premium plugin v21.8 (Yoast SEO v23.7) - https:\/\/yoast.com\/wordpress\/plugins\/seo\/ -->\n<title>Po\u017car autobusu elektrycznego w Londynie. TfL profilaktycznie wycofuje flot\u0119 - TransInfo Archiwum<\/title>\n<meta name=\"description\" content=\"W Londynie zapali\u0142 si\u0119 autobus elektryczny. Do zdarzenia dosz\u0142o w godzinach porannego szczytu na Wimbledonie.\" \/>\n<meta name=\"robots\" content=\"index, follow, max-snippet:-1, max-image-preview:large, max-video-preview:-1\" \/>\n<link rel=\"canonical\" href=\"https:\/\/transinfo.pl\/x\/infobus\/pozar-autobusu-elektrycznego-w-londynie-tfl-profilaktycznie-wycofuje-flote\/\" \/>\n<meta property=\"og:locale\" content=\"pl_PL\" \/>\n<meta property=\"og:type\" content=\"article\" \/>\n<meta property=\"og:title\" content=\"Po\u017car autobusu elektrycznego w Londynie. TfL profilaktycznie wycofuje flot\u0119\" \/>\n<meta property=\"og:description\" content=\"W Londynie zapali\u0142 si\u0119 autobus elektryczny. Do zdarzenia dosz\u0142o w godzinach porannego szczytu na Wimbledonie.\" \/>\n<meta property=\"og:url\" content=\"https:\/\/transinfo.pl\/x\/infobus\/pozar-autobusu-elektrycznego-w-londynie-tfl-profilaktycznie-wycofuje-flote\/\" \/>\n<meta property=\"og:site_name\" content=\"TransInfo Archiwum\" \/>\n<meta property=\"og:image\" content=\"https:\/\/transinfo.pl\/x\/wp-content\/uploads\/2024\/01\/Londyn-fot.-YouTube-The-Times2.jpg\" \/>\n\t<meta property=\"og:image:width\" content=\"1\" \/>\n\t<meta property=\"og:image:height\" content=\"1\" \/>\n\t<meta property=\"og:image:type\" content=\"image\/jpeg\" \/>\n<meta name=\"twitter:card\" content=\"summary_large_image\" \/>\n<meta name=\"twitter:label1\" content=\"Szacowany czas czytania\" \/>\n\t<meta name=\"twitter:data1\" content=\"2 minuty\" \/>\n<script type=\"application\/ld+json\" class=\"yoast-schema-graph\">{\"@context\":\"https:\/\/schema.org\",\"@graph\":[{\"@type\":\"WebPage\",\"@id\":\"https:\/\/transinfo.pl\/x\/infobus\/pozar-autobusu-elektrycznego-w-londynie-tfl-profilaktycznie-wycofuje-flote\/\",\"url\":\"https:\/\/transinfo.pl\/x\/infobus\/pozar-autobusu-elektrycznego-w-londynie-tfl-profilaktycznie-wycofuje-flote\/\",\"name\":\"Po\u017car autobusu elektrycznego w Londynie. TfL profilaktycznie wycofuje flot\u0119 - TransInfo Archiwum\",\"isPartOf\":{\"@id\":\"https:\/\/transinfo.pl\/x\/#website\"},\"primaryImageOfPage\":{\"@id\":\"https:\/\/transinfo.pl\/x\/infobus\/pozar-autobusu-elektrycznego-w-londynie-tfl-profilaktycznie-wycofuje-flote\/#primaryimage\"},\"image\":{\"@id\":\"https:\/\/transinfo.pl\/x\/infobus\/pozar-autobusu-elektrycznego-w-londynie-tfl-profilaktycznie-wycofuje-flote\/#primaryimage\"},\"thumbnailUrl\":\"https:\/\/transinfo.pl\/x\/wp-content\/uploads\/2024\/01\/Londyn-fot.-YouTube-The-Times2.jpg\",\"datePublished\":\"2024-01-24T17:01:00+00:00\",\"dateModified\":\"2024-01-24T17:01:00+00:00\",\"description\":\"W Londynie zapali\u0142 si\u0119 autobus elektryczny. Do zdarzenia dosz\u0142o w godzinach porannego szczytu na Wimbledonie.\",\"breadcrumb\":{\"@id\":\"https:\/\/transinfo.pl\/x\/infobus\/pozar-autobusu-elektrycznego-w-londynie-tfl-profilaktycznie-wycofuje-flote\/#breadcrumb\"},\"inLanguage\":\"pl-PL\",\"potentialAction\":[{\"@type\":\"ReadAction\",\"target\":[\"https:\/\/transinfo.pl\/x\/infobus\/pozar-autobusu-elektrycznego-w-londynie-tfl-profilaktycznie-wycofuje-flote\/\"]}]},{\"@type\":\"ImageObject\",\"inLanguage\":\"pl-PL\",\"@id\":\"https:\/\/transinfo.pl\/x\/infobus\/pozar-autobusu-elektrycznego-w-londynie-tfl-profilaktycznie-wycofuje-flote\/#primaryimage\",\"url\":\"https:\/\/transinfo.pl\/x\/wp-content\/uploads\/2024\/01\/Londyn-fot.-YouTube-The-Times2.jpg\",\"contentUrl\":\"https:\/\/transinfo.pl\/x\/wp-content\/uploads\/2024\/01\/Londyn-fot.-YouTube-The-Times2.jpg\"},{\"@type\":\"BreadcrumbList\",\"@id\":\"https:\/\/transinfo.pl\/x\/infobus\/pozar-autobusu-elektrycznego-w-londynie-tfl-profilaktycznie-wycofuje-flote\/#breadcrumb\",\"itemListElement\":[{\"@type\":\"ListItem\",\"position\":1,\"name\":\"Home\",\"item\":\"https:\/\/transinfo.pl\/x\/\"},{\"@type\":\"ListItem\",\"position\":2,\"name\":\"Infobus\",\"item\":\"https:\/\/transinfo.pl\/x\/infobus\/\"},{\"@type\":\"ListItem\",\"position\":3,\"name\":\"Po\u017car autobusu elektrycznego w Londynie. TfL profilaktycznie wycofuje flot\u0119\"}]},{\"@type\":\"WebSite\",\"@id\":\"https:\/\/transinfo.pl\/x\/#website\",\"url\":\"https:\/\/transinfo.pl\/x\/\",\"name\":\"TransInfo Archiwum\",\"description\":\"Ca\u0142y transport w jednym miejscu\",\"publisher\":{\"@id\":\"https:\/\/transinfo.pl\/x\/#organization\"},\"potentialAction\":[{\"@type\":\"SearchAction\",\"target\":{\"@type\":\"EntryPoint\",\"urlTemplate\":\"https:\/\/transinfo.pl\/x\/?s={search_term_string}\"},\"query-input\":{\"@type\":\"PropertyValueSpecification\",\"valueRequired\":true,\"valueName\":\"search_term_string\"}}],\"inLanguage\":\"pl-PL\"},{\"@type\":\"Organization\",\"@id\":\"https:\/\/transinfo.pl\/x\/#organization\",\"name\":\"TransInfo\",\"url\":\"https:\/\/transinfo.pl\/x\/\",\"logo\":{\"@type\":\"ImageObject\",\"inLanguage\":\"pl-PL\",\"@id\":\"https:\/\/transinfo.pl\/x\/#\/schema\/logo\/image\/\",\"url\":\"https:\/\/transinfo.pl\/x\/wp-content\/uploads\/2024\/10\/favicon.png\",\"contentUrl\":\"https:\/\/transinfo.pl\/x\/wp-content\/uploads\/2024\/10\/favicon.png\",\"width\":512,\"height\":512,\"caption\":\"TransInfo\"},\"image\":{\"@id\":\"https:\/\/transinfo.pl\/x\/#\/schema\/logo\/image\/\"}}]}<\/script>\n<!-- \/ Yoast SEO Premium plugin. -->","yoast_head_json":{"title":"Po\u017car autobusu elektrycznego w Londynie. TfL profilaktycznie wycofuje flot\u0119 - TransInfo Archiwum","description":"W Londynie zapali\u0142 si\u0119 autobus elektryczny. Do zdarzenia dosz\u0142o w godzinach porannego szczytu na Wimbledonie.","robots":{"index":"index","follow":"follow","max-snippet":"max-snippet:-1","max-image-preview":"max-image-preview:large","max-video-preview":"max-video-preview:-1"},"canonical":"https:\/\/transinfo.pl\/x\/infobus\/pozar-autobusu-elektrycznego-w-londynie-tfl-profilaktycznie-wycofuje-flote\/","og_locale":"pl_PL","og_type":"article","og_title":"Po\u017car autobusu elektrycznego w Londynie. TfL profilaktycznie wycofuje flot\u0119","og_description":"W Londynie zapali\u0142 si\u0119 autobus elektryczny. Do zdarzenia dosz\u0142o w godzinach porannego szczytu na Wimbledonie.","og_url":"https:\/\/transinfo.pl\/x\/infobus\/pozar-autobusu-elektrycznego-w-londynie-tfl-profilaktycznie-wycofuje-flote\/","og_site_name":"TransInfo Archiwum","og_image":[{"url":"https:\/\/transinfo.pl\/x\/wp-content\/uploads\/2024\/01\/Londyn-fot.-YouTube-The-Times2.jpg","width":1,"height":1,"type":"image\/jpeg"}],"twitter_card":"summary_large_image","twitter_misc":{"Szacowany czas czytania":"2 minuty"},"schema":{"@context":"https:\/\/schema.org","@graph":[{"@type":"WebPage","@id":"https:\/\/transinfo.pl\/x\/infobus\/pozar-autobusu-elektrycznego-w-londynie-tfl-profilaktycznie-wycofuje-flote\/","url":"https:\/\/transinfo.pl\/x\/infobus\/pozar-autobusu-elektrycznego-w-londynie-tfl-profilaktycznie-wycofuje-flote\/","name":"Po\u017car autobusu elektrycznego w Londynie. TfL profilaktycznie wycofuje flot\u0119 - TransInfo Archiwum","isPartOf":{"@id":"https:\/\/transinfo.pl\/x\/#website"},"primaryImageOfPage":{"@id":"https:\/\/transinfo.pl\/x\/infobus\/pozar-autobusu-elektrycznego-w-londynie-tfl-profilaktycznie-wycofuje-flote\/#primaryimage"},"image":{"@id":"https:\/\/transinfo.pl\/x\/infobus\/pozar-autobusu-elektrycznego-w-londynie-tfl-profilaktycznie-wycofuje-flote\/#primaryimage"},"thumbnailUrl":"https:\/\/transinfo.pl\/x\/wp-content\/uploads\/2024\/01\/Londyn-fot.-YouTube-The-Times2.jpg","datePublished":"2024-01-24T17:01:00+00:00","dateModified":"2024-01-24T17:01:00+00:00","description":"W Londynie zapali\u0142 si\u0119 autobus elektryczny. Do zdarzenia dosz\u0142o w godzinach porannego szczytu na Wimbledonie.","breadcrumb":{"@id":"https:\/\/transinfo.pl\/x\/infobus\/pozar-autobusu-elektrycznego-w-londynie-tfl-profilaktycznie-wycofuje-flote\/#breadcrumb"},"inLanguage":"pl-PL","potentialAction":[{"@type":"ReadAction","target":["https:\/\/transinfo.pl\/x\/infobus\/pozar-autobusu-elektrycznego-w-londynie-tfl-profilaktycznie-wycofuje-flote\/"]}]},{"@type":"ImageObject","inLanguage":"pl-PL","@id":"https:\/\/transinfo.pl\/x\/infobus\/pozar-autobusu-elektrycznego-w-londynie-tfl-profilaktycznie-wycofuje-flote\/#primaryimage","url":"https:\/\/transinfo.pl\/x\/wp-content\/uploads\/2024\/01\/Londyn-fot.-YouTube-The-Times2.jpg","contentUrl":"https:\/\/transinfo.pl\/x\/wp-content\/uploads\/2024\/01\/Londyn-fot.-YouTube-The-Times2.jpg"},{"@type":"BreadcrumbList","@id":"https:\/\/transinfo.pl\/x\/infobus\/pozar-autobusu-elektrycznego-w-londynie-tfl-profilaktycznie-wycofuje-flote\/#breadcrumb","itemListElement":[{"@type":"ListItem","position":1,"name":"Home","item":"https:\/\/transinfo.pl\/x\/"},{"@type":"ListItem","position":2,"name":"Infobus","item":"https:\/\/transinfo.pl\/x\/infobus\/"},{"@type":"ListItem","position":3,"name":"Po\u017car autobusu elektrycznego w Londynie. TfL profilaktycznie wycofuje flot\u0119"}]},{"@type":"WebSite","@id":"https:\/\/transinfo.pl\/x\/#website","url":"https:\/\/transinfo.pl\/x\/","name":"TransInfo Archiwum","description":"Ca\u0142y transport w jednym miejscu","publisher":{"@id":"https:\/\/transinfo.pl\/x\/#organization"},"potentialAction":[{"@type":"SearchAction","target":{"@type":"EntryPoint","urlTemplate":"https:\/\/transinfo.pl\/x\/?s={search_term_string}"},"query-input":{"@type":"PropertyValueSpecification","valueRequired":true,"valueName":"search_term_string"}}],"inLanguage":"pl-PL"},{"@type":"Organization","@id":"https:\/\/transinfo.pl\/x\/#organization","name":"TransInfo","url":"https:\/\/transinfo.pl\/x\/","logo":{"@type":"ImageObject","inLanguage":"pl-PL","@id":"https:\/\/transinfo.pl\/x\/#\/schema\/logo\/image\/","url":"https:\/\/transinfo.pl\/x\/wp-content\/uploads\/2024\/10\/favicon.png","contentUrl":"https:\/\/transinfo.pl\/x\/wp-content\/uploads\/2024\/10\/favicon.png","width":512,"height":512,"caption":"TransInfo"},"image":{"@id":"https:\/\/transinfo.pl\/x\/#\/schema\/logo\/image\/"}}]}},"_links":{"self":[{"href":"https:\/\/transinfo.pl\/x\/wp-json\/wp\/v2\/infobus\/98619","targetHints":{"allow":["GET"]}}],"collection":[{"href":"https:\/\/transinfo.pl\/x\/wp-json\/wp\/v2\/infobus"}],"about":[{"href":"https:\/\/transinfo.pl\/x\/wp-json\/wp\/v2\/types\/infobus"}],"author":[{"embeddable":true,"href":"https:\/\/transinfo.pl\/x\/wp-json\/wp\/v2\/users\/4"}],"replies":[{"embeddable":true,"href":"https:\/\/transinfo.pl\/x\/wp-json\/wp\/v2\/comments?post=98619"}],"wp:featuredmedia":[{"embeddable":true,"href":"https:\/\/transinfo.pl\/x\/wp-json\/wp\/v2\/media\/98620"}],"wp:attachment":[{"href":"https:\/\/transinfo.pl\/x\/wp-json\/wp\/v2\/media?parent=98619"}],"wp:term":[{"taxonomy":"category","embeddable":true,"href":"https:\/\/transinfo.pl\/x\/wp-json\/wp\/v2\/categories?post=98619"},{"taxonomy":"post_tag","embeddable":true,"href":"https:\/\/transinfo.pl\/x\/wp-json\/wp\/v2\/tags?post=98619"}],"curies":[{"name":"wp","href":"https:\/\/api.w.org\/{rel}","templated":true}]}}