{"id":98424,"date":"2024-01-17T08:02:00","date_gmt":"2024-01-17T08:02:00","guid":{"rendered":"https:\/\/transinfo.pl\/x\/infobus\/przy-zajezdni-autobusowej-mpk-lublin-powstaje-wodorowa-nesostacja\/"},"modified":"2024-01-17T08:02:00","modified_gmt":"2024-01-17T08:02:00","slug":"przy-zajezdni-autobusowej-mpk-lublin-powstaje-wodorowa-nesostacja","status":"publish","type":"infobus","link":"https:\/\/transinfo.pl\/x\/infobus\/przy-zajezdni-autobusowej-mpk-lublin-powstaje-wodorowa-nesostacja\/","title":{"rendered":"Przy zajezdni autobusowej MPK Lublin powstaje wodorowa NesoStacja"},"content":{"rendered":"<style>h1,h2,h3,h4,h5,h6{margin:0 0 1.25rem;font-family:Arial,sans-serif;font-weight:600;color:#050505}h1{font-size:1.875rem;line-height:1.1em;text-transform:none}@media(min-width: 768px){h1{font-size:2.375rem}}h2{font-size:1.1875rem;line-height:1.2em;text-transform:uppercase}@media(min-width: 768px){h2{font-size:1.0625rem}}h3{font-size:0.9375rem;line-height:1.4em;font-weight:900;margin-bottom:0.9375rem}h4{font-size:0.875rem;line-height:1.2em;font-weight:500}h5{font-size:0.9375rem;line-height:1.6;font-weight:400}h6{font-size:0.9375rem;line-height:1.6;font-weight:600}\n<\/style>\n<h3 class=\"wp-block-heading\" id=\"h-przy-zajezdni-autobusowej-miejskiego-przedsiebiorstwa-komunikacji-w-lublinie-powstaje-ogolnodostepna-stacja-tankowania-wodorem\">Przy zajezdni autobusowej Miejskiego Przedsi\u0119biorstwa Komunikacji w Lublinie powstaje og\u00f3lnodost\u0119pna stacja tankowania wodorem. <\/h3>\n\n\n<style>p{margin:0 0 1.5rem}p:last-child{margin:0}p.is-style-uppercase{text-transform:uppercase}p.is-style-preheading{color:#12406a;text-transform:uppercase}p.is-style-leadparagraph{font-size:1rem;line-height:1.625;font-weight:700}@media(min-width: 768px){p.is-style-leadparagraph{font-size:1.125rem;line-height:1.5555555556}}p.has-small-margin{margin-bottom:0.625rem}p.has-small-margin+h1,p.has-small-margin+h2,p.has-small-margin+h3{margin-top:1.875rem}\n<\/style>\n<p>Obiekt ruszy pod koniec czerwca przy ul. Grygowej. B\u0119dzie to pierwsza stacja H2 zar\u00f3wno w Lublinie, ja i w wojew\u00f3dztwie lubelskim. Inwestorem jest sp\u00f3\u0142ka ZE PAK, powi\u0105zana z autobusow\u0105 mark\u0105 NesoBus.<\/p>\n\n\n\n<h2 class=\"wp-block-heading\" id=\"h-jest-potencjal\">Jest potencja\u0142<\/h2>\n\n\n\n<p>Do czasu uzyskania dost\u0119pu do stacji tankowania wodorem, MPK Lublin zapewnia zasilanie je\u017cd\u017c\u0105cego po Lublinie autobusu wodorowego z mobilnego punktu dostaw tzw. trailera.<\/p>\n\n\n<style>.wp-block-quote{border-left:0.1875rem solid var(--page-color);font-size:1rem;font-style:italic;margin:0 0 1.6875rem;padding:1.25rem}.wp-block-quote cite{color:#050505}.wp-block-quote.is-style-large p{margin-bottom:10px}.wp-block-quote.is-style-large cite{color:#12406a}\n<\/style>\n<blockquote class=\"wp-block-quote is-layout-flow wp-block-quote-is-layout-flow\">\n<p>-\u201eInwestorem jest podmiot zewn\u0119trzny, ale stacja b\u0119dzie og\u00f3lnodost\u0119pna \u2013 opisa\u0142 inwestycj\u0119\u00a0&#8222;Radiu Lublin&#8221; prezes MPK Lublin, Tomasz Fulara. \u2013 Dla wszystkich, kt\u00f3rzy b\u0119d\u0105 chcieli zatankowa\u0107 wod\u00f3r w Lublinie, b\u0119d\u0105 mogli tutaj przyjecha\u0107. Firma, kt\u00f3ra to buduje, planuje uruchomienie stacji  od czerwca 2024 roku.&#8221;<\/p>\n<\/blockquote>\n\n\n\n<p>Aktualnie MPK eksploatuje jeden pojazd wodorowy \u2013 Solaris Urbino 12 hydrogen, ale to si\u0119 mo\u017ce zmieni\u0107 i to niebawem. W ramach III edycji programu \u201eZielony Transport Publiczny\u201d MPK Lublin stara si\u0119 o dofinansowanie zakupu a\u017c 20 takich pojazd\u00f3w. Zakupy zaplanowano jeszcze w 2024 roku.<\/p>\n\n\n<style>.wp-block-image{margin:1.25rem 0;text-align:center}.wp-block-image figcaption{padding:0 0.9375rem;text-align:center}\n<\/style>\n<figure class=\"wp-block-image aligncenter size-full\"><a href=\"https:\/\/transinfo.pl\/wp-content\/uploads\/2024\/01\/StacjeNeso-1-1.jpg\"><img decoding=\"async\" src=\"https:\/\/transinfo.pl\/wp-content\/uploads\/2024\/01\/StacjeNeso-1-1.jpg\" alt=\"Przy zajezdni autobusowej Miejskiego Przedsi\u0119biorstwa Komunikacji w Lublinie powstaje og\u00f3lnodost\u0119pna stacja tankowania wodorem. \" class=\"wp-image-460249\" \/><\/a><figcaption class=\"wp-element-caption\">NesoStacje w Polsce <\/figcaption><\/figure>\n","protected":false},"author":2,"featured_media":98425,"comment_status":"","ping_status":"closed","template":"","categories":[23],"tags":[167,2460,20423,22425,853,497,8514],"class_list":["post-98424","infobus","type-infobus","status-publish","has-post-thumbnail","hentry","category-infrastruktura","tag-autobus","tag-mpk-lublin","tag-nesobus","tag-nesostacja","tag-stacja","tag-wodor","tag-wodorowiec"],"acf":[],"yoast_head":"<!-- This site is optimized with the Yoast SEO Premium plugin v21.8 (Yoast SEO v23.7) - https:\/\/yoast.com\/wordpress\/plugins\/seo\/ -->\n<title>Przy zajezdni autobusowej MPK Lublin powstaje wodorowa NesoStacja - TransInfo Archiwum<\/title>\n<meta name=\"description\" content=\"Przy zajezdni autobusowej Miejskiego Przedsi\u0119biorstwa Komunikacji w Lublinie powstaje og\u00f3lnodost\u0119pna stacja tankowania wodorem.\" \/>\n<meta name=\"robots\" content=\"index, follow, max-snippet:-1, max-image-preview:large, max-video-preview:-1\" \/>\n<link rel=\"canonical\" href=\"https:\/\/transinfo.pl\/x\/infobus\/przy-zajezdni-autobusowej-mpk-lublin-powstaje-wodorowa-nesostacja\/\" \/>\n<meta property=\"og:locale\" content=\"pl_PL\" \/>\n<meta property=\"og:type\" content=\"article\" \/>\n<meta property=\"og:title\" content=\"Przy zajezdni autobusowej MPK Lublin powstaje wodorowa NesoStacja\" \/>\n<meta property=\"og:description\" content=\"Przy zajezdni autobusowej Miejskiego Przedsi\u0119biorstwa Komunikacji w Lublinie powstaje og\u00f3lnodost\u0119pna stacja tankowania wodorem.\" \/>\n<meta property=\"og:url\" content=\"https:\/\/transinfo.pl\/x\/infobus\/przy-zajezdni-autobusowej-mpk-lublin-powstaje-wodorowa-nesostacja\/\" \/>\n<meta property=\"og:site_name\" content=\"TransInfo Archiwum\" \/>\n<meta property=\"og:image\" content=\"https:\/\/transinfo.pl\/x\/wp-content\/uploads\/2024\/01\/autobus-mpk-lublin-solaris.jpg\" \/>\n\t<meta property=\"og:image:width\" content=\"1\" \/>\n\t<meta property=\"og:image:height\" content=\"1\" \/>\n\t<meta property=\"og:image:type\" content=\"image\/jpeg\" \/>\n<meta name=\"twitter:card\" content=\"summary_large_image\" \/>\n<meta name=\"twitter:label1\" content=\"Szacowany czas czytania\" \/>\n\t<meta name=\"twitter:data1\" content=\"1 minuta\" \/>\n<script type=\"application\/ld+json\" class=\"yoast-schema-graph\">{\"@context\":\"https:\/\/schema.org\",\"@graph\":[{\"@type\":\"WebPage\",\"@id\":\"https:\/\/transinfo.pl\/x\/infobus\/przy-zajezdni-autobusowej-mpk-lublin-powstaje-wodorowa-nesostacja\/\",\"url\":\"https:\/\/transinfo.pl\/x\/infobus\/przy-zajezdni-autobusowej-mpk-lublin-powstaje-wodorowa-nesostacja\/\",\"name\":\"Przy zajezdni autobusowej MPK Lublin powstaje wodorowa NesoStacja - TransInfo Archiwum\",\"isPartOf\":{\"@id\":\"https:\/\/transinfo.pl\/x\/#website\"},\"primaryImageOfPage\":{\"@id\":\"https:\/\/transinfo.pl\/x\/infobus\/przy-zajezdni-autobusowej-mpk-lublin-powstaje-wodorowa-nesostacja\/#primaryimage\"},\"image\":{\"@id\":\"https:\/\/transinfo.pl\/x\/infobus\/przy-zajezdni-autobusowej-mpk-lublin-powstaje-wodorowa-nesostacja\/#primaryimage\"},\"thumbnailUrl\":\"https:\/\/transinfo.pl\/x\/wp-content\/uploads\/2024\/01\/autobus-mpk-lublin-solaris.jpg\",\"datePublished\":\"2024-01-17T08:02:00+00:00\",\"dateModified\":\"2024-01-17T08:02:00+00:00\",\"description\":\"Przy zajezdni autobusowej Miejskiego Przedsi\u0119biorstwa Komunikacji w Lublinie powstaje og\u00f3lnodost\u0119pna stacja tankowania wodorem.\",\"breadcrumb\":{\"@id\":\"https:\/\/transinfo.pl\/x\/infobus\/przy-zajezdni-autobusowej-mpk-lublin-powstaje-wodorowa-nesostacja\/#breadcrumb\"},\"inLanguage\":\"pl-PL\",\"potentialAction\":[{\"@type\":\"ReadAction\",\"target\":[\"https:\/\/transinfo.pl\/x\/infobus\/przy-zajezdni-autobusowej-mpk-lublin-powstaje-wodorowa-nesostacja\/\"]}]},{\"@type\":\"ImageObject\",\"inLanguage\":\"pl-PL\",\"@id\":\"https:\/\/transinfo.pl\/x\/infobus\/przy-zajezdni-autobusowej-mpk-lublin-powstaje-wodorowa-nesostacja\/#primaryimage\",\"url\":\"https:\/\/transinfo.pl\/x\/wp-content\/uploads\/2024\/01\/autobus-mpk-lublin-solaris.jpg\",\"contentUrl\":\"https:\/\/transinfo.pl\/x\/wp-content\/uploads\/2024\/01\/autobus-mpk-lublin-solaris.jpg\"},{\"@type\":\"BreadcrumbList\",\"@id\":\"https:\/\/transinfo.pl\/x\/infobus\/przy-zajezdni-autobusowej-mpk-lublin-powstaje-wodorowa-nesostacja\/#breadcrumb\",\"itemListElement\":[{\"@type\":\"ListItem\",\"position\":1,\"name\":\"Home\",\"item\":\"https:\/\/transinfo.pl\/x\/\"},{\"@type\":\"ListItem\",\"position\":2,\"name\":\"Infobus\",\"item\":\"https:\/\/transinfo.pl\/x\/infobus\/\"},{\"@type\":\"ListItem\",\"position\":3,\"name\":\"Przy zajezdni autobusowej MPK Lublin powstaje wodorowa NesoStacja\"}]},{\"@type\":\"WebSite\",\"@id\":\"https:\/\/transinfo.pl\/x\/#website\",\"url\":\"https:\/\/transinfo.pl\/x\/\",\"name\":\"TransInfo Archiwum\",\"description\":\"Ca\u0142y transport w jednym miejscu\",\"publisher\":{\"@id\":\"https:\/\/transinfo.pl\/x\/#organization\"},\"potentialAction\":[{\"@type\":\"SearchAction\",\"target\":{\"@type\":\"EntryPoint\",\"urlTemplate\":\"https:\/\/transinfo.pl\/x\/?s={search_term_string}\"},\"query-input\":{\"@type\":\"PropertyValueSpecification\",\"valueRequired\":true,\"valueName\":\"search_term_string\"}}],\"inLanguage\":\"pl-PL\"},{\"@type\":\"Organization\",\"@id\":\"https:\/\/transinfo.pl\/x\/#organization\",\"name\":\"TransInfo\",\"url\":\"https:\/\/transinfo.pl\/x\/\",\"logo\":{\"@type\":\"ImageObject\",\"inLanguage\":\"pl-PL\",\"@id\":\"https:\/\/transinfo.pl\/x\/#\/schema\/logo\/image\/\",\"url\":\"https:\/\/transinfo.pl\/x\/wp-content\/uploads\/2024\/10\/favicon.png\",\"contentUrl\":\"https:\/\/transinfo.pl\/x\/wp-content\/uploads\/2024\/10\/favicon.png\",\"width\":512,\"height\":512,\"caption\":\"TransInfo\"},\"image\":{\"@id\":\"https:\/\/transinfo.pl\/x\/#\/schema\/logo\/image\/\"}}]}<\/script>\n<!-- \/ Yoast SEO Premium plugin. -->","yoast_head_json":{"title":"Przy zajezdni autobusowej MPK Lublin powstaje wodorowa NesoStacja - TransInfo Archiwum","description":"Przy zajezdni autobusowej Miejskiego Przedsi\u0119biorstwa Komunikacji w Lublinie powstaje og\u00f3lnodost\u0119pna stacja tankowania wodorem.","robots":{"index":"index","follow":"follow","max-snippet":"max-snippet:-1","max-image-preview":"max-image-preview:large","max-video-preview":"max-video-preview:-1"},"canonical":"https:\/\/transinfo.pl\/x\/infobus\/przy-zajezdni-autobusowej-mpk-lublin-powstaje-wodorowa-nesostacja\/","og_locale":"pl_PL","og_type":"article","og_title":"Przy zajezdni autobusowej MPK Lublin powstaje wodorowa NesoStacja","og_description":"Przy zajezdni autobusowej Miejskiego Przedsi\u0119biorstwa Komunikacji w Lublinie powstaje og\u00f3lnodost\u0119pna stacja tankowania wodorem.","og_url":"https:\/\/transinfo.pl\/x\/infobus\/przy-zajezdni-autobusowej-mpk-lublin-powstaje-wodorowa-nesostacja\/","og_site_name":"TransInfo Archiwum","og_image":[{"url":"https:\/\/transinfo.pl\/x\/wp-content\/uploads\/2024\/01\/autobus-mpk-lublin-solaris.jpg","width":1,"height":1,"type":"image\/jpeg"}],"twitter_card":"summary_large_image","twitter_misc":{"Szacowany czas czytania":"1 minuta"},"schema":{"@context":"https:\/\/schema.org","@graph":[{"@type":"WebPage","@id":"https:\/\/transinfo.pl\/x\/infobus\/przy-zajezdni-autobusowej-mpk-lublin-powstaje-wodorowa-nesostacja\/","url":"https:\/\/transinfo.pl\/x\/infobus\/przy-zajezdni-autobusowej-mpk-lublin-powstaje-wodorowa-nesostacja\/","name":"Przy zajezdni autobusowej MPK Lublin powstaje wodorowa NesoStacja - TransInfo Archiwum","isPartOf":{"@id":"https:\/\/transinfo.pl\/x\/#website"},"primaryImageOfPage":{"@id":"https:\/\/transinfo.pl\/x\/infobus\/przy-zajezdni-autobusowej-mpk-lublin-powstaje-wodorowa-nesostacja\/#primaryimage"},"image":{"@id":"https:\/\/transinfo.pl\/x\/infobus\/przy-zajezdni-autobusowej-mpk-lublin-powstaje-wodorowa-nesostacja\/#primaryimage"},"thumbnailUrl":"https:\/\/transinfo.pl\/x\/wp-content\/uploads\/2024\/01\/autobus-mpk-lublin-solaris.jpg","datePublished":"2024-01-17T08:02:00+00:00","dateModified":"2024-01-17T08:02:00+00:00","description":"Przy zajezdni autobusowej Miejskiego Przedsi\u0119biorstwa Komunikacji w Lublinie powstaje og\u00f3lnodost\u0119pna stacja tankowania wodorem.","breadcrumb":{"@id":"https:\/\/transinfo.pl\/x\/infobus\/przy-zajezdni-autobusowej-mpk-lublin-powstaje-wodorowa-nesostacja\/#breadcrumb"},"inLanguage":"pl-PL","potentialAction":[{"@type":"ReadAction","target":["https:\/\/transinfo.pl\/x\/infobus\/przy-zajezdni-autobusowej-mpk-lublin-powstaje-wodorowa-nesostacja\/"]}]},{"@type":"ImageObject","inLanguage":"pl-PL","@id":"https:\/\/transinfo.pl\/x\/infobus\/przy-zajezdni-autobusowej-mpk-lublin-powstaje-wodorowa-nesostacja\/#primaryimage","url":"https:\/\/transinfo.pl\/x\/wp-content\/uploads\/2024\/01\/autobus-mpk-lublin-solaris.jpg","contentUrl":"https:\/\/transinfo.pl\/x\/wp-content\/uploads\/2024\/01\/autobus-mpk-lublin-solaris.jpg"},{"@type":"BreadcrumbList","@id":"https:\/\/transinfo.pl\/x\/infobus\/przy-zajezdni-autobusowej-mpk-lublin-powstaje-wodorowa-nesostacja\/#breadcrumb","itemListElement":[{"@type":"ListItem","position":1,"name":"Home","item":"https:\/\/transinfo.pl\/x\/"},{"@type":"ListItem","position":2,"name":"Infobus","item":"https:\/\/transinfo.pl\/x\/infobus\/"},{"@type":"ListItem","position":3,"name":"Przy zajezdni autobusowej MPK Lublin powstaje wodorowa NesoStacja"}]},{"@type":"WebSite","@id":"https:\/\/transinfo.pl\/x\/#website","url":"https:\/\/transinfo.pl\/x\/","name":"TransInfo Archiwum","description":"Ca\u0142y transport w jednym miejscu","publisher":{"@id":"https:\/\/transinfo.pl\/x\/#organization"},"potentialAction":[{"@type":"SearchAction","target":{"@type":"EntryPoint","urlTemplate":"https:\/\/transinfo.pl\/x\/?s={search_term_string}"},"query-input":{"@type":"PropertyValueSpecification","valueRequired":true,"valueName":"search_term_string"}}],"inLanguage":"pl-PL"},{"@type":"Organization","@id":"https:\/\/transinfo.pl\/x\/#organization","name":"TransInfo","url":"https:\/\/transinfo.pl\/x\/","logo":{"@type":"ImageObject","inLanguage":"pl-PL","@id":"https:\/\/transinfo.pl\/x\/#\/schema\/logo\/image\/","url":"https:\/\/transinfo.pl\/x\/wp-content\/uploads\/2024\/10\/favicon.png","contentUrl":"https:\/\/transinfo.pl\/x\/wp-content\/uploads\/2024\/10\/favicon.png","width":512,"height":512,"caption":"TransInfo"},"image":{"@id":"https:\/\/transinfo.pl\/x\/#\/schema\/logo\/image\/"}}]}},"_links":{"self":[{"href":"https:\/\/transinfo.pl\/x\/wp-json\/wp\/v2\/infobus\/98424","targetHints":{"allow":["GET"]}}],"collection":[{"href":"https:\/\/transinfo.pl\/x\/wp-json\/wp\/v2\/infobus"}],"about":[{"href":"https:\/\/transinfo.pl\/x\/wp-json\/wp\/v2\/types\/infobus"}],"author":[{"embeddable":true,"href":"https:\/\/transinfo.pl\/x\/wp-json\/wp\/v2\/users\/2"}],"replies":[{"embeddable":true,"href":"https:\/\/transinfo.pl\/x\/wp-json\/wp\/v2\/comments?post=98424"}],"wp:featuredmedia":[{"embeddable":true,"href":"https:\/\/transinfo.pl\/x\/wp-json\/wp\/v2\/media\/98425"}],"wp:attachment":[{"href":"https:\/\/transinfo.pl\/x\/wp-json\/wp\/v2\/media?parent=98424"}],"wp:term":[{"taxonomy":"category","embeddable":true,"href":"https:\/\/transinfo.pl\/x\/wp-json\/wp\/v2\/categories?post=98424"},{"taxonomy":"post_tag","embeddable":true,"href":"https:\/\/transinfo.pl\/x\/wp-json\/wp\/v2\/tags?post=98424"}],"curies":[{"name":"wp","href":"https:\/\/api.w.org\/{rel}","templated":true}]}}