{"id":98232,"date":"2024-01-09T15:05:00","date_gmt":"2024-01-09T15:05:00","guid":{"rendered":"https:\/\/transinfo.pl\/x\/infobus\/sopot-walczy-o-powrot-trolejbusowej-linii-21-kolejne-podejscie\/"},"modified":"2024-01-09T15:05:00","modified_gmt":"2024-01-09T15:05:00","slug":"sopot-walczy-o-powrot-trolejbusowej-linii-21-kolejne-podejscie","status":"publish","type":"infobus","link":"https:\/\/transinfo.pl\/x\/infobus\/sopot-walczy-o-powrot-trolejbusowej-linii-21-kolejne-podejscie\/","title":{"rendered":"Sopot walczy o powr\u00f3t trolejbusowej linii 21. Kolejne podej\u015bcie"},"content":{"rendered":"<style>h1,h2,h3,h4,h5,h6{margin:0 0 1.25rem;font-family:Arial,sans-serif;font-weight:600;color:#050505}h1{font-size:1.875rem;line-height:1.1em;text-transform:none}@media(min-width: 768px){h1{font-size:2.375rem}}h2{font-size:1.1875rem;line-height:1.2em;text-transform:uppercase}@media(min-width: 768px){h2{font-size:1.0625rem}}h3{font-size:0.9375rem;line-height:1.4em;font-weight:900;margin-bottom:0.9375rem}h4{font-size:0.875rem;line-height:1.2em;font-weight:500}h5{font-size:0.9375rem;line-height:1.6;font-weight:400}h6{font-size:0.9375rem;line-height:1.6;font-weight:600}\n<\/style>\n<h3 class=\"wp-block-heading\" id=\"h-sopot-negocjuje-z-gdynia-przywrocenie-zlikwidowanej-linii-trolejbusowej-21-ktorej-przywrocenia-domagaja-sie-pasazerowie\">Sopot negocjuje z Gdyni\u0105 przywr\u00f3cenie zlikwidowanej linii trolejbusowej 21, kt\u00f3rej przywr\u00f3cenia domagaj\u0105 si\u0119 pasa\u017cerowie. <\/h3>\n\n\n<style>p{margin:0 0 1.5rem}p:last-child{margin:0}p.is-style-uppercase{text-transform:uppercase}p.is-style-preheading{color:#12406a;text-transform:uppercase}p.is-style-leadparagraph{font-size:1rem;line-height:1.625;font-weight:700}@media(min-width: 768px){p.is-style-leadparagraph{font-size:1.125rem;line-height:1.5555555556}}p.has-small-margin{margin-bottom:0.625rem}p.has-small-margin+h1,p.has-small-margin+h2,p.has-small-margin+h3{margin-top:1.875rem}\n<\/style>\n<p>8 stycznia Wojciech Szczurek, prezydent Gdyni spotka\u0142 si\u0119 w tej sprawie z komisarz Sopotu, Magdalen\u0105 Czarzy\u0144sk\u0105-Jachim. Dodatkowo prezydent Szczurek zapowiedzia\u0142 \u201erestytucj\u0119\u201d po\u0142\u0105cze\u0144 trolejbusowych i autobusowych zlikwidowanych w ubieg\u0142ym roku pod wp\u0142ywem pogorszenia sytuacji bud\u017cetowej miasta wskutek reform podatkowych Polskiego \u0141adu. <\/p>\n\n\n\n<h2 class=\"wp-block-heading\" id=\"h-rok-od-likiwdacji-linii-21\">rok od likiwdacji linii 21<\/h2>\n\n\n\n<p>Przypomnijmy, \u017ce w styczniu 2023 roku z gdy\u0144skiego systemu komunikacji miejskiej znikn\u0119\u0142o kilka wa\u017cnych dla mieszka\u0144c\u00f3w po\u0142\u0105cze\u0144. Jak informowa\u0142 wtedy samorz\u0105d, by\u0142o to konieczne ze wzgl\u0119du na podwy\u017cki cen energii i paliw. Przede wszystkim jednak wp\u0142yw na te decyzj\u0119 mia\u0142o pogorszenia sytuacji bud\u017cetowej polskich miast wskutek reform podatkowych Polskiego \u0141adu.<\/p>\n\n\n\n<p>W\u00f3wczas m.in. Sopot po\u017cegna\u0142 si\u0119 z lini\u0105 trolejbusow\u0105 nr 21. Po 76 latach funkcjonowania zlikwidowano lubiane przez mieszka\u0144c\u00f3w po\u0142\u0105czenie z Gdyni\u0105. \u00a0Linia 21 kursowa\u0142a z P\u0119tli Reja w Sopocie na Plac Kaszubski w Gdyni od 1947 roku. Trolejbus pokonywa\u0142 po drodze alej\u0119 Niepodleg\u0142o\u015bci, alej\u0119 Zwyci\u0119stwa oraz ul. \u015awi\u0119toja\u0144sk\u0105. Cho\u0107 znaczna cz\u0119\u015b\u0107 trasa pokrywa\u0142a si\u0119 z tras\u0105 autobusu linii S, trolejbus mia\u0142 t\u0119 przewag\u0119, \u017ce nie by\u0142 lini\u0105 pospieszn\u0105, a co za tym idzie &#8211; obs\u0142ugiwa\u0142 wi\u0119ksz\u0105 liczb\u0119 przystank\u00f3w.<\/p>\n\n\n\n<p>Pierwsza pr\u00f3ba zmiany tej sytuacji mia\u0142a miejsce ju\u017c pod koniec stycznia 2023 r.\u00a0 W\u00f3wczas wiceprezydent Sopotu Marcin Skwierawski uzasadnia\u0142 wtedy tak\u0105 potrzeb\u0119 tym, \u017ce linia trolejbusowa wa\u017cna jest dla Sopotu ze wzgl\u0119du na jej popularno\u015b\u0107 w\u015br\u00f3d mieszka\u0144c\u00f3w. Z po\u0142\u0105czenia ch\u0119tnie korzystali m.in. uczniowie i seniorzy. &#8222;To jedna z trzech najpopularniejszych sopockich linii, doskonale uzupe\u0142niaj\u0105ca si\u0119 z lini\u0105 S&#8221; &#8211; argumentowa\u0142 samorz\u0105dowiec. W\u00f3wczas jednak nic z tych plan\u00f3w nie wysz\u0142o.<\/p>\n\n\n<style>.wp-block-image{margin:1.25rem 0;text-align:center}.wp-block-image figcaption{padding:0 0.9375rem;text-align:center}\n<\/style>\n<figure class=\"wp-block-image size-large\"><a href=\"https:\/\/transinfo.pl\/wp-content\/uploads\/2024\/01\/Sopot-Gdynia-na-temat-przywrocenia-na-trase-linii-21-3.jpg\"><img decoding=\"async\" src=\"https:\/\/transinfo.pl\/wp-content\/uploads\/2024\/01\/Sopot-Gdynia-na-temat-przywrocenia-na-trase-linii-21-3-923x1024.jpg\" alt=\"8 stycznia Wojciech Szczurek, prezydent Gdyni spotka\u0142 si\u0119 w tej sprawie z komisarz Sopotu, Magdalen\u0105 Czarzy\u0144sk\u0105-Jachim. \" class=\"wp-image-459541\" \/><\/a><figcaption class=\"wp-element-caption\">8 stycznia Wojciech Szczurek, prezydent Gdyni spotka\u0142 si\u0119 w tej sprawie z komisarz Sopotu, Magdalen\u0105 Czarzy\u0144sk\u0105-Jachim \/ fot. FB<\/figcaption><\/figure>\n\n\n\n<h2 class=\"wp-block-heading\" id=\"h-podejscie-numer-dwa\">Podej\u015bcie numer dwa<\/h2>\n\n\n\n<p>Teraz mamy kolejn\u0105 pr\u00f3b\u0119 przywr\u00f3cenia zlikwidowanej linii trolejbusowej 21. Z pocz\u0105tkiem stycznia 2024 r. temat wr\u00f3ci\u0142 za spraw\u0105 p.o. prezydenta Sopotu Magdaleny Czarzy\u0144skiej-Jachim. O tym, \u017ce miasto prowadzi negocjacje w celu przywr\u00f3cenia po\u0142\u0105czenia z Gdyni\u0105 dzia\u0142aczka samorz\u0105dowa poinformowa\u0142a w poniedzia\u0142ek, 8 stycznia, na swoim profilu na Facebooku.<\/p>\n\n\n<style>.wp-block-quote{border-left:0.1875rem solid var(--page-color);font-size:1rem;font-style:italic;margin:0 0 1.6875rem;padding:1.25rem}.wp-block-quote cite{color:#050505}.wp-block-quote.is-style-large p{margin-bottom:10px}.wp-block-quote.is-style-large cite{color:#12406a}\n<\/style>\n<blockquote class=\"wp-block-quote is-layout-flow wp-block-quote-is-layout-flow\">\n<p>-&#8222;Nowy Rok, nowe mo\u017cliwo\u015bci. Owocne spotkanie z Wojciechem Szczurekiem &#8211; prezydentem Gdyni i rozmowy na temat przywr\u00f3cenia po\u0142\u0105czenia linii 21. Szczeg\u00f3\u0142y wkr\u00f3tce! &#8211; poda\u0142a w mediach spo\u0142eczno\u015bciowych komisarz Sopotu.<\/p>\n<\/blockquote>\n\n\n\n\n\n\n\n<p>Potwierdzi\u0142 to prezydent Wojciech Szczurek:<\/p>\n\n\n\n<blockquote class=\"wp-block-quote is-layout-flow wp-block-quote-is-layout-flow\">\n<p>-\u201eWsp\u00f3lnie z Magdalen\u0105 Czarzy\u0144sk\u0105-Jachim pracujemy nad ponownym uruchomieniem linii, \u0142\u0105cz\u0105cej nasze miasta &#8211; napisa\u0142 prezydent Gdyni. <\/p>\n<\/blockquote>\n\n\n\n<figure class=\"wp-block-image size-full\"><a href=\"https:\/\/transinfo.pl\/wp-content\/uploads\/2024\/01\/Sopot-Gdynia-na-temat-przywrocenia-na-trase-linii-21-2.jpg\"><img decoding=\"async\" src=\"https:\/\/transinfo.pl\/wp-content\/uploads\/2024\/01\/Sopot-Gdynia-na-temat-przywrocenia-na-trase-linii-21-2.jpg\" alt=\"Sopot negocjuje z Gdyni\u0105 przywr\u00f3cenie zlikwidowanej linii trolejbusowej 21, kt\u00f3rej przywr\u00f3cenia domagaj\u0105 si\u0119 pasa\u017cerowie. \" class=\"wp-image-459540\" \/><\/a><figcaption class=\"wp-element-caption\">Sopot negocjuje z Gdyni\u0105 przywr\u00f3cenie zlikwidowanej linii trolejbusowej 21, kt\u00f3rej przywr\u00f3cenia domagaj\u0105 si\u0119 pasa\u017cerowie. \/ fot. trojmiasto.pl <\/figcaption><\/figure>\n\n\n\n<h2 class=\"wp-block-heading\" id=\"h-powrot-do-normalnosci\">powr\u00f3t do normalno\u015bci<\/h2>\n\n\n\n<p>Przypomnijmy, \u017ce przed grudniow\u0105 sesj\u0105 Rady Miasta Gdyni, prezydent Wojciech Szczurek og\u0142osi\u0142, \u201epowr\u00f3t do normalno\u015bci\u201d i poinformowa\u0142, \u017ce w gdy\u0144skim bud\u017cecie na 2024 rok znalaz\u0142y si\u0119 \u015brodki na przywr\u00f3cenie po\u0142\u0105cze\u0144 komunikacji miejskiej. &#8211; Cho\u0107 nie jest to bud\u017cet do kt\u00f3rego przyzwyczaili\u015bmy si\u0119 w czasach rozwoju samorz\u0105du, to ten bud\u017cet pozwala przywr\u00f3ci\u0107 stan jako\u015bci us\u0142ug publicznych do kt\u00f3rych mieszka\u0144cy Gdyni si\u0119 przyzwyczaili i na kt\u00f3re zas\u0142uguj\u0105 &#8211; m\u00f3wi\u0142 wtedy Wojciech Szczurek. <\/p>\n\n\n\n<blockquote class=\"wp-block-quote is-layout-flow wp-block-quote-is-layout-flow\">\n<p>-&#8222;Mi\u0142o mi pa\u0144stwa poinformowa\u0107, \u017ce w bud\u017cecie znalaz\u0142y si\u0119 \u015brodki na przywr\u00f3cenie wszystkich zawieszonych w 2023 roku po\u0142\u0105cze\u0144 komunikacji miejskiej, a nawet doda\u0107 jedno po\u0142\u0105czenie &#8211; przekaza\u0142 prezydent Szczurek.<\/p>\n<\/blockquote>\n\n\n\n<p>Na koniec przypomnijmy, \u017ce Sopot nie posiada w\u0142asnego taboru komunikacji miejskiej, t\u0119 cz\u0119\u015b\u0107 us\u0142ug na terenie nadmorskiego kurortu organizuje ZTM Gda\u0144sk oraz ZKM Gdynia. Po\u0142\u0105czenia mi\u0119dzy Gdyni\u0105 a Sopotem nadal zapewniaj\u0105 linie 31 oraz S, natomiast trasa autobusy nr 31 nie prowadzi do centrum Gdyni.<\/p>\n","protected":false},"author":2,"featured_media":98233,"comment_status":"","ping_status":"closed","template":"","categories":[23],"tags":[35,2232,2233,98],"class_list":["post-98232","infobus","type-infobus","status-publish","has-post-thumbnail","hentry","category-infrastruktura","tag-linie","tag-pkt-gdynia","tag-trolejbus","tag-zkm-gdynia"],"acf":[],"yoast_head":"<!-- This site is optimized with the Yoast SEO Premium plugin v21.8 (Yoast SEO v23.7) - https:\/\/yoast.com\/wordpress\/plugins\/seo\/ -->\n<title>Sopot walczy o powr\u00f3t trolejbusowej linii 21. Kolejne podej\u015bcie - TransInfo Archiwum<\/title>\n<meta name=\"description\" content=\"Sopot negocjuje z Gdyni\u0105 przywr\u00f3cenie zlikwidowanej linii trolejbusowej 21, kt\u00f3rej przywr\u00f3cenia domagaj\u0105 si\u0119 pasa\u017cerowie.\" \/>\n<meta name=\"robots\" content=\"index, follow, max-snippet:-1, max-image-preview:large, max-video-preview:-1\" \/>\n<link rel=\"canonical\" href=\"https:\/\/transinfo.pl\/x\/infobus\/sopot-walczy-o-powrot-trolejbusowej-linii-21-kolejne-podejscie\/\" \/>\n<meta property=\"og:locale\" content=\"pl_PL\" \/>\n<meta property=\"og:type\" content=\"article\" \/>\n<meta property=\"og:title\" content=\"Sopot walczy o powr\u00f3t trolejbusowej linii 21. Kolejne podej\u015bcie\" \/>\n<meta property=\"og:description\" content=\"Sopot negocjuje z Gdyni\u0105 przywr\u00f3cenie zlikwidowanej linii trolejbusowej 21, kt\u00f3rej przywr\u00f3cenia domagaj\u0105 si\u0119 pasa\u017cerowie.\" \/>\n<meta property=\"og:url\" content=\"https:\/\/transinfo.pl\/x\/infobus\/sopot-walczy-o-powrot-trolejbusowej-linii-21-kolejne-podejscie\/\" \/>\n<meta property=\"og:site_name\" content=\"TransInfo Archiwum\" \/>\n<meta property=\"og:image\" content=\"https:\/\/transinfo.pl\/x\/wp-content\/uploads\/2024\/01\/Sopot-Gdynia-na-temat-przywrocenia-na-trase-linii-21-1.jpg\" \/>\n\t<meta property=\"og:image:width\" content=\"1\" \/>\n\t<meta property=\"og:image:height\" content=\"1\" \/>\n\t<meta property=\"og:image:type\" content=\"image\/jpeg\" \/>\n<meta name=\"twitter:card\" content=\"summary_large_image\" \/>\n<meta name=\"twitter:label1\" content=\"Szacowany czas czytania\" \/>\n\t<meta name=\"twitter:data1\" content=\"3 minuty\" \/>\n<script type=\"application\/ld+json\" class=\"yoast-schema-graph\">{\"@context\":\"https:\/\/schema.org\",\"@graph\":[{\"@type\":\"WebPage\",\"@id\":\"https:\/\/transinfo.pl\/x\/infobus\/sopot-walczy-o-powrot-trolejbusowej-linii-21-kolejne-podejscie\/\",\"url\":\"https:\/\/transinfo.pl\/x\/infobus\/sopot-walczy-o-powrot-trolejbusowej-linii-21-kolejne-podejscie\/\",\"name\":\"Sopot walczy o powr\u00f3t trolejbusowej linii 21. Kolejne podej\u015bcie - TransInfo Archiwum\",\"isPartOf\":{\"@id\":\"https:\/\/transinfo.pl\/x\/#website\"},\"primaryImageOfPage\":{\"@id\":\"https:\/\/transinfo.pl\/x\/infobus\/sopot-walczy-o-powrot-trolejbusowej-linii-21-kolejne-podejscie\/#primaryimage\"},\"image\":{\"@id\":\"https:\/\/transinfo.pl\/x\/infobus\/sopot-walczy-o-powrot-trolejbusowej-linii-21-kolejne-podejscie\/#primaryimage\"},\"thumbnailUrl\":\"https:\/\/transinfo.pl\/x\/wp-content\/uploads\/2024\/01\/Sopot-Gdynia-na-temat-przywrocenia-na-trase-linii-21-1.jpg\",\"datePublished\":\"2024-01-09T15:05:00+00:00\",\"dateModified\":\"2024-01-09T15:05:00+00:00\",\"description\":\"Sopot negocjuje z Gdyni\u0105 przywr\u00f3cenie zlikwidowanej linii trolejbusowej 21, kt\u00f3rej przywr\u00f3cenia domagaj\u0105 si\u0119 pasa\u017cerowie.\",\"breadcrumb\":{\"@id\":\"https:\/\/transinfo.pl\/x\/infobus\/sopot-walczy-o-powrot-trolejbusowej-linii-21-kolejne-podejscie\/#breadcrumb\"},\"inLanguage\":\"pl-PL\",\"potentialAction\":[{\"@type\":\"ReadAction\",\"target\":[\"https:\/\/transinfo.pl\/x\/infobus\/sopot-walczy-o-powrot-trolejbusowej-linii-21-kolejne-podejscie\/\"]}]},{\"@type\":\"ImageObject\",\"inLanguage\":\"pl-PL\",\"@id\":\"https:\/\/transinfo.pl\/x\/infobus\/sopot-walczy-o-powrot-trolejbusowej-linii-21-kolejne-podejscie\/#primaryimage\",\"url\":\"https:\/\/transinfo.pl\/x\/wp-content\/uploads\/2024\/01\/Sopot-Gdynia-na-temat-przywrocenia-na-trase-linii-21-1.jpg\",\"contentUrl\":\"https:\/\/transinfo.pl\/x\/wp-content\/uploads\/2024\/01\/Sopot-Gdynia-na-temat-przywrocenia-na-trase-linii-21-1.jpg\"},{\"@type\":\"BreadcrumbList\",\"@id\":\"https:\/\/transinfo.pl\/x\/infobus\/sopot-walczy-o-powrot-trolejbusowej-linii-21-kolejne-podejscie\/#breadcrumb\",\"itemListElement\":[{\"@type\":\"ListItem\",\"position\":1,\"name\":\"Home\",\"item\":\"https:\/\/transinfo.pl\/x\/\"},{\"@type\":\"ListItem\",\"position\":2,\"name\":\"Infobus\",\"item\":\"https:\/\/transinfo.pl\/x\/infobus\/\"},{\"@type\":\"ListItem\",\"position\":3,\"name\":\"Sopot walczy o powr\u00f3t trolejbusowej linii 21. Kolejne podej\u015bcie\"}]},{\"@type\":\"WebSite\",\"@id\":\"https:\/\/transinfo.pl\/x\/#website\",\"url\":\"https:\/\/transinfo.pl\/x\/\",\"name\":\"TransInfo Archiwum\",\"description\":\"Ca\u0142y transport w jednym miejscu\",\"publisher\":{\"@id\":\"https:\/\/transinfo.pl\/x\/#organization\"},\"potentialAction\":[{\"@type\":\"SearchAction\",\"target\":{\"@type\":\"EntryPoint\",\"urlTemplate\":\"https:\/\/transinfo.pl\/x\/?s={search_term_string}\"},\"query-input\":{\"@type\":\"PropertyValueSpecification\",\"valueRequired\":true,\"valueName\":\"search_term_string\"}}],\"inLanguage\":\"pl-PL\"},{\"@type\":\"Organization\",\"@id\":\"https:\/\/transinfo.pl\/x\/#organization\",\"name\":\"TransInfo\",\"url\":\"https:\/\/transinfo.pl\/x\/\",\"logo\":{\"@type\":\"ImageObject\",\"inLanguage\":\"pl-PL\",\"@id\":\"https:\/\/transinfo.pl\/x\/#\/schema\/logo\/image\/\",\"url\":\"https:\/\/transinfo.pl\/x\/wp-content\/uploads\/2024\/10\/favicon.png\",\"contentUrl\":\"https:\/\/transinfo.pl\/x\/wp-content\/uploads\/2024\/10\/favicon.png\",\"width\":512,\"height\":512,\"caption\":\"TransInfo\"},\"image\":{\"@id\":\"https:\/\/transinfo.pl\/x\/#\/schema\/logo\/image\/\"}}]}<\/script>\n<!-- \/ Yoast SEO Premium plugin. -->","yoast_head_json":{"title":"Sopot walczy o powr\u00f3t trolejbusowej linii 21. Kolejne podej\u015bcie - TransInfo Archiwum","description":"Sopot negocjuje z Gdyni\u0105 przywr\u00f3cenie zlikwidowanej linii trolejbusowej 21, kt\u00f3rej przywr\u00f3cenia domagaj\u0105 si\u0119 pasa\u017cerowie.","robots":{"index":"index","follow":"follow","max-snippet":"max-snippet:-1","max-image-preview":"max-image-preview:large","max-video-preview":"max-video-preview:-1"},"canonical":"https:\/\/transinfo.pl\/x\/infobus\/sopot-walczy-o-powrot-trolejbusowej-linii-21-kolejne-podejscie\/","og_locale":"pl_PL","og_type":"article","og_title":"Sopot walczy o powr\u00f3t trolejbusowej linii 21. Kolejne podej\u015bcie","og_description":"Sopot negocjuje z Gdyni\u0105 przywr\u00f3cenie zlikwidowanej linii trolejbusowej 21, kt\u00f3rej przywr\u00f3cenia domagaj\u0105 si\u0119 pasa\u017cerowie.","og_url":"https:\/\/transinfo.pl\/x\/infobus\/sopot-walczy-o-powrot-trolejbusowej-linii-21-kolejne-podejscie\/","og_site_name":"TransInfo Archiwum","og_image":[{"url":"https:\/\/transinfo.pl\/x\/wp-content\/uploads\/2024\/01\/Sopot-Gdynia-na-temat-przywrocenia-na-trase-linii-21-1.jpg","width":1,"height":1,"type":"image\/jpeg"}],"twitter_card":"summary_large_image","twitter_misc":{"Szacowany czas czytania":"3 minuty"},"schema":{"@context":"https:\/\/schema.org","@graph":[{"@type":"WebPage","@id":"https:\/\/transinfo.pl\/x\/infobus\/sopot-walczy-o-powrot-trolejbusowej-linii-21-kolejne-podejscie\/","url":"https:\/\/transinfo.pl\/x\/infobus\/sopot-walczy-o-powrot-trolejbusowej-linii-21-kolejne-podejscie\/","name":"Sopot walczy o powr\u00f3t trolejbusowej linii 21. Kolejne podej\u015bcie - TransInfo Archiwum","isPartOf":{"@id":"https:\/\/transinfo.pl\/x\/#website"},"primaryImageOfPage":{"@id":"https:\/\/transinfo.pl\/x\/infobus\/sopot-walczy-o-powrot-trolejbusowej-linii-21-kolejne-podejscie\/#primaryimage"},"image":{"@id":"https:\/\/transinfo.pl\/x\/infobus\/sopot-walczy-o-powrot-trolejbusowej-linii-21-kolejne-podejscie\/#primaryimage"},"thumbnailUrl":"https:\/\/transinfo.pl\/x\/wp-content\/uploads\/2024\/01\/Sopot-Gdynia-na-temat-przywrocenia-na-trase-linii-21-1.jpg","datePublished":"2024-01-09T15:05:00+00:00","dateModified":"2024-01-09T15:05:00+00:00","description":"Sopot negocjuje z Gdyni\u0105 przywr\u00f3cenie zlikwidowanej linii trolejbusowej 21, kt\u00f3rej przywr\u00f3cenia domagaj\u0105 si\u0119 pasa\u017cerowie.","breadcrumb":{"@id":"https:\/\/transinfo.pl\/x\/infobus\/sopot-walczy-o-powrot-trolejbusowej-linii-21-kolejne-podejscie\/#breadcrumb"},"inLanguage":"pl-PL","potentialAction":[{"@type":"ReadAction","target":["https:\/\/transinfo.pl\/x\/infobus\/sopot-walczy-o-powrot-trolejbusowej-linii-21-kolejne-podejscie\/"]}]},{"@type":"ImageObject","inLanguage":"pl-PL","@id":"https:\/\/transinfo.pl\/x\/infobus\/sopot-walczy-o-powrot-trolejbusowej-linii-21-kolejne-podejscie\/#primaryimage","url":"https:\/\/transinfo.pl\/x\/wp-content\/uploads\/2024\/01\/Sopot-Gdynia-na-temat-przywrocenia-na-trase-linii-21-1.jpg","contentUrl":"https:\/\/transinfo.pl\/x\/wp-content\/uploads\/2024\/01\/Sopot-Gdynia-na-temat-przywrocenia-na-trase-linii-21-1.jpg"},{"@type":"BreadcrumbList","@id":"https:\/\/transinfo.pl\/x\/infobus\/sopot-walczy-o-powrot-trolejbusowej-linii-21-kolejne-podejscie\/#breadcrumb","itemListElement":[{"@type":"ListItem","position":1,"name":"Home","item":"https:\/\/transinfo.pl\/x\/"},{"@type":"ListItem","position":2,"name":"Infobus","item":"https:\/\/transinfo.pl\/x\/infobus\/"},{"@type":"ListItem","position":3,"name":"Sopot walczy o powr\u00f3t trolejbusowej linii 21. Kolejne podej\u015bcie"}]},{"@type":"WebSite","@id":"https:\/\/transinfo.pl\/x\/#website","url":"https:\/\/transinfo.pl\/x\/","name":"TransInfo Archiwum","description":"Ca\u0142y transport w jednym miejscu","publisher":{"@id":"https:\/\/transinfo.pl\/x\/#organization"},"potentialAction":[{"@type":"SearchAction","target":{"@type":"EntryPoint","urlTemplate":"https:\/\/transinfo.pl\/x\/?s={search_term_string}"},"query-input":{"@type":"PropertyValueSpecification","valueRequired":true,"valueName":"search_term_string"}}],"inLanguage":"pl-PL"},{"@type":"Organization","@id":"https:\/\/transinfo.pl\/x\/#organization","name":"TransInfo","url":"https:\/\/transinfo.pl\/x\/","logo":{"@type":"ImageObject","inLanguage":"pl-PL","@id":"https:\/\/transinfo.pl\/x\/#\/schema\/logo\/image\/","url":"https:\/\/transinfo.pl\/x\/wp-content\/uploads\/2024\/10\/favicon.png","contentUrl":"https:\/\/transinfo.pl\/x\/wp-content\/uploads\/2024\/10\/favicon.png","width":512,"height":512,"caption":"TransInfo"},"image":{"@id":"https:\/\/transinfo.pl\/x\/#\/schema\/logo\/image\/"}}]}},"_links":{"self":[{"href":"https:\/\/transinfo.pl\/x\/wp-json\/wp\/v2\/infobus\/98232","targetHints":{"allow":["GET"]}}],"collection":[{"href":"https:\/\/transinfo.pl\/x\/wp-json\/wp\/v2\/infobus"}],"about":[{"href":"https:\/\/transinfo.pl\/x\/wp-json\/wp\/v2\/types\/infobus"}],"author":[{"embeddable":true,"href":"https:\/\/transinfo.pl\/x\/wp-json\/wp\/v2\/users\/2"}],"replies":[{"embeddable":true,"href":"https:\/\/transinfo.pl\/x\/wp-json\/wp\/v2\/comments?post=98232"}],"wp:featuredmedia":[{"embeddable":true,"href":"https:\/\/transinfo.pl\/x\/wp-json\/wp\/v2\/media\/98233"}],"wp:attachment":[{"href":"https:\/\/transinfo.pl\/x\/wp-json\/wp\/v2\/media?parent=98232"}],"wp:term":[{"taxonomy":"category","embeddable":true,"href":"https:\/\/transinfo.pl\/x\/wp-json\/wp\/v2\/categories?post=98232"},{"taxonomy":"post_tag","embeddable":true,"href":"https:\/\/transinfo.pl\/x\/wp-json\/wp\/v2\/tags?post=98232"}],"curies":[{"name":"wp","href":"https:\/\/api.w.org\/{rel}","templated":true}]}}