{"id":98168,"date":"2024-01-07T19:03:00","date_gmt":"2024-01-07T19:03:00","guid":{"rendered":"https:\/\/transinfo.pl\/x\/infobus\/gdansk-kontra-piraci-na-buspasach-kamera-w-autobusie\/"},"modified":"2024-01-07T19:03:00","modified_gmt":"2024-01-07T19:03:00","slug":"gdansk-kontra-piraci-na-buspasach-kamera-w-autobusie","status":"publish","type":"infobus","link":"https:\/\/transinfo.pl\/x\/infobus\/gdansk-kontra-piraci-na-buspasach-kamera-w-autobusie\/","title":{"rendered":"Gda\u0144sk kontra piraci na buspasach. Kamera w autobusie"},"content":{"rendered":"<style>h1,h2,h3,h4,h5,h6{margin:0 0 1.25rem;font-family:Arial,sans-serif;font-weight:600;color:#050505}h1{font-size:1.875rem;line-height:1.1em;text-transform:none}@media(min-width: 768px){h1{font-size:2.375rem}}h2{font-size:1.1875rem;line-height:1.2em;text-transform:uppercase}@media(min-width: 768px){h2{font-size:1.0625rem}}h3{font-size:0.9375rem;line-height:1.4em;font-weight:900;margin-bottom:0.9375rem}h4{font-size:0.875rem;line-height:1.2em;font-weight:500}h5{font-size:0.9375rem;line-height:1.6;font-weight:400}h6{font-size:0.9375rem;line-height:1.6;font-weight:600}\n<\/style>\n<h3 class=\"wp-block-heading\" id=\"h-w-styczniu-zarzad-transportu-miejskiego-w-gdansku-rozpoczal-8-tygodniowy-pilotaz-systemu-pozwalajacego-na-wskazanie-przyczyn-zajetosci-buspasow-oraz-zatok-autobusowych\">W styczniu Zarz\u0105d Transportu Miejskiego w Gda\u0144sku rozpocz\u0105\u0142 8-tygodniowy pilota\u017c systemu pozwalaj\u0105cego na wskazanie przyczyn zaj\u0119to\u015bci buspas\u00f3w oraz zatok autobusowych.<\/h3>\n\n\n<style>p{margin:0 0 1.5rem}p:last-child{margin:0}p.is-style-uppercase{text-transform:uppercase}p.is-style-preheading{color:#12406a;text-transform:uppercase}p.is-style-leadparagraph{font-size:1rem;line-height:1.625;font-weight:700}@media(min-width: 768px){p.is-style-leadparagraph{font-size:1.125rem;line-height:1.5555555556}}p.has-small-margin{margin-bottom:0.625rem}p.has-small-margin+h1,p.has-small-margin+h2,p.has-small-margin+h3{margin-top:1.875rem}\n<\/style>\n<p>Dyplomatycznie m\u00f3wi\u0105c&#8230; Kamera zamontowana w jednym z gda\u0144skich autobus\u00f3w miejskich ma demaskowa\u0107 \u0142ami\u0105cych prawo kierowc\u00f3w, kt\u00f3rzy korzystaj\u0105 z buspas\u00f3w. Przypomnijmy, \u017ce mandat za nieuprawnion\u0105 jazd\u0119 po wydzielonych jezdniach wynosi 100 z\u0142 i 1 punkt karny.<\/p>\n\n\n\n<h2 class=\"wp-block-heading\" id=\"h-dwie-linie\">dwie linie<\/h2>\n\n\n\n<p>Zarz\u0105d Transportu Miejskiego w Gda\u0144sku zamontowa\u0142 w jednym z kursuj\u0105cych autobus\u00f3w kamer\u0119, kt\u00f3ra b\u0119dzie rejestrowa\u0107 kierowc\u00f3w, kt\u00f3rzy \u0142ami\u0105 prawo &#8211; korzystaj\u0105c z wydzielonych pas\u00f3w. <\/p>\n\n\n\n<p>To specjalny sprz\u0119t od firmy Hayden AI Technologies Inc, kt\u00f3ry pozwala na zebranie danych dotycz\u0105cych przyczyn zaj\u0119to\u015bci buspas\u00f3w, zatok autobus\u00f3w oraz wi\u0105\u017c\u0105cych si\u0119 z tym op\u00f3\u017anie\u0144 autobus\u00f3w.<\/p>\n\n\n\n<p>Propozycja przetestowania nowego sprz\u0119tu wysz\u0142a od ameryka\u0144skiej firmy. Przygotowa\u0142a ona bowiem produkt, kt\u00f3ry planuje w przysz\u0142o\u015bci wprowadzi\u0107 na rynek. Miasto Gda\u0144sk nie p\u0142aci za t\u0119 us\u0142ug\u0119. Po zako\u0144czeniu test\u00f3w, do Urz\u0119du Miejskiego trafi za to raport z ich przeprowadzenia. Co istotne, dane z zamontowanego w poje\u017adzie miejskim rejestratora b\u0119d\u0105 zanonimizowane. Nie zostan\u0105 przekazane Policji.\u00a0<\/p>\n\n\n\n<p>Do gda\u0144skich test\u00f3w skierowany zosta\u0142 autobus Mercedes Citaro o numerze bocznym 2670. Autobus ten kursuje na liniach 112 (Wa\u0142y Piastowskie \u2013 Przegalina) i 186 (Wa\u0142y Piastowskie \u2013 G\u00f3rki Wschodnie).<\/p>\n\n\n<style>.wp-block-quote{border-left:0.1875rem solid var(--page-color);font-size:1rem;font-style:italic;margin:0 0 1.6875rem;padding:1.25rem}.wp-block-quote cite{color:#050505}.wp-block-quote.is-style-large p{margin-bottom:10px}.wp-block-quote.is-style-large cite{color:#12406a}\n<\/style>\n<blockquote class=\"wp-block-quote is-layout-flow wp-block-quote-is-layout-flow\">\n<p>-\u201eObie te trasy przebiegaj\u0105 przez Podwale Przedmiejskie na kt\u00f3rym jest najd\u0142u\u017cszy gda\u0144ski buspas, kt\u00f3ry ma 1 kilometr i 150 metr\u00f3w. Bezp\u0142atny pilota\u017c potrwa 8 tygodni &#8211; m\u00f3wi &#8222;Dziennikowi Ba\u0142tyckiemu&#8221; Dagmara Szajda, rzecznik prasowy ZTM.<\/p>\n<\/blockquote>\n\n\n<style>.wp-block-image{margin:1.25rem 0;text-align:center}.wp-block-image figcaption{padding:0 0.9375rem;text-align:center}\n<\/style>\n<figure class=\"wp-block-image size-full\"><img decoding=\"async\" src=\"https:\/\/transinfo.pl\/wp-content\/uploads\/2024\/01\/autobs-gdansk-buspas.jpg\" alt=\"Gda\u0144sk korzysta z ameryka\u0144skiego sprz\u0119tu, by sprawdzi\u0107, kto je\u017adzi po buspasach\" class=\"wp-image-459316\" \/><figcaption class=\"wp-element-caption\">Gda\u0144sk korzysta z ameryka\u0144skiego sprz\u0119tu, by sprawdzi\u0107, kto je\u017adzi po buspasach \/ fot. Dominik Paszli\u0144ski \/ www.gdansk.pl<\/figcaption><\/figure>\n\n\n\n<h2 class=\"wp-block-heading\" id=\"h-teoria-a-rzeczywistosc\">Teoria a rzeczywisto\u015b\u0107 <\/h2>\n\n\n\n<p>Przypomnijmy \u2013 po gda\u0144skich buspasach mog\u0105 porusza\u0107 si\u0119 autobusy, s\u0142u\u017cby, motocykli\u015bci i taks\u00f3wkarze. Oczywi\u015bcie to tylko teoria.<\/p>\n\n\n\n<p>Przestrzeganie przepis\u00f3w w ruchu drogowym nie jest mocn\u0105 stron\u0105 polskich kierowc\u00f3w. Ch\u0119tnie, niestety, korzystaj\u0105 oni w godzinach szczytu z buspas\u00f3w na gda\u0144skich ulicach, kt\u00f3re maj\u0105 s\u0142u\u017cy\u0107 przede wszystkim pojazdom komunikacji miejskiej. Dzi\u0119ki nim autobusy maj\u0105 punktualnie dowozi\u0107 pasa\u017cer\u00f3w w wyznaczone miejsca, i nie sta\u0107 w korkach. Sytuacje, w kt\u00f3rych kierowcy przeje\u017cd\u017caj\u0105 prywatnymi samochodami po buspasie, notorycznie obserwowane s\u0105 m.in. na ul. Podwale Grodzkie, a tak\u017ce na Podwalu Przedmiejskim i na Trakcie \u015bw. Wojciecha. Kierowcy miejskich autobus\u00f3w, a tak\u017ce ci, kt\u00f3rzy zgodnie z prawem, stoj\u0105 w zatorach drogowych, irytuj\u0105 si\u0119 i\u2026 skar\u017c\u0105 do Zarz\u0105du Transportu Miejskiego oraz Policji. Nierzadkim zjawiskiem s\u0105 te\u017c samochody osobowe zatrzymuj\u0105ce si\u0119 w zatokach autobusowych, uniemo\u017cliwiaj\u0105ce autobusom podjazd blisko przystanku.<\/p>\n\n\n\n<p>Nieuprawnieni musz\u0105 liczy\u0107 si\u0119 z kolei z mandatem w wysoko\u015bci 100 z\u0142otych i 1 punktem karnym<\/p>\n\n\n\n<p><\/p>\n","protected":false},"author":2,"featured_media":98169,"comment_status":"","ping_status":"closed","template":"","categories":[23],"tags":[167,1836,104,1282,171],"class_list":["post-98168","infobus","type-infobus","status-publish","has-post-thumbnail","hentry","category-infrastruktura","tag-autobus","tag-buspas","tag-gdansk","tag-monitoring","tag-ztm"],"acf":[],"yoast_head":"<!-- This site is optimized with the Yoast SEO Premium plugin v21.8 (Yoast SEO v23.7) - https:\/\/yoast.com\/wordpress\/plugins\/seo\/ -->\n<title>Gda\u0144sk kontra piraci na buspasach. Kamera w autobusie - TransInfo Archiwum<\/title>\n<meta name=\"description\" content=\"W styczniu Zarz\u0105d Transportu Miejskiego w Gda\u0144sku rozpocz\u0105\u0142 8-tygodniowy pilota\u017c systemu pozwalaj\u0105cego na monitoring buspas\u00f3w.\" \/>\n<meta name=\"robots\" content=\"index, follow, max-snippet:-1, max-image-preview:large, max-video-preview:-1\" \/>\n<link rel=\"canonical\" href=\"https:\/\/transinfo.pl\/x\/infobus\/gdansk-kontra-piraci-na-buspasach-kamera-w-autobusie\/\" \/>\n<meta property=\"og:locale\" content=\"pl_PL\" \/>\n<meta property=\"og:type\" content=\"article\" \/>\n<meta property=\"og:title\" content=\"Gda\u0144sk kontra piraci na buspasach. Kamera w autobusie\" \/>\n<meta property=\"og:description\" content=\"W styczniu Zarz\u0105d Transportu Miejskiego w Gda\u0144sku rozpocz\u0105\u0142 8-tygodniowy pilota\u017c systemu pozwalaj\u0105cego na monitoring buspas\u00f3w.\" \/>\n<meta property=\"og:url\" content=\"https:\/\/transinfo.pl\/x\/infobus\/gdansk-kontra-piraci-na-buspasach-kamera-w-autobusie\/\" \/>\n<meta property=\"og:site_name\" content=\"TransInfo Archiwum\" \/>\n<meta property=\"og:image\" content=\"https:\/\/transinfo.pl\/x\/wp-content\/uploads\/2024\/01\/autobus-gdansk-test-buspas.jpg\" \/>\n\t<meta property=\"og:image:width\" content=\"1\" \/>\n\t<meta property=\"og:image:height\" content=\"1\" \/>\n\t<meta property=\"og:image:type\" content=\"image\/jpeg\" \/>\n<meta name=\"twitter:card\" content=\"summary_large_image\" \/>\n<meta name=\"twitter:label1\" content=\"Szacowany czas czytania\" \/>\n\t<meta name=\"twitter:data1\" content=\"2 minuty\" \/>\n<script type=\"application\/ld+json\" class=\"yoast-schema-graph\">{\"@context\":\"https:\/\/schema.org\",\"@graph\":[{\"@type\":\"WebPage\",\"@id\":\"https:\/\/transinfo.pl\/x\/infobus\/gdansk-kontra-piraci-na-buspasach-kamera-w-autobusie\/\",\"url\":\"https:\/\/transinfo.pl\/x\/infobus\/gdansk-kontra-piraci-na-buspasach-kamera-w-autobusie\/\",\"name\":\"Gda\u0144sk kontra piraci na buspasach. Kamera w autobusie - TransInfo Archiwum\",\"isPartOf\":{\"@id\":\"https:\/\/transinfo.pl\/x\/#website\"},\"primaryImageOfPage\":{\"@id\":\"https:\/\/transinfo.pl\/x\/infobus\/gdansk-kontra-piraci-na-buspasach-kamera-w-autobusie\/#primaryimage\"},\"image\":{\"@id\":\"https:\/\/transinfo.pl\/x\/infobus\/gdansk-kontra-piraci-na-buspasach-kamera-w-autobusie\/#primaryimage\"},\"thumbnailUrl\":\"https:\/\/transinfo.pl\/x\/wp-content\/uploads\/2024\/01\/autobus-gdansk-test-buspas.jpg\",\"datePublished\":\"2024-01-07T19:03:00+00:00\",\"dateModified\":\"2024-01-07T19:03:00+00:00\",\"description\":\"W styczniu Zarz\u0105d Transportu Miejskiego w Gda\u0144sku rozpocz\u0105\u0142 8-tygodniowy pilota\u017c systemu pozwalaj\u0105cego na monitoring buspas\u00f3w.\",\"breadcrumb\":{\"@id\":\"https:\/\/transinfo.pl\/x\/infobus\/gdansk-kontra-piraci-na-buspasach-kamera-w-autobusie\/#breadcrumb\"},\"inLanguage\":\"pl-PL\",\"potentialAction\":[{\"@type\":\"ReadAction\",\"target\":[\"https:\/\/transinfo.pl\/x\/infobus\/gdansk-kontra-piraci-na-buspasach-kamera-w-autobusie\/\"]}]},{\"@type\":\"ImageObject\",\"inLanguage\":\"pl-PL\",\"@id\":\"https:\/\/transinfo.pl\/x\/infobus\/gdansk-kontra-piraci-na-buspasach-kamera-w-autobusie\/#primaryimage\",\"url\":\"https:\/\/transinfo.pl\/x\/wp-content\/uploads\/2024\/01\/autobus-gdansk-test-buspas.jpg\",\"contentUrl\":\"https:\/\/transinfo.pl\/x\/wp-content\/uploads\/2024\/01\/autobus-gdansk-test-buspas.jpg\"},{\"@type\":\"BreadcrumbList\",\"@id\":\"https:\/\/transinfo.pl\/x\/infobus\/gdansk-kontra-piraci-na-buspasach-kamera-w-autobusie\/#breadcrumb\",\"itemListElement\":[{\"@type\":\"ListItem\",\"position\":1,\"name\":\"Home\",\"item\":\"https:\/\/transinfo.pl\/x\/\"},{\"@type\":\"ListItem\",\"position\":2,\"name\":\"Infobus\",\"item\":\"https:\/\/transinfo.pl\/x\/infobus\/\"},{\"@type\":\"ListItem\",\"position\":3,\"name\":\"Gda\u0144sk kontra piraci na buspasach. Kamera w autobusie\"}]},{\"@type\":\"WebSite\",\"@id\":\"https:\/\/transinfo.pl\/x\/#website\",\"url\":\"https:\/\/transinfo.pl\/x\/\",\"name\":\"TransInfo Archiwum\",\"description\":\"Ca\u0142y transport w jednym miejscu\",\"publisher\":{\"@id\":\"https:\/\/transinfo.pl\/x\/#organization\"},\"potentialAction\":[{\"@type\":\"SearchAction\",\"target\":{\"@type\":\"EntryPoint\",\"urlTemplate\":\"https:\/\/transinfo.pl\/x\/?s={search_term_string}\"},\"query-input\":{\"@type\":\"PropertyValueSpecification\",\"valueRequired\":true,\"valueName\":\"search_term_string\"}}],\"inLanguage\":\"pl-PL\"},{\"@type\":\"Organization\",\"@id\":\"https:\/\/transinfo.pl\/x\/#organization\",\"name\":\"TransInfo\",\"url\":\"https:\/\/transinfo.pl\/x\/\",\"logo\":{\"@type\":\"ImageObject\",\"inLanguage\":\"pl-PL\",\"@id\":\"https:\/\/transinfo.pl\/x\/#\/schema\/logo\/image\/\",\"url\":\"https:\/\/transinfo.pl\/x\/wp-content\/uploads\/2024\/10\/favicon.png\",\"contentUrl\":\"https:\/\/transinfo.pl\/x\/wp-content\/uploads\/2024\/10\/favicon.png\",\"width\":512,\"height\":512,\"caption\":\"TransInfo\"},\"image\":{\"@id\":\"https:\/\/transinfo.pl\/x\/#\/schema\/logo\/image\/\"}}]}<\/script>\n<!-- \/ Yoast SEO Premium plugin. -->","yoast_head_json":{"title":"Gda\u0144sk kontra piraci na buspasach. Kamera w autobusie - TransInfo Archiwum","description":"W styczniu Zarz\u0105d Transportu Miejskiego w Gda\u0144sku rozpocz\u0105\u0142 8-tygodniowy pilota\u017c systemu pozwalaj\u0105cego na monitoring buspas\u00f3w.","robots":{"index":"index","follow":"follow","max-snippet":"max-snippet:-1","max-image-preview":"max-image-preview:large","max-video-preview":"max-video-preview:-1"},"canonical":"https:\/\/transinfo.pl\/x\/infobus\/gdansk-kontra-piraci-na-buspasach-kamera-w-autobusie\/","og_locale":"pl_PL","og_type":"article","og_title":"Gda\u0144sk kontra piraci na buspasach. Kamera w autobusie","og_description":"W styczniu Zarz\u0105d Transportu Miejskiego w Gda\u0144sku rozpocz\u0105\u0142 8-tygodniowy pilota\u017c systemu pozwalaj\u0105cego na monitoring buspas\u00f3w.","og_url":"https:\/\/transinfo.pl\/x\/infobus\/gdansk-kontra-piraci-na-buspasach-kamera-w-autobusie\/","og_site_name":"TransInfo Archiwum","og_image":[{"url":"https:\/\/transinfo.pl\/x\/wp-content\/uploads\/2024\/01\/autobus-gdansk-test-buspas.jpg","width":1,"height":1,"type":"image\/jpeg"}],"twitter_card":"summary_large_image","twitter_misc":{"Szacowany czas czytania":"2 minuty"},"schema":{"@context":"https:\/\/schema.org","@graph":[{"@type":"WebPage","@id":"https:\/\/transinfo.pl\/x\/infobus\/gdansk-kontra-piraci-na-buspasach-kamera-w-autobusie\/","url":"https:\/\/transinfo.pl\/x\/infobus\/gdansk-kontra-piraci-na-buspasach-kamera-w-autobusie\/","name":"Gda\u0144sk kontra piraci na buspasach. Kamera w autobusie - TransInfo Archiwum","isPartOf":{"@id":"https:\/\/transinfo.pl\/x\/#website"},"primaryImageOfPage":{"@id":"https:\/\/transinfo.pl\/x\/infobus\/gdansk-kontra-piraci-na-buspasach-kamera-w-autobusie\/#primaryimage"},"image":{"@id":"https:\/\/transinfo.pl\/x\/infobus\/gdansk-kontra-piraci-na-buspasach-kamera-w-autobusie\/#primaryimage"},"thumbnailUrl":"https:\/\/transinfo.pl\/x\/wp-content\/uploads\/2024\/01\/autobus-gdansk-test-buspas.jpg","datePublished":"2024-01-07T19:03:00+00:00","dateModified":"2024-01-07T19:03:00+00:00","description":"W styczniu Zarz\u0105d Transportu Miejskiego w Gda\u0144sku rozpocz\u0105\u0142 8-tygodniowy pilota\u017c systemu pozwalaj\u0105cego na monitoring buspas\u00f3w.","breadcrumb":{"@id":"https:\/\/transinfo.pl\/x\/infobus\/gdansk-kontra-piraci-na-buspasach-kamera-w-autobusie\/#breadcrumb"},"inLanguage":"pl-PL","potentialAction":[{"@type":"ReadAction","target":["https:\/\/transinfo.pl\/x\/infobus\/gdansk-kontra-piraci-na-buspasach-kamera-w-autobusie\/"]}]},{"@type":"ImageObject","inLanguage":"pl-PL","@id":"https:\/\/transinfo.pl\/x\/infobus\/gdansk-kontra-piraci-na-buspasach-kamera-w-autobusie\/#primaryimage","url":"https:\/\/transinfo.pl\/x\/wp-content\/uploads\/2024\/01\/autobus-gdansk-test-buspas.jpg","contentUrl":"https:\/\/transinfo.pl\/x\/wp-content\/uploads\/2024\/01\/autobus-gdansk-test-buspas.jpg"},{"@type":"BreadcrumbList","@id":"https:\/\/transinfo.pl\/x\/infobus\/gdansk-kontra-piraci-na-buspasach-kamera-w-autobusie\/#breadcrumb","itemListElement":[{"@type":"ListItem","position":1,"name":"Home","item":"https:\/\/transinfo.pl\/x\/"},{"@type":"ListItem","position":2,"name":"Infobus","item":"https:\/\/transinfo.pl\/x\/infobus\/"},{"@type":"ListItem","position":3,"name":"Gda\u0144sk kontra piraci na buspasach. Kamera w autobusie"}]},{"@type":"WebSite","@id":"https:\/\/transinfo.pl\/x\/#website","url":"https:\/\/transinfo.pl\/x\/","name":"TransInfo Archiwum","description":"Ca\u0142y transport w jednym miejscu","publisher":{"@id":"https:\/\/transinfo.pl\/x\/#organization"},"potentialAction":[{"@type":"SearchAction","target":{"@type":"EntryPoint","urlTemplate":"https:\/\/transinfo.pl\/x\/?s={search_term_string}"},"query-input":{"@type":"PropertyValueSpecification","valueRequired":true,"valueName":"search_term_string"}}],"inLanguage":"pl-PL"},{"@type":"Organization","@id":"https:\/\/transinfo.pl\/x\/#organization","name":"TransInfo","url":"https:\/\/transinfo.pl\/x\/","logo":{"@type":"ImageObject","inLanguage":"pl-PL","@id":"https:\/\/transinfo.pl\/x\/#\/schema\/logo\/image\/","url":"https:\/\/transinfo.pl\/x\/wp-content\/uploads\/2024\/10\/favicon.png","contentUrl":"https:\/\/transinfo.pl\/x\/wp-content\/uploads\/2024\/10\/favicon.png","width":512,"height":512,"caption":"TransInfo"},"image":{"@id":"https:\/\/transinfo.pl\/x\/#\/schema\/logo\/image\/"}}]}},"_links":{"self":[{"href":"https:\/\/transinfo.pl\/x\/wp-json\/wp\/v2\/infobus\/98168","targetHints":{"allow":["GET"]}}],"collection":[{"href":"https:\/\/transinfo.pl\/x\/wp-json\/wp\/v2\/infobus"}],"about":[{"href":"https:\/\/transinfo.pl\/x\/wp-json\/wp\/v2\/types\/infobus"}],"author":[{"embeddable":true,"href":"https:\/\/transinfo.pl\/x\/wp-json\/wp\/v2\/users\/2"}],"replies":[{"embeddable":true,"href":"https:\/\/transinfo.pl\/x\/wp-json\/wp\/v2\/comments?post=98168"}],"wp:featuredmedia":[{"embeddable":true,"href":"https:\/\/transinfo.pl\/x\/wp-json\/wp\/v2\/media\/98169"}],"wp:attachment":[{"href":"https:\/\/transinfo.pl\/x\/wp-json\/wp\/v2\/media?parent=98168"}],"wp:term":[{"taxonomy":"category","embeddable":true,"href":"https:\/\/transinfo.pl\/x\/wp-json\/wp\/v2\/categories?post=98168"},{"taxonomy":"post_tag","embeddable":true,"href":"https:\/\/transinfo.pl\/x\/wp-json\/wp\/v2\/tags?post=98168"}],"curies":[{"name":"wp","href":"https:\/\/api.w.org\/{rel}","templated":true}]}}