{"id":98138,"date":"2024-01-05T15:00:00","date_gmt":"2024-01-05T15:00:00","guid":{"rendered":"https:\/\/transinfo.pl\/x\/infobus\/stoleczna-policja-poskarzyla-sie-ztm-na-kierowcow-autobusow-o-co-im-chodzi\/"},"modified":"2024-01-05T15:00:00","modified_gmt":"2024-01-05T15:00:00","slug":"stoleczna-policja-poskarzyla-sie-ztm-na-kierowcow-autobusow-o-co-im-chodzi","status":"publish","type":"infobus","link":"https:\/\/transinfo.pl\/x\/infobus\/stoleczna-policja-poskarzyla-sie-ztm-na-kierowcow-autobusow-o-co-im-chodzi\/","title":{"rendered":"Sto\u0142eczna policja poskar\u017cy\u0142a si\u0119 ZTM na kierowc\u00f3w autobus\u00f3w. O co im chodzi?"},"content":{"rendered":"<style>h1,h2,h3,h4,h5,h6{margin:0 0 1.25rem;font-family:Arial,sans-serif;font-weight:600;color:#050505}h1{font-size:1.875rem;line-height:1.1em;text-transform:none}@media(min-width: 768px){h1{font-size:2.375rem}}h2{font-size:1.1875rem;line-height:1.2em;text-transform:uppercase}@media(min-width: 768px){h2{font-size:1.0625rem}}h3{font-size:0.9375rem;line-height:1.4em;font-weight:900;margin-bottom:0.9375rem}h4{font-size:0.875rem;line-height:1.2em;font-weight:500}h5{font-size:0.9375rem;line-height:1.6;font-weight:400}h6{font-size:0.9375rem;line-height:1.6;font-weight:600}\n<\/style>\n<h3 class=\"wp-block-heading\" id=\"h-w-listopadzie-warszawscy-policjanci-zdecydowali-sie-skierowac-pismo-do-zarzadu-transportu-miejskiego-w-warszawie-w-kwestii-niebezpiecznej-jazdy-kierowcow-miejskich-autobusow\">W listopadzie warszawscy policjanci zdecydowali si\u0119 skierowa\u0107 pismo do Zarz\u0105du Transportu Miejskiego w Warszawie w kwestii niebezpiecznej jazdy kierowc\u00f3w miejskich autobus\u00f3w.<\/h3>\n\n\n<style>p{margin:0 0 1.5rem}p:last-child{margin:0}p.is-style-uppercase{text-transform:uppercase}p.is-style-preheading{color:#12406a;text-transform:uppercase}p.is-style-leadparagraph{font-size:1rem;line-height:1.625;font-weight:700}@media(min-width: 768px){p.is-style-leadparagraph{font-size:1.125rem;line-height:1.5555555556}}p.has-small-margin{margin-bottom:0.625rem}p.has-small-margin+h1,p.has-small-margin+h2,p.has-small-margin+h3{margin-top:1.875rem}\n<\/style>\n<p>ZTM rozpowszechni\u0142 tre\u015b\u0107 tego pisma, kieruj\u0105c je do przewo\u017anik\u00f3w i pro\u015bb\u0105 o &#8222;przypomnienie pracownikom o konieczno\u015bci przestrzegania przepis\u00f3w ruchu drogowego&#8221;. My przy okazji wiemy, ile by\u0142o zdarze\u0144 z udzia\u0142em autobus\u00f3w w stolicy 2023. Co ciekawe, by\u0142o ich tylko nieznacznie wi\u0119cej ni\u017c w 2022 r. O co wi\u0119c chodzi funkcjonariuszom?<\/p>\n\n\n\n<h2 class=\"wp-block-heading\" id=\"h-uprzejmie-donosze\">Uprzejmie donosz\u0119<\/h2>\n\n\n\n<p>Dokument, nades\u0142any z Wydzia\u0142u Ruchu Drogowego Komendy Sto\u0142ecznej Policji, dotar\u0142 do ZTM pod koniec listopada. Policjanci w nim informuj\u0105 o &#8222;wykroczeniach pope\u0142nianych przez kierowc\u00f3w autobus\u00f3w komunikacji miejskiej, kursuj\u0105cych na terenie aglomeracji warszawskiej&#8221;.<\/p>\n\n\n\n<p>W dokumencie wskazano konkretne zachowania, takie jak przekraczanie dopuszczalnej pr\u0119dko\u015bci, przewo\u017cenie wi\u0119kszej liczby pasa\u017cer\u00f3w ni\u017c dopuszcza regulamin, ignorowanie linii ci\u0105g\u0142ych oraz jazda po obszarach wy\u0142\u0105czonych z ruchu drogowego.<\/p>\n\n\n\n<p>\u0179r\u00f3d\u0142a TVN sugeruj\u0105, \u017ce pismo od policji do ZTM wynika\u0142o z doniesienia, kt\u00f3re funkcjonariusze otrzymali od jednego z pasa\u017cer\u00f3w. Osoba ta zwr\u00f3ci\u0142a uwag\u0119 drog\u00f3wki na naruszanie przepis\u00f3w przez kierowc\u00f3w autobus\u00f3w komunikacji miejskiej.<\/p>\n\n\n\n<p>Sylwester Marczak, rzecznik Komendy Sto\u0142ecznej Policji, podkre\u015bla, \u017ce transport publiczny wi\u0105\u017ce si\u0119 z wygod\u0105 mieszka\u0144c\u00f3w, ale r\u00f3wnie\u017c z ich bezpiecze\u0144stwem. Policja odpowiada cz\u0119\u015bciowo za ten drugi obszar i reaguje na sygna\u0142y o nieprawid\u0142owo\u015bciach, informuj\u0105c tak\u017ce odpowiednie podmioty.<\/p>\n\n\n<style>.wp-block-image{margin:1.25rem 0;text-align:center}.wp-block-image figcaption{padding:0 0.9375rem;text-align:center}\n<\/style>\n<figure class=\"wp-block-image size-large\"><a href=\"https:\/\/transinfo.pl\/wp-content\/uploads\/2024\/01\/autobus-kierowca-warszawa-3-scaled.jpg\"><img decoding=\"async\" src=\"https:\/\/transinfo.pl\/wp-content\/uploads\/2024\/01\/autobus-kierowca-warszawa-3-1024x683.jpg\" alt=\"Sto\u0142eczna policja poskar\u017cy\u0142a si\u0119 ZTM na kierowc\u00f3w autobus\u00f3w. O co im chodzi? \" class=\"wp-image-459150\" \/><\/a><figcaption class=\"wp-element-caption\">Sto\u0142eczna policja poskar\u017cy\u0142a si\u0119 ZTM na kierowc\u00f3w autobus\u00f3w. O co im chodzi?<\/figcaption><\/figure>\n\n\n\n<h2 class=\"wp-block-heading\" id=\"h-autobusowe-zdarzenia-2023\">Autobusowe zdarzenia 2023<\/h2>\n\n\n\n<p>Z dost\u0119pnych nam statystyk policyjnych wynika, \u017ce w Warszawie zanotowano tylko nieznacznie wi\u0119cej zdarze\u0144 z udzia\u0142em autobus\u00f3w ni\u017c rok wcze\u015bniej. Bior\u0105c pod uwag\u0119 rosn\u0105c\u0105 liczb\u0119 remont\u00f3w i objazd\u00f3w, to ca\u0142kiem dobry wynik. Oto policyjne statystki:<\/p>\n\n\n<style>.page-content ul:not([class]),.acf-block ul:not([class]),.editor-rich-text ul,ol{padding-left:0.9375rem;margin-top:0;margin-bottom:1.5rem}.page-content ul:not([class]) ul,.page-content ul:not([class]) ol,.acf-block ul:not([class]) ul,.acf-block ul:not([class]) ol,.editor-rich-text ul ul,.editor-rich-text ul ol,ol ul,ol ol{margin:0}.page-content ul:not([class]) li,.acf-block ul:not([class]) li,.editor-rich-text ul li,ol li{margin-bottom:1.5rem}ul.with-icons{list-style:none;margin-left:0;padding-left:0}ul.with-icons li{margin-bottom:1.875rem}ul.with-icons li img{margin-bottom:15px}\n<\/style>\n<ul class=\"wp-block-list\">\n<li>W 2022 roku odnotowano 162 kolizje z udzia\u0142em autobus\u00f3w,<\/li>\n<\/ul>\n\n\n\n<ul class=\"wp-block-list\">\n<li>W 2023 roku by\u0142o ich 179.<\/li>\n<\/ul>\n\n\n\n<p>Co do wypadk\u00f3w, w 2022 by\u0142o ich 20, a w 2023 roku dosz\u0142o do 21 zdarze\u0144 z rannymi osobami.<\/p>\n\n\n\n<p>Komenda Sto\u0142eczna Policji nie ujawni\u0142a dzia\u0142a\u0144 podj\u0119tych wobec kierowc\u00f3w pojazd\u00f3w komunikacji miejskiej. Nie otrzymali\u015bmy r\u00f3wnie\u017c odpowiedzi na pytanie o to, jak policjanci oceniaj\u0105 bezpiecze\u0144stwo pasa\u017cer\u00f3w korzystaj\u0105cych z transportu zbiorowego w Warszawie i okolicach.<\/p>\n\n\n\n<figure class=\"wp-block-image size-full\"><a href=\"https:\/\/transinfo.pl\/wp-content\/uploads\/2024\/01\/autobus-kierowca-warszawa-1.jpg\"><img decoding=\"async\" src=\"https:\/\/transinfo.pl\/wp-content\/uploads\/2024\/01\/autobus-kierowca-warszawa-1.jpg\" alt=\"Sto\u0142eczna policja poskar\u017cy\u0142a si\u0119 ZTM na kierowc\u00f3w autobus\u00f3w. O co im chodzi? \" class=\"wp-image-459149\" \/><\/a><figcaption class=\"wp-element-caption\">Sto\u0142eczna policja poskar\u017cy\u0142a si\u0119 ZTM na kierowc\u00f3w autobus\u00f3w. O co im chodzi? \/ fot. Mateusz Szmelter \/ tvnwarszawa.pl<\/figcaption><\/figure>\n\n\n\n<h2 class=\"wp-block-heading\" id=\"h-zbyt-ogolny-i-nieprecyzyjny\">zbyt og\u00f3lny i nieprecyzyjny<\/h2>\n\n\n\n<p>Zarz\u0105d Transportu Miejskiego w Warszawie skonfrontowany z pismem policji, zaznacza, \u017ce dokument ten jest zbyt og\u00f3lny i nieprecyzyjny. Dlatego poproszono przewo\u017anik\u00f3w o przypomnienie kierowcom o przestrzeganiu przepis\u00f3w ruchu drogowego. ZTM nie jest pracodawc\u0105 kierowc\u00f3w, wi\u0119c ewentualne konsekwencje s\u0142u\u017cbowe dla kierowc\u00f3w mog\u0105 by\u0107 nak\u0142adane tylko przez operator\u00f3w.<\/p>\n\n\n\n<p>Kierowcy autobus\u00f3w, obs\u0142uguj\u0105cy linie w Warszawie i okolicach, dostali pisma ZTM umieszczone w gablotach na zajezdniach autobusowych. Podpisy pod tre\u015bci\u0105 pisma z\u0142o\u017cyli prezes sp\u00f3\u0142ki oraz dyrektor ds. przewoz\u00f3w.<\/p>\n\n\n\n<p>Naszym zdaniem ZTM powinien przy okazji zwr\u00f3ci\u0107 uwag\u0119 policjantom, \u017ce kierowcy autobus\u00f3w pracuj\u0105 w coraz ci\u0119\u017cszych warunkach. Wzrost liczby pojazd\u00f3w na drogach miejskich i coraz bardziej zat\u0142oczone ulice sprawiaj\u0105, \u017ce kierowcy autobus\u00f3w musz\u0105 radzi\u0107 sobie z trudnymi warunkami ruchu. To mo\u017ce prowadzi\u0107 do zwi\u0119kszonego stresu i presji czasu.<\/p>\n\n\n\n<p>Kierowcy autobus\u00f3w cz\u0119sto staj\u0105 w obliczu zagro\u017ce\u0144 bezpiecze\u0144stwa, takich jak agresja pasa\u017cer\u00f3w, wypadki drogowe czy incydenty kryminalne. Wymaga to od nich utrzymania czujno\u015bci i umiej\u0119tno\u015bci radzenia sobie w nietypowych sytuacjach.<\/p>\n\n\n\n<p>&nbsp;Rygorystyczne harmonogramy i kr\u00f3tkie przerwy mog\u0105 wp\u0142ywa\u0107 na zdrowie psychiczne kierowc\u00f3w, szczeg\u00f3lnie w kontek\u015bcie presji czasu i konieczno\u015bci dotrzymania termin\u00f3w.<\/p>\n\n\n\n<p>Podsumowuj\u0105c, kierowcy autobus\u00f3w s\u0105 nara\u017ceni na r\u00f3\u017cnorodne wyzwania zar\u00f3wno fizyczne, jak i psychiczne w zwi\u0105zku z rozwijaj\u0105c\u0105 si\u0119 infrastruktur\u0105 miejsk\u0105, rosn\u0105cymi oczekiwaniami pasa\u017cer\u00f3w oraz zmieniaj\u0105cymi si\u0119 warunkami pracy. W zwi\u0105zku z tym wa\u017cne jest, aby bran\u017ca transportowa &#8211;&nbsp; tym tak\u017ce Policja \u2013 podejmowa\u0142a dzia\u0142ania maj\u0105ce na celu popraw\u0119 warunk\u00f3w pracy i zapewnienie wsparcia dla kierowc\u00f3w w radzeniu sobie z wyzwaniami.<\/p>\n","protected":false},"author":2,"featured_media":98139,"comment_status":"","ping_status":"closed","template":"","categories":[23],"tags":[167,1101,339,375,140],"class_list":["post-98138","infobus","type-infobus","status-publish","has-post-thumbnail","hentry","category-infrastruktura","tag-autobus","tag-kierowca","tag-policja","tag-wypadek","tag-ztm-warszawa"],"acf":[],"yoast_head":"<!-- This site is optimized with the Yoast SEO Premium plugin v21.8 (Yoast SEO v23.7) - https:\/\/yoast.com\/wordpress\/plugins\/seo\/ -->\n<title>Sto\u0142eczna policja poskar\u017cy\u0142a si\u0119 ZTM na kierowc\u00f3w autobus\u00f3w. O co im chodzi? - TransInfo Archiwum<\/title>\n<meta name=\"description\" content=\"W listopadzie warszawscy policjanci zdecydowali si\u0119 skierowa\u0107 pismo do Zarz\u0105du Transportu Miejskiego w Warszawie ws. kierowc\u00f3w autobus\u00f3w.\" \/>\n<meta name=\"robots\" content=\"index, follow, max-snippet:-1, max-image-preview:large, max-video-preview:-1\" \/>\n<link rel=\"canonical\" href=\"https:\/\/transinfo.pl\/x\/infobus\/stoleczna-policja-poskarzyla-sie-ztm-na-kierowcow-autobusow-o-co-im-chodzi\/\" \/>\n<meta property=\"og:locale\" content=\"pl_PL\" \/>\n<meta property=\"og:type\" content=\"article\" \/>\n<meta property=\"og:title\" content=\"Sto\u0142eczna policja poskar\u017cy\u0142a si\u0119 ZTM na kierowc\u00f3w autobus\u00f3w. O co im chodzi?\" \/>\n<meta property=\"og:description\" content=\"W listopadzie warszawscy policjanci zdecydowali si\u0119 skierowa\u0107 pismo do Zarz\u0105du Transportu Miejskiego w Warszawie ws. kierowc\u00f3w autobus\u00f3w.\" \/>\n<meta property=\"og:url\" content=\"https:\/\/transinfo.pl\/x\/infobus\/stoleczna-policja-poskarzyla-sie-ztm-na-kierowcow-autobusow-o-co-im-chodzi\/\" \/>\n<meta property=\"og:site_name\" content=\"TransInfo Archiwum\" \/>\n<meta property=\"og:image\" content=\"https:\/\/transinfo.pl\/x\/wp-content\/uploads\/2024\/01\/autobus-kierowca-warszawa-2.jpg\" \/>\n\t<meta property=\"og:image:width\" content=\"1\" \/>\n\t<meta property=\"og:image:height\" content=\"1\" \/>\n\t<meta property=\"og:image:type\" content=\"image\/jpeg\" \/>\n<meta name=\"twitter:card\" content=\"summary_large_image\" \/>\n<meta name=\"twitter:label1\" content=\"Szacowany czas czytania\" \/>\n\t<meta name=\"twitter:data1\" content=\"4 minuty\" \/>\n<script type=\"application\/ld+json\" class=\"yoast-schema-graph\">{\"@context\":\"https:\/\/schema.org\",\"@graph\":[{\"@type\":\"WebPage\",\"@id\":\"https:\/\/transinfo.pl\/x\/infobus\/stoleczna-policja-poskarzyla-sie-ztm-na-kierowcow-autobusow-o-co-im-chodzi\/\",\"url\":\"https:\/\/transinfo.pl\/x\/infobus\/stoleczna-policja-poskarzyla-sie-ztm-na-kierowcow-autobusow-o-co-im-chodzi\/\",\"name\":\"Sto\u0142eczna policja poskar\u017cy\u0142a si\u0119 ZTM na kierowc\u00f3w autobus\u00f3w. O co im chodzi? - TransInfo Archiwum\",\"isPartOf\":{\"@id\":\"https:\/\/transinfo.pl\/x\/#website\"},\"primaryImageOfPage\":{\"@id\":\"https:\/\/transinfo.pl\/x\/infobus\/stoleczna-policja-poskarzyla-sie-ztm-na-kierowcow-autobusow-o-co-im-chodzi\/#primaryimage\"},\"image\":{\"@id\":\"https:\/\/transinfo.pl\/x\/infobus\/stoleczna-policja-poskarzyla-sie-ztm-na-kierowcow-autobusow-o-co-im-chodzi\/#primaryimage\"},\"thumbnailUrl\":\"https:\/\/transinfo.pl\/x\/wp-content\/uploads\/2024\/01\/autobus-kierowca-warszawa-2.jpg\",\"datePublished\":\"2024-01-05T15:00:00+00:00\",\"dateModified\":\"2024-01-05T15:00:00+00:00\",\"description\":\"W listopadzie warszawscy policjanci zdecydowali si\u0119 skierowa\u0107 pismo do Zarz\u0105du Transportu Miejskiego w Warszawie ws. kierowc\u00f3w autobus\u00f3w.\",\"breadcrumb\":{\"@id\":\"https:\/\/transinfo.pl\/x\/infobus\/stoleczna-policja-poskarzyla-sie-ztm-na-kierowcow-autobusow-o-co-im-chodzi\/#breadcrumb\"},\"inLanguage\":\"pl-PL\",\"potentialAction\":[{\"@type\":\"ReadAction\",\"target\":[\"https:\/\/transinfo.pl\/x\/infobus\/stoleczna-policja-poskarzyla-sie-ztm-na-kierowcow-autobusow-o-co-im-chodzi\/\"]}]},{\"@type\":\"ImageObject\",\"inLanguage\":\"pl-PL\",\"@id\":\"https:\/\/transinfo.pl\/x\/infobus\/stoleczna-policja-poskarzyla-sie-ztm-na-kierowcow-autobusow-o-co-im-chodzi\/#primaryimage\",\"url\":\"https:\/\/transinfo.pl\/x\/wp-content\/uploads\/2024\/01\/autobus-kierowca-warszawa-2.jpg\",\"contentUrl\":\"https:\/\/transinfo.pl\/x\/wp-content\/uploads\/2024\/01\/autobus-kierowca-warszawa-2.jpg\"},{\"@type\":\"BreadcrumbList\",\"@id\":\"https:\/\/transinfo.pl\/x\/infobus\/stoleczna-policja-poskarzyla-sie-ztm-na-kierowcow-autobusow-o-co-im-chodzi\/#breadcrumb\",\"itemListElement\":[{\"@type\":\"ListItem\",\"position\":1,\"name\":\"Home\",\"item\":\"https:\/\/transinfo.pl\/x\/\"},{\"@type\":\"ListItem\",\"position\":2,\"name\":\"Infobus\",\"item\":\"https:\/\/transinfo.pl\/x\/infobus\/\"},{\"@type\":\"ListItem\",\"position\":3,\"name\":\"Sto\u0142eczna policja poskar\u017cy\u0142a si\u0119 ZTM na kierowc\u00f3w autobus\u00f3w. O co im chodzi?\"}]},{\"@type\":\"WebSite\",\"@id\":\"https:\/\/transinfo.pl\/x\/#website\",\"url\":\"https:\/\/transinfo.pl\/x\/\",\"name\":\"TransInfo Archiwum\",\"description\":\"Ca\u0142y transport w jednym miejscu\",\"publisher\":{\"@id\":\"https:\/\/transinfo.pl\/x\/#organization\"},\"potentialAction\":[{\"@type\":\"SearchAction\",\"target\":{\"@type\":\"EntryPoint\",\"urlTemplate\":\"https:\/\/transinfo.pl\/x\/?s={search_term_string}\"},\"query-input\":{\"@type\":\"PropertyValueSpecification\",\"valueRequired\":true,\"valueName\":\"search_term_string\"}}],\"inLanguage\":\"pl-PL\"},{\"@type\":\"Organization\",\"@id\":\"https:\/\/transinfo.pl\/x\/#organization\",\"name\":\"TransInfo\",\"url\":\"https:\/\/transinfo.pl\/x\/\",\"logo\":{\"@type\":\"ImageObject\",\"inLanguage\":\"pl-PL\",\"@id\":\"https:\/\/transinfo.pl\/x\/#\/schema\/logo\/image\/\",\"url\":\"https:\/\/transinfo.pl\/x\/wp-content\/uploads\/2024\/10\/favicon.png\",\"contentUrl\":\"https:\/\/transinfo.pl\/x\/wp-content\/uploads\/2024\/10\/favicon.png\",\"width\":512,\"height\":512,\"caption\":\"TransInfo\"},\"image\":{\"@id\":\"https:\/\/transinfo.pl\/x\/#\/schema\/logo\/image\/\"}}]}<\/script>\n<!-- \/ Yoast SEO Premium plugin. -->","yoast_head_json":{"title":"Sto\u0142eczna policja poskar\u017cy\u0142a si\u0119 ZTM na kierowc\u00f3w autobus\u00f3w. O co im chodzi? - TransInfo Archiwum","description":"W listopadzie warszawscy policjanci zdecydowali si\u0119 skierowa\u0107 pismo do Zarz\u0105du Transportu Miejskiego w Warszawie ws. kierowc\u00f3w autobus\u00f3w.","robots":{"index":"index","follow":"follow","max-snippet":"max-snippet:-1","max-image-preview":"max-image-preview:large","max-video-preview":"max-video-preview:-1"},"canonical":"https:\/\/transinfo.pl\/x\/infobus\/stoleczna-policja-poskarzyla-sie-ztm-na-kierowcow-autobusow-o-co-im-chodzi\/","og_locale":"pl_PL","og_type":"article","og_title":"Sto\u0142eczna policja poskar\u017cy\u0142a si\u0119 ZTM na kierowc\u00f3w autobus\u00f3w. O co im chodzi?","og_description":"W listopadzie warszawscy policjanci zdecydowali si\u0119 skierowa\u0107 pismo do Zarz\u0105du Transportu Miejskiego w Warszawie ws. kierowc\u00f3w autobus\u00f3w.","og_url":"https:\/\/transinfo.pl\/x\/infobus\/stoleczna-policja-poskarzyla-sie-ztm-na-kierowcow-autobusow-o-co-im-chodzi\/","og_site_name":"TransInfo Archiwum","og_image":[{"url":"https:\/\/transinfo.pl\/x\/wp-content\/uploads\/2024\/01\/autobus-kierowca-warszawa-2.jpg","width":1,"height":1,"type":"image\/jpeg"}],"twitter_card":"summary_large_image","twitter_misc":{"Szacowany czas czytania":"4 minuty"},"schema":{"@context":"https:\/\/schema.org","@graph":[{"@type":"WebPage","@id":"https:\/\/transinfo.pl\/x\/infobus\/stoleczna-policja-poskarzyla-sie-ztm-na-kierowcow-autobusow-o-co-im-chodzi\/","url":"https:\/\/transinfo.pl\/x\/infobus\/stoleczna-policja-poskarzyla-sie-ztm-na-kierowcow-autobusow-o-co-im-chodzi\/","name":"Sto\u0142eczna policja poskar\u017cy\u0142a si\u0119 ZTM na kierowc\u00f3w autobus\u00f3w. O co im chodzi? - TransInfo Archiwum","isPartOf":{"@id":"https:\/\/transinfo.pl\/x\/#website"},"primaryImageOfPage":{"@id":"https:\/\/transinfo.pl\/x\/infobus\/stoleczna-policja-poskarzyla-sie-ztm-na-kierowcow-autobusow-o-co-im-chodzi\/#primaryimage"},"image":{"@id":"https:\/\/transinfo.pl\/x\/infobus\/stoleczna-policja-poskarzyla-sie-ztm-na-kierowcow-autobusow-o-co-im-chodzi\/#primaryimage"},"thumbnailUrl":"https:\/\/transinfo.pl\/x\/wp-content\/uploads\/2024\/01\/autobus-kierowca-warszawa-2.jpg","datePublished":"2024-01-05T15:00:00+00:00","dateModified":"2024-01-05T15:00:00+00:00","description":"W listopadzie warszawscy policjanci zdecydowali si\u0119 skierowa\u0107 pismo do Zarz\u0105du Transportu Miejskiego w Warszawie ws. kierowc\u00f3w autobus\u00f3w.","breadcrumb":{"@id":"https:\/\/transinfo.pl\/x\/infobus\/stoleczna-policja-poskarzyla-sie-ztm-na-kierowcow-autobusow-o-co-im-chodzi\/#breadcrumb"},"inLanguage":"pl-PL","potentialAction":[{"@type":"ReadAction","target":["https:\/\/transinfo.pl\/x\/infobus\/stoleczna-policja-poskarzyla-sie-ztm-na-kierowcow-autobusow-o-co-im-chodzi\/"]}]},{"@type":"ImageObject","inLanguage":"pl-PL","@id":"https:\/\/transinfo.pl\/x\/infobus\/stoleczna-policja-poskarzyla-sie-ztm-na-kierowcow-autobusow-o-co-im-chodzi\/#primaryimage","url":"https:\/\/transinfo.pl\/x\/wp-content\/uploads\/2024\/01\/autobus-kierowca-warszawa-2.jpg","contentUrl":"https:\/\/transinfo.pl\/x\/wp-content\/uploads\/2024\/01\/autobus-kierowca-warszawa-2.jpg"},{"@type":"BreadcrumbList","@id":"https:\/\/transinfo.pl\/x\/infobus\/stoleczna-policja-poskarzyla-sie-ztm-na-kierowcow-autobusow-o-co-im-chodzi\/#breadcrumb","itemListElement":[{"@type":"ListItem","position":1,"name":"Home","item":"https:\/\/transinfo.pl\/x\/"},{"@type":"ListItem","position":2,"name":"Infobus","item":"https:\/\/transinfo.pl\/x\/infobus\/"},{"@type":"ListItem","position":3,"name":"Sto\u0142eczna policja poskar\u017cy\u0142a si\u0119 ZTM na kierowc\u00f3w autobus\u00f3w. O co im chodzi?"}]},{"@type":"WebSite","@id":"https:\/\/transinfo.pl\/x\/#website","url":"https:\/\/transinfo.pl\/x\/","name":"TransInfo Archiwum","description":"Ca\u0142y transport w jednym miejscu","publisher":{"@id":"https:\/\/transinfo.pl\/x\/#organization"},"potentialAction":[{"@type":"SearchAction","target":{"@type":"EntryPoint","urlTemplate":"https:\/\/transinfo.pl\/x\/?s={search_term_string}"},"query-input":{"@type":"PropertyValueSpecification","valueRequired":true,"valueName":"search_term_string"}}],"inLanguage":"pl-PL"},{"@type":"Organization","@id":"https:\/\/transinfo.pl\/x\/#organization","name":"TransInfo","url":"https:\/\/transinfo.pl\/x\/","logo":{"@type":"ImageObject","inLanguage":"pl-PL","@id":"https:\/\/transinfo.pl\/x\/#\/schema\/logo\/image\/","url":"https:\/\/transinfo.pl\/x\/wp-content\/uploads\/2024\/10\/favicon.png","contentUrl":"https:\/\/transinfo.pl\/x\/wp-content\/uploads\/2024\/10\/favicon.png","width":512,"height":512,"caption":"TransInfo"},"image":{"@id":"https:\/\/transinfo.pl\/x\/#\/schema\/logo\/image\/"}}]}},"_links":{"self":[{"href":"https:\/\/transinfo.pl\/x\/wp-json\/wp\/v2\/infobus\/98138","targetHints":{"allow":["GET"]}}],"collection":[{"href":"https:\/\/transinfo.pl\/x\/wp-json\/wp\/v2\/infobus"}],"about":[{"href":"https:\/\/transinfo.pl\/x\/wp-json\/wp\/v2\/types\/infobus"}],"author":[{"embeddable":true,"href":"https:\/\/transinfo.pl\/x\/wp-json\/wp\/v2\/users\/2"}],"replies":[{"embeddable":true,"href":"https:\/\/transinfo.pl\/x\/wp-json\/wp\/v2\/comments?post=98138"}],"wp:featuredmedia":[{"embeddable":true,"href":"https:\/\/transinfo.pl\/x\/wp-json\/wp\/v2\/media\/98139"}],"wp:attachment":[{"href":"https:\/\/transinfo.pl\/x\/wp-json\/wp\/v2\/media?parent=98138"}],"wp:term":[{"taxonomy":"category","embeddable":true,"href":"https:\/\/transinfo.pl\/x\/wp-json\/wp\/v2\/categories?post=98138"},{"taxonomy":"post_tag","embeddable":true,"href":"https:\/\/transinfo.pl\/x\/wp-json\/wp\/v2\/tags?post=98138"}],"curies":[{"name":"wp","href":"https:\/\/api.w.org\/{rel}","templated":true}]}}