{"id":97535,"date":"2023-12-10T11:05:00","date_gmt":"2023-12-10T11:05:00","guid":{"rendered":"https:\/\/transinfo.pl\/x\/infobus\/pks-polonus-chce-zawiesic-kursy-autobusow-do-gory-kalwarii-burmistrz-reaguje\/"},"modified":"2023-12-10T11:05:00","modified_gmt":"2023-12-10T11:05:00","slug":"pks-polonus-chce-zawiesic-kursy-autobusow-do-gory-kalwarii-burmistrz-reaguje","status":"publish","type":"infobus","link":"https:\/\/transinfo.pl\/x\/infobus\/pks-polonus-chce-zawiesic-kursy-autobusow-do-gory-kalwarii-burmistrz-reaguje\/","title":{"rendered":"PKS Polonus chce zawiesi\u0107 kursy autobus\u00f3w do G\u00f3ry Kalwarii. Burmistrz reaguje"},"content":{"rendered":"<style>h1,h2,h3,h4,h5,h6{margin:0 0 1.25rem;font-family:Arial,sans-serif;font-weight:600;color:#050505}h1{font-size:1.875rem;line-height:1.1em;text-transform:none}@media(min-width: 768px){h1{font-size:2.375rem}}h2{font-size:1.1875rem;line-height:1.2em;text-transform:uppercase}@media(min-width: 768px){h2{font-size:1.0625rem}}h3{font-size:0.9375rem;line-height:1.4em;font-weight:900;margin-bottom:0.9375rem}h4{font-size:0.875rem;line-height:1.2em;font-weight:500}h5{font-size:0.9375rem;line-height:1.6;font-weight:400}h6{font-size:0.9375rem;line-height:1.6;font-weight:600}\n<\/style>\n<h3 class=\"wp-block-heading\" id=\"h-pks-polonus-zapowiedzial-ze-od-1-stycznia-nie-bedzie-wozil-pasazerow-z-gory-kalwarii-do-warszawy-i-przedstawil-swoje-racje-w-tej-sprawie\">PKS Polonus zapowiedzia\u0142, \u017ce od 1 stycznia nie b\u0119dzie wozi\u0142 pasa\u017cer\u00f3w z G\u00f3ry Kalwarii do Warszawy i przedstawi\u0142 swoje racje w tej sprawie.<\/h3>\n\n\n<style>p{margin:0 0 1.5rem}p:last-child{margin:0}p.is-style-uppercase{text-transform:uppercase}p.is-style-preheading{color:#12406a;text-transform:uppercase}p.is-style-leadparagraph{font-size:1rem;line-height:1.625;font-weight:700}@media(min-width: 768px){p.is-style-leadparagraph{font-size:1.125rem;line-height:1.5555555556}}p.has-small-margin{margin-bottom:0.625rem}p.has-small-margin+h1,p.has-small-margin+h2,p.has-small-margin+h3{margin-top:1.875rem}\n<\/style>\n<p>Przewo\u017anik t\u0142umaczy t\u0119 decyzj\u0119 trudn\u0105 sytuacj\u0105 w kraju spowodowana sytuacj\u0105 mi\u0119dzynarodow\u0105 (konflikt na Ukrainie), inflacj\u0105, wzrostem koszt\u00f3w prowadzonej dzia\u0142alno\u015bci, g\u0142\u00f3wnie p\u0142ac i no\u015bnik\u00f3w energii przy jednocze\u015bnie pog\u0142\u0119biaj\u0105cym si\u0119 spadku ilo\u015bci przewo\u017conych pasa\u017cer\u00f3w. Na ten ruch zareagowa\u0142 8 grudnia Arkadiusz Strzy\u017cewski, burmistrz G\u00f3ry Kalwarii, kt\u00f3ry \u00a0wyda\u0142 o\u015bwiadczenie w sprawie planowanego zawieszenia kurs\u00f3w autobus\u00f3w.<\/p>\n\n\n\n<h2 class=\"wp-block-heading\" id=\"h-zdaniem-pks-polonus\">Zdaniem PKS Polonus<\/h2>\n\n\n\n<p>Biuro prasowe PKS Polonus tak widzi likwidacj\u0119 kurs\u00f3w autobus\u00f3w na linii G\u00f3ra Kalwaria &#8211; Warszawa.<\/p>\n\n\n<style>.wp-block-quote{border-left:0.1875rem solid var(--page-color);font-size:1rem;font-style:italic;margin:0 0 1.6875rem;padding:1.25rem}.wp-block-quote cite{color:#050505}.wp-block-quote.is-style-large p{margin-bottom:10px}.wp-block-quote.is-style-large cite{color:#12406a}\n<\/style>\n<blockquote class=\"wp-block-quote is-layout-flow wp-block-quote-is-layout-flow\">\n<p>-\u201eNiestety, w zwi\u0105zku ze znacz\u0105cym wzrostem koszt\u00f3w prowadzonej dzia\u0142alno\u015bci przewozowej, rentowno\u015b\u0107 linii w okresie ostatnich 2 lat znacz\u0105co spad\u0142a. Jako pierwsi odczuli\u015bmy skutki epidemii koronawirusa, przemodelowania rynku pracy, formy zatrudnienia oraz zmian\u0119 preferencji spo\u0142ecznych w zakresie korzystania z komunikacji prywatnej kosztem odej\u015bcia od transportu publicznego\u201d \u2013 t\u0142umaczy Konrad Pisarek, cz\u0142onek zarz\u0105du PKS Polonus.<\/p>\n<\/blockquote>\n\n\n\n<p>Sp\u00f3\u0142ka zapewnia, \u017ce w ostatnich latach dok\u0142ada\u0142a wszelkich stara\u0144, aby realizowa\u0107 kursy z G\u00f3ry Kalwarii do metra Wilanowska i odby\u0142a szereg spotka\u0144 z lokalnymi samorz\u0105dami. <\/p>\n\n\n\n<blockquote class=\"wp-block-quote is-layout-flow wp-block-quote-is-layout-flow\">\n<p>-\u201eTrudna sytuacja w kraju spowodowana sytuacj\u0105 mi\u0119dzynarodow\u0105 (konflikt na Ukrainie), inflacj\u0105, wzrostem koszt\u00f3w prowadzonej dzia\u0142alno\u015bci, g\u0142\u00f3wnie p\u0142ac i no\u015bnik\u00f3w energii, przy jednocze\u015bnie pog\u0142\u0119biaj\u0105cym si\u0119 spadku ilo\u015bci przewo\u017conych pasa\u017cer\u00f3w, w efekcie doprowadzi\u0142a do sytuacji, \u017ce nie b\u0119dziemy w stanie d\u0142u\u017cej realizowa\u0107 komunikacji na obowi\u0105zuj\u0105cych zasadach \u2013 poinformowa\u0142 Konrad Pisarek. \u2013 Dalsze utrzymywanie linii, przy braku dofinansowania samorz\u0105d\u00f3w lokalnych, skutkuje z naszego punktu widzenia, jedynie s\u0142uszn\u0105 decyzj\u0105, zawieszeniem z dniem 01 stycznia 2024 roku po\u0142\u0105cze\u0144 do Warszawy \u2013 doda\u0142.<\/p>\n<\/blockquote>\n\n\n<style>.wp-block-image{margin:1.25rem 0;text-align:center}.wp-block-image figcaption{padding:0 0.9375rem;text-align:center}\n<\/style>\n<figure class=\"wp-block-image size-large\"><a href=\"https:\/\/transinfo.pl\/wp-content\/uploads\/2023\/12\/autobus-pks-polonus-3.jpg\"><img decoding=\"async\" src=\"https:\/\/transinfo.pl\/wp-content\/uploads\/2023\/12\/autobus-pks-polonus-3-1024x451.jpg\" alt=\"Burmistrz G\u00f3ry Kalwarii reaguje na decyzj\u0119 PKS Polonus\" class=\"wp-image-455841\" \/><\/a><figcaption class=\"wp-element-caption\">Burmistrz G\u00f3ry Kalwarii reaguje na decyzj\u0119 PKS Polonus<\/figcaption><\/figure>\n\n\n\n<h2 class=\"wp-block-heading\" id=\"h-zawieszenie-od-1-stycznia\">Zawieszenie od 1 stycznia<\/h2>\n\n\n\n<p>Potem pojawi\u0142o si\u0119 o\u015bwiadczenie burmistrza G\u00f3ry Kalwarii, Arkadiusza Strzy\u017cewskiego, kt\u00f3ry wypunktowa\u0142 decyzj\u0119 PKS-u:<\/p>\n\n\n\n<blockquote class=\"wp-block-quote is-layout-flow wp-block-quote-is-layout-flow\">\n<p>-\u201eZ du\u017cym zaskoczeniem odczyta\u0142em datowane na 6 grudnia 2023 r. o\u015bwiadczenie Zarz\u0105du Przedsi\u0119biorstwa Komunikacji Samochodowej Polonus S.A., zapowiadaj\u0105ce zawieszenie z dniem 1 stycznia 2024 r. ruchu pasa\u017cerskiego autobus\u00f3w sp\u00f3\u0142ki na trasie G\u00f3ra Kalwaria \u2013 Piaseczno \u2013 Warszawa. Moje zdumienie jest tym wi\u0119ksze, \u017ce PKS Polonus S.A. w og\u00f3le nie sygnalizowa\u0142 w bie\u017c\u0105cym roku problem\u00f3w, o kt\u00f3rych informuje w o\u015bwiadczeniu. Nie odby\u0142o si\u0119 r\u00f3wnie\u017c \u017cadne spotkanie w\u0142adz gminy G\u00f3ra Kalwaria z przedstawicielami PKS Polonus S.A. na ten temat. Dziwi to tym bardziej, \u017ce gmina wsp\u00f3\u0142pracuje ze sp\u00f3\u0142k\u0105 w zakresie linii GK1 z Brzumina do Solca.<\/p>\n<\/blockquote>\n\n\n\n<p>Przypomnijmy, \u017ce PKS Polonus S.A., jako podmiot w 100 proc. nale\u017c\u0105cy do Skarbu Pa\u0144stwa, musi zdawa\u0107 sobie spraw\u0119, \u017ce gmin\u0119 obowi\u0105zuje ustawa o zam\u00f3wieniach publicznych. Oznacza to, \u017ce w\u0142adze gminy, dowiaduj\u0105c si\u0119 o zmianach w komunikacji autobusowej maj\u0105cych nast\u0105pi\u0107 za niespe\u0142na miesi\u0105c, nie s\u0105 w stanie w tak kr\u00f3tkim czasie podj\u0105\u0107 w pe\u0142ni skutecznych dzia\u0142a\u0144 zmierzaj\u0105cych do zapewnienia mieszka\u0144com komunikacji na trasie G\u00f3ra Kalwaria \u2013 Piaseczno \u2013 Warszawa, kt\u00f3ra w pe\u0142ni zast\u0105pi wycofane przez PKS Polonus S.A. kursy autobusowe.<\/p>\n\n\n\n<blockquote class=\"wp-block-quote is-layout-flow wp-block-quote-is-layout-flow\">\n<p>-&#8222;Jako samorz\u0105d gminy stale staramy si\u0119 rozwija\u0107 komunikacj\u0119 publiczn\u0105 u\u0142atwiaj\u0105c\u0105 przede wszystkim dojazd w kierunku stolicy oraz coraz silniejsze jej powi\u0105zanie z transportem publicznym aglomeracji warszawskiej. Jest to naturalny kierunek, wyczekiwany r\u00f3wnie\u017c przez mieszka\u0144c\u00f3w gminy, zainteresowanych dogodnymi po\u0142\u0105czeniami i wygodnymi podr\u00f3\u017cami, najlepiej na podstawie jednego biletu. S\u0105 to jednak dzia\u0142ania czasoch\u0142onne i kosztoch\u0142onne, kt\u00f3rych kszta\u0142t w du\u017cym zakresie zale\u017cy od naszego strategicznego partnera \u2013 miasta sto\u0142ecznego Warszawa, do kt\u00f3rego nale\u017cy Zarz\u0105d Transportu Publicznego. Obecnie prowadzimy rozmowy z ZTM, kt\u00f3re liczymy, \u017ce odnios\u0105 skutek najwcze\u015bniej w drugiej po\u0142owie 2024 r., kiedy ko\u0144cz\u0105 si\u0119 obecnie obowi\u0105zuj\u0105ce umowy na przewozy pasa\u017cerskie -czytamy dalej w o\u015bwiadczeniu. <\/p>\n<\/blockquote>\n\n\n\n<figure class=\"wp-block-image size-full\"><a href=\"https:\/\/transinfo.pl\/wp-content\/uploads\/2023\/12\/autobus-pks-polonus.jpg\"><img decoding=\"async\" src=\"https:\/\/transinfo.pl\/wp-content\/uploads\/2023\/12\/autobus-pks-polonus.jpg\" alt=\"Burmistrz G\u00f3ry Kalwarii reaguje na decyzj\u0119 PKS Polonus\" class=\"wp-image-455842\" \/><\/a><\/figure>\n\n\n\n<blockquote class=\"wp-block-quote is-layout-flow wp-block-quote-is-layout-flow\">\n<p>-&#8222;Deklaruj\u0119, \u017ce mimo tak kr\u00f3tkiego czasu do zapowiadanego zawieszenia kurs\u00f3w PKS Polonus S.A., podejm\u0119 wszelkie dzia\u0142ania, aby zapewni\u0107 mieszka\u0144com dogodny dojazd do szko\u0142y, na studia i do pracy na trasie z G\u00f3ry Kalwarii przez Piaseczno do Warszawy. Ju\u017c na najbli\u017cszy poniedzia\u0142ek 11 pa\u017adziernika zaprosi\u0142em Prezesa PKS Polonus S.A. na rozmowy na temat zaistnia\u0142ej sytuacji. Pilnie b\u0119d\u0119 si\u0119 spotyka\u0142 r\u00f3wnie\u017c z innymi przewo\u017anikami \u2013 podkre\u015bli\u0142 Arkadiusz Strzy\u017cewski.<\/p>\n<\/blockquote>\n\n\n\n<p>Samorz\u0105d zapowiada te\u017c o interwencj\u0119 poselsk\u0105 w tej sprawie. Skoro bowiem istniej\u0105 fundusze pa\u0144stwowe na wznowienie zlikwidowanych, nierentownych kurs\u00f3w, powinny znale\u017a\u0107 si\u0119 tak\u017ce \u015brodki na zapewnienie funkcjonowania istniej\u0105cych po\u0142\u0105cze\u0144, kt\u00f3re s\u0105 niekiedy jedyn\u0105 mo\u017cliwo\u015bci\u0105 dotarcia do szko\u0142y czy pracy dla setek mieszka\u0144c\u00f3w gminy. <\/p>\n","protected":false},"author":2,"featured_media":97536,"comment_status":"","ping_status":"closed","template":"","categories":[28],"tags":[167,11631,35,3304,8165],"class_list":["post-97535","infobus","type-infobus","status-publish","has-post-thumbnail","hentry","category-pasazer","tag-autobus","tag-gora-kalwaria","tag-linie","tag-pks-polonus","tag-wykluczenie-transportowe"],"acf":[],"yoast_head":"<!-- This site is optimized with the Yoast SEO Premium plugin v21.8 (Yoast SEO v23.7) - https:\/\/yoast.com\/wordpress\/plugins\/seo\/ -->\n<title>PKS Polonus chce zawiesi\u0107 kursy autobus\u00f3w do G\u00f3ry Kalwarii. Burmistrz reaguje - TransInfo Archiwum<\/title>\n<meta name=\"description\" content=\"PKS Polonus zapowiedzia\u0142, \u017ce od 1 stycznia nie b\u0119dzie wozi\u0142 pasa\u017cer\u00f3w z G\u00f3ry Kalwarii do Warszawy i przedstawi\u0142 swoje racje w tej sprawie.\" \/>\n<meta name=\"robots\" content=\"index, follow, max-snippet:-1, max-image-preview:large, max-video-preview:-1\" \/>\n<link rel=\"canonical\" href=\"https:\/\/transinfo.pl\/x\/infobus\/pks-polonus-chce-zawiesic-kursy-autobusow-do-gory-kalwarii-burmistrz-reaguje\/\" \/>\n<meta property=\"og:locale\" content=\"pl_PL\" \/>\n<meta property=\"og:type\" content=\"article\" \/>\n<meta property=\"og:title\" content=\"PKS Polonus chce zawiesi\u0107 kursy autobus\u00f3w do G\u00f3ry Kalwarii. Burmistrz reaguje\" \/>\n<meta property=\"og:description\" content=\"PKS Polonus zapowiedzia\u0142, \u017ce od 1 stycznia nie b\u0119dzie wozi\u0142 pasa\u017cer\u00f3w z G\u00f3ry Kalwarii do Warszawy i przedstawi\u0142 swoje racje w tej sprawie.\" \/>\n<meta property=\"og:url\" content=\"https:\/\/transinfo.pl\/x\/infobus\/pks-polonus-chce-zawiesic-kursy-autobusow-do-gory-kalwarii-burmistrz-reaguje\/\" \/>\n<meta property=\"og:site_name\" content=\"TransInfo Archiwum\" \/>\n<meta property=\"og:image\" content=\"https:\/\/transinfo.pl\/x\/wp-content\/uploads\/2023\/12\/autobus-pks-polonus-31.jpg\" \/>\n\t<meta property=\"og:image:width\" content=\"1\" \/>\n\t<meta property=\"og:image:height\" content=\"1\" \/>\n\t<meta property=\"og:image:type\" content=\"image\/jpeg\" \/>\n<meta name=\"twitter:card\" content=\"summary_large_image\" \/>\n<meta name=\"twitter:label1\" content=\"Szacowany czas czytania\" \/>\n\t<meta name=\"twitter:data1\" content=\"4 minuty\" \/>\n<script type=\"application\/ld+json\" class=\"yoast-schema-graph\">{\"@context\":\"https:\/\/schema.org\",\"@graph\":[{\"@type\":\"WebPage\",\"@id\":\"https:\/\/transinfo.pl\/x\/infobus\/pks-polonus-chce-zawiesic-kursy-autobusow-do-gory-kalwarii-burmistrz-reaguje\/\",\"url\":\"https:\/\/transinfo.pl\/x\/infobus\/pks-polonus-chce-zawiesic-kursy-autobusow-do-gory-kalwarii-burmistrz-reaguje\/\",\"name\":\"PKS Polonus chce zawiesi\u0107 kursy autobus\u00f3w do G\u00f3ry Kalwarii. Burmistrz reaguje - TransInfo Archiwum\",\"isPartOf\":{\"@id\":\"https:\/\/transinfo.pl\/x\/#website\"},\"primaryImageOfPage\":{\"@id\":\"https:\/\/transinfo.pl\/x\/infobus\/pks-polonus-chce-zawiesic-kursy-autobusow-do-gory-kalwarii-burmistrz-reaguje\/#primaryimage\"},\"image\":{\"@id\":\"https:\/\/transinfo.pl\/x\/infobus\/pks-polonus-chce-zawiesic-kursy-autobusow-do-gory-kalwarii-burmistrz-reaguje\/#primaryimage\"},\"thumbnailUrl\":\"https:\/\/transinfo.pl\/x\/wp-content\/uploads\/2023\/12\/autobus-pks-polonus-31.jpg\",\"datePublished\":\"2023-12-10T11:05:00+00:00\",\"dateModified\":\"2023-12-10T11:05:00+00:00\",\"description\":\"PKS Polonus zapowiedzia\u0142, \u017ce od 1 stycznia nie b\u0119dzie wozi\u0142 pasa\u017cer\u00f3w z G\u00f3ry Kalwarii do Warszawy i przedstawi\u0142 swoje racje w tej sprawie.\",\"breadcrumb\":{\"@id\":\"https:\/\/transinfo.pl\/x\/infobus\/pks-polonus-chce-zawiesic-kursy-autobusow-do-gory-kalwarii-burmistrz-reaguje\/#breadcrumb\"},\"inLanguage\":\"pl-PL\",\"potentialAction\":[{\"@type\":\"ReadAction\",\"target\":[\"https:\/\/transinfo.pl\/x\/infobus\/pks-polonus-chce-zawiesic-kursy-autobusow-do-gory-kalwarii-burmistrz-reaguje\/\"]}]},{\"@type\":\"ImageObject\",\"inLanguage\":\"pl-PL\",\"@id\":\"https:\/\/transinfo.pl\/x\/infobus\/pks-polonus-chce-zawiesic-kursy-autobusow-do-gory-kalwarii-burmistrz-reaguje\/#primaryimage\",\"url\":\"https:\/\/transinfo.pl\/x\/wp-content\/uploads\/2023\/12\/autobus-pks-polonus-31.jpg\",\"contentUrl\":\"https:\/\/transinfo.pl\/x\/wp-content\/uploads\/2023\/12\/autobus-pks-polonus-31.jpg\"},{\"@type\":\"BreadcrumbList\",\"@id\":\"https:\/\/transinfo.pl\/x\/infobus\/pks-polonus-chce-zawiesic-kursy-autobusow-do-gory-kalwarii-burmistrz-reaguje\/#breadcrumb\",\"itemListElement\":[{\"@type\":\"ListItem\",\"position\":1,\"name\":\"Home\",\"item\":\"https:\/\/transinfo.pl\/x\/\"},{\"@type\":\"ListItem\",\"position\":2,\"name\":\"Infobus\",\"item\":\"https:\/\/transinfo.pl\/x\/infobus\/\"},{\"@type\":\"ListItem\",\"position\":3,\"name\":\"PKS Polonus chce zawiesi\u0107 kursy autobus\u00f3w do G\u00f3ry Kalwarii. Burmistrz reaguje\"}]},{\"@type\":\"WebSite\",\"@id\":\"https:\/\/transinfo.pl\/x\/#website\",\"url\":\"https:\/\/transinfo.pl\/x\/\",\"name\":\"TransInfo Archiwum\",\"description\":\"Ca\u0142y transport w jednym miejscu\",\"publisher\":{\"@id\":\"https:\/\/transinfo.pl\/x\/#organization\"},\"potentialAction\":[{\"@type\":\"SearchAction\",\"target\":{\"@type\":\"EntryPoint\",\"urlTemplate\":\"https:\/\/transinfo.pl\/x\/?s={search_term_string}\"},\"query-input\":{\"@type\":\"PropertyValueSpecification\",\"valueRequired\":true,\"valueName\":\"search_term_string\"}}],\"inLanguage\":\"pl-PL\"},{\"@type\":\"Organization\",\"@id\":\"https:\/\/transinfo.pl\/x\/#organization\",\"name\":\"TransInfo\",\"url\":\"https:\/\/transinfo.pl\/x\/\",\"logo\":{\"@type\":\"ImageObject\",\"inLanguage\":\"pl-PL\",\"@id\":\"https:\/\/transinfo.pl\/x\/#\/schema\/logo\/image\/\",\"url\":\"https:\/\/transinfo.pl\/x\/wp-content\/uploads\/2024\/10\/favicon.png\",\"contentUrl\":\"https:\/\/transinfo.pl\/x\/wp-content\/uploads\/2024\/10\/favicon.png\",\"width\":512,\"height\":512,\"caption\":\"TransInfo\"},\"image\":{\"@id\":\"https:\/\/transinfo.pl\/x\/#\/schema\/logo\/image\/\"}}]}<\/script>\n<!-- \/ Yoast SEO Premium plugin. -->","yoast_head_json":{"title":"PKS Polonus chce zawiesi\u0107 kursy autobus\u00f3w do G\u00f3ry Kalwarii. Burmistrz reaguje - TransInfo Archiwum","description":"PKS Polonus zapowiedzia\u0142, \u017ce od 1 stycznia nie b\u0119dzie wozi\u0142 pasa\u017cer\u00f3w z G\u00f3ry Kalwarii do Warszawy i przedstawi\u0142 swoje racje w tej sprawie.","robots":{"index":"index","follow":"follow","max-snippet":"max-snippet:-1","max-image-preview":"max-image-preview:large","max-video-preview":"max-video-preview:-1"},"canonical":"https:\/\/transinfo.pl\/x\/infobus\/pks-polonus-chce-zawiesic-kursy-autobusow-do-gory-kalwarii-burmistrz-reaguje\/","og_locale":"pl_PL","og_type":"article","og_title":"PKS Polonus chce zawiesi\u0107 kursy autobus\u00f3w do G\u00f3ry Kalwarii. Burmistrz reaguje","og_description":"PKS Polonus zapowiedzia\u0142, \u017ce od 1 stycznia nie b\u0119dzie wozi\u0142 pasa\u017cer\u00f3w z G\u00f3ry Kalwarii do Warszawy i przedstawi\u0142 swoje racje w tej sprawie.","og_url":"https:\/\/transinfo.pl\/x\/infobus\/pks-polonus-chce-zawiesic-kursy-autobusow-do-gory-kalwarii-burmistrz-reaguje\/","og_site_name":"TransInfo Archiwum","og_image":[{"url":"https:\/\/transinfo.pl\/x\/wp-content\/uploads\/2023\/12\/autobus-pks-polonus-31.jpg","width":1,"height":1,"type":"image\/jpeg"}],"twitter_card":"summary_large_image","twitter_misc":{"Szacowany czas czytania":"4 minuty"},"schema":{"@context":"https:\/\/schema.org","@graph":[{"@type":"WebPage","@id":"https:\/\/transinfo.pl\/x\/infobus\/pks-polonus-chce-zawiesic-kursy-autobusow-do-gory-kalwarii-burmistrz-reaguje\/","url":"https:\/\/transinfo.pl\/x\/infobus\/pks-polonus-chce-zawiesic-kursy-autobusow-do-gory-kalwarii-burmistrz-reaguje\/","name":"PKS Polonus chce zawiesi\u0107 kursy autobus\u00f3w do G\u00f3ry Kalwarii. Burmistrz reaguje - TransInfo Archiwum","isPartOf":{"@id":"https:\/\/transinfo.pl\/x\/#website"},"primaryImageOfPage":{"@id":"https:\/\/transinfo.pl\/x\/infobus\/pks-polonus-chce-zawiesic-kursy-autobusow-do-gory-kalwarii-burmistrz-reaguje\/#primaryimage"},"image":{"@id":"https:\/\/transinfo.pl\/x\/infobus\/pks-polonus-chce-zawiesic-kursy-autobusow-do-gory-kalwarii-burmistrz-reaguje\/#primaryimage"},"thumbnailUrl":"https:\/\/transinfo.pl\/x\/wp-content\/uploads\/2023\/12\/autobus-pks-polonus-31.jpg","datePublished":"2023-12-10T11:05:00+00:00","dateModified":"2023-12-10T11:05:00+00:00","description":"PKS Polonus zapowiedzia\u0142, \u017ce od 1 stycznia nie b\u0119dzie wozi\u0142 pasa\u017cer\u00f3w z G\u00f3ry Kalwarii do Warszawy i przedstawi\u0142 swoje racje w tej sprawie.","breadcrumb":{"@id":"https:\/\/transinfo.pl\/x\/infobus\/pks-polonus-chce-zawiesic-kursy-autobusow-do-gory-kalwarii-burmistrz-reaguje\/#breadcrumb"},"inLanguage":"pl-PL","potentialAction":[{"@type":"ReadAction","target":["https:\/\/transinfo.pl\/x\/infobus\/pks-polonus-chce-zawiesic-kursy-autobusow-do-gory-kalwarii-burmistrz-reaguje\/"]}]},{"@type":"ImageObject","inLanguage":"pl-PL","@id":"https:\/\/transinfo.pl\/x\/infobus\/pks-polonus-chce-zawiesic-kursy-autobusow-do-gory-kalwarii-burmistrz-reaguje\/#primaryimage","url":"https:\/\/transinfo.pl\/x\/wp-content\/uploads\/2023\/12\/autobus-pks-polonus-31.jpg","contentUrl":"https:\/\/transinfo.pl\/x\/wp-content\/uploads\/2023\/12\/autobus-pks-polonus-31.jpg"},{"@type":"BreadcrumbList","@id":"https:\/\/transinfo.pl\/x\/infobus\/pks-polonus-chce-zawiesic-kursy-autobusow-do-gory-kalwarii-burmistrz-reaguje\/#breadcrumb","itemListElement":[{"@type":"ListItem","position":1,"name":"Home","item":"https:\/\/transinfo.pl\/x\/"},{"@type":"ListItem","position":2,"name":"Infobus","item":"https:\/\/transinfo.pl\/x\/infobus\/"},{"@type":"ListItem","position":3,"name":"PKS Polonus chce zawiesi\u0107 kursy autobus\u00f3w do G\u00f3ry Kalwarii. Burmistrz reaguje"}]},{"@type":"WebSite","@id":"https:\/\/transinfo.pl\/x\/#website","url":"https:\/\/transinfo.pl\/x\/","name":"TransInfo Archiwum","description":"Ca\u0142y transport w jednym miejscu","publisher":{"@id":"https:\/\/transinfo.pl\/x\/#organization"},"potentialAction":[{"@type":"SearchAction","target":{"@type":"EntryPoint","urlTemplate":"https:\/\/transinfo.pl\/x\/?s={search_term_string}"},"query-input":{"@type":"PropertyValueSpecification","valueRequired":true,"valueName":"search_term_string"}}],"inLanguage":"pl-PL"},{"@type":"Organization","@id":"https:\/\/transinfo.pl\/x\/#organization","name":"TransInfo","url":"https:\/\/transinfo.pl\/x\/","logo":{"@type":"ImageObject","inLanguage":"pl-PL","@id":"https:\/\/transinfo.pl\/x\/#\/schema\/logo\/image\/","url":"https:\/\/transinfo.pl\/x\/wp-content\/uploads\/2024\/10\/favicon.png","contentUrl":"https:\/\/transinfo.pl\/x\/wp-content\/uploads\/2024\/10\/favicon.png","width":512,"height":512,"caption":"TransInfo"},"image":{"@id":"https:\/\/transinfo.pl\/x\/#\/schema\/logo\/image\/"}}]}},"_links":{"self":[{"href":"https:\/\/transinfo.pl\/x\/wp-json\/wp\/v2\/infobus\/97535","targetHints":{"allow":["GET"]}}],"collection":[{"href":"https:\/\/transinfo.pl\/x\/wp-json\/wp\/v2\/infobus"}],"about":[{"href":"https:\/\/transinfo.pl\/x\/wp-json\/wp\/v2\/types\/infobus"}],"author":[{"embeddable":true,"href":"https:\/\/transinfo.pl\/x\/wp-json\/wp\/v2\/users\/2"}],"replies":[{"embeddable":true,"href":"https:\/\/transinfo.pl\/x\/wp-json\/wp\/v2\/comments?post=97535"}],"wp:featuredmedia":[{"embeddable":true,"href":"https:\/\/transinfo.pl\/x\/wp-json\/wp\/v2\/media\/97536"}],"wp:attachment":[{"href":"https:\/\/transinfo.pl\/x\/wp-json\/wp\/v2\/media?parent=97535"}],"wp:term":[{"taxonomy":"category","embeddable":true,"href":"https:\/\/transinfo.pl\/x\/wp-json\/wp\/v2\/categories?post=97535"},{"taxonomy":"post_tag","embeddable":true,"href":"https:\/\/transinfo.pl\/x\/wp-json\/wp\/v2\/tags?post=97535"}],"curies":[{"name":"wp","href":"https:\/\/api.w.org\/{rel}","templated":true}]}}