{"id":93325,"date":"2023-07-04T11:02:00","date_gmt":"2023-07-04T11:02:00","guid":{"rendered":"https:\/\/transinfo.pl\/x\/infobus\/autobusami-transgranicznymi-na-slowacje-przez-caly-rok\/"},"modified":"2023-07-04T11:02:00","modified_gmt":"2023-07-04T11:02:00","slug":"autobusami-transgranicznymi-na-slowacje-przez-caly-rok","status":"publish","type":"infobus","link":"https:\/\/transinfo.pl\/x\/infobus\/autobusami-transgranicznymi-na-slowacje-przez-caly-rok\/","title":{"rendered":"Autobusami transgranicznymi na S\u0142owacj\u0119 \u2013 przez ca\u0142y rok"},"content":{"rendered":"<style>h1,h2,h3,h4,h5,h6{margin:0 0 1.25rem;font-family:Arial,sans-serif;font-weight:600;color:#050505}h1{font-size:1.875rem;line-height:1.1em;text-transform:none}@media(min-width: 768px){h1{font-size:2.375rem}}h2{font-size:1.1875rem;line-height:1.2em;text-transform:uppercase}@media(min-width: 768px){h2{font-size:1.0625rem}}h3{font-size:0.9375rem;line-height:1.4em;font-weight:900;margin-bottom:0.9375rem}h4{font-size:0.875rem;line-height:1.2em;font-weight:500}h5{font-size:0.9375rem;line-height:1.6;font-weight:400}h6{font-size:0.9375rem;line-height:1.6;font-weight:600}\n<\/style>\n<h3 class=\"wp-block-heading\">W te wakacje ruszy\u0142y od razu a\u017c dwie polsko-s\u0142owackie samorz\u0105dowe linie transgraniczne, kt\u00f3re powsta\u0142y dzi\u0119ki staraniom inicjatywy obywatelskiej \u201ePolska-S\u0142owacja-autobusy\u201d oraz w\u0142adz Ma\u0142opolski, Kraju Preszowskiego i Kraju \u017byli\u0144skiego.<\/h3>\n\n\n<style>p{margin:0 0 1.5rem}p:last-child{margin:0}p.is-style-uppercase{text-transform:uppercase}p.is-style-preheading{color:#12406a;text-transform:uppercase}p.is-style-leadparagraph{font-size:1rem;line-height:1.625;font-weight:700}@media(min-width: 768px){p.is-style-leadparagraph{font-size:1.125rem;line-height:1.5555555556}}p.has-small-margin{margin-bottom:0.625rem}p.has-small-margin+h1,p.has-small-margin+h2,p.has-small-margin+h3{margin-top:1.875rem}\n<\/style>\n<p>Na dniach ruszy te\u017c trzecia linia, a od przysz\u0142ego roku by\u0107 mo\u017ce kolejne po\u0142\u0105czenia.<\/p>\n\n\n\n<h2 class=\"wp-block-heading\"><strong>Korzy\u015bci dla mieszka\u0144c\u00f3w i turyst\u00f3w<\/strong><\/h2>\n\n\n\n<p>Dzi\u0119ki uruchomionym liniom dojedziemy m.in. do Bardejova i Trsteny. W obu miastach mo\u017cna si\u0119 przesi\u0105\u015b\u0107 na lokalne poci\u0105gi lub autobusy i dojecha\u0107 w tak atrakcyjne miejsca, jak Presz\u00f3w, Koszyce, Zamki Orawskie czy na g\u00f3rskie szlaki G\u00f3r Chocza\u0144skich i Ma\u0142ej Fatry. Na po\u0142\u0105czeniach zyskaj\u0105 te\u017c polscy przedsi\u0119biorcy, zw\u0142aszcza z Chocho\u0142owa, Witowa i Krynicy.<\/p>\n\n\n\n<p>Uruchomione linie s\u0105 w stu procentach finansowane przez s\u0142owackiego podatnika. Po\u0142\u0105czenie Krynica Zdr\u00f3j \u2013 Bardejov \u2013 Bardejovske Kupele uruchomi\u0142 1 lipca Kraj Preszowski, czyli odpowiednik naszego wojew\u00f3dztwa granicz\u0105cy w Ma\u0142opolsk\u0105 od po\u0142udniowego wschodu, obejmuj\u0105cy tereny od Tatr Wysokich po ukrai\u0144sk\u0105 granic\u0119. Na zlecenie Kraju Preszowskiego obs\u0142uguje je przewo\u017anik SAD Pre\u0161ov. Od 1 czerwca kursuje ju\u017c uruchomiony i finansowany przez Kraj \u017byli\u0144ski autobus z Trsteny przez Such\u0105 Hor\u0119 i Chocho\u0142\u00f3w do Term Chocho\u0142owskich, przewo\u017anikiem jest w tym przypadku Arriva Liorbus, obs\u0142uguj\u0105ca sie\u0107 autobus\u00f3w lokalnych na Orawie i Liptowie.<\/p>\n\n\n\n<p>Kraj \u017byli\u0144ski to z kolei region, rozci\u0105gaj\u0105cy si\u0119 od Tatr Zachodnich i Liptowa a\u017c do czeskiej granicy w pobli\u017cu Czadcy i Zwardonia. W\u0142adze Kraju \u017byli\u0144skiego d\u0142u\u017cszy czas by\u0142y niech\u0119tne autobusom transgranicznym, ale w ko\u0144cu da\u0142y si\u0119 przekona\u0107 i zastosowa\u0142y si\u0119 do rekomendacji ekspert\u00f3w z Inicjatywy obywatelskiej \u201ePolska \u2013 S\u0142owacja \u2013 autobusy\u201d, kt\u00f3rzy proponowali t\u0119 w\u0142a\u015bnie tras\u0119 i form\u0119 finansowania. Pocz\u0105tkowo urz\u0119dnicy w \u017bylinie upierali si\u0119, by autobus doje\u017cd\u017ca\u0142 tylko do granicy i mia\u0142 przystanek ko\u0144cowy w polu, ale ostatecznie zgodzili si\u0119, \u017ce lepiej jest doprowadzi\u0107 po\u0142\u0105czenie do jakiego\u015b sensownego miejsca po polskiej stronie \u2013 w tym przypadku do popularnego w\u015br\u00f3d S\u0142owak\u00f3w polskiego aquaparku.<\/p>\n\n\n\n<h2 class=\"wp-block-heading\"><strong>Czas na stron\u0119 polsk\u0105<\/strong><\/h2>\n\n\n\n<p>Na zasadzie parytetu, analogiczne linie autobusowe ma teraz uruchomi\u0107 r\u00f3wnie\u017c Wojew\u00f3dztwo Ma\u0142opolskie. Maj\u0105 to by\u0107 po\u0142\u0105czenia autobusowe marsza\u0142kowskiego przewo\u017anika Koleje Ma\u0142opolskie, w\u0142\u0105czone do systemu ALD, czyli autobusowych linii dowozowych. Na dniach ruszy pierwsza linia transgraniczna Kolei Ma\u0142opolskich: Bukowina Tatrza\u0144ska \u2013 Zakopane \u2013 Trstena. Polscy mi\u0142o\u015bnicy s\u0142owackich g\u00f3r nie b\u0119d\u0105 dzi\u0119ki niej musieli nocowa\u0107 na S\u0142owacji, by w\u0119drowa\u0107 po s\u0142owackich szlakach, na czym skorzystaj\u0105 podhala\u0144scy przedsi\u0119biorcy. Linia b\u0119dzie bowiem skomunikowana w Trstenie z lokalnymi autobusami i poci\u0105gami, tak \u017ceby si\u0119 da\u0142o nocuj\u0105c w Zakopanem, Bukowinie czy Ko\u015bcielisku wybra\u0107 si\u0119 na jednodniowe wycieczki w G\u00f3ry Chocza\u0144skie, Ma\u0142\u0105 Fatr\u0119 czy zwiedzi\u0107 Zamki Orawskie. W przysz\u0142ym roku Koleje Ma\u0142opolskie by\u0107 mo\u017ce uruchomi\u0105 kolejn\u0105 lini\u0119: Nowy Targ \u2013 Czerwony Klasztor, natomiast Kraj Preszowski chce uruchomi\u0107 autobus transgraniczny ze Starej Lubowni do Piwnicznej.<\/p>\n\n\n\n<p>Tocz\u0105 si\u0119 te\u017c rozmowy o przywr\u00f3ceniu po\u0142\u0105cze\u0144 autobusowych Zakopane \u2013 Poprad. Gor\u0105cym zwolennikiem tego rozwi\u0105zania jest nowy burmistrz Tatr Wysokich Jozef \u0160tefa\u0148\u00e1k.<\/p>\n\n\n\n<h2 class=\"wp-block-heading\"><strong>Na S\u0142owacj\u0119 przez ca\u0142y rok<\/strong><\/h2>\n\n\n\n<p>Uruchomione po\u0142\u0105czenia s\u0105 codzienne i ca\u0142oroczne (nie sezonowe), realizowane du\u017cymi komfortowymi autobusami. To wa\u017cne, bo pomy\u015blane s\u0105 nie tylko o turystach, ale r\u00f3wnie\u017c o przysz\u0142ych pracownikach transgranicznych. Autobusy transgraniczne przychodz\u0105 w dobrym momencie \u2013 bran\u017ca turystyczna w Zakopanem boryka si\u0119 z brakiem r\u0105k do pracy, tymczasem potencjalni pracownicy s\u0105 na s\u0142owackiej Orawie i we Wschodniej S\u0142owacji, ale dotychczas nie mieli jak do Zakopanego czy Bukowiny Tatrza\u0144skiej dojecha\u0107. Teraz taka mo\u017cliwo\u015b\u0107 ju\u017c b\u0119dzie, zakopia\u0144skim przedsi\u0119biorcom pozostaje zatem podj\u0105\u0107 stosown\u0105 akcj\u0119 informacyjn\u0105 dotycz\u0105c\u0105 mo\u017cliwo\u015bci zatrudnienia w Polsce w s\u0142owackich miejscowo\u015bciach oraz na tamtejszym portalu Profesia.sk i w lokalnych s\u0142owackich grupach na Facebook.<\/p>\n\n\n\n<h2 class=\"wp-block-heading\"><strong>Rozk\u0142ad jazdy i bilety<\/strong><\/h2>\n\n\n\n<p>Ceny bilet\u00f3w nie r\u00f3\u017cni\u0105 si\u0119 od cen za przejazd podobnego odcinka w s\u0142owackiej taryfie lokalnej. Autobusy s\u0105 dotowane i do\u015b\u0107 tanie, za przejazd w zale\u017cno\u015bci od odcinka zap\u0142acimy r\u00f3wnowarto\u015b\u0107 1 do 3 euro. Bilety kupuje si\u0119 tak jak w zwyk\u0142ym PKS-ie \u2013 u kierowcy, p\u0142ac\u0105c got\u00f3wk\u0105 lub kart\u0105. Rozk\u0142ad jazdy mo\u017cna znale\u017a\u0107 w uniwersalnej s\u0142owackiej wyszukiwarce po\u0142\u0105cze\u0144 <a href=\"http:\/\/www.cp.sk\/\">www.cp.sk<\/a> Informacje o po\u0142\u0105czeniach b\u0119d\u0105 na bie\u017c\u0105co umieszczane na Facebooku na grupie \u201e<a href=\"https:\/\/www.facebook.com\/groups\/slowackietatry\/\">S\u0142owackie Tatry i inne g\u00f3ry<\/a>\u201d, do kt\u00f3rej ka\u017cdy mo\u017ce do\u0142\u0105czy\u0107, tam te\u017c mo\u017cna pyta\u0107 o wszelkie kwestie.<\/p>\n","protected":false},"author":2,"featured_media":93172,"comment_status":"","ping_status":"closed","template":"","categories":[28,26],"tags":[167,21802,35,52,512],"class_list":["post-93325","infobus","type-infobus","status-publish","has-post-thumbnail","hentry","category-pasazer","category-przewoznicy","tag-autobus","tag-linia-transgraniczna","tag-linie","tag-malopolskie","tag-slowacja"],"acf":[],"yoast_head":"<!-- This site is optimized with the Yoast SEO Premium plugin v21.8 (Yoast SEO v23.7) - https:\/\/yoast.com\/wordpress\/plugins\/seo\/ -->\n<title>Autobusami transgranicznymi na S\u0142owacj\u0119 \u2013 przez ca\u0142y rok - TransInfo Archiwum<\/title>\n<meta name=\"description\" content=\"W te wakacje ruszy\u0142y od razu a\u017c dwie polsko-s\u0142owackie samorz\u0105dowe linie transgraniczne, kt\u00f3re powsta\u0142y dzi\u0119ki staraniom inicjatywy obywatelskiej \u201ePolska-S\u0142owacja-autobusy\u201d oraz w\u0142adz Ma\u0142opolski, Kraju Preszowskiego i Kraju \u017byli\u0144skiego.\" \/>\n<meta name=\"robots\" content=\"index, follow, max-snippet:-1, max-image-preview:large, max-video-preview:-1\" \/>\n<link rel=\"canonical\" href=\"https:\/\/transinfo.pl\/x\/infobus\/autobusami-transgranicznymi-na-slowacje-przez-caly-rok\/\" \/>\n<meta property=\"og:locale\" content=\"pl_PL\" \/>\n<meta property=\"og:type\" content=\"article\" \/>\n<meta property=\"og:title\" content=\"Autobusami transgranicznymi na S\u0142owacj\u0119 \u2013 przez ca\u0142y rok\" \/>\n<meta property=\"og:description\" content=\"W te wakacje ruszy\u0142y od razu a\u017c dwie polsko-s\u0142owackie samorz\u0105dowe linie transgraniczne, kt\u00f3re powsta\u0142y dzi\u0119ki staraniom inicjatywy obywatelskiej \u201ePolska-S\u0142owacja-autobusy\u201d oraz w\u0142adz Ma\u0142opolski, Kraju Preszowskiego i Kraju \u017byli\u0144skiego.\" \/>\n<meta property=\"og:url\" content=\"https:\/\/transinfo.pl\/x\/infobus\/autobusami-transgranicznymi-na-slowacje-przez-caly-rok\/\" \/>\n<meta property=\"og:site_name\" content=\"TransInfo Archiwum\" \/>\n<meta property=\"og:image\" content=\"https:\/\/transinfo.pl\/x\/wp-content\/uploads\/2023\/06\/74413084_140786210668065_7459717418391175168_n.jpg\" \/>\n\t<meta property=\"og:image:width\" content=\"1\" \/>\n\t<meta property=\"og:image:height\" content=\"1\" \/>\n\t<meta property=\"og:image:type\" content=\"image\/jpeg\" \/>\n<meta name=\"twitter:card\" content=\"summary_large_image\" \/>\n<meta name=\"twitter:label1\" content=\"Szacowany czas czytania\" \/>\n\t<meta name=\"twitter:data1\" content=\"4 minuty\" \/>\n<script type=\"application\/ld+json\" class=\"yoast-schema-graph\">{\"@context\":\"https:\/\/schema.org\",\"@graph\":[{\"@type\":\"WebPage\",\"@id\":\"https:\/\/transinfo.pl\/x\/infobus\/autobusami-transgranicznymi-na-slowacje-przez-caly-rok\/\",\"url\":\"https:\/\/transinfo.pl\/x\/infobus\/autobusami-transgranicznymi-na-slowacje-przez-caly-rok\/\",\"name\":\"Autobusami transgranicznymi na S\u0142owacj\u0119 \u2013 przez ca\u0142y rok - TransInfo Archiwum\",\"isPartOf\":{\"@id\":\"https:\/\/transinfo.pl\/x\/#website\"},\"primaryImageOfPage\":{\"@id\":\"https:\/\/transinfo.pl\/x\/infobus\/autobusami-transgranicznymi-na-slowacje-przez-caly-rok\/#primaryimage\"},\"image\":{\"@id\":\"https:\/\/transinfo.pl\/x\/infobus\/autobusami-transgranicznymi-na-slowacje-przez-caly-rok\/#primaryimage\"},\"thumbnailUrl\":\"https:\/\/transinfo.pl\/x\/wp-content\/uploads\/2023\/06\/74413084_140786210668065_7459717418391175168_n.jpg\",\"datePublished\":\"2023-07-04T11:02:00+00:00\",\"dateModified\":\"2023-07-04T11:02:00+00:00\",\"description\":\"W te wakacje ruszy\u0142y od razu a\u017c dwie polsko-s\u0142owackie samorz\u0105dowe linie transgraniczne, kt\u00f3re powsta\u0142y dzi\u0119ki staraniom inicjatywy obywatelskiej \u201ePolska-S\u0142owacja-autobusy\u201d oraz w\u0142adz Ma\u0142opolski, Kraju Preszowskiego i Kraju \u017byli\u0144skiego.\",\"breadcrumb\":{\"@id\":\"https:\/\/transinfo.pl\/x\/infobus\/autobusami-transgranicznymi-na-slowacje-przez-caly-rok\/#breadcrumb\"},\"inLanguage\":\"pl-PL\",\"potentialAction\":[{\"@type\":\"ReadAction\",\"target\":[\"https:\/\/transinfo.pl\/x\/infobus\/autobusami-transgranicznymi-na-slowacje-przez-caly-rok\/\"]}]},{\"@type\":\"ImageObject\",\"inLanguage\":\"pl-PL\",\"@id\":\"https:\/\/transinfo.pl\/x\/infobus\/autobusami-transgranicznymi-na-slowacje-przez-caly-rok\/#primaryimage\",\"url\":\"https:\/\/transinfo.pl\/x\/wp-content\/uploads\/2023\/06\/74413084_140786210668065_7459717418391175168_n.jpg\",\"contentUrl\":\"https:\/\/transinfo.pl\/x\/wp-content\/uploads\/2023\/06\/74413084_140786210668065_7459717418391175168_n.jpg\"},{\"@type\":\"BreadcrumbList\",\"@id\":\"https:\/\/transinfo.pl\/x\/infobus\/autobusami-transgranicznymi-na-slowacje-przez-caly-rok\/#breadcrumb\",\"itemListElement\":[{\"@type\":\"ListItem\",\"position\":1,\"name\":\"Home\",\"item\":\"https:\/\/transinfo.pl\/x\/\"},{\"@type\":\"ListItem\",\"position\":2,\"name\":\"Infobus\",\"item\":\"https:\/\/transinfo.pl\/x\/infobus\/\"},{\"@type\":\"ListItem\",\"position\":3,\"name\":\"Autobusami transgranicznymi na S\u0142owacj\u0119 \u2013 przez ca\u0142y rok\"}]},{\"@type\":\"WebSite\",\"@id\":\"https:\/\/transinfo.pl\/x\/#website\",\"url\":\"https:\/\/transinfo.pl\/x\/\",\"name\":\"TransInfo Archiwum\",\"description\":\"Ca\u0142y transport w jednym miejscu\",\"publisher\":{\"@id\":\"https:\/\/transinfo.pl\/x\/#organization\"},\"potentialAction\":[{\"@type\":\"SearchAction\",\"target\":{\"@type\":\"EntryPoint\",\"urlTemplate\":\"https:\/\/transinfo.pl\/x\/?s={search_term_string}\"},\"query-input\":{\"@type\":\"PropertyValueSpecification\",\"valueRequired\":true,\"valueName\":\"search_term_string\"}}],\"inLanguage\":\"pl-PL\"},{\"@type\":\"Organization\",\"@id\":\"https:\/\/transinfo.pl\/x\/#organization\",\"name\":\"TransInfo\",\"url\":\"https:\/\/transinfo.pl\/x\/\",\"logo\":{\"@type\":\"ImageObject\",\"inLanguage\":\"pl-PL\",\"@id\":\"https:\/\/transinfo.pl\/x\/#\/schema\/logo\/image\/\",\"url\":\"https:\/\/transinfo.pl\/x\/wp-content\/uploads\/2024\/10\/favicon.png\",\"contentUrl\":\"https:\/\/transinfo.pl\/x\/wp-content\/uploads\/2024\/10\/favicon.png\",\"width\":512,\"height\":512,\"caption\":\"TransInfo\"},\"image\":{\"@id\":\"https:\/\/transinfo.pl\/x\/#\/schema\/logo\/image\/\"}}]}<\/script>\n<!-- \/ Yoast SEO Premium plugin. -->","yoast_head_json":{"title":"Autobusami transgranicznymi na S\u0142owacj\u0119 \u2013 przez ca\u0142y rok - TransInfo Archiwum","description":"W te wakacje ruszy\u0142y od razu a\u017c dwie polsko-s\u0142owackie samorz\u0105dowe linie transgraniczne, kt\u00f3re powsta\u0142y dzi\u0119ki staraniom inicjatywy obywatelskiej \u201ePolska-S\u0142owacja-autobusy\u201d oraz w\u0142adz Ma\u0142opolski, Kraju Preszowskiego i Kraju \u017byli\u0144skiego.","robots":{"index":"index","follow":"follow","max-snippet":"max-snippet:-1","max-image-preview":"max-image-preview:large","max-video-preview":"max-video-preview:-1"},"canonical":"https:\/\/transinfo.pl\/x\/infobus\/autobusami-transgranicznymi-na-slowacje-przez-caly-rok\/","og_locale":"pl_PL","og_type":"article","og_title":"Autobusami transgranicznymi na S\u0142owacj\u0119 \u2013 przez ca\u0142y rok","og_description":"W te wakacje ruszy\u0142y od razu a\u017c dwie polsko-s\u0142owackie samorz\u0105dowe linie transgraniczne, kt\u00f3re powsta\u0142y dzi\u0119ki staraniom inicjatywy obywatelskiej \u201ePolska-S\u0142owacja-autobusy\u201d oraz w\u0142adz Ma\u0142opolski, Kraju Preszowskiego i Kraju \u017byli\u0144skiego.","og_url":"https:\/\/transinfo.pl\/x\/infobus\/autobusami-transgranicznymi-na-slowacje-przez-caly-rok\/","og_site_name":"TransInfo Archiwum","og_image":[{"url":"https:\/\/transinfo.pl\/x\/wp-content\/uploads\/2023\/06\/74413084_140786210668065_7459717418391175168_n.jpg","width":1,"height":1,"type":"image\/jpeg"}],"twitter_card":"summary_large_image","twitter_misc":{"Szacowany czas czytania":"4 minuty"},"schema":{"@context":"https:\/\/schema.org","@graph":[{"@type":"WebPage","@id":"https:\/\/transinfo.pl\/x\/infobus\/autobusami-transgranicznymi-na-slowacje-przez-caly-rok\/","url":"https:\/\/transinfo.pl\/x\/infobus\/autobusami-transgranicznymi-na-slowacje-przez-caly-rok\/","name":"Autobusami transgranicznymi na S\u0142owacj\u0119 \u2013 przez ca\u0142y rok - TransInfo Archiwum","isPartOf":{"@id":"https:\/\/transinfo.pl\/x\/#website"},"primaryImageOfPage":{"@id":"https:\/\/transinfo.pl\/x\/infobus\/autobusami-transgranicznymi-na-slowacje-przez-caly-rok\/#primaryimage"},"image":{"@id":"https:\/\/transinfo.pl\/x\/infobus\/autobusami-transgranicznymi-na-slowacje-przez-caly-rok\/#primaryimage"},"thumbnailUrl":"https:\/\/transinfo.pl\/x\/wp-content\/uploads\/2023\/06\/74413084_140786210668065_7459717418391175168_n.jpg","datePublished":"2023-07-04T11:02:00+00:00","dateModified":"2023-07-04T11:02:00+00:00","description":"W te wakacje ruszy\u0142y od razu a\u017c dwie polsko-s\u0142owackie samorz\u0105dowe linie transgraniczne, kt\u00f3re powsta\u0142y dzi\u0119ki staraniom inicjatywy obywatelskiej \u201ePolska-S\u0142owacja-autobusy\u201d oraz w\u0142adz Ma\u0142opolski, Kraju Preszowskiego i Kraju \u017byli\u0144skiego.","breadcrumb":{"@id":"https:\/\/transinfo.pl\/x\/infobus\/autobusami-transgranicznymi-na-slowacje-przez-caly-rok\/#breadcrumb"},"inLanguage":"pl-PL","potentialAction":[{"@type":"ReadAction","target":["https:\/\/transinfo.pl\/x\/infobus\/autobusami-transgranicznymi-na-slowacje-przez-caly-rok\/"]}]},{"@type":"ImageObject","inLanguage":"pl-PL","@id":"https:\/\/transinfo.pl\/x\/infobus\/autobusami-transgranicznymi-na-slowacje-przez-caly-rok\/#primaryimage","url":"https:\/\/transinfo.pl\/x\/wp-content\/uploads\/2023\/06\/74413084_140786210668065_7459717418391175168_n.jpg","contentUrl":"https:\/\/transinfo.pl\/x\/wp-content\/uploads\/2023\/06\/74413084_140786210668065_7459717418391175168_n.jpg"},{"@type":"BreadcrumbList","@id":"https:\/\/transinfo.pl\/x\/infobus\/autobusami-transgranicznymi-na-slowacje-przez-caly-rok\/#breadcrumb","itemListElement":[{"@type":"ListItem","position":1,"name":"Home","item":"https:\/\/transinfo.pl\/x\/"},{"@type":"ListItem","position":2,"name":"Infobus","item":"https:\/\/transinfo.pl\/x\/infobus\/"},{"@type":"ListItem","position":3,"name":"Autobusami transgranicznymi na S\u0142owacj\u0119 \u2013 przez ca\u0142y rok"}]},{"@type":"WebSite","@id":"https:\/\/transinfo.pl\/x\/#website","url":"https:\/\/transinfo.pl\/x\/","name":"TransInfo Archiwum","description":"Ca\u0142y transport w jednym miejscu","publisher":{"@id":"https:\/\/transinfo.pl\/x\/#organization"},"potentialAction":[{"@type":"SearchAction","target":{"@type":"EntryPoint","urlTemplate":"https:\/\/transinfo.pl\/x\/?s={search_term_string}"},"query-input":{"@type":"PropertyValueSpecification","valueRequired":true,"valueName":"search_term_string"}}],"inLanguage":"pl-PL"},{"@type":"Organization","@id":"https:\/\/transinfo.pl\/x\/#organization","name":"TransInfo","url":"https:\/\/transinfo.pl\/x\/","logo":{"@type":"ImageObject","inLanguage":"pl-PL","@id":"https:\/\/transinfo.pl\/x\/#\/schema\/logo\/image\/","url":"https:\/\/transinfo.pl\/x\/wp-content\/uploads\/2024\/10\/favicon.png","contentUrl":"https:\/\/transinfo.pl\/x\/wp-content\/uploads\/2024\/10\/favicon.png","width":512,"height":512,"caption":"TransInfo"},"image":{"@id":"https:\/\/transinfo.pl\/x\/#\/schema\/logo\/image\/"}}]}},"_links":{"self":[{"href":"https:\/\/transinfo.pl\/x\/wp-json\/wp\/v2\/infobus\/93325","targetHints":{"allow":["GET"]}}],"collection":[{"href":"https:\/\/transinfo.pl\/x\/wp-json\/wp\/v2\/infobus"}],"about":[{"href":"https:\/\/transinfo.pl\/x\/wp-json\/wp\/v2\/types\/infobus"}],"author":[{"embeddable":true,"href":"https:\/\/transinfo.pl\/x\/wp-json\/wp\/v2\/users\/2"}],"replies":[{"embeddable":true,"href":"https:\/\/transinfo.pl\/x\/wp-json\/wp\/v2\/comments?post=93325"}],"wp:featuredmedia":[{"embeddable":true,"href":"https:\/\/transinfo.pl\/x\/wp-json\/wp\/v2\/media\/93172"}],"wp:attachment":[{"href":"https:\/\/transinfo.pl\/x\/wp-json\/wp\/v2\/media?parent=93325"}],"wp:term":[{"taxonomy":"category","embeddable":true,"href":"https:\/\/transinfo.pl\/x\/wp-json\/wp\/v2\/categories?post=93325"},{"taxonomy":"post_tag","embeddable":true,"href":"https:\/\/transinfo.pl\/x\/wp-json\/wp\/v2\/tags?post=93325"}],"curies":[{"name":"wp","href":"https:\/\/api.w.org\/{rel}","templated":true}]}}